{"id":31885,"date":"2025-09-25T12:25:15","date_gmt":"2025-09-25T10:25:15","guid":{"rendered":"https:\/\/cafelapalma.com\/?post_type=tribe_events&#038;p=31885"},"modified":"2025-09-29T14:07:27","modified_gmt":"2025-09-29T12:07:27","slug":"acidpel-dj-ilana-sink-sync","status":"publish","type":"tribe_events","link":"https:\/\/cafelapalma.com\/en\/programacion\/acidpel-dj-ilana-sink-sync\/","title":{"rendered":"ACIDPEL + dj iLANA + SINK SYNC"},"content":{"rendered":"<div  class=\"tribe-events-schedule tribe-clearfix\" >\n\t<p class=\"tribe-events-schedule__datetime\">\n\t\t<span class=\"tribe-events-schedule__date tribe-events-schedule__date--start\">\n\t\t\t04  October  2025\t\t<\/span>\n\n\t\t\t\t\t<span class=\"tribe-events-schedule__separator tribe-events-schedule__separator--date\">\n\t\t\t\t@\t\t\t<\/span>\n\t\t\t<span class=\"tribe-events-schedule__time tribe-events-schedule__time--start\">\n\t\t\t\t23:50\t\t\t<\/span>\n\t\t\n\t\t\t\t\t\t\t\t\t<span class=\"tribe-events-schedule__separator tribe-events-schedule__separator--time\">\n\t\t\t\t\t&#8211;\t\t\t\t<\/span>\n\t\t\t\n\t\t\t\t\t\t\t<span class=\"tribe-events-schedule__time tribe-events-schedule__time--end\">\n\t\t\t\t\t23:55\t\t\t\t<\/span>\n\t\t\t\n\t\t\t\t\t\t<\/p>\n<\/div>\n\n\n<div  class=\"tribe-block tribe-block__event-price\" >\n\t\t\t<span class=\"tribe-block__event-price__cost\"> ENTRADA LIBRE <\/span>\n\t\t\t\t<span class=\"tribe-block__event-price__description\">hasta las 01:00 | 13\u20ac Taquilla de 01:00 a 01:30 (Incluye UNA COPA o DOS CERVEZAS) | 15\u20ac Taquilla de 01:30 a cierre (Incluye UNA CONSUMICI\u00d3N)<\/span>\n\t<\/div>\n\n\n\n<div style=\"height:100px\" aria-hidden=\"true\" class=\"wp-block-spacer\"><\/div>\n\n\n\n<div class=\"wp-block-columns is-layout-flex wp-container-core-columns-is-layout-8f761849 wp-block-columns-is-layout-flex\">\n<div class=\"wp-block-column is-layout-flow wp-block-column-is-layout-flow\" style=\"flex-basis:33.33%\">\n<figure class=\"wp-block-image size-full\"><img loading=\"lazy\" decoding=\"async\" width=\"619\" height=\"875\" src=\"https:\/\/cafelapalma.com\/wp-content\/uploads\/2025\/09\/ACIDPEL-A3-LOW.jpg\" alt=\"\" class=\"wp-image-31887\" srcset=\"https:\/\/cafelapalma.com\/wp-content\/uploads\/2025\/09\/ACIDPEL-A3-LOW.jpg 619w, https:\/\/cafelapalma.com\/wp-content\/uploads\/2025\/09\/ACIDPEL-A3-LOW-212x300.jpg 212w, https:\/\/cafelapalma.com\/wp-content\/uploads\/2025\/09\/ACIDPEL-A3-LOW-8x12.jpg 8w, https:\/\/cafelapalma.com\/wp-content\/uploads\/2025\/09\/ACIDPEL-A3-LOW-42x60.jpg 42w\" sizes=\"auto, (max-width: 619px) 100vw, 619px\" \/><\/figure>\n<\/div>\n\n\n\n<div class=\"wp-block-column is-layout-flow wp-block-column-is-layout-flow\" style=\"flex-basis:66.66%\">\n<div style=\"height:100px\" aria-hidden=\"true\" class=\"wp-block-spacer\"><\/div>\n\n\n\n<p class=\"has-text-align-left wp-block-paragraph\">La cabina de <strong>Caf\u00e9 La Palma<\/strong> vuelve a encenderse con una noche \u00fanica donde confluyen los sonidos m\u00e1s potentes del House, Techno House y Bass Music.<\/p>\n\n\n\n<p class=\"has-text-align-left wp-block-paragraph\">En esta edici\u00f3n <strong>ACIDPEL<\/strong> regresa a Caf\u00e9 La Palma, esta vez en solitario, presentando un set cargado de energ\u00eda y exploraci\u00f3n sonora. Junto a \u00e9l, la inconfundible <strong>dj iLANA<\/strong>, con su elegancia y estilo en la mezcla, y <strong>SINK SYNC<\/strong>, que aportar\u00e1 su especial visi\u00f3n del clubbing contempor\u00e1neo.<\/p>\n\n\n\n<p class=\"has-text-align-left wp-block-paragraph\">La velada contar\u00e1 adem\u00e1s con una dance performance a cargo de MICAELA, que transformar\u00e1 la pista en un espacio inmersivo donde m\u00fasica y movimiento se funden en una misma experiencia.<\/p>\n\n\n\n<p class=\"has-text-align-left wp-block-paragraph\">Una cita imprescindible para quienes buscan un viaje sonoro y visual en el coraz\u00f3n de <strong>Madrid<\/strong>.<\/p>\n\n\n\n<p class=\"has-text-align-right wp-block-paragraph\"><em><a href=\"https:\/\/open.spotify.com\/intl-es\/artist\/4qmphZ0RPKarpllZ5lzYcE?si=clJ_QWjORjuecSDOB_6heA\">Listen to <\/a><\/em><strong><a href=\"https:\/\/open.spotify.com\/intl-es\/artist\/4qmphZ0RPKarpllZ5lzYcE?si=clJ_QWjORjuecSDOB_6heA\">ACIDPEL<\/a><\/strong><em><a href=\"https:\/\/open.spotify.com\/intl-es\/artist\/4qmphZ0RPKarpllZ5lzYcE?si=clJ_QWjORjuecSDOB_6heA\"> in <\/a><\/em><strong><a href=\"https:\/\/open.spotify.com\/intl-es\/artist\/4qmphZ0RPKarpllZ5lzYcE?si=clJ_QWjORjuecSDOB_6heA\">Spotify<\/a><\/strong><\/p>\n\n\n\n<p class=\"has-text-align-right wp-block-paragraph\"><em><a href=\"https:\/\/open.spotify.com\/intl-es\/artist\/4qmphZ0RPKarpllZ5lzYcE?si=clJ_QWjORjuecSDOB_6heA\">Sigue a <\/a><\/em><strong><a href=\"https:\/\/open.spotify.com\/intl-es\/artist\/4qmphZ0RPKarpllZ5lzYcE?si=clJ_QWjORjuecSDOB_6heA\">ACIDPEL<\/a><\/strong><em><a href=\"https:\/\/open.spotify.com\/intl-es\/artist\/4qmphZ0RPKarpllZ5lzYcE?si=clJ_QWjORjuecSDOB_6heA\"> in <\/a><\/em><strong><a href=\"https:\/\/www.instagram.com\/acidpel\">InstaGram<\/a><\/strong><\/p>\n\n\n\n<p class=\"has-text-align-left wp-block-paragraph\"><strong>DJ ILANA<\/strong>, artista de trayectoria internacional, combina la sofisticaci\u00f3n del house con la energ\u00eda del techno house, construyendo sesiones que viajan entre la elegancia y la potencia por la pista de baile.<\/p>\n\n\n\n<p class=\"has-text-align-left wp-block-paragraph\">Residente en el <strong>Hotel Omm de Barcelona<\/strong> y en clubes de referencia como <strong>Continuum Plant \/ Centro Fly (Nueva York)<\/strong> y <strong>Rex Club (Par\u00eds)<\/strong>, <strong>iLANA<\/strong> ha compartido cabina y cartel con figuras de primer nivel de la escena electr\u00f3nica como <strong>Ellen Allien, Joey Beltram, Surgeon, Barbara Power o Miss Kittin<\/strong>, llevando su sonido a algunos de los espacios y festivales m\u00e1s ic\u00f3nicos del mundo.<\/p>\n\n\n\n<p class=\"has-text-align-right wp-block-paragraph\"><em><a href=\"https:\/\/open.spotify.com\/intl-es\/artist\/4qmphZ0RPKarpllZ5lzYcE?si=clJ_QWjORjuecSDOB_6heA\">Sigue a <\/a><\/em><strong><a href=\"https:\/\/open.spotify.com\/intl-es\/artist\/4qmphZ0RPKarpllZ5lzYcE?si=clJ_QWjORjuecSDOB_6heA\">DJ IRIA<\/a><\/strong><em><a href=\"https:\/\/open.spotify.com\/intl-es\/artist\/4qmphZ0RPKarpllZ5lzYcE?si=clJ_QWjORjuecSDOB_6heA\"> in <\/a><\/em><strong><a href=\"https:\/\/www.instagram.com\/acidpel\">InstaGram<\/a><\/strong><\/p>\n\n\n\n<p class=\"has-text-align-left wp-block-paragraph\"><\/p>\n<\/div>\n<\/div>\n\n\n\n<div style=\"height:100px\" aria-hidden=\"true\" class=\"wp-block-spacer\"><\/div>\n\n\n\n<hr class=\"wp-block-separator has-alpha-channel-opacity\"\/>\n\n\n\n<div style=\"height:100px\" aria-hidden=\"true\" class=\"wp-block-spacer\"><\/div>\n\n\n<h2 class=\"tribe-block__related-events__title\">Related Events<\/h2>\n\n<ul  class=\"tribe-related-events tribe-clearfix\" >\n\t\t\t<li>\n\t\n<div class=\"tribe-related-events-thumbnail\">\n\t<a href=\"https:\/\/cafelapalma.com\/en\/programacion\/funkin-donuts\/\" class=\"url\" rel=\"bookmark\" tabindex=\"-1\" aria-hidden=\"true\"><img loading=\"lazy\" decoding=\"async\" width=\"693\" height=\"1040\" src=\"https:\/\/cafelapalma.com\/wp-content\/uploads\/2026\/07\/FD-vert2-bn-693x1040.jpg\" class=\"attachment-large size-large wp-post-image\" alt=\"\" \/><\/a>\n<\/div>\n\t<div class=\"tribe-related-event-info\">\n\t<h3 class=\"tribe-related-events-title\">\n\t\t<a href=\"https:\/\/cafelapalma.com\/en\/programacion\/funkin-donuts\/\" class=\"tribe-event-url\" rel=\"bookmark\">\n\t\t\tFUNKIN&#8217; DONUTS\t\t<\/a>\n\t<\/h3>\n\t<span class=\"tribe-event-date-start\">5  September@22:00<\/span><span class=\"tribe-event-time\">23:45<\/span><\/div>\n<\/li>\n\t\t\t<li>\n\t\n<div class=\"tribe-related-events-thumbnail\">\n\t<a href=\"https:\/\/cafelapalma.com\/en\/programacion\/backstage-le-petit-truffle-mayo\/\" class=\"url\" rel=\"bookmark\" tabindex=\"-1\" aria-hidden=\"true\"><img loading=\"lazy\" decoding=\"async\" width=\"780\" height=\"1040\" src=\"https:\/\/cafelapalma.com\/wp-content\/uploads\/2026\/07\/Imagen-TruffleMayo-LePetit-i-1-780x1040.png\" class=\"attachment-large size-large wp-post-image\" alt=\"\" \/><\/a>\n<\/div>\n\t<div class=\"tribe-related-event-info\">\n\t<h3 class=\"tribe-related-events-title\">\n\t\t<a href=\"https:\/\/cafelapalma.com\/en\/programacion\/backstage-le-petit-truffle-mayo\/\" class=\"tribe-event-url\" rel=\"bookmark\">\n\t\t\tBACKSTAGE: LE PETIT + TRUFFLE MAYO\t\t<\/a>\n\t<\/h3>\n\t<span class=\"tribe-event-date-start\">5  September@23:55<\/span><\/div>\n<\/li>\n\t\t\t<li>\n\t\n<div class=\"tribe-related-events-thumbnail\">\n\t<a href=\"https:\/\/cafelapalma.com\/en\/programacion\/willie-deville-concierto-benefico-x-venezuela\/\" class=\"url\" rel=\"bookmark\" tabindex=\"-1\" aria-hidden=\"true\"><img loading=\"lazy\" decoding=\"async\" width=\"1020\" height=\"531\" src=\"https:\/\/cafelapalma.com\/wp-content\/uploads\/2026\/08\/Willie-deville-1100x572-1-1040x541.jpg\" class=\"attachment-large size-large wp-post-image\" alt=\"\" \/><\/a>\n<\/div>\n\t<div class=\"tribe-related-event-info\">\n\t<h3 class=\"tribe-related-events-title\">\n\t\t<a href=\"https:\/\/cafelapalma.com\/en\/programacion\/willie-deville-concierto-benefico-x-venezuela\/\" class=\"tribe-event-url\" rel=\"bookmark\">\n\t\t\tWILLIE DEVILLE: CONCIERTO BEN\u00c9FICO X VENEZUELA\t\t<\/a>\n\t<\/h3>\n\t<span class=\"tribe-event-date-start\">6  September@21:00<\/span><span class=\"tribe-event-time\">23:45<\/span><\/div>\n<\/li>\n\t<\/ul>","protected":false},"excerpt":{"rendered":"<p>La cabina de Caf\u00e9 La Palma vuelve a encenderse con una noche \u00fanica donde confluyen los sonidos m\u00e1s potentes del House, Techno House y Bass Music. En esta edici\u00f3n ACIDPEL regresa a Caf\u00e9 La Palma, esta vez en solitario, presentando un set cargado de energ\u00eda y exploraci\u00f3n sonora. Junto a \u00e9l, la inconfundible dj iLANA, &hellip; <\/p>","protected":false},"author":2,"featured_media":31887,"template":"","meta":{"_tec_requires_first_save":false,"_uag_custom_page_level_css":"","loftloader_page_shortcode":"","_EventAllDay":false,"_EventTimezone":"Europe\/Madrid","_EventStartDate":"2025-10-04 23:50:00","_EventEndDate":"2025-10-04 23:55:00","_EventStartDateUTC":"2025-10-04 21:50:00","_EventEndDateUTC":"2025-10-04 21:55:00","_EventShowMap":false,"_EventShowMapLink":false,"_EventURL":"https:\/\/home.passline.com\/home","_EventCost":"ENTRADA LIBRE","_EventCostDescription":"","_EventCurrencySymbol":"\u20ac","_EventCurrencyCode":"USD","_EventCurrencyPosition":"suffix","_EventDateTimeSeparator":"@","_EventTimeRangeSeparator":"-","_EventOrganizerID":[],"_EventVenueID":[],"_OrganizerEmail":"","_OrganizerPhone":"","_OrganizerWebsite":"","_VenueAddress":"","_VenueCity":"","_VenueCountry":"","_VenueProvince":"","_VenueState":"","_VenueZip":"","_VenuePhone":"","_VenueURL":"","_VenueStateProvince":"","_VenueLat":"","_VenueLng":"","_VenueShowMap":false,"_VenueShowMapLink":false,"_tribe_blocks_recurrence_rules":"","_tribe_blocks_recurrence_description":"","_tribe_blocks_recurrence_exclusions":"","_ecp_custom_2":"","_tribe_events_status":"","_tribe_events_status_reason":"","_tribe_events_is_hybrid":"","_tribe_events_is_virtual":"","_tribe_events_virtual_video_source":"","_tribe_events_virtual_embed_video":"","_tribe_events_virtual_linked_button_text":"","_tribe_events_virtual_linked_button":"","_tribe_events_virtual_show_embed_at":"","_tribe_events_virtual_show_embed_to":[],"_tribe_events_virtual_show_on_event":"","_tribe_events_virtual_show_on_views":"","_tribe_events_virtual_url":"","footnotes":""},"tags":[16869,14414,1363,17991,11349,2865,9147,9146,17990,17987,17994,9309,17988,17992,17989,17993,16872,776],"tribe_events_cat":[8964],"class_list":["post-31885","tribe_events","type-tribe_events","status-publish","has-post-thumbnail","hentry","tag-acidpel","tag-bass-music","tag-cafe-la-palma","tag-centro-fly","tag-clubbing","tag-conciertos-cafe-la-palma","tag-conciertos-madrid","tag-conciertos-malasana","tag-continuum-plant","tag-dj-ilana","tag-ellen-allien","tag-house","tag-micaela","tag-nueva-york","tag-omm-barcelona","tag-rex-club","tag-sink-sync","tag-techno","tribe_events_cat-clubbing","cat_clubbing"],"uagb_featured_image_src":{"full":["https:\/\/cafelapalma.com\/wp-content\/uploads\/2025\/09\/ACIDPEL-A3-LOW.jpg",619,875,false],"thumbnail":["https:\/\/cafelapalma.com\/wp-content\/uploads\/2025\/09\/ACIDPEL-A3-LOW-150x150.jpg",150,150,true],"medium":["https:\/\/cafelapalma.com\/wp-content\/uploads\/2025\/09\/ACIDPEL-A3-LOW-212x300.jpg",212,300,true],"medium_large":["https:\/\/cafelapalma.com\/wp-content\/uploads\/2025\/09\/ACIDPEL-A3-LOW.jpg",619,875,false],"large":["https:\/\/cafelapalma.com\/wp-content\/uploads\/2025\/09\/ACIDPEL-A3-LOW.jpg",619,875,false],"1536x1536":["https:\/\/cafelapalma.com\/wp-content\/uploads\/2025\/09\/ACIDPEL-A3-LOW.jpg",619,875,false],"2048x2048":["https:\/\/cafelapalma.com\/wp-content\/uploads\/2025\/09\/ACIDPEL-A3-LOW.jpg",619,875,false],"trp-custom-language-flag":["https:\/\/cafelapalma.com\/wp-content\/uploads\/2025\/09\/ACIDPEL-A3-LOW-8x12.jpg",8,12,true],"blossom-feminine-slider":["https:\/\/cafelapalma.com\/wp-content\/uploads\/2025\/09\/ACIDPEL-A3-LOW-619x649.jpg",619,649,true],"blossom-feminine-featured":["https:\/\/cafelapalma.com\/wp-content\/uploads\/2025\/09\/ACIDPEL-A3-LOW-619x600.jpg",619,600,true],"blossom-feminine-with-sidebar":["https:\/\/cafelapalma.com\/wp-content\/uploads\/2025\/09\/ACIDPEL-A3-LOW-619x600.jpg",619,600,true],"blossom-feminine-blog":["https:\/\/cafelapalma.com\/wp-content\/uploads\/2025\/09\/ACIDPEL-A3-LOW-435x435.jpg",435,435,true],"blossom-feminine-cat":["https:\/\/cafelapalma.com\/wp-content\/uploads\/2025\/09\/ACIDPEL-A3-LOW-450x300.jpg",450,300,true],"blossom-feminine-related":["https:\/\/cafelapalma.com\/wp-content\/uploads\/2025\/09\/ACIDPEL-A3-LOW-320x200.jpg",320,200,true],"blossom-feminine-schema":["https:\/\/cafelapalma.com\/wp-content\/uploads\/2025\/09\/ACIDPEL-A3-LOW-42x60.jpg",42,60,true]},"uagb_author_info":{"display_name":"Victor","author_link":"https:\/\/cafelapalma.com\/en\/author\/comunicacion\/"},"uagb_comment_info":0,"uagb_excerpt":"La cabina de Caf\u00e9 La Palma vuelve a encenderse con una noche \u00fanica donde confluyen los sonidos m\u00e1s potentes del House, Techno House y Bass Music. En esta edici\u00f3n ACIDPEL regresa a Caf\u00e9 La Palma, esta vez en solitario, presentando un set cargado de energ\u00eda y exploraci\u00f3n sonora. Junto a \u00e9l, la inconfundible dj iLANA,&hellip;","_links":{"self":[{"href":"https:\/\/cafelapalma.com\/en\/wp-json\/wp\/v2\/tribe_events\/31885","targetHints":{"allow":["GET"]}}],"collection":[{"href":"https:\/\/cafelapalma.com\/en\/wp-json\/wp\/v2\/tribe_events"}],"about":[{"href":"https:\/\/cafelapalma.com\/en\/wp-json\/wp\/v2\/types\/tribe_events"}],"author":[{"embeddable":true,"href":"https:\/\/cafelapalma.com\/en\/wp-json\/wp\/v2\/users\/2"}],"version-history":[{"count":0,"href":"https:\/\/cafelapalma.com\/en\/wp-json\/wp\/v2\/tribe_events\/31885\/revisions"}],"wp:featuredmedia":[{"embeddable":true,"href":"https:\/\/cafelapalma.com\/en\/wp-json\/wp\/v2\/media\/31887"}],"wp:attachment":[{"href":"https:\/\/cafelapalma.com\/en\/wp-json\/wp\/v2\/media?parent=31885"}],"wp:term":[{"taxonomy":"post_tag","embeddable":true,"href":"https:\/\/cafelapalma.com\/en\/wp-json\/wp\/v2\/tags?post=31885"},{"taxonomy":"tribe_events_cat","embeddable":true,"href":"https:\/\/cafelapalma.com\/en\/wp-json\/wp\/v2\/tribe_events_cat?post=31885"}],"curies":[{"name":"wp","href":"https:\/\/api.w.org\/{rel}","templated":true}]}}