{"id":31903,"date":"2025-09-25T14:30:01","date_gmt":"2025-09-25T12:30:01","guid":{"rendered":"https:\/\/cafelapalma.com\/?post_type=tribe_events&#038;p=31903"},"modified":"2025-09-25T19:21:01","modified_gmt":"2025-09-25T17:21:01","slug":"zhan-materia-hache-estrella-ortuzar","status":"publish","type":"tribe_events","link":"https:\/\/cafelapalma.com\/en\/programacion\/zhan-materia-hache-estrella-ortuzar\/","title":{"rendered":"ZHAN + MATERIA HACHE + ESTRELLA ORTUZAR"},"content":{"rendered":"<div  class=\"tribe-events-schedule tribe-clearfix\" >\n\t<p class=\"tribe-events-schedule__datetime\">\n\t\t<span class=\"tribe-events-schedule__date tribe-events-schedule__date--start\">\n\t\t\t11  October  2025\t\t<\/span>\n\n\t\t\t\t\t<span class=\"tribe-events-schedule__separator tribe-events-schedule__separator--date\">\n\t\t\t\t@\t\t\t<\/span>\n\t\t\t<span class=\"tribe-events-schedule__time tribe-events-schedule__time--start\">\n\t\t\t\t23:50\t\t\t<\/span>\n\t\t\n\t\t\t\t\t\t\t\t\t<span class=\"tribe-events-schedule__separator tribe-events-schedule__separator--time\">\n\t\t\t\t\t&#8211;\t\t\t\t<\/span>\n\t\t\t\n\t\t\t\t\t\t\t<span class=\"tribe-events-schedule__time tribe-events-schedule__time--end\">\n\t\t\t\t\t23:55\t\t\t\t<\/span>\n\t\t\t\n\t\t\t\t\t\t<\/p>\n<\/div>\n\n\n<div  class=\"tribe-block tribe-block__event-price\" >\n\t\t\t<span class=\"tribe-block__event-price__cost\"> ENTRADA LIBRE <\/span>\n\t\t\t\t<span class=\"tribe-block__event-price__description\">hasta las 01:00 | 13\u20ac Taquilla de 01:00 a 01:30 (Incluye UNA COPA o DOS CERVEZAS) | 15\u20ac Taquilla de 01:30 a cierre (Incluye UNA CONSUMICI\u00d3N)<\/span>\n\t<\/div>\n\n\n\n<div style=\"height:100px\" aria-hidden=\"true\" class=\"wp-block-spacer\"><\/div>\n\n\n\n<div class=\"wp-block-columns is-layout-flex wp-container-core-columns-is-layout-8f761849 wp-block-columns-is-layout-flex\">\n<div class=\"wp-block-column is-layout-flow wp-block-column-is-layout-flow\" style=\"flex-basis:33.33%\">\n<figure class=\"wp-block-image size-large\"><img loading=\"lazy\" decoding=\"async\" width=\"832\" height=\"1040\" src=\"https:\/\/cafelapalma.com\/wp-content\/uploads\/2025\/09\/IGpost_Innataposter-copy-832x1040.jpg\" alt=\"\" class=\"wp-image-31904\" srcset=\"https:\/\/cafelapalma.com\/wp-content\/uploads\/2025\/09\/IGpost_Innataposter-copy-832x1040.jpg 832w, https:\/\/cafelapalma.com\/wp-content\/uploads\/2025\/09\/IGpost_Innataposter-copy-240x300.jpg 240w, https:\/\/cafelapalma.com\/wp-content\/uploads\/2025\/09\/IGpost_Innataposter-copy-768x960.jpg 768w, https:\/\/cafelapalma.com\/wp-content\/uploads\/2025\/09\/IGpost_Innataposter-copy-10x12.jpg 10w, https:\/\/cafelapalma.com\/wp-content\/uploads\/2025\/09\/IGpost_Innataposter-copy-48x60.jpg 48w, https:\/\/cafelapalma.com\/wp-content\/uploads\/2025\/09\/IGpost_Innataposter-copy.jpg 1080w\" sizes=\"auto, (max-width: 832px) 100vw, 832px\" \/><\/figure>\n<\/div>\n\n\n\n<div class=\"wp-block-column is-layout-flow wp-block-column-is-layout-flow\" style=\"flex-basis:66.66%\">\n<div style=\"height:100px\" aria-hidden=\"true\" class=\"wp-block-spacer\"><\/div>\n\n\n\n<p class=\"has-text-align-left wp-block-paragraph\"><strong>INNATA<\/strong> es un proyecto musical y cultural que nace con la intenci\u00f3n de crear un espacio aut\u00e9ntico, libre y cercano para la <strong>m\u00fasica electr\u00f3nica<\/strong>. M\u00e1s que una fiesta, es un punto de encuentro para quienes sienten la necesidad de expresarse, conectar y compartir desde lo m\u00e1s genuino.<br><br>Su objetivo es dar visibilidad tanto al talento emergente como a artistas consolidados, con un enfoque especial en la promoci\u00f3n y representaci\u00f3n del talento femenino dentro de la escena.<br><br>Cada edici\u00f3n de <strong>INNATA<\/strong> est\u00e1 dise\u00f1ada para ser una experiencia inmersiva: desde la selecci\u00f3n musical hasta el cuidado de la atm\u00f3sfera, buscamos que cada encuentro sea un viaje sonoro que deje huella. No se trata solo de bailar, <strong>sino de sentir, descubrir y dejarse llevar<\/strong> por un sonido que conecta con la esencia de cada persona.<\/p>\n\n\n\n<p class=\"has-text-align-right wp-block-paragraph\"><em><a href=\"https:\/\/open.spotify.com\/intl-es\/artist\/28xI1L1VYJXU9XnhzWmHdR?si=ccfDz0XpTd-ag70wkd9lLQ\">Sigue a <\/a><\/em><strong><a href=\"https:\/\/open.spotify.com\/intl-es\/artist\/28xI1L1VYJXU9XnhzWmHdR?si=ccfDz0XpTd-ag70wkd9lLQ\">INNATA<\/a><\/strong><em><a href=\"https:\/\/open.spotify.com\/intl-es\/artist\/28xI1L1VYJXU9XnhzWmHdR?si=ccfDz0XpTd-ag70wkd9lLQ\"> <\/a><\/em><strong><a href=\"https:\/\/www.instagram.com\/weareinnata\/\">COLLECTIVE<\/a><\/strong><em><a href=\"https:\/\/open.spotify.com\/intl-es\/artist\/28xI1L1VYJXU9XnhzWmHdR?si=ccfDz0XpTd-ag70wkd9lLQ\"> in <\/a><\/em><strong><a href=\"https:\/\/open.spotify.com\/intl-es\/artist\/28xI1L1VYJXU9XnhzWmHdR?si=ccfDz0XpTd-ag70wkd9lLQ\">Instagram<\/a><\/strong><\/p>\n\n\n\n<p class=\"has-text-align-left wp-block-paragraph\">Ali <strong>ZHAN<\/strong> es una <strong>DJ<\/strong> de origen chino afincada en Madrid. Su propuesta se construye desde un enfoque minimalista y emocional, movi\u00e9ndose con naturalidad entre g\u00e9neros y creando sesiones marcadas por el juego de luz y sombra. En cada set, busca un equilibrio sutil entre lo introspectivo y lo r\u00edtmico, dando forma a una atm\u00f3sfera que invita tanto al movimiento como a la reflexi\u00f3n personal. Como parte del colectivo <strong>Rastro Live<\/strong>, ha compartido cabina en espacios como <strong>Caf\u00e9 la Palma, Rakata, La Palapa, Sala Villanos, Salvaora Brown y el festival La Isla<\/strong>.<\/p>\n\n\n\n<p class=\"has-text-align-right wp-block-paragraph\"><em><a href=\"https:\/\/open.spotify.com\/intl-es\/artist\/28xI1L1VYJXU9XnhzWmHdR?si=ccfDz0XpTd-ag70wkd9lLQ\">Sigue a <\/a><\/em><a href=\"https:\/\/open.spotify.com\/intl-es\/artist\/28xI1L1VYJXU9XnhzWmHdR?si=ccfDz0XpTd-ag70wkd9lLQ\"><strong>ZHAN<\/strong><\/a><em><a href=\"https:\/\/www.instagram.com\/alicia_zhan\/\"> in <\/a><\/em><strong><a href=\"https:\/\/www.instagram.com\/alicia_zhan\/\">Instagram<\/a><\/strong><\/p>\n\n\n\n<p class=\"has-text-align-left wp-block-paragraph\"><strong>MATERIA HACHE<\/strong> es ese silencio que se abre para el cambio constante: es <strong>NO BINARIE<\/strong>, es <strong>TECHNO<\/strong>, es <strong>HOUSE<\/strong>; es lo que nace del miedo, la distancia y la incertidumbre; es todo aquello que se intenta mantener invisible mientras desde el underground respondemos con ritmos que nos desplazan, que nos cuestionan, que nos convierten en una sola materia, al menos por unos instantes, m\u00e1s ruidosa que cualquier forma dada.<\/p>\n\n\n\n<p class=\"has-text-align-right wp-block-paragraph\"><em><a href=\"https:\/\/open.spotify.com\/intl-es\/artist\/28xI1L1VYJXU9XnhzWmHdR?si=ccfDz0XpTd-ag70wkd9lLQ\">Sigue a <\/a><\/em><strong><a href=\"https:\/\/www.instagram.com\/materia_hache\/\">MATERIA HACH<\/a><\/strong><a href=\"https:\/\/www.instagram.com\/materia_hache\/\"><strong>E<\/strong><\/a><em><a href=\"https:\/\/www.instagram.com\/alicia_zhan\/\"> in <\/a><\/em><strong><a href=\"https:\/\/www.instagram.com\/alicia_zhan\/\">Instagram<\/a><\/strong><\/p>\n\n\n\n<p class=\"has-text-align-left wp-block-paragraph\">So\u00f1adora, en\u00e9rgica y creativa, <strong>ESTRELLA ORTUZAR<\/strong> conecta directamente con la pista de baile. Con m\u00e1s de seis a\u00f1os de trayectoria, su estilo se caracteriza por una fusi\u00f3n de <strong>house, indie dance, dance y techno<\/strong>, con matices <strong>profundos<\/strong>, <strong>tribales<\/strong> y <strong>envolventes<\/strong>, donde cada set es una narrativa que invita a dejarse llevar por la m\u00fasica.<\/p>\n\n\n\n<p class=\"has-text-align-left wp-block-paragraph\">Hoy, <strong>Estrella<\/strong> contin\u00faa expandiendo su sonido y explorando nuevos territorios, manteni\u00e9ndose fiel a su esencia: un equilibrio entre fuerza, sensibilidad y libertad creativa.<\/p>\n<\/div>\n<\/div>\n\n\n\n<p class=\"has-text-align-right wp-block-paragraph\"><em><a href=\"https:\/\/open.spotify.com\/intl-es\/artist\/28xI1L1VYJXU9XnhzWmHdR?si=ccfDz0XpTd-ag70wkd9lLQ\">Sigue a <\/a><\/em><strong><a href=\"https:\/\/www.instagram.com\/materia_hache\/\">ESTRELLA ORTUZAR<\/a><\/strong><em><a href=\"https:\/\/www.instagram.com\/estrella.ortuzar\/\"> in <\/a><\/em><strong><a href=\"https:\/\/www.instagram.com\/alicia_zhan\/\">Instagram<\/a><\/strong><\/p>\n\n\n\n<div style=\"height:100px\" aria-hidden=\"true\" class=\"wp-block-spacer\"><\/div>\n\n\n\n<hr class=\"wp-block-separator has-alpha-channel-opacity\"\/>\n\n\n\n<div style=\"height:100px\" aria-hidden=\"true\" class=\"wp-block-spacer\"><\/div>\n\n\n<h2 class=\"tribe-block__related-events__title\">Related Events<\/h2>\n\n<ul  class=\"tribe-related-events tribe-clearfix\" >\n\t\t\t<li>\n\t\n<div class=\"tribe-related-events-thumbnail\">\n\t<a href=\"https:\/\/cafelapalma.com\/en\/programacion\/funkin-donuts\/\" class=\"url\" rel=\"bookmark\" tabindex=\"-1\" aria-hidden=\"true\"><img loading=\"lazy\" decoding=\"async\" width=\"693\" height=\"1040\" src=\"https:\/\/cafelapalma.com\/wp-content\/uploads\/2026\/07\/FD-vert2-bn-693x1040.jpg\" class=\"attachment-large size-large wp-post-image\" alt=\"\" \/><\/a>\n<\/div>\n\t<div class=\"tribe-related-event-info\">\n\t<h3 class=\"tribe-related-events-title\">\n\t\t<a href=\"https:\/\/cafelapalma.com\/en\/programacion\/funkin-donuts\/\" class=\"tribe-event-url\" rel=\"bookmark\">\n\t\t\tFUNKIN&#8217; DONUTS\t\t<\/a>\n\t<\/h3>\n\t<span class=\"tribe-event-date-start\">5  September@22:00<\/span><span class=\"tribe-event-time\">23:45<\/span><\/div>\n<\/li>\n\t\t\t<li>\n\t\n<div class=\"tribe-related-events-thumbnail\">\n\t<a href=\"https:\/\/cafelapalma.com\/en\/programacion\/backstage-le-petit-truffle-mayo\/\" class=\"url\" rel=\"bookmark\" tabindex=\"-1\" aria-hidden=\"true\"><img loading=\"lazy\" decoding=\"async\" width=\"780\" height=\"1040\" src=\"https:\/\/cafelapalma.com\/wp-content\/uploads\/2026\/07\/Imagen-TruffleMayo-LePetit-i-1-780x1040.png\" class=\"attachment-large size-large wp-post-image\" alt=\"\" \/><\/a>\n<\/div>\n\t<div class=\"tribe-related-event-info\">\n\t<h3 class=\"tribe-related-events-title\">\n\t\t<a href=\"https:\/\/cafelapalma.com\/en\/programacion\/backstage-le-petit-truffle-mayo\/\" class=\"tribe-event-url\" rel=\"bookmark\">\n\t\t\tBACKSTAGE: LE PETIT + TRUFFLE MAYO\t\t<\/a>\n\t<\/h3>\n\t<span class=\"tribe-event-date-start\">5  September@23:55<\/span><\/div>\n<\/li>\n\t\t\t<li>\n\t\n<div class=\"tribe-related-events-thumbnail\">\n\t<a href=\"https:\/\/cafelapalma.com\/en\/programacion\/willie-deville-concierto-benefico-x-venezuela\/\" class=\"url\" rel=\"bookmark\" tabindex=\"-1\" aria-hidden=\"true\"><img loading=\"lazy\" decoding=\"async\" width=\"1020\" height=\"531\" src=\"https:\/\/cafelapalma.com\/wp-content\/uploads\/2026\/08\/Willie-deville-1100x572-1-1040x541.jpg\" class=\"attachment-large size-large wp-post-image\" alt=\"\" \/><\/a>\n<\/div>\n\t<div class=\"tribe-related-event-info\">\n\t<h3 class=\"tribe-related-events-title\">\n\t\t<a href=\"https:\/\/cafelapalma.com\/en\/programacion\/willie-deville-concierto-benefico-x-venezuela\/\" class=\"tribe-event-url\" rel=\"bookmark\">\n\t\t\tWILLIE DEVILLE: CONCIERTO BEN\u00c9FICO X VENEZUELA\t\t<\/a>\n\t<\/h3>\n\t<span class=\"tribe-event-date-start\">6  September@21:00<\/span><span class=\"tribe-event-time\">23:45<\/span><\/div>\n<\/li>\n\t<\/ul>","protected":false},"excerpt":{"rendered":"<p>INNATA es un proyecto musical y cultural que nace con la intenci\u00f3n de crear un espacio aut\u00e9ntico, libre y cercano para la m\u00fasica electr\u00f3nica. M\u00e1s que una fiesta, es un punto de encuentro para quienes sienten la necesidad de expresarse, conectar y compartir desde lo m\u00e1s genuino. Su objetivo es dar visibilidad tanto al talento &hellip; <\/p>","protected":false},"author":2,"featured_media":31904,"template":"","meta":{"_tec_requires_first_save":false,"_uag_custom_page_level_css":"","loftloader_page_shortcode":"","_EventAllDay":false,"_EventTimezone":"Europe\/Madrid","_EventStartDate":"2025-10-11 23:50:00","_EventEndDate":"2025-10-11 23:55:00","_EventStartDateUTC":"2025-10-11 21:50:00","_EventEndDateUTC":"2025-10-11 21:55:00","_EventShowMap":false,"_EventShowMapLink":false,"_EventURL":"","_EventCost":"ENTRADA LIBRE","_EventCostDescription":"","_EventCurrencySymbol":"\u20ac","_EventCurrencyCode":"USD","_EventCurrencyPosition":"suffix","_EventDateTimeSeparator":"@","_EventTimeRangeSeparator":"-","_EventOrganizerID":[],"_EventVenueID":[],"_OrganizerEmail":"","_OrganizerPhone":"","_OrganizerWebsite":"","_VenueAddress":"","_VenueCity":"","_VenueCountry":"","_VenueProvince":"","_VenueState":"","_VenueZip":"","_VenuePhone":"","_VenueURL":"","_VenueStateProvince":"","_VenueLat":"","_VenueLng":"","_VenueShowMap":false,"_VenueShowMapLink":false,"_tribe_blocks_recurrence_rules":"","_tribe_blocks_recurrence_description":"","_tribe_blocks_recurrence_exclusions":"","_ecp_custom_2":"","_tribe_events_status":"","_tribe_events_status_reason":"","_tribe_events_is_hybrid":"","_tribe_events_is_virtual":"","_tribe_events_virtual_video_source":"","_tribe_events_virtual_embed_video":"","_tribe_events_virtual_linked_button_text":"","_tribe_events_virtual_linked_button":"","_tribe_events_virtual_show_embed_at":"","_tribe_events_virtual_show_embed_to":[],"_tribe_events_virtual_show_on_event":"","_tribe_events_virtual_show_on_views":"","_tribe_events_virtual_url":"","footnotes":""},"tags":[1363,9225,11349,18001,18002,1357,16166,16781,16780,9715,16368,17229],"tribe_events_cat":[8964],"class_list":["post-31903","tribe_events","type-tribe_events","status-publish","has-post-thumbnail","hentry","tag-cafe-la-palma","tag-cafe-la-palma-clubbing","tag-clubbing","tag-clubbing-madrid","tag-clubbing-malasana","tag-electronica","tag-estrella-ortuzar","tag-innata","tag-innata-sessions","tag-materia-hache","tag-rastro-live","tag-zhan","tribe_events_cat-clubbing","cat_clubbing"],"uagb_featured_image_src":{"full":["https:\/\/cafelapalma.com\/wp-content\/uploads\/2025\/09\/IGpost_Innataposter-copy.jpg",1080,1350,false],"thumbnail":["https:\/\/cafelapalma.com\/wp-content\/uploads\/2025\/09\/IGpost_Innataposter-copy-150x150.jpg",150,150,true],"medium":["https:\/\/cafelapalma.com\/wp-content\/uploads\/2025\/09\/IGpost_Innataposter-copy-240x300.jpg",240,300,true],"medium_large":["https:\/\/cafelapalma.com\/wp-content\/uploads\/2025\/09\/IGpost_Innataposter-copy-768x960.jpg",768,960,true],"large":["https:\/\/cafelapalma.com\/wp-content\/uploads\/2025\/09\/IGpost_Innataposter-copy-832x1040.jpg",832,1040,true],"1536x1536":["https:\/\/cafelapalma.com\/wp-content\/uploads\/2025\/09\/IGpost_Innataposter-copy.jpg",1080,1350,false],"2048x2048":["https:\/\/cafelapalma.com\/wp-content\/uploads\/2025\/09\/IGpost_Innataposter-copy.jpg",1080,1350,false],"trp-custom-language-flag":["https:\/\/cafelapalma.com\/wp-content\/uploads\/2025\/09\/IGpost_Innataposter-copy-10x12.jpg",10,12,true],"blossom-feminine-slider":["https:\/\/cafelapalma.com\/wp-content\/uploads\/2025\/09\/IGpost_Innataposter-copy-1080x649.jpg",1080,649,true],"blossom-feminine-featured":["https:\/\/cafelapalma.com\/wp-content\/uploads\/2025\/09\/IGpost_Innataposter-copy-1080x600.jpg",1080,600,true],"blossom-feminine-with-sidebar":["https:\/\/cafelapalma.com\/wp-content\/uploads\/2025\/09\/IGpost_Innataposter-copy-1020x600.jpg",1020,600,true],"blossom-feminine-blog":["https:\/\/cafelapalma.com\/wp-content\/uploads\/2025\/09\/IGpost_Innataposter-copy-435x435.jpg",435,435,true],"blossom-feminine-cat":["https:\/\/cafelapalma.com\/wp-content\/uploads\/2025\/09\/IGpost_Innataposter-copy-450x300.jpg",450,300,true],"blossom-feminine-related":["https:\/\/cafelapalma.com\/wp-content\/uploads\/2025\/09\/IGpost_Innataposter-copy-320x200.jpg",320,200,true],"blossom-feminine-schema":["https:\/\/cafelapalma.com\/wp-content\/uploads\/2025\/09\/IGpost_Innataposter-copy-48x60.jpg",48,60,true]},"uagb_author_info":{"display_name":"Victor","author_link":"https:\/\/cafelapalma.com\/en\/author\/comunicacion\/"},"uagb_comment_info":0,"uagb_excerpt":"INNATA es un proyecto musical y cultural que nace con la intenci\u00f3n de crear un espacio aut\u00e9ntico, libre y cercano para la m\u00fasica electr\u00f3nica. M\u00e1s que una fiesta, es un punto de encuentro para quienes sienten la necesidad de expresarse, conectar y compartir desde lo m\u00e1s genuino. Su objetivo es dar visibilidad tanto al talento&hellip;","_links":{"self":[{"href":"https:\/\/cafelapalma.com\/en\/wp-json\/wp\/v2\/tribe_events\/31903","targetHints":{"allow":["GET"]}}],"collection":[{"href":"https:\/\/cafelapalma.com\/en\/wp-json\/wp\/v2\/tribe_events"}],"about":[{"href":"https:\/\/cafelapalma.com\/en\/wp-json\/wp\/v2\/types\/tribe_events"}],"author":[{"embeddable":true,"href":"https:\/\/cafelapalma.com\/en\/wp-json\/wp\/v2\/users\/2"}],"version-history":[{"count":0,"href":"https:\/\/cafelapalma.com\/en\/wp-json\/wp\/v2\/tribe_events\/31903\/revisions"}],"wp:featuredmedia":[{"embeddable":true,"href":"https:\/\/cafelapalma.com\/en\/wp-json\/wp\/v2\/media\/31904"}],"wp:attachment":[{"href":"https:\/\/cafelapalma.com\/en\/wp-json\/wp\/v2\/media?parent=31903"}],"wp:term":[{"taxonomy":"post_tag","embeddable":true,"href":"https:\/\/cafelapalma.com\/en\/wp-json\/wp\/v2\/tags?post=31903"},{"taxonomy":"tribe_events_cat","embeddable":true,"href":"https:\/\/cafelapalma.com\/en\/wp-json\/wp\/v2\/tribe_events_cat?post=31903"}],"curies":[{"name":"wp","href":"https:\/\/api.w.org\/{rel}","templated":true}]}}