{"id":31913,"date":"2025-09-25T16:31:49","date_gmt":"2025-09-25T14:31:49","guid":{"rendered":"https:\/\/cafelapalma.com\/?post_type=tribe_events&#038;p=31913"},"modified":"2025-10-07T03:13:34","modified_gmt":"2025-10-07T01:13:34","slug":"danzer-6","status":"publish","type":"tribe_events","link":"https:\/\/cafelapalma.com\/en\/programacion\/danzer-6\/","title":{"rendered":"JGR + KAMBOYA + LAFETTE + RAFA CALERO"},"content":{"rendered":"<div  class=\"tribe-events-schedule tribe-clearfix\" >\n\t<p class=\"tribe-events-schedule__datetime\">\n\t\t<span class=\"tribe-events-schedule__date tribe-events-schedule__date--start\">\n\t\t\t18  October  2025\t\t<\/span>\n\n\t\t\t\t\t<span class=\"tribe-events-schedule__separator tribe-events-schedule__separator--date\">\n\t\t\t\t@\t\t\t<\/span>\n\t\t\t<span class=\"tribe-events-schedule__time tribe-events-schedule__time--start\">\n\t\t\t\t23:50\t\t\t<\/span>\n\t\t\n\t\t\t\t\t\t\t\t\t<span class=\"tribe-events-schedule__separator tribe-events-schedule__separator--time\">\n\t\t\t\t\t&#8211;\t\t\t\t<\/span>\n\t\t\t\n\t\t\t\t\t\t\t<span class=\"tribe-events-schedule__time tribe-events-schedule__time--end\">\n\t\t\t\t\t23:55\t\t\t\t<\/span>\n\t\t\t\n\t\t\t\t\t\t<\/p>\n<\/div>\n\n\n<div  class=\"tribe-block tribe-block__event-price\" >\n\t\t\t<span class=\"tribe-block__event-price__cost\"> ENTRADA LIBRE <\/span>\n\t\t\t\t<span class=\"tribe-block__event-price__description\">hasta las 01:00 | 13\u20ac Taquilla de 01:00 a 01:30 (Incluye UNA COPA o DOS CERVEZAS) | 15\u20ac Taquilla de 01:30 a cierre (Incluye UNA CONSUMICI\u00d3N)<\/span>\n\t<\/div>\n\n\n\n<div style=\"height:100px\" aria-hidden=\"true\" class=\"wp-block-spacer\"><\/div>\n\n\n\n<div class=\"wp-block-columns is-layout-flex wp-container-core-columns-is-layout-8f761849 wp-block-columns-is-layout-flex\">\n<div class=\"wp-block-column is-layout-flow wp-block-column-is-layout-flow\" style=\"flex-basis:33.33%\">\n<figure class=\"wp-block-image size-full\"><img loading=\"lazy\" decoding=\"async\" width=\"619\" height=\"875\" src=\"https:\/\/cafelapalma.com\/wp-content\/uploads\/2025\/09\/danzer-a3-low.jpg\" alt=\"\" class=\"wp-image-31914\" srcset=\"https:\/\/cafelapalma.com\/wp-content\/uploads\/2025\/09\/danzer-a3-low.jpg 619w, https:\/\/cafelapalma.com\/wp-content\/uploads\/2025\/09\/danzer-a3-low-212x300.jpg 212w, https:\/\/cafelapalma.com\/wp-content\/uploads\/2025\/09\/danzer-a3-low-8x12.jpg 8w, https:\/\/cafelapalma.com\/wp-content\/uploads\/2025\/09\/danzer-a3-low-42x60.jpg 42w\" sizes=\"auto, (max-width: 619px) 100vw, 619px\" \/><\/figure>\n<\/div>\n\n\n\n<div class=\"wp-block-column is-layout-flow wp-block-column-is-layout-flow\" style=\"flex-basis:66.66%\">\n<p class=\"wp-block-paragraph\"><\/p>\n\n\n\n<p class=\"has-text-align-left wp-block-paragraph\"><strong>DANZER<\/strong> es la sesi\u00f3n que recoge lo m\u00e1s novedoso del indie dance, nu-disco y future house.<\/p>\n\n\n\n<p class=\"has-text-align-left wp-block-paragraph\">Detr\u00e1s de ella est\u00e1n <strong>KAMBOYA<\/strong>, <strong>CALERO<\/strong> y <strong>LAFETTE<\/strong>, tres experimentados djs\/promotores a los que une la amistad y una pasi\u00f3n genu\u00edna\u00a0por la m\u00fasica y por la fiesta.<\/p>\n\n\n\n<p class=\"has-text-align-left wp-block-paragraph\">Mes a mes invitan a figuras destacadas&nbsp;de la escena para compartir con el p\u00fablico una noche cercana y basada en esa visi\u00f3n nost\u00e1lgica de abrazo colectivo entre los que lanzan la m\u00fasica y los que bailan.<\/p>\n\n\n\n<p class=\"has-text-align-left wp-block-paragraph\">Sin modas ni elitismos. Pura unidad y disfrute,<\/p>\n\n\n\n<p class=\"has-text-align-left wp-block-paragraph\">Para la edici\u00f3n de octubre el invitado ser\u00e1 <strong>JGR<\/strong>, chileno afincando\u00a0desde hace ya a\u00f1os en <strong>Madrid<\/strong> y habitual de los clubs\u00a0y sesiones con m\u00e1s renombre de la capital. Su <strong>house<\/strong> sinuoso y elegante ya ha convencido a muchos, convirti\u00e9ndole\u00a0en uno de los nombres que m\u00e1s respeto producen cuando aparece en un cartel.<\/p>\n\n\n\n<p class=\"has-text-align-right wp-block-paragraph\"><em><a href=\"https:\/\/www.instagram.com\/danzerdanzerdanzer\/\">Sigue a <\/a><\/em><strong><a href=\"https:\/\/www.instagram.com\/danzerdanzerdanzer\/\">DANZER <\/a><\/strong><em><a href=\"https:\/\/www.instagram.com\/danzerdanzerdanzer\/\">in <\/a><\/em><strong><a href=\"https:\/\/www.instagram.com\/danzerdanzerdanzer\/\">Instagram<\/a><\/strong><\/p>\n\n\n\n<p class=\"has-text-align-left wp-block-paragraph\"><strong>JGR<\/strong> (Juli\u00e1n Garc\u00eda-Reyes) es un habitual en fiestas y clubes de la capital espa\u00f1ola, adem\u00e1s de pasos por <strong>M\u00e9xico<\/strong>, <strong>Colombia<\/strong> y <strong>Alemania<\/strong>, entre otros. Su debut como productor fue en febrero de 2020 con <strong>Sideral<\/strong>, un EP de tres tracks originales publicados en el sello alem\u00e1n <strong>Emerald &amp; Doreen<\/strong>. Este 2023 lanz\u00f3 su quinto EP <strong>Fechor\u00edas<\/strong>, en conjunto con la <strong>DJ<\/strong> espa\u00f1ola <strong>Yahaira<\/strong>, bajo la etiqueta de <strong>Mel\u00f3mana Records<\/strong>, Awaken en el sello mexicano Bonkers y remixes para los sellos Maleante Records y Logical Records.<\/p>\n\n\n\n<p class=\"has-text-align-right wp-block-paragraph\"><em><a href=\"https:\/\/www.instagram.com\/danzerdanzerdanzer\/\">Listen to <\/a><\/em><strong><a href=\"https:\/\/www.instagram.com\/danzerdanzerdanzer\/\">JGR <\/a><\/strong><em><a href=\"https:\/\/www.instagram.com\/danzerdanzerdanzer\/\">in <\/a><\/em><strong><a href=\"https:\/\/www.instagram.com\/danzerdanzerdanzer\/\">SoundCloud<\/a><\/strong><\/p>\n\n\n\n<p class=\"has-text-align-left wp-block-paragraph\"><strong>KAMBOYA<\/strong> tuvo una tienda de discos en <strong>C\u00f3rdoba <\/strong>y tiene una colecci\u00f3n de m\u00e1s de 3000 vinilos. Organiza fiestas que van desde el sonido m\u00e1s oscuro y subterraneo&nbsp;(<strong>CLOACA<\/strong>) a lo m\u00e1s kitch y disfrutable (<strong>BENIDORM<\/strong>).<\/p>\n\n\n\n<p class=\"has-text-align-right wp-block-paragraph\"><em><a href=\"https:\/\/www.instagram.com\/kamboya\/\">Sigue a <\/a><\/em><strong><a href=\"https:\/\/www.instagram.com\/kamboya\/\">KAMBOYA <\/a><\/strong><em><a href=\"https:\/\/www.instagram.com\/kamboya\/\">in <\/a><\/em><strong><a href=\"https:\/\/www.instagram.com\/kamboya\/\">Instagram<\/a><\/strong><\/p>\n\n\n\n<p class=\"has-text-align-left wp-block-paragraph\"><strong>LAFETTE <\/strong>mont\u00f3 hace a\u00f1os una <em>netlabel<\/em>, ha sido periodista musical y ha hecho de productor en varios discos. Compagina su labor de programador en <strong>INTRUSO <\/strong>con las sesiones que lleva con su <em>aka <\/em>alternativo (<strong>WIZE<\/strong>).<\/p>\n\n\n\n<p class=\"has-text-align-right wp-block-paragraph\"><em><a href=\"https:\/\/www.instagram.com\/lafettedj\/\">Sigue a <\/a><\/em><strong><a href=\"https:\/\/www.instagram.com\/lafettedj\/\">LAFETTE <\/a><\/strong><em><a href=\"https:\/\/www.instagram.com\/lafettedj\/\">in <\/a><\/em><strong><a href=\"https:\/\/www.instagram.com\/lafettedj\/\">Instagram<\/a><\/strong><\/p>\n\n\n\n<p class=\"has-text-align-left wp-block-paragraph\"><strong>RAFA CALERO<\/strong> es un veterano de la escena del sur del pa\u00eds y ha recorrido durante a\u00f1os los sitios m\u00e1s emblem\u00e1ticos de la ruta veraniega andaluza. Adem\u00e1s de ser habitual en muchas de las cabinas de las salas m\u00e1s concurridas de la capital.<\/p>\n\n\n\n<p class=\"has-text-align-right wp-block-paragraph\"><em><a href=\"https:\/\/www.instagram.com\/rafaeldanielcalero\/\">Sigue a <\/a><\/em><strong><a href=\"https:\/\/www.instagram.com\/rafaeldanielcalero\/\">RAFA CALERO<\/a><\/strong><em><a href=\"https:\/\/www.instagram.com\/rafaeldanielcalero\/\"> in <\/a><\/em><strong><a href=\"https:\/\/www.instagram.com\/rafaeldanielcalero\/\">Instagram<\/a><\/strong><\/p>\n<\/div>\n<\/div>\n\n\n\n<div style=\"height:100px\" aria-hidden=\"true\" class=\"wp-block-spacer\"><\/div>\n\n\n\n<hr class=\"wp-block-separator has-alpha-channel-opacity\"\/>\n\n\n\n<div style=\"height:100px\" aria-hidden=\"true\" class=\"wp-block-spacer\"><\/div>\n\n\n<h2 class=\"tribe-block__related-events__title\">Related Events<\/h2>\n\n<ul  class=\"tribe-related-events tribe-clearfix\" >\n\t\t\t<li>\n\t\n<div class=\"tribe-related-events-thumbnail\">\n\t<a href=\"https:\/\/cafelapalma.com\/en\/programacion\/funkin-donuts\/\" class=\"url\" rel=\"bookmark\" tabindex=\"-1\" aria-hidden=\"true\"><img loading=\"lazy\" decoding=\"async\" width=\"693\" height=\"1040\" src=\"https:\/\/cafelapalma.com\/wp-content\/uploads\/2026\/07\/FD-vert2-bn-693x1040.jpg\" class=\"attachment-large size-large wp-post-image\" alt=\"\" \/><\/a>\n<\/div>\n\t<div class=\"tribe-related-event-info\">\n\t<h3 class=\"tribe-related-events-title\">\n\t\t<a href=\"https:\/\/cafelapalma.com\/en\/programacion\/funkin-donuts\/\" class=\"tribe-event-url\" rel=\"bookmark\">\n\t\t\tFUNKIN&#8217; DONUTS\t\t<\/a>\n\t<\/h3>\n\t<span class=\"tribe-event-date-start\">5  September@22:00<\/span><span class=\"tribe-event-time\">23:45<\/span><\/div>\n<\/li>\n\t\t\t<li>\n\t\n<div class=\"tribe-related-events-thumbnail\">\n\t<a href=\"https:\/\/cafelapalma.com\/en\/programacion\/backstage-le-petit-truffle-mayo\/\" class=\"url\" rel=\"bookmark\" tabindex=\"-1\" aria-hidden=\"true\"><img loading=\"lazy\" decoding=\"async\" width=\"780\" height=\"1040\" src=\"https:\/\/cafelapalma.com\/wp-content\/uploads\/2026\/07\/Imagen-TruffleMayo-LePetit-i-1-780x1040.png\" class=\"attachment-large size-large wp-post-image\" alt=\"\" \/><\/a>\n<\/div>\n\t<div class=\"tribe-related-event-info\">\n\t<h3 class=\"tribe-related-events-title\">\n\t\t<a href=\"https:\/\/cafelapalma.com\/en\/programacion\/backstage-le-petit-truffle-mayo\/\" class=\"tribe-event-url\" rel=\"bookmark\">\n\t\t\tBACKSTAGE: LE PETIT + TRUFFLE MAYO\t\t<\/a>\n\t<\/h3>\n\t<span class=\"tribe-event-date-start\">5  September@23:55<\/span><\/div>\n<\/li>\n\t\t\t<li>\n\t\n<div class=\"tribe-related-events-thumbnail\">\n\t<a href=\"https:\/\/cafelapalma.com\/en\/programacion\/willie-deville-concierto-benefico-x-venezuela\/\" class=\"url\" rel=\"bookmark\" tabindex=\"-1\" aria-hidden=\"true\"><img loading=\"lazy\" decoding=\"async\" width=\"1020\" height=\"531\" src=\"https:\/\/cafelapalma.com\/wp-content\/uploads\/2026\/08\/Willie-deville-1100x572-1-1040x541.jpg\" class=\"attachment-large size-large wp-post-image\" alt=\"\" \/><\/a>\n<\/div>\n\t<div class=\"tribe-related-event-info\">\n\t<h3 class=\"tribe-related-events-title\">\n\t\t<a href=\"https:\/\/cafelapalma.com\/en\/programacion\/willie-deville-concierto-benefico-x-venezuela\/\" class=\"tribe-event-url\" rel=\"bookmark\">\n\t\t\tWILLIE DEVILLE: CONCIERTO BEN\u00c9FICO X VENEZUELA\t\t<\/a>\n\t<\/h3>\n\t<span class=\"tribe-event-date-start\">6  September@21:00<\/span><span class=\"tribe-event-time\">23:45<\/span><\/div>\n<\/li>\n\t<\/ul>","protected":false},"excerpt":{"rendered":"<p>DANZER es la sesi\u00f3n que recoge lo m\u00e1s novedoso del indie dance, nu-disco y future house. Detr\u00e1s de ella est\u00e1n KAMBOYA, CALERO y LAFETTE, tres experimentados djs\/promotores a los que une la amistad y una pasi\u00f3n genu\u00edna\u00a0por la m\u00fasica y por la fiesta. Mes a mes invitan a figuras destacadas&nbsp;de la escena para compartir con &hellip; <\/p>","protected":false},"author":2,"featured_media":31097,"template":"","meta":{"_tec_requires_first_save":false,"_uag_custom_page_level_css":"","loftloader_page_shortcode":"","_EventAllDay":false,"_EventTimezone":"Europe\/Madrid","_EventStartDate":"2025-10-18 23:50:00","_EventEndDate":"2025-10-18 23:55:00","_EventStartDateUTC":"2025-10-18 21:50:00","_EventEndDateUTC":"2025-10-18 21:55:00","_EventShowMap":false,"_EventShowMapLink":false,"_EventURL":"","_EventCost":"ENTRADA LIBRE","_EventCostDescription":"","_EventCurrencySymbol":"\u20ac","_EventCurrencyCode":"USD","_EventCurrencyPosition":"suffix","_EventDateTimeSeparator":"@","_EventTimeRangeSeparator":"-","_EventOrganizerID":[],"_EventVenueID":[],"_OrganizerEmail":"","_OrganizerPhone":"","_OrganizerWebsite":"","_VenueAddress":"","_VenueCity":"","_VenueCountry":"","_VenueProvince":"","_VenueState":"","_VenueZip":"","_VenuePhone":"","_VenueURL":"","_VenueStateProvince":"","_VenueLat":"","_VenueLng":"","_VenueShowMap":false,"_VenueShowMapLink":false,"_tribe_blocks_recurrence_rules":"","_tribe_blocks_recurrence_description":"","_tribe_blocks_recurrence_exclusions":"","_ecp_custom_2":"","_tribe_events_status":"","_tribe_events_status_reason":"","_tribe_events_is_hybrid":"","_tribe_events_is_virtual":"","_tribe_events_virtual_video_source":"","_tribe_events_virtual_embed_video":"","_tribe_events_virtual_linked_button_text":"","_tribe_events_virtual_linked_button":"","_tribe_events_virtual_show_embed_at":"","_tribe_events_virtual_show_embed_to":[],"_tribe_events_virtual_show_on_event":"","_tribe_events_virtual_show_on_views":"","_tribe_events_virtual_url":"","footnotes":""},"tags":[17695,1363,9225,9524,17420,9847,9226,9227,1357,779,9252,9309,9789,17421,17740,16132,17422],"tribe_events_cat":[8964],"class_list":["post-31913","tribe_events","type-tribe_events","status-publish","has-post-thumbnail","hentry","tag-danzerdanzerdanzer","tag-cafe-la-palma","tag-cafe-la-palma-clubbing","tag-chile","tag-danzer","tag-disco","tag-djs-madrid","tag-djs-malasana","tag-electronica","tag-funk","tag-groove","tag-house","tag-jgr","tag-kamboya","tag-kris-kiss","tag-lafette","tag-rafa-calero","tribe_events_cat-clubbing","cat_clubbing"],"uagb_featured_image_src":{"full":["https:\/\/cafelapalma.com\/wp-content\/uploads\/2025\/04\/DANZER-FRONT.jpg",1080,1920,false],"thumbnail":["https:\/\/cafelapalma.com\/wp-content\/uploads\/2025\/04\/DANZER-FRONT-150x150.jpg",150,150,true],"medium":["https:\/\/cafelapalma.com\/wp-content\/uploads\/2025\/04\/DANZER-FRONT-169x300.jpg",169,300,true],"medium_large":["https:\/\/cafelapalma.com\/wp-content\/uploads\/2025\/04\/DANZER-FRONT-768x1365.jpg",768,1365,true],"large":["https:\/\/cafelapalma.com\/wp-content\/uploads\/2025\/04\/DANZER-FRONT-585x1040.jpg",585,1040,true],"1536x1536":["https:\/\/cafelapalma.com\/wp-content\/uploads\/2025\/04\/DANZER-FRONT-864x1536.jpg",864,1536,true],"2048x2048":["https:\/\/cafelapalma.com\/wp-content\/uploads\/2025\/04\/DANZER-FRONT.jpg",1080,1920,false],"trp-custom-language-flag":["https:\/\/cafelapalma.com\/wp-content\/uploads\/2025\/04\/DANZER-FRONT-7x12.jpg",7,12,true],"blossom-feminine-slider":["https:\/\/cafelapalma.com\/wp-content\/uploads\/2025\/04\/DANZER-FRONT-1080x649.jpg",1080,649,true],"blossom-feminine-featured":["https:\/\/cafelapalma.com\/wp-content\/uploads\/2025\/04\/DANZER-FRONT-1080x600.jpg",1080,600,true],"blossom-feminine-with-sidebar":["https:\/\/cafelapalma.com\/wp-content\/uploads\/2025\/04\/DANZER-FRONT-1020x600.jpg",1020,600,true],"blossom-feminine-blog":["https:\/\/cafelapalma.com\/wp-content\/uploads\/2025\/04\/DANZER-FRONT-435x435.jpg",435,435,true],"blossom-feminine-cat":["https:\/\/cafelapalma.com\/wp-content\/uploads\/2025\/04\/DANZER-FRONT-450x300.jpg",450,300,true],"blossom-feminine-related":["https:\/\/cafelapalma.com\/wp-content\/uploads\/2025\/04\/DANZER-FRONT-320x200.jpg",320,200,true],"blossom-feminine-schema":["https:\/\/cafelapalma.com\/wp-content\/uploads\/2025\/04\/DANZER-FRONT-34x60.jpg",34,60,true]},"uagb_author_info":{"display_name":"Victor","author_link":"https:\/\/cafelapalma.com\/en\/author\/comunicacion\/"},"uagb_comment_info":0,"uagb_excerpt":"DANZER es la sesi\u00f3n que recoge lo m\u00e1s novedoso del indie dance, nu-disco y future house. Detr\u00e1s de ella est\u00e1n KAMBOYA, CALERO y LAFETTE, tres experimentados djs\/promotores a los que une la amistad y una pasi\u00f3n genu\u00edna\u00a0por la m\u00fasica y por la fiesta. Mes a mes invitan a figuras destacadas&nbsp;de la escena para compartir con&hellip;","_links":{"self":[{"href":"https:\/\/cafelapalma.com\/en\/wp-json\/wp\/v2\/tribe_events\/31913","targetHints":{"allow":["GET"]}}],"collection":[{"href":"https:\/\/cafelapalma.com\/en\/wp-json\/wp\/v2\/tribe_events"}],"about":[{"href":"https:\/\/cafelapalma.com\/en\/wp-json\/wp\/v2\/types\/tribe_events"}],"author":[{"embeddable":true,"href":"https:\/\/cafelapalma.com\/en\/wp-json\/wp\/v2\/users\/2"}],"version-history":[{"count":0,"href":"https:\/\/cafelapalma.com\/en\/wp-json\/wp\/v2\/tribe_events\/31913\/revisions"}],"wp:featuredmedia":[{"embeddable":true,"href":"https:\/\/cafelapalma.com\/en\/wp-json\/wp\/v2\/media\/31097"}],"wp:attachment":[{"href":"https:\/\/cafelapalma.com\/en\/wp-json\/wp\/v2\/media?parent=31913"}],"wp:term":[{"taxonomy":"post_tag","embeddable":true,"href":"https:\/\/cafelapalma.com\/en\/wp-json\/wp\/v2\/tags?post=31913"},{"taxonomy":"tribe_events_cat","embeddable":true,"href":"https:\/\/cafelapalma.com\/en\/wp-json\/wp\/v2\/tribe_events_cat?post=31913"}],"curies":[{"name":"wp","href":"https:\/\/api.w.org\/{rel}","templated":true}]}}