{"id":31947,"date":"2025-09-26T12:35:49","date_gmt":"2025-09-26T10:35:49","guid":{"rendered":"https:\/\/cafelapalma.com\/?post_type=tribe_events&#038;p=31947"},"modified":"2025-10-11T18:50:34","modified_gmt":"2025-10-11T16:50:34","slug":"confeti-de-odio-halloween","status":"publish","type":"tribe_events","link":"https:\/\/cafelapalma.com\/en\/programacion\/confeti-de-odio-halloween\/","title":{"rendered":"CONFETI DE ODIO + SABRINA PALAU"},"content":{"rendered":"<div  class=\"tribe-events-schedule tribe-clearfix\" >\n\t<p class=\"tribe-events-schedule__datetime\">\n\t\t<span class=\"tribe-events-schedule__date tribe-events-schedule__date--start\">\n\t\t\t31  October  2025\t\t<\/span>\n\n\t\t\t\t\t<span class=\"tribe-events-schedule__separator tribe-events-schedule__separator--date\">\n\t\t\t\t@\t\t\t<\/span>\n\t\t\t<span class=\"tribe-events-schedule__time tribe-events-schedule__time--start\">\n\t\t\t\t21:30\t\t\t<\/span>\n\t\t\n\t\t\t\t\t\t\t\t\t<span class=\"tribe-events-schedule__separator tribe-events-schedule__separator--time\">\n\t\t\t\t\t&#8211;\t\t\t\t<\/span>\n\t\t\t\n\t\t\t\t\t\t\t<span class=\"tribe-events-schedule__time tribe-events-schedule__time--end\">\n\t\t\t\t\t23:50\t\t\t\t<\/span>\n\t\t\t\n\t\t\t\t\t\t<\/p>\n<\/div>\n\n\n<div  class=\"tribe-block tribe-block__event-price\" >\n\t\t\t<span class=\"tribe-block__event-price__cost\"> Entradas agotadas <\/span>\n\t\t<\/div>\n\n\n\n<div style=\"height:100px\" aria-hidden=\"true\" class=\"wp-block-spacer\"><\/div>\n\n\n\n<div class=\"wp-block-columns is-layout-flex wp-container-core-columns-is-layout-8f761849 wp-block-columns-is-layout-flex\">\n<div class=\"wp-block-column is-layout-flow wp-block-column-is-layout-flow\" style=\"flex-basis:33.33%\">\n<figure class=\"wp-block-image size-full\"><img loading=\"lazy\" decoding=\"async\" width=\"620\" height=\"935\" src=\"https:\/\/cafelapalma.com\/wp-content\/uploads\/2025\/09\/confeti-sold-out.jpg\" alt=\"\" class=\"wp-image-31990\" srcset=\"https:\/\/cafelapalma.com\/wp-content\/uploads\/2025\/09\/confeti-sold-out.jpg 620w, https:\/\/cafelapalma.com\/wp-content\/uploads\/2025\/09\/confeti-sold-out-199x300.jpg 199w, https:\/\/cafelapalma.com\/wp-content\/uploads\/2025\/09\/confeti-sold-out-8x12.jpg 8w, https:\/\/cafelapalma.com\/wp-content\/uploads\/2025\/09\/confeti-sold-out-40x60.jpg 40w\" sizes=\"auto, (max-width: 620px) 100vw, 620px\" \/><\/figure>\n<\/div>\n\n\n\n<div class=\"wp-block-column is-layout-flow wp-block-column-is-layout-flow\" style=\"flex-basis:66.66%\">\n<div style=\"height:100px\" aria-hidden=\"true\" class=\"wp-block-spacer\"><\/div>\n\n\n\n<p class=\"has-text-align-left wp-block-paragraph\">El <strong>31 de octubre<\/strong> prep\u00e1rate para una noche hist\u00f3rica:<br><strong>CONFETI DE ODIO<\/strong> se despide de los escenarios con su \u00faltimo concierto, acompa\u00f1ados por <strong>SABRINA PALAU<\/strong>. Una velada irrepetible que quedar\u00e1 marcada en la memoria.<\/p>\n\n\n\n<p class=\"has-text-align-left wp-block-paragraph\">No es sencillo resumir en unas l\u00edneas lo que <strong>Confeti De Odio<\/strong> -nombre art\u00edstico elegido por <strong>Lucas Vidaur<\/strong> para su proyecto m\u00e1s personal- representa para el pop independiente de nuestro pa\u00eds. Joven del Renacimiento, que lo mismo rasca la guitarra en <strong>Axolotes Mexicano<\/strong>s que publica una novela o lanza un pu\u00f1ado de \u00e1lbumes bajo diferentes alias, <strong>Confeti De Odio<\/strong> es posiblemente su proyecto m\u00e1s \u00edntimo y al mismo tiempo expansivo, aquel en el que su concepci\u00f3n del mundo est\u00e1 m\u00e1s presente. Y, posiblemente por ello, tambi\u00e9n aquel que mayor alcance ha tenido, hasta el punto de que hoy por hoy se ha convertido en todo un referente para el pop contempor\u00e1neo en castellano<\/p>\n\n\n\n<p class=\"has-text-align-right wp-block-paragraph\"><em><a href=\"https:\/\/open.spotify.com\/intl-es\/artist\/28xI1L1VYJXU9XnhzWmHdR?si=ccfDz0XpTd-ag70wkd9lLQ\">Listen to <\/a><\/em><strong><a href=\"https:\/\/open.spotify.com\/intl-es\/artist\/28xI1L1VYJXU9XnhzWmHdR?si=ccfDz0XpTd-ag70wkd9lLQ\">CONFETI DE ODIO<\/a><\/strong><em><a href=\"https:\/\/open.spotify.com\/intl-es\/artist\/28xI1L1VYJXU9XnhzWmHdR?si=ccfDz0XpTd-ag70wkd9lLQ\"> in <\/a><\/em><strong><a href=\"https:\/\/open.spotify.com\/intl-es\/artist\/3C1CPJ9K2aeHuj1x22B0qJ?si=Sod-8nY2TqKkd5VTwMRxag\">Spotify<\/a><\/strong><\/p>\n\n\n\n<p class=\"has-text-align-left wp-block-paragraph\"><strong>Salvador Pettinichi<\/strong> es un m\u00fasico argentino residente ahora mismo en Madrid que ha dado vida a <strong>SABRINA PALAU<\/strong>, un proyecto de canciones pop de contenido decadente pero de sonido totalmente reconfortante. Con medios de grabaci\u00f3n caseros e influencias que viajan hacia los sonidos m\u00e1s apagados, cercanos al emo m\u00e1s mel\u00f3dico y reflexivo, <strong>Sabrina Palau<\/strong> public\u00f3 este mismo a\u00f1o su primer LP&nbsp;<em><strong>Cementerio Pop<\/strong><\/em>&nbsp;en formato cassette.<\/p>\n<\/div>\n<\/div>\n\n\n\n<p class=\"has-text-align-right wp-block-paragraph\"><em><a href=\"https:\/\/open.spotify.com\/intl-es\/artist\/28xI1L1VYJXU9XnhzWmHdR?si=ccfDz0XpTd-ag70wkd9lLQ\">Listen to <\/a><\/em><strong><a href=\"https:\/\/open.spotify.com\/intl-es\/artist\/28xI1L1VYJXU9XnhzWmHdR?si=ccfDz0XpTd-ag70wkd9lLQ\">SABRINA PALAU<\/a><\/strong><em><a href=\"https:\/\/open.spotify.com\/intl-es\/artist\/0VCjf7BeH1cA2wttXWjwkp?si=lY6BZnhARLCNXPNRsJflYQ\"> in <\/a><\/em><strong><a href=\"https:\/\/open.spotify.com\/intl-es\/artist\/3C1CPJ9K2aeHuj1x22B0qJ?si=Sod-8nY2TqKkd5VTwMRxag\">Spotify<\/a><\/strong><\/p>\n\n\n\n<hr class=\"wp-block-separator has-alpha-channel-opacity\"\/>\n\n\n\n<div style=\"height:100px\" aria-hidden=\"true\" class=\"wp-block-spacer\"><\/div>\n\n\n<h2 class=\"tribe-block__related-events__title\">Related Events<\/h2>\n\n<ul  class=\"tribe-related-events tribe-clearfix\" >\n\t\t\t<li>\n\t\n<div class=\"tribe-related-events-thumbnail\">\n\t<a href=\"https:\/\/cafelapalma.com\/en\/programacion\/funkin-donuts\/\" class=\"url\" rel=\"bookmark\" tabindex=\"-1\" aria-hidden=\"true\"><img loading=\"lazy\" decoding=\"async\" width=\"693\" height=\"1040\" src=\"https:\/\/cafelapalma.com\/wp-content\/uploads\/2026\/07\/FD-vert2-bn-693x1040.jpg\" class=\"attachment-large size-large wp-post-image\" alt=\"\" \/><\/a>\n<\/div>\n\t<div class=\"tribe-related-event-info\">\n\t<h3 class=\"tribe-related-events-title\">\n\t\t<a href=\"https:\/\/cafelapalma.com\/en\/programacion\/funkin-donuts\/\" class=\"tribe-event-url\" rel=\"bookmark\">\n\t\t\tFUNKIN&#8217; DONUTS\t\t<\/a>\n\t<\/h3>\n\t<span class=\"tribe-event-date-start\">5  September@22:00<\/span><span class=\"tribe-event-time\">23:45<\/span><\/div>\n<\/li>\n\t\t\t<li>\n\t\n<div class=\"tribe-related-events-thumbnail\">\n\t<a href=\"https:\/\/cafelapalma.com\/en\/programacion\/backstage-le-petit-truffle-mayo\/\" class=\"url\" rel=\"bookmark\" tabindex=\"-1\" aria-hidden=\"true\"><img loading=\"lazy\" decoding=\"async\" width=\"780\" height=\"1040\" src=\"https:\/\/cafelapalma.com\/wp-content\/uploads\/2026\/07\/Imagen-TruffleMayo-LePetit-i-1-780x1040.png\" class=\"attachment-large size-large wp-post-image\" alt=\"\" \/><\/a>\n<\/div>\n\t<div class=\"tribe-related-event-info\">\n\t<h3 class=\"tribe-related-events-title\">\n\t\t<a href=\"https:\/\/cafelapalma.com\/en\/programacion\/backstage-le-petit-truffle-mayo\/\" class=\"tribe-event-url\" rel=\"bookmark\">\n\t\t\tBACKSTAGE: LE PETIT + TRUFFLE MAYO\t\t<\/a>\n\t<\/h3>\n\t<span class=\"tribe-event-date-start\">5  September@23:55<\/span><\/div>\n<\/li>\n\t\t\t<li>\n\t\n<div class=\"tribe-related-events-thumbnail\">\n\t<a href=\"https:\/\/cafelapalma.com\/en\/programacion\/willie-deville-concierto-benefico-x-venezuela\/\" class=\"url\" rel=\"bookmark\" tabindex=\"-1\" aria-hidden=\"true\"><img loading=\"lazy\" decoding=\"async\" width=\"1020\" height=\"531\" src=\"https:\/\/cafelapalma.com\/wp-content\/uploads\/2026\/08\/Willie-deville-1100x572-1-1040x541.jpg\" class=\"attachment-large size-large wp-post-image\" alt=\"\" \/><\/a>\n<\/div>\n\t<div class=\"tribe-related-event-info\">\n\t<h3 class=\"tribe-related-events-title\">\n\t\t<a href=\"https:\/\/cafelapalma.com\/en\/programacion\/willie-deville-concierto-benefico-x-venezuela\/\" class=\"tribe-event-url\" rel=\"bookmark\">\n\t\t\tWILLIE DEVILLE: CONCIERTO BEN\u00c9FICO X VENEZUELA\t\t<\/a>\n\t<\/h3>\n\t<span class=\"tribe-event-date-start\">6  September@21:00<\/span><span class=\"tribe-event-time\">23:45<\/span><\/div>\n<\/li>\n\t<\/ul>","protected":false},"excerpt":{"rendered":"<p>El 31 de octubre prep\u00e1rate para una noche hist\u00f3rica:CONFETI DE ODIO se despide de los escenarios con su \u00faltimo concierto, acompa\u00f1ados por SABRINA PALAU. Una velada irrepetible que quedar\u00e1 marcada en la memoria. No es sencillo resumir en unas l\u00edneas lo que Confeti De Odio -nombre art\u00edstico elegido por Lucas Vidaur para su proyecto m\u00e1s &hellip; <\/p>","protected":false},"author":2,"featured_media":31990,"template":"","meta":{"_tec_requires_first_save":false,"_uag_custom_page_level_css":"","loftloader_page_shortcode":"","_EventAllDay":false,"_EventTimezone":"Europe\/Madrid","_EventStartDate":"2025-10-31 21:30:00","_EventEndDate":"2025-10-31 23:50:00","_EventStartDateUTC":"2025-10-31 20:30:00","_EventEndDateUTC":"2025-10-31 22:50:00","_EventShowMap":false,"_EventShowMapLink":false,"_EventURL":"https:\/\/www.passline.com\/eventos\/confeti-de-odio-sabrina-palau","_EventCost":"Entradas agotadas","_EventCostDescription":"","_EventCurrencySymbol":"\u20ac","_EventCurrencyCode":"USD","_EventCurrencyPosition":"suffix","_EventDateTimeSeparator":"@","_EventTimeRangeSeparator":"-","_EventOrganizerID":[],"_EventVenueID":[],"_OrganizerEmail":"","_OrganizerPhone":"","_OrganizerWebsite":"","_VenueAddress":"","_VenueCity":"","_VenueCountry":"","_VenueProvince":"","_VenueState":"","_VenueZip":"","_VenuePhone":"","_VenueURL":"","_VenueStateProvince":"","_VenueLat":"","_VenueLng":"","_VenueShowMap":false,"_VenueShowMapLink":false,"_tribe_blocks_recurrence_rules":"","_tribe_blocks_recurrence_description":"","_tribe_blocks_recurrence_exclusions":"","_ecp_custom_2":"","_tribe_events_status":"","_tribe_events_status_reason":"","_tribe_events_is_hybrid":"","_tribe_events_is_virtual":"","_tribe_events_virtual_video_source":"","_tribe_events_virtual_embed_video":"","_tribe_events_virtual_linked_button_text":"","_tribe_events_virtual_linked_button":"","_tribe_events_virtual_show_embed_at":"","_tribe_events_virtual_show_embed_to":[],"_tribe_events_virtual_show_on_event":"","_tribe_events_virtual_show_on_views":"","_tribe_events_virtual_url":"","footnotes":""},"tags":[1363,2865,9147,9146,9739,9226,9801,18010,18015,9410],"tribe_events_cat":[8963],"class_list":["post-31947","tribe_events","type-tribe_events","status-publish","has-post-thumbnail","hentry","tag-cafe-la-palma","tag-conciertos-cafe-la-palma","tag-conciertos-madrid","tag-conciertos-malasana","tag-confeti-de-odio","tag-djs-madrid","tag-halloween","tag-halloween-2025","tag-sabrina-palau","tag-sonido-muchacho","tribe_events_cat-concierto","cat_concierto"],"uagb_featured_image_src":{"full":["https:\/\/cafelapalma.com\/wp-content\/uploads\/2025\/09\/confeti-sold-out.jpg",620,935,false],"thumbnail":["https:\/\/cafelapalma.com\/wp-content\/uploads\/2025\/09\/confeti-sold-out-150x150.jpg",150,150,true],"medium":["https:\/\/cafelapalma.com\/wp-content\/uploads\/2025\/09\/confeti-sold-out-199x300.jpg",199,300,true],"medium_large":["https:\/\/cafelapalma.com\/wp-content\/uploads\/2025\/09\/confeti-sold-out.jpg",620,935,false],"large":["https:\/\/cafelapalma.com\/wp-content\/uploads\/2025\/09\/confeti-sold-out.jpg",620,935,false],"1536x1536":["https:\/\/cafelapalma.com\/wp-content\/uploads\/2025\/09\/confeti-sold-out.jpg",620,935,false],"2048x2048":["https:\/\/cafelapalma.com\/wp-content\/uploads\/2025\/09\/confeti-sold-out.jpg",620,935,false],"trp-custom-language-flag":["https:\/\/cafelapalma.com\/wp-content\/uploads\/2025\/09\/confeti-sold-out-8x12.jpg",8,12,true],"blossom-feminine-slider":["https:\/\/cafelapalma.com\/wp-content\/uploads\/2025\/09\/confeti-sold-out-620x649.jpg",620,649,true],"blossom-feminine-featured":["https:\/\/cafelapalma.com\/wp-content\/uploads\/2025\/09\/confeti-sold-out-620x600.jpg",620,600,true],"blossom-feminine-with-sidebar":["https:\/\/cafelapalma.com\/wp-content\/uploads\/2025\/09\/confeti-sold-out-620x600.jpg",620,600,true],"blossom-feminine-blog":["https:\/\/cafelapalma.com\/wp-content\/uploads\/2025\/09\/confeti-sold-out-435x435.jpg",435,435,true],"blossom-feminine-cat":["https:\/\/cafelapalma.com\/wp-content\/uploads\/2025\/09\/confeti-sold-out-450x300.jpg",450,300,true],"blossom-feminine-related":["https:\/\/cafelapalma.com\/wp-content\/uploads\/2025\/09\/confeti-sold-out-320x200.jpg",320,200,true],"blossom-feminine-schema":["https:\/\/cafelapalma.com\/wp-content\/uploads\/2025\/09\/confeti-sold-out-40x60.jpg",40,60,true]},"uagb_author_info":{"display_name":"Victor","author_link":"https:\/\/cafelapalma.com\/en\/author\/comunicacion\/"},"uagb_comment_info":0,"uagb_excerpt":"El 31 de octubre prep\u00e1rate para una noche hist\u00f3rica:CONFETI DE ODIO se despide de los escenarios con su \u00faltimo concierto, acompa\u00f1ados por SABRINA PALAU. Una velada irrepetible que quedar\u00e1 marcada en la memoria. No es sencillo resumir en unas l\u00edneas lo que Confeti De Odio -nombre art\u00edstico elegido por Lucas Vidaur para su proyecto m\u00e1s&hellip;","_links":{"self":[{"href":"https:\/\/cafelapalma.com\/en\/wp-json\/wp\/v2\/tribe_events\/31947","targetHints":{"allow":["GET"]}}],"collection":[{"href":"https:\/\/cafelapalma.com\/en\/wp-json\/wp\/v2\/tribe_events"}],"about":[{"href":"https:\/\/cafelapalma.com\/en\/wp-json\/wp\/v2\/types\/tribe_events"}],"author":[{"embeddable":true,"href":"https:\/\/cafelapalma.com\/en\/wp-json\/wp\/v2\/users\/2"}],"version-history":[{"count":0,"href":"https:\/\/cafelapalma.com\/en\/wp-json\/wp\/v2\/tribe_events\/31947\/revisions"}],"wp:featuredmedia":[{"embeddable":true,"href":"https:\/\/cafelapalma.com\/en\/wp-json\/wp\/v2\/media\/31990"}],"wp:attachment":[{"href":"https:\/\/cafelapalma.com\/en\/wp-json\/wp\/v2\/media?parent=31947"}],"wp:term":[{"taxonomy":"post_tag","embeddable":true,"href":"https:\/\/cafelapalma.com\/en\/wp-json\/wp\/v2\/tags?post=31947"},{"taxonomy":"tribe_events_cat","embeddable":true,"href":"https:\/\/cafelapalma.com\/en\/wp-json\/wp\/v2\/tribe_events_cat?post=31947"}],"curies":[{"name":"wp","href":"https:\/\/api.w.org\/{rel}","templated":true}]}}