{"id":31980,"date":"2025-09-29T19:04:05","date_gmt":"2025-09-29T17:04:05","guid":{"rendered":"https:\/\/cafelapalma.com\/?post_type=tribe_events&#038;p=31980"},"modified":"2025-09-29T19:16:58","modified_gmt":"2025-09-29T17:16:58","slug":"depresion-sonora-dj-set-oct","status":"publish","type":"tribe_events","link":"https:\/\/cafelapalma.com\/en\/programacion\/depresion-sonora-dj-set-oct\/","title":{"rendered":"DEPRESI\u00d3N SONORA DJ SET"},"content":{"rendered":"<div  class=\"tribe-events-schedule tribe-clearfix\" >\n\t<p class=\"tribe-events-schedule__datetime\">\n\t\t<span class=\"tribe-events-schedule__date tribe-events-schedule__date--start\">\n\t\t\t25  October  2025\t\t<\/span>\n\n\t\t\t\t\t<span class=\"tribe-events-schedule__separator tribe-events-schedule__separator--date\">\n\t\t\t\t@\t\t\t<\/span>\n\t\t\t<span class=\"tribe-events-schedule__time tribe-events-schedule__time--start\">\n\t\t\t\t23:50\t\t\t<\/span>\n\t\t\n\t\t\t\t\t\t\t\t\t<span class=\"tribe-events-schedule__separator tribe-events-schedule__separator--time\">\n\t\t\t\t\t&#8211;\t\t\t\t<\/span>\n\t\t\t\n\t\t\t\t\t\t\t<span class=\"tribe-events-schedule__time tribe-events-schedule__time--end\">\n\t\t\t\t\t23:55\t\t\t\t<\/span>\n\t\t\t\n\t\t\t\t\t\t<\/p>\n<\/div>\n\n\n<div  class=\"tribe-block tribe-block__event-price\" >\n\t\t\t<span class=\"tribe-block__event-price__cost\"> ENTRADA LIBRE <\/span>\n\t\t\t\t<span class=\"tribe-block__event-price__description\">hasta las 01:00 | 13\u20ac Taquilla de 01:00 a 01:30 (Incluye UNA COPA o DOS CERVEZAS) | 15\u20ac Taquilla de 01:30 a cierre (Incluye UNA CONSUMICI\u00d3N)<\/span>\n\t<\/div>\n\n\n\n<div style=\"height:100px\" aria-hidden=\"true\" class=\"wp-block-spacer\"><\/div>\n\n\n\n<div class=\"wp-block-columns is-layout-flex wp-container-core-columns-is-layout-8f761849 wp-block-columns-is-layout-flex\">\n<div class=\"wp-block-column is-layout-flow wp-block-column-is-layout-flow\" style=\"flex-basis:33.33%\">\n<figure class=\"wp-block-image size-large\"><img loading=\"lazy\" decoding=\"async\" width=\"1040\" height=\"1040\" src=\"https:\/\/cafelapalma.com\/wp-content\/uploads\/2025\/09\/EGERG-1040x1040.jpg\" alt=\"\" class=\"wp-image-31984\" srcset=\"https:\/\/cafelapalma.com\/wp-content\/uploads\/2025\/09\/EGERG-1040x1040.jpg 1040w, https:\/\/cafelapalma.com\/wp-content\/uploads\/2025\/09\/EGERG-300x300.jpg 300w, https:\/\/cafelapalma.com\/wp-content\/uploads\/2025\/09\/EGERG-150x150.jpg 150w, https:\/\/cafelapalma.com\/wp-content\/uploads\/2025\/09\/EGERG-768x768.jpg 768w, https:\/\/cafelapalma.com\/wp-content\/uploads\/2025\/09\/EGERG-1536x1536.jpg 1536w, https:\/\/cafelapalma.com\/wp-content\/uploads\/2025\/09\/EGERG-2048x2048.jpg 2048w, https:\/\/cafelapalma.com\/wp-content\/uploads\/2025\/09\/EGERG-12x12.jpg 12w, https:\/\/cafelapalma.com\/wp-content\/uploads\/2025\/09\/EGERG-435x435.jpg 435w, https:\/\/cafelapalma.com\/wp-content\/uploads\/2025\/09\/EGERG-60x60.jpg 60w\" sizes=\"auto, (max-width: 1040px) 100vw, 1040px\" \/><\/figure>\n<\/div>\n\n\n\n<div class=\"wp-block-column is-layout-flow wp-block-column-is-layout-flow\" style=\"flex-basis:66.66%\">\n<div style=\"height:100px\" aria-hidden=\"true\" class=\"wp-block-spacer\"><\/div>\n\n\n\n<p class=\"has-text-align-left wp-block-paragraph\"><strong>DEPRESI\u00d3N SONORA<\/strong> vuelve a retomar el pulso de la noche madrile\u00f1a: el s\u00e1bado 25 de octubre en Caf\u00e9 La Palma, <strong>Markusiano<\/strong> y sus amigos har\u00e1n sonar electr\u00f3nica sin pausa de <strong>00:00 a 06:00<\/strong> horas. <strong>Tecno<\/strong>, <strong>trance<\/strong>, <strong>EBM<\/strong> y m\u00e1s texturas electr\u00f3nicas se entrelazar\u00e1n en esta fiesta especial que marca la cuarta cita del proyecto en la m\u00edtica sala.<\/p>\n\n\n\n<p class=\"has-text-align-left wp-block-paragraph\"><strong>Depresi\u00f3n Sonora <\/strong>\u2014alter ego de Marcos Crespo, tambi\u00e9n conocido como Markusiano\u2014 ha construido un universo sonoro propio desde sus ra\u00edces en el post-punk, el nihilismo emocional y la experimentaci\u00f3n, y se ha afianzado como una de las propuestas emergentes m\u00e1s potentes del panorama alternativo espa\u00f1ol.<\/p>\n\n\n\n<p class=\"has-text-align-left wp-block-paragraph\">En esta ocasi\u00f3n, la velada estar\u00e1 cargada de expectativa: si bien no se puede revelar a\u00fan el motivo, el evento celebra una sorpresa monumental que tomar\u00e1 forma en torno al concepto que gu\u00eda su pr\u00f3xima etapa: \u201c<em><strong>Los Perros no Entienden Internet (\u2026Y Yo no Entiendo de Sentimientos)<\/strong><\/em>\u201d.<\/p>\n\n\n\n<p class=\"has-text-align-right wp-block-paragraph\"><em><a href=\"https:\/\/open.spotify.com\/intl-es\/artist\/2oCrGFAUJwBVFaaIM8c0AO?si=mWKVH5LuTq-LZn3iplVVNA\">Listen to <\/a><\/em><strong><a href=\"https:\/\/open.spotify.com\/intl-es\/artist\/2oCrGFAUJwBVFaaIM8c0AO?si=mWKVH5LuTq-LZn3iplVVNA\">DEPRESI\u00d3N SONORA<\/a><\/strong><em><a href=\"https:\/\/open.spotify.com\/intl-es\/artist\/2oCrGFAUJwBVFaaIM8c0AO?si=mWKVH5LuTq-LZn3iplVVNA\"> in <\/a><\/em><strong><a href=\"https:\/\/open.spotify.com\/intl-es\/artist\/2oCrGFAUJwBVFaaIM8c0AO?si=mWKVH5LuTq-LZn3iplVVNA\">Spotify<\/a><\/strong><\/p>\n<\/div>\n<\/div>\n\n\n\n<div style=\"height:100px\" aria-hidden=\"true\" class=\"wp-block-spacer\"><\/div>\n\n\n\n<hr class=\"wp-block-separator has-alpha-channel-opacity\"\/>\n\n\n\n<div style=\"height:100px\" aria-hidden=\"true\" class=\"wp-block-spacer\"><\/div>\n\n\n<h2 class=\"tribe-block__related-events__title\">Related Events<\/h2>\n\n<ul  class=\"tribe-related-events tribe-clearfix\" >\n\t\t\t<li>\n\t\n<div class=\"tribe-related-events-thumbnail\">\n\t<a href=\"https:\/\/cafelapalma.com\/en\/programacion\/funkin-donuts\/\" class=\"url\" rel=\"bookmark\" tabindex=\"-1\" aria-hidden=\"true\"><img loading=\"lazy\" decoding=\"async\" width=\"693\" height=\"1040\" src=\"https:\/\/cafelapalma.com\/wp-content\/uploads\/2026\/07\/FD-vert2-bn-693x1040.jpg\" class=\"attachment-large size-large wp-post-image\" alt=\"\" \/><\/a>\n<\/div>\n\t<div class=\"tribe-related-event-info\">\n\t<h3 class=\"tribe-related-events-title\">\n\t\t<a href=\"https:\/\/cafelapalma.com\/en\/programacion\/funkin-donuts\/\" class=\"tribe-event-url\" rel=\"bookmark\">\n\t\t\tFUNKIN&#8217; DONUTS\t\t<\/a>\n\t<\/h3>\n\t<span class=\"tribe-event-date-start\">5  September@22:00<\/span><span class=\"tribe-event-time\">23:45<\/span><\/div>\n<\/li>\n\t\t\t<li>\n\t\n<div class=\"tribe-related-events-thumbnail\">\n\t<a href=\"https:\/\/cafelapalma.com\/en\/programacion\/backstage-le-petit-truffle-mayo\/\" class=\"url\" rel=\"bookmark\" tabindex=\"-1\" aria-hidden=\"true\"><img loading=\"lazy\" decoding=\"async\" width=\"780\" height=\"1040\" src=\"https:\/\/cafelapalma.com\/wp-content\/uploads\/2026\/07\/Imagen-TruffleMayo-LePetit-i-1-780x1040.png\" class=\"attachment-large size-large wp-post-image\" alt=\"\" \/><\/a>\n<\/div>\n\t<div class=\"tribe-related-event-info\">\n\t<h3 class=\"tribe-related-events-title\">\n\t\t<a href=\"https:\/\/cafelapalma.com\/en\/programacion\/backstage-le-petit-truffle-mayo\/\" class=\"tribe-event-url\" rel=\"bookmark\">\n\t\t\tBACKSTAGE: LE PETIT + TRUFFLE MAYO\t\t<\/a>\n\t<\/h3>\n\t<span class=\"tribe-event-date-start\">5  September@23:55<\/span><\/div>\n<\/li>\n\t\t\t<li>\n\t\n<div class=\"tribe-related-events-thumbnail\">\n\t<a href=\"https:\/\/cafelapalma.com\/en\/programacion\/willie-deville-concierto-benefico-x-venezuela\/\" class=\"url\" rel=\"bookmark\" tabindex=\"-1\" aria-hidden=\"true\"><img loading=\"lazy\" decoding=\"async\" width=\"1020\" height=\"531\" src=\"https:\/\/cafelapalma.com\/wp-content\/uploads\/2026\/08\/Willie-deville-1100x572-1-1040x541.jpg\" class=\"attachment-large size-large wp-post-image\" alt=\"\" \/><\/a>\n<\/div>\n\t<div class=\"tribe-related-event-info\">\n\t<h3 class=\"tribe-related-events-title\">\n\t\t<a href=\"https:\/\/cafelapalma.com\/en\/programacion\/willie-deville-concierto-benefico-x-venezuela\/\" class=\"tribe-event-url\" rel=\"bookmark\">\n\t\t\tWILLIE DEVILLE: CONCIERTO BEN\u00c9FICO X VENEZUELA\t\t<\/a>\n\t<\/h3>\n\t<span class=\"tribe-event-date-start\">6  September@21:00<\/span><span class=\"tribe-event-time\">23:45<\/span><\/div>\n<\/li>\n\t<\/ul>","protected":false},"excerpt":{"rendered":"<p>DEPRESI\u00d3N SONORA vuelve a retomar el pulso de la noche madrile\u00f1a: el s\u00e1bado 25 de octubre en Caf\u00e9 La Palma, Markusiano y sus amigos har\u00e1n sonar electr\u00f3nica sin pausa de 00:00 a 06:00 horas. Tecno, trance, EBM y m\u00e1s texturas electr\u00f3nicas se entrelazar\u00e1n en esta fiesta especial que marca la cuarta cita del proyecto en &hellip; <\/p>","protected":false},"author":2,"featured_media":31983,"template":"","meta":{"_tec_requires_first_save":false,"_uag_custom_page_level_css":"","loftloader_page_shortcode":"","_EventAllDay":false,"_EventTimezone":"Europe\/Madrid","_EventStartDate":"2025-10-25 23:50:00","_EventEndDate":"2025-10-25 23:55:00","_EventStartDateUTC":"2025-10-25 21:50:00","_EventEndDateUTC":"2025-10-25 21:55:00","_EventShowMap":false,"_EventShowMapLink":false,"_EventURL":"https:\/\/home.passline.com\/home","_EventCost":"ENTRADA LIBRE","_EventCostDescription":"","_EventCurrencySymbol":"\u20ac","_EventCurrencyCode":"USD","_EventCurrencyPosition":"suffix","_EventDateTimeSeparator":"@","_EventTimeRangeSeparator":"-","_EventOrganizerID":[],"_EventVenueID":[],"_OrganizerEmail":"","_OrganizerPhone":"","_OrganizerWebsite":"","_VenueAddress":"","_VenueCity":"","_VenueCountry":"","_VenueProvince":"","_VenueState":"","_VenueZip":"","_VenuePhone":"","_VenueURL":"","_VenueStateProvince":"","_VenueLat":"","_VenueLng":"","_VenueShowMap":false,"_VenueShowMapLink":false,"_tribe_blocks_recurrence_rules":"","_tribe_blocks_recurrence_description":"","_tribe_blocks_recurrence_exclusions":"","_ecp_custom_2":"","_tribe_events_status":"","_tribe_events_status_reason":"","_tribe_events_is_hybrid":"","_tribe_events_is_virtual":"","_tribe_events_virtual_video_source":"","_tribe_events_virtual_embed_video":"","_tribe_events_virtual_linked_button_text":"","_tribe_events_virtual_linked_button":"","_tribe_events_virtual_show_embed_at":"","_tribe_events_virtual_show_embed_to":[],"_tribe_events_virtual_show_on_event":"","_tribe_events_virtual_show_on_views":"","_tribe_events_virtual_url":"","footnotes":""},"tags":[1363,2865,9147,9146,13279,16800,9394,1357,13289,13283,9412,9410,776,10228],"tribe_events_cat":[8964],"class_list":["post-31980","tribe_events","type-tribe_events","status-publish","has-post-thumbnail","hentry","tag-cafe-la-palma","tag-conciertos-cafe-la-palma","tag-conciertos-madrid","tag-conciertos-malasana","tag-depresion-sonora","tag-depresion-sonora-dj-set","tag-ebm","tag-electronica","tag-marcos-crespo","tag-markusiano","tag-post-punk","tag-sonido-muchacho","tag-techno","tag-trance","tribe_events_cat-clubbing","cat_clubbing"],"uagb_featured_image_src":{"full":["https:\/\/cafelapalma.com\/wp-content\/uploads\/2025\/09\/HVBVGFB-scaled.jpg",1688,3000,false],"thumbnail":["https:\/\/cafelapalma.com\/wp-content\/uploads\/2025\/09\/HVBVGFB-150x150.jpg",150,150,true],"medium":["https:\/\/cafelapalma.com\/wp-content\/uploads\/2025\/09\/HVBVGFB-169x300.jpg",169,300,true],"medium_large":["https:\/\/cafelapalma.com\/wp-content\/uploads\/2025\/09\/HVBVGFB-768x1365.jpg",768,1365,true],"large":["https:\/\/cafelapalma.com\/wp-content\/uploads\/2025\/09\/HVBVGFB-585x1040.jpg",585,1040,true],"1536x1536":["https:\/\/cafelapalma.com\/wp-content\/uploads\/2025\/09\/HVBVGFB-864x1536.jpg",864,1536,true],"2048x2048":["https:\/\/cafelapalma.com\/wp-content\/uploads\/2025\/09\/HVBVGFB-1152x2048.jpg",1152,2048,true],"trp-custom-language-flag":["https:\/\/cafelapalma.com\/wp-content\/uploads\/2025\/09\/HVBVGFB-7x12.jpg",7,12,true],"blossom-feminine-slider":["https:\/\/cafelapalma.com\/wp-content\/uploads\/2025\/09\/HVBVGFB-1920x649.jpg",1920,649,true],"blossom-feminine-featured":["https:\/\/cafelapalma.com\/wp-content\/uploads\/2025\/09\/HVBVGFB-1410x600.jpg",1410,600,true],"blossom-feminine-with-sidebar":["https:\/\/cafelapalma.com\/wp-content\/uploads\/2025\/09\/HVBVGFB-1020x600.jpg",1020,600,true],"blossom-feminine-blog":["https:\/\/cafelapalma.com\/wp-content\/uploads\/2025\/09\/HVBVGFB-435x435.jpg",435,435,true],"blossom-feminine-cat":["https:\/\/cafelapalma.com\/wp-content\/uploads\/2025\/09\/HVBVGFB-450x300.jpg",450,300,true],"blossom-feminine-related":["https:\/\/cafelapalma.com\/wp-content\/uploads\/2025\/09\/HVBVGFB-320x200.jpg",320,200,true],"blossom-feminine-schema":["https:\/\/cafelapalma.com\/wp-content\/uploads\/2025\/09\/HVBVGFB-34x60.jpg",34,60,true]},"uagb_author_info":{"display_name":"Victor","author_link":"https:\/\/cafelapalma.com\/en\/author\/comunicacion\/"},"uagb_comment_info":0,"uagb_excerpt":"DEPRESI\u00d3N SONORA vuelve a retomar el pulso de la noche madrile\u00f1a: el s\u00e1bado 25 de octubre en Caf\u00e9 La Palma, Markusiano y sus amigos har\u00e1n sonar electr\u00f3nica sin pausa de 00:00 a 06:00 horas. Tecno, trance, EBM y m\u00e1s texturas electr\u00f3nicas se entrelazar\u00e1n en esta fiesta especial que marca la cuarta cita del proyecto en&hellip;","_links":{"self":[{"href":"https:\/\/cafelapalma.com\/en\/wp-json\/wp\/v2\/tribe_events\/31980","targetHints":{"allow":["GET"]}}],"collection":[{"href":"https:\/\/cafelapalma.com\/en\/wp-json\/wp\/v2\/tribe_events"}],"about":[{"href":"https:\/\/cafelapalma.com\/en\/wp-json\/wp\/v2\/types\/tribe_events"}],"author":[{"embeddable":true,"href":"https:\/\/cafelapalma.com\/en\/wp-json\/wp\/v2\/users\/2"}],"version-history":[{"count":0,"href":"https:\/\/cafelapalma.com\/en\/wp-json\/wp\/v2\/tribe_events\/31980\/revisions"}],"wp:featuredmedia":[{"embeddable":true,"href":"https:\/\/cafelapalma.com\/en\/wp-json\/wp\/v2\/media\/31983"}],"wp:attachment":[{"href":"https:\/\/cafelapalma.com\/en\/wp-json\/wp\/v2\/media?parent=31980"}],"wp:term":[{"taxonomy":"post_tag","embeddable":true,"href":"https:\/\/cafelapalma.com\/en\/wp-json\/wp\/v2\/tags?post=31980"},{"taxonomy":"tribe_events_cat","embeddable":true,"href":"https:\/\/cafelapalma.com\/en\/wp-json\/wp\/v2\/tribe_events_cat?post=31980"}],"curies":[{"name":"wp","href":"https:\/\/api.w.org\/{rel}","templated":true}]}}