{"id":32025,"date":"2025-10-04T00:34:09","date_gmt":"2025-10-03T22:34:09","guid":{"rendered":"https:\/\/cafelapalma.com\/?post_type=tribe_events&#038;p=32025"},"modified":"2025-10-09T01:35:56","modified_gmt":"2025-10-08T23:35:56","slug":"bely-basarte-acustico","status":"publish","type":"tribe_events","link":"https:\/\/cafelapalma.com\/en\/programacion\/bely-basarte-acustico\/","title":{"rendered":"BELY BASARTE -Ac\u00fastico-"},"content":{"rendered":"<div  class=\"tribe-events-schedule tribe-clearfix\" >\n\t<p class=\"tribe-events-schedule__datetime\">\n\t\t<span class=\"tribe-events-schedule__date tribe-events-schedule__date--start\">\n\t\t\t21  November  2025\t\t<\/span>\n\n\t\t\t\t\t<span class=\"tribe-events-schedule__separator tribe-events-schedule__separator--date\">\n\t\t\t\t@\t\t\t<\/span>\n\t\t\t<span class=\"tribe-events-schedule__time tribe-events-schedule__time--start\">\n\t\t\t\t22:00\t\t\t<\/span>\n\t\t\n\t\t\t\t\t\t\t\t\t<span class=\"tribe-events-schedule__separator tribe-events-schedule__separator--time\">\n\t\t\t\t\t&#8211;\t\t\t\t<\/span>\n\t\t\t\n\t\t\t\t\t\t\t<span class=\"tribe-events-schedule__time tribe-events-schedule__time--end\">\n\t\t\t\t\t23:30\t\t\t\t<\/span>\n\t\t\t\n\t\t\t\t\t\t<\/p>\n<\/div>\n\n\n<div  class=\"tribe-block tribe-block__event-price\" >\n\t\t\t<span class=\"tribe-block__event-price__cost\"> 18\u20ac <\/span>\n\t\t\t\t<span class=\"tribe-block__event-price__description\">+ gg Anticipada \u0131 20\u20ac Taquilla<\/span>\n\t<\/div>\n\n\n\n<div style=\"height:56px\" aria-hidden=\"true\" class=\"wp-block-spacer\"><\/div>\n\n\n\n<div class=\"wp-block-columns is-layout-flex wp-container-core-columns-is-layout-8f761849 wp-block-columns-is-layout-flex\">\n<div class=\"wp-block-column is-layout-flow wp-block-column-is-layout-flow\" style=\"flex-basis:33.33%\">\n<figure class=\"wp-block-gallery has-nested-images columns-default is-cropped wp-block-gallery-1 is-layout-flex wp-block-gallery-is-layout-flex\">\n<figure class=\"wp-block-image size-full\"><img loading=\"lazy\" decoding=\"async\" width=\"620\" height=\"935\" data-id=\"32092\" src=\"https:\/\/cafelapalma.com\/wp-content\/uploads\/2025\/10\/bely-soldout.jpg\" alt=\"\" class=\"wp-image-32092\" srcset=\"https:\/\/cafelapalma.com\/wp-content\/uploads\/2025\/10\/bely-soldout.jpg 620w, https:\/\/cafelapalma.com\/wp-content\/uploads\/2025\/10\/bely-soldout-199x300.jpg 199w, https:\/\/cafelapalma.com\/wp-content\/uploads\/2025\/10\/bely-soldout-8x12.jpg 8w, https:\/\/cafelapalma.com\/wp-content\/uploads\/2025\/10\/bely-soldout-40x60.jpg 40w\" sizes=\"auto, (max-width: 620px) 100vw, 620px\" \/><\/figure>\n<\/figure>\n\n\n<div  class=\"tribe-block tribe-block__event-website\" >\n\t<a\n\t\thref=\"https:\/\/www.passline.com\/eventos\/bely-basarte-acustico\"\n\t\ttarget=\"_self\"\n\t\t\t>\n\t\tBUY TICKETS\t<\/a>\n<\/div>\n<\/div>\n\n\n\n<div class=\"wp-block-column is-layout-flow wp-block-column-is-layout-flow\" style=\"flex-basis:66.66%\">\n<div style=\"height:100px\" aria-hidden=\"true\" class=\"wp-block-spacer\"><\/div>\n\n\n\n<p class=\"wp-block-paragraph\">&nbsp;<strong>PRESENTACION EN ACUSTICO DE NUEVO ALBUM \u201cAMOR LETAL\u201d<\/strong><\/p>\n\n\n\n<p class=\"has-text-align-left wp-block-paragraph\">Madrile\u00f1a, compositora, cantante y productora, <strong>BELY BASARTE<\/strong> ha construido su universo musical entre dulzura, crudeza y honestidad.<\/p>\n\n\n\n<p class=\"has-text-align-left wp-block-paragraph\">Su viaje comenz\u00f3 hace m\u00e1s de una d\u00e9cada, cuando compart\u00eda versiones autoproducidas en YouTube, conquistando a m\u00e1s de medio mill\u00f3n de seguidores de todas partes del mundo.<\/p>\n\n\n\n<p class=\"wp-block-paragraph\">Desde entonces, su voz ha resonado en lugares como el live action de La Bella y la Bestia de Disney, festivales y salas de todo el pa\u00eds o el emotivo In Memoriam de la gala de los Premios Goya 2023.<\/p>\n\n\n\n<p class=\"has-text-align-left wp-block-paragraph\">El 21de noviembre, Bely presenta su tercer \u00e1lbum de estudio, \u201cAmor Letal\u201d, un trabajo que encapsula todas sus facetas: la ternura, la herida y la fuerza de renacer a trav\u00e9s de la m\u00fasica, y que ahora tienes la oportunidad de escuchar en formato ac\u00fastico.<\/p>\n\n\n\n<p class=\"wp-block-paragraph\">-Con el apoyo de <strong>Escenarios Vibra Mahou<\/strong>&#8211;<\/p>\n\n\n\n<p class=\"has-text-align-right wp-block-paragraph\"><a href=\"https:\/\/open.spotify.com\/playlist\/3IMYGPk82016nlWrMRHoWn?si=asv86peLTK-wm_Dzc8oHEw&amp;pi=l_JUSRPIQH64C\" target=\"_blank\" rel=\"noreferrer noopener\">Listen to <strong>BELY BASARTE<\/strong> in <strong>Spotify<\/strong><\/a><\/p>\n<\/div>\n<\/div>\n\n\n\n<div style=\"height:100px\" aria-hidden=\"true\" class=\"wp-block-spacer\"><\/div>\n\n\n\n<hr class=\"wp-block-separator has-alpha-channel-opacity\"\/>\n\n\n\n<div style=\"height:100px\" aria-hidden=\"true\" class=\"wp-block-spacer\"><\/div>\n\n\n<h2 class=\"tribe-block__related-events__title\">Related Events<\/h2>\n\n<ul  class=\"tribe-related-events tribe-clearfix\" >\n\t\t\t<li>\n\t\n<div class=\"tribe-related-events-thumbnail\">\n\t<a href=\"https:\/\/cafelapalma.com\/en\/programacion\/funkin-donuts\/\" class=\"url\" rel=\"bookmark\" tabindex=\"-1\" aria-hidden=\"true\"><img loading=\"lazy\" decoding=\"async\" width=\"693\" height=\"1040\" src=\"https:\/\/cafelapalma.com\/wp-content\/uploads\/2026\/07\/FD-vert2-bn-693x1040.jpg\" class=\"attachment-large size-large wp-post-image\" alt=\"\" \/><\/a>\n<\/div>\n\t<div class=\"tribe-related-event-info\">\n\t<h3 class=\"tribe-related-events-title\">\n\t\t<a href=\"https:\/\/cafelapalma.com\/en\/programacion\/funkin-donuts\/\" class=\"tribe-event-url\" rel=\"bookmark\">\n\t\t\tFUNKIN&#8217; DONUTS\t\t<\/a>\n\t<\/h3>\n\t<span class=\"tribe-event-date-start\">5  September@22:00<\/span><span class=\"tribe-event-time\">23:45<\/span><\/div>\n<\/li>\n\t\t\t<li>\n\t\n<div class=\"tribe-related-events-thumbnail\">\n\t<a href=\"https:\/\/cafelapalma.com\/en\/programacion\/backstage-le-petit-truffle-mayo\/\" class=\"url\" rel=\"bookmark\" tabindex=\"-1\" aria-hidden=\"true\"><img loading=\"lazy\" decoding=\"async\" width=\"780\" height=\"1040\" src=\"https:\/\/cafelapalma.com\/wp-content\/uploads\/2026\/07\/Imagen-TruffleMayo-LePetit-i-1-780x1040.png\" class=\"attachment-large size-large wp-post-image\" alt=\"\" \/><\/a>\n<\/div>\n\t<div class=\"tribe-related-event-info\">\n\t<h3 class=\"tribe-related-events-title\">\n\t\t<a href=\"https:\/\/cafelapalma.com\/en\/programacion\/backstage-le-petit-truffle-mayo\/\" class=\"tribe-event-url\" rel=\"bookmark\">\n\t\t\tBACKSTAGE: LE PETIT + TRUFFLE MAYO\t\t<\/a>\n\t<\/h3>\n\t<span class=\"tribe-event-date-start\">5  September@23:55<\/span><\/div>\n<\/li>\n\t\t\t<li>\n\t\n<div class=\"tribe-related-events-thumbnail\">\n\t<a href=\"https:\/\/cafelapalma.com\/en\/programacion\/willie-deville-concierto-benefico-x-venezuela\/\" class=\"url\" rel=\"bookmark\" tabindex=\"-1\" aria-hidden=\"true\"><img loading=\"lazy\" decoding=\"async\" width=\"1020\" height=\"531\" src=\"https:\/\/cafelapalma.com\/wp-content\/uploads\/2026\/08\/Willie-deville-1100x572-1-1040x541.jpg\" class=\"attachment-large size-large wp-post-image\" alt=\"\" \/><\/a>\n<\/div>\n\t<div class=\"tribe-related-event-info\">\n\t<h3 class=\"tribe-related-events-title\">\n\t\t<a href=\"https:\/\/cafelapalma.com\/en\/programacion\/willie-deville-concierto-benefico-x-venezuela\/\" class=\"tribe-event-url\" rel=\"bookmark\">\n\t\t\tWILLIE DEVILLE: CONCIERTO BEN\u00c9FICO X VENEZUELA\t\t<\/a>\n\t<\/h3>\n\t<span class=\"tribe-event-date-start\">6  September@21:00<\/span><span class=\"tribe-event-time\">23:45<\/span><\/div>\n<\/li>\n\t<\/ul>","protected":false},"excerpt":{"rendered":"<p>&nbsp;PRESENTACION EN ACUSTICO DE NUEVO ALBUM \u201cAMOR LETAL\u201d Madrile\u00f1a, compositora, cantante y productora, BELY BASARTE ha construido su universo musical entre dulzura, crudeza y honestidad. Su viaje comenz\u00f3 hace m\u00e1s de una d\u00e9cada, cuando compart\u00eda versiones autoproducidas en YouTube, conquistando a m\u00e1s de medio mill\u00f3n de seguidores de todas partes del mundo. Desde entonces, su &hellip; <\/p>","protected":false},"author":8,"featured_media":32032,"template":"","meta":{"_tec_requires_first_save":false,"_uag_custom_page_level_css":"","loftloader_page_shortcode":"","_EventAllDay":false,"_EventTimezone":"Europe\/Madrid","_EventStartDate":"2025-11-21 22:00:00","_EventEndDate":"2025-11-21 23:30:00","_EventStartDateUTC":"2025-11-21 21:00:00","_EventEndDateUTC":"2025-11-21 22:30:00","_EventShowMap":false,"_EventShowMapLink":false,"_EventURL":"https:\/\/www.passline.com\/eventos\/bely-basarte-acustico","_EventCost":"18","_EventCostDescription":"","_EventCurrencySymbol":"\u20ac","_EventCurrencyCode":"USD","_EventCurrencyPosition":"suffix","_EventDateTimeSeparator":"@","_EventTimeRangeSeparator":"-","_EventOrganizerID":[],"_EventVenueID":[],"_OrganizerEmail":"","_OrganizerPhone":"","_OrganizerWebsite":"","_VenueAddress":"","_VenueCity":"","_VenueCountry":"","_VenueProvince":"","_VenueState":"","_VenueZip":"","_VenuePhone":"","_VenueURL":"","_VenueStateProvince":"","_VenueLat":"","_VenueLng":"","_VenueShowMap":false,"_VenueShowMapLink":false,"_tribe_blocks_recurrence_rules":"","_tribe_blocks_recurrence_description":"","_tribe_blocks_recurrence_exclusions":"","_ecp_custom_2":"","_tribe_events_status":"","_tribe_events_status_reason":"","_tribe_events_is_hybrid":"","_tribe_events_is_virtual":"","_tribe_events_virtual_video_source":"","_tribe_events_virtual_embed_video":"","_tribe_events_virtual_linked_button_text":"","_tribe_events_virtual_linked_button":"","_tribe_events_virtual_show_embed_at":"","_tribe_events_virtual_show_embed_to":[],"_tribe_events_virtual_show_on_event":"","_tribe_events_virtual_show_on_views":"","_tribe_events_virtual_url":"","footnotes":""},"tags":[14045,1363,8869,2865,9147,9146,1355,14891,18019],"tribe_events_cat":[8963],"class_list":["post-32025","tribe_events","type-tribe_events","status-publish","has-post-thumbnail","hentry","tag-bely-basarte","tag-cafe-la-palma","tag-cafe-la-palma-2","tag-conciertos-cafe-la-palma","tag-conciertos-madrid","tag-conciertos-malasana","tag-pop","tag-urbania-events","tag-vibramahou","tribe_events_cat-concierto","cat_concierto"],"uagb_featured_image_src":{"full":["https:\/\/cafelapalma.com\/wp-content\/uploads\/2025\/10\/1-_-by-Ale-Lanoix.jpg",799,1062,false],"thumbnail":["https:\/\/cafelapalma.com\/wp-content\/uploads\/2025\/10\/1-_-by-Ale-Lanoix-150x150.jpg",150,150,true],"medium":["https:\/\/cafelapalma.com\/wp-content\/uploads\/2025\/10\/1-_-by-Ale-Lanoix-226x300.jpg",226,300,true],"medium_large":["https:\/\/cafelapalma.com\/wp-content\/uploads\/2025\/10\/1-_-by-Ale-Lanoix-768x1021.jpg",768,1021,true],"large":["https:\/\/cafelapalma.com\/wp-content\/uploads\/2025\/10\/1-_-by-Ale-Lanoix-782x1040.jpg",782,1040,true],"1536x1536":["https:\/\/cafelapalma.com\/wp-content\/uploads\/2025\/10\/1-_-by-Ale-Lanoix.jpg",799,1062,false],"2048x2048":["https:\/\/cafelapalma.com\/wp-content\/uploads\/2025\/10\/1-_-by-Ale-Lanoix.jpg",799,1062,false],"trp-custom-language-flag":["https:\/\/cafelapalma.com\/wp-content\/uploads\/2025\/10\/1-_-by-Ale-Lanoix-9x12.jpg",9,12,true],"blossom-feminine-slider":["https:\/\/cafelapalma.com\/wp-content\/uploads\/2025\/10\/1-_-by-Ale-Lanoix-799x649.jpg",799,649,true],"blossom-feminine-featured":["https:\/\/cafelapalma.com\/wp-content\/uploads\/2025\/10\/1-_-by-Ale-Lanoix-799x600.jpg",799,600,true],"blossom-feminine-with-sidebar":["https:\/\/cafelapalma.com\/wp-content\/uploads\/2025\/10\/1-_-by-Ale-Lanoix-799x600.jpg",799,600,true],"blossom-feminine-blog":["https:\/\/cafelapalma.com\/wp-content\/uploads\/2025\/10\/1-_-by-Ale-Lanoix-435x435.jpg",435,435,true],"blossom-feminine-cat":["https:\/\/cafelapalma.com\/wp-content\/uploads\/2025\/10\/1-_-by-Ale-Lanoix-450x300.jpg",450,300,true],"blossom-feminine-related":["https:\/\/cafelapalma.com\/wp-content\/uploads\/2025\/10\/1-_-by-Ale-Lanoix-320x200.jpg",320,200,true],"blossom-feminine-schema":["https:\/\/cafelapalma.com\/wp-content\/uploads\/2025\/10\/1-_-by-Ale-Lanoix-45x60.jpg",45,60,true]},"uagb_author_info":{"display_name":"Germ\u00e1n","author_link":"https:\/\/cafelapalma.com\/en\/author\/admin-2\/"},"uagb_comment_info":0,"uagb_excerpt":"&nbsp;PRESENTACION EN ACUSTICO DE NUEVO ALBUM \u201cAMOR LETAL\u201d Madrile\u00f1a, compositora, cantante y productora, BELY BASARTE ha construido su universo musical entre dulzura, crudeza y honestidad. Su viaje comenz\u00f3 hace m\u00e1s de una d\u00e9cada, cuando compart\u00eda versiones autoproducidas en YouTube, conquistando a m\u00e1s de medio mill\u00f3n de seguidores de todas partes del mundo. Desde entonces, su&hellip;","_links":{"self":[{"href":"https:\/\/cafelapalma.com\/en\/wp-json\/wp\/v2\/tribe_events\/32025","targetHints":{"allow":["GET"]}}],"collection":[{"href":"https:\/\/cafelapalma.com\/en\/wp-json\/wp\/v2\/tribe_events"}],"about":[{"href":"https:\/\/cafelapalma.com\/en\/wp-json\/wp\/v2\/types\/tribe_events"}],"author":[{"embeddable":true,"href":"https:\/\/cafelapalma.com\/en\/wp-json\/wp\/v2\/users\/8"}],"version-history":[{"count":0,"href":"https:\/\/cafelapalma.com\/en\/wp-json\/wp\/v2\/tribe_events\/32025\/revisions"}],"wp:featuredmedia":[{"embeddable":true,"href":"https:\/\/cafelapalma.com\/en\/wp-json\/wp\/v2\/media\/32032"}],"wp:attachment":[{"href":"https:\/\/cafelapalma.com\/en\/wp-json\/wp\/v2\/media?parent=32025"}],"wp:term":[{"taxonomy":"post_tag","embeddable":true,"href":"https:\/\/cafelapalma.com\/en\/wp-json\/wp\/v2\/tags?post=32025"},{"taxonomy":"tribe_events_cat","embeddable":true,"href":"https:\/\/cafelapalma.com\/en\/wp-json\/wp\/v2\/tribe_events_cat?post=32025"}],"curies":[{"name":"wp","href":"https:\/\/api.w.org\/{rel}","templated":true}]}}