{"id":32052,"date":"2025-10-07T02:31:24","date_gmt":"2025-10-07T00:31:24","guid":{"rendered":"https:\/\/cafelapalma.com\/?post_type=tribe_events&#038;p=32052"},"modified":"2025-11-07T00:05:33","modified_gmt":"2025-11-06T23:05:33","slug":"goodboi-mangonectar-mallo","status":"publish","type":"tribe_events","link":"https:\/\/cafelapalma.com\/en\/programacion\/goodboi-mangonectar-mallo\/","title":{"rendered":"GOODBOI + MANGO N\u00c9CTAR + MALLO"},"content":{"rendered":"<div  class=\"tribe-events-schedule tribe-clearfix\" >\n\t<p class=\"tribe-events-schedule__datetime\">\n\t\t<span class=\"tribe-events-schedule__date tribe-events-schedule__date--start\">\n\t\t\t27  November  2025\t\t<\/span>\n\n\t\t\t\t\t<span class=\"tribe-events-schedule__separator tribe-events-schedule__separator--date\">\n\t\t\t\t@\t\t\t<\/span>\n\t\t\t<span class=\"tribe-events-schedule__time tribe-events-schedule__time--start\">\n\t\t\t\t21:00\t\t\t<\/span>\n\t\t\n\t\t\t\t\t\t\t\t\t<span class=\"tribe-events-schedule__separator tribe-events-schedule__separator--time\">\n\t\t\t\t\t&#8211;\t\t\t\t<\/span>\n\t\t\t\n\t\t\t\t\t\t\t<span class=\"tribe-events-schedule__time tribe-events-schedule__time--end\">\n\t\t\t\t\t23:45\t\t\t\t<\/span>\n\t\t\t\n\t\t\t\t\t\t<\/p>\n<\/div>\n\n\n<div  class=\"tribe-block tribe-block__event-price\" >\n\t\t\t<span class=\"tribe-block__event-price__cost\"> 10\u20ac <\/span>\n\t\t\t\t<span class=\"tribe-block__event-price__description\">+ gg Anticipada | 12\u20ac Taquilla<\/span>\n\t<\/div>\n\n\n\n<div style=\"height:100px\" aria-hidden=\"true\" class=\"wp-block-spacer\"><\/div>\n\n\n\n<div class=\"wp-block-columns is-layout-flex wp-container-core-columns-is-layout-8f761849 wp-block-columns-is-layout-flex\">\n<div class=\"wp-block-column is-layout-flow wp-block-column-is-layout-flow\" style=\"flex-basis:33.33%\">\n<figure class=\"wp-block-image size-large\"><img loading=\"lazy\" decoding=\"async\" width=\"734\" height=\"1040\" src=\"https:\/\/cafelapalma.com\/wp-content\/uploads\/2025\/10\/1080x1920-copia-734x1040.png\" alt=\"\" class=\"wp-image-32053\" srcset=\"https:\/\/cafelapalma.com\/wp-content\/uploads\/2025\/10\/1080x1920-copia-734x1040.png 734w, https:\/\/cafelapalma.com\/wp-content\/uploads\/2025\/10\/1080x1920-copia-212x300.png 212w, https:\/\/cafelapalma.com\/wp-content\/uploads\/2025\/10\/1080x1920-copia-768x1088.png 768w, https:\/\/cafelapalma.com\/wp-content\/uploads\/2025\/10\/1080x1920-copia-8x12.png 8w, https:\/\/cafelapalma.com\/wp-content\/uploads\/2025\/10\/1080x1920-copia-42x60.png 42w, https:\/\/cafelapalma.com\/wp-content\/uploads\/2025\/10\/1080x1920-copia.png 1025w\" sizes=\"auto, (max-width: 734px) 100vw, 734px\" \/><\/figure>\n\n\n<div  class=\"tribe-block tribe-block__event-website\" >\n\t<a\n\t\thref=\"https:\/\/www.passline.com\/eventos\/goodboi-mango-nectar-mallo\"\n\t\ttarget=\"_self\"\n\t\t\t>\n\t\tBUY TICKETS\t<\/a>\n<\/div>\n<\/div>\n\n\n\n<div class=\"wp-block-column is-layout-flow wp-block-column-is-layout-flow\" style=\"flex-basis:66.66%\">\n<p class=\"has-text-align-left wp-block-paragraph\">MANGO N\u00c9CTAR es mucho m\u00e1s que cuatro personas que se juntan. Lo que comenz\u00f3 como una idea casual para montar un grupo se ha convirti\u00f3 con los a\u00f1os en una peque\u00f1a familia que busca compartir las buenas vibras con su gente a trav\u00e9s de la m\u00fasica, pues esta banda, con sus ritmos en\u00e9rgicos y mezclas atrevidas, siempre saca una sonrisa. Mucho mango, mucho ruido!<\/p>\n\n\n\n<p class=\"has-text-align-left wp-block-paragraph\">GOODBOI nace con Car y Bardo como d\u00fao ac\u00fastico tras un encuentro fortuito a la salida de un concierto. Muy pronto se aplican eso de que la uni\u00f3n hace la fuerza y adquieren su forma final gracias a la llegada de \u00c1lvaro, transform\u00e1ndose as\u00ed en el power trio que siempre estuvieron destinados a ser. Sus canciones mezclan az\u00facar, especias y cosas bonitas, pero tambi\u00e9n algunas de esas que te hacen llorar entre pedales de distorsi\u00f3n. Su primer single, \u201cpeso muerto\u201d, fue el adelanto de su EP \u00abUnidad m\u00ednima\u00bb que presentan es esta ocasi\u00f3n.<\/p>\n\n\n\n<p class=\"has-text-align-left wp-block-paragraph\">MALLO nace en 2019. Grabaron su primer \u00e1lbum bajo la atenta mirada de V\u00edctor Cabezuelo (Rufus T. Firefly). Tras un peque\u00f1o EP en 2021, deciden encargarse ellas mismas de grabar y producir su segundo \u00e1lbum, \u2018El Diluvio\u2019, que ve la luz en abril de 2024 y que medios como Turbo 3 o Crazyminds valoran como de los mejores lanzamientos del a\u00f1o. Tras recorrer varios festivales y salas present\u00e1ndolo en directo, adem\u00e1s de Los conciertos de Radio 3, en diciembre de 2024 sale \u201cTernura evolucionaria\u201d, el primer adelanto del EP que lanzar\u00e1n durante el pr\u00f3ximo 2025. Las influencias de Mallo son ecl\u00e9cticas. Desde Arcade Fire o M\u00e4neskin hasta boygenius; desde Chappell Roan hasta The Cure; desde David Bowie hasta My Chemical Romance.<\/p>\n\n\n\n<p class=\"has-text-align-right wp-block-paragraph\"><em>Listen to<\/em> <em><a href=\"https:\/\/www.instagram.com\/zonazero.music?igsh=cGR3cXpndndzNWQw\" target=\"_blank\" rel=\"noreferrer noopener\"><strong>GOODBOI<\/strong><\/a> y s\u00edgueles en <\/em><strong><a href=\"https:\/\/www.instagram.com\/goodboibanda\/\" target=\"_blank\" rel=\"noreferrer noopener\">Instagram<\/a><\/strong><\/p>\n\n\n\n<p class=\"has-text-align-right wp-block-paragraph\"><em><em>Listen to<\/em><\/em> <a href=\"https:\/\/open.spotify.com\/intl-es\/artist\/2wqHMhkOY3InsIdEOeWAV5?si=FuFPfMi5RyutLcxWqNbGvA\" target=\"_blank\" rel=\"noreferrer noopener\"><strong><em>MANGO NECTAR<\/em><\/strong><\/a> <em>y s\u00edgueles en <\/em><strong><a href=\"https:\/\/www.instagram.com\/mangonectar__\/\" target=\"_blank\" rel=\"noreferrer noopener\">Instagram<\/a><\/strong><\/p>\n\n\n\n<p class=\"has-text-align-right wp-block-paragraph\"><em>Listen to<\/em> <a style=\"font-style: italic;\" href=\"https:\/\/open.spotify.com\/intl-es\/artist\/3CgfZzO5rQuYKISJyCxfAc?si=IVutdEt3R529f99QuikEwg\" target=\"_blank\" rel=\"noreferrer noopener\"><strong>MALLO<\/strong><\/a> <em>y s\u00edgueles en<\/em> <strong><a href=\"https:\/\/www.instagram.com\/mallo_musica\/\" target=\"_blank\" rel=\"noreferrer noopener\">Instagram<\/a><\/strong><\/p>\n<\/div>\n<\/div>\n\n\n\n<div style=\"height:100px\" aria-hidden=\"true\" class=\"wp-block-spacer\"><\/div>\n\n\n\n<hr class=\"wp-block-separator has-alpha-channel-opacity\"\/>\n\n\n\n<div style=\"height:100px\" aria-hidden=\"true\" class=\"wp-block-spacer\"><\/div>\n\n\n<h2 class=\"tribe-block__related-events__title\">Related Events<\/h2>\n\n<ul  class=\"tribe-related-events tribe-clearfix\" >\n\t\t\t<li>\n\t\n<div class=\"tribe-related-events-thumbnail\">\n\t<a href=\"https:\/\/cafelapalma.com\/en\/programacion\/funkin-donuts\/\" class=\"url\" rel=\"bookmark\" tabindex=\"-1\" aria-hidden=\"true\"><img loading=\"lazy\" decoding=\"async\" width=\"693\" height=\"1040\" src=\"https:\/\/cafelapalma.com\/wp-content\/uploads\/2026\/07\/FD-vert2-bn-693x1040.jpg\" class=\"attachment-large size-large wp-post-image\" alt=\"\" \/><\/a>\n<\/div>\n\t<div class=\"tribe-related-event-info\">\n\t<h3 class=\"tribe-related-events-title\">\n\t\t<a href=\"https:\/\/cafelapalma.com\/en\/programacion\/funkin-donuts\/\" class=\"tribe-event-url\" rel=\"bookmark\">\n\t\t\tFUNKIN&#8217; DONUTS\t\t<\/a>\n\t<\/h3>\n\t<span class=\"tribe-event-date-start\">5  September@22:00<\/span><span class=\"tribe-event-time\">23:45<\/span><\/div>\n<\/li>\n\t\t\t<li>\n\t\n<div class=\"tribe-related-events-thumbnail\">\n\t<a href=\"https:\/\/cafelapalma.com\/en\/programacion\/backstage-le-petit-truffle-mayo\/\" class=\"url\" rel=\"bookmark\" tabindex=\"-1\" aria-hidden=\"true\"><img loading=\"lazy\" decoding=\"async\" width=\"780\" height=\"1040\" src=\"https:\/\/cafelapalma.com\/wp-content\/uploads\/2026\/07\/Imagen-TruffleMayo-LePetit-i-1-780x1040.png\" class=\"attachment-large size-large wp-post-image\" alt=\"\" \/><\/a>\n<\/div>\n\t<div class=\"tribe-related-event-info\">\n\t<h3 class=\"tribe-related-events-title\">\n\t\t<a href=\"https:\/\/cafelapalma.com\/en\/programacion\/backstage-le-petit-truffle-mayo\/\" class=\"tribe-event-url\" rel=\"bookmark\">\n\t\t\tBACKSTAGE: LE PETIT + TRUFFLE MAYO\t\t<\/a>\n\t<\/h3>\n\t<span class=\"tribe-event-date-start\">5  September@23:55<\/span><\/div>\n<\/li>\n\t\t\t<li>\n\t\n<div class=\"tribe-related-events-thumbnail\">\n\t<a href=\"https:\/\/cafelapalma.com\/en\/programacion\/willie-deville-concierto-benefico-x-venezuela\/\" class=\"url\" rel=\"bookmark\" tabindex=\"-1\" aria-hidden=\"true\"><img loading=\"lazy\" decoding=\"async\" width=\"1020\" height=\"531\" src=\"https:\/\/cafelapalma.com\/wp-content\/uploads\/2026\/08\/Willie-deville-1100x572-1-1040x541.jpg\" class=\"attachment-large size-large wp-post-image\" alt=\"\" \/><\/a>\n<\/div>\n\t<div class=\"tribe-related-event-info\">\n\t<h3 class=\"tribe-related-events-title\">\n\t\t<a href=\"https:\/\/cafelapalma.com\/en\/programacion\/willie-deville-concierto-benefico-x-venezuela\/\" class=\"tribe-event-url\" rel=\"bookmark\">\n\t\t\tWILLIE DEVILLE: CONCIERTO BEN\u00c9FICO X VENEZUELA\t\t<\/a>\n\t<\/h3>\n\t<span class=\"tribe-event-date-start\">6  September@21:00<\/span><span class=\"tribe-event-time\">23:45<\/span><\/div>\n<\/li>\n\t<\/ul>","protected":false},"excerpt":{"rendered":"<p>MANGO N\u00c9CTAR es mucho m\u00e1s que cuatro personas que se juntan. Lo que comenz\u00f3 como una idea casual para montar un grupo se ha convirti\u00f3 con los a\u00f1os en una peque\u00f1a familia que busca compartir las buenas vibras con su gente a trav\u00e9s de la m\u00fasica, pues esta banda, con sus ritmos en\u00e9rgicos y mezclas &hellip; <\/p>","protected":false},"author":8,"featured_media":32055,"template":"","meta":{"_tec_requires_first_save":false,"_uag_custom_page_level_css":"","loftloader_page_shortcode":"","_EventAllDay":false,"_EventTimezone":"Europe\/Madrid","_EventStartDate":"2025-11-27 21:00:00","_EventEndDate":"2025-11-27 23:45:00","_EventStartDateUTC":"2025-11-27 20:00:00","_EventEndDateUTC":"2025-11-27 22:45:00","_EventShowMap":false,"_EventShowMapLink":false,"_EventURL":"https:\/\/www.passline.com\/eventos\/goodboi-mango-nectar-mallo","_EventCost":"10","_EventCostDescription":"","_EventCurrencySymbol":"\u20ac","_EventCurrencyCode":"USD","_EventCurrencyPosition":"suffix","_EventDateTimeSeparator":"@","_EventTimeRangeSeparator":"-","_EventOrganizerID":[],"_EventVenueID":[],"_OrganizerEmail":"","_OrganizerPhone":"","_OrganizerWebsite":"","_VenueAddress":"","_VenueCity":"","_VenueCountry":"","_VenueProvince":"","_VenueState":"","_VenueZip":"","_VenuePhone":"","_VenueURL":"","_VenueStateProvince":"","_VenueLat":"","_VenueLng":"","_VenueShowMap":false,"_VenueShowMapLink":false,"_tribe_blocks_recurrence_rules":"","_tribe_blocks_recurrence_description":"","_tribe_blocks_recurrence_exclusions":"","_ecp_custom_2":"","_tribe_events_status":"","_tribe_events_status_reason":"","_tribe_events_is_hybrid":"","_tribe_events_is_virtual":"","_tribe_events_virtual_video_source":"","_tribe_events_virtual_embed_video":"","_tribe_events_virtual_linked_button_text":"","_tribe_events_virtual_linked_button":"","_tribe_events_virtual_show_embed_at":"","_tribe_events_virtual_show_embed_to":[],"_tribe_events_virtual_show_on_event":"","_tribe_events_virtual_show_on_views":"","_tribe_events_virtual_url":"","footnotes":""},"tags":[1363,2865,9147,9146,18026,18024,18025,9959,14718],"tribe_events_cat":[8963],"class_list":["post-32052","tribe_events","type-tribe_events","status-publish","has-post-thumbnail","hentry","tag-cafe-la-palma","tag-conciertos-cafe-la-palma","tag-conciertos-madrid","tag-conciertos-malasana","tag-goodboi","tag-mallo","tag-mangonectar","tag-rock-alternativo","tag-rock-alternativo-2","tribe_events_cat-concierto","cat_concierto"],"uagb_featured_image_src":{"full":["https:\/\/cafelapalma.com\/wp-content\/uploads\/2025\/10\/Copia-de-_MG_6158_1-copia-2.jpg",1248,2074,false],"thumbnail":["https:\/\/cafelapalma.com\/wp-content\/uploads\/2025\/10\/Copia-de-_MG_6158_1-copia-2-150x150.jpg",150,150,true],"medium":["https:\/\/cafelapalma.com\/wp-content\/uploads\/2025\/10\/Copia-de-_MG_6158_1-copia-2-181x300.jpg",181,300,true],"medium_large":["https:\/\/cafelapalma.com\/wp-content\/uploads\/2025\/10\/Copia-de-_MG_6158_1-copia-2-768x1276.jpg",768,1276,true],"large":["https:\/\/cafelapalma.com\/wp-content\/uploads\/2025\/10\/Copia-de-_MG_6158_1-copia-2-626x1040.jpg",626,1040,true],"1536x1536":["https:\/\/cafelapalma.com\/wp-content\/uploads\/2025\/10\/Copia-de-_MG_6158_1-copia-2-924x1536.jpg",924,1536,true],"2048x2048":["https:\/\/cafelapalma.com\/wp-content\/uploads\/2025\/10\/Copia-de-_MG_6158_1-copia-2-1232x2048.jpg",1232,2048,true],"trp-custom-language-flag":["https:\/\/cafelapalma.com\/wp-content\/uploads\/2025\/10\/Copia-de-_MG_6158_1-copia-2-7x12.jpg",7,12,true],"blossom-feminine-slider":["https:\/\/cafelapalma.com\/wp-content\/uploads\/2025\/10\/Copia-de-_MG_6158_1-copia-2-1248x649.jpg",1248,649,true],"blossom-feminine-featured":["https:\/\/cafelapalma.com\/wp-content\/uploads\/2025\/10\/Copia-de-_MG_6158_1-copia-2-1248x600.jpg",1248,600,true],"blossom-feminine-with-sidebar":["https:\/\/cafelapalma.com\/wp-content\/uploads\/2025\/10\/Copia-de-_MG_6158_1-copia-2-1020x600.jpg",1020,600,true],"blossom-feminine-blog":["https:\/\/cafelapalma.com\/wp-content\/uploads\/2025\/10\/Copia-de-_MG_6158_1-copia-2-435x435.jpg",435,435,true],"blossom-feminine-cat":["https:\/\/cafelapalma.com\/wp-content\/uploads\/2025\/10\/Copia-de-_MG_6158_1-copia-2-450x300.jpg",450,300,true],"blossom-feminine-related":["https:\/\/cafelapalma.com\/wp-content\/uploads\/2025\/10\/Copia-de-_MG_6158_1-copia-2-320x200.jpg",320,200,true],"blossom-feminine-schema":["https:\/\/cafelapalma.com\/wp-content\/uploads\/2025\/10\/Copia-de-_MG_6158_1-copia-2-36x60.jpg",36,60,true]},"uagb_author_info":{"display_name":"Germ\u00e1n","author_link":"https:\/\/cafelapalma.com\/en\/author\/admin-2\/"},"uagb_comment_info":0,"uagb_excerpt":"MANGO N\u00c9CTAR es mucho m\u00e1s que cuatro personas que se juntan. Lo que comenz\u00f3 como una idea casual para montar un grupo se ha convirti\u00f3 con los a\u00f1os en una peque\u00f1a familia que busca compartir las buenas vibras con su gente a trav\u00e9s de la m\u00fasica, pues esta banda, con sus ritmos en\u00e9rgicos y mezclas&hellip;","_links":{"self":[{"href":"https:\/\/cafelapalma.com\/en\/wp-json\/wp\/v2\/tribe_events\/32052","targetHints":{"allow":["GET"]}}],"collection":[{"href":"https:\/\/cafelapalma.com\/en\/wp-json\/wp\/v2\/tribe_events"}],"about":[{"href":"https:\/\/cafelapalma.com\/en\/wp-json\/wp\/v2\/types\/tribe_events"}],"author":[{"embeddable":true,"href":"https:\/\/cafelapalma.com\/en\/wp-json\/wp\/v2\/users\/8"}],"version-history":[{"count":0,"href":"https:\/\/cafelapalma.com\/en\/wp-json\/wp\/v2\/tribe_events\/32052\/revisions"}],"wp:featuredmedia":[{"embeddable":true,"href":"https:\/\/cafelapalma.com\/en\/wp-json\/wp\/v2\/media\/32055"}],"wp:attachment":[{"href":"https:\/\/cafelapalma.com\/en\/wp-json\/wp\/v2\/media?parent=32052"}],"wp:term":[{"taxonomy":"post_tag","embeddable":true,"href":"https:\/\/cafelapalma.com\/en\/wp-json\/wp\/v2\/tags?post=32052"},{"taxonomy":"tribe_events_cat","embeddable":true,"href":"https:\/\/cafelapalma.com\/en\/wp-json\/wp\/v2\/tribe_events_cat?post=32052"}],"curies":[{"name":"wp","href":"https:\/\/api.w.org\/{rel}","templated":true}]}}