{"id":32105,"date":"2025-10-11T04:28:29","date_gmt":"2025-10-11T02:28:29","guid":{"rendered":"https:\/\/cafelapalma.com\/?post_type=tribe_events&#038;p=32105"},"modified":"2025-10-11T04:44:17","modified_gmt":"2025-10-11T02:44:17","slug":"music-coolture-10","status":"publish","type":"tribe_events","link":"https:\/\/cafelapalma.com\/en\/programacion\/music-coolture-10\/","title":{"rendered":"ADRIAN GARZIA + LALA + ANA VAS"},"content":{"rendered":"<div  class=\"tribe-events-schedule tribe-clearfix\" >\n\t<p class=\"tribe-events-schedule__datetime\">\n\t\t<span class=\"tribe-events-schedule__date tribe-events-schedule__date--start\">\n\t\t\t02  November  2025\t\t<\/span>\n\n\t\t\t\t\t<span class=\"tribe-events-schedule__separator tribe-events-schedule__separator--date\">\n\t\t\t\t@\t\t\t<\/span>\n\t\t\t<span class=\"tribe-events-schedule__time tribe-events-schedule__time--start\">\n\t\t\t\t21:00\t\t\t<\/span>\n\t\t\n\t\t\t\t\t\t\t\t\t<span class=\"tribe-events-schedule__separator tribe-events-schedule__separator--time\">\n\t\t\t\t\t\t\t\t\t<\/span>\n\t\t\t\n\t\t\t\t\t\t\t<span class=\"tribe-events-schedule__time tribe-events-schedule__time--end\">\n\t\t\t\t\t23:15\t\t\t\t<\/span>\n\t\t\t\n\t\t\t\t\t\t<\/p>\n<\/div>\n\n\n<div  class=\"tribe-block tribe-block__event-price\" >\n\t\t\t<span class=\"tribe-block__event-price__cost\"> 12\u20ac <\/span>\n\t\t\t\t<span class=\"tribe-block__event-price__description\">+ gg Early Bird | 15\u20ac Anticipada | 18\u20ac Taquilla<\/span>\n\t<\/div>\n\n\n\n<div style=\"height:76px\" aria-hidden=\"true\" class=\"wp-block-spacer\"><\/div>\n\n\n\n<div class=\"wp-block-columns is-layout-flex wp-container-core-columns-is-layout-8f761849 wp-block-columns-is-layout-flex\">\n<div class=\"wp-block-column is-layout-flow wp-block-column-is-layout-flow\" style=\"flex-basis:33.33%\">\n<figure class=\"wp-block-image size-large\"><img loading=\"lazy\" decoding=\"async\" width=\"832\" height=\"1040\" src=\"https:\/\/cafelapalma.com\/wp-content\/uploads\/2025\/10\/Todos-IG-832x1040.png\" alt=\"\" class=\"wp-image-32106\" srcset=\"https:\/\/cafelapalma.com\/wp-content\/uploads\/2025\/10\/Todos-IG-832x1040.png 832w, https:\/\/cafelapalma.com\/wp-content\/uploads\/2025\/10\/Todos-IG-240x300.png 240w, https:\/\/cafelapalma.com\/wp-content\/uploads\/2025\/10\/Todos-IG-768x960.png 768w, https:\/\/cafelapalma.com\/wp-content\/uploads\/2025\/10\/Todos-IG-10x12.png 10w, https:\/\/cafelapalma.com\/wp-content\/uploads\/2025\/10\/Todos-IG-48x60.png 48w, https:\/\/cafelapalma.com\/wp-content\/uploads\/2025\/10\/Todos-IG.png 1080w\" sizes=\"auto, (max-width: 832px) 100vw, 832px\" \/><\/figure>\n\n\n<div  class=\"tribe-block tribe-block__event-website\" >\n\t<a\n\t\thref=\"https:\/\/link.dice.fm\/Re0b2c9093ec\"\n\t\ttarget=\"_self\"\n\t\t\t>\n\t\tBUY TICKETS\t<\/a>\n<\/div>\n<\/div>\n\n\n\n<div class=\"wp-block-column is-layout-flow wp-block-column-is-layout-flow\" style=\"flex-basis:66.66%\">\n<p class=\"wp-block-paragraph\"><\/p>\n\n\n\n<p class=\"has-text-align-left wp-block-paragraph\"><em><strong>MUSIC COOLTURE \u00b7 HOME of R&amp;B in MADRID<\/strong><\/em><\/p>\n\n\n\n<p class=\"has-text-align-left wp-block-paragraph\">El 2 de noviembre de 2025, <strong>Music Coolture<\/strong> vuelve a <strong>CAFE LA PALMA<\/strong> con su apuesta de m\u00fasica en vivo, una atm\u00f3sfera \u00edntima y vibraciones \u00fanicas para los amantes de R&amp;B<\/p>\n\n\n\n<p class=\"has-text-align-right wp-block-paragraph\"><em><a href=\"https:\/\/www.instagram.com\/music.coolture\/\">Sigue a <\/a><\/em><strong><a href=\"https:\/\/www.instagram.com\/music.coolture\/\">MUSIC COOLTURE<\/a><\/strong><em><a href=\"https:\/\/www.instagram.com\/music.coolture\/\"> in <\/a><\/em><strong><a href=\"https:\/\/www.instagram.com\/music.coolture\/\">Instagram<\/a><\/strong><\/p>\n\n\n\n<p class=\"has-text-align-left wp-block-paragraph\"><strong>Lala:<\/strong> Cantante y compositora influenciada por el R&amp;B, soul y hip-hop de los 90s y 2000s. Su propuesta combina la calidez nost\u00e1lgica de esas \u00e9pocas con una sensibilidad actual y un sello vocal propio. En directo, transmite una conexi\u00f3n sincera y potente con el p\u00fablico.<\/p>\n\n\n\n<p class=\"has-text-align-right wp-block-paragraph\">Escucha<em> a <\/em><strong><a href=\"https:\/\/open.spotify.com\/intl-es\/artist\/1h6CNu1ZgYvo3InXHbxftw?si=fsbENqqGSkyZYUysMMLWA&amp;nd=1&amp;dlsi=38d9e5246cfc454d\" target=\"_blank\" rel=\"noreferrer noopener\">LALA<\/a><a href=\"http:\/\/Voz fuerte y letras con mensaje. Fusiona R&amp;B y soul con un enfoque centrado en el empoderamiento y la autenticidad. Su repertorio con temas como La Impostora o Amor Gitano conecta por su intensidad y su mensaje real, proyectando fuerza y libertad sobre el escenario.\" target=\"_blank\" rel=\"noreferrer noopener\"> <\/a><\/strong><em>in <\/em><strong>Spotify<\/strong><\/p>\n\n\n\n<p class=\"has-text-align-left wp-block-paragraph\"><strong>Adrian Garzia:<\/strong> Artista multidisciplinar con recorrido en teatro musical, televisi\u00f3n (<em>La Voz<\/em>), y giras como corista. Su proyecto une pop, R&amp;B y m\u00fasica urbana, mostrando una energ\u00eda esc\u00e9nica que mezcla emoci\u00f3n y performance. Actualmente presenta su primer trabajo,&nbsp;<em>Eclosi\u00f3n<\/em>, producido por Quiroga (Nathy Peluso, Rels B).<\/p>\n\n\n\n<p class=\"has-text-align-right wp-block-paragraph\"><em>Listen to<a href=\"https:\/\/open.spotify.com\/intl-es\/artist\/1bfdcgiLVJmES1s7ICo0qS\" target=\"_blank\" rel=\"noreferrer noopener\"> <\/a><\/em><strong><a href=\"https:\/\/open.spotify.com\/intl-es\/artist\/1bfdcgiLVJmES1s7ICo0qS\" target=\"_blank\" rel=\"noreferrer noopener\">ADRIAN GARZIA<\/a><\/strong><em><a href=\"https:\/\/open.spotify.com\/intl-es\/artist\/1bfdcgiLVJmES1s7ICo0qS\" target=\"_blank\" rel=\"noreferrer noopener\"> <\/a>in <\/em><strong>Spotify<\/strong><\/p>\n\n\n\n<p class=\"has-text-align-left wp-block-paragraph\"><strong>Ana Vas:<\/strong> Voz fuerte y letras con mensaje. Fusiona R&amp;B y soul con un enfoque centrado en el empoderamiento y la autenticidad. Su repertorio con temas como&nbsp;<em>La Impostora<\/em>&nbsp;o&nbsp;<em>Amor Gitano<\/em>&nbsp;conecta por su intensidad y su mensaje real, proyectando fuerza y libertad sobre el escenario.<\/p>\n\n\n\n<p class=\"has-text-align-right wp-block-paragraph\"><em>Listen to <\/em><strong><a href=\"https:\/\/open.spotify.com\/intl-es\/artist\/3FTj2S2558SIcChObYyvGa\" target=\"_blank\" rel=\"noreferrer noopener\">ANA VA<\/a><\/strong><em><a href=\"https:\/\/open.spotify.com\/intl-es\/artist\/3lKqMgU8rztkc83yevQdVd\"> <\/a>in <\/em><strong>Spotify<\/strong><\/p>\n\n\n\n<p class=\"has-text-align-left wp-block-paragraph\"><strong><em>Tres idiomas distintos, una sola vibra \u2192 Rhythm &amp; Blues en estado puro.<\/em><\/strong><\/p>\n<\/div>\n<\/div>\n\n\n\n<div style=\"height:100px\" aria-hidden=\"true\" class=\"wp-block-spacer\"><\/div>\n\n\n\n<hr class=\"wp-block-separator has-alpha-channel-opacity\"\/>\n\n\n\n<div style=\"height:100px\" aria-hidden=\"true\" class=\"wp-block-spacer\"><\/div>\n\n\n<h2 class=\"tribe-block__related-events__title\">Related Events<\/h2>\n\n<ul  class=\"tribe-related-events tribe-clearfix\" >\n\t\t\t<li>\n\t\n<div class=\"tribe-related-events-thumbnail\">\n\t<a href=\"https:\/\/cafelapalma.com\/en\/programacion\/funkin-donuts\/\" class=\"url\" rel=\"bookmark\" tabindex=\"-1\" aria-hidden=\"true\"><img loading=\"lazy\" decoding=\"async\" width=\"693\" height=\"1040\" src=\"https:\/\/cafelapalma.com\/wp-content\/uploads\/2026\/07\/FD-vert2-bn-693x1040.jpg\" class=\"attachment-large size-large wp-post-image\" alt=\"\" \/><\/a>\n<\/div>\n\t<div class=\"tribe-related-event-info\">\n\t<h3 class=\"tribe-related-events-title\">\n\t\t<a href=\"https:\/\/cafelapalma.com\/en\/programacion\/funkin-donuts\/\" class=\"tribe-event-url\" rel=\"bookmark\">\n\t\t\tFUNKIN&#8217; DONUTS\t\t<\/a>\n\t<\/h3>\n\t<span class=\"tribe-event-date-start\">5  September@22:00<\/span><span class=\"tribe-event-time\">23:45<\/span><\/div>\n<\/li>\n\t\t\t<li>\n\t\n<div class=\"tribe-related-events-thumbnail\">\n\t<a href=\"https:\/\/cafelapalma.com\/en\/programacion\/backstage-le-petit-truffle-mayo\/\" class=\"url\" rel=\"bookmark\" tabindex=\"-1\" aria-hidden=\"true\"><img loading=\"lazy\" decoding=\"async\" width=\"780\" height=\"1040\" src=\"https:\/\/cafelapalma.com\/wp-content\/uploads\/2026\/07\/Imagen-TruffleMayo-LePetit-i-1-780x1040.png\" class=\"attachment-large size-large wp-post-image\" alt=\"\" \/><\/a>\n<\/div>\n\t<div class=\"tribe-related-event-info\">\n\t<h3 class=\"tribe-related-events-title\">\n\t\t<a href=\"https:\/\/cafelapalma.com\/en\/programacion\/backstage-le-petit-truffle-mayo\/\" class=\"tribe-event-url\" rel=\"bookmark\">\n\t\t\tBACKSTAGE: LE PETIT + TRUFFLE MAYO\t\t<\/a>\n\t<\/h3>\n\t<span class=\"tribe-event-date-start\">5  September@23:55<\/span><\/div>\n<\/li>\n\t\t\t<li>\n\t\n<div class=\"tribe-related-events-thumbnail\">\n\t<a href=\"https:\/\/cafelapalma.com\/en\/programacion\/willie-deville-concierto-benefico-x-venezuela\/\" class=\"url\" rel=\"bookmark\" tabindex=\"-1\" aria-hidden=\"true\"><img loading=\"lazy\" decoding=\"async\" width=\"1020\" height=\"531\" src=\"https:\/\/cafelapalma.com\/wp-content\/uploads\/2026\/08\/Willie-deville-1100x572-1-1040x541.jpg\" class=\"attachment-large size-large wp-post-image\" alt=\"\" \/><\/a>\n<\/div>\n\t<div class=\"tribe-related-event-info\">\n\t<h3 class=\"tribe-related-events-title\">\n\t\t<a href=\"https:\/\/cafelapalma.com\/en\/programacion\/willie-deville-concierto-benefico-x-venezuela\/\" class=\"tribe-event-url\" rel=\"bookmark\">\n\t\t\tWILLIE DEVILLE: CONCIERTO BEN\u00c9FICO X VENEZUELA\t\t<\/a>\n\t<\/h3>\n\t<span class=\"tribe-event-date-start\">6  September@21:00<\/span><span class=\"tribe-event-time\">23:45<\/span><\/div>\n<\/li>\n\t<\/ul>","protected":false},"excerpt":{"rendered":"<p>MUSIC COOLTURE \u00b7 HOME of R&amp;B in MADRID El 2 de noviembre de 2025, Music Coolture vuelve a CAFE LA PALMA con su apuesta de m\u00fasica en vivo, una atm\u00f3sfera \u00edntima y vibraciones \u00fanicas para los amantes de R&amp;B Sigue a MUSIC COOLTURE en Instagram Lala: Cantante y compositora influenciada por el R&amp;B, soul y &hellip; <\/p>","protected":false},"author":8,"featured_media":30518,"template":"","meta":{"_tec_requires_first_save":false,"_uag_custom_page_level_css":"","loftloader_page_shortcode":"","_EventAllDay":false,"_EventTimezone":"Europe\/Madrid","_EventStartDate":"2025-11-02 21:00:00","_EventEndDate":"2025-11-02 23:15:00","_EventStartDateUTC":"2025-11-02 20:00:00","_EventEndDateUTC":"2025-11-02 22:15:00","_EventShowMap":false,"_EventShowMapLink":false,"_EventURL":"https:\/\/link.dice.fm\/Re0b2c9093ec","_EventCost":"12","_EventCostDescription":"","_EventCurrencySymbol":"","_EventCurrencyCode":"","_EventCurrencyPosition":"","_EventDateTimeSeparator":"","_EventTimeRangeSeparator":"","_EventOrganizerID":[],"_EventVenueID":[],"_OrganizerEmail":"","_OrganizerPhone":"","_OrganizerWebsite":"","_VenueAddress":"","_VenueCity":"","_VenueCountry":"","_VenueProvince":"","_VenueState":"","_VenueZip":"","_VenuePhone":"","_VenueURL":"","_VenueStateProvince":"","_VenueLat":"","_VenueLng":"","_VenueShowMap":false,"_VenueShowMapLink":false,"_tribe_blocks_recurrence_rules":"","_tribe_blocks_recurrence_description":"","_tribe_blocks_recurrence_exclusions":"","_ecp_custom_2":"","_tribe_events_status":"","_tribe_events_status_reason":"","_tribe_events_is_hybrid":"","_tribe_events_is_virtual":"","_tribe_events_virtual_video_source":"","_tribe_events_virtual_embed_video":"","_tribe_events_virtual_linked_button_text":"","_tribe_events_virtual_linked_button":"","_tribe_events_virtual_show_embed_at":"","_tribe_events_virtual_show_embed_to":[],"_tribe_events_virtual_show_on_event":"","_tribe_events_virtual_show_on_views":"","_tribe_events_virtual_url":"","footnotes":""},"tags":[12702,16140,1363,2865,9147,9146,779,16067,2396,777,15400,12765,9630,9632,9631,9620,2397],"tribe_events_cat":[8963],"class_list":["post-32105","tribe_events","type-tribe_events","status-publish","has-post-thumbnail","hentry","tag-afrobeat","tag-ana-rivera","tag-cafe-la-palma","tag-conciertos-cafe-la-palma","tag-conciertos-madrid","tag-conciertos-malasana","tag-funk","tag-gospel","tag-hip-hop","tag-jazz","tag-music-coolture","tag-neosoul","tag-rnb","tag-rb","tag-rhythm-and-blues","tag-soul","tag-trap","tribe_events_cat-concierto","cat_concierto"],"uagb_featured_image_src":{"full":["https:\/\/cafelapalma.com\/wp-content\/uploads\/2025\/02\/MUSIC-COOLTURE-FRONT.png",1414,2000,false],"thumbnail":["https:\/\/cafelapalma.com\/wp-content\/uploads\/2025\/02\/MUSIC-COOLTURE-FRONT-150x150.png",150,150,true],"medium":["https:\/\/cafelapalma.com\/wp-content\/uploads\/2025\/02\/MUSIC-COOLTURE-FRONT-212x300.png",212,300,true],"medium_large":["https:\/\/cafelapalma.com\/wp-content\/uploads\/2025\/02\/MUSIC-COOLTURE-FRONT-768x1086.png",768,1086,true],"large":["https:\/\/cafelapalma.com\/wp-content\/uploads\/2025\/02\/MUSIC-COOLTURE-FRONT-735x1040.png",735,1040,true],"1536x1536":["https:\/\/cafelapalma.com\/wp-content\/uploads\/2025\/02\/MUSIC-COOLTURE-FRONT-1086x1536.png",1086,1536,true],"2048x2048":["https:\/\/cafelapalma.com\/wp-content\/uploads\/2025\/02\/MUSIC-COOLTURE-FRONT.png",1414,2000,false],"trp-custom-language-flag":["https:\/\/cafelapalma.com\/wp-content\/uploads\/2025\/02\/MUSIC-COOLTURE-FRONT.png",8,12,false],"blossom-feminine-slider":["https:\/\/cafelapalma.com\/wp-content\/uploads\/2025\/02\/MUSIC-COOLTURE-FRONT-1414x649.png",1414,649,true],"blossom-feminine-featured":["https:\/\/cafelapalma.com\/wp-content\/uploads\/2025\/02\/MUSIC-COOLTURE-FRONT-1410x600.png",1410,600,true],"blossom-feminine-with-sidebar":["https:\/\/cafelapalma.com\/wp-content\/uploads\/2025\/02\/MUSIC-COOLTURE-FRONT-1020x600.png",1020,600,true],"blossom-feminine-blog":["https:\/\/cafelapalma.com\/wp-content\/uploads\/2025\/02\/MUSIC-COOLTURE-FRONT-435x435.png",435,435,true],"blossom-feminine-cat":["https:\/\/cafelapalma.com\/wp-content\/uploads\/2025\/02\/MUSIC-COOLTURE-FRONT-450x300.png",450,300,true],"blossom-feminine-related":["https:\/\/cafelapalma.com\/wp-content\/uploads\/2025\/02\/MUSIC-COOLTURE-FRONT-320x200.png",320,200,true],"blossom-feminine-schema":["https:\/\/cafelapalma.com\/wp-content\/uploads\/2025\/02\/MUSIC-COOLTURE-FRONT-42x60.png",42,60,true]},"uagb_author_info":{"display_name":"Germ\u00e1n","author_link":"https:\/\/cafelapalma.com\/en\/author\/admin-2\/"},"uagb_comment_info":0,"uagb_excerpt":"MUSIC COOLTURE \u00b7 HOME of R&amp;B in MADRID El 2 de noviembre de 2025, Music Coolture vuelve a CAFE LA PALMA con su apuesta de m\u00fasica en vivo, una atm\u00f3sfera \u00edntima y vibraciones \u00fanicas para los amantes de R&amp;B Sigue a MUSIC COOLTURE en Instagram Lala: Cantante y compositora influenciada por el R&amp;B, soul y&hellip;","_links":{"self":[{"href":"https:\/\/cafelapalma.com\/en\/wp-json\/wp\/v2\/tribe_events\/32105","targetHints":{"allow":["GET"]}}],"collection":[{"href":"https:\/\/cafelapalma.com\/en\/wp-json\/wp\/v2\/tribe_events"}],"about":[{"href":"https:\/\/cafelapalma.com\/en\/wp-json\/wp\/v2\/types\/tribe_events"}],"author":[{"embeddable":true,"href":"https:\/\/cafelapalma.com\/en\/wp-json\/wp\/v2\/users\/8"}],"version-history":[{"count":0,"href":"https:\/\/cafelapalma.com\/en\/wp-json\/wp\/v2\/tribe_events\/32105\/revisions"}],"wp:featuredmedia":[{"embeddable":true,"href":"https:\/\/cafelapalma.com\/en\/wp-json\/wp\/v2\/media\/30518"}],"wp:attachment":[{"href":"https:\/\/cafelapalma.com\/en\/wp-json\/wp\/v2\/media?parent=32105"}],"wp:term":[{"taxonomy":"post_tag","embeddable":true,"href":"https:\/\/cafelapalma.com\/en\/wp-json\/wp\/v2\/tags?post=32105"},{"taxonomy":"tribe_events_cat","embeddable":true,"href":"https:\/\/cafelapalma.com\/en\/wp-json\/wp\/v2\/tribe_events_cat?post=32105"}],"curies":[{"name":"wp","href":"https:\/\/api.w.org\/{rel}","templated":true}]}}