{"id":32142,"date":"2025-10-14T03:46:07","date_gmt":"2025-10-14T01:46:07","guid":{"rendered":"https:\/\/cafelapalma.com\/?post_type=tribe_events&#038;p=32142"},"modified":"2025-10-16T04:13:49","modified_gmt":"2025-10-16T02:13:49","slug":"tocenradarjoven","status":"publish","type":"tribe_events","link":"https:\/\/cafelapalma.com\/en\/programacion\/tocenradarjoven\/","title":{"rendered":"RADAR JOVEN: TOC"},"content":{"rendered":"<div  class=\"tribe-events-schedule tribe-clearfix\" >\n\t<p class=\"tribe-events-schedule__datetime\">\n\t\t<span class=\"tribe-events-schedule__date tribe-events-schedule__date--start\">\n\t\t\t07  November  2025\t\t<\/span>\n\n\t\t\t\t\t<span class=\"tribe-events-schedule__separator tribe-events-schedule__separator--date\">\n\t\t\t\t@\t\t\t<\/span>\n\t\t\t<span class=\"tribe-events-schedule__time tribe-events-schedule__time--start\">\n\t\t\t\t22:00\t\t\t<\/span>\n\t\t\n\t\t\t\t\t\t\t\t\t<span class=\"tribe-events-schedule__separator tribe-events-schedule__separator--time\">\n\t\t\t\t\t&#8211;\t\t\t\t<\/span>\n\t\t\t\n\t\t\t\t\t\t\t<span class=\"tribe-events-schedule__time tribe-events-schedule__time--end\">\n\t\t\t\t\t23:45\t\t\t\t<\/span>\n\t\t\t\n\t\t\t\t\t\t<\/p>\n<\/div>\n\n\n<div  class=\"tribe-block tribe-block__event-price\" >\n\t\t\t<span class=\"tribe-block__event-price__cost\"> 7\u20ac <\/span>\n\t\t\t\t<span class=\"tribe-block__event-price__description\">+ gg Anticipada | 3,5 \u20ac con el CARNET JOVEN<\/span>\n\t<\/div>\n\n\n\n<div style=\"height:100px\" aria-hidden=\"true\" class=\"wp-block-spacer\"><\/div>\n\n\n\n<div class=\"wp-block-columns is-layout-flex wp-container-core-columns-is-layout-8f761849 wp-block-columns-is-layout-flex\">\n<div class=\"wp-block-column is-layout-flow wp-block-column-is-layout-flow\" style=\"flex-basis:33.33%\">\n<figure class=\"wp-block-image size-full\"><img loading=\"lazy\" decoding=\"async\" width=\"400\" height=\"500\" src=\"https:\/\/cafelapalma.com\/wp-content\/uploads\/2025\/10\/TOC-taldea-2021.jpg\" alt=\"\" class=\"wp-image-32143\" srcset=\"https:\/\/cafelapalma.com\/wp-content\/uploads\/2025\/10\/TOC-taldea-2021.jpg 400w, https:\/\/cafelapalma.com\/wp-content\/uploads\/2025\/10\/TOC-taldea-2021-240x300.jpg 240w, https:\/\/cafelapalma.com\/wp-content\/uploads\/2025\/10\/TOC-taldea-2021-10x12.jpg 10w, https:\/\/cafelapalma.com\/wp-content\/uploads\/2025\/10\/TOC-taldea-2021-48x60.jpg 48w\" sizes=\"auto, (max-width: 400px) 100vw, 400px\" \/><\/figure>\n<\/div>\n\n\n\n<div class=\"wp-block-column is-layout-flow wp-block-column-is-layout-flow\" style=\"flex-basis:66.66%\">\n<p class=\"wp-block-paragraph\"><\/p>\n\n\n\n<p class=\"has-text-align-left wp-block-paragraph\"><strong>TOC <\/strong>es una banda vasca que fusiona melod\u00eda y crudeza a partes iguales, destac\u00e1ndose por su energ\u00eda arrolladora y un sonido \u00fanico que ha cautivado a la escena musical local. Formados en <strong>Mungia<\/strong>, por <strong>Mikel<\/strong>, <strong>Aitor<\/strong>, <strong>Ander <\/strong>y <strong>Xabier<\/strong>, que desde su creaci\u00f3n en 2018, han sabido encontrar su lugar en el panorama musical gracias a su capacidad de mezclar influencias del post-punk, mod y Oi!, creando un estilo caracterizado por letras en euskera y una actitud desafiante.<\/p>\n\n\n\n<p class=\"has-text-align-left wp-block-paragraph\">En 2019, <strong>TOC <\/strong>lanz\u00f3 su primer EP <strong><em>\u201cBadau\u201d<\/em><\/strong>. Este primer trabajo les permiti\u00f3 establecerse como una de las bandas emergentes m\u00e1s prometedoras de la escena vasca. Tras la pandemia, el grupo public\u00f3 su primer LP <strong><em>\u201cZidazun\u201d<\/em><\/strong>, producido por <strong>Urtzi Iza<\/strong>, que fue un paso adelante en su sonido, mostrando su madurez musical y la intensidad emocional de sus letras.<\/p>\n\n\n\n<p class=\"has-text-align-left wp-block-paragraph\">En 2022, lanz\u00f3 <strong><em>\u201cBat barik ez dauz bi\u201d<\/em><\/strong>, que consolid\u00f3 su estilo y ampli\u00f3 su audiencia. Tras colaborar con <strong>Hofe <\/strong>y <strong>Malakias<\/strong>, se centraron en su siguiente \u00e1lbum, <strong><em>\u201cJaioak Hiltea Zor\u201d<\/em><\/strong>, autoproducido y con un sonido m\u00e1s personal, pero manteniendo su energ\u00eda cruda. Este \u00faltimo trabajo, publicado en diciembre de 2024, tiene previsto seguir siendo presentado en una gira por diferentes partes de <strong>Euskal Herria<\/strong> y a nivel estatal durante los pr\u00f3ximos meses. El pasado mes de marzo fueron nominados en los <strong>Premios MIN<\/strong> en la categor\u00eda de <em>Mejor \u00e1lbum en euskera<\/em> con su \u00faltimo \u00e1lbum, <strong><em>\u201cJaioak Hiltea Zor\u201d<\/em><\/strong>.<\/p>\n\n\n\n<p class=\"has-text-align-right wp-block-paragraph\"><em><a href=\"https:\/\/open.spotify.com\/intl-es\/artist\/70l0Il4mlJdcWA6XoXwt47?si=l4PUYXmiQNCOtRIwuuN6hA\">Listen to <\/a><\/em><strong><a href=\"https:\/\/open.spotify.com\/intl-es\/artist\/70l0Il4mlJdcWA6XoXwt47?si=l4PUYXmiQNCOtRIwuuN6hA\">TOC <\/a><\/strong><em><a href=\"https:\/\/open.spotify.com\/intl-es\/artist\/70l0Il4mlJdcWA6XoXwt47?si=l4PUYXmiQNCOtRIwuuN6hA\">in <\/a><\/em><strong><a href=\"https:\/\/open.spotify.com\/intl-es\/artist\/70l0Il4mlJdcWA6XoXwt47?si=l4PUYXmiQNCOtRIwuuN6hA\">Spotify<\/a><\/strong><\/p>\n\n\n\n<p class=\"has-text-align-center wp-block-paragraph\"><em>Con el apoyo de <\/em>la COMUNIDAD DE MADRID<\/p>\n<\/div>\n<\/div>\n\n\n<div  class=\"tribe-block tribe-block__event-website\" >\n\t<a\n\t\thref=\"https:\/\/www.entradas.com\/event\/toc-festival-radar-joven-sala-cafe-la-palma-20800758\/\"\n\t\ttarget=\"_self\"\n\t\t\t>\n\t\tBUY TICKETS\t<\/a>\n<\/div>\n\n\n\n<div style=\"height:100px\" aria-hidden=\"true\" class=\"wp-block-spacer\"><\/div>\n\n\n\n<hr class=\"wp-block-separator has-alpha-channel-opacity\"\/>\n\n\n\n<div style=\"height:100px\" aria-hidden=\"true\" class=\"wp-block-spacer\"><\/div>\n\n\n<h2 class=\"tribe-block__related-events__title\">Related Events<\/h2>\n\n<ul  class=\"tribe-related-events tribe-clearfix\" >\n\t\t\t<li>\n\t\n<div class=\"tribe-related-events-thumbnail\">\n\t<a href=\"https:\/\/cafelapalma.com\/en\/programacion\/funkin-donuts\/\" class=\"url\" rel=\"bookmark\" tabindex=\"-1\" aria-hidden=\"true\"><img loading=\"lazy\" decoding=\"async\" width=\"693\" height=\"1040\" src=\"https:\/\/cafelapalma.com\/wp-content\/uploads\/2026\/07\/FD-vert2-bn-693x1040.jpg\" class=\"attachment-large size-large wp-post-image\" alt=\"\" \/><\/a>\n<\/div>\n\t<div class=\"tribe-related-event-info\">\n\t<h3 class=\"tribe-related-events-title\">\n\t\t<a href=\"https:\/\/cafelapalma.com\/en\/programacion\/funkin-donuts\/\" class=\"tribe-event-url\" rel=\"bookmark\">\n\t\t\tFUNKIN&#8217; DONUTS\t\t<\/a>\n\t<\/h3>\n\t<span class=\"tribe-event-date-start\">5  September@22:00<\/span><span class=\"tribe-event-time\">23:45<\/span><\/div>\n<\/li>\n\t\t\t<li>\n\t\n<div class=\"tribe-related-events-thumbnail\">\n\t<a href=\"https:\/\/cafelapalma.com\/en\/programacion\/backstage-le-petit-truffle-mayo\/\" class=\"url\" rel=\"bookmark\" tabindex=\"-1\" aria-hidden=\"true\"><img loading=\"lazy\" decoding=\"async\" width=\"780\" height=\"1040\" src=\"https:\/\/cafelapalma.com\/wp-content\/uploads\/2026\/07\/Imagen-TruffleMayo-LePetit-i-1-780x1040.png\" class=\"attachment-large size-large wp-post-image\" alt=\"\" \/><\/a>\n<\/div>\n\t<div class=\"tribe-related-event-info\">\n\t<h3 class=\"tribe-related-events-title\">\n\t\t<a href=\"https:\/\/cafelapalma.com\/en\/programacion\/backstage-le-petit-truffle-mayo\/\" class=\"tribe-event-url\" rel=\"bookmark\">\n\t\t\tBACKSTAGE: LE PETIT + TRUFFLE MAYO\t\t<\/a>\n\t<\/h3>\n\t<span class=\"tribe-event-date-start\">5  September@23:55<\/span><\/div>\n<\/li>\n\t\t\t<li>\n\t\n<div class=\"tribe-related-events-thumbnail\">\n\t<a href=\"https:\/\/cafelapalma.com\/en\/programacion\/willie-deville-concierto-benefico-x-venezuela\/\" class=\"url\" rel=\"bookmark\" tabindex=\"-1\" aria-hidden=\"true\"><img loading=\"lazy\" decoding=\"async\" width=\"1020\" height=\"531\" src=\"https:\/\/cafelapalma.com\/wp-content\/uploads\/2026\/08\/Willie-deville-1100x572-1-1040x541.jpg\" class=\"attachment-large size-large wp-post-image\" alt=\"\" \/><\/a>\n<\/div>\n\t<div class=\"tribe-related-event-info\">\n\t<h3 class=\"tribe-related-events-title\">\n\t\t<a href=\"https:\/\/cafelapalma.com\/en\/programacion\/willie-deville-concierto-benefico-x-venezuela\/\" class=\"tribe-event-url\" rel=\"bookmark\">\n\t\t\tWILLIE DEVILLE: CONCIERTO BEN\u00c9FICO X VENEZUELA\t\t<\/a>\n\t<\/h3>\n\t<span class=\"tribe-event-date-start\">6  September@21:00<\/span><span class=\"tribe-event-time\">23:45<\/span><\/div>\n<\/li>\n\t<\/ul>","protected":false},"excerpt":{"rendered":"<p>TOC es una banda vasca que fusiona melod\u00eda y crudeza a partes iguales, destac\u00e1ndose por su energ\u00eda arrolladora y un sonido \u00fanico que ha cautivado a la escena musical local. Formados en Mungia, por Mikel, Aitor, Ander y Xabier, que desde su creaci\u00f3n en 2018, han sabido encontrar su lugar en el panorama musical gracias &hellip; <\/p>","protected":false},"author":8,"featured_media":32148,"template":"","meta":{"_tec_requires_first_save":false,"_uag_custom_page_level_css":"","loftloader_page_shortcode":"","_EventAllDay":false,"_EventTimezone":"Europe\/Madrid","_EventStartDate":"2025-11-07 22:00:00","_EventEndDate":"2025-11-07 23:45:00","_EventStartDateUTC":"2025-11-07 21:00:00","_EventEndDateUTC":"2025-11-07 22:45:00","_EventShowMap":false,"_EventShowMapLink":false,"_EventURL":"https:\/\/www.entradas.com\/event\/toc-festival-radar-joven-sala-cafe-la-palma-20800758\/","_EventCost":"7","_EventCostDescription":"","_EventCurrencySymbol":"\u20ac","_EventCurrencyCode":"USD","_EventCurrencyPosition":"suffix","_EventDateTimeSeparator":"@","_EventTimeRangeSeparator":"-","_EventOrganizerID":[],"_EventVenueID":[],"_OrganizerEmail":"","_OrganizerPhone":"","_OrganizerWebsite":"","_VenueAddress":"","_VenueCity":"","_VenueCountry":"","_VenueProvince":"","_VenueState":"","_VenueZip":"","_VenuePhone":"","_VenueURL":"","_VenueStateProvince":"","_VenueLat":"","_VenueLng":"","_VenueShowMap":false,"_VenueShowMapLink":false,"_tribe_blocks_recurrence_rules":"","_tribe_blocks_recurrence_description":"","_tribe_blocks_recurrence_exclusions":"","_ecp_custom_2":"","_tribe_events_status":"","_tribe_events_status_reason":"","_tribe_events_is_hybrid":"","_tribe_events_is_virtual":"","_tribe_events_virtual_video_source":"","_tribe_events_virtual_embed_video":"","_tribe_events_virtual_linked_button_text":"","_tribe_events_virtual_linked_button":"","_tribe_events_virtual_show_embed_at":"","_tribe_events_virtual_show_embed_to":[],"_tribe_events_virtual_show_on_event":"","_tribe_events_virtual_show_on_views":"","_tribe_events_virtual_url":"","footnotes":""},"tags":[9810,17466,17473,17470,1363,2865,9147,9146,17474,17476,13200,17475,17468,15360,13199,9164,17467,17472,17471],"tribe_events_cat":[8963],"class_list":["post-32142","tribe_events","type-tribe_events","status-publish","has-post-thumbnail","hentry","tag-aie","tag-aienruta-2025","tag-arik-ez-dauz-bi","tag-badau","tag-cafe-la-palma","tag-conciertos-cafe-la-palma","tag-conciertos-madrid","tag-conciertos-malasana","tag-hofe","tag-jaioak-hiltea-zor","tag-last-tour","tag-malakias","tag-mungia","tag-oi","tag-oso-polita","tag-pop-rock-2","tag-toc","tag-urtzi-iza","tag-zidazun","tribe_events_cat-concierto","cat_concierto"],"uagb_featured_image_src":{"full":["https:\/\/cafelapalma.com\/wp-content\/uploads\/2025\/10\/CafeLaPalma_TOC-RadarJoven2025-MadridenVivo-copia.png",540,675,false],"thumbnail":["https:\/\/cafelapalma.com\/wp-content\/uploads\/2025\/10\/CafeLaPalma_TOC-RadarJoven2025-MadridenVivo-copia-150x150.png",150,150,true],"medium":["https:\/\/cafelapalma.com\/wp-content\/uploads\/2025\/10\/CafeLaPalma_TOC-RadarJoven2025-MadridenVivo-copia-240x300.png",240,300,true],"medium_large":["https:\/\/cafelapalma.com\/wp-content\/uploads\/2025\/10\/CafeLaPalma_TOC-RadarJoven2025-MadridenVivo-copia.png",540,675,false],"large":["https:\/\/cafelapalma.com\/wp-content\/uploads\/2025\/10\/CafeLaPalma_TOC-RadarJoven2025-MadridenVivo-copia.png",540,675,false],"1536x1536":["https:\/\/cafelapalma.com\/wp-content\/uploads\/2025\/10\/CafeLaPalma_TOC-RadarJoven2025-MadridenVivo-copia.png",540,675,false],"2048x2048":["https:\/\/cafelapalma.com\/wp-content\/uploads\/2025\/10\/CafeLaPalma_TOC-RadarJoven2025-MadridenVivo-copia.png",540,675,false],"trp-custom-language-flag":["https:\/\/cafelapalma.com\/wp-content\/uploads\/2025\/10\/CafeLaPalma_TOC-RadarJoven2025-MadridenVivo-copia-10x12.png",10,12,true],"blossom-feminine-slider":["https:\/\/cafelapalma.com\/wp-content\/uploads\/2025\/10\/CafeLaPalma_TOC-RadarJoven2025-MadridenVivo-copia-540x649.png",540,649,true],"blossom-feminine-featured":["https:\/\/cafelapalma.com\/wp-content\/uploads\/2025\/10\/CafeLaPalma_TOC-RadarJoven2025-MadridenVivo-copia-540x600.png",540,600,true],"blossom-feminine-with-sidebar":["https:\/\/cafelapalma.com\/wp-content\/uploads\/2025\/10\/CafeLaPalma_TOC-RadarJoven2025-MadridenVivo-copia-540x600.png",540,600,true],"blossom-feminine-blog":["https:\/\/cafelapalma.com\/wp-content\/uploads\/2025\/10\/CafeLaPalma_TOC-RadarJoven2025-MadridenVivo-copia-435x435.png",435,435,true],"blossom-feminine-cat":["https:\/\/cafelapalma.com\/wp-content\/uploads\/2025\/10\/CafeLaPalma_TOC-RadarJoven2025-MadridenVivo-copia-450x300.png",450,300,true],"blossom-feminine-related":["https:\/\/cafelapalma.com\/wp-content\/uploads\/2025\/10\/CafeLaPalma_TOC-RadarJoven2025-MadridenVivo-copia-320x200.png",320,200,true],"blossom-feminine-schema":["https:\/\/cafelapalma.com\/wp-content\/uploads\/2025\/10\/CafeLaPalma_TOC-RadarJoven2025-MadridenVivo-copia-48x60.png",48,60,true]},"uagb_author_info":{"display_name":"Germ\u00e1n","author_link":"https:\/\/cafelapalma.com\/en\/author\/admin-2\/"},"uagb_comment_info":0,"uagb_excerpt":"TOC es una banda vasca que fusiona melod\u00eda y crudeza a partes iguales, destac\u00e1ndose por su energ\u00eda arrolladora y un sonido \u00fanico que ha cautivado a la escena musical local. Formados en Mungia, por Mikel, Aitor, Ander y Xabier, que desde su creaci\u00f3n en 2018, han sabido encontrar su lugar en el panorama musical gracias&hellip;","_links":{"self":[{"href":"https:\/\/cafelapalma.com\/en\/wp-json\/wp\/v2\/tribe_events\/32142","targetHints":{"allow":["GET"]}}],"collection":[{"href":"https:\/\/cafelapalma.com\/en\/wp-json\/wp\/v2\/tribe_events"}],"about":[{"href":"https:\/\/cafelapalma.com\/en\/wp-json\/wp\/v2\/types\/tribe_events"}],"author":[{"embeddable":true,"href":"https:\/\/cafelapalma.com\/en\/wp-json\/wp\/v2\/users\/8"}],"version-history":[{"count":0,"href":"https:\/\/cafelapalma.com\/en\/wp-json\/wp\/v2\/tribe_events\/32142\/revisions"}],"wp:featuredmedia":[{"embeddable":true,"href":"https:\/\/cafelapalma.com\/en\/wp-json\/wp\/v2\/media\/32148"}],"wp:attachment":[{"href":"https:\/\/cafelapalma.com\/en\/wp-json\/wp\/v2\/media?parent=32142"}],"wp:term":[{"taxonomy":"post_tag","embeddable":true,"href":"https:\/\/cafelapalma.com\/en\/wp-json\/wp\/v2\/tags?post=32142"},{"taxonomy":"tribe_events_cat","embeddable":true,"href":"https:\/\/cafelapalma.com\/en\/wp-json\/wp\/v2\/tribe_events_cat?post=32142"}],"curies":[{"name":"wp","href":"https:\/\/api.w.org\/{rel}","templated":true}]}}