{"id":32199,"date":"2025-10-22T12:52:19","date_gmt":"2025-10-22T10:52:19","guid":{"rendered":"https:\/\/cafelapalma.com\/?post_type=tribe_events&#038;p=32199"},"modified":"2025-10-22T19:41:24","modified_gmt":"2025-10-22T17:41:24","slug":"powerpuff","status":"publish","type":"tribe_events","link":"https:\/\/cafelapalma.com\/en\/programacion\/powerpuff\/","title":{"rendered":"POWERPUFF RUIDO: AMALIA TAL VEZ + VELX  + MAZU"},"content":{"rendered":"<div  class=\"tribe-events-schedule tribe-clearfix\" >\n\t<p class=\"tribe-events-schedule__datetime\">\n\t\t<span class=\"tribe-events-schedule__date tribe-events-schedule__date--start\">\n\t\t\t05  December  2025\t\t<\/span>\n\n\t\t\t\t\t<span class=\"tribe-events-schedule__separator tribe-events-schedule__separator--date\">\n\t\t\t\t@\t\t\t<\/span>\n\t\t\t<span class=\"tribe-events-schedule__time tribe-events-schedule__time--start\">\n\t\t\t\t21:00\t\t\t<\/span>\n\t\t\n\t\t\t\t\t\t\t\t\t<span class=\"tribe-events-schedule__separator tribe-events-schedule__separator--time\">\n\t\t\t\t\t&#8211;\t\t\t\t<\/span>\n\t\t\t\n\t\t\t\t\t\t\t<span class=\"tribe-events-schedule__time tribe-events-schedule__time--end\">\n\t\t\t\t\t23:45\t\t\t\t<\/span>\n\t\t\t\n\t\t\t\t\t\t<\/p>\n<\/div>\n\n\n<div  class=\"tribe-block tribe-block__event-price\" >\n\t\t\t<span class=\"tribe-block__event-price__cost\"> 10\u20ac <\/span>\n\t\t\t\t<span class=\"tribe-block__event-price__description\">+ gg Anticipada | 13\u20ac Taquilla<\/span>\n\t<\/div>\n\n\n\n<div style=\"height:100px\" aria-hidden=\"true\" class=\"wp-block-spacer\"><\/div>\n\n\n\n<div class=\"wp-block-columns is-layout-flex wp-container-core-columns-is-layout-8f761849 wp-block-columns-is-layout-flex\">\n<div class=\"wp-block-column is-layout-flow wp-block-column-is-layout-flow\" style=\"flex-basis:33.33%\">\n<figure class=\"wp-block-image size-large\"><img loading=\"lazy\" decoding=\"async\" width=\"729\" height=\"1040\" src=\"https:\/\/cafelapalma.com\/wp-content\/uploads\/2025\/10\/CARTEL-POWERPUFF-RUIDO_CONFALDONYHORA-1-729x1040.jpg\" alt=\"\" class=\"wp-image-32200\" srcset=\"https:\/\/cafelapalma.com\/wp-content\/uploads\/2025\/10\/CARTEL-POWERPUFF-RUIDO_CONFALDONYHORA-1-729x1040.jpg 729w, https:\/\/cafelapalma.com\/wp-content\/uploads\/2025\/10\/CARTEL-POWERPUFF-RUIDO_CONFALDONYHORA-1-210x300.jpg 210w, https:\/\/cafelapalma.com\/wp-content\/uploads\/2025\/10\/CARTEL-POWERPUFF-RUIDO_CONFALDONYHORA-1-768x1095.jpg 768w, https:\/\/cafelapalma.com\/wp-content\/uploads\/2025\/10\/CARTEL-POWERPUFF-RUIDO_CONFALDONYHORA-1-1077x1536.jpg 1077w, https:\/\/cafelapalma.com\/wp-content\/uploads\/2025\/10\/CARTEL-POWERPUFF-RUIDO_CONFALDONYHORA-1-1436x2048.jpg 1436w, https:\/\/cafelapalma.com\/wp-content\/uploads\/2025\/10\/CARTEL-POWERPUFF-RUIDO_CONFALDONYHORA-1-8x12.jpg 8w, https:\/\/cafelapalma.com\/wp-content\/uploads\/2025\/10\/CARTEL-POWERPUFF-RUIDO_CONFALDONYHORA-1-42x60.jpg 42w, https:\/\/cafelapalma.com\/wp-content\/uploads\/2025\/10\/CARTEL-POWERPUFF-RUIDO_CONFALDONYHORA-1.jpg 1623w\" sizes=\"auto, (max-width: 729px) 100vw, 729px\" \/><\/figure>\n\n\n<div  class=\"tribe-block tribe-block__event-website\" >\n\t<a\n\t\thref=\"https:\/\/www.passline.com\/eventos\/amalia-tal-vez-velx-mazu\"\n\t\ttarget=\"_self\"\n\t\t\t>\n\t\tBUY TICKETS\t<\/a>\n<\/div>\n<\/div>\n\n\n\n<div class=\"wp-block-column is-layout-flow wp-block-column-is-layout-flow\" style=\"flex-basis:66.66%\">\n<div style=\"height:29px\" aria-hidden=\"true\" class=\"wp-block-spacer\"><\/div>\n\n\n\n<p class=\"has-text-align-left wp-block-paragraph\">Powerpuff Ruido llega con la fusi\u00f3n perfecta entre el pop emocional y el rock distorsionado.<\/p>\n\n\n\n<p class=\"has-text-align-left wp-block-paragraph\">Los bercianos Mazu, la madrile\u00f1a Amalia Tal Vez y los sevillanos Velx se unen en Caf\u00e9 La Palma para traer Powerpuff Ruido, una fusi\u00f3n de intimidad indie y distorsi\u00f3n pop rock. Vente a Caf\u00e9 La Palma a flipar con Mazu (los que no disimulan el ruido), Amalia Tal Vez (la reina del pop emocional) y Velx (los que traen rock crudo, un bofet\u00f3n a tu coraz\u00f3n).<\/p>\n\n\n\n<p class=\"has-text-align-left wp-block-paragraph\">Si tu playlist va de la balada \u00edntima al grito distorsionado, Powerpuff Ruido es para ti.<\/p>\n\n\n\n<p class=\"has-text-align-left wp-block-paragraph\"><strong>AMALIA TAL VEZ <\/strong>es el proyecto musical de la madrile\u00f1a Amalia Pecos, un pop de autor que combina indie \u00edntimo, bedroom pop y toques soul o folk, siempre con frescura y humor. Sus letras, basadas en experiencias personales, mezclan tristeza, sinceridad y sarcasmo sobre melod\u00edas pegadizas. <br>Su debut, Si puede salir mal, retrata la vida ca\u00f3tica de la generaci\u00f3n zilennial, y en 2025 sorprendi\u00f3 atrevi\u00e9ndose con un chotis. Ahora prepara un nuevo EP con sonoridades m\u00e1s suaves y et\u00e9reas, acompa\u00f1ada de su banda en directo, ofreciendo canciones capaces de emocionar y conectar con el p\u00fablico en diferentes estados de<br>\u00e1nimo.<br><strong>VELX<\/strong> es una joven banda de rock de Sevilla con fuertes tintes del pop, punk y urbano. Con un sonido en\u00e9rgico, crudo, sugerente y vibra alternativa. Este a\u00f1o han lanzado su primer EP, Canciones De Pena, con el que han definido un sonido propio que te engancha desde el primer momento. Su m\u00e1xima es traer la fuerza del rock<br>combinada con las tendencias actuales, o como a ellos les gusta llamarlo \u00abRock sabor a mango\u00bb<br><strong>MAZU<\/strong> es una banda berciana de pop rock que recupera la esencia de los 2000 para darle un aire fresco y actual. Hacen canciones con estribillos pensados para que puedas cantarlos a gritos en la ducha o saltar frente al espejo\u2026 ellxs hacen las dos cosas. Su primer EP vio la luz en octubre y cada adelanto ha llegado acompa\u00f1ado de<br>su propio videoclip, dando forma a un universo audiovisual en el que han cuidado cada detalle para hacerlo fiel a su esencia..<\/p>\n\n\n\n<p class=\"has-text-align-right wp-block-paragraph\"><em><a href=\"https:\/\/open.spotify.com\/intl-es\/artist\/6U7oZd5TrUyaYhBP821vlU?si=nRbNzCqMST2om1nR48dU_w\">Listen to <\/a><\/em><strong><a href=\"https:\/\/open.spotify.com\/intl-es\/artist\/5vK4kTUNQKnY6bEE9XWtUN?si=2NPagGl2 TKO4M88SrQvgFQ\" target=\"_blank\" rel=\"noreferrer noopener\">AMALIA TAL VEZ<\/a><\/strong><em><a href=\"https:\/\/open.spotify.com\/intl-es\/artist\/6U7oZd5TrUyaYhBP821vlU?si=nRbNzCqMST2om1nR48dU_w\"> in <\/a><\/em><strong><a href=\"https:\/\/open.spotify.com\/intl-es\/artist\/5vK4kTUNQKnY6bEE9XWtUN?si=2NPagGl2 TKO4M88SrQvgFQ\" target=\"_blank\" rel=\"noreferrer noopener\">Spotify<\/a><\/strong><\/p>\n\n\n\n<p class=\"has-text-align-right wp-block-paragraph\"><em><a href=\"https:\/\/open.spotify.com\/intl-es\/artist\/6U7oZd5TrUyaYhBP821vlU?si=nRbNzCqMST2om1nR48dU_w\">Listen to <\/a><\/em><strong><a href=\"https:\/\/open.spotify.com\/artist\/4rGwpY6x2VsXxZ1iAevcGw?si=lvIzPIsKR-iZx9PEy 7Y54w\" target=\"_blank\" rel=\"noreferrer noopener\">VELX<\/a><\/strong><em><a href=\"https:\/\/open.spotify.com\/artist\/4rGwpY6x2VsXxZ1iAevcGw?si=lvIzPIsKR-iZx9PEy 7Y54w\" target=\"_blank\" rel=\"noreferrer noopener\"> in <\/a><\/em><strong><a href=\"https:\/\/open.spotify.com\/artist\/4rGwpY6x2VsXxZ1iAevcGw?si=lvIzPIsKR-iZx9PEy 7Y54w\" target=\"_blank\" rel=\"noreferrer noopener\">Spotify<\/a><\/strong><\/p>\n\n\n\n<p class=\"has-text-align-right wp-block-paragraph\"><em><a href=\"https:\/\/open.spotify.com\/intl-es\/artist\/6U7oZd5TrUyaYhBP821vlU?si=nRbNzCqMST2om1nR48dU_w\">Listen to <\/a><\/em><strong><a href=\"https:\/\/open.spotify.com\/intl-es\/artist\/2breQ5ihxCV86kdRRWHWBf?si=9Zit6TZd RJ6uk74bybHKoQ\" target=\"_blank\" rel=\"noreferrer noopener\">MAZU<\/a><\/strong><em><a href=\"https:\/\/open.spotify.com\/intl-es\/artist\/6U7oZd5TrUyaYhBP821vlU?si=nRbNzCqMST2om1nR48dU_w\"> in <\/a><\/em><strong><a href=\"https:\/\/open.spotify.com\/intl-es\/artist\/2breQ5ihxCV86kdRRWHWBf?si=9Zit6TZd RJ6uk74bybHKoQ\" target=\"_blank\" rel=\"noreferrer noopener\">Spotify<\/a><\/strong><\/p>\n<\/div>\n<\/div>\n\n\n\n<div class=\"wp-block-group is-nowrap is-layout-flex wp-container-core-group-is-layout-8f761849 wp-block-group-is-layout-flex\">\n<div style=\"height:100px;width:0px\" aria-hidden=\"true\" class=\"wp-block-spacer wp-container-content-6388d5dc\"><\/div>\n<\/div>\n\n\n\n<hr class=\"wp-block-separator has-alpha-channel-opacity\"\/>\n\n\n\n<div style=\"height:100px\" aria-hidden=\"true\" class=\"wp-block-spacer\"><\/div>\n\n\n<h2 class=\"tribe-block__related-events__title\">Related Events<\/h2>\n\n<ul  class=\"tribe-related-events tribe-clearfix\" >\n\t\t\t<li>\n\t\n<div class=\"tribe-related-events-thumbnail\">\n\t<a href=\"https:\/\/cafelapalma.com\/en\/programacion\/funkin-donuts\/\" class=\"url\" rel=\"bookmark\" tabindex=\"-1\" aria-hidden=\"true\"><img loading=\"lazy\" decoding=\"async\" width=\"693\" height=\"1040\" src=\"https:\/\/cafelapalma.com\/wp-content\/uploads\/2026\/07\/FD-vert2-bn-693x1040.jpg\" class=\"attachment-large size-large wp-post-image\" alt=\"\" \/><\/a>\n<\/div>\n\t<div class=\"tribe-related-event-info\">\n\t<h3 class=\"tribe-related-events-title\">\n\t\t<a href=\"https:\/\/cafelapalma.com\/en\/programacion\/funkin-donuts\/\" class=\"tribe-event-url\" rel=\"bookmark\">\n\t\t\tFUNKIN&#8217; DONUTS\t\t<\/a>\n\t<\/h3>\n\t<span class=\"tribe-event-date-start\">5  September@22:00<\/span><span class=\"tribe-event-time\">23:45<\/span><\/div>\n<\/li>\n\t\t\t<li>\n\t\n<div class=\"tribe-related-events-thumbnail\">\n\t<a href=\"https:\/\/cafelapalma.com\/en\/programacion\/backstage-le-petit-truffle-mayo\/\" class=\"url\" rel=\"bookmark\" tabindex=\"-1\" aria-hidden=\"true\"><img loading=\"lazy\" decoding=\"async\" width=\"780\" height=\"1040\" src=\"https:\/\/cafelapalma.com\/wp-content\/uploads\/2026\/07\/Imagen-TruffleMayo-LePetit-i-1-780x1040.png\" class=\"attachment-large size-large wp-post-image\" alt=\"\" \/><\/a>\n<\/div>\n\t<div class=\"tribe-related-event-info\">\n\t<h3 class=\"tribe-related-events-title\">\n\t\t<a href=\"https:\/\/cafelapalma.com\/en\/programacion\/backstage-le-petit-truffle-mayo\/\" class=\"tribe-event-url\" rel=\"bookmark\">\n\t\t\tBACKSTAGE: LE PETIT + TRUFFLE MAYO\t\t<\/a>\n\t<\/h3>\n\t<span class=\"tribe-event-date-start\">5  September@23:55<\/span><\/div>\n<\/li>\n\t\t\t<li>\n\t\n<div class=\"tribe-related-events-thumbnail\">\n\t<a href=\"https:\/\/cafelapalma.com\/en\/programacion\/willie-deville-concierto-benefico-x-venezuela\/\" class=\"url\" rel=\"bookmark\" tabindex=\"-1\" aria-hidden=\"true\"><img loading=\"lazy\" decoding=\"async\" width=\"1020\" height=\"531\" src=\"https:\/\/cafelapalma.com\/wp-content\/uploads\/2026\/08\/Willie-deville-1100x572-1-1040x541.jpg\" class=\"attachment-large size-large wp-post-image\" alt=\"\" \/><\/a>\n<\/div>\n\t<div class=\"tribe-related-event-info\">\n\t<h3 class=\"tribe-related-events-title\">\n\t\t<a href=\"https:\/\/cafelapalma.com\/en\/programacion\/willie-deville-concierto-benefico-x-venezuela\/\" class=\"tribe-event-url\" rel=\"bookmark\">\n\t\t\tWILLIE DEVILLE: CONCIERTO BEN\u00c9FICO X VENEZUELA\t\t<\/a>\n\t<\/h3>\n\t<span class=\"tribe-event-date-start\">6  September@21:00<\/span><span class=\"tribe-event-time\">23:45<\/span><\/div>\n<\/li>\n\t<\/ul>","protected":false},"excerpt":{"rendered":"<p>Powerpuff Ruido llega con la fusi\u00f3n perfecta entre el pop emocional y el rock distorsionado. Los bercianos Mazu, la madrile\u00f1a Amalia Tal Vez y los sevillanos Velx se unen en Caf\u00e9 La Palma para traer Powerpuff Ruido, una fusi\u00f3n de intimidad indie y distorsi\u00f3n pop rock. Vente a Caf\u00e9 La Palma a flipar con Mazu &hellip; <\/p>","protected":false},"author":8,"featured_media":32201,"template":"","meta":{"_tec_requires_first_save":false,"_uag_custom_page_level_css":"","loftloader_page_shortcode":"","_EventAllDay":false,"_EventTimezone":"Europe\/Madrid","_EventStartDate":"2025-12-05 21:00:00","_EventEndDate":"2025-12-05 23:45:00","_EventStartDateUTC":"2025-12-05 20:00:00","_EventEndDateUTC":"2025-12-05 22:45:00","_EventShowMap":false,"_EventShowMapLink":false,"_EventURL":"https:\/\/www.passline.com\/eventos\/amalia-tal-vez-velx-mazu","_EventCost":"10","_EventCostDescription":"","_EventCurrencySymbol":"\u20ac","_EventCurrencyCode":"USD","_EventCurrencyPosition":"suffix","_EventDateTimeSeparator":"@","_EventTimeRangeSeparator":"-","_EventOrganizerID":[],"_EventVenueID":[],"_OrganizerEmail":"","_OrganizerPhone":"","_OrganizerWebsite":"","_VenueAddress":"","_VenueCity":"","_VenueCountry":"","_VenueProvince":"","_VenueState":"","_VenueZip":"","_VenuePhone":"","_VenueURL":"","_VenueStateProvince":"","_VenueLat":"","_VenueLng":"","_VenueShowMap":false,"_VenueShowMapLink":false,"_tribe_blocks_recurrence_rules":"","_tribe_blocks_recurrence_description":"","_tribe_blocks_recurrence_exclusions":"","_ecp_custom_2":"","_tribe_events_status":"","_tribe_events_status_reason":"","_tribe_events_is_hybrid":"","_tribe_events_is_virtual":"","_tribe_events_virtual_video_source":"","_tribe_events_virtual_embed_video":"","_tribe_events_virtual_linked_button_text":"","_tribe_events_virtual_linked_button":"","_tribe_events_virtual_show_embed_at":"","_tribe_events_virtual_show_embed_to":[],"_tribe_events_virtual_show_on_event":"","_tribe_events_virtual_show_on_views":"","_tribe_events_virtual_url":"","footnotes":""},"tags":[18045,1363,2865,9147,9146,18046,1355,13464,1354,18044],"tribe_events_cat":[8963],"class_list":["post-32199","tribe_events","type-tribe_events","status-publish","has-post-thumbnail","hentry","tag-amaliatalvez","tag-cafe-la-palma","tag-conciertos-cafe-la-palma","tag-conciertos-madrid","tag-conciertos-malasana","tag-mazu","tag-pop","tag-powerpop","tag-rock","tag-velx","tribe_events_cat-concierto","cat_concierto"],"uagb_featured_image_src":{"full":["https:\/\/cafelapalma.com\/wp-content\/uploads\/2025\/10\/Cartel-Concierto-Collage-Fotografico-Gris-Celeste.jpg",1945,2750,false],"thumbnail":["https:\/\/cafelapalma.com\/wp-content\/uploads\/2025\/10\/Cartel-Concierto-Collage-Fotografico-Gris-Celeste-150x150.jpg",150,150,true],"medium":["https:\/\/cafelapalma.com\/wp-content\/uploads\/2025\/10\/Cartel-Concierto-Collage-Fotografico-Gris-Celeste-212x300.jpg",212,300,true],"medium_large":["https:\/\/cafelapalma.com\/wp-content\/uploads\/2025\/10\/Cartel-Concierto-Collage-Fotografico-Gris-Celeste-768x1086.jpg",768,1086,true],"large":["https:\/\/cafelapalma.com\/wp-content\/uploads\/2025\/10\/Cartel-Concierto-Collage-Fotografico-Gris-Celeste-736x1040.jpg",736,1040,true],"1536x1536":["https:\/\/cafelapalma.com\/wp-content\/uploads\/2025\/10\/Cartel-Concierto-Collage-Fotografico-Gris-Celeste-1086x1536.jpg",1086,1536,true],"2048x2048":["https:\/\/cafelapalma.com\/wp-content\/uploads\/2025\/10\/Cartel-Concierto-Collage-Fotografico-Gris-Celeste-1448x2048.jpg",1448,2048,true],"trp-custom-language-flag":["https:\/\/cafelapalma.com\/wp-content\/uploads\/2025\/10\/Cartel-Concierto-Collage-Fotografico-Gris-Celeste-8x12.jpg",8,12,true],"blossom-feminine-slider":["https:\/\/cafelapalma.com\/wp-content\/uploads\/2025\/10\/Cartel-Concierto-Collage-Fotografico-Gris-Celeste-1920x649.jpg",1920,649,true],"blossom-feminine-featured":["https:\/\/cafelapalma.com\/wp-content\/uploads\/2025\/10\/Cartel-Concierto-Collage-Fotografico-Gris-Celeste-1410x600.jpg",1410,600,true],"blossom-feminine-with-sidebar":["https:\/\/cafelapalma.com\/wp-content\/uploads\/2025\/10\/Cartel-Concierto-Collage-Fotografico-Gris-Celeste-1020x600.jpg",1020,600,true],"blossom-feminine-blog":["https:\/\/cafelapalma.com\/wp-content\/uploads\/2025\/10\/Cartel-Concierto-Collage-Fotografico-Gris-Celeste-435x435.jpg",435,435,true],"blossom-feminine-cat":["https:\/\/cafelapalma.com\/wp-content\/uploads\/2025\/10\/Cartel-Concierto-Collage-Fotografico-Gris-Celeste-450x300.jpg",450,300,true],"blossom-feminine-related":["https:\/\/cafelapalma.com\/wp-content\/uploads\/2025\/10\/Cartel-Concierto-Collage-Fotografico-Gris-Celeste-320x200.jpg",320,200,true],"blossom-feminine-schema":["https:\/\/cafelapalma.com\/wp-content\/uploads\/2025\/10\/Cartel-Concierto-Collage-Fotografico-Gris-Celeste-42x60.jpg",42,60,true]},"uagb_author_info":{"display_name":"Germ\u00e1n","author_link":"https:\/\/cafelapalma.com\/en\/author\/admin-2\/"},"uagb_comment_info":0,"uagb_excerpt":"Powerpuff Ruido llega con la fusi\u00f3n perfecta entre el pop emocional y el rock distorsionado. Los bercianos Mazu, la madrile\u00f1a Amalia Tal Vez y los sevillanos Velx se unen en Caf\u00e9 La Palma para traer Powerpuff Ruido, una fusi\u00f3n de intimidad indie y distorsi\u00f3n pop rock. Vente a Caf\u00e9 La Palma a flipar con Mazu&hellip;","_links":{"self":[{"href":"https:\/\/cafelapalma.com\/en\/wp-json\/wp\/v2\/tribe_events\/32199","targetHints":{"allow":["GET"]}}],"collection":[{"href":"https:\/\/cafelapalma.com\/en\/wp-json\/wp\/v2\/tribe_events"}],"about":[{"href":"https:\/\/cafelapalma.com\/en\/wp-json\/wp\/v2\/types\/tribe_events"}],"author":[{"embeddable":true,"href":"https:\/\/cafelapalma.com\/en\/wp-json\/wp\/v2\/users\/8"}],"version-history":[{"count":0,"href":"https:\/\/cafelapalma.com\/en\/wp-json\/wp\/v2\/tribe_events\/32199\/revisions"}],"wp:featuredmedia":[{"embeddable":true,"href":"https:\/\/cafelapalma.com\/en\/wp-json\/wp\/v2\/media\/32201"}],"wp:attachment":[{"href":"https:\/\/cafelapalma.com\/en\/wp-json\/wp\/v2\/media?parent=32199"}],"wp:term":[{"taxonomy":"post_tag","embeddable":true,"href":"https:\/\/cafelapalma.com\/en\/wp-json\/wp\/v2\/tags?post=32199"},{"taxonomy":"tribe_events_cat","embeddable":true,"href":"https:\/\/cafelapalma.com\/en\/wp-json\/wp\/v2\/tribe_events_cat?post=32199"}],"curies":[{"name":"wp","href":"https:\/\/api.w.org\/{rel}","templated":true}]}}