{"id":32224,"date":"2025-10-23T22:22:22","date_gmt":"2025-10-23T20:22:22","guid":{"rendered":"https:\/\/cafelapalma.com\/?post_type=tribe_events&#038;p=32224"},"modified":"2025-11-05T18:49:15","modified_gmt":"2025-11-05T17:49:15","slug":"marsastre","status":"publish","type":"tribe_events","link":"https:\/\/cafelapalma.com\/en\/programacion\/marsastre\/","title":{"rendered":"MARC SASTRE"},"content":{"rendered":"<div  class=\"tribe-events-schedule tribe-clearfix\" >\n\t<p class=\"tribe-events-schedule__datetime\">\n\t\t<span class=\"tribe-events-schedule__date tribe-events-schedule__date--start\">\n\t\t\t26  November  2025\t\t<\/span>\n\n\t\t\t\t\t<span class=\"tribe-events-schedule__separator tribe-events-schedule__separator--date\">\n\t\t\t\t@\t\t\t<\/span>\n\t\t\t<span class=\"tribe-events-schedule__time tribe-events-schedule__time--start\">\n\t\t\t\t21:00\t\t\t<\/span>\n\t\t\n\t\t\t\t\t\t\t\t\t<span class=\"tribe-events-schedule__separator tribe-events-schedule__separator--time\">\n\t\t\t\t\t&#8211;\t\t\t\t<\/span>\n\t\t\t\n\t\t\t\t\t\t\t<span class=\"tribe-events-schedule__time tribe-events-schedule__time--end\">\n\t\t\t\t\t23:00\t\t\t\t<\/span>\n\t\t\t\n\t\t\t\t\t\t<\/p>\n<\/div>\n\n\n<div  class=\"tribe-block tribe-block__event-price\" >\n\t\t\t<span class=\"tribe-block__event-price__cost\"> 10\u20ac <\/span>\n\t\t\t\t<span class=\"tribe-block__event-price__description\">+ gg Anticipada | 13\u20ac Taquilla<\/span>\n\t<\/div>\n\n\n\n<div style=\"height:52px\" aria-hidden=\"true\" class=\"wp-block-spacer\"><\/div>\n\n\n\n<div class=\"wp-block-columns is-layout-flex wp-container-core-columns-is-layout-8f761849 wp-block-columns-is-layout-flex\">\n<div class=\"wp-block-column is-layout-flow wp-block-column-is-layout-flow\" style=\"flex-basis:33.33%\">\n<figure class=\"wp-block-image size-large\"><img loading=\"lazy\" decoding=\"async\" width=\"585\" height=\"1040\" src=\"https:\/\/cafelapalma.com\/wp-content\/uploads\/2025\/10\/MarcSastre-Instagram-Stories-Cafe-La-Palma-585x1040.jpg\" alt=\"\" class=\"wp-image-32225\" srcset=\"https:\/\/cafelapalma.com\/wp-content\/uploads\/2025\/10\/MarcSastre-Instagram-Stories-Cafe-La-Palma-585x1040.jpg 585w, https:\/\/cafelapalma.com\/wp-content\/uploads\/2025\/10\/MarcSastre-Instagram-Stories-Cafe-La-Palma-169x300.jpg 169w, https:\/\/cafelapalma.com\/wp-content\/uploads\/2025\/10\/MarcSastre-Instagram-Stories-Cafe-La-Palma-768x1365.jpg 768w, https:\/\/cafelapalma.com\/wp-content\/uploads\/2025\/10\/MarcSastre-Instagram-Stories-Cafe-La-Palma-864x1536.jpg 864w, https:\/\/cafelapalma.com\/wp-content\/uploads\/2025\/10\/MarcSastre-Instagram-Stories-Cafe-La-Palma-7x12.jpg 7w, https:\/\/cafelapalma.com\/wp-content\/uploads\/2025\/10\/MarcSastre-Instagram-Stories-Cafe-La-Palma-34x60.jpg 34w, https:\/\/cafelapalma.com\/wp-content\/uploads\/2025\/10\/MarcSastre-Instagram-Stories-Cafe-La-Palma.jpg 1080w\" sizes=\"auto, (max-width: 585px) 100vw, 585px\" \/><\/figure>\n\n\n<div  class=\"tribe-block tribe-block__event-website\" >\n\t<a\n\t\thref=\"https:\/\/www.passline.com\/eventos\/marc-sastre\"\n\t\ttarget=\"_self\"\n\t\t\t>\n\t\tBUY TICKETS\t<\/a>\n<\/div>\n<\/div>\n\n\n\n<div class=\"wp-block-column is-layout-flow wp-block-column-is-layout-flow\" style=\"flex-basis:66.66%\">\n<div style=\"height:42px\" aria-hidden=\"true\" class=\"wp-block-spacer\"><\/div>\n\n\n\n<p class=\"has-text-align-left wp-block-paragraph\"><strong>MARC SASTRE<\/strong>, nacido en Barcelona y afincado en Madrid, cree firmemente en que la m\u00fasica instrumental es un lenguaje universal muy poderoso para transmitir emociones.<br>Tras tocar en diversas bandas de distintos estilos a lo largo de su carrera, Marc explor\u00f3 durante m\u00e1s de diez a\u00f1os el mundo de las artes esc\u00e9nicas, componiendo para teatro y circo contempor\u00e1neo, adem\u00e1s de crear bandas sonoras para proyectos audiovisules. <\/p>\n\n\n\n<p class=\"has-text-align-left wp-block-paragraph\">En estas experiencias encontr\u00f3 una identidad art\u00edstica propia, que presenta ahora con su \u00e1lbum debut, Rever: Una m\u00fasica instrumental org\u00e1nica y sensible pero con destellos de rock progresivo, que que lleva al directo con un looper y una amplia gama de efectos.<\/p>\n\n\n\n<p class=\"has-text-align-left wp-block-paragraph\"><br>Sus influencias van desde artistas instrumentales como Ren\u00e9 Aubry, Gustavo Santaolalla y Hermanos Guti\u00e9rrez; el jazz de Pat Metheny y Django Reinhardt; la sensibilidad de Ry X y Patrick Watson; los paisajes sonoros de Steve Reich y Nils Frahm; hasta los cl\u00e1sicos del<br>blues y el rock. Y, por encima de todo, The Beatles.<\/p>\n\n\n\n<p class=\"has-text-align-left wp-block-paragraph\">.<\/p>\n\n\n\n<p class=\"has-text-align-right wp-block-paragraph\"><em> Listen to<\/em> <a style=\"font-weight: bold\" href=\"https:\/\/open.spotify.com\/intl-es\/artist\/3B3zpXF4fBkyD6c1JtYlQa?si=y1MUZFmITl-VZiWVVGZngw\" target=\"_blank\" rel=\"noreferrer noopener\">MARC SASTRE<\/a><em><a href=\"https:\/\/open.spotify.com\/intl-es\/artist\/3B3zpXF4fBkyD6c1JtYlQa?si=y1MUZFmITl-VZiWVVGZngw\" target=\"_blank\" rel=\"noreferrer noopener\"> <\/a>in <\/em><strong>Spotify<\/strong><\/p>\n<\/div>\n<\/div>\n\n\n\n<div class=\"wp-block-group is-nowrap is-layout-flex wp-container-core-group-is-layout-8f761849 wp-block-group-is-layout-flex\">\n<div style=\"height:100px;width:0px\" aria-hidden=\"true\" class=\"wp-block-spacer wp-container-content-6388d5dc\"><\/div>\n<\/div>\n\n\n\n<hr class=\"wp-block-separator has-alpha-channel-opacity\"\/>\n\n\n\n<div style=\"height:100px\" aria-hidden=\"true\" class=\"wp-block-spacer\"><\/div>\n\n\n<h2 class=\"tribe-block__related-events__title\">Related Events<\/h2>\n\n<ul  class=\"tribe-related-events tribe-clearfix\" >\n\t\t\t<li>\n\t\n<div class=\"tribe-related-events-thumbnail\">\n\t<a href=\"https:\/\/cafelapalma.com\/en\/programacion\/funkin-donuts\/\" class=\"url\" rel=\"bookmark\" tabindex=\"-1\" aria-hidden=\"true\"><img loading=\"lazy\" decoding=\"async\" width=\"693\" height=\"1040\" src=\"https:\/\/cafelapalma.com\/wp-content\/uploads\/2026\/07\/FD-vert2-bn-693x1040.jpg\" class=\"attachment-large size-large wp-post-image\" alt=\"\" \/><\/a>\n<\/div>\n\t<div class=\"tribe-related-event-info\">\n\t<h3 class=\"tribe-related-events-title\">\n\t\t<a href=\"https:\/\/cafelapalma.com\/en\/programacion\/funkin-donuts\/\" class=\"tribe-event-url\" rel=\"bookmark\">\n\t\t\tFUNKIN&#8217; DONUTS\t\t<\/a>\n\t<\/h3>\n\t<span class=\"tribe-event-date-start\">5  September@22:00<\/span><span class=\"tribe-event-time\">23:45<\/span><\/div>\n<\/li>\n\t\t\t<li>\n\t\n<div class=\"tribe-related-events-thumbnail\">\n\t<a href=\"https:\/\/cafelapalma.com\/en\/programacion\/backstage-le-petit-truffle-mayo\/\" class=\"url\" rel=\"bookmark\" tabindex=\"-1\" aria-hidden=\"true\"><img loading=\"lazy\" decoding=\"async\" width=\"780\" height=\"1040\" src=\"https:\/\/cafelapalma.com\/wp-content\/uploads\/2026\/07\/Imagen-TruffleMayo-LePetit-i-1-780x1040.png\" class=\"attachment-large size-large wp-post-image\" alt=\"\" \/><\/a>\n<\/div>\n\t<div class=\"tribe-related-event-info\">\n\t<h3 class=\"tribe-related-events-title\">\n\t\t<a href=\"https:\/\/cafelapalma.com\/en\/programacion\/backstage-le-petit-truffle-mayo\/\" class=\"tribe-event-url\" rel=\"bookmark\">\n\t\t\tBACKSTAGE: LE PETIT + TRUFFLE MAYO\t\t<\/a>\n\t<\/h3>\n\t<span class=\"tribe-event-date-start\">5  September@23:55<\/span><\/div>\n<\/li>\n\t\t\t<li>\n\t\n<div class=\"tribe-related-events-thumbnail\">\n\t<a href=\"https:\/\/cafelapalma.com\/en\/programacion\/willie-deville-concierto-benefico-x-venezuela\/\" class=\"url\" rel=\"bookmark\" tabindex=\"-1\" aria-hidden=\"true\"><img loading=\"lazy\" decoding=\"async\" width=\"1020\" height=\"531\" src=\"https:\/\/cafelapalma.com\/wp-content\/uploads\/2026\/08\/Willie-deville-1100x572-1-1040x541.jpg\" class=\"attachment-large size-large wp-post-image\" alt=\"\" \/><\/a>\n<\/div>\n\t<div class=\"tribe-related-event-info\">\n\t<h3 class=\"tribe-related-events-title\">\n\t\t<a href=\"https:\/\/cafelapalma.com\/en\/programacion\/willie-deville-concierto-benefico-x-venezuela\/\" class=\"tribe-event-url\" rel=\"bookmark\">\n\t\t\tWILLIE DEVILLE: CONCIERTO BEN\u00c9FICO X VENEZUELA\t\t<\/a>\n\t<\/h3>\n\t<span class=\"tribe-event-date-start\">6  September@21:00<\/span><span class=\"tribe-event-time\">23:45<\/span><\/div>\n<\/li>\n\t<\/ul>","protected":false},"excerpt":{"rendered":"<p>MARC SASTRE, nacido en Barcelona y afincado en Madrid, cree firmemente en que la m\u00fasica instrumental es un lenguaje universal muy poderoso para transmitir emociones.Tras tocar en diversas bandas de distintos estilos a lo largo de su carrera, Marc explor\u00f3 durante m\u00e1s de diez a\u00f1os el mundo de las artes esc\u00e9nicas, componiendo para teatro y &hellip; <\/p>","protected":false},"author":8,"featured_media":32226,"template":"","meta":{"_tec_requires_first_save":false,"_uag_custom_page_level_css":"","loftloader_page_shortcode":"","_EventAllDay":false,"_EventTimezone":"Europe\/Madrid","_EventStartDate":"2025-11-26 21:00:00","_EventEndDate":"2025-11-26 23:00:00","_EventStartDateUTC":"2025-11-26 20:00:00","_EventEndDateUTC":"2025-11-26 22:00:00","_EventShowMap":false,"_EventShowMapLink":false,"_EventURL":"https:\/\/www.passline.com\/eventos\/marc-sastre","_EventCost":"10","_EventCostDescription":"","_EventCurrencySymbol":"\u20ac","_EventCurrencyCode":"USD","_EventCurrencyPosition":"suffix","_EventDateTimeSeparator":"@","_EventTimeRangeSeparator":"-","_EventOrganizerID":[],"_EventVenueID":[],"_OrganizerEmail":"","_OrganizerPhone":"","_OrganizerWebsite":"","_VenueAddress":"","_VenueCity":"","_VenueCountry":"","_VenueProvince":"","_VenueState":"","_VenueZip":"","_VenuePhone":"","_VenueURL":"","_VenueStateProvince":"","_VenueLat":"","_VenueLng":"","_VenueShowMap":false,"_VenueShowMapLink":false,"_tribe_blocks_recurrence_rules":"","_tribe_blocks_recurrence_description":"","_tribe_blocks_recurrence_exclusions":"","_ecp_custom_2":"","_tribe_events_status":"","_tribe_events_status_reason":"","_tribe_events_is_hybrid":"","_tribe_events_is_virtual":"","_tribe_events_virtual_video_source":"","_tribe_events_virtual_embed_video":"","_tribe_events_virtual_linked_button_text":"","_tribe_events_virtual_linked_button":"","_tribe_events_virtual_show_embed_at":"","_tribe_events_virtual_show_embed_to":[],"_tribe_events_virtual_show_on_event":"","_tribe_events_virtual_show_on_views":"","_tribe_events_virtual_url":"","footnotes":""},"tags":[18029,1363,2865,9147,9146,9528,8970,1355],"tribe_events_cat":[8963],"class_list":["post-32224","tribe_events","type-tribe_events","status-publish","has-post-thumbnail","hentry","tag-altillo","tag-cafe-la-palma","tag-conciertos-cafe-la-palma","tag-conciertos-madrid","tag-conciertos-malasana","tag-folk","tag-indie","tag-pop","tribe_events_cat-concierto","cat_concierto"],"uagb_featured_image_src":{"full":["https:\/\/cafelapalma.com\/wp-content\/uploads\/2025\/10\/Marc-Vertical333.jpg",2500,2500,false],"thumbnail":["https:\/\/cafelapalma.com\/wp-content\/uploads\/2025\/10\/Marc-Vertical333-150x150.jpg",150,150,true],"medium":["https:\/\/cafelapalma.com\/wp-content\/uploads\/2025\/10\/Marc-Vertical333-300x300.jpg",300,300,true],"medium_large":["https:\/\/cafelapalma.com\/wp-content\/uploads\/2025\/10\/Marc-Vertical333-768x768.jpg",768,768,true],"large":["https:\/\/cafelapalma.com\/wp-content\/uploads\/2025\/10\/Marc-Vertical333-1040x1040.jpg",1020,1020,true],"1536x1536":["https:\/\/cafelapalma.com\/wp-content\/uploads\/2025\/10\/Marc-Vertical333-1536x1536.jpg",1536,1536,true],"2048x2048":["https:\/\/cafelapalma.com\/wp-content\/uploads\/2025\/10\/Marc-Vertical333-2048x2048.jpg",2048,2048,true],"trp-custom-language-flag":["https:\/\/cafelapalma.com\/wp-content\/uploads\/2025\/10\/Marc-Vertical333-12x12.jpg",12,12,true],"blossom-feminine-slider":["https:\/\/cafelapalma.com\/wp-content\/uploads\/2025\/10\/Marc-Vertical333-1920x649.jpg",1920,649,true],"blossom-feminine-featured":["https:\/\/cafelapalma.com\/wp-content\/uploads\/2025\/10\/Marc-Vertical333-1410x600.jpg",1410,600,true],"blossom-feminine-with-sidebar":["https:\/\/cafelapalma.com\/wp-content\/uploads\/2025\/10\/Marc-Vertical333-1020x600.jpg",1020,600,true],"blossom-feminine-blog":["https:\/\/cafelapalma.com\/wp-content\/uploads\/2025\/10\/Marc-Vertical333-435x435.jpg",435,435,true],"blossom-feminine-cat":["https:\/\/cafelapalma.com\/wp-content\/uploads\/2025\/10\/Marc-Vertical333-450x300.jpg",450,300,true],"blossom-feminine-related":["https:\/\/cafelapalma.com\/wp-content\/uploads\/2025\/10\/Marc-Vertical333-320x200.jpg",320,200,true],"blossom-feminine-schema":["https:\/\/cafelapalma.com\/wp-content\/uploads\/2025\/10\/Marc-Vertical333-60x60.jpg",60,60,true]},"uagb_author_info":{"display_name":"Germ\u00e1n","author_link":"https:\/\/cafelapalma.com\/en\/author\/admin-2\/"},"uagb_comment_info":0,"uagb_excerpt":"MARC SASTRE, nacido en Barcelona y afincado en Madrid, cree firmemente en que la m\u00fasica instrumental es un lenguaje universal muy poderoso para transmitir emociones.Tras tocar en diversas bandas de distintos estilos a lo largo de su carrera, Marc explor\u00f3 durante m\u00e1s de diez a\u00f1os el mundo de las artes esc\u00e9nicas, componiendo para teatro y&hellip;","_links":{"self":[{"href":"https:\/\/cafelapalma.com\/en\/wp-json\/wp\/v2\/tribe_events\/32224","targetHints":{"allow":["GET"]}}],"collection":[{"href":"https:\/\/cafelapalma.com\/en\/wp-json\/wp\/v2\/tribe_events"}],"about":[{"href":"https:\/\/cafelapalma.com\/en\/wp-json\/wp\/v2\/types\/tribe_events"}],"author":[{"embeddable":true,"href":"https:\/\/cafelapalma.com\/en\/wp-json\/wp\/v2\/users\/8"}],"version-history":[{"count":0,"href":"https:\/\/cafelapalma.com\/en\/wp-json\/wp\/v2\/tribe_events\/32224\/revisions"}],"wp:featuredmedia":[{"embeddable":true,"href":"https:\/\/cafelapalma.com\/en\/wp-json\/wp\/v2\/media\/32226"}],"wp:attachment":[{"href":"https:\/\/cafelapalma.com\/en\/wp-json\/wp\/v2\/media?parent=32224"}],"wp:term":[{"taxonomy":"post_tag","embeddable":true,"href":"https:\/\/cafelapalma.com\/en\/wp-json\/wp\/v2\/tags?post=32224"},{"taxonomy":"tribe_events_cat","embeddable":true,"href":"https:\/\/cafelapalma.com\/en\/wp-json\/wp\/v2\/tribe_events_cat?post=32224"}],"curies":[{"name":"wp","href":"https:\/\/api.w.org\/{rel}","templated":true}]}}