{"id":32384,"date":"2025-11-10T10:38:04","date_gmt":"2025-11-10T09:38:04","guid":{"rendered":"https:\/\/cafelapalma.com\/?post_type=tribe_events&#038;p=32384"},"modified":"2025-11-10T12:02:54","modified_gmt":"2025-11-10T11:02:54","slug":"lumen-oid_alex_modesto_combret","status":"publish","type":"tribe_events","link":"https:\/\/cafelapalma.com\/en\/programacion\/lumen-oid_alex_modesto_combret\/","title":{"rendered":"LUMEN.OID: MODESTO + ALEX + COMBRET"},"content":{"rendered":"<div  class=\"tribe-events-schedule tribe-clearfix\" >\n\t<p class=\"tribe-events-schedule__datetime\">\n\t\t<span class=\"tribe-events-schedule__date tribe-events-schedule__date--start\">\n\t\t\t15  November  2025\t\t<\/span>\n\n\t\t\t\t\t<span class=\"tribe-events-schedule__separator tribe-events-schedule__separator--date\">\n\t\t\t\t@\t\t\t<\/span>\n\t\t\t<span class=\"tribe-events-schedule__time tribe-events-schedule__time--start\">\n\t\t\t\t23:50\t\t\t<\/span>\n\t\t\n\t\t\t<\/p>\n<\/div>\n\n\n<div  class=\"tribe-block tribe-block__event-price\" >\n\t\t\t<span class=\"tribe-block__event-price__cost\"> ENTRADA LIBRE <\/span>\n\t\t\t\t<span class=\"tribe-block__event-price__description\">hasta la 01:00 | 13\u20ac taquilla de 01:00 a 03:00 (incluye UNA COPA o DOS CERVEZAS) | 15\u20ac taquilla de 03:00 a cierre (incluye UNA COPA).<\/span>\n\t<\/div>\n\n\n\n<div style=\"height:100px\" aria-hidden=\"true\" class=\"wp-block-spacer\"><\/div>\n\n\n\n<div class=\"wp-block-columns is-layout-flex wp-container-core-columns-is-layout-8f761849 wp-block-columns-is-layout-flex\">\n<div class=\"wp-block-column is-layout-flow wp-block-column-is-layout-flow\" style=\"flex-basis:33.33%\">\n<div class=\"wp-block-uagb-image uagb-block-4de66685 wp-block-uagb-image--layout-default wp-block-uagb-image--effect-static wp-block-uagb-image--align-none\"><figure class=\"wp-block-uagb-image__figure\"><img decoding=\"async\" src=\"https:\/\/cafelapalma.com\/wp-content\/uploads\/2025\/11\/Lumen.oid-1080-x-1920-px-585x1040.jpg\" alt=\"\" class=\"uag-image-32397\" width=\"1040\" height=\"1040\" title=\"Lumen.oid (1080 x 1920 px)\" loading=\"lazy\" role=\"img\" \/><\/figure><\/div>\n<\/div>\n\n\n\n<div class=\"wp-block-column is-layout-flow wp-block-column-is-layout-flow\" style=\"flex-basis:66.66%\">\n<p class=\"wp-block-paragraph\"><\/p>\n\n\n\n<p class=\"has-text-align-left wp-block-paragraph\">\u201c<em>Aquella forma que adopta la luz al reaccionar con los graves en la pista, nosotros, el baile.<\/em>\u201d<\/p>\n\n\n\n<p class=\"has-text-align-left wp-block-paragraph\"><br><strong>Lumen.oid<\/strong> es un encuentro donde la luz cobra vida a trav\u00e9s del sonido y el movimiento. Cada destello vibra al ritmo del\u00a0House, el brillo del\u00a0Disco, la calidez del\u00a0<strong>Nu Disco<\/strong>\u00a0y los\u00a0sonidos frescos\u00a0que nos envuelven en una atm\u00f3sfera divertida, elegante y profundamente humana. Aqu\u00ed, la pista se transforma en un espacio de conexi\u00f3n: entre luces, cuerpos y frecuencias que nos invitan a\u00a0bailar sin pretensiones, compartir energ\u00eda y conocer almas que vibran igual. No importa si vienes solo o acompa\u00f1ado. En <strong>Lumen.oid<\/strong>, todos somos parte del mismo pulso luminoso.<\/p>\n\n\n\n<p class=\"has-text-align-left wp-block-paragraph\"><strong>Modesto<\/strong>: Mel\u00f3mano por naturaleza. Se maneja entre diferentes estilos, siendo la lectura del p\u00fablico su fuerte y esta vez estrenando una nueva marca. Un nuevo sonido para los que conocen partes de su repertorio musical, con l\u00edneas de <strong>House <\/strong>frescas, elegantes, con toques minimalistas, espaciales y \u00e1cidos, llenas de percusi\u00f3n dirigidas enteramente a la pista de baile con la intenci\u00f3n de traducir la m\u00fasica en pasos prohibidos por parte de todos en la sala.<br><\/p>\n\n\n\n<p class=\"has-text-align-right wp-block-paragraph\"><em>Sigue a <\/em>MODESTO <em>in <\/em><a href=\"https:\/\/www.instagram.com\/modesto_o\/\" target=\"_blank\" rel=\"noreferrer noopener\">Instagram<\/a><\/p>\n\n\n\n<p class=\"has-text-align-left wp-block-paragraph\"><strong>Alex:<\/strong> Caso paradigm\u00e1tico donde los haya, este artista no aparece en los reels de instagram ni nada por el estilo. Su presencia en el mundo digital no existe, y sin embargo posee una indudable e inquebrantable conexi\u00f3n con danzers y seguidores del mundo anal\u00f3gico a base de m\u00fasica magistralmente curada, un p\u00fablico fiel, y una propuesta sin cors\u00e9s.<\/p>\n\n\n\n<p class=\"has-text-align-right wp-block-paragraph\"><em>Sigue a <\/em>Alex <em>in <\/em><a href=\"https:\/\/www.instagram.com\/combret__\/\" target=\"_blank\" rel=\"noreferrer noopener\">Instagram<\/a><\/p>\n\n\n\n<p class=\"has-text-align-left wp-block-paragraph\"><strong>Combret: <\/strong>DJ y productor franc\u00e9s nacido en Madrid. Apasionado por la m\u00fasica electr\u00f3nica desde la infancia, compr\u00f3 sus primeros platos a los doce a\u00f1os y desde entonces ha estado dando forma a su propio sonido. Amante de las buenas fiestas y de los buenos sistemas de sonido, las selecciones de Combret siempre est\u00e1n pensadas para la pista de baile, ya sea pinchando <strong>Electro<\/strong>, <strong>Minimal <\/strong>o cualquier variante del House. Basado en Madrid, Combret ha llevado su sonido a diferentes clubs de la ciudad como Cadavra, Goya Social Club, Lab the Club, entre otros. Tambi\u00e9n es cofundador de Lowpress, un colectivo que nace de la uni\u00f3n entre clubbers de origen franc\u00e9s, colombiano y espa\u00f1ol con el objetivo de impulsar la cultura de club, hacer crecer la escena underground y apoyar al talento local.<br><\/p>\n\n\n\n<p class=\"has-text-align-right wp-block-paragraph\"><em>Listen to <\/em>Combret <a href=\"https:\/\/www.youtube.com\/watch?v=6Ke8ENxaD94&amp;list=RD6Ke8ENxaD94&amp;start_radio=1\" target=\"_blank\" rel=\"noreferrer noopener\">here<\/a>.<\/p>\n<\/div>\n<\/div>\n\n\n\n<div style=\"height:100px\" aria-hidden=\"true\" class=\"wp-block-spacer\"><\/div>\n\n\n\n<hr class=\"wp-block-separator has-alpha-channel-opacity\"\/>\n\n\n\n<div style=\"height:100px\" aria-hidden=\"true\" class=\"wp-block-spacer\"><\/div>\n\n\n<h2 class=\"tribe-block__related-events__title\">Related Events<\/h2>\n\n<ul  class=\"tribe-related-events tribe-clearfix\" >\n\t\t\t<li>\n\t\n<div class=\"tribe-related-events-thumbnail\">\n\t<a href=\"https:\/\/cafelapalma.com\/en\/programacion\/funkin-donuts\/\" class=\"url\" rel=\"bookmark\" tabindex=\"-1\" aria-hidden=\"true\"><img loading=\"lazy\" decoding=\"async\" width=\"693\" height=\"1040\" src=\"https:\/\/cafelapalma.com\/wp-content\/uploads\/2026\/07\/FD-vert2-bn-693x1040.jpg\" class=\"attachment-large size-large wp-post-image\" alt=\"\" \/><\/a>\n<\/div>\n\t<div class=\"tribe-related-event-info\">\n\t<h3 class=\"tribe-related-events-title\">\n\t\t<a href=\"https:\/\/cafelapalma.com\/en\/programacion\/funkin-donuts\/\" class=\"tribe-event-url\" rel=\"bookmark\">\n\t\t\tFUNKIN&#8217; DONUTS\t\t<\/a>\n\t<\/h3>\n\t<span class=\"tribe-event-date-start\">5  September@22:00<\/span><span class=\"tribe-event-time\">23:45<\/span><\/div>\n<\/li>\n\t\t\t<li>\n\t\n<div class=\"tribe-related-events-thumbnail\">\n\t<a href=\"https:\/\/cafelapalma.com\/en\/programacion\/backstage-le-petit-truffle-mayo\/\" class=\"url\" rel=\"bookmark\" tabindex=\"-1\" aria-hidden=\"true\"><img loading=\"lazy\" decoding=\"async\" width=\"780\" height=\"1040\" src=\"https:\/\/cafelapalma.com\/wp-content\/uploads\/2026\/07\/Imagen-TruffleMayo-LePetit-i-1-780x1040.png\" class=\"attachment-large size-large wp-post-image\" alt=\"\" \/><\/a>\n<\/div>\n\t<div class=\"tribe-related-event-info\">\n\t<h3 class=\"tribe-related-events-title\">\n\t\t<a href=\"https:\/\/cafelapalma.com\/en\/programacion\/backstage-le-petit-truffle-mayo\/\" class=\"tribe-event-url\" rel=\"bookmark\">\n\t\t\tBACKSTAGE: LE PETIT + TRUFFLE MAYO\t\t<\/a>\n\t<\/h3>\n\t<span class=\"tribe-event-date-start\">5  September@23:55<\/span><\/div>\n<\/li>\n\t\t\t<li>\n\t\n<div class=\"tribe-related-events-thumbnail\">\n\t<a href=\"https:\/\/cafelapalma.com\/en\/programacion\/willie-deville-concierto-benefico-x-venezuela\/\" class=\"url\" rel=\"bookmark\" tabindex=\"-1\" aria-hidden=\"true\"><img loading=\"lazy\" decoding=\"async\" width=\"1020\" height=\"531\" src=\"https:\/\/cafelapalma.com\/wp-content\/uploads\/2026\/08\/Willie-deville-1100x572-1-1040x541.jpg\" class=\"attachment-large size-large wp-post-image\" alt=\"\" \/><\/a>\n<\/div>\n\t<div class=\"tribe-related-event-info\">\n\t<h3 class=\"tribe-related-events-title\">\n\t\t<a href=\"https:\/\/cafelapalma.com\/en\/programacion\/willie-deville-concierto-benefico-x-venezuela\/\" class=\"tribe-event-url\" rel=\"bookmark\">\n\t\t\tWILLIE DEVILLE: CONCIERTO BEN\u00c9FICO X VENEZUELA\t\t<\/a>\n\t<\/h3>\n\t<span class=\"tribe-event-date-start\">6  September@21:00<\/span><span class=\"tribe-event-time\">23:45<\/span><\/div>\n<\/li>\n\t<\/ul>","protected":false},"excerpt":{"rendered":"<p>\u201cAquella forma que adopta la luz al reaccionar con los graves en la pista, nosotros, el baile.\u201d Lumen.oid es un encuentro donde la luz cobra vida a trav\u00e9s del sonido y el movimiento. Cada destello vibra al ritmo del\u00a0House, el brillo del\u00a0Disco, la calidez del\u00a0Nu Disco\u00a0y los\u00a0sonidos frescos\u00a0que nos envuelven en una atm\u00f3sfera divertida, elegante &hellip; <\/p>","protected":false},"author":2,"featured_media":32406,"template":"","meta":{"_tec_requires_first_save":false,"_uag_custom_page_level_css":"","loftloader_page_shortcode":"","_EventAllDay":false,"_EventTimezone":"Europe\/Madrid","_EventStartDate":"2025-11-15 23:50:00","_EventEndDate":"2025-11-15 23:50:00","_EventStartDateUTC":"2025-11-15 22:50:00","_EventEndDateUTC":"2025-11-15 22:50:00","_EventShowMap":false,"_EventShowMapLink":false,"_EventURL":"https:\/\/www.passline.com\/eventos\/promised-wax-x-guud-2-groove","_EventCost":"ENTRADA LIBRE","_EventCostDescription":"","_EventCurrencySymbol":"\u20ac","_EventCurrencyCode":"USD","_EventCurrencyPosition":"suffix","_EventDateTimeSeparator":"@","_EventTimeRangeSeparator":"-","_EventOrganizerID":[],"_EventVenueID":[],"_OrganizerEmail":"","_OrganizerPhone":"","_OrganizerWebsite":"","_VenueAddress":"","_VenueCity":"","_VenueCountry":"","_VenueProvince":"","_VenueState":"","_VenueZip":"","_VenuePhone":"","_VenueURL":"","_VenueStateProvince":"","_VenueLat":"","_VenueLng":"","_VenueShowMap":false,"_VenueShowMapLink":false,"_tribe_blocks_recurrence_rules":"","_tribe_blocks_recurrence_description":"","_tribe_blocks_recurrence_exclusions":"","_ecp_custom_2":"","_tribe_events_status":"","_tribe_events_status_reason":"","_tribe_events_is_hybrid":"","_tribe_events_is_virtual":"","_tribe_events_virtual_video_source":"","_tribe_events_virtual_embed_video":"","_tribe_events_virtual_linked_button_text":"","_tribe_events_virtual_linked_button":"","_tribe_events_virtual_show_embed_at":"","_tribe_events_virtual_show_embed_to":[],"_tribe_events_virtual_show_on_event":"","_tribe_events_virtual_show_on_views":"","_tribe_events_virtual_url":"","footnotes":""},"tags":[13063,1363,9225,18066,2865,9147,9146,9226,9227,9317,1357,9309,18065,9559,15913,11217],"tribe_events_cat":[8964],"class_list":["post-32384","tribe_events","type-tribe_events","status-publish","has-post-thumbnail","hentry","tag-alex","tag-cafe-la-palma","tag-cafe-la-palma-clubbing","tag-combret","tag-conciertos-cafe-la-palma","tag-conciertos-madrid","tag-conciertos-malasana","tag-djs-madrid","tag-djs-malasana","tag-electro","tag-electronica","tag-house","tag-lumen-oid","tag-minimal","tag-modesto","tag-nu-disco-2","tribe_events_cat-clubbing","cat_clubbing"],"uagb_featured_image_src":{"full":["https:\/\/cafelapalma.com\/wp-content\/uploads\/2025\/11\/Lumen.oid-A3-1-scaled.jpg",2121,3000,false],"thumbnail":["https:\/\/cafelapalma.com\/wp-content\/uploads\/2025\/11\/Lumen.oid-A3-1-150x150.jpg",150,150,true],"medium":["https:\/\/cafelapalma.com\/wp-content\/uploads\/2025\/11\/Lumen.oid-A3-1-212x300.jpg",212,300,true],"medium_large":["https:\/\/cafelapalma.com\/wp-content\/uploads\/2025\/11\/Lumen.oid-A3-1-768x1086.jpg",768,1086,true],"large":["https:\/\/cafelapalma.com\/wp-content\/uploads\/2025\/11\/Lumen.oid-A3-1-735x1040.jpg",735,1040,true],"1536x1536":["https:\/\/cafelapalma.com\/wp-content\/uploads\/2025\/11\/Lumen.oid-A3-1-1086x1536.jpg",1086,1536,true],"2048x2048":["https:\/\/cafelapalma.com\/wp-content\/uploads\/2025\/11\/Lumen.oid-A3-1-1448x2048.jpg",1448,2048,true],"trp-custom-language-flag":["https:\/\/cafelapalma.com\/wp-content\/uploads\/2025\/11\/Lumen.oid-A3-1-8x12.jpg",8,12,true],"blossom-feminine-slider":["https:\/\/cafelapalma.com\/wp-content\/uploads\/2025\/11\/Lumen.oid-A3-1-1920x649.jpg",1920,649,true],"blossom-feminine-featured":["https:\/\/cafelapalma.com\/wp-content\/uploads\/2025\/11\/Lumen.oid-A3-1-1410x600.jpg",1410,600,true],"blossom-feminine-with-sidebar":["https:\/\/cafelapalma.com\/wp-content\/uploads\/2025\/11\/Lumen.oid-A3-1-1020x600.jpg",1020,600,true],"blossom-feminine-blog":["https:\/\/cafelapalma.com\/wp-content\/uploads\/2025\/11\/Lumen.oid-A3-1-435x435.jpg",435,435,true],"blossom-feminine-cat":["https:\/\/cafelapalma.com\/wp-content\/uploads\/2025\/11\/Lumen.oid-A3-1-450x300.jpg",450,300,true],"blossom-feminine-related":["https:\/\/cafelapalma.com\/wp-content\/uploads\/2025\/11\/Lumen.oid-A3-1-320x200.jpg",320,200,true],"blossom-feminine-schema":["https:\/\/cafelapalma.com\/wp-content\/uploads\/2025\/11\/Lumen.oid-A3-1-42x60.jpg",42,60,true]},"uagb_author_info":{"display_name":"Victor","author_link":"https:\/\/cafelapalma.com\/en\/author\/comunicacion\/"},"uagb_comment_info":0,"uagb_excerpt":"\u201cAquella forma que adopta la luz al reaccionar con los graves en la pista, nosotros, el baile.\u201d Lumen.oid es un encuentro donde la luz cobra vida a trav\u00e9s del sonido y el movimiento. Cada destello vibra al ritmo del\u00a0House, el brillo del\u00a0Disco, la calidez del\u00a0Nu Disco\u00a0y los\u00a0sonidos frescos\u00a0que nos envuelven en una atm\u00f3sfera divertida, elegante&hellip;","_links":{"self":[{"href":"https:\/\/cafelapalma.com\/en\/wp-json\/wp\/v2\/tribe_events\/32384","targetHints":{"allow":["GET"]}}],"collection":[{"href":"https:\/\/cafelapalma.com\/en\/wp-json\/wp\/v2\/tribe_events"}],"about":[{"href":"https:\/\/cafelapalma.com\/en\/wp-json\/wp\/v2\/types\/tribe_events"}],"author":[{"embeddable":true,"href":"https:\/\/cafelapalma.com\/en\/wp-json\/wp\/v2\/users\/2"}],"version-history":[{"count":0,"href":"https:\/\/cafelapalma.com\/en\/wp-json\/wp\/v2\/tribe_events\/32384\/revisions"}],"wp:featuredmedia":[{"embeddable":true,"href":"https:\/\/cafelapalma.com\/en\/wp-json\/wp\/v2\/media\/32406"}],"wp:attachment":[{"href":"https:\/\/cafelapalma.com\/en\/wp-json\/wp\/v2\/media?parent=32384"}],"wp:term":[{"taxonomy":"post_tag","embeddable":true,"href":"https:\/\/cafelapalma.com\/en\/wp-json\/wp\/v2\/tags?post=32384"},{"taxonomy":"tribe_events_cat","embeddable":true,"href":"https:\/\/cafelapalma.com\/en\/wp-json\/wp\/v2\/tribe_events_cat?post=32384"}],"curies":[{"name":"wp","href":"https:\/\/api.w.org\/{rel}","templated":true}]}}