{"id":32434,"date":"2025-11-12T11:59:34","date_gmt":"2025-11-12T10:59:34","guid":{"rendered":"https:\/\/cafelapalma.com\/?post_type=tribe_events&#038;p=32434"},"modified":"2025-11-12T12:40:56","modified_gmt":"2025-11-12T11:40:56","slug":"music-coolture-manel-javiersimon-paulafitz","status":"publish","type":"tribe_events","link":"https:\/\/cafelapalma.com\/en\/programacion\/music-coolture-manel-javiersimon-paulafitz\/","title":{"rendered":"MANEL + JAVIER SIM\u00d3N + PAULA FITZ"},"content":{"rendered":"<div  class=\"tribe-events-schedule tribe-clearfix\" >\n\t<p class=\"tribe-events-schedule__datetime\">\n\t\t<span class=\"tribe-events-schedule__date tribe-events-schedule__date--start\">\n\t\t\t07  December  2025\t\t<\/span>\n\n\t\t\t\t\t<span class=\"tribe-events-schedule__separator tribe-events-schedule__separator--date\">\n\t\t\t\t@\t\t\t<\/span>\n\t\t\t<span class=\"tribe-events-schedule__time tribe-events-schedule__time--start\">\n\t\t\t\t21:00\t\t\t<\/span>\n\t\t\n\t\t\t\t\t\t\t\t\t<span class=\"tribe-events-schedule__separator tribe-events-schedule__separator--time\">\n\t\t\t\t\t\t\t\t\t<\/span>\n\t\t\t\n\t\t\t\t\t\t\t<span class=\"tribe-events-schedule__time tribe-events-schedule__time--end\">\n\t\t\t\t\t23:15\t\t\t\t<\/span>\n\t\t\t\n\t\t\t\t\t\t<\/p>\n<\/div>\n\n\n<div  class=\"tribe-block tribe-block__event-price\" >\n\t\t\t<span class=\"tribe-block__event-price__cost\"> 12\u20ac <\/span>\n\t\t\t\t<span class=\"tribe-block__event-price__description\">+ gg Early Bird | 15\u20ac Anticipada | 18\u20ac Taquilla<\/span>\n\t<\/div>\n\n\n\n<div style=\"height:100px\" aria-hidden=\"true\" class=\"wp-block-spacer\"><\/div>\n\n\n\n<div class=\"wp-block-columns is-layout-flex wp-container-core-columns-is-layout-8f761849 wp-block-columns-is-layout-flex\">\n<div class=\"wp-block-column is-layout-flow wp-block-column-is-layout-flow\" style=\"flex-basis:33.33%\">\n<figure class=\"wp-block-image size-large\"><img decoding=\"async\" src=\"https:\/\/cafelapalma.com\/wp-content\/uploads\/2025\/11\/A3-MUSIC-COOLTURE-1-735x1040.png\" alt=\"\" class=\"wp-image-32436\"\/><\/figure>\n\n\n<div  class=\"tribe-block tribe-block__event-website\" >\n\t<a\n\t\thref=\"https:\/\/dice.fm\/partner\/tickets\/event\/xek6ma-javier-simon-paula-fitzz-manel-en-music-coolture-7th-dec-caf-la-palma-madrid-tickets?dice_id=7516548&#038;dice_channel=web&#038;dice_tags=organic&#038;dice_campaign=Music+Coolture&#038;dice_feature=mio_marketing&#038;_branch_match_id=1516397552255167629&#038;utm_source=web&#038;utm_campaign=Music+Coolture&#038;utm_medium=mio_marketing&#038;_branch_referrer=H4sIAAAAAAAAA8soKSkottLXz8nMy9ZLyUxO1UvL1fdNTTYySkm0sDBKM7evK0pNSy0qysxLj08qyi8vTi2ydc4oys9NBQARY5p9OwAAAA\"\n\t\ttarget=\"_self\"\n\t\t\t>\n\t\tBUY TICKETS\t<\/a>\n<\/div>\n<\/div>\n\n\n\n<div class=\"wp-block-column is-layout-flow wp-block-column-is-layout-flow\" style=\"flex-basis:66.66%\">\n<p class=\"wp-block-paragraph\"><\/p>\n\n\n\n<p class=\"has-text-align-left wp-block-paragraph\"><em><strong>MUSIC COOLTURE \u00b7 HOME of R&amp;B Live Music.<\/strong><\/em><\/p>\n\n\n\n<p class=\"has-text-align-left wp-block-paragraph\">Cerramos el a\u00f1o por todo lo alto con una noche dedicada al <strong>R&amp;B en directo<\/strong>, con tres propuestas que reflejan la diversidad, el talento y la evoluci\u00f3n del g\u00e9nero dentro y fuera de nuestras fronteras.<\/p>\n\n\n\n<p class=\"has-text-align-right wp-block-paragraph\"><em><a href=\"https:\/\/www.instagram.com\/music.coolture\/\">Sigue a <\/a><\/em><strong><a href=\"https:\/\/www.instagram.com\/music.coolture\/\">MUSIC COOLTURE<\/a><\/strong><em><a href=\"https:\/\/www.instagram.com\/music.coolture\/\"> in <\/a><\/em><strong><a href=\"https:\/\/www.instagram.com\/music.coolture\/\">Instagram<\/a><\/strong><\/p>\n\n\n\n<p class=\"has-text-align-left wp-block-paragraph\"><strong>Javier Sim\u00f3n<\/strong>: Desde M\u00e1laga, Javier Sim\u00f3n representa la madurez del <strong>R&amp;B espa\u00f1ol<\/strong>: un artista que canta con alma, libertad y mucha intenci\u00f3n. Su estilo une lo cl\u00e1sico y lo actual, creando un sonido que va del deseo a la introspecci\u00f3n sin perder elegancia. En directo, su voz melism\u00e1tica y su presencia esc\u00e9nica son pura verdad.<\/p>\n\n\n\n<p class=\"has-text-align-right wp-block-paragraph\"><em><a href=\"https:\/\/open.spotify.com\/intl-es\/artist\/4xQxY5W4EqM2cQGw6i6gmD?si=RKWnBhwS9_2195PY3-8I_g&amp;nd=1&amp;dlsi=cebec99fd5494dd9\">Listen to <\/a><\/em><strong><a href=\"https:\/\/open.spotify.com\/intl-es\/artist\/4xQxY5W4EqM2cQGw6i6gmD?si=RKWnBhwS9_2195PY3-8I_g&amp;nd=1&amp;dlsi=cebec99fd5494dd9\">JAVIER SIM\u00d3N <\/a><\/strong><em><a href=\"https:\/\/open.spotify.com\/intl-es\/artist\/4xQxY5W4EqM2cQGw6i6gmD?si=RKWnBhwS9_2195PY3-8I_g&amp;nd=1&amp;dlsi=cebec99fd5494dd9\">in <\/a><\/em><strong><a href=\"https:\/\/open.spotify.com\/intl-es\/artist\/4xQxY5W4EqM2cQGw6i6gmD?si=RKWnBhwS9_2195PY3-8I_g&amp;nd=1&amp;dlsi=cebec99fd5494dd9\">Spotify<\/a><\/strong><\/p>\n\n\n\n<p class=\"has-text-align-left wp-block-paragraph\"><strong>Manel:<\/strong> De ra\u00edces marroqu\u00edes y criada en Italia, Manel encarna la nueva ola de artistas que entienden la m\u00fasica como emoci\u00f3n sin fronteras. Su R&amp;B atraviesa el <strong>soul<\/strong>, el <strong>pop <\/strong>y la sensibilidad global. En el escenario, transmite vulnerabilidad y fuerza, con un timbre que brilla por su autenticidad.<br><\/p>\n\n\n\n<p class=\"has-text-align-right wp-block-paragraph\"><em><a href=\"https:\/\/open.spotify.com\/intl-es\/artist\/6TJEGdv5oewcTtenz4xEsf?si=YS85UqaVQNOEpWAkz-jNKQ&amp;nd=1&amp;dlsi=ab72ffb94f1e4aa3\">Listen to <\/a><\/em><strong><a href=\"https:\/\/open.spotify.com\/intl-es\/artist\/6TJEGdv5oewcTtenz4xEsf?si=YS85UqaVQNOEpWAkz-jNKQ&amp;nd=1&amp;dlsi=ab72ffb94f1e4aa3\">MANEL<\/a><\/strong><em><a href=\"https:\/\/open.spotify.com\/intl-es\/artist\/6TJEGdv5oewcTtenz4xEsf?si=YS85UqaVQNOEpWAkz-jNKQ&amp;nd=1&amp;dlsi=ab72ffb94f1e4aa3\"> in <\/a><\/em><strong><a href=\"https:\/\/open.spotify.com\/intl-es\/artist\/6TJEGdv5oewcTtenz4xEsf?si=YS85UqaVQNOEpWAkz-jNKQ&amp;nd=1&amp;dlsi=ab72ffb94f1e4aa3\">Spotify<\/a><\/strong><\/p>\n\n\n\n<p class=\"has-text-align-left wp-block-paragraph\"><strong>Paula Fitz &amp; Borys B:<\/strong> La uni\u00f3n entre delicadeza y energ\u00eda. Su propuesta mezcla <strong>R&amp;B<\/strong>, <strong>electr\u00f3nica <\/strong>y <strong>funk <\/strong>con una puesta en escena \u00edntima y potente. En cada tema, Paula Fitzz transforma su voz en un puente emocional, mientras Borys B. teje atm\u00f3sferas que te envuelven desde el primer acorde.<br><\/p>\n\n\n\n<p class=\"has-text-align-right wp-block-paragraph\"><em><a href=\"https:\/\/open.spotify.com\/intl-es\/artist\/6TJEGdv5oewcTtenz4xEsf?si=YS85UqaVQNOEpWAkz-jNKQ&amp;nd=1&amp;dlsi=ab72ffb94f1e4aa3\">Listen to <\/a><\/em><strong><a href=\"https:\/\/open.spotify.com\/intl-es\/artist\/6TJEGdv5oewcTtenz4xEsf?si=YS85UqaVQNOEpWAkz-jNKQ&amp;nd=1&amp;dlsi=ab72ffb94f1e4aa3\">PAULA FITZ<\/a><\/strong><em><a href=\"https:\/\/open.spotify.com\/intl-es\/artist\/5dFi1BaVIdNi4kcT2yqxoj?si=RmHh2LAnTsimbB2ESsMLEA&amp;nd=1&amp;dlsi=3765b25169f54cbd\"> in <\/a><\/em><strong><a href=\"https:\/\/open.spotify.com\/intl-es\/artist\/6TJEGdv5oewcTtenz4xEsf?si=YS85UqaVQNOEpWAkz-jNKQ&amp;nd=1&amp;dlsi=ab72ffb94f1e4aa3\">Spotify<\/a><\/strong><\/p>\n\n\n\n<p class=\"has-text-align-left wp-block-paragraph\">Una noche para escuchar, sentir y celebrar el R&amp;B en todas sus formas.<\/p>\n\n\n\n<p class=\"has-text-align-left wp-block-paragraph\">Y despu\u00e9s del concierto\u2026 no se apaga la m\u00fasica. Tendremos un <strong>After Party especial<\/strong> de la mano de <strong>Corner of Sound (Mallorca)<\/strong>, que traer\u00e1n su esencia \u00fanica: sesiones con <strong>R&amp;B, neo soul, soulful house, funk y disco<\/strong>, con un dj set como antes.<\/p>\n<\/div>\n<\/div>\n\n\n\n<div style=\"height:100px\" aria-hidden=\"true\" class=\"wp-block-spacer\"><\/div>\n\n\n\n<hr class=\"wp-block-separator has-alpha-channel-opacity\"\/>\n\n\n\n<div style=\"height:100px\" aria-hidden=\"true\" class=\"wp-block-spacer\"><\/div>\n\n\n<h2 class=\"tribe-block__related-events__title\">Related Events<\/h2>\n\n<ul  class=\"tribe-related-events tribe-clearfix\" >\n\t\t\t<li>\n\t\n<div class=\"tribe-related-events-thumbnail\">\n\t<a href=\"https:\/\/cafelapalma.com\/en\/programacion\/funkin-donuts\/\" class=\"url\" rel=\"bookmark\" tabindex=\"-1\" aria-hidden=\"true\"><img loading=\"lazy\" decoding=\"async\" width=\"693\" height=\"1040\" src=\"https:\/\/cafelapalma.com\/wp-content\/uploads\/2026\/07\/FD-vert2-bn-693x1040.jpg\" class=\"attachment-large size-large wp-post-image\" alt=\"\" \/><\/a>\n<\/div>\n\t<div class=\"tribe-related-event-info\">\n\t<h3 class=\"tribe-related-events-title\">\n\t\t<a href=\"https:\/\/cafelapalma.com\/en\/programacion\/funkin-donuts\/\" class=\"tribe-event-url\" rel=\"bookmark\">\n\t\t\tFUNKIN&#8217; DONUTS\t\t<\/a>\n\t<\/h3>\n\t<span class=\"tribe-event-date-start\">5  September@22:00<\/span><span class=\"tribe-event-time\">23:45<\/span><\/div>\n<\/li>\n\t\t\t<li>\n\t\n<div class=\"tribe-related-events-thumbnail\">\n\t<a href=\"https:\/\/cafelapalma.com\/en\/programacion\/backstage-le-petit-truffle-mayo\/\" class=\"url\" rel=\"bookmark\" tabindex=\"-1\" aria-hidden=\"true\"><img loading=\"lazy\" decoding=\"async\" width=\"780\" height=\"1040\" src=\"https:\/\/cafelapalma.com\/wp-content\/uploads\/2026\/07\/Imagen-TruffleMayo-LePetit-i-1-780x1040.png\" class=\"attachment-large size-large wp-post-image\" alt=\"\" \/><\/a>\n<\/div>\n\t<div class=\"tribe-related-event-info\">\n\t<h3 class=\"tribe-related-events-title\">\n\t\t<a href=\"https:\/\/cafelapalma.com\/en\/programacion\/backstage-le-petit-truffle-mayo\/\" class=\"tribe-event-url\" rel=\"bookmark\">\n\t\t\tBACKSTAGE: LE PETIT + TRUFFLE MAYO\t\t<\/a>\n\t<\/h3>\n\t<span class=\"tribe-event-date-start\">5  September@23:55<\/span><\/div>\n<\/li>\n\t\t\t<li>\n\t\n<div class=\"tribe-related-events-thumbnail\">\n\t<a href=\"https:\/\/cafelapalma.com\/en\/programacion\/willie-deville-concierto-benefico-x-venezuela\/\" class=\"url\" rel=\"bookmark\" tabindex=\"-1\" aria-hidden=\"true\"><img loading=\"lazy\" decoding=\"async\" width=\"1020\" height=\"531\" src=\"https:\/\/cafelapalma.com\/wp-content\/uploads\/2026\/08\/Willie-deville-1100x572-1-1040x541.jpg\" class=\"attachment-large size-large wp-post-image\" alt=\"\" \/><\/a>\n<\/div>\n\t<div class=\"tribe-related-event-info\">\n\t<h3 class=\"tribe-related-events-title\">\n\t\t<a href=\"https:\/\/cafelapalma.com\/en\/programacion\/willie-deville-concierto-benefico-x-venezuela\/\" class=\"tribe-event-url\" rel=\"bookmark\">\n\t\t\tWILLIE DEVILLE: CONCIERTO BEN\u00c9FICO X VENEZUELA\t\t<\/a>\n\t<\/h3>\n\t<span class=\"tribe-event-date-start\">6  September@21:00<\/span><span class=\"tribe-event-time\">23:45<\/span><\/div>\n<\/li>\n\t<\/ul>","protected":false},"excerpt":{"rendered":"<p>MUSIC COOLTURE \u00b7 HOME of R&amp;B Live Music. Cerramos el a\u00f1o por todo lo alto con una noche dedicada al R&amp;B en directo, con tres propuestas que reflejan la diversidad, el talento y la evoluci\u00f3n del g\u00e9nero dentro y fuera de nuestras fronteras. Sigue a MUSIC COOLTURE en Instagram Javier Sim\u00f3n: Desde M\u00e1laga, Javier Sim\u00f3n &hellip; <\/p>","protected":false},"author":2,"featured_media":30518,"template":"","meta":{"_tec_requires_first_save":false,"_uag_custom_page_level_css":"","loftloader_page_shortcode":"","_EventAllDay":false,"_EventTimezone":"Europe\/Madrid","_EventStartDate":"2025-12-07 21:00:00","_EventEndDate":"2025-12-07 23:15:00","_EventStartDateUTC":"2025-12-07 20:00:00","_EventEndDateUTC":"2025-12-07 22:15:00","_EventShowMap":false,"_EventShowMapLink":false,"_EventURL":"https:\/\/dice.fm\/partner\/tickets\/event\/xek6ma-javier-simon-paula-fitzz-manel-en-music-coolture-7th-dec-caf-la-palma-madrid-tickets?dice_id=7516548&dice_channel=web&dice_tags=organic&dice_campaign=Music+Coolture&dice_feature=mio_marketing&_branch_match_id=1516397552255167629&utm_source=web&utm_campaign=Music+Coolture&utm_medium=mio_marketing&_branch_referrer=H4sIAAAAAAAAA8soKSkottLXz8nMy9ZLyUxO1UvL1fdNTTYySkm0sDBKM7evK0pNSy0qysxLj08qyi8vTi2ydc4oys9NBQARY5p9OwAAAA","_EventCost":"12","_EventCostDescription":"","_EventCurrencySymbol":"","_EventCurrencyCode":"","_EventCurrencyPosition":"","_EventDateTimeSeparator":"","_EventTimeRangeSeparator":"","_EventOrganizerID":[],"_EventVenueID":[],"_OrganizerEmail":"","_OrganizerPhone":"","_OrganizerWebsite":"","_VenueAddress":"","_VenueCity":"","_VenueCountry":"","_VenueProvince":"","_VenueState":"","_VenueZip":"","_VenuePhone":"","_VenueURL":"","_VenueStateProvince":"","_VenueLat":"","_VenueLng":"","_VenueShowMap":false,"_VenueShowMapLink":false,"_tribe_blocks_recurrence_rules":"","_tribe_blocks_recurrence_description":"","_tribe_blocks_recurrence_exclusions":"","_ecp_custom_2":"","_tribe_events_status":"","_tribe_events_status_reason":"","_tribe_events_is_hybrid":"","_tribe_events_is_virtual":"","_tribe_events_virtual_video_source":"","_tribe_events_virtual_embed_video":"","_tribe_events_virtual_linked_button_text":"","_tribe_events_virtual_linked_button":"","_tribe_events_virtual_show_embed_at":"","_tribe_events_virtual_show_embed_to":[],"_tribe_events_virtual_show_on_event":"","_tribe_events_virtual_show_on_views":"","_tribe_events_virtual_url":"","footnotes":""},"tags":[18071,1363,2865,9147,9146,779,777,18068,15400,12765,18069,9630,9632,9631,9620],"tribe_events_cat":[8963],"class_list":["post-32434","tribe_events","type-tribe_events","status-publish","has-post-thumbnail","hentry","tag-borys-b","tag-cafe-la-palma","tag-conciertos-cafe-la-palma","tag-conciertos-madrid","tag-conciertos-malasana","tag-funk","tag-jazz","tag-mane","tag-music-coolture","tag-neosoul","tag-paula-fitz","tag-rnb","tag-rb","tag-rhythm-and-blues","tag-soul","tribe_events_cat-concierto","cat_concierto"],"uagb_featured_image_src":{"full":["https:\/\/cafelapalma.com\/wp-content\/uploads\/2025\/02\/MUSIC-COOLTURE-FRONT.png",1414,2000,false],"thumbnail":["https:\/\/cafelapalma.com\/wp-content\/uploads\/2025\/02\/MUSIC-COOLTURE-FRONT-150x150.png",150,150,true],"medium":["https:\/\/cafelapalma.com\/wp-content\/uploads\/2025\/02\/MUSIC-COOLTURE-FRONT-212x300.png",212,300,true],"medium_large":["https:\/\/cafelapalma.com\/wp-content\/uploads\/2025\/02\/MUSIC-COOLTURE-FRONT-768x1086.png",768,1086,true],"large":["https:\/\/cafelapalma.com\/wp-content\/uploads\/2025\/02\/MUSIC-COOLTURE-FRONT-735x1040.png",735,1040,true],"1536x1536":["https:\/\/cafelapalma.com\/wp-content\/uploads\/2025\/02\/MUSIC-COOLTURE-FRONT-1086x1536.png",1086,1536,true],"2048x2048":["https:\/\/cafelapalma.com\/wp-content\/uploads\/2025\/02\/MUSIC-COOLTURE-FRONT.png",1414,2000,false],"trp-custom-language-flag":["https:\/\/cafelapalma.com\/wp-content\/uploads\/2025\/02\/MUSIC-COOLTURE-FRONT.png",8,12,false],"blossom-feminine-slider":["https:\/\/cafelapalma.com\/wp-content\/uploads\/2025\/02\/MUSIC-COOLTURE-FRONT-1414x649.png",1414,649,true],"blossom-feminine-featured":["https:\/\/cafelapalma.com\/wp-content\/uploads\/2025\/02\/MUSIC-COOLTURE-FRONT-1410x600.png",1410,600,true],"blossom-feminine-with-sidebar":["https:\/\/cafelapalma.com\/wp-content\/uploads\/2025\/02\/MUSIC-COOLTURE-FRONT-1020x600.png",1020,600,true],"blossom-feminine-blog":["https:\/\/cafelapalma.com\/wp-content\/uploads\/2025\/02\/MUSIC-COOLTURE-FRONT-435x435.png",435,435,true],"blossom-feminine-cat":["https:\/\/cafelapalma.com\/wp-content\/uploads\/2025\/02\/MUSIC-COOLTURE-FRONT-450x300.png",450,300,true],"blossom-feminine-related":["https:\/\/cafelapalma.com\/wp-content\/uploads\/2025\/02\/MUSIC-COOLTURE-FRONT-320x200.png",320,200,true],"blossom-feminine-schema":["https:\/\/cafelapalma.com\/wp-content\/uploads\/2025\/02\/MUSIC-COOLTURE-FRONT-42x60.png",42,60,true]},"uagb_author_info":{"display_name":"Victor","author_link":"https:\/\/cafelapalma.com\/en\/author\/comunicacion\/"},"uagb_comment_info":0,"uagb_excerpt":"MUSIC COOLTURE \u00b7 HOME of R&amp;B Live Music. Cerramos el a\u00f1o por todo lo alto con una noche dedicada al R&amp;B en directo, con tres propuestas que reflejan la diversidad, el talento y la evoluci\u00f3n del g\u00e9nero dentro y fuera de nuestras fronteras. Sigue a MUSIC COOLTURE en Instagram Javier Sim\u00f3n: Desde M\u00e1laga, Javier Sim\u00f3n&hellip;","_links":{"self":[{"href":"https:\/\/cafelapalma.com\/en\/wp-json\/wp\/v2\/tribe_events\/32434","targetHints":{"allow":["GET"]}}],"collection":[{"href":"https:\/\/cafelapalma.com\/en\/wp-json\/wp\/v2\/tribe_events"}],"about":[{"href":"https:\/\/cafelapalma.com\/en\/wp-json\/wp\/v2\/types\/tribe_events"}],"author":[{"embeddable":true,"href":"https:\/\/cafelapalma.com\/en\/wp-json\/wp\/v2\/users\/2"}],"version-history":[{"count":0,"href":"https:\/\/cafelapalma.com\/en\/wp-json\/wp\/v2\/tribe_events\/32434\/revisions"}],"wp:featuredmedia":[{"embeddable":true,"href":"https:\/\/cafelapalma.com\/en\/wp-json\/wp\/v2\/media\/30518"}],"wp:attachment":[{"href":"https:\/\/cafelapalma.com\/en\/wp-json\/wp\/v2\/media?parent=32434"}],"wp:term":[{"taxonomy":"post_tag","embeddable":true,"href":"https:\/\/cafelapalma.com\/en\/wp-json\/wp\/v2\/tags?post=32434"},{"taxonomy":"tribe_events_cat","embeddable":true,"href":"https:\/\/cafelapalma.com\/en\/wp-json\/wp\/v2\/tribe_events_cat?post=32434"}],"curies":[{"name":"wp","href":"https:\/\/api.w.org\/{rel}","templated":true}]}}