{"id":32452,"date":"2025-11-13T21:18:13","date_gmt":"2025-11-13T20:18:13","guid":{"rendered":"https:\/\/cafelapalma.com\/?post_type=tribe_events&#038;p=32452"},"modified":"2026-01-29T17:44:17","modified_gmt":"2026-01-29T16:44:17","slug":"fran_torrella_dani_leiva","status":"publish","type":"tribe_events","link":"https:\/\/cafelapalma.com\/en\/programacion\/fran_torrella_dani_leiva\/","title":{"rendered":"FRAN TORRELLA + DANI LEIVA"},"content":{"rendered":"<div  class=\"tribe-block tribe-block__event-price\" >\n\t\t\t<span class=\"tribe-block__event-price__cost\"> 10\u20ac <\/span>\n\t\t\t\t<span class=\"tribe-block__event-price__description\">+ gg Anticipada | 12\u20ac Taquilla<\/span>\n\t<\/div>\n\n\n<div  class=\"tribe-events-schedule tribe-clearfix\" >\n\t<p class=\"tribe-events-schedule__datetime\">\n\t\t<span class=\"tribe-events-schedule__date tribe-events-schedule__date--start\">\n\t\t\t28  March\t\t<\/span>\n\n\t\t\t\t\t<span class=\"tribe-events-schedule__separator tribe-events-schedule__separator--date\">\n\t\t\t\t@\t\t\t<\/span>\n\t\t\t<span class=\"tribe-events-schedule__time tribe-events-schedule__time--start\">\n\t\t\t\t22:00\t\t\t<\/span>\n\t\t\n\t\t\t\t\t\t\t\t\t<span class=\"tribe-events-schedule__separator tribe-events-schedule__separator--time\">\n\t\t\t\t\t&#8211;\t\t\t\t<\/span>\n\t\t\t\n\t\t\t\t\t\t\t<span class=\"tribe-events-schedule__time tribe-events-schedule__time--end\">\n\t\t\t\t\t23:50\t\t\t\t<\/span>\n\t\t\t\n\t\t\t\t\t\t<\/p>\n<\/div>\n\n\n\n<div style=\"height:100px\" aria-hidden=\"true\" class=\"wp-block-spacer\"><\/div>\n\n\n\n<div class=\"wp-block-columns is-layout-flex wp-container-core-columns-is-layout-8f761849 wp-block-columns-is-layout-flex\">\n<div class=\"wp-block-column is-layout-flow wp-block-column-is-layout-flow\" style=\"flex-basis:33.33%\">\n<figure class=\"wp-block-image size-full\"><img loading=\"lazy\" decoding=\"async\" width=\"354\" height=\"500\" src=\"https:\/\/cafelapalma.com\/wp-content\/uploads\/2025\/11\/FRAN-TORRELLA-A3-1-1.png\" alt=\"\" class=\"wp-image-32453\" srcset=\"https:\/\/cafelapalma.com\/wp-content\/uploads\/2025\/11\/FRAN-TORRELLA-A3-1-1.png 354w, https:\/\/cafelapalma.com\/wp-content\/uploads\/2025\/11\/FRAN-TORRELLA-A3-1-1-212x300.png 212w, https:\/\/cafelapalma.com\/wp-content\/uploads\/2025\/11\/FRAN-TORRELLA-A3-1-1-8x12.png 8w, https:\/\/cafelapalma.com\/wp-content\/uploads\/2025\/11\/FRAN-TORRELLA-A3-1-1-42x60.png 42w\" sizes=\"auto, (max-width: 354px) 100vw, 354px\" \/><\/figure>\n\n\n<div  class=\"tribe-block tribe-block__event-website\" >\n\t<a\n\t\thref=\"https:\/\/www.notikumi.com\/channel\/cafe-la-palma\/2026\/3\/28\/fran-torrella\"\n\t\ttarget=\"_self\"\n\t\t\t>\n\t\tBUY TICKETS\t<\/a>\n<\/div>\n<\/div>\n\n\n\n<div class=\"wp-block-column is-layout-flow wp-block-column-is-layout-flow\" style=\"flex-basis:66.66%\">\n<div style=\"height:100px\" aria-hidden=\"true\" class=\"wp-block-spacer\"><\/div>\n\n\n\n<p class=\"has-text-align-left wp-block-paragraph\"><strong>Fran Torrella<\/strong> es un cantante y compositor barcelon\u00e9s que se est\u00e1 consolidando como solista emergente como una de las voces m\u00e1s sensibles y prometedoras del nuevo <strong>pop alternativo espa\u00f1ol<\/strong>. Con un universo sonoro que combina emoci\u00f3n, vulnerabilidad y una marcada personalidad art\u00edstica, Torrella se mueve entre el <strong>pop de autor<\/strong>, el <strong>indie <\/strong>y el <strong>rock <\/strong>con una producci\u00f3n fresca y moderna que busca siempre la conexi\u00f3n humana. Tras la publicaci\u00f3n de su primer disco, Sinergias, y varias canciones que han despertado la atenci\u00f3n del p\u00fablico, como F\u00e1cil o Te traigo flores, el artista sigue construyendo una trayectoria s\u00f3lida y honesta, marcada por una b\u00fasqueda constante de nuevos sonidos y sitios d\u00f3nde ir a dar show. Su directo se caracteriza por la cercan\u00eda, la intensidad y la calidez: un espacio donde cada canci\u00f3n se transforma en experiencia compartida. Con una puesta en escena cuidada y una interpretaci\u00f3n profundamente emocional, Fran Torrella consigue que el p\u00fablico se reconozca en sus letras y se deje llevar por su energ\u00eda. El pr\u00f3ximo 28 de marzo, presentar\u00e1 en Caf\u00e9 La Palma (Madrid) las canciones que formar\u00e1n parte de su segundo trabajo discogr\u00e1fico, en un concierto que promete ser un viaje \u00edntimo y luminoso a trav\u00e9s de sus nuevas composiciones y de los temas que ya lo acompa\u00f1an desde el primer disco.<br><br><\/p>\n\n\n\n<p class=\"has-text-align-right wp-block-paragraph\"><em>Esucha a <\/em><strong>FRAN TORRELLA <\/strong><em>in <\/em><strong><a href=\"https:\/\/open.spotify.com\/artist\/7bFXH7TevOccNpWYQjmMc6?si=wRp_d1nETnSZR6qjv F9jqQ\" target=\"_blank\" rel=\"noreferrer noopener\">Spotify<\/a><\/strong><\/p>\n\n\n\n<p class=\"has-text-align-left wp-block-paragraph\"><strong>Dani Leiva<\/strong>: Ganador del Disco Revelaci\u00f3n de RTVE por su \u00e1lbum debut, ha colaborado con artistas como <strong>Nena Daconte<\/strong>, <strong>Alberto Jim\u00e9nez<\/strong> (Miss Caffeina) y <strong>Gonzalo Alcina<\/strong> (Melocos). En 2024 inicia una nueva etapa con \u201cGran V\u00eda\u201d, una canci\u00f3n que nace del miedo y se transforma en valent\u00eda. Le siguen Rutines preferides y Trato de Encontrarme, junto a <strong>David Cabot<\/strong> , profundizando en la emoci\u00f3n y la introspecci\u00f3n. Actualmente prepara un EP producido por <strong>Planeta Marte y El\u00edas Maro<\/strong>, en \u00e9l podremos encontrar \u201cPerd\u00f3n, joder\u201d, un potente manifiesto contra el pensamiento t\u00f3xico-positivo, con un sonido pop experimental que define su nueva direcci\u00f3n art\u00edstica.<br><\/p>\n\n\n\n<p class=\"has-text-align-right wp-block-paragraph\"><em>Listen to<\/em><strong> DANI LEIVA <\/strong><em>in <\/em><strong><a href=\"https:\/\/open.spotify.com\/intl-es\/artist\/6mbM4RKWpjTmLgeZxPQY1d?si=FLRLx1a0RPihRbks2bwQRA\">Spotify<\/a><\/strong><\/p>\n<\/div>\n<\/div>\n\n\n\n<div style=\"height:100px\" aria-hidden=\"true\" class=\"wp-block-spacer\"><\/div>\n\n\n\n<hr class=\"wp-block-separator has-alpha-channel-opacity\"\/>\n\n\n\n<div style=\"height:100px\" aria-hidden=\"true\" class=\"wp-block-spacer\"><\/div>\n\n\n<h2 class=\"tribe-block__related-events__title\">Related Events<\/h2>\n\n<ul  class=\"tribe-related-events tribe-clearfix\" >\n\t\t\t<li>\n\t\n<div class=\"tribe-related-events-thumbnail\">\n\t<a href=\"https:\/\/cafelapalma.com\/en\/programacion\/funkin-donuts\/\" class=\"url\" rel=\"bookmark\" tabindex=\"-1\" aria-hidden=\"true\"><img loading=\"lazy\" decoding=\"async\" width=\"693\" height=\"1040\" src=\"https:\/\/cafelapalma.com\/wp-content\/uploads\/2026\/07\/FD-vert2-bn-693x1040.jpg\" class=\"attachment-large size-large wp-post-image\" alt=\"\" \/><\/a>\n<\/div>\n\t<div class=\"tribe-related-event-info\">\n\t<h3 class=\"tribe-related-events-title\">\n\t\t<a href=\"https:\/\/cafelapalma.com\/en\/programacion\/funkin-donuts\/\" class=\"tribe-event-url\" rel=\"bookmark\">\n\t\t\tFUNKIN&#8217; DONUTS\t\t<\/a>\n\t<\/h3>\n\t<span class=\"tribe-event-date-start\">5  September@22:00<\/span><span class=\"tribe-event-time\">23:45<\/span><\/div>\n<\/li>\n\t\t\t<li>\n\t\n<div class=\"tribe-related-events-thumbnail\">\n\t<a href=\"https:\/\/cafelapalma.com\/en\/programacion\/backstage-le-petit-truffle-mayo\/\" class=\"url\" rel=\"bookmark\" tabindex=\"-1\" aria-hidden=\"true\"><img loading=\"lazy\" decoding=\"async\" width=\"780\" height=\"1040\" src=\"https:\/\/cafelapalma.com\/wp-content\/uploads\/2026\/07\/Imagen-TruffleMayo-LePetit-i-1-780x1040.png\" class=\"attachment-large size-large wp-post-image\" alt=\"\" \/><\/a>\n<\/div>\n\t<div class=\"tribe-related-event-info\">\n\t<h3 class=\"tribe-related-events-title\">\n\t\t<a href=\"https:\/\/cafelapalma.com\/en\/programacion\/backstage-le-petit-truffle-mayo\/\" class=\"tribe-event-url\" rel=\"bookmark\">\n\t\t\tBACKSTAGE: LE PETIT + TRUFFLE MAYO\t\t<\/a>\n\t<\/h3>\n\t<span class=\"tribe-event-date-start\">5  September@23:55<\/span><\/div>\n<\/li>\n\t\t\t<li>\n\t\n<div class=\"tribe-related-events-thumbnail\">\n\t<a href=\"https:\/\/cafelapalma.com\/en\/programacion\/willie-deville-concierto-benefico-x-venezuela\/\" class=\"url\" rel=\"bookmark\" tabindex=\"-1\" aria-hidden=\"true\"><img loading=\"lazy\" decoding=\"async\" width=\"1020\" height=\"531\" src=\"https:\/\/cafelapalma.com\/wp-content\/uploads\/2026\/08\/Willie-deville-1100x572-1-1040x541.jpg\" class=\"attachment-large size-large wp-post-image\" alt=\"\" \/><\/a>\n<\/div>\n\t<div class=\"tribe-related-event-info\">\n\t<h3 class=\"tribe-related-events-title\">\n\t\t<a href=\"https:\/\/cafelapalma.com\/en\/programacion\/willie-deville-concierto-benefico-x-venezuela\/\" class=\"tribe-event-url\" rel=\"bookmark\">\n\t\t\tWILLIE DEVILLE: CONCIERTO BEN\u00c9FICO X VENEZUELA\t\t<\/a>\n\t<\/h3>\n\t<span class=\"tribe-event-date-start\">6  September@21:00<\/span><span class=\"tribe-event-time\">23:45<\/span><\/div>\n<\/li>\n\t<\/ul>","protected":false},"excerpt":{"rendered":"<p>Fran Torrella es un cantante y compositor barcelon\u00e9s que se est\u00e1 consolidando como solista emergente como una de las voces m\u00e1s sensibles y prometedoras del nuevo pop alternativo espa\u00f1ol. Con un universo sonoro que combina emoci\u00f3n, vulnerabilidad y una marcada personalidad art\u00edstica, Torrella se mueve entre el pop de autor, el indie y el rock &hellip; <\/p>","protected":false},"author":2,"featured_media":32453,"template":"","meta":{"_tec_requires_first_save":false,"_uag_custom_page_level_css":"","loftloader_page_shortcode":"","_EventAllDay":false,"_EventTimezone":"Europe\/Madrid","_EventStartDate":"2026-03-28 22:00:00","_EventEndDate":"2026-03-28 23:50:00","_EventStartDateUTC":"2026-03-28 21:00:00","_EventEndDateUTC":"2026-03-28 22:50:00","_EventShowMap":false,"_EventShowMapLink":false,"_EventURL":"https:\/\/www.notikumi.com\/channel\/cafe-la-palma\/2026\/3\/28\/fran-torrella","_EventCost":"10","_EventCostDescription":"","_EventCurrencySymbol":"\u20ac","_EventCurrencyCode":"USD","_EventCurrencyPosition":"suffix","_EventDateTimeSeparator":"@","_EventTimeRangeSeparator":"-","_EventOrganizerID":[],"_EventVenueID":[],"_OrganizerEmail":"","_OrganizerPhone":"","_OrganizerWebsite":"","_VenueAddress":"","_VenueCity":"","_VenueCountry":"","_VenueProvince":"","_VenueState":"","_VenueZip":"","_VenuePhone":"","_VenueURL":"","_VenueStateProvince":"","_VenueLat":"","_VenueLng":"","_VenueShowMap":false,"_VenueShowMapLink":false,"_tribe_blocks_recurrence_rules":"","_tribe_blocks_recurrence_description":"","_tribe_blocks_recurrence_exclusions":"","_ecp_custom_2":"","_tribe_events_status":"","_tribe_events_status_reason":"","_tribe_events_is_hybrid":"","_tribe_events_is_virtual":"","_tribe_events_virtual_video_source":"","_tribe_events_virtual_embed_video":"","_tribe_events_virtual_linked_button_text":"","_tribe_events_virtual_linked_button":"","_tribe_events_virtual_show_embed_at":"","_tribe_events_virtual_show_embed_to":[],"_tribe_events_virtual_show_on_event":"","_tribe_events_virtual_show_on_views":"","_tribe_events_virtual_url":"","footnotes":""},"tags":[1363,18078,2865,9147,9146,18076,18079,18077,8970,9164,1354],"tribe_events_cat":[8963],"class_list":["post-32452","tribe_events","type-tribe_events","status-publish","has-post-thumbnail","hentry","tag-cafe-la-palma","tag-cancion-de-autor-2","tag-conciertos-cafe-la-palma","tag-conciertos-madrid","tag-conciertos-malasana","tag-dani-leiva","tag-disco-revelacion","tag-fran-torrella","tag-indie","tag-pop-rock-2","tag-rock","tribe_events_cat-concierto","cat_concierto"],"uagb_featured_image_src":{"full":["https:\/\/cafelapalma.com\/wp-content\/uploads\/2025\/11\/FRAN-TORRELLA-A3-1-1.png",354,500,false],"thumbnail":["https:\/\/cafelapalma.com\/wp-content\/uploads\/2025\/11\/FRAN-TORRELLA-A3-1-1-150x150.png",150,150,true],"medium":["https:\/\/cafelapalma.com\/wp-content\/uploads\/2025\/11\/FRAN-TORRELLA-A3-1-1-212x300.png",212,300,true],"medium_large":["https:\/\/cafelapalma.com\/wp-content\/uploads\/2025\/11\/FRAN-TORRELLA-A3-1-1.png",354,500,false],"large":["https:\/\/cafelapalma.com\/wp-content\/uploads\/2025\/11\/FRAN-TORRELLA-A3-1-1.png",354,500,false],"1536x1536":["https:\/\/cafelapalma.com\/wp-content\/uploads\/2025\/11\/FRAN-TORRELLA-A3-1-1.png",354,500,false],"2048x2048":["https:\/\/cafelapalma.com\/wp-content\/uploads\/2025\/11\/FRAN-TORRELLA-A3-1-1.png",354,500,false],"trp-custom-language-flag":["https:\/\/cafelapalma.com\/wp-content\/uploads\/2025\/11\/FRAN-TORRELLA-A3-1-1-8x12.png",8,12,true],"blossom-feminine-slider":["https:\/\/cafelapalma.com\/wp-content\/uploads\/2025\/11\/FRAN-TORRELLA-A3-1-1.png",354,500,false],"blossom-feminine-featured":["https:\/\/cafelapalma.com\/wp-content\/uploads\/2025\/11\/FRAN-TORRELLA-A3-1-1.png",354,500,false],"blossom-feminine-with-sidebar":["https:\/\/cafelapalma.com\/wp-content\/uploads\/2025\/11\/FRAN-TORRELLA-A3-1-1.png",354,500,false],"blossom-feminine-blog":["https:\/\/cafelapalma.com\/wp-content\/uploads\/2025\/11\/FRAN-TORRELLA-A3-1-1-354x435.png",354,435,true],"blossom-feminine-cat":["https:\/\/cafelapalma.com\/wp-content\/uploads\/2025\/11\/FRAN-TORRELLA-A3-1-1-354x300.png",354,300,true],"blossom-feminine-related":["https:\/\/cafelapalma.com\/wp-content\/uploads\/2025\/11\/FRAN-TORRELLA-A3-1-1-320x200.png",320,200,true],"blossom-feminine-schema":["https:\/\/cafelapalma.com\/wp-content\/uploads\/2025\/11\/FRAN-TORRELLA-A3-1-1-42x60.png",42,60,true]},"uagb_author_info":{"display_name":"Victor","author_link":"https:\/\/cafelapalma.com\/en\/author\/comunicacion\/"},"uagb_comment_info":0,"uagb_excerpt":"Fran Torrella es un cantante y compositor barcelon\u00e9s que se est\u00e1 consolidando como solista emergente como una de las voces m\u00e1s sensibles y prometedoras del nuevo pop alternativo espa\u00f1ol. Con un universo sonoro que combina emoci\u00f3n, vulnerabilidad y una marcada personalidad art\u00edstica, Torrella se mueve entre el pop de autor, el indie y el rock&hellip;","_links":{"self":[{"href":"https:\/\/cafelapalma.com\/en\/wp-json\/wp\/v2\/tribe_events\/32452","targetHints":{"allow":["GET"]}}],"collection":[{"href":"https:\/\/cafelapalma.com\/en\/wp-json\/wp\/v2\/tribe_events"}],"about":[{"href":"https:\/\/cafelapalma.com\/en\/wp-json\/wp\/v2\/types\/tribe_events"}],"author":[{"embeddable":true,"href":"https:\/\/cafelapalma.com\/en\/wp-json\/wp\/v2\/users\/2"}],"version-history":[{"count":0,"href":"https:\/\/cafelapalma.com\/en\/wp-json\/wp\/v2\/tribe_events\/32452\/revisions"}],"wp:featuredmedia":[{"embeddable":true,"href":"https:\/\/cafelapalma.com\/en\/wp-json\/wp\/v2\/media\/32453"}],"wp:attachment":[{"href":"https:\/\/cafelapalma.com\/en\/wp-json\/wp\/v2\/media?parent=32452"}],"wp:term":[{"taxonomy":"post_tag","embeddable":true,"href":"https:\/\/cafelapalma.com\/en\/wp-json\/wp\/v2\/tags?post=32452"},{"taxonomy":"tribe_events_cat","embeddable":true,"href":"https:\/\/cafelapalma.com\/en\/wp-json\/wp\/v2\/tribe_events_cat?post=32452"}],"curies":[{"name":"wp","href":"https:\/\/api.w.org\/{rel}","templated":true}]}}