{"id":32457,"date":"2025-11-16T19:13:20","date_gmt":"2025-11-16T18:13:20","guid":{"rendered":"https:\/\/cafelapalma.com\/?post_type=tribe_events&#038;p=32457"},"modified":"2025-12-01T11:41:07","modified_gmt":"2025-12-01T10:41:07","slug":"sonido_club_nemec_posada_franco_lucien","status":"publish","type":"tribe_events","link":"https:\/\/cafelapalma.com\/en\/programacion\/sonido_club_nemec_posada_franco_lucien\/","title":{"rendered":"SONIDO CLUB: NEMEC + POSADA + FRANCO + LUCIEN"},"content":{"rendered":"<div  class=\"tribe-events-schedule tribe-clearfix\" >\n\t<p class=\"tribe-events-schedule__datetime\">\n\t\t<span class=\"tribe-events-schedule__date tribe-events-schedule__date--start\">\n\t\t\t06  December  2025\t\t<\/span>\n\n\t\t\t\t\t<span class=\"tribe-events-schedule__separator tribe-events-schedule__separator--date\">\n\t\t\t\t@\t\t\t<\/span>\n\t\t\t<span class=\"tribe-events-schedule__time tribe-events-schedule__time--start\">\n\t\t\t\t23:50\t\t\t<\/span>\n\t\t\n\t\t\t\t\t\t\t\t\t<span class=\"tribe-events-schedule__separator tribe-events-schedule__separator--time\">\n\t\t\t\t\t&#8211;\t\t\t\t<\/span>\n\t\t\t\n\t\t\t\t\t\t\t<span class=\"tribe-events-schedule__time tribe-events-schedule__time--end\">\n\t\t\t\t\t23:55\t\t\t\t<\/span>\n\t\t\t\n\t\t\t\t\t\t<\/p>\n<\/div>\n\n\n<div  class=\"tribe-block tribe-block__event-price\" >\n\t\t\t<span class=\"tribe-block__event-price__cost\"> ENTRADA LIBRE <\/span>\n\t\t\t\t<span class=\"tribe-block__event-price__description\">hasta las 01:00 | 13\u20ac Taquilla de 01:00 a 03:00 (Incluye UNA COPA o DOS CERVEZAS) | 15\u20ac Taquilla de 03:00 a cierre (Incluye UNA CONSUMICI\u00d3N)<\/span>\n\t<\/div>\n\n\n\n<div style=\"height:100px\" aria-hidden=\"true\" class=\"wp-block-spacer\"><\/div>\n\n\n\n<div class=\"wp-block-columns is-layout-flex wp-container-core-columns-is-layout-8f761849 wp-block-columns-is-layout-flex\">\n<div class=\"wp-block-column is-layout-flow wp-block-column-is-layout-flow\" style=\"flex-basis:33.33%\">\n<figure class=\"wp-block-image size-full\"><img loading=\"lazy\" decoding=\"async\" width=\"842\" height=\"1191\" src=\"https:\/\/cafelapalma.com\/wp-content\/uploads\/2025\/11\/A-3-1.jpg\" alt=\"\" class=\"wp-image-32459\" srcset=\"https:\/\/cafelapalma.com\/wp-content\/uploads\/2025\/11\/A-3-1.jpg 842w, https:\/\/cafelapalma.com\/wp-content\/uploads\/2025\/11\/A-3-1-212x300.jpg 212w, https:\/\/cafelapalma.com\/wp-content\/uploads\/2025\/11\/A-3-1-735x1040.jpg 735w, https:\/\/cafelapalma.com\/wp-content\/uploads\/2025\/11\/A-3-1-768x1086.jpg 768w, https:\/\/cafelapalma.com\/wp-content\/uploads\/2025\/11\/A-3-1-8x12.jpg 8w, https:\/\/cafelapalma.com\/wp-content\/uploads\/2025\/11\/A-3-1-42x60.jpg 42w\" sizes=\"auto, (max-width: 842px) 100vw, 842px\" \/><\/figure>\n<\/div>\n\n\n\n<div class=\"wp-block-column is-layout-flow wp-block-column-is-layout-flow\" style=\"flex-basis:66.66%\">\n<div style=\"height:100px\" aria-hidden=\"true\" class=\"wp-block-spacer\"><\/div>\n\n\n\n<p class=\"has-text-align-left wp-block-paragraph\"><strong>Sonido Club<\/strong> es la propuesta de <strong>Gusano <\/strong>y <strong>Mosh <\/strong>para devolver la mirada al dancefloor: m\u00fasica honesta, selecci\u00f3n abierta y un club entendido como espacio de movimiento. No hay g\u00e9neros fijos; hay energ\u00eda. Entre house, techno, electro, deep, breaks y sus desv\u00edos, buscamos una sesi\u00f3n que respire libertad y mantenga la pista en constante pulso. En Caf\u00e9 La Palma, Sonido Club funciona como laboratorio y punto de encuentro: sonido crudo, atm\u00f3sfera cercana y una \u00fanica intenci\u00f3n \u2014 <strong>bailar sin guion<\/strong>.<br><\/p>\n\n\n\n<p class=\"has-text-align-left wp-block-paragraph\"><strong>Posada<\/strong>: Nacido en Cali, Colombia. Radicado en Madrid, Carlos inici\u00f3 su carrera hace 14 a\u00f1os, residente en el emblem\u00e1tico club <strong>SONIDO CENTRAL<\/strong> de su ciudad durante 8 a\u00f1os, donde se consolid\u00f3 como uno de los mejores artistas de la escena underground del pa\u00eds. En Madrid es habitual en La Noche Club. Fundador de <strong>Inregistrari Interplanetare<\/strong>, <strong>Gusano <\/strong>y manager de <strong>Real Rhythm<\/strong>, tres sellos discogr\u00e1ficos de gran proyecci\u00f3n y popularidad. Posada ha firmado con reconocidos sellos como Deep Tech Records, Inwave, Samani, Tip Tap, Dushe y Soblazn Music, actualmente es la mitad del grupo <strong>Anthz<\/strong>. Su versatilidad en g\u00e9neros lo destaca en el sonido de club serio.<\/p>\n\n\n\n<p class=\"has-text-align-right wp-block-paragraph\"><em><a href=\"https:\/\/www.instagram.com\/posada.inreg\/\">Sigue a <\/a><\/em><strong><a href=\"https:\/\/www.instagram.com\/posada.inreg\/\">Posada<\/a><\/strong><em><a href=\"https:\/\/www.instagram.com\/posada.inreg\/\"> in <\/a><\/em><strong><a href=\"https:\/\/www.instagram.com\/posada.inreg\/\">Instagram<\/a><\/strong><\/p>\n\n\n\n<p class=\"has-text-align-left wp-block-paragraph\"><strong>Franco<\/strong>:\u00a0Felipe, tambi\u00e9n conocido como Franco, se sumergi\u00f3 en el mundo de la m\u00fasica electr\u00f3nica inspirado por los sonidos de los a\u00f1os 90 y 00. Contribuy\u00f3 al vibrante ambiente de fiestas en Cali y Palmira. Durante una d\u00e9cada, ha fusionado <strong>electro<\/strong>, <strong>techno<\/strong>, <strong>minimal <\/strong>y <strong>house <\/strong>en su estilo distintivo como DJ, destac\u00e1ndose por su capacidad para crear experiencias memorables en cada evento y conectar con el p\u00fablico a trav\u00e9s de una selecci\u00f3n musical vanguardista. En 2018, dio un gran paso en su carrera al mudarse al sur de Espa\u00f1a, donde comenz\u00f3 a coleccionar discos, sumergi\u00e9ndose a\u00fan m\u00e1s en la riqueza de la m\u00fasica electr\u00f3nica y explorando los sonidos y tendencias de la escena underground.<\/p>\n\n\n\n<p class=\"has-text-align-right wp-block-paragraph\"><a href=\"https:\/\/www.instagram.com\/francomusic96\/\"><em>Sigue a<\/em> <strong>Franco <\/strong><em>in <\/em><strong>Instagram<\/strong><\/a><\/p>\n\n\n\n<p class=\"has-text-align-left wp-block-paragraph\"><strong>Nemec <\/strong>es un productor cuya l\u00ednea musical abarca desde el minimalismo hasta lo experimental, influenciado por g\u00e9neros como el micro <strong>house<\/strong>, el <strong>minimal<\/strong>, el <strong>tech house<\/strong> y la m\u00fasica ambiental, lo que da como resultado una propuesta diferente que promete cautivar a todos los oyentes. Adem\u00e1s, es uno de los creadores de <strong>Mosh Co<\/strong>.<br><\/p>\n\n\n\n<p class=\"has-text-align-right wp-block-paragraph\"><a href=\"https:\/\/www.instagram.com\/nemec.artist\/\"><em>Sigue a<\/em> <strong>Nemec<\/strong><em> in <\/em><strong>Instagram<\/strong><\/a><\/p>\n\n\n\n<p class=\"has-text-align-left wp-block-paragraph\"><strong>Lucien <\/strong>es un DJ y productor argentino radicado en Madrid. Sus sets recorren el electro, el <strong>house<\/strong>, <strong>breaks <\/strong>y <strong>trance<\/strong>, construyendo un viaje por los estilos conectando ritmos y emociones. Sus participaciones m\u00e1s destacadas son <strong>Avant Garten<\/strong> y Club Quba (Argentina), <strong>Cadavra <\/strong>y Skool Club (Espa\u00f1a). Como productor, su m\u00fasica en sellos como Toscal Records, Address of Time y Abuelo Negro reflejan un sonido directo, enfocado en la pista y marcado por influencias de los a\u00f1os 90.<br><\/p>\n\n\n\n<p class=\"has-text-align-right wp-block-paragraph\"><a href=\"https:\/\/www.instagram.com\/mora.luciano\/\"><em>Sigue a<\/em> <strong>Lucien <\/strong><em>in <\/em><strong>Instagram<\/strong><\/a><\/p>\n<\/div>\n<\/div>\n\n\n\n<div style=\"height:100px\" aria-hidden=\"true\" class=\"wp-block-spacer\"><\/div>\n\n\n\n<hr class=\"wp-block-separator has-alpha-channel-opacity\"\/>\n\n\n\n<div style=\"height:100px\" aria-hidden=\"true\" class=\"wp-block-spacer\"><\/div>\n\n\n<h2 class=\"tribe-block__related-events__title\">Related Events<\/h2>\n\n<ul  class=\"tribe-related-events tribe-clearfix\" >\n\t\t\t<li>\n\t\n<div class=\"tribe-related-events-thumbnail\">\n\t<a href=\"https:\/\/cafelapalma.com\/en\/programacion\/funkin-donuts\/\" class=\"url\" rel=\"bookmark\" tabindex=\"-1\" aria-hidden=\"true\"><img loading=\"lazy\" decoding=\"async\" width=\"693\" height=\"1040\" src=\"https:\/\/cafelapalma.com\/wp-content\/uploads\/2026\/07\/FD-vert2-bn-693x1040.jpg\" class=\"attachment-large size-large wp-post-image\" alt=\"\" \/><\/a>\n<\/div>\n\t<div class=\"tribe-related-event-info\">\n\t<h3 class=\"tribe-related-events-title\">\n\t\t<a href=\"https:\/\/cafelapalma.com\/en\/programacion\/funkin-donuts\/\" class=\"tribe-event-url\" rel=\"bookmark\">\n\t\t\tFUNKIN&#8217; DONUTS\t\t<\/a>\n\t<\/h3>\n\t<span class=\"tribe-event-date-start\">5  September@22:00<\/span><span class=\"tribe-event-time\">23:45<\/span><\/div>\n<\/li>\n\t\t\t<li>\n\t\n<div class=\"tribe-related-events-thumbnail\">\n\t<a href=\"https:\/\/cafelapalma.com\/en\/programacion\/backstage-le-petit-truffle-mayo\/\" class=\"url\" rel=\"bookmark\" tabindex=\"-1\" aria-hidden=\"true\"><img loading=\"lazy\" decoding=\"async\" width=\"780\" height=\"1040\" src=\"https:\/\/cafelapalma.com\/wp-content\/uploads\/2026\/07\/Imagen-TruffleMayo-LePetit-i-1-780x1040.png\" class=\"attachment-large size-large wp-post-image\" alt=\"\" \/><\/a>\n<\/div>\n\t<div class=\"tribe-related-event-info\">\n\t<h3 class=\"tribe-related-events-title\">\n\t\t<a href=\"https:\/\/cafelapalma.com\/en\/programacion\/backstage-le-petit-truffle-mayo\/\" class=\"tribe-event-url\" rel=\"bookmark\">\n\t\t\tBACKSTAGE: LE PETIT + TRUFFLE MAYO\t\t<\/a>\n\t<\/h3>\n\t<span class=\"tribe-event-date-start\">5  September@23:55<\/span><\/div>\n<\/li>\n\t\t\t<li>\n\t\n<div class=\"tribe-related-events-thumbnail\">\n\t<a href=\"https:\/\/cafelapalma.com\/en\/programacion\/willie-deville-concierto-benefico-x-venezuela\/\" class=\"url\" rel=\"bookmark\" tabindex=\"-1\" aria-hidden=\"true\"><img loading=\"lazy\" decoding=\"async\" width=\"1020\" height=\"531\" src=\"https:\/\/cafelapalma.com\/wp-content\/uploads\/2026\/08\/Willie-deville-1100x572-1-1040x541.jpg\" class=\"attachment-large size-large wp-post-image\" alt=\"\" \/><\/a>\n<\/div>\n\t<div class=\"tribe-related-event-info\">\n\t<h3 class=\"tribe-related-events-title\">\n\t\t<a href=\"https:\/\/cafelapalma.com\/en\/programacion\/willie-deville-concierto-benefico-x-venezuela\/\" class=\"tribe-event-url\" rel=\"bookmark\">\n\t\t\tWILLIE DEVILLE: CONCIERTO BEN\u00c9FICO X VENEZUELA\t\t<\/a>\n\t<\/h3>\n\t<span class=\"tribe-event-date-start\">6  September@21:00<\/span><span class=\"tribe-event-time\">23:45<\/span><\/div>\n<\/li>\n\t<\/ul>","protected":false},"excerpt":{"rendered":"<p>Sonido Club es la propuesta de Gusano y Mosh para devolver la mirada al dancefloor: m\u00fasica honesta, selecci\u00f3n abierta y un club entendido como espacio de movimiento. No hay g\u00e9neros fijos; hay energ\u00eda. Entre house, techno, electro, deep, breaks y sus desv\u00edos, buscamos una sesi\u00f3n que respire libertad y mantenga la pista en constante pulso. &hellip; <\/p>","protected":false},"author":2,"featured_media":32459,"template":"","meta":{"_tec_requires_first_save":false,"_uag_custom_page_level_css":"","loftloader_page_shortcode":"","_EventAllDay":false,"_EventTimezone":"Europe\/Madrid","_EventStartDate":"2025-12-06 23:50:00","_EventEndDate":"2025-12-06 23:55:00","_EventStartDateUTC":"2025-12-06 22:50:00","_EventEndDateUTC":"2025-12-06 22:55:00","_EventShowMap":false,"_EventShowMapLink":false,"_EventURL":"","_EventCost":"ENTRADA LIBRE","_EventCostDescription":"","_EventCurrencySymbol":"\u20ac","_EventCurrencyCode":"USD","_EventCurrencyPosition":"suffix","_EventDateTimeSeparator":"@","_EventTimeRangeSeparator":"-","_EventOrganizerID":[],"_EventVenueID":[],"_OrganizerEmail":"","_OrganizerPhone":"","_OrganizerWebsite":"","_VenueAddress":"","_VenueCity":"","_VenueCountry":"","_VenueProvince":"","_VenueState":"","_VenueZip":"","_VenuePhone":"","_VenueURL":"","_VenueStateProvince":"","_VenueLat":"","_VenueLng":"","_VenueShowMap":false,"_VenueShowMapLink":false,"_tribe_blocks_recurrence_rules":"","_tribe_blocks_recurrence_description":"","_tribe_blocks_recurrence_exclusions":"","_ecp_custom_2":"","_tribe_events_status":"","_tribe_events_status_reason":"","_tribe_events_is_hybrid":"","_tribe_events_is_virtual":"","_tribe_events_virtual_video_source":"","_tribe_events_virtual_embed_video":"","_tribe_events_virtual_linked_button_text":"","_tribe_events_virtual_linked_button":"","_tribe_events_virtual_show_embed_at":"","_tribe_events_virtual_show_embed_to":[],"_tribe_events_virtual_show_on_event":"","_tribe_events_virtual_show_on_views":"","_tribe_events_virtual_url":"","footnotes":""},"tags":[18084,1363,9225,11349,9226,9227,18003,1357,18081,9309,18086,9559,18082,18085,18083,18087],"tribe_events_cat":[8964],"class_list":["post-32457","tribe_events","type-tribe_events","status-publish","has-post-thumbnail","hentry","tag-anthz","tag-cafe-la-palma","tag-cafe-la-palma-clubbing","tag-clubbing","tag-djs-madrid","tag-djs-malasana","tag-eclipse","tag-electronica","tag-gusano","tag-house","tag-lucien","tag-minimal","tag-mosh","tag-nemec","tag-posada","tag-sonido-club","tribe_events_cat-clubbing","cat_clubbing"],"uagb_featured_image_src":{"full":["https:\/\/cafelapalma.com\/wp-content\/uploads\/2025\/11\/A-3-1.jpg",842,1191,false],"thumbnail":["https:\/\/cafelapalma.com\/wp-content\/uploads\/2025\/11\/A-3-1-150x150.jpg",150,150,true],"medium":["https:\/\/cafelapalma.com\/wp-content\/uploads\/2025\/11\/A-3-1-212x300.jpg",212,300,true],"medium_large":["https:\/\/cafelapalma.com\/wp-content\/uploads\/2025\/11\/A-3-1-768x1086.jpg",768,1086,true],"large":["https:\/\/cafelapalma.com\/wp-content\/uploads\/2025\/11\/A-3-1-735x1040.jpg",735,1040,true],"1536x1536":["https:\/\/cafelapalma.com\/wp-content\/uploads\/2025\/11\/A-3-1.jpg",842,1191,false],"2048x2048":["https:\/\/cafelapalma.com\/wp-content\/uploads\/2025\/11\/A-3-1.jpg",842,1191,false],"trp-custom-language-flag":["https:\/\/cafelapalma.com\/wp-content\/uploads\/2025\/11\/A-3-1-8x12.jpg",8,12,true],"blossom-feminine-slider":["https:\/\/cafelapalma.com\/wp-content\/uploads\/2025\/11\/A-3-1-842x649.jpg",842,649,true],"blossom-feminine-featured":["https:\/\/cafelapalma.com\/wp-content\/uploads\/2025\/11\/A-3-1-842x600.jpg",842,600,true],"blossom-feminine-with-sidebar":["https:\/\/cafelapalma.com\/wp-content\/uploads\/2025\/11\/A-3-1-842x600.jpg",842,600,true],"blossom-feminine-blog":["https:\/\/cafelapalma.com\/wp-content\/uploads\/2025\/11\/A-3-1-435x435.jpg",435,435,true],"blossom-feminine-cat":["https:\/\/cafelapalma.com\/wp-content\/uploads\/2025\/11\/A-3-1-450x300.jpg",450,300,true],"blossom-feminine-related":["https:\/\/cafelapalma.com\/wp-content\/uploads\/2025\/11\/A-3-1-320x200.jpg",320,200,true],"blossom-feminine-schema":["https:\/\/cafelapalma.com\/wp-content\/uploads\/2025\/11\/A-3-1-42x60.jpg",42,60,true]},"uagb_author_info":{"display_name":"Victor","author_link":"https:\/\/cafelapalma.com\/en\/author\/comunicacion\/"},"uagb_comment_info":0,"uagb_excerpt":"Sonido Club es la propuesta de Gusano y Mosh para devolver la mirada al dancefloor: m\u00fasica honesta, selecci\u00f3n abierta y un club entendido como espacio de movimiento. No hay g\u00e9neros fijos; hay energ\u00eda. Entre house, techno, electro, deep, breaks y sus desv\u00edos, buscamos una sesi\u00f3n que respire libertad y mantenga la pista en constante pulso.&hellip;","_links":{"self":[{"href":"https:\/\/cafelapalma.com\/en\/wp-json\/wp\/v2\/tribe_events\/32457","targetHints":{"allow":["GET"]}}],"collection":[{"href":"https:\/\/cafelapalma.com\/en\/wp-json\/wp\/v2\/tribe_events"}],"about":[{"href":"https:\/\/cafelapalma.com\/en\/wp-json\/wp\/v2\/types\/tribe_events"}],"author":[{"embeddable":true,"href":"https:\/\/cafelapalma.com\/en\/wp-json\/wp\/v2\/users\/2"}],"version-history":[{"count":0,"href":"https:\/\/cafelapalma.com\/en\/wp-json\/wp\/v2\/tribe_events\/32457\/revisions"}],"wp:featuredmedia":[{"embeddable":true,"href":"https:\/\/cafelapalma.com\/en\/wp-json\/wp\/v2\/media\/32459"}],"wp:attachment":[{"href":"https:\/\/cafelapalma.com\/en\/wp-json\/wp\/v2\/media?parent=32457"}],"wp:term":[{"taxonomy":"post_tag","embeddable":true,"href":"https:\/\/cafelapalma.com\/en\/wp-json\/wp\/v2\/tags?post=32457"},{"taxonomy":"tribe_events_cat","embeddable":true,"href":"https:\/\/cafelapalma.com\/en\/wp-json\/wp\/v2\/tribe_events_cat?post=32457"}],"curies":[{"name":"wp","href":"https:\/\/api.w.org\/{rel}","templated":true}]}}