{"id":32479,"date":"2025-11-20T11:22:24","date_gmt":"2025-11-20T10:22:24","guid":{"rendered":"https:\/\/cafelapalma.com\/?post_type=tribe_events&#038;p=32479"},"modified":"2025-11-20T12:09:19","modified_gmt":"2025-11-20T11:09:19","slug":"canteo_quintodiario","status":"publish","type":"tribe_events","link":"https:\/\/cafelapalma.com\/en\/programacion\/canteo_quintodiario\/","title":{"rendered":"CANTEO! + QUINTO DIARIO"},"content":{"rendered":"<div  class=\"tribe-events-schedule tribe-clearfix\" >\n\t<p class=\"tribe-events-schedule__datetime\">\n\t\t<span class=\"tribe-events-schedule__date tribe-events-schedule__date--start\">\n\t\t\t20  December  2025\t\t<\/span>\n\n\t\t\t\t\t<span class=\"tribe-events-schedule__separator tribe-events-schedule__separator--date\">\n\t\t\t\t@\t\t\t<\/span>\n\t\t\t<span class=\"tribe-events-schedule__time tribe-events-schedule__time--start\">\n\t\t\t\t21:30\t\t\t<\/span>\n\t\t\n\t\t\t\t\t\t\t\t\t<span class=\"tribe-events-schedule__separator tribe-events-schedule__separator--time\">\n\t\t\t\t\t&#8211;\t\t\t\t<\/span>\n\t\t\t\n\t\t\t\t\t\t\t<span class=\"tribe-events-schedule__time tribe-events-schedule__time--end\">\n\t\t\t\t\t23:50\t\t\t\t<\/span>\n\t\t\t\n\t\t\t\t\t\t<\/p>\n<\/div>\n\n\n<div  class=\"tribe-block tribe-block__event-price\" >\n\t\t\t<span class=\"tribe-block__event-price__cost\"> 10\u20ac <\/span>\n\t\t\t\t<span class=\"tribe-block__event-price__description\">+ gg Anticipada | 12\u20ac Taquilla<\/span>\n\t<\/div>\n\n\n\n<div style=\"height:100px\" aria-hidden=\"true\" class=\"wp-block-spacer\"><\/div>\n\n\n\n<div class=\"wp-block-columns is-layout-flex wp-container-core-columns-is-layout-8f761849 wp-block-columns-is-layout-flex\">\n<div class=\"wp-block-column is-layout-flow wp-block-column-is-layout-flow\" style=\"flex-basis:33.33%\">\n<figure class=\"wp-block-image size-full\"><img decoding=\"async\" src=\"https:\/\/cafelapalma.com\/wp-content\/uploads\/2025\/11\/CANTEO-1.jpg\" alt=\"\" class=\"wp-image-32484\"\/><\/figure>\n\n\n<div  class=\"tribe-block tribe-block__event-website\" >\n\t<a\n\t\thref=\"https:\/\/www.passline.com\/eventos\/canteo-quinto-diario\"\n\t\ttarget=\"_self\"\n\t\t\t>\n\t\tBUY TICKETS\t<\/a>\n<\/div>\n<\/div>\n\n\n\n<div class=\"wp-block-column is-layout-flow wp-block-column-is-layout-flow\" style=\"flex-basis:66.66%\">\n<div style=\"height:100px\" aria-hidden=\"true\" class=\"wp-block-spacer\"><\/div>\n\n\n\n<p class=\"has-text-align-left wp-block-paragraph\"><strong>CANTEO!<\/strong> es pop fresco y renovado. Pura intenci\u00f3n. Disruptivo, espont\u00e1neo y altamente pegajoso. La banda madrile\u00f1a irrumpe en el panorama de la manera m\u00e1s contundente. A principios de junio de 2023, presentan CANTEO! al mundo a trav\u00e9s de redes sociales mediante una campa\u00f1a de intriga, captando la atenci\u00f3n de ciertos medios y referentes de la industria hasta presentar su primer single \u00abquieres salir a fumar?\u00bb.<\/p>\n\n\n\n<p class=\"has-text-align-left wp-block-paragraph\">Tras la salida de los siguientes singles y su primer trabajo conceptual, el EP \u00abrotocoraz\u00f3n\u00bb, firman por <strong>Subterfuge Records<\/strong>. En febrero de 2024 lanzan \u201cla de cupido\u201d, entre guitarras luminosas y sintetizadores retro al m\u00e1s puro estilo pop-funk, un hit nost\u00e1lgico que recuerda un amor no correspondido planteando nuevos matices en su sonido y demostrando su versatilidad compositiva.<\/p>\n\n\n\n<p class=\"has-text-align-left wp-block-paragraph\">A principios de 2025 lanzan su \u00e1lbum debut \u00ab<strong>FELICES<\/strong>\u00bb, que incluye trallazos como \u00abBONNIE&amp;CLYDE\u00bb, \u00abFELICES DEL BARRIO\u00bb, \u00abIGLOO\u00bb, \u00abBOCARRIBA\u00bb, \u00abFELICES\u00bb y \u00abSINTON\u00cdZATE.<\/p>\n\n\n\n<p class=\"has-text-align-right wp-block-paragraph\"><em><a href=\"https:\/\/open.spotify.com\/intl-es\/artist\/4p5YmSzDVhTtZ0ucLthqKt?si=4KAc9oztRIywa6N9VKukKg\">Listen to <\/a><\/em><strong><a href=\"https:\/\/open.spotify.com\/intl-es\/artist\/5wuRxXOBRZ1Zt0EvCi7xis?si=sFiM52szSCOGm55zwAutvg\" target=\"_blank\" rel=\"noreferrer noopener\">CANTEO! <\/a><\/strong><em><a href=\"https:\/\/open.spotify.com\/intl-es\/artist\/4p5YmSzDVhTtZ0ucLthqKt?si=4KAc9oztRIywa6N9VKukKg\">in <\/a><\/em><strong><a href=\"https:\/\/open.spotify.com\/intl-es\/artist\/4p5YmSzDVhTtZ0ucLthqKt?si=4KAc9oztRIywa6N9VKukKg\">Spotify<\/a><\/strong><\/p>\n\n\n\n<p class=\"has-text-align-left wp-block-paragraph\"><strong>QUINTO DIARIO<\/strong>\u00a0es una banda de pop punk madrile\u00f1a que nace en el a\u00f1o 2018 de la uni\u00f3n de Beto, Andr\u00e9s, Alejandro, Alberto y Lucas. En el a\u00f1o 2021 estrenaron su primer LP, \u201cEp\u00edlogo Desastre\u201d, con claras influencias de bandas americanas como The Story So Far o inglesas como Neck Deep y logrando alcanzar el p\u00fablico que a\u00f1oraba esos aspectos de los 2000.\u00a0A principios del 2023, comienzan a abrirse a un sonido un tanto m\u00e1s cl\u00e1sico y nost\u00e1lgico, alej\u00e1ndose del punk y acerc\u00e1ndose un poco m\u00e1s al pop, con canciones m\u00e1s consolidadas en sonidos m\u00e1s sencillos y melod\u00edas m\u00e1s pegadizas.<\/p>\n\n\n\n<p class=\"has-text-align-right wp-block-paragraph\"><em><a href=\"https:\/\/open.spotify.com\/intl-es\/artist\/6KN4R5JYbtOkbwP6QcpzS9?si=58oBB5FXTPGRGXH2YlzbtQ\">Listen to <\/a><\/em><strong><a href=\"https:\/\/open.spotify.com\/intl-es\/artist\/6KN4R5JYbtOkbwP6QcpzS9?si=58oBB5FXTPGRGXH2YlzbtQ\">QUINTO DIARIO <\/a><\/strong><em><a href=\"https:\/\/open.spotify.com\/intl-es\/artist\/6KN4R5JYbtOkbwP6QcpzS9?si=58oBB5FXTPGRGXH2YlzbtQ\">in <\/a><\/em><strong><a href=\"https:\/\/open.spotify.com\/intl-es\/artist\/6KN4R5JYbtOkbwP6QcpzS9?si=58oBB5FXTPGRGXH2YlzbtQ\">Spotify<\/a><\/strong><\/p>\n<\/div>\n<\/div>\n\n\n\n<div style=\"height:100px\" aria-hidden=\"true\" class=\"wp-block-spacer\"><\/div>\n\n\n\n<hr class=\"wp-block-separator has-alpha-channel-opacity\"\/>\n\n\n\n<div style=\"height:100px\" aria-hidden=\"true\" class=\"wp-block-spacer\"><\/div>\n\n\n<h2 class=\"tribe-block__related-events__title\">Related Events<\/h2>\n\n<ul  class=\"tribe-related-events tribe-clearfix\" >\n\t\t\t<li>\n\t\n<div class=\"tribe-related-events-thumbnail\">\n\t<a href=\"https:\/\/cafelapalma.com\/en\/programacion\/funkin-donuts\/\" class=\"url\" rel=\"bookmark\" tabindex=\"-1\" aria-hidden=\"true\"><img loading=\"lazy\" decoding=\"async\" width=\"693\" height=\"1040\" src=\"https:\/\/cafelapalma.com\/wp-content\/uploads\/2026\/07\/FD-vert2-bn-693x1040.jpg\" class=\"attachment-large size-large wp-post-image\" alt=\"\" \/><\/a>\n<\/div>\n\t<div class=\"tribe-related-event-info\">\n\t<h3 class=\"tribe-related-events-title\">\n\t\t<a href=\"https:\/\/cafelapalma.com\/en\/programacion\/funkin-donuts\/\" class=\"tribe-event-url\" rel=\"bookmark\">\n\t\t\tFUNKIN&#8217; DONUTS\t\t<\/a>\n\t<\/h3>\n\t<span class=\"tribe-event-date-start\">5  September@22:00<\/span><span class=\"tribe-event-time\">23:45<\/span><\/div>\n<\/li>\n\t\t\t<li>\n\t\n<div class=\"tribe-related-events-thumbnail\">\n\t<a href=\"https:\/\/cafelapalma.com\/en\/programacion\/backstage-le-petit-truffle-mayo\/\" class=\"url\" rel=\"bookmark\" tabindex=\"-1\" aria-hidden=\"true\"><img loading=\"lazy\" decoding=\"async\" width=\"780\" height=\"1040\" src=\"https:\/\/cafelapalma.com\/wp-content\/uploads\/2026\/07\/Imagen-TruffleMayo-LePetit-i-1-780x1040.png\" class=\"attachment-large size-large wp-post-image\" alt=\"\" \/><\/a>\n<\/div>\n\t<div class=\"tribe-related-event-info\">\n\t<h3 class=\"tribe-related-events-title\">\n\t\t<a href=\"https:\/\/cafelapalma.com\/en\/programacion\/backstage-le-petit-truffle-mayo\/\" class=\"tribe-event-url\" rel=\"bookmark\">\n\t\t\tBACKSTAGE: LE PETIT + TRUFFLE MAYO\t\t<\/a>\n\t<\/h3>\n\t<span class=\"tribe-event-date-start\">5  September@23:55<\/span><\/div>\n<\/li>\n\t\t\t<li>\n\t\n<div class=\"tribe-related-events-thumbnail\">\n\t<a href=\"https:\/\/cafelapalma.com\/en\/programacion\/willie-deville-concierto-benefico-x-venezuela\/\" class=\"url\" rel=\"bookmark\" tabindex=\"-1\" aria-hidden=\"true\"><img loading=\"lazy\" decoding=\"async\" width=\"1020\" height=\"531\" src=\"https:\/\/cafelapalma.com\/wp-content\/uploads\/2026\/08\/Willie-deville-1100x572-1-1040x541.jpg\" class=\"attachment-large size-large wp-post-image\" alt=\"\" \/><\/a>\n<\/div>\n\t<div class=\"tribe-related-event-info\">\n\t<h3 class=\"tribe-related-events-title\">\n\t\t<a href=\"https:\/\/cafelapalma.com\/en\/programacion\/willie-deville-concierto-benefico-x-venezuela\/\" class=\"tribe-event-url\" rel=\"bookmark\">\n\t\t\tWILLIE DEVILLE: CONCIERTO BEN\u00c9FICO X VENEZUELA\t\t<\/a>\n\t<\/h3>\n\t<span class=\"tribe-event-date-start\">6  September@21:00<\/span><span class=\"tribe-event-time\">23:45<\/span><\/div>\n<\/li>\n\t<\/ul>","protected":false},"excerpt":{"rendered":"<p>CANTEO! es pop fresco y renovado. Pura intenci\u00f3n. Disruptivo, espont\u00e1neo y altamente pegajoso. La banda madrile\u00f1a irrumpe en el panorama de la manera m\u00e1s contundente. A principios de junio de 2023, presentan CANTEO! al mundo a trav\u00e9s de redes sociales mediante una campa\u00f1a de intriga, captando la atenci\u00f3n de ciertos medios y referentes de la &hellip; <\/p>","protected":false},"author":2,"featured_media":32482,"template":"","meta":{"_tec_requires_first_save":false,"_uag_custom_page_level_css":"","loftloader_page_shortcode":"","_EventAllDay":false,"_EventTimezone":"Europe\/Madrid","_EventStartDate":"2025-12-20 21:30:00","_EventEndDate":"2025-12-20 23:50:00","_EventStartDateUTC":"2025-12-20 20:30:00","_EventEndDateUTC":"2025-12-20 22:50:00","_EventShowMap":false,"_EventShowMapLink":false,"_EventURL":"https:\/\/www.passline.com\/eventos\/canteo-quinto-diario","_EventCost":"10","_EventCostDescription":"","_EventCurrencySymbol":"\u20ac","_EventCurrencyCode":"USD","_EventCurrencyPosition":"suffix","_EventDateTimeSeparator":"@","_EventTimeRangeSeparator":"-","_EventOrganizerID":[],"_EventVenueID":[],"_OrganizerEmail":"","_OrganizerPhone":"","_OrganizerWebsite":"","_VenueAddress":"","_VenueCity":"","_VenueCountry":"","_VenueProvince":"","_VenueState":"","_VenueZip":"","_VenuePhone":"","_VenueURL":"","_VenueStateProvince":"","_VenueLat":"","_VenueLng":"","_VenueShowMap":false,"_VenueShowMapLink":false,"_tribe_blocks_recurrence_rules":"","_tribe_blocks_recurrence_description":"","_tribe_blocks_recurrence_exclusions":"","_ecp_custom_2":"","_tribe_events_status":"","_tribe_events_status_reason":"","_tribe_events_is_hybrid":"","_tribe_events_is_virtual":"","_tribe_events_virtual_video_source":"","_tribe_events_virtual_embed_video":"","_tribe_events_virtual_linked_button_text":"","_tribe_events_virtual_linked_button":"","_tribe_events_virtual_show_embed_at":"","_tribe_events_virtual_show_embed_to":[],"_tribe_events_virtual_show_on_event":"","_tribe_events_virtual_show_on_views":"","_tribe_events_virtual_url":"","footnotes":""},"tags":[1363,18094,16251,2865,9147,9146,9288,1355,13662,9164,1481,9585,18095,12375],"tribe_events_cat":[8963],"class_list":["post-32479","tribe_events","type-tribe_events","status-publish","has-post-thumbnail","hentry","tag-cafe-la-palma","tag-canteo-2","tag-canteo","tag-conciertos-cafe-la-palma","tag-conciertos-madrid","tag-conciertos-malasana","tag-indie-pop","tag-pop","tag-pop-punk-2","tag-pop-rock-2","tag-punk","tag-quinto-diario","tag-rotocorazon","tag-subterfuge-records","tribe_events_cat-concierto","cat_concierto"],"uagb_featured_image_src":{"full":["https:\/\/cafelapalma.com\/wp-content\/uploads\/2025\/11\/20_CANTEO_LOW-scaled.jpg",2001,3000,false],"thumbnail":["https:\/\/cafelapalma.com\/wp-content\/uploads\/2025\/11\/20_CANTEO_LOW-150x150.jpg",150,150,true],"medium":["https:\/\/cafelapalma.com\/wp-content\/uploads\/2025\/11\/20_CANTEO_LOW-200x300.jpg",200,300,true],"medium_large":["https:\/\/cafelapalma.com\/wp-content\/uploads\/2025\/11\/20_CANTEO_LOW-768x1151.jpg",768,1151,true],"large":["https:\/\/cafelapalma.com\/wp-content\/uploads\/2025\/11\/20_CANTEO_LOW-694x1040.jpg",694,1040,true],"1536x1536":["https:\/\/cafelapalma.com\/wp-content\/uploads\/2025\/11\/20_CANTEO_LOW-1025x1536.jpg",1025,1536,true],"2048x2048":["https:\/\/cafelapalma.com\/wp-content\/uploads\/2025\/11\/20_CANTEO_LOW-1366x2048.jpg",1366,2048,true],"trp-custom-language-flag":["https:\/\/cafelapalma.com\/wp-content\/uploads\/2025\/11\/20_CANTEO_LOW-8x12.jpg",8,12,true],"blossom-feminine-slider":["https:\/\/cafelapalma.com\/wp-content\/uploads\/2025\/11\/20_CANTEO_LOW-1920x649.jpg",1920,649,true],"blossom-feminine-featured":["https:\/\/cafelapalma.com\/wp-content\/uploads\/2025\/11\/20_CANTEO_LOW-1410x600.jpg",1410,600,true],"blossom-feminine-with-sidebar":["https:\/\/cafelapalma.com\/wp-content\/uploads\/2025\/11\/20_CANTEO_LOW-1020x600.jpg",1020,600,true],"blossom-feminine-blog":["https:\/\/cafelapalma.com\/wp-content\/uploads\/2025\/11\/20_CANTEO_LOW-435x435.jpg",435,435,true],"blossom-feminine-cat":["https:\/\/cafelapalma.com\/wp-content\/uploads\/2025\/11\/20_CANTEO_LOW-450x300.jpg",450,300,true],"blossom-feminine-related":["https:\/\/cafelapalma.com\/wp-content\/uploads\/2025\/11\/20_CANTEO_LOW-320x200.jpg",320,200,true],"blossom-feminine-schema":["https:\/\/cafelapalma.com\/wp-content\/uploads\/2025\/11\/20_CANTEO_LOW-40x60.jpg",40,60,true]},"uagb_author_info":{"display_name":"Victor","author_link":"https:\/\/cafelapalma.com\/en\/author\/comunicacion\/"},"uagb_comment_info":0,"uagb_excerpt":"CANTEO! es pop fresco y renovado. Pura intenci\u00f3n. Disruptivo, espont\u00e1neo y altamente pegajoso. La banda madrile\u00f1a irrumpe en el panorama de la manera m\u00e1s contundente. A principios de junio de 2023, presentan CANTEO! al mundo a trav\u00e9s de redes sociales mediante una campa\u00f1a de intriga, captando la atenci\u00f3n de ciertos medios y referentes de la&hellip;","_links":{"self":[{"href":"https:\/\/cafelapalma.com\/en\/wp-json\/wp\/v2\/tribe_events\/32479","targetHints":{"allow":["GET"]}}],"collection":[{"href":"https:\/\/cafelapalma.com\/en\/wp-json\/wp\/v2\/tribe_events"}],"about":[{"href":"https:\/\/cafelapalma.com\/en\/wp-json\/wp\/v2\/types\/tribe_events"}],"author":[{"embeddable":true,"href":"https:\/\/cafelapalma.com\/en\/wp-json\/wp\/v2\/users\/2"}],"version-history":[{"count":0,"href":"https:\/\/cafelapalma.com\/en\/wp-json\/wp\/v2\/tribe_events\/32479\/revisions"}],"wp:featuredmedia":[{"embeddable":true,"href":"https:\/\/cafelapalma.com\/en\/wp-json\/wp\/v2\/media\/32482"}],"wp:attachment":[{"href":"https:\/\/cafelapalma.com\/en\/wp-json\/wp\/v2\/media?parent=32479"}],"wp:term":[{"taxonomy":"post_tag","embeddable":true,"href":"https:\/\/cafelapalma.com\/en\/wp-json\/wp\/v2\/tags?post=32479"},{"taxonomy":"tribe_events_cat","embeddable":true,"href":"https:\/\/cafelapalma.com\/en\/wp-json\/wp\/v2\/tribe_events_cat?post=32479"}],"curies":[{"name":"wp","href":"https:\/\/api.w.org\/{rel}","templated":true}]}}