{"id":32495,"date":"2025-11-21T13:00:02","date_gmt":"2025-11-21T12:00:02","guid":{"rendered":"https:\/\/cafelapalma.com\/?post_type=tribe_events&#038;p=32495"},"modified":"2025-12-03T13:58:18","modified_gmt":"2025-12-03T12:58:18","slug":"ta_katt_quema_la_vida","status":"publish","type":"tribe_events","link":"https:\/\/cafelapalma.com\/en\/programacion\/ta_katt_quema_la_vida\/","title":{"rendered":"TA KATT + QUEMA LA VIDA"},"content":{"rendered":"<div  class=\"tribe-block tribe-block__event-price\" >\n\t\t\t<span class=\"tribe-block__event-price__cost\"> 8\u20ac <\/span>\n\t\t\t\t<span class=\"tribe-block__event-price__description\">+ gg Anticipada | 10\u20ac Taquilla (todos los tramos incluyen UNA CONSUMICI\u00d3N)<\/span>\n\t<\/div>\n\n\n<div  class=\"tribe-events-schedule tribe-clearfix\" >\n\t<p class=\"tribe-events-schedule__datetime\">\n\t\t<span class=\"tribe-events-schedule__date tribe-events-schedule__date--start\">\n\t\t\t10  December  2025\t\t<\/span>\n\n\t\t\t\t\t<span class=\"tribe-events-schedule__separator tribe-events-schedule__separator--date\">\n\t\t\t\t@\t\t\t<\/span>\n\t\t\t<span class=\"tribe-events-schedule__time tribe-events-schedule__time--start\">\n\t\t\t\t21:00\t\t\t<\/span>\n\t\t\n\t\t\t\t\t\t\t\t\t<span class=\"tribe-events-schedule__separator tribe-events-schedule__separator--time\">\n\t\t\t\t\t&#8211;\t\t\t\t<\/span>\n\t\t\t\n\t\t\t\t\t\t\t<span class=\"tribe-events-schedule__time tribe-events-schedule__time--end\">\n\t\t\t\t\t23:50\t\t\t\t<\/span>\n\t\t\t\n\t\t\t\t\t\t<\/p>\n<\/div>\n\n\n\n<div style=\"height:100px\" aria-hidden=\"true\" class=\"wp-block-spacer\"><\/div>\n\n\n\n<div class=\"wp-block-columns is-layout-flex wp-container-core-columns-is-layout-8f761849 wp-block-columns-is-layout-flex\">\n<div class=\"wp-block-column is-layout-flow wp-block-column-is-layout-flow\" style=\"flex-basis:33.33%\">\n<figure class=\"wp-block-image size-full\"><img loading=\"lazy\" decoding=\"async\" width=\"794\" height=\"1123\" src=\"https:\/\/cafelapalma.com\/wp-content\/uploads\/2025\/11\/ta-katt-cartel-1-1.png\" alt=\"\" class=\"wp-image-32497\" srcset=\"https:\/\/cafelapalma.com\/wp-content\/uploads\/2025\/11\/ta-katt-cartel-1-1.png 794w, https:\/\/cafelapalma.com\/wp-content\/uploads\/2025\/11\/ta-katt-cartel-1-1-212x300.png 212w, https:\/\/cafelapalma.com\/wp-content\/uploads\/2025\/11\/ta-katt-cartel-1-1-735x1040.png 735w, https:\/\/cafelapalma.com\/wp-content\/uploads\/2025\/11\/ta-katt-cartel-1-1-768x1086.png 768w, https:\/\/cafelapalma.com\/wp-content\/uploads\/2025\/11\/ta-katt-cartel-1-1-8x12.png 8w, https:\/\/cafelapalma.com\/wp-content\/uploads\/2025\/11\/ta-katt-cartel-1-1-42x60.png 42w\" sizes=\"auto, (max-width: 794px) 100vw, 794px\" \/><\/figure>\n\n\n<div  class=\"tribe-block tribe-block__event-website\" >\n\t<a\n\t\thref=\"https:\/\/www.passline.com\/eventos\/ta-katt-quema-la-vida\"\n\t\ttarget=\"_self\"\n\t\t\t>\n\t\tBUY TICKETS\t<\/a>\n<\/div>\n<\/div>\n\n\n\n<div class=\"wp-block-column is-layout-flow wp-block-column-is-layout-flow\" style=\"flex-basis:66.66%\">\n<div style=\"height:100px\" aria-hidden=\"true\" class=\"wp-block-spacer\"><\/div>\n\n\n\n<p class=\"has-text-align-left wp-block-paragraph\"><strong>Ta Katt <\/strong>llega desde Madrid a repartir ara\u00f1azos y distorsi\u00f3n con <strong>Agatha Varela<\/strong> (voz, Espa\u00f1a), <strong>Blas Kolic<\/strong> (guitarra, M\u00e9xico), <strong>Juanjo Roncal<\/strong> (guitarra, Argentina), <strong>Pablo Benedetto<\/strong> (bajo, Argentina) y <strong>Mario Glikman<\/strong> (bater\u00eda, Argentina) con m\u00fasica original, shows con mucha manija y un sonido que combina rock, blues, funk y a veces metal en atm\u00f3sferas que te llevan m\u00e1s all\u00e1 del riff habitual.<\/p>\n\n\n\n<p class=\"has-text-align-left wp-block-paragraph\">Han llevado ese sonido a escenarios legendarios de Madrid, como la Sala Rockville, la Honky Tonk Live Music Bar, la Sala BarCo, la Sala Moe, e incluso internacionalmente, como en el The Jericho de Oxford (Reino Unido). Con influencias que oscilan entre el rock argentino (<strong>Cerati, Spinetta<\/strong>), la urgencia brit-estadounidense (<strong>Queens of the Stone Age, Arctic Monkeys, Alabama Shakes<\/strong>) y una predisposici\u00f3n a experimentar, Ta Katt demuestra que el rock puede ser directo, honesto y muy gatuno.<\/p>\n\n\n\n<p class=\"has-text-align-right wp-block-paragraph\"><em>Listen to <\/em><strong>TA KATT <\/strong><em>in <\/em><strong><a href=\"https:\/\/open.spotify.com\/intl-es\/artist\/7bOkGFFCadwitNCjWh5D00?si=ojfJz-E_TYO1ThbCq_Ic6g\">Spotify<\/a><\/strong><\/p>\n\n\n\n<p class=\"has-text-align-left wp-block-paragraph\"><strong>Quema la Vida<\/strong> es una banda emergente radicada en Madrid, integrada por cuatro j\u00f3venes m\u00fasicos de distintas nacionalidades que confluyen en una propuesta fresca, potente y cargada de identidad. Con referentes de todo tipo, desde <strong>Pink Floyd<\/strong>, hasta los <strong>Sticky Fingers<\/strong>, pasando por el rap e incluso por las mayores bandas de hard rock y metal.<\/p>\n\n\n\n<p class=\"has-text-align-left wp-block-paragraph\">El grupo est\u00e1 conformado por: <strong>Jes\u00fas Nueda <\/strong>(Espa\u00f1a), vocalista. <strong>Vicente Guti\u00e9rrez<\/strong> (Chile), guitarrista y bajista. <strong>Nico Karam<\/strong> (Argentina), bater\u00eda. <strong>Mateo Muniz<\/strong> (Uruguay), guitarrista.<br><br><\/p>\n\n\n\n<p class=\"has-text-align-right wp-block-paragraph\"><em>Listen to<\/em><strong> QUEMA LA VIDA <\/strong><em>in <\/em><strong><a href=\"https:\/\/open.spotify.com\/intl-es\/artist\/1PXQHJ3uKXwW8MwV2VNHaM?si=CrS1rSdvSP60oJjtMvTJJQ\">Spotify<\/a><\/strong><\/p>\n<\/div>\n<\/div>\n\n\n\n<div style=\"height:100px\" aria-hidden=\"true\" class=\"wp-block-spacer\"><\/div>\n\n\n\n<hr class=\"wp-block-separator has-alpha-channel-opacity\"\/>\n\n\n\n<div style=\"height:100px\" aria-hidden=\"true\" class=\"wp-block-spacer\"><\/div>\n\n\n<h2 class=\"tribe-block__related-events__title\">Related Events<\/h2>\n\n<ul  class=\"tribe-related-events tribe-clearfix\" >\n\t\t\t<li>\n\t\n<div class=\"tribe-related-events-thumbnail\">\n\t<a href=\"https:\/\/cafelapalma.com\/en\/programacion\/willie-deville-concierto-benefico-x-venezuela\/\" class=\"url\" rel=\"bookmark\" tabindex=\"-1\" aria-hidden=\"true\"><img loading=\"lazy\" decoding=\"async\" width=\"1020\" height=\"531\" src=\"https:\/\/cafelapalma.com\/wp-content\/uploads\/2026\/08\/Willie-deville-1100x572-1-1040x541.jpg\" class=\"attachment-large size-large wp-post-image\" alt=\"\" \/><\/a>\n<\/div>\n\t<div class=\"tribe-related-event-info\">\n\t<h3 class=\"tribe-related-events-title\">\n\t\t<a href=\"https:\/\/cafelapalma.com\/en\/programacion\/willie-deville-concierto-benefico-x-venezuela\/\" class=\"tribe-event-url\" rel=\"bookmark\">\n\t\t\tWILLIE DEVILLE: CONCIERTO BEN\u00c9FICO X VENEZUELA\t\t<\/a>\n\t<\/h3>\n\t<span class=\"tribe-event-date-start\">6  September@21:00<\/span><span class=\"tribe-event-time\">23:45<\/span><\/div>\n<\/li>\n\t\t\t<li>\n\t\n<div class=\"tribe-related-events-thumbnail\">\n\t<a href=\"https:\/\/cafelapalma.com\/en\/programacion\/new-boix\/\" class=\"url\" rel=\"bookmark\" tabindex=\"-1\" aria-hidden=\"true\"><img loading=\"lazy\" decoding=\"async\" width=\"694\" height=\"1040\" src=\"https:\/\/cafelapalma.com\/wp-content\/uploads\/2026\/05\/WhatsApp-Image-2026-04-29-at-12.00.28-694x1040.jpeg\" class=\"attachment-large size-large wp-post-image\" alt=\"\" \/><\/a>\n<\/div>\n\t<div class=\"tribe-related-event-info\">\n\t<h3 class=\"tribe-related-events-title\">\n\t\t<a href=\"https:\/\/cafelapalma.com\/en\/programacion\/new-boix\/\" class=\"tribe-event-url\" rel=\"bookmark\">\n\t\t\tNEW BOIX\t\t<\/a>\n\t<\/h3>\n\t<span class=\"tribe-event-date-start\">10  September@22:00<\/span><span class=\"tribe-event-time\">23:45<\/span><\/div>\n<\/li>\n\t\t\t<li>\n\t\n<div class=\"tribe-related-events-thumbnail\">\n\t<a href=\"https:\/\/cafelapalma.com\/en\/programacion\/eric-rohmer-seasunday\/\" class=\"url\" rel=\"bookmark\" tabindex=\"-1\" aria-hidden=\"true\"><img loading=\"lazy\" decoding=\"async\" width=\"693\" height=\"1040\" src=\"https:\/\/cafelapalma.com\/wp-content\/uploads\/2026\/07\/ERIC-ROHMER-VERTICAL-1-693x1040.jpg\" class=\"attachment-large size-large wp-post-image\" alt=\"\" \/><\/a>\n<\/div>\n\t<div class=\"tribe-related-event-info\">\n\t<h3 class=\"tribe-related-events-title\">\n\t\t<a href=\"https:\/\/cafelapalma.com\/en\/programacion\/eric-rohmer-seasunday\/\" class=\"tribe-event-url\" rel=\"bookmark\">\n\t\t\tERIC ROHMER + SEASUNDAY\t\t<\/a>\n\t<\/h3>\n\t<span class=\"tribe-event-date-start\">11  September@21:00<\/span><span class=\"tribe-event-time\">23:45<\/span><\/div>\n<\/li>\n\t<\/ul>","protected":false},"excerpt":{"rendered":"<p>Ta Katt llega desde Madrid a repartir ara\u00f1azos y distorsi\u00f3n con Agatha Varela (voz, Espa\u00f1a), Blas Kolic (guitarra, M\u00e9xico), Juanjo Roncal (guitarra, Argentina), Pablo Benedetto (bajo, Argentina) y Mario Glikman (bater\u00eda, Argentina) con m\u00fasica original, shows con mucha manija y un sonido que combina rock, blues, funk y a veces metal en atm\u00f3sferas que te &hellip; <\/p>","protected":false},"author":2,"featured_media":32498,"template":"","meta":{"_tec_requires_first_save":false,"_uag_custom_page_level_css":"","loftloader_page_shortcode":"","_EventAllDay":false,"_EventTimezone":"Europe\/Madrid","_EventStartDate":"2025-12-10 21:00:00","_EventEndDate":"2025-12-10 23:50:00","_EventStartDateUTC":"2025-12-10 20:00:00","_EventEndDateUTC":"2025-12-10 22:50:00","_EventShowMap":false,"_EventShowMapLink":false,"_EventURL":"https:\/\/www.passline.com\/eventos\/ta-katt-quema-la-vida","_EventCost":"8","_EventCostDescription":"","_EventCurrencySymbol":"\u20ac","_EventCurrencyCode":"USD","_EventCurrencyPosition":"suffix","_EventDateTimeSeparator":"@","_EventTimeRangeSeparator":"-","_EventOrganizerID":[],"_EventVenueID":[],"_OrganizerEmail":"","_OrganizerPhone":"","_OrganizerWebsite":"","_VenueAddress":"","_VenueCity":"","_VenueCountry":"","_VenueProvince":"","_VenueState":"","_VenueZip":"","_VenuePhone":"","_VenueURL":"","_VenueStateProvince":"","_VenueLat":"","_VenueLng":"","_VenueShowMap":false,"_VenueShowMapLink":false,"_tribe_blocks_recurrence_rules":"","_tribe_blocks_recurrence_description":"","_tribe_blocks_recurrence_exclusions":"","_ecp_custom_2":"","_tribe_events_status":"","_tribe_events_status_reason":"","_tribe_events_is_hybrid":"","_tribe_events_is_virtual":"","_tribe_events_virtual_video_source":"","_tribe_events_virtual_embed_video":"","_tribe_events_virtual_linked_button_text":"","_tribe_events_virtual_linked_button":"","_tribe_events_virtual_show_embed_at":"","_tribe_events_virtual_show_embed_to":[],"_tribe_events_virtual_show_on_event":"","_tribe_events_virtual_show_on_views":"","_tribe_events_virtual_url":"","footnotes":""},"tags":[18101,9710,1363,18097,2865,9147,9146,779,12264,14079,18100,18102,1354,18098,18099],"tribe_events_cat":[8963],"class_list":["post-32495","tribe_events","type-tribe_events","status-publish","has-post-thumbnail","hentry","tag-artic-monekys","tag-blues","tag-cafe-la-palma","tag-cerati","tag-conciertos-cafe-la-palma","tag-conciertos-madrid","tag-conciertos-malasana","tag-funk","tag-hard-rock","tag-metal","tag-queens-of-the-stone-age","tag-quema-la-vida","tag-rock","tag-spinetta","tag-ta-katt","tribe_events_cat-concierto","cat_concierto"],"uagb_featured_image_src":{"full":["https:\/\/cafelapalma.com\/wp-content\/uploads\/2025\/11\/ta-katt-cartel-1-1-1.png",794,1123,false],"thumbnail":["https:\/\/cafelapalma.com\/wp-content\/uploads\/2025\/11\/ta-katt-cartel-1-1-1-150x150.png",150,150,true],"medium":["https:\/\/cafelapalma.com\/wp-content\/uploads\/2025\/11\/ta-katt-cartel-1-1-1-212x300.png",212,300,true],"medium_large":["https:\/\/cafelapalma.com\/wp-content\/uploads\/2025\/11\/ta-katt-cartel-1-1-1-768x1086.png",768,1086,true],"large":["https:\/\/cafelapalma.com\/wp-content\/uploads\/2025\/11\/ta-katt-cartel-1-1-1-735x1040.png",735,1040,true],"1536x1536":["https:\/\/cafelapalma.com\/wp-content\/uploads\/2025\/11\/ta-katt-cartel-1-1-1.png",794,1123,false],"2048x2048":["https:\/\/cafelapalma.com\/wp-content\/uploads\/2025\/11\/ta-katt-cartel-1-1-1.png",794,1123,false],"trp-custom-language-flag":["https:\/\/cafelapalma.com\/wp-content\/uploads\/2025\/11\/ta-katt-cartel-1-1-1-8x12.png",8,12,true],"blossom-feminine-slider":["https:\/\/cafelapalma.com\/wp-content\/uploads\/2025\/11\/ta-katt-cartel-1-1-1-794x649.png",794,649,true],"blossom-feminine-featured":["https:\/\/cafelapalma.com\/wp-content\/uploads\/2025\/11\/ta-katt-cartel-1-1-1-794x600.png",794,600,true],"blossom-feminine-with-sidebar":["https:\/\/cafelapalma.com\/wp-content\/uploads\/2025\/11\/ta-katt-cartel-1-1-1-794x600.png",794,600,true],"blossom-feminine-blog":["https:\/\/cafelapalma.com\/wp-content\/uploads\/2025\/11\/ta-katt-cartel-1-1-1-435x435.png",435,435,true],"blossom-feminine-cat":["https:\/\/cafelapalma.com\/wp-content\/uploads\/2025\/11\/ta-katt-cartel-1-1-1-450x300.png",450,300,true],"blossom-feminine-related":["https:\/\/cafelapalma.com\/wp-content\/uploads\/2025\/11\/ta-katt-cartel-1-1-1-320x200.png",320,200,true],"blossom-feminine-schema":["https:\/\/cafelapalma.com\/wp-content\/uploads\/2025\/11\/ta-katt-cartel-1-1-1-42x60.png",42,60,true]},"uagb_author_info":{"display_name":"Victor","author_link":"https:\/\/cafelapalma.com\/en\/author\/comunicacion\/"},"uagb_comment_info":0,"uagb_excerpt":"Ta Katt llega desde Madrid a repartir ara\u00f1azos y distorsi\u00f3n con Agatha Varela (voz, Espa\u00f1a), Blas Kolic (guitarra, M\u00e9xico), Juanjo Roncal (guitarra, Argentina), Pablo Benedetto (bajo, Argentina) y Mario Glikman (bater\u00eda, Argentina) con m\u00fasica original, shows con mucha manija y un sonido que combina rock, blues, funk y a veces metal en atm\u00f3sferas que te&hellip;","_links":{"self":[{"href":"https:\/\/cafelapalma.com\/en\/wp-json\/wp\/v2\/tribe_events\/32495","targetHints":{"allow":["GET"]}}],"collection":[{"href":"https:\/\/cafelapalma.com\/en\/wp-json\/wp\/v2\/tribe_events"}],"about":[{"href":"https:\/\/cafelapalma.com\/en\/wp-json\/wp\/v2\/types\/tribe_events"}],"author":[{"embeddable":true,"href":"https:\/\/cafelapalma.com\/en\/wp-json\/wp\/v2\/users\/2"}],"version-history":[{"count":0,"href":"https:\/\/cafelapalma.com\/en\/wp-json\/wp\/v2\/tribe_events\/32495\/revisions"}],"wp:featuredmedia":[{"embeddable":true,"href":"https:\/\/cafelapalma.com\/en\/wp-json\/wp\/v2\/media\/32498"}],"wp:attachment":[{"href":"https:\/\/cafelapalma.com\/en\/wp-json\/wp\/v2\/media?parent=32495"}],"wp:term":[{"taxonomy":"post_tag","embeddable":true,"href":"https:\/\/cafelapalma.com\/en\/wp-json\/wp\/v2\/tags?post=32495"},{"taxonomy":"tribe_events_cat","embeddable":true,"href":"https:\/\/cafelapalma.com\/en\/wp-json\/wp\/v2\/tribe_events_cat?post=32495"}],"curies":[{"name":"wp","href":"https:\/\/api.w.org\/{rel}","templated":true}]}}