{"id":32534,"date":"2025-11-25T23:09:55","date_gmt":"2025-11-25T22:09:55","guid":{"rendered":"https:\/\/cafelapalma.com\/?post_type=tribe_events&#038;p=32534"},"modified":"2025-11-25T23:32:29","modified_gmt":"2025-11-25T22:32:29","slug":"balaclavx_vicar","status":"publish","type":"tribe_events","link":"https:\/\/cafelapalma.com\/en\/programacion\/balaclavx_vicar\/","title":{"rendered":"BALACLAVX x VICAR"},"content":{"rendered":"<div  class=\"tribe-block tribe-block__event-price\" >\n\t\t\t<span class=\"tribe-block__event-price__cost\"> 14\u20ac <\/span>\n\t\t\t\t<span class=\"tribe-block__event-price__description\">+ gg Early Bird | 15\u20ac + gg Anticipada | 16\u20ac Taquilla<\/span>\n\t<\/div>\n\n\n<div  class=\"tribe-events-schedule tribe-clearfix\" >\n\t<p class=\"tribe-events-schedule__datetime\">\n\t\t<span class=\"tribe-events-schedule__date tribe-events-schedule__date--start\">\n\t\t\t06  December  2025\t\t<\/span>\n\n\t\t\t\t\t<span class=\"tribe-events-schedule__separator tribe-events-schedule__separator--date\">\n\t\t\t\t@\t\t\t<\/span>\n\t\t\t<span class=\"tribe-events-schedule__time tribe-events-schedule__time--start\">\n\t\t\t\t21:30\t\t\t<\/span>\n\t\t\n\t\t\t\t\t\t\t\t\t<span class=\"tribe-events-schedule__separator tribe-events-schedule__separator--time\">\n\t\t\t\t\t&#8211;\t\t\t\t<\/span>\n\t\t\t\n\t\t\t\t\t\t\t<span class=\"tribe-events-schedule__time tribe-events-schedule__time--end\">\n\t\t\t\t\t23:50\t\t\t\t<\/span>\n\t\t\t\n\t\t\t\t\t\t<\/p>\n<\/div>\n\n\n\n<div style=\"height:100px\" aria-hidden=\"true\" class=\"wp-block-spacer\"><\/div>\n\n\n\n<div class=\"wp-block-columns is-layout-flex wp-container-core-columns-is-layout-8f761849 wp-block-columns-is-layout-flex\">\n<div class=\"wp-block-column is-layout-flow wp-block-column-is-layout-flow\" style=\"flex-basis:33.33%\">\n<figure class=\"wp-block-image size-full\"><img loading=\"lazy\" decoding=\"async\" width=\"1414\" height=\"2000\" src=\"https:\/\/cafelapalma.com\/wp-content\/uploads\/2025\/11\/FLYER-A3-BANGR_EL-DESCANSO-1-2.jpg\" alt=\"\" class=\"wp-image-32537\" srcset=\"https:\/\/cafelapalma.com\/wp-content\/uploads\/2025\/11\/FLYER-A3-BANGR_EL-DESCANSO-1-2.jpg 1414w, https:\/\/cafelapalma.com\/wp-content\/uploads\/2025\/11\/FLYER-A3-BANGR_EL-DESCANSO-1-2-212x300.jpg 212w, https:\/\/cafelapalma.com\/wp-content\/uploads\/2025\/11\/FLYER-A3-BANGR_EL-DESCANSO-1-2-735x1040.jpg 735w, https:\/\/cafelapalma.com\/wp-content\/uploads\/2025\/11\/FLYER-A3-BANGR_EL-DESCANSO-1-2-768x1086.jpg 768w, https:\/\/cafelapalma.com\/wp-content\/uploads\/2025\/11\/FLYER-A3-BANGR_EL-DESCANSO-1-2-1086x1536.jpg 1086w, https:\/\/cafelapalma.com\/wp-content\/uploads\/2025\/11\/FLYER-A3-BANGR_EL-DESCANSO-1-2-8x12.jpg 8w, https:\/\/cafelapalma.com\/wp-content\/uploads\/2025\/11\/FLYER-A3-BANGR_EL-DESCANSO-1-2-42x60.jpg 42w\" sizes=\"auto, (max-width: 1414px) 100vw, 1414px\" \/><\/figure>\n\n\n<div  class=\"tribe-block tribe-block__event-website\" >\n\t<a\n\t\thref=\"https:\/\/web.fourvenues.com\/es\/bangr-events\/events\/balaclavx-x-vicar--powered-by-bangrevents-x-el-descanso-06-12-2025-DHGV\"\n\t\ttarget=\"_self\"\n\t\t\t>\n\t\tBUY TICKETS\t<\/a>\n<\/div>\n<\/div>\n\n\n\n<div class=\"wp-block-column is-layout-flow wp-block-column-is-layout-flow\" style=\"flex-basis:66.66%\">\n<div style=\"height:100px\" aria-hidden=\"true\" class=\"wp-block-spacer\"><\/div>\n\n\n\n<p class=\"has-text-align-left wp-block-paragraph\"><strong>Balaclavx <\/strong>y <strong>Vicar <\/strong>se encuentran en un escenario por primera vez. Dos universos distintos que convergen en una noche que va a sonar a carne viva, a melod\u00eda afilada y a verdad sin filtro. Lo suyo no es un show, es una descarga: uno viene del fr\u00edo reflexivo y el otro del fuego en el pecho, y juntos componen una l\u00ednea que atraviesa el coraz\u00f3n de la escena emergente.<\/p>\n\n\n\n<p class=\"has-text-align-left wp-block-paragraph\">Este 6 de diciembre, en Caf\u00e9 La Palma, <strong>Bangr Events <\/strong>y <strong>El Descanso<\/strong> cruzan territorios para construir una experiencia que mezcla energ\u00eda local con talento en crecimiento. M\u00e1s que un concierto, ser\u00e1 un retrato en movimiento de lo que se est\u00e1 cociendo en la m\u00fasica urbana m\u00e1s \u00edntima y poderosa<br><\/p>\n\n\n\n<p class=\"has-text-align-right wp-block-paragraph\"><em><a href=\"https:\/\/open.spotify.com\/artist\/4pWxCn4W08KR8uMmWVL0oQ?si=8GHwEcTST2aVxqIN-j1miw\">Listen to <\/a><\/em><strong><a href=\"https:\/\/open.spotify.com\/artist\/4pWxCn4W08KR8uMmWVL0oQ?si=8GHwEcTST2aVxqIN-j1miw\">BALACLAVX <\/a><\/strong><em><a href=\"https:\/\/open.spotify.com\/artist\/4pWxCn4W08KR8uMmWVL0oQ?si=8GHwEcTST2aVxqIN-j1miw\">in <\/a><\/em><strong><a href=\"https:\/\/open.spotify.com\/artist\/4pWxCn4W08KR8uMmWVL0oQ?si=8GHwEcTST2aVxqIN-j1miw\">Spotify<\/a><\/strong><\/p>\n\n\n\n<p class=\"has-text-align-right wp-block-paragraph\"><em><a href=\"https:\/\/open.spotify.com\/artist\/2cHO7ueKE88s6ECOhhJE2I?si=4KgSP2FlSUKUmZg-8MxuVQ\">Listen to<\/a><\/em><strong><a href=\"https:\/\/open.spotify.com\/artist\/2cHO7ueKE88s6ECOhhJE2I?si=4KgSP2FlSUKUmZg-8MxuVQ\"> VICAR <\/a><\/strong><em><a href=\"https:\/\/open.spotify.com\/artist\/2cHO7ueKE88s6ECOhhJE2I?si=4KgSP2FlSUKUmZg-8MxuVQ\">in <\/a><\/em><strong><a href=\"https:\/\/open.spotify.com\/artist\/2cHO7ueKE88s6ECOhhJE2I?si=4KgSP2FlSUKUmZg-8MxuVQ\">Spotify<\/a><\/strong><\/p>\n<\/div>\n<\/div>\n\n\n\n<div style=\"height:100px\" aria-hidden=\"true\" class=\"wp-block-spacer\"><\/div>\n\n\n\n<hr class=\"wp-block-separator has-alpha-channel-opacity\"\/>\n\n\n\n<div style=\"height:100px\" aria-hidden=\"true\" class=\"wp-block-spacer\"><\/div>\n\n\n<h2 class=\"tribe-block__related-events__title\">Related Events<\/h2>\n\n<ul  class=\"tribe-related-events tribe-clearfix\" >\n\t\t\t<li>\n\t\n<div class=\"tribe-related-events-thumbnail\">\n\t<a href=\"https:\/\/cafelapalma.com\/en\/programacion\/funkin-donuts\/\" class=\"url\" rel=\"bookmark\" tabindex=\"-1\" aria-hidden=\"true\"><img loading=\"lazy\" decoding=\"async\" width=\"693\" height=\"1040\" src=\"https:\/\/cafelapalma.com\/wp-content\/uploads\/2026\/07\/FD-vert2-bn-693x1040.jpg\" class=\"attachment-large size-large wp-post-image\" alt=\"\" \/><\/a>\n<\/div>\n\t<div class=\"tribe-related-event-info\">\n\t<h3 class=\"tribe-related-events-title\">\n\t\t<a href=\"https:\/\/cafelapalma.com\/en\/programacion\/funkin-donuts\/\" class=\"tribe-event-url\" rel=\"bookmark\">\n\t\t\tFUNKIN&#8217; DONUTS\t\t<\/a>\n\t<\/h3>\n\t<span class=\"tribe-event-date-start\">5  September@22:00<\/span><span class=\"tribe-event-time\">23:45<\/span><\/div>\n<\/li>\n\t\t\t<li>\n\t\n<div class=\"tribe-related-events-thumbnail\">\n\t<a href=\"https:\/\/cafelapalma.com\/en\/programacion\/backstage-le-petit-truffle-mayo\/\" class=\"url\" rel=\"bookmark\" tabindex=\"-1\" aria-hidden=\"true\"><img loading=\"lazy\" decoding=\"async\" width=\"780\" height=\"1040\" src=\"https:\/\/cafelapalma.com\/wp-content\/uploads\/2026\/07\/Imagen-TruffleMayo-LePetit-i-1-780x1040.png\" class=\"attachment-large size-large wp-post-image\" alt=\"\" \/><\/a>\n<\/div>\n\t<div class=\"tribe-related-event-info\">\n\t<h3 class=\"tribe-related-events-title\">\n\t\t<a href=\"https:\/\/cafelapalma.com\/en\/programacion\/backstage-le-petit-truffle-mayo\/\" class=\"tribe-event-url\" rel=\"bookmark\">\n\t\t\tBACKSTAGE: LE PETIT + TRUFFLE MAYO\t\t<\/a>\n\t<\/h3>\n\t<span class=\"tribe-event-date-start\">5  September@23:55<\/span><\/div>\n<\/li>\n\t\t\t<li>\n\t\n<div class=\"tribe-related-events-thumbnail\">\n\t<a href=\"https:\/\/cafelapalma.com\/en\/programacion\/willie-deville-concierto-benefico-x-venezuela\/\" class=\"url\" rel=\"bookmark\" tabindex=\"-1\" aria-hidden=\"true\"><img loading=\"lazy\" decoding=\"async\" width=\"1020\" height=\"531\" src=\"https:\/\/cafelapalma.com\/wp-content\/uploads\/2026\/08\/Willie-deville-1100x572-1-1040x541.jpg\" class=\"attachment-large size-large wp-post-image\" alt=\"\" \/><\/a>\n<\/div>\n\t<div class=\"tribe-related-event-info\">\n\t<h3 class=\"tribe-related-events-title\">\n\t\t<a href=\"https:\/\/cafelapalma.com\/en\/programacion\/willie-deville-concierto-benefico-x-venezuela\/\" class=\"tribe-event-url\" rel=\"bookmark\">\n\t\t\tWILLIE DEVILLE: CONCIERTO BEN\u00c9FICO X VENEZUELA\t\t<\/a>\n\t<\/h3>\n\t<span class=\"tribe-event-date-start\">6  September@21:00<\/span><span class=\"tribe-event-time\">23:45<\/span><\/div>\n<\/li>\n\t<\/ul>","protected":false},"excerpt":{"rendered":"<p>Balaclavx y Vicar se encuentran en un escenario por primera vez. Dos universos distintos que convergen en una noche que va a sonar a carne viva, a melod\u00eda afilada y a verdad sin filtro. Lo suyo no es un show, es una descarga: uno viene del fr\u00edo reflexivo y el otro del fuego en el &hellip; <\/p>","protected":false},"author":2,"featured_media":32540,"template":"","meta":{"_tec_requires_first_save":false,"_uag_custom_page_level_css":"","loftloader_page_shortcode":"","_EventAllDay":false,"_EventTimezone":"Europe\/Madrid","_EventStartDate":"2025-12-06 21:30:00","_EventEndDate":"2025-12-06 23:50:00","_EventStartDateUTC":"2025-12-06 20:30:00","_EventEndDateUTC":"2025-12-06 22:50:00","_EventShowMap":false,"_EventShowMapLink":false,"_EventURL":"https:\/\/web.fourvenues.com\/es\/bangr-events\/events\/balaclavx-x-vicar--powered-by-bangrevents-x-el-descanso-06-12-2025-DHGV","_EventCost":"14","_EventCostDescription":"","_EventCurrencySymbol":"\u20ac","_EventCurrencyCode":"USD","_EventCurrencyPosition":"suffix","_EventDateTimeSeparator":"@","_EventTimeRangeSeparator":"-","_EventOrganizerID":[],"_EventVenueID":[],"_OrganizerEmail":"","_OrganizerPhone":"","_OrganizerWebsite":"","_VenueAddress":"","_VenueCity":"","_VenueCountry":"","_VenueProvince":"","_VenueState":"","_VenueZip":"","_VenuePhone":"","_VenueURL":"","_VenueStateProvince":"","_VenueLat":"","_VenueLng":"","_VenueShowMap":false,"_VenueShowMapLink":false,"_tribe_blocks_recurrence_rules":"","_tribe_blocks_recurrence_description":"","_tribe_blocks_recurrence_exclusions":"","_ecp_custom_2":"","_tribe_events_status":"","_tribe_events_status_reason":"","_tribe_events_is_hybrid":"","_tribe_events_is_virtual":"","_tribe_events_virtual_video_source":"","_tribe_events_virtual_embed_video":"","_tribe_events_virtual_linked_button_text":"","_tribe_events_virtual_linked_button":"","_tribe_events_virtual_show_embed_at":"","_tribe_events_virtual_show_embed_to":[],"_tribe_events_virtual_show_on_event":"","_tribe_events_virtual_show_on_views":"","_tribe_events_virtual_url":"","footnotes":""},"tags":[17346,18107,1363,2865,9147,9146,18079,18077,18109,9632,2397,12680],"tribe_events_cat":[8963],"class_list":["post-32534","tribe_events","type-tribe_events","status-publish","has-post-thumbnail","hentry","tag-balaclavx","tag-bangr-events","tag-cafe-la-palma","tag-conciertos-cafe-la-palma","tag-conciertos-madrid","tag-conciertos-malasana","tag-disco-revelacion","tag-fran-torrella","tag-losintelectuales-2","tag-rb","tag-trap","tag-vicar","tribe_events_cat-concierto","cat_concierto"],"uagb_featured_image_src":{"full":["https:\/\/cafelapalma.com\/wp-content\/uploads\/2025\/11\/flyer-sin-pixels-1080_1080-1-1-1.jpg",2250,2250,false],"thumbnail":["https:\/\/cafelapalma.com\/wp-content\/uploads\/2025\/11\/flyer-sin-pixels-1080_1080-1-1-1-150x150.jpg",150,150,true],"medium":["https:\/\/cafelapalma.com\/wp-content\/uploads\/2025\/11\/flyer-sin-pixels-1080_1080-1-1-1-300x300.jpg",300,300,true],"medium_large":["https:\/\/cafelapalma.com\/wp-content\/uploads\/2025\/11\/flyer-sin-pixels-1080_1080-1-1-1-768x768.jpg",768,768,true],"large":["https:\/\/cafelapalma.com\/wp-content\/uploads\/2025\/11\/flyer-sin-pixels-1080_1080-1-1-1-1040x1040.jpg",1020,1020,true],"1536x1536":["https:\/\/cafelapalma.com\/wp-content\/uploads\/2025\/11\/flyer-sin-pixels-1080_1080-1-1-1-1536x1536.jpg",1536,1536,true],"2048x2048":["https:\/\/cafelapalma.com\/wp-content\/uploads\/2025\/11\/flyer-sin-pixels-1080_1080-1-1-1-2048x2048.jpg",2048,2048,true],"trp-custom-language-flag":["https:\/\/cafelapalma.com\/wp-content\/uploads\/2025\/11\/flyer-sin-pixels-1080_1080-1-1-1-12x12.jpg",12,12,true],"blossom-feminine-slider":["https:\/\/cafelapalma.com\/wp-content\/uploads\/2025\/11\/flyer-sin-pixels-1080_1080-1-1-1-1920x649.jpg",1920,649,true],"blossom-feminine-featured":["https:\/\/cafelapalma.com\/wp-content\/uploads\/2025\/11\/flyer-sin-pixels-1080_1080-1-1-1-1410x600.jpg",1410,600,true],"blossom-feminine-with-sidebar":["https:\/\/cafelapalma.com\/wp-content\/uploads\/2025\/11\/flyer-sin-pixels-1080_1080-1-1-1-1020x600.jpg",1020,600,true],"blossom-feminine-blog":["https:\/\/cafelapalma.com\/wp-content\/uploads\/2025\/11\/flyer-sin-pixels-1080_1080-1-1-1-435x435.jpg",435,435,true],"blossom-feminine-cat":["https:\/\/cafelapalma.com\/wp-content\/uploads\/2025\/11\/flyer-sin-pixels-1080_1080-1-1-1-450x300.jpg",450,300,true],"blossom-feminine-related":["https:\/\/cafelapalma.com\/wp-content\/uploads\/2025\/11\/flyer-sin-pixels-1080_1080-1-1-1-320x200.jpg",320,200,true],"blossom-feminine-schema":["https:\/\/cafelapalma.com\/wp-content\/uploads\/2025\/11\/flyer-sin-pixels-1080_1080-1-1-1-60x60.jpg",60,60,true]},"uagb_author_info":{"display_name":"Victor","author_link":"https:\/\/cafelapalma.com\/en\/author\/comunicacion\/"},"uagb_comment_info":0,"uagb_excerpt":"Balaclavx y Vicar se encuentran en un escenario por primera vez. Dos universos distintos que convergen en una noche que va a sonar a carne viva, a melod\u00eda afilada y a verdad sin filtro. Lo suyo no es un show, es una descarga: uno viene del fr\u00edo reflexivo y el otro del fuego en el&hellip;","_links":{"self":[{"href":"https:\/\/cafelapalma.com\/en\/wp-json\/wp\/v2\/tribe_events\/32534","targetHints":{"allow":["GET"]}}],"collection":[{"href":"https:\/\/cafelapalma.com\/en\/wp-json\/wp\/v2\/tribe_events"}],"about":[{"href":"https:\/\/cafelapalma.com\/en\/wp-json\/wp\/v2\/types\/tribe_events"}],"author":[{"embeddable":true,"href":"https:\/\/cafelapalma.com\/en\/wp-json\/wp\/v2\/users\/2"}],"version-history":[{"count":0,"href":"https:\/\/cafelapalma.com\/en\/wp-json\/wp\/v2\/tribe_events\/32534\/revisions"}],"wp:featuredmedia":[{"embeddable":true,"href":"https:\/\/cafelapalma.com\/en\/wp-json\/wp\/v2\/media\/32540"}],"wp:attachment":[{"href":"https:\/\/cafelapalma.com\/en\/wp-json\/wp\/v2\/media?parent=32534"}],"wp:term":[{"taxonomy":"post_tag","embeddable":true,"href":"https:\/\/cafelapalma.com\/en\/wp-json\/wp\/v2\/tags?post=32534"},{"taxonomy":"tribe_events_cat","embeddable":true,"href":"https:\/\/cafelapalma.com\/en\/wp-json\/wp\/v2\/tribe_events_cat?post=32534"}],"curies":[{"name":"wp","href":"https:\/\/api.w.org\/{rel}","templated":true}]}}