{"id":32568,"date":"2025-11-27T10:09:59","date_gmt":"2025-11-27T09:09:59","guid":{"rendered":"https:\/\/cafelapalma.com\/?post_type=tribe_events&#038;p=32568"},"modified":"2026-01-29T17:43:05","modified_gmt":"2026-01-29T16:43:05","slug":"el-chojin-regresa-un-buen-club-marzo","status":"publish","type":"tribe_events","link":"https:\/\/cafelapalma.com\/en\/programacion\/el-chojin-regresa-un-buen-club-marzo\/","title":{"rendered":"EL CHOJIN vuelve con \u00abUN BUEN CLUB\u00bb"},"content":{"rendered":"<div  class=\"tribe-events-schedule tribe-clearfix\" >\n\t<p class=\"tribe-events-schedule__datetime\">\n\t\t<span class=\"tribe-events-schedule__date tribe-events-schedule__date--start\">\n\t\t\t22  March\t\t<\/span>\n\n\t\t\t\t\t<span class=\"tribe-events-schedule__separator tribe-events-schedule__separator--date\">\n\t\t\t\t@\t\t\t<\/span>\n\t\t\t<span class=\"tribe-events-schedule__time tribe-events-schedule__time--start\">\n\t\t\t\t21:00\t\t\t<\/span>\n\t\t\n\t\t\t\t\t\t\t\t\t<span class=\"tribe-events-schedule__separator tribe-events-schedule__separator--time\">\n\t\t\t\t\t\t\t\t\t<\/span>\n\t\t\t\n\t\t\t\t\t\t\t<span class=\"tribe-events-schedule__time tribe-events-schedule__time--end\">\n\t\t\t\t\t23:00\t\t\t\t<\/span>\n\t\t\t\n\t\t\t\t\t\t<\/p>\n<\/div>\n\n\n<div  class=\"tribe-block tribe-block__event-price\" >\n\t\t\t<span class=\"tribe-block__event-price__cost\"> 28\u20ac <\/span>\n\t\t\t\t<span class=\"tribe-block__event-price__description\">Anticipada | 30\u20ac Taquilla<\/span>\n\t<\/div>\n\n\n\n<div style=\"height:100px\" aria-hidden=\"true\" class=\"wp-block-spacer\"><\/div>\n\n\n\n<div class=\"wp-block-columns is-layout-flex wp-container-core-columns-is-layout-8f761849 wp-block-columns-is-layout-flex\">\n<div class=\"wp-block-column is-layout-flow wp-block-column-is-layout-flow\" style=\"flex-basis:33.33%\">\n<figure class=\"wp-block-image size-full\"><img loading=\"lazy\" decoding=\"async\" width=\"1772\" height=\"2505\" src=\"https:\/\/cafelapalma.com\/wp-content\/uploads\/2025\/11\/un-buen-club-marzo.jpg\" alt=\"\" class=\"wp-image-32569\" srcset=\"https:\/\/cafelapalma.com\/wp-content\/uploads\/2025\/11\/un-buen-club-marzo.jpg 1772w, https:\/\/cafelapalma.com\/wp-content\/uploads\/2025\/11\/un-buen-club-marzo-212x300.jpg 212w, https:\/\/cafelapalma.com\/wp-content\/uploads\/2025\/11\/un-buen-club-marzo-736x1040.jpg 736w, https:\/\/cafelapalma.com\/wp-content\/uploads\/2025\/11\/un-buen-club-marzo-768x1086.jpg 768w, https:\/\/cafelapalma.com\/wp-content\/uploads\/2025\/11\/un-buen-club-marzo-1087x1536.jpg 1087w, https:\/\/cafelapalma.com\/wp-content\/uploads\/2025\/11\/un-buen-club-marzo-1449x2048.jpg 1449w, https:\/\/cafelapalma.com\/wp-content\/uploads\/2025\/11\/un-buen-club-marzo-8x12.jpg 8w, https:\/\/cafelapalma.com\/wp-content\/uploads\/2025\/11\/un-buen-club-marzo-42x60.jpg 42w\" sizes=\"auto, (max-width: 1772px) 100vw, 1772px\" \/><\/figure>\n\n\n<div  class=\"tribe-block tribe-block__event-website\" >\n\t<a\n\t\thref=\"https:\/\/www.notikumi.com\/channel\/cafe-la-palma\/2026\/3\/22\/un-buen-club-con-el-chojin-22-marzo\"\n\t\ttarget=\"_self\"\n\t\t\t>\n\t\tBUY TICKETS\t<\/a>\n<\/div>\n<\/div>\n\n\n\n<div class=\"wp-block-column is-layout-flow wp-block-column-is-layout-flow\" style=\"flex-basis:66.66%\">\n<div style=\"height:100px\" aria-hidden=\"true\" class=\"wp-block-spacer\"><\/div>\n\n\n\n<p class=\"has-text-align-left wp-block-paragraph\">Vuelve&nbsp;<strong>\u201cUn Buen Club\u201d<\/strong>&nbsp;a&nbsp;<strong>Caf\u00e9 La Palma<\/strong>, el espect\u00e1culo m\u00e1s \u00edntimo de&nbsp;<strong>El Chojin<\/strong>, un formato reducido donde&nbsp;<strong>la palabra y la m\u00fasica se dan la mano<\/strong>&nbsp;para crear una experiencia \u00fanica.<\/p>\n\n\n\n<p class=\"has-text-align-left wp-block-paragraph\">Durante una hora y media, el artista combina&nbsp;<strong>reflexiones, versos y canciones en directo<\/strong>, generando un di\u00e1logo constante con el p\u00fablico. Nada est\u00e1 completamente escrito: cada funci\u00f3n es diferente, porque surgen&nbsp;<strong>momentos improvisados y cercanos<\/strong>&nbsp;que solo pueden darse en un espacio as\u00ed.<\/p>\n\n\n\n<p class=\"has-text-align-left wp-block-paragraph\">\u201cUn Buen Club\u201d no es solo un concierto ni una charla: es&nbsp;<strong>una conversaci\u00f3n entre amigos<\/strong>, una noche donde las emociones fluyen y el tiempo se detiene.<\/p>\n\n\n\n<p class=\"has-text-align-left wp-block-paragraph\">En Caf\u00e9 La Palma,&nbsp;<strong>todo sucede muy cerca \u2014como en casa\u2014<\/strong>, con esa complicidad que solo se crea cuando el p\u00fablico y el artista comparten el mismo latido.<\/p>\n\n\n\n<p class=\"has-text-align-right wp-block-paragraph\"><em><a href=\"https:\/\/open.spotify.com\/intl-es\/artist\/3m1an5fzquhCtk4UnhmLmc?si=7-Qi58wJQi-LuXJQgw0olQ\">Listen to <\/a><\/em><strong><a href=\"https:\/\/open.spotify.com\/intl-es\/artist\/3m1an5fzquhCtk4UnhmLmc?si=7-Qi58wJQi-LuXJQgw0olQ\">EL CHOJIN<\/a><\/strong><em><a href=\"https:\/\/open.spotify.com\/intl-es\/artist\/3m1an5fzquhCtk4UnhmLmc?si=7-Qi58wJQi-LuXJQgw0olQ\"> in <\/a><\/em><strong><a href=\"https:\/\/open.spotify.com\/intl-es\/artist\/3m1an5fzquhCtk4UnhmLmc?si=7-Qi58wJQi-LuXJQgw0olQ\">Spotify<\/a><\/strong><\/p>\n<\/div>\n<\/div>\n\n\n\n<div style=\"height:100px\" aria-hidden=\"true\" class=\"wp-block-spacer\"><\/div>\n\n\n\n<hr class=\"wp-block-separator has-css-opacity is-style-wide\"\/>\n\n\n\n<div style=\"height:100px\" aria-hidden=\"true\" class=\"wp-block-spacer\"><\/div>\n\n\n<h2 class=\"tribe-block__related-events__title\">Related Events<\/h2>\n\n<ul  class=\"tribe-related-events tribe-clearfix\" >\n\t\t\t<li>\n\t\n<div class=\"tribe-related-events-thumbnail\">\n\t<a href=\"https:\/\/cafelapalma.com\/en\/programacion\/funkin-donuts\/\" class=\"url\" rel=\"bookmark\" tabindex=\"-1\" aria-hidden=\"true\"><img loading=\"lazy\" decoding=\"async\" width=\"693\" height=\"1040\" src=\"https:\/\/cafelapalma.com\/wp-content\/uploads\/2026\/07\/FD-vert2-bn-693x1040.jpg\" class=\"attachment-large size-large wp-post-image\" alt=\"\" \/><\/a>\n<\/div>\n\t<div class=\"tribe-related-event-info\">\n\t<h3 class=\"tribe-related-events-title\">\n\t\t<a href=\"https:\/\/cafelapalma.com\/en\/programacion\/funkin-donuts\/\" class=\"tribe-event-url\" rel=\"bookmark\">\n\t\t\tFUNKIN&#8217; DONUTS\t\t<\/a>\n\t<\/h3>\n\t<span class=\"tribe-event-date-start\">5  September@22:00<\/span><span class=\"tribe-event-time\">23:45<\/span><\/div>\n<\/li>\n\t\t\t<li>\n\t\n<div class=\"tribe-related-events-thumbnail\">\n\t<a href=\"https:\/\/cafelapalma.com\/en\/programacion\/backstage-le-petit-truffle-mayo\/\" class=\"url\" rel=\"bookmark\" tabindex=\"-1\" aria-hidden=\"true\"><img loading=\"lazy\" decoding=\"async\" width=\"780\" height=\"1040\" src=\"https:\/\/cafelapalma.com\/wp-content\/uploads\/2026\/07\/Imagen-TruffleMayo-LePetit-i-1-780x1040.png\" class=\"attachment-large size-large wp-post-image\" alt=\"\" \/><\/a>\n<\/div>\n\t<div class=\"tribe-related-event-info\">\n\t<h3 class=\"tribe-related-events-title\">\n\t\t<a href=\"https:\/\/cafelapalma.com\/en\/programacion\/backstage-le-petit-truffle-mayo\/\" class=\"tribe-event-url\" rel=\"bookmark\">\n\t\t\tBACKSTAGE: LE PETIT + TRUFFLE MAYO\t\t<\/a>\n\t<\/h3>\n\t<span class=\"tribe-event-date-start\">5  September@23:55<\/span><\/div>\n<\/li>\n\t\t\t<li>\n\t\n<div class=\"tribe-related-events-thumbnail\">\n\t<a href=\"https:\/\/cafelapalma.com\/en\/programacion\/willie-deville-concierto-benefico-x-venezuela\/\" class=\"url\" rel=\"bookmark\" tabindex=\"-1\" aria-hidden=\"true\"><img loading=\"lazy\" decoding=\"async\" width=\"1020\" height=\"531\" src=\"https:\/\/cafelapalma.com\/wp-content\/uploads\/2026\/08\/Willie-deville-1100x572-1-1040x541.jpg\" class=\"attachment-large size-large wp-post-image\" alt=\"\" \/><\/a>\n<\/div>\n\t<div class=\"tribe-related-event-info\">\n\t<h3 class=\"tribe-related-events-title\">\n\t\t<a href=\"https:\/\/cafelapalma.com\/en\/programacion\/willie-deville-concierto-benefico-x-venezuela\/\" class=\"tribe-event-url\" rel=\"bookmark\">\n\t\t\tWILLIE DEVILLE: CONCIERTO BEN\u00c9FICO X VENEZUELA\t\t<\/a>\n\t<\/h3>\n\t<span class=\"tribe-event-date-start\">6  September@21:00<\/span><span class=\"tribe-event-time\">23:45<\/span><\/div>\n<\/li>\n\t<\/ul>","protected":false},"excerpt":{"rendered":"<p>Vuelve&nbsp;\u201cUn Buen Club\u201d&nbsp;a&nbsp;Caf\u00e9 La Palma, el espect\u00e1culo m\u00e1s \u00edntimo de&nbsp;El Chojin, un formato reducido donde&nbsp;la palabra y la m\u00fasica se dan la mano&nbsp;para crear una experiencia \u00fanica. Durante una hora y media, el artista combina&nbsp;reflexiones, versos y canciones en directo, generando un di\u00e1logo constante con el p\u00fablico. Nada est\u00e1 completamente escrito: cada funci\u00f3n es diferente, &hellip; <\/p>","protected":false},"author":2,"featured_media":32562,"template":"","meta":{"_tec_requires_first_save":false,"_uag_custom_page_level_css":"","loftloader_page_shortcode":"","_EventAllDay":false,"_EventTimezone":"Europe\/Madrid","_EventStartDate":"2026-03-22 21:00:00","_EventEndDate":"2026-03-22 23:00:00","_EventStartDateUTC":"2026-03-22 20:00:00","_EventEndDateUTC":"2026-03-22 22:00:00","_EventShowMap":false,"_EventShowMapLink":false,"_EventURL":"https:\/\/www.notikumi.com\/channel\/cafe-la-palma\/2026\/3\/22\/un-buen-club-con-el-chojin-22-marzo","_EventCost":"28","_EventCostDescription":"","_EventCurrencySymbol":"","_EventCurrencyCode":"","_EventCurrencyPosition":"","_EventDateTimeSeparator":"","_EventTimeRangeSeparator":"","_EventOrganizerID":[],"_EventVenueID":[0],"_OrganizerEmail":"","_OrganizerPhone":"","_OrganizerWebsite":"","_VenueAddress":"","_VenueCity":"","_VenueCountry":"","_VenueProvince":"","_VenueState":"","_VenueZip":"","_VenuePhone":"","_VenueURL":"","_VenueStateProvince":"","_VenueLat":"","_VenueLng":"","_VenueShowMap":false,"_VenueShowMapLink":false,"_tribe_blocks_recurrence_rules":"","_tribe_blocks_recurrence_description":"","_tribe_blocks_recurrence_exclusions":"","_ecp_custom_2":"","_tribe_events_status":"","_tribe_events_status_reason":"","_tribe_events_is_hybrid":"","_tribe_events_is_virtual":"","_tribe_events_virtual_video_source":"","_tribe_events_virtual_embed_video":"","_tribe_events_virtual_linked_button_text":"","_tribe_events_virtual_linked_button":"","_tribe_events_virtual_show_embed_at":"","_tribe_events_virtual_show_embed_to":[],"_tribe_events_virtual_show_on_event":"","_tribe_events_virtual_show_on_views":"","_tribe_events_virtual_url":"","footnotes":""},"tags":[9638,1363,13177,13175,2865,9146,9644,9641,9639,2396,14971,14972,1431,525,2395,14974,12500,9645,14973,9498,9640,13176],"tribe_events_cat":[9510,8963],"class_list":["post-32568","tribe_events","type-tribe_events","status-publish","has-post-thumbnail","hentry","tag-actividades-cafe-la-palma","tag-cafe-la-palma","tag-charla","tag-classic-shit","tag-conciertos-cafe-la-palma","tag-conciertos-malasana","tag-dj","tag-domingo-antonio-edjang","tag-el-chojin","tag-hip-hop","tag-jameson","tag-jameson-irish-whisky","tag-live-music","tag-musica","tag-rap","tag-rap-contra-el-racismo","tag-showcase","tag-siete-martes","tag-soy-yo-soy-yo","tag-spoken-word","tag-un-buen-club","tag-un-nuevo-yo-despierta","tribe_events_cat-actividades","tribe_events_cat-concierto","cat_actividades","cat_concierto"],"uagb_featured_image_src":{"full":["https:\/\/cafelapalma.com\/wp-content\/uploads\/2025\/11\/CHOFOTO.jpg",2048,1438,false],"thumbnail":["https:\/\/cafelapalma.com\/wp-content\/uploads\/2025\/11\/CHOFOTO-150x150.jpg",150,150,true],"medium":["https:\/\/cafelapalma.com\/wp-content\/uploads\/2025\/11\/CHOFOTO-300x211.jpg",300,211,true],"medium_large":["https:\/\/cafelapalma.com\/wp-content\/uploads\/2025\/11\/CHOFOTO-768x539.jpg",768,539,true],"large":["https:\/\/cafelapalma.com\/wp-content\/uploads\/2025\/11\/CHOFOTO-1040x730.jpg",1020,716,true],"1536x1536":["https:\/\/cafelapalma.com\/wp-content\/uploads\/2025\/11\/CHOFOTO-1536x1079.jpg",1536,1079,true],"2048x2048":["https:\/\/cafelapalma.com\/wp-content\/uploads\/2025\/11\/CHOFOTO.jpg",2048,1438,false],"trp-custom-language-flag":["https:\/\/cafelapalma.com\/wp-content\/uploads\/2025\/11\/CHOFOTO-18x12.jpg",18,12,true],"blossom-feminine-slider":["https:\/\/cafelapalma.com\/wp-content\/uploads\/2025\/11\/CHOFOTO-1920x649.jpg",1920,649,true],"blossom-feminine-featured":["https:\/\/cafelapalma.com\/wp-content\/uploads\/2025\/11\/CHOFOTO-1410x600.jpg",1410,600,true],"blossom-feminine-with-sidebar":["https:\/\/cafelapalma.com\/wp-content\/uploads\/2025\/11\/CHOFOTO-1020x600.jpg",1020,600,true],"blossom-feminine-blog":["https:\/\/cafelapalma.com\/wp-content\/uploads\/2025\/11\/CHOFOTO-435x435.jpg",435,435,true],"blossom-feminine-cat":["https:\/\/cafelapalma.com\/wp-content\/uploads\/2025\/11\/CHOFOTO-450x300.jpg",450,300,true],"blossom-feminine-related":["https:\/\/cafelapalma.com\/wp-content\/uploads\/2025\/11\/CHOFOTO-320x200.jpg",320,200,true],"blossom-feminine-schema":["https:\/\/cafelapalma.com\/wp-content\/uploads\/2025\/11\/CHOFOTO-85x60.jpg",85,60,true]},"uagb_author_info":{"display_name":"Victor","author_link":"https:\/\/cafelapalma.com\/en\/author\/comunicacion\/"},"uagb_comment_info":0,"uagb_excerpt":"Vuelve&nbsp;\u201cUn Buen Club\u201d&nbsp;a&nbsp;Caf\u00e9 La Palma, el espect\u00e1culo m\u00e1s \u00edntimo de&nbsp;El Chojin, un formato reducido donde&nbsp;la palabra y la m\u00fasica se dan la mano&nbsp;para crear una experiencia \u00fanica. Durante una hora y media, el artista combina&nbsp;reflexiones, versos y canciones en directo, generando un di\u00e1logo constante con el p\u00fablico. Nada est\u00e1 completamente escrito: cada funci\u00f3n es diferente,&hellip;","_links":{"self":[{"href":"https:\/\/cafelapalma.com\/en\/wp-json\/wp\/v2\/tribe_events\/32568","targetHints":{"allow":["GET"]}}],"collection":[{"href":"https:\/\/cafelapalma.com\/en\/wp-json\/wp\/v2\/tribe_events"}],"about":[{"href":"https:\/\/cafelapalma.com\/en\/wp-json\/wp\/v2\/types\/tribe_events"}],"author":[{"embeddable":true,"href":"https:\/\/cafelapalma.com\/en\/wp-json\/wp\/v2\/users\/2"}],"version-history":[{"count":0,"href":"https:\/\/cafelapalma.com\/en\/wp-json\/wp\/v2\/tribe_events\/32568\/revisions"}],"wp:featuredmedia":[{"embeddable":true,"href":"https:\/\/cafelapalma.com\/en\/wp-json\/wp\/v2\/media\/32562"}],"wp:attachment":[{"href":"https:\/\/cafelapalma.com\/en\/wp-json\/wp\/v2\/media?parent=32568"}],"wp:term":[{"taxonomy":"post_tag","embeddable":true,"href":"https:\/\/cafelapalma.com\/en\/wp-json\/wp\/v2\/tags?post=32568"},{"taxonomy":"tribe_events_cat","embeddable":true,"href":"https:\/\/cafelapalma.com\/en\/wp-json\/wp\/v2\/tribe_events_cat?post=32568"}],"curies":[{"name":"wp","href":"https:\/\/api.w.org\/{rel}","templated":true}]}}