{"id":32578,"date":"2025-11-27T10:40:06","date_gmt":"2025-11-27T09:40:06","guid":{"rendered":"https:\/\/cafelapalma.com\/?post_type=tribe_events&#038;p=32578"},"modified":"2025-11-27T13:03:59","modified_gmt":"2025-11-27T12:03:59","slug":"snck_edgar_allan_pop_maria_jesus_y_su_hijo","status":"publish","type":"tribe_events","link":"https:\/\/cafelapalma.com\/en\/programacion\/snck_edgar_allan_pop_maria_jesus_y_su_hijo\/","title":{"rendered":"SNCK + EDGAR ALLAN POP + MAR\u00cdA JES\u00daS Y SU HIJO"},"content":{"rendered":"<div  class=\"tribe-block tribe-block__event-price\" >\n\t\t\t<span class=\"tribe-block__event-price__cost\"> 10\u20ac <\/span>\n\t\t\t\t<span class=\"tribe-block__event-price__description\">+ gg Early Bird | 13\u20ac + gg Anticipada | 16\u20ac Taquilla<\/span>\n\t<\/div>\n\n\n<div  class=\"tribe-events-schedule tribe-clearfix\" >\n\t<p class=\"tribe-events-schedule__datetime\">\n\t\t<span class=\"tribe-events-schedule__date tribe-events-schedule__date--start\">\n\t\t\t23  January\t\t<\/span>\n\n\t\t\t\t\t<span class=\"tribe-events-schedule__separator tribe-events-schedule__separator--date\">\n\t\t\t\t@\t\t\t<\/span>\n\t\t\t<span class=\"tribe-events-schedule__time tribe-events-schedule__time--start\">\n\t\t\t\t21:00\t\t\t<\/span>\n\t\t\n\t\t\t\t\t\t\t\t\t<span class=\"tribe-events-schedule__separator tribe-events-schedule__separator--time\">\n\t\t\t\t\t&#8211;\t\t\t\t<\/span>\n\t\t\t\n\t\t\t\t\t\t\t<span class=\"tribe-events-schedule__time tribe-events-schedule__time--end\">\n\t\t\t\t\t23:50\t\t\t\t<\/span>\n\t\t\t\n\t\t\t\t\t\t<\/p>\n<\/div>\n\n\n\n<div style=\"height:100px\" aria-hidden=\"true\" class=\"wp-block-spacer\"><\/div>\n\n\n\n<div class=\"wp-block-columns is-layout-flex wp-container-core-columns-is-layout-8f761849 wp-block-columns-is-layout-flex\">\n<div class=\"wp-block-column is-layout-flow wp-block-column-is-layout-flow\" style=\"flex-basis:33.33%\">\n<figure class=\"wp-block-image size-full\"><img loading=\"lazy\" decoding=\"async\" width=\"354\" height=\"500\" src=\"https:\/\/cafelapalma.com\/wp-content\/uploads\/2025\/11\/CARTEL-SNCK-EAP-MJYSH-1-2.png\" alt=\"\" class=\"wp-image-32579\" srcset=\"https:\/\/cafelapalma.com\/wp-content\/uploads\/2025\/11\/CARTEL-SNCK-EAP-MJYSH-1-2.png 354w, https:\/\/cafelapalma.com\/wp-content\/uploads\/2025\/11\/CARTEL-SNCK-EAP-MJYSH-1-2-212x300.png 212w, https:\/\/cafelapalma.com\/wp-content\/uploads\/2025\/11\/CARTEL-SNCK-EAP-MJYSH-1-2-8x12.png 8w, https:\/\/cafelapalma.com\/wp-content\/uploads\/2025\/11\/CARTEL-SNCK-EAP-MJYSH-1-2-42x60.png 42w\" sizes=\"auto, (max-width: 354px) 100vw, 354px\" \/><\/figure>\n\n\n<div  class=\"tribe-block tribe-block__event-website\" >\n\t<a\n\t\thref=\"https:\/\/entradium.com\/es\/events\/snck-edgar-allan-pop-maria-jesus-y-su-hijo\"\n\t\ttarget=\"_self\"\n\t\t\t>\n\t\tBUY TICKETS\t<\/a>\n<\/div>\n<\/div>\n\n\n\n<div class=\"wp-block-column is-layout-flow wp-block-column-is-layout-flow\" style=\"flex-basis:66.66%\">\n<div style=\"height:100px\" aria-hidden=\"true\" class=\"wp-block-spacer\"><\/div>\n\n\n\n<p class=\"has-text-align-left wp-block-paragraph\"><strong>El \u00c1lamo Negro<\/strong> tiene el placer de presentar a tres de las bandas m\u00e1s interesantes de la escena indie underground de la capital en una noche que promete ser toda una celebraci\u00f3n.<\/p>\n\n\n\n<p class=\"has-text-align-left wp-block-paragraph\"><strong>SNCK <\/strong>abrir\u00e1n el escenario del <strong>Caf\u00e9 La Palma<\/strong> para presentar las primeras canciones de la banda. Una formaci\u00f3n de jovenc\u00edsimos estudiantes afincados en Madrid. Distorsi\u00f3n, guitarrazos, letras crudas y directas&#8230; Recogen el relevo de bandas como Karavana y le dan una vuelta a ese sonido tan caracter\u00edstico del rock de los 2000 que elev\u00f3 a The Strokes.<\/p>\n\n\n\n<p class=\"has-text-align-left wp-block-paragraph\">La velada continuar\u00e1 con <strong>EDGAR ALLAN POP<\/strong>, que presentar\u00e1n su tercer <strong>EP: METAMORFOSIS<\/strong>. Cinco canciones con las que abren la formaci\u00f3n que en sus primeros trabajos funcion\u00f3 como d\u00fao. Un concierto muy especial para Beatriz, Jaime, Joaqu\u00edn, Eva y Amaia estren\u00e1ndose juntos en la ciudad donde se conocieron. Atm\u00f3sfera de guitarras, sintetizadores lis\u00e9rgicos y met\u00e1fora para los amantes de la nostalgia y el sonido de los 90s.<\/p>\n\n\n\n<p class=\"has-text-align-left wp-block-paragraph\">Para terminar, <strong>Mar\u00eda Jes\u00fas Y Su Hijo<\/strong>. Una banda que nunca deja indiferente a nadie y que puede presumir de tener uno de los directos m\u00e1s arrolladores de la capital. Influenciados por la movida madrile\u00f1a, su excentricidad y la comuni\u00f3n con el p\u00fablico pondr\u00e1n el broche final a una noche dif\u00edcil de olvidar.\u00a0<br><br><\/p>\n\n\n\n<p class=\"has-text-align-right wp-block-paragraph\"><em>Listen to <\/em><strong>SNCK <\/strong><em>in <\/em><strong><a href=\"https:\/\/open.spotify.com\/intl-es\/artist\/6YijnBBKMCO0ylAlDeYZxB?si=NRRjfJzmQJun1axtFnvLTQ\">Spotify<\/a><\/strong><\/p>\n\n\n\n<p class=\"has-text-align-right wp-block-paragraph\"><em>Listen to <\/em><strong>EDGAR ALLAN POP <\/strong><em>in <\/em><strong><a href=\"https:\/\/open.spotify.com\/intl-es\/artist\/0bjfZaBZpnWPp8hxszeMND?si=MwbtnByySYOTbev8a1xRkQ\">Spotify<\/a><\/strong><\/p>\n\n\n\n<p class=\"has-text-align-right wp-block-paragraph\"><em>Listen to<\/em><strong> MAR\u00cdA JES\u00daS Y SU HIJO <\/strong><em>in <\/em><strong><a href=\"https:\/\/open.spotify.com\/intl-es\/artist\/6u6tjnHJ5CGecNVi2Wfwx9?si=sIAM6QbKT1ilmwZmMet_eg\">Spotify<\/a><\/strong><\/p>\n<\/div>\n<\/div>\n\n\n\n<div style=\"height:100px\" aria-hidden=\"true\" class=\"wp-block-spacer\"><\/div>\n\n\n\n<hr class=\"wp-block-separator has-alpha-channel-opacity\"\/>\n\n\n\n<div style=\"height:100px\" aria-hidden=\"true\" class=\"wp-block-spacer\"><\/div>\n\n\n<h2 class=\"tribe-block__related-events__title\">Related Events<\/h2>\n\n<ul  class=\"tribe-related-events tribe-clearfix\" >\n\t\t\t<li>\n\t\n<div class=\"tribe-related-events-thumbnail\">\n\t<a href=\"https:\/\/cafelapalma.com\/en\/programacion\/funkin-donuts\/\" class=\"url\" rel=\"bookmark\" tabindex=\"-1\" aria-hidden=\"true\"><img loading=\"lazy\" decoding=\"async\" width=\"693\" height=\"1040\" src=\"https:\/\/cafelapalma.com\/wp-content\/uploads\/2026\/07\/FD-vert2-bn-693x1040.jpg\" class=\"attachment-large size-large wp-post-image\" alt=\"\" \/><\/a>\n<\/div>\n\t<div class=\"tribe-related-event-info\">\n\t<h3 class=\"tribe-related-events-title\">\n\t\t<a href=\"https:\/\/cafelapalma.com\/en\/programacion\/funkin-donuts\/\" class=\"tribe-event-url\" rel=\"bookmark\">\n\t\t\tFUNKIN&#8217; DONUTS\t\t<\/a>\n\t<\/h3>\n\t<span class=\"tribe-event-date-start\">5  September@22:00<\/span><span class=\"tribe-event-time\">23:45<\/span><\/div>\n<\/li>\n\t\t\t<li>\n\t\n<div class=\"tribe-related-events-thumbnail\">\n\t<a href=\"https:\/\/cafelapalma.com\/en\/programacion\/backstage-le-petit-truffle-mayo\/\" class=\"url\" rel=\"bookmark\" tabindex=\"-1\" aria-hidden=\"true\"><img loading=\"lazy\" decoding=\"async\" width=\"780\" height=\"1040\" src=\"https:\/\/cafelapalma.com\/wp-content\/uploads\/2026\/07\/Imagen-TruffleMayo-LePetit-i-1-780x1040.png\" class=\"attachment-large size-large wp-post-image\" alt=\"\" \/><\/a>\n<\/div>\n\t<div class=\"tribe-related-event-info\">\n\t<h3 class=\"tribe-related-events-title\">\n\t\t<a href=\"https:\/\/cafelapalma.com\/en\/programacion\/backstage-le-petit-truffle-mayo\/\" class=\"tribe-event-url\" rel=\"bookmark\">\n\t\t\tBACKSTAGE: LE PETIT + TRUFFLE MAYO\t\t<\/a>\n\t<\/h3>\n\t<span class=\"tribe-event-date-start\">5  September@23:55<\/span><\/div>\n<\/li>\n\t\t\t<li>\n\t\n<div class=\"tribe-related-events-thumbnail\">\n\t<a href=\"https:\/\/cafelapalma.com\/en\/programacion\/willie-deville-concierto-benefico-x-venezuela\/\" class=\"url\" rel=\"bookmark\" tabindex=\"-1\" aria-hidden=\"true\"><img loading=\"lazy\" decoding=\"async\" width=\"1020\" height=\"531\" src=\"https:\/\/cafelapalma.com\/wp-content\/uploads\/2026\/08\/Willie-deville-1100x572-1-1040x541.jpg\" class=\"attachment-large size-large wp-post-image\" alt=\"\" \/><\/a>\n<\/div>\n\t<div class=\"tribe-related-event-info\">\n\t<h3 class=\"tribe-related-events-title\">\n\t\t<a href=\"https:\/\/cafelapalma.com\/en\/programacion\/willie-deville-concierto-benefico-x-venezuela\/\" class=\"tribe-event-url\" rel=\"bookmark\">\n\t\t\tWILLIE DEVILLE: CONCIERTO BEN\u00c9FICO X VENEZUELA\t\t<\/a>\n\t<\/h3>\n\t<span class=\"tribe-event-date-start\">6  September@21:00<\/span><span class=\"tribe-event-time\">23:45<\/span><\/div>\n<\/li>\n\t<\/ul>","protected":false},"excerpt":{"rendered":"<p>El \u00c1lamo Negro tiene el placer de presentar a tres de las bandas m\u00e1s interesantes de la escena indie underground de la capital en una noche que promete ser toda una celebraci\u00f3n. SNCK abrir\u00e1n el escenario del Caf\u00e9 La Palma para presentar las primeras canciones de la banda. Una formaci\u00f3n de jovenc\u00edsimos estudiantes afincados en &hellip; <\/p>","protected":false},"author":2,"featured_media":32579,"template":"","meta":{"_tec_requires_first_save":false,"_uag_custom_page_level_css":"","loftloader_page_shortcode":"","_EventAllDay":false,"_EventTimezone":"Europe\/Madrid","_EventStartDate":"2026-01-23 21:00:00","_EventEndDate":"2026-01-23 23:50:00","_EventStartDateUTC":"2026-01-23 20:00:00","_EventEndDateUTC":"2026-01-23 22:50:00","_EventShowMap":false,"_EventShowMapLink":false,"_EventURL":"https:\/\/entradium.com\/es\/events\/snck-edgar-allan-pop-maria-jesus-y-su-hijo","_EventCost":"10","_EventCostDescription":"","_EventCurrencySymbol":"\u20ac","_EventCurrencyCode":"USD","_EventCurrencyPosition":"suffix","_EventDateTimeSeparator":"@","_EventTimeRangeSeparator":"-","_EventOrganizerID":[],"_EventVenueID":[],"_OrganizerEmail":"","_OrganizerPhone":"","_OrganizerWebsite":"","_VenueAddress":"","_VenueCity":"","_VenueCountry":"","_VenueProvince":"","_VenueState":"","_VenueZip":"","_VenuePhone":"","_VenueURL":"","_VenueStateProvince":"","_VenueLat":"","_VenueLng":"","_VenueShowMap":false,"_VenueShowMapLink":false,"_tribe_blocks_recurrence_rules":"","_tribe_blocks_recurrence_description":"","_tribe_blocks_recurrence_exclusions":"","_ecp_custom_2":"","_tribe_events_status":"","_tribe_events_status_reason":"","_tribe_events_is_hybrid":"","_tribe_events_is_virtual":"","_tribe_events_virtual_video_source":"","_tribe_events_virtual_embed_video":"","_tribe_events_virtual_linked_button_text":"","_tribe_events_virtual_linked_button":"","_tribe_events_virtual_show_embed_at":"","_tribe_events_virtual_show_embed_to":[],"_tribe_events_virtual_show_on_event":"","_tribe_events_virtual_show_on_views":"","_tribe_events_virtual_url":"","footnotes":""},"tags":[1363,2865,9147,9146,18116,8970,10508,9164,1481,1354,18115,9292],"tribe_events_cat":[8963],"class_list":["post-32578","tribe_events","type-tribe_events","status-publish","has-post-thumbnail","hentry","tag-cafe-la-palma","tag-conciertos-cafe-la-palma","tag-conciertos-madrid","tag-conciertos-malasana","tag-edgar-allan-pop","tag-indie","tag-maria-jesus-y-su-hijo","tag-pop-rock-2","tag-punk","tag-rock","tag-snck","tag-synth-pop","tribe_events_cat-concierto","cat_concierto"],"uagb_featured_image_src":{"full":["https:\/\/cafelapalma.com\/wp-content\/uploads\/2025\/11\/CARTEL-SNCK-EAP-MJYSH-1-2.png",354,500,false],"thumbnail":["https:\/\/cafelapalma.com\/wp-content\/uploads\/2025\/11\/CARTEL-SNCK-EAP-MJYSH-1-2-150x150.png",150,150,true],"medium":["https:\/\/cafelapalma.com\/wp-content\/uploads\/2025\/11\/CARTEL-SNCK-EAP-MJYSH-1-2-212x300.png",212,300,true],"medium_large":["https:\/\/cafelapalma.com\/wp-content\/uploads\/2025\/11\/CARTEL-SNCK-EAP-MJYSH-1-2.png",354,500,false],"large":["https:\/\/cafelapalma.com\/wp-content\/uploads\/2025\/11\/CARTEL-SNCK-EAP-MJYSH-1-2.png",354,500,false],"1536x1536":["https:\/\/cafelapalma.com\/wp-content\/uploads\/2025\/11\/CARTEL-SNCK-EAP-MJYSH-1-2.png",354,500,false],"2048x2048":["https:\/\/cafelapalma.com\/wp-content\/uploads\/2025\/11\/CARTEL-SNCK-EAP-MJYSH-1-2.png",354,500,false],"trp-custom-language-flag":["https:\/\/cafelapalma.com\/wp-content\/uploads\/2025\/11\/CARTEL-SNCK-EAP-MJYSH-1-2-8x12.png",8,12,true],"blossom-feminine-slider":["https:\/\/cafelapalma.com\/wp-content\/uploads\/2025\/11\/CARTEL-SNCK-EAP-MJYSH-1-2.png",354,500,false],"blossom-feminine-featured":["https:\/\/cafelapalma.com\/wp-content\/uploads\/2025\/11\/CARTEL-SNCK-EAP-MJYSH-1-2.png",354,500,false],"blossom-feminine-with-sidebar":["https:\/\/cafelapalma.com\/wp-content\/uploads\/2025\/11\/CARTEL-SNCK-EAP-MJYSH-1-2.png",354,500,false],"blossom-feminine-blog":["https:\/\/cafelapalma.com\/wp-content\/uploads\/2025\/11\/CARTEL-SNCK-EAP-MJYSH-1-2-354x435.png",354,435,true],"blossom-feminine-cat":["https:\/\/cafelapalma.com\/wp-content\/uploads\/2025\/11\/CARTEL-SNCK-EAP-MJYSH-1-2-354x300.png",354,300,true],"blossom-feminine-related":["https:\/\/cafelapalma.com\/wp-content\/uploads\/2025\/11\/CARTEL-SNCK-EAP-MJYSH-1-2-320x200.png",320,200,true],"blossom-feminine-schema":["https:\/\/cafelapalma.com\/wp-content\/uploads\/2025\/11\/CARTEL-SNCK-EAP-MJYSH-1-2-42x60.png",42,60,true]},"uagb_author_info":{"display_name":"Victor","author_link":"https:\/\/cafelapalma.com\/en\/author\/comunicacion\/"},"uagb_comment_info":0,"uagb_excerpt":"El \u00c1lamo Negro tiene el placer de presentar a tres de las bandas m\u00e1s interesantes de la escena indie underground de la capital en una noche que promete ser toda una celebraci\u00f3n. SNCK abrir\u00e1n el escenario del Caf\u00e9 La Palma para presentar las primeras canciones de la banda. Una formaci\u00f3n de jovenc\u00edsimos estudiantes afincados en&hellip;","_links":{"self":[{"href":"https:\/\/cafelapalma.com\/en\/wp-json\/wp\/v2\/tribe_events\/32578","targetHints":{"allow":["GET"]}}],"collection":[{"href":"https:\/\/cafelapalma.com\/en\/wp-json\/wp\/v2\/tribe_events"}],"about":[{"href":"https:\/\/cafelapalma.com\/en\/wp-json\/wp\/v2\/types\/tribe_events"}],"author":[{"embeddable":true,"href":"https:\/\/cafelapalma.com\/en\/wp-json\/wp\/v2\/users\/2"}],"version-history":[{"count":0,"href":"https:\/\/cafelapalma.com\/en\/wp-json\/wp\/v2\/tribe_events\/32578\/revisions"}],"wp:featuredmedia":[{"embeddable":true,"href":"https:\/\/cafelapalma.com\/en\/wp-json\/wp\/v2\/media\/32579"}],"wp:attachment":[{"href":"https:\/\/cafelapalma.com\/en\/wp-json\/wp\/v2\/media?parent=32578"}],"wp:term":[{"taxonomy":"post_tag","embeddable":true,"href":"https:\/\/cafelapalma.com\/en\/wp-json\/wp\/v2\/tags?post=32578"},{"taxonomy":"tribe_events_cat","embeddable":true,"href":"https:\/\/cafelapalma.com\/en\/wp-json\/wp\/v2\/tribe_events_cat?post=32578"}],"curies":[{"name":"wp","href":"https:\/\/api.w.org\/{rel}","templated":true}]}}