{"id":32611,"date":"2025-12-01T11:12:45","date_gmt":"2025-12-01T10:12:45","guid":{"rendered":"https:\/\/cafelapalma.com\/?post_type=tribe_events&#038;p=32611"},"modified":"2025-12-01T11:25:47","modified_gmt":"2025-12-01T10:25:47","slug":"havo_and_friends","status":"publish","type":"tribe_events","link":"https:\/\/cafelapalma.com\/en\/programacion\/havo_and_friends\/","title":{"rendered":"HAV\u00d5 &amp; FRIENDS: HAV\u00d5 + ANZHIO + ASCI-1 + MANGONEO"},"content":{"rendered":"<div  class=\"tribe-events-schedule tribe-clearfix\" >\n\t<p class=\"tribe-events-schedule__datetime\">\n\t\t<span class=\"tribe-events-schedule__date tribe-events-schedule__date--start\">\n\t\t\t19  December  2025\t\t<\/span>\n\n\t\t\t\t\t<span class=\"tribe-events-schedule__separator tribe-events-schedule__separator--date\">\n\t\t\t\t@\t\t\t<\/span>\n\t\t\t<span class=\"tribe-events-schedule__time tribe-events-schedule__time--start\">\n\t\t\t\t23:50\t\t\t<\/span>\n\t\t\n\t\t\t\t\t\t\t\t\t<span class=\"tribe-events-schedule__separator tribe-events-schedule__separator--time\">\n\t\t\t\t\t&#8211;\t\t\t\t<\/span>\n\t\t\t\n\t\t\t\t\t\t\t<span class=\"tribe-events-schedule__time tribe-events-schedule__time--end\">\n\t\t\t\t\t23:55\t\t\t\t<\/span>\n\t\t\t\n\t\t\t\t\t\t<\/p>\n<\/div>\n\n\n<div  class=\"tribe-block tribe-block__event-price\" >\n\t\t\t<span class=\"tribe-block__event-price__cost\"> ENTRADA LIBRE <\/span>\n\t\t\t\t<span class=\"tribe-block__event-price__description\">hasta las 01:00 | 13\u20ac Taquilla de 01:00 a 03:00 (Incluye UNA COPA o DOS CERVEZAS) | 15\u20ac Taquilla de 03:00 a cierre (Incluye UNA CONSUMICI\u00d3N)<\/span>\n\t<\/div>\n\n\n\n<div style=\"height:100px\" aria-hidden=\"true\" class=\"wp-block-spacer\"><\/div>\n\n\n\n<div class=\"wp-block-columns is-layout-flex wp-container-core-columns-is-layout-8f761849 wp-block-columns-is-layout-flex\">\n<div class=\"wp-block-column is-layout-flow wp-block-column-is-layout-flow\" style=\"flex-basis:33.33%\">\n<figure class=\"wp-block-image size-full\"><img loading=\"lazy\" decoding=\"async\" width=\"2121\" height=\"3000\" src=\"https:\/\/cafelapalma.com\/wp-content\/uploads\/2025\/12\/Havo-Friends-A3-scaled.png\" alt=\"\" class=\"wp-image-32612\" srcset=\"https:\/\/cafelapalma.com\/wp-content\/uploads\/2025\/12\/Havo-Friends-A3-scaled.png 2121w, https:\/\/cafelapalma.com\/wp-content\/uploads\/2025\/12\/Havo-Friends-A3-212x300.png 212w, https:\/\/cafelapalma.com\/wp-content\/uploads\/2025\/12\/Havo-Friends-A3-735x1040.png 735w, https:\/\/cafelapalma.com\/wp-content\/uploads\/2025\/12\/Havo-Friends-A3-768x1086.png 768w, https:\/\/cafelapalma.com\/wp-content\/uploads\/2025\/12\/Havo-Friends-A3-1086x1536.png 1086w, https:\/\/cafelapalma.com\/wp-content\/uploads\/2025\/12\/Havo-Friends-A3-1448x2048.png 1448w, https:\/\/cafelapalma.com\/wp-content\/uploads\/2025\/12\/Havo-Friends-A3-8x12.png 8w, https:\/\/cafelapalma.com\/wp-content\/uploads\/2025\/12\/Havo-Friends-A3-42x60.png 42w\" sizes=\"auto, (max-width: 2121px) 100vw, 2121px\" \/><\/figure>\n<\/div>\n\n\n\n<div class=\"wp-block-column is-layout-flow wp-block-column-is-layout-flow\" style=\"flex-basis:66.66%\">\n<div style=\"height:100px\" aria-hidden=\"true\" class=\"wp-block-spacer\"><\/div>\n\n\n\n<p class=\"has-text-align-left wp-block-paragraph\"><strong>Hav\u00f5 &amp; Friends<\/strong> llega a Caf\u00e9 La Palma para despedir el a\u00f1o de la mejor manera posible: una noche dedicada al house, a la buena energ\u00eda y a compartir la cabina con amigos que hacen de la m\u00fasica un ritual. En esta edici\u00f3n especial, Hav\u00f5 invita a DJs amigos a una casa que desde el primer d\u00eda abri\u00f3 sus puertas y cre\u00f3 el ambiente perfecto para disfrutar entre amigos. Una celebraci\u00f3n pensada para disfrutar, conectar y vivir una noche inolvidable, rodeados de buena vibra, amigos y un sonido que invita a bailar de principio a fin.<\/p>\n\n\n\n<p class=\"has-text-align-left wp-block-paragraph\"><strong>Mangoneo<\/strong>: DJ Madrile\u00f1o afincado en Luxemburgo, nos visita para abrir la noche con su estilo inconfundible. Mangoneo trae sunshine to your speakers, mezclando house con mucha finura, elegancia y una vibra que marca el tono perfecto para comenzar la celebraci\u00f3n. Cada beat y cada track pensado para hacerte entrar en acci\u00f3n.<\/p>\n\n\n\n<p class=\"has-text-align-left wp-block-paragraph\"><strong>Anzhio<\/strong>: DJ y productor argentino afincado en Madrid, Anzhio trae un sonido house potente, din\u00e1mico y con mucho groove. Con una habilidad natural para conectar con la pista, construye sesiones que empujan al p\u00fablico a moverse sin pausa. Ha compartido cabina con artistas internacionales reconocidos y llega a Hav\u00f5 &amp; Friends listo para encender la sala con ritmos s\u00f3lidos, energ\u00eda pura y una vibra que invita a bailar desde el primer beat.<\/p>\n\n\n\n<p class=\"has-text-align-left wp-block-paragraph\"><strong>Hav\u00f5 <\/strong>(Argentina): Con m\u00e1s de una d\u00e9cada explorando la escena electr\u00f3nica, Hav\u00f5 combina house y tech house en sets cargados de energ\u00eda, movimiento y conexi\u00f3n. Su experiencia en clubes y festivales internacionales, junto con haber compartido cabina con referentes como Marco Faraone, le permite construir un viaje musical que mantiene al p\u00fablico vibrando toda la noche. Su sello: groove, alegr\u00eda y una vibra \u00fanica en la pista.<\/p>\n\n\n\n<p class=\"has-text-align-left wp-block-paragraph\"><strong>Asci &#8211; 1 <\/strong>(Italia \u2013 Mil\u00e1n): Productor y DJ italiano especializado en deep tech, Asci &#8211; 1 llegar\u00e1 para cerrar la noche bien arriba. Ritmos precisos, texturas envolventes y un groove hipn\u00f3tico que promete un final intenso y vibrante, perfecto para coronar el cierre de una fiesta para el recuerdo.<\/p>\n<\/div>\n<\/div>\n\n\n\n<div style=\"height:100px\" aria-hidden=\"true\" class=\"wp-block-spacer\"><\/div>\n\n\n\n<hr class=\"wp-block-separator has-alpha-channel-opacity\"\/>\n\n\n\n<div style=\"height:100px\" aria-hidden=\"true\" class=\"wp-block-spacer\"><\/div>\n\n\n<h2 class=\"tribe-block__related-events__title\">Related Events<\/h2>\n\n<ul  class=\"tribe-related-events tribe-clearfix\" >\n\t\t\t<li>\n\t\n<div class=\"tribe-related-events-thumbnail\">\n\t<a href=\"https:\/\/cafelapalma.com\/en\/programacion\/funkin-donuts\/\" class=\"url\" rel=\"bookmark\" tabindex=\"-1\" aria-hidden=\"true\"><img loading=\"lazy\" decoding=\"async\" width=\"693\" height=\"1040\" src=\"https:\/\/cafelapalma.com\/wp-content\/uploads\/2026\/07\/FD-vert2-bn-693x1040.jpg\" class=\"attachment-large size-large wp-post-image\" alt=\"\" \/><\/a>\n<\/div>\n\t<div class=\"tribe-related-event-info\">\n\t<h3 class=\"tribe-related-events-title\">\n\t\t<a href=\"https:\/\/cafelapalma.com\/en\/programacion\/funkin-donuts\/\" class=\"tribe-event-url\" rel=\"bookmark\">\n\t\t\tFUNKIN&#8217; DONUTS\t\t<\/a>\n\t<\/h3>\n\t<span class=\"tribe-event-date-start\">5  September@22:00<\/span><span class=\"tribe-event-time\">23:45<\/span><\/div>\n<\/li>\n\t\t\t<li>\n\t\n<div class=\"tribe-related-events-thumbnail\">\n\t<a href=\"https:\/\/cafelapalma.com\/en\/programacion\/backstage-le-petit-truffle-mayo\/\" class=\"url\" rel=\"bookmark\" tabindex=\"-1\" aria-hidden=\"true\"><img loading=\"lazy\" decoding=\"async\" width=\"780\" height=\"1040\" src=\"https:\/\/cafelapalma.com\/wp-content\/uploads\/2026\/07\/Imagen-TruffleMayo-LePetit-i-1-780x1040.png\" class=\"attachment-large size-large wp-post-image\" alt=\"\" \/><\/a>\n<\/div>\n\t<div class=\"tribe-related-event-info\">\n\t<h3 class=\"tribe-related-events-title\">\n\t\t<a href=\"https:\/\/cafelapalma.com\/en\/programacion\/backstage-le-petit-truffle-mayo\/\" class=\"tribe-event-url\" rel=\"bookmark\">\n\t\t\tBACKSTAGE: LE PETIT + TRUFFLE MAYO\t\t<\/a>\n\t<\/h3>\n\t<span class=\"tribe-event-date-start\">5  September@23:55<\/span><\/div>\n<\/li>\n\t\t\t<li>\n\t\n<div class=\"tribe-related-events-thumbnail\">\n\t<a href=\"https:\/\/cafelapalma.com\/en\/programacion\/willie-deville-concierto-benefico-x-venezuela\/\" class=\"url\" rel=\"bookmark\" tabindex=\"-1\" aria-hidden=\"true\"><img loading=\"lazy\" decoding=\"async\" width=\"1020\" height=\"531\" src=\"https:\/\/cafelapalma.com\/wp-content\/uploads\/2026\/08\/Willie-deville-1100x572-1-1040x541.jpg\" class=\"attachment-large size-large wp-post-image\" alt=\"\" \/><\/a>\n<\/div>\n\t<div class=\"tribe-related-event-info\">\n\t<h3 class=\"tribe-related-events-title\">\n\t\t<a href=\"https:\/\/cafelapalma.com\/en\/programacion\/willie-deville-concierto-benefico-x-venezuela\/\" class=\"tribe-event-url\" rel=\"bookmark\">\n\t\t\tWILLIE DEVILLE: CONCIERTO BEN\u00c9FICO X VENEZUELA\t\t<\/a>\n\t<\/h3>\n\t<span class=\"tribe-event-date-start\">6  September@21:00<\/span><span class=\"tribe-event-time\">23:45<\/span><\/div>\n<\/li>\n\t<\/ul>","protected":false},"excerpt":{"rendered":"<p>Hav\u00f5 &amp; Friends llega a Caf\u00e9 La Palma para despedir el a\u00f1o de la mejor manera posible: una noche dedicada al house, a la buena energ\u00eda y a compartir la cabina con amigos que hacen de la m\u00fasica un ritual. En esta edici\u00f3n especial, Hav\u00f5 invita a DJs amigos a una casa que desde el &hellip; <\/p>","protected":false},"author":2,"featured_media":32612,"template":"","meta":{"_tec_requires_first_save":false,"_uag_custom_page_level_css":"","loftloader_page_shortcode":"","_EventAllDay":false,"_EventTimezone":"Europe\/Madrid","_EventStartDate":"2025-12-19 23:50:00","_EventEndDate":"2025-12-19 23:55:00","_EventStartDateUTC":"2025-12-19 22:50:00","_EventEndDateUTC":"2025-12-19 22:55:00","_EventShowMap":false,"_EventShowMapLink":false,"_EventURL":"","_EventCost":"ENTRADA LIBRE","_EventCostDescription":"","_EventCurrencySymbol":"\u20ac","_EventCurrencyCode":"USD","_EventCurrencyPosition":"suffix","_EventDateTimeSeparator":"@","_EventTimeRangeSeparator":"-","_EventOrganizerID":[],"_EventVenueID":[],"_OrganizerEmail":"","_OrganizerPhone":"","_OrganizerWebsite":"","_VenueAddress":"","_VenueCity":"","_VenueCountry":"","_VenueProvince":"","_VenueState":"","_VenueZip":"","_VenuePhone":"","_VenueURL":"","_VenueStateProvince":"","_VenueLat":"","_VenueLng":"","_VenueShowMap":false,"_VenueShowMapLink":false,"_tribe_blocks_recurrence_rules":"","_tribe_blocks_recurrence_description":"","_tribe_blocks_recurrence_exclusions":"","_ecp_custom_2":"","_tribe_events_status":"","_tribe_events_status_reason":"","_tribe_events_is_hybrid":"","_tribe_events_is_virtual":"","_tribe_events_virtual_video_source":"","_tribe_events_virtual_embed_video":"","_tribe_events_virtual_linked_button_text":"","_tribe_events_virtual_linked_button":"","_tribe_events_virtual_show_embed_at":"","_tribe_events_virtual_show_embed_to":[],"_tribe_events_virtual_show_on_event":"","_tribe_events_virtual_show_on_views":"","_tribe_events_virtual_url":"","footnotes":""},"tags":[18131,18133,1363,9225,11349,9226,9227,1357,16848,18130,18132,11649,17152,9540],"tribe_events_cat":[8964],"class_list":["post-32611","tribe_events","type-tribe_events","status-publish","has-post-thumbnail","hentry","tag-anzhio","tag-asci-1","tag-cafe-la-palma","tag-cafe-la-palma-clubbing","tag-clubbing","tag-djs-madrid","tag-djs-malasana","tag-electronica","tag-havo","tag-mangoneo","tag-marco-farone","tag-progressive","tag-progressive-house","tag-tech-house","tribe_events_cat-clubbing","cat_clubbing"],"uagb_featured_image_src":{"full":["https:\/\/cafelapalma.com\/wp-content\/uploads\/2025\/12\/Havo-Friends-A3-scaled.png",2121,3000,false],"thumbnail":["https:\/\/cafelapalma.com\/wp-content\/uploads\/2025\/12\/Havo-Friends-A3-150x150.png",150,150,true],"medium":["https:\/\/cafelapalma.com\/wp-content\/uploads\/2025\/12\/Havo-Friends-A3-212x300.png",212,300,true],"medium_large":["https:\/\/cafelapalma.com\/wp-content\/uploads\/2025\/12\/Havo-Friends-A3-768x1086.png",768,1086,true],"large":["https:\/\/cafelapalma.com\/wp-content\/uploads\/2025\/12\/Havo-Friends-A3-735x1040.png",735,1040,true],"1536x1536":["https:\/\/cafelapalma.com\/wp-content\/uploads\/2025\/12\/Havo-Friends-A3-1086x1536.png",1086,1536,true],"2048x2048":["https:\/\/cafelapalma.com\/wp-content\/uploads\/2025\/12\/Havo-Friends-A3-1448x2048.png",1448,2048,true],"trp-custom-language-flag":["https:\/\/cafelapalma.com\/wp-content\/uploads\/2025\/12\/Havo-Friends-A3-8x12.png",8,12,true],"blossom-feminine-slider":["https:\/\/cafelapalma.com\/wp-content\/uploads\/2025\/12\/Havo-Friends-A3-1920x649.png",1920,649,true],"blossom-feminine-featured":["https:\/\/cafelapalma.com\/wp-content\/uploads\/2025\/12\/Havo-Friends-A3-1410x600.png",1410,600,true],"blossom-feminine-with-sidebar":["https:\/\/cafelapalma.com\/wp-content\/uploads\/2025\/12\/Havo-Friends-A3-1020x600.png",1020,600,true],"blossom-feminine-blog":["https:\/\/cafelapalma.com\/wp-content\/uploads\/2025\/12\/Havo-Friends-A3-435x435.png",435,435,true],"blossom-feminine-cat":["https:\/\/cafelapalma.com\/wp-content\/uploads\/2025\/12\/Havo-Friends-A3-450x300.png",450,300,true],"blossom-feminine-related":["https:\/\/cafelapalma.com\/wp-content\/uploads\/2025\/12\/Havo-Friends-A3-320x200.png",320,200,true],"blossom-feminine-schema":["https:\/\/cafelapalma.com\/wp-content\/uploads\/2025\/12\/Havo-Friends-A3-42x60.png",42,60,true]},"uagb_author_info":{"display_name":"Victor","author_link":"https:\/\/cafelapalma.com\/en\/author\/comunicacion\/"},"uagb_comment_info":0,"uagb_excerpt":"Hav\u00f5 &amp; Friends llega a Caf\u00e9 La Palma para despedir el a\u00f1o de la mejor manera posible: una noche dedicada al house, a la buena energ\u00eda y a compartir la cabina con amigos que hacen de la m\u00fasica un ritual. En esta edici\u00f3n especial, Hav\u00f5 invita a DJs amigos a una casa que desde el&hellip;","_links":{"self":[{"href":"https:\/\/cafelapalma.com\/en\/wp-json\/wp\/v2\/tribe_events\/32611","targetHints":{"allow":["GET"]}}],"collection":[{"href":"https:\/\/cafelapalma.com\/en\/wp-json\/wp\/v2\/tribe_events"}],"about":[{"href":"https:\/\/cafelapalma.com\/en\/wp-json\/wp\/v2\/types\/tribe_events"}],"author":[{"embeddable":true,"href":"https:\/\/cafelapalma.com\/en\/wp-json\/wp\/v2\/users\/2"}],"version-history":[{"count":0,"href":"https:\/\/cafelapalma.com\/en\/wp-json\/wp\/v2\/tribe_events\/32611\/revisions"}],"wp:featuredmedia":[{"embeddable":true,"href":"https:\/\/cafelapalma.com\/en\/wp-json\/wp\/v2\/media\/32612"}],"wp:attachment":[{"href":"https:\/\/cafelapalma.com\/en\/wp-json\/wp\/v2\/media?parent=32611"}],"wp:term":[{"taxonomy":"post_tag","embeddable":true,"href":"https:\/\/cafelapalma.com\/en\/wp-json\/wp\/v2\/tags?post=32611"},{"taxonomy":"tribe_events_cat","embeddable":true,"href":"https:\/\/cafelapalma.com\/en\/wp-json\/wp\/v2\/tribe_events_cat?post=32611"}],"curies":[{"name":"wp","href":"https:\/\/api.w.org\/{rel}","templated":true}]}}