{"id":32648,"date":"2025-12-05T17:26:02","date_gmt":"2025-12-05T16:26:02","guid":{"rendered":"https:\/\/cafelapalma.com\/?post_type=tribe_events&#038;p=32648"},"modified":"2025-12-05T18:35:38","modified_gmt":"2025-12-05T17:35:38","slug":"danzer-new-year-special-edition","status":"publish","type":"tribe_events","link":"https:\/\/cafelapalma.com\/en\/programacion\/danzer-new-year-special-edition\/","title":{"rendered":"NOCHEVIEJA DANZER"},"content":{"rendered":"<div  class=\"tribe-events-schedule tribe-clearfix\" >\n\t<p class=\"tribe-events-schedule__datetime\">\n\t\t<span class=\"tribe-events-schedule__date tribe-events-schedule__date--start\">\n\t\t\t31  December  2025\t\t<\/span>\n\n\t\t\t\t\t<span class=\"tribe-events-schedule__separator tribe-events-schedule__separator--date\">\n\t\t\t\t@\t\t\t<\/span>\n\t\t\t<span class=\"tribe-events-schedule__time tribe-events-schedule__time--start\">\n\t\t\t\t01:00\t\t\t<\/span>\n\t\t\n\t\t\t\t\t\t\t\t\t<span class=\"tribe-events-schedule__separator tribe-events-schedule__separator--time\">\n\t\t\t\t\t\t\t\t\t<\/span>\n\t\t\t\n\t\t\t\t\t\t\t<span class=\"tribe-events-schedule__time tribe-events-schedule__time--end\">\n\t\t\t\t\t07:00\t\t\t\t<\/span>\n\t\t\t\n\t\t\t\t\t\t<\/p>\n<\/div>\n\n\n<div  class=\"tribe-block tribe-block__event-price\" >\n\t\t\t<span class=\"tribe-block__event-price__cost\"> 20\u20ac <\/span>\n\t\t\t\t<span class=\"tribe-block__event-price__description\">Early Bird 1 (incluye UNA COPA) | 23\u20ac Early Bird 2 (incluye UNA COPA) | 35\u20ac Early Bird 3 (incluye DOS COPAS) | 37\u20ac Anticipada (incluye DOS COPAS) | 40\u20ac Taquilla (incluye DOS COPAS) <\/span>\n\t<\/div>\n\n\n\n<div style=\"height:100px\" aria-hidden=\"true\" class=\"wp-block-spacer\"><\/div>\n\n\n\n<div class=\"wp-block-columns is-layout-flex wp-container-core-columns-is-layout-8f761849 wp-block-columns-is-layout-flex\">\n<div class=\"wp-block-column is-layout-flow wp-block-column-is-layout-flow\" style=\"flex-basis:33.33%\">\n<figure class=\"wp-block-image size-full\"><img decoding=\"async\" src=\"https:\/\/cafelapalma.com\/wp-content\/uploads\/2025\/12\/NOCHEVIEJA-DANCER_page-0001-1.jpg\" alt=\"\" class=\"wp-image-32649\"\/><\/figure>\n\n\n<div  class=\"tribe-block tribe-block__event-website\" >\n\t<a\n\t\thref=\"https:\/\/www.passline.com\/eventos\/nochevieja-danzer-calero-kamboya-lafette\"\n\t\ttarget=\"_self\"\n\t\t\t>\n\t\tBUY TICKETS\t<\/a>\n<\/div>\n<\/div>\n\n\n\n<div class=\"wp-block-column is-layout-flow wp-block-column-is-layout-flow\" style=\"flex-basis:66.66%\">\n<div style=\"height:100px\" aria-hidden=\"true\" class=\"wp-block-spacer\"><\/div>\n\n\n\n<p class=\"has-text-align-left wp-block-paragraph\"><strong>DANZER&nbsp; <\/strong>y <strong>CAF\u00c9 LA PALMA<\/strong> reciben el nuevo a\u00f1o a base de indie-dance, nu-disco y future-house, y de la mano de los residentes del colectivo, <strong>CALERO<\/strong>, <strong>KAMBOYA <\/strong>y <strong>LAFETTE<\/strong>.<\/p>\n\n\n\n<p class=\"has-text-align-left wp-block-paragraph\">Una de las fiestas que m\u00e1s ha dado qu\u00e9 hablar esta temporada va a coronar el a\u00f1o como os merec\u00e9is, con uno de los mejores ambientes que se pueden encontrar en una pista de baile y rodeados de aut\u00e9nticos profesionales de la fiesta.<\/p>\n\n\n\n<p class=\"has-text-align-left wp-block-paragraph\">No es el traje ni el dress code.<\/p>\n\n\n\n<p class=\"has-text-align-left wp-block-paragraph\">No es el dj al que veneras.<\/p>\n\n\n\n<p class=\"has-text-align-left wp-block-paragraph\">No es la foto que subes a redes sociales.&nbsp;<\/p>\n\n\n\n<p class=\"has-text-align-left wp-block-paragraph\">No es el garito de moda.<\/p>\n\n\n\n<p class=\"has-text-align-left wp-block-paragraph\">Lo importante eres t\u00fa, quien baila, <strong>\u00a1El DANZER!<\/strong><\/p>\n\n\n\n<p class=\"has-text-align-right wp-block-paragraph\"><a href=\"https:\/\/open.spotify.com\/intl-es\/artist\/3m1an5fzquhCtk4UnhmLmc?si=7-Qi58wJQi-LuXJQgw0olQ\"><em>Sigue a <\/em><strong>DANZER <\/strong><em>in <\/em><strong>Instagram<\/strong><\/a><\/p>\n<\/div>\n<\/div>\n\n\n\n<div style=\"height:100px\" aria-hidden=\"true\" class=\"wp-block-spacer\"><\/div>\n\n\n\n<hr class=\"wp-block-separator has-css-opacity is-style-wide\"\/>\n\n\n\n<div style=\"height:100px\" aria-hidden=\"true\" class=\"wp-block-spacer\"><\/div>\n\n\n<h2 class=\"tribe-block__related-events__title\">Related Events<\/h2>\n\n<ul  class=\"tribe-related-events tribe-clearfix\" >\n\t\t\t<li>\n\t\n<div class=\"tribe-related-events-thumbnail\">\n\t<a href=\"https:\/\/cafelapalma.com\/en\/programacion\/funkin-donuts\/\" class=\"url\" rel=\"bookmark\" tabindex=\"-1\" aria-hidden=\"true\"><img loading=\"lazy\" decoding=\"async\" width=\"693\" height=\"1040\" src=\"https:\/\/cafelapalma.com\/wp-content\/uploads\/2026\/07\/FD-vert2-bn-693x1040.jpg\" class=\"attachment-large size-large wp-post-image\" alt=\"\" \/><\/a>\n<\/div>\n\t<div class=\"tribe-related-event-info\">\n\t<h3 class=\"tribe-related-events-title\">\n\t\t<a href=\"https:\/\/cafelapalma.com\/en\/programacion\/funkin-donuts\/\" class=\"tribe-event-url\" rel=\"bookmark\">\n\t\t\tFUNKIN&#8217; DONUTS\t\t<\/a>\n\t<\/h3>\n\t<span class=\"tribe-event-date-start\">5  September@22:00<\/span><span class=\"tribe-event-time\">23:45<\/span><\/div>\n<\/li>\n\t\t\t<li>\n\t\n<div class=\"tribe-related-events-thumbnail\">\n\t<a href=\"https:\/\/cafelapalma.com\/en\/programacion\/backstage-le-petit-truffle-mayo\/\" class=\"url\" rel=\"bookmark\" tabindex=\"-1\" aria-hidden=\"true\"><img loading=\"lazy\" decoding=\"async\" width=\"780\" height=\"1040\" src=\"https:\/\/cafelapalma.com\/wp-content\/uploads\/2026\/07\/Imagen-TruffleMayo-LePetit-i-1-780x1040.png\" class=\"attachment-large size-large wp-post-image\" alt=\"\" \/><\/a>\n<\/div>\n\t<div class=\"tribe-related-event-info\">\n\t<h3 class=\"tribe-related-events-title\">\n\t\t<a href=\"https:\/\/cafelapalma.com\/en\/programacion\/backstage-le-petit-truffle-mayo\/\" class=\"tribe-event-url\" rel=\"bookmark\">\n\t\t\tBACKSTAGE: LE PETIT + TRUFFLE MAYO\t\t<\/a>\n\t<\/h3>\n\t<span class=\"tribe-event-date-start\">5  September@23:55<\/span><\/div>\n<\/li>\n\t\t\t<li>\n\t\n<div class=\"tribe-related-events-thumbnail\">\n\t<a href=\"https:\/\/cafelapalma.com\/en\/programacion\/willie-deville-concierto-benefico-x-venezuela\/\" class=\"url\" rel=\"bookmark\" tabindex=\"-1\" aria-hidden=\"true\"><img loading=\"lazy\" decoding=\"async\" width=\"1020\" height=\"531\" src=\"https:\/\/cafelapalma.com\/wp-content\/uploads\/2026\/08\/Willie-deville-1100x572-1-1040x541.jpg\" class=\"attachment-large size-large wp-post-image\" alt=\"\" \/><\/a>\n<\/div>\n\t<div class=\"tribe-related-event-info\">\n\t<h3 class=\"tribe-related-events-title\">\n\t\t<a href=\"https:\/\/cafelapalma.com\/en\/programacion\/willie-deville-concierto-benefico-x-venezuela\/\" class=\"tribe-event-url\" rel=\"bookmark\">\n\t\t\tWILLIE DEVILLE: CONCIERTO BEN\u00c9FICO X VENEZUELA\t\t<\/a>\n\t<\/h3>\n\t<span class=\"tribe-event-date-start\">6  September@21:00<\/span><span class=\"tribe-event-time\">23:45<\/span><\/div>\n<\/li>\n\t<\/ul>","protected":false},"excerpt":{"rendered":"<p>DANZER&nbsp; y CAF\u00c9 LA PALMA reciben el nuevo a\u00f1o a base de indie-dance, nu-disco y future-house, y de la mano de los residentes del colectivo, CALERO, KAMBOYA y LAFETTE. Una de las fiestas que m\u00e1s ha dado qu\u00e9 hablar esta temporada va a coronar el a\u00f1o como os merec\u00e9is, con uno de los mejores ambientes &hellip; <\/p>","protected":false},"author":2,"featured_media":32649,"template":"","meta":{"_tec_requires_first_save":false,"_uag_custom_page_level_css":"","loftloader_page_shortcode":"","_EventAllDay":false,"_EventTimezone":"Europe\/Madrid","_EventStartDate":"2025-12-31 01:00:00","_EventEndDate":"2025-12-31 07:00:00","_EventStartDateUTC":"2025-12-31 00:00:00","_EventEndDateUTC":"2025-12-31 06:00:00","_EventShowMap":false,"_EventShowMapLink":false,"_EventURL":"https:\/\/www.passline.com\/eventos\/nochevieja-danzer-calero-kamboya-lafette","_EventCost":"20","_EventCostDescription":"","_EventCurrencySymbol":"","_EventCurrencyCode":"","_EventCurrencyPosition":"","_EventDateTimeSeparator":"","_EventTimeRangeSeparator":"","_EventOrganizerID":[],"_EventVenueID":[0],"_OrganizerEmail":"","_OrganizerPhone":"","_OrganizerWebsite":"","_VenueAddress":"","_VenueCity":"","_VenueCountry":"","_VenueProvince":"","_VenueState":"","_VenueZip":"","_VenuePhone":"","_VenueURL":"","_VenueStateProvince":"","_VenueLat":"","_VenueLng":"","_VenueShowMap":false,"_VenueShowMapLink":false,"_tribe_blocks_recurrence_rules":"","_tribe_blocks_recurrence_description":"","_tribe_blocks_recurrence_exclusions":"","_ecp_custom_2":"","_tribe_events_status":"","_tribe_events_status_reason":"","_tribe_events_is_hybrid":"","_tribe_events_is_virtual":"","_tribe_events_virtual_video_source":"","_tribe_events_virtual_embed_video":"","_tribe_events_virtual_linked_button_text":"","_tribe_events_virtual_linked_button":"","_tribe_events_virtual_show_embed_at":"","_tribe_events_virtual_show_embed_to":[],"_tribe_events_virtual_show_on_event":"","_tribe_events_virtual_show_on_views":"","_tribe_events_virtual_url":"","footnotes":""},"tags":[9638,1363,2865,9146,17420,18137,18136,18138,1431,12768],"tribe_events_cat":[9510],"class_list":["post-32648","tribe_events","type-tribe_events","status-publish","has-post-thumbnail","hentry","tag-actividades-cafe-la-palma","tag-cafe-la-palma","tag-conciertos-cafe-la-palma","tag-conciertos-malasana","tag-danzer","tag-fiesta-de-fin-de-ano","tag-fiesta-de-nochevieja","tag-fin-de-ano-madrid","tag-live-music","tag-nochevieja-madrid","tribe_events_cat-actividades","cat_actividades"],"uagb_featured_image_src":{"full":["https:\/\/cafelapalma.com\/wp-content\/uploads\/2025\/12\/NOCHEVIEJA-DANCER_page-0001-1-e1764956180930.jpg",1755,955,false],"thumbnail":["https:\/\/cafelapalma.com\/wp-content\/uploads\/2025\/12\/NOCHEVIEJA-DANCER_page-0001-1-e1764956180930-150x150.jpg",150,150,true],"medium":["https:\/\/cafelapalma.com\/wp-content\/uploads\/2025\/12\/NOCHEVIEJA-DANCER_page-0001-1-e1764956180930-300x163.jpg",300,163,true],"medium_large":["https:\/\/cafelapalma.com\/wp-content\/uploads\/2025\/12\/NOCHEVIEJA-DANCER_page-0001-1-e1764956180930-768x418.jpg",768,418,true],"large":["https:\/\/cafelapalma.com\/wp-content\/uploads\/2025\/12\/NOCHEVIEJA-DANCER_page-0001-1-e1764956180930-1040x566.jpg",1020,555,true],"1536x1536":["https:\/\/cafelapalma.com\/wp-content\/uploads\/2025\/12\/NOCHEVIEJA-DANCER_page-0001-1-e1764956180930-1536x836.jpg",1536,836,true],"2048x2048":["https:\/\/cafelapalma.com\/wp-content\/uploads\/2025\/12\/NOCHEVIEJA-DANCER_page-0001-1-1449x2048.jpg",1449,2048,true],"trp-custom-language-flag":["https:\/\/cafelapalma.com\/wp-content\/uploads\/2025\/12\/NOCHEVIEJA-DANCER_page-0001-1-e1764956180930-18x10.jpg",18,10,true],"blossom-feminine-slider":["https:\/\/cafelapalma.com\/wp-content\/uploads\/2025\/12\/NOCHEVIEJA-DANCER_page-0001-1-e1764956180930-1755x649.jpg",1755,649,true],"blossom-feminine-featured":["https:\/\/cafelapalma.com\/wp-content\/uploads\/2025\/12\/NOCHEVIEJA-DANCER_page-0001-1-e1764956180930-1410x600.jpg",1410,600,true],"blossom-feminine-with-sidebar":["https:\/\/cafelapalma.com\/wp-content\/uploads\/2025\/12\/NOCHEVIEJA-DANCER_page-0001-1-e1764956180930-1020x600.jpg",1020,600,true],"blossom-feminine-blog":["https:\/\/cafelapalma.com\/wp-content\/uploads\/2025\/12\/NOCHEVIEJA-DANCER_page-0001-1-e1764956180930-435x435.jpg",435,435,true],"blossom-feminine-cat":["https:\/\/cafelapalma.com\/wp-content\/uploads\/2025\/12\/NOCHEVIEJA-DANCER_page-0001-1-e1764956180930-450x300.jpg",450,300,true],"blossom-feminine-related":["https:\/\/cafelapalma.com\/wp-content\/uploads\/2025\/12\/NOCHEVIEJA-DANCER_page-0001-1-e1764956180930-320x200.jpg",320,200,true],"blossom-feminine-schema":["https:\/\/cafelapalma.com\/wp-content\/uploads\/2025\/12\/NOCHEVIEJA-DANCER_page-0001-1-e1764956180930-110x60.jpg",110,60,true]},"uagb_author_info":{"display_name":"Victor","author_link":"https:\/\/cafelapalma.com\/en\/author\/comunicacion\/"},"uagb_comment_info":0,"uagb_excerpt":"DANZER&nbsp; y CAF\u00c9 LA PALMA reciben el nuevo a\u00f1o a base de indie-dance, nu-disco y future-house, y de la mano de los residentes del colectivo, CALERO, KAMBOYA y LAFETTE. Una de las fiestas que m\u00e1s ha dado qu\u00e9 hablar esta temporada va a coronar el a\u00f1o como os merec\u00e9is, con uno de los mejores ambientes&hellip;","_links":{"self":[{"href":"https:\/\/cafelapalma.com\/en\/wp-json\/wp\/v2\/tribe_events\/32648","targetHints":{"allow":["GET"]}}],"collection":[{"href":"https:\/\/cafelapalma.com\/en\/wp-json\/wp\/v2\/tribe_events"}],"about":[{"href":"https:\/\/cafelapalma.com\/en\/wp-json\/wp\/v2\/types\/tribe_events"}],"author":[{"embeddable":true,"href":"https:\/\/cafelapalma.com\/en\/wp-json\/wp\/v2\/users\/2"}],"version-history":[{"count":0,"href":"https:\/\/cafelapalma.com\/en\/wp-json\/wp\/v2\/tribe_events\/32648\/revisions"}],"wp:featuredmedia":[{"embeddable":true,"href":"https:\/\/cafelapalma.com\/en\/wp-json\/wp\/v2\/media\/32649"}],"wp:attachment":[{"href":"https:\/\/cafelapalma.com\/en\/wp-json\/wp\/v2\/media?parent=32648"}],"wp:term":[{"taxonomy":"post_tag","embeddable":true,"href":"https:\/\/cafelapalma.com\/en\/wp-json\/wp\/v2\/tags?post=32648"},{"taxonomy":"tribe_events_cat","embeddable":true,"href":"https:\/\/cafelapalma.com\/en\/wp-json\/wp\/v2\/tribe_events_cat?post=32648"}],"curies":[{"name":"wp","href":"https:\/\/api.w.org\/{rel}","templated":true}]}}