{"id":32680,"date":"2025-12-10T09:11:13","date_gmt":"2025-12-10T08:11:13","guid":{"rendered":"https:\/\/cafelapalma.com\/?post_type=tribe_events&#038;p=32680"},"modified":"2026-01-05T19:00:36","modified_gmt":"2026-01-05T18:00:36","slug":"leones_en_escocia_alba_edison","status":"publish","type":"tribe_events","link":"https:\/\/cafelapalma.com\/en\/programacion\/leones_en_escocia_alba_edison\/","title":{"rendered":"LEONES EN ESCOCIA + ALBA EDISON"},"content":{"rendered":"<div  class=\"tribe-events-schedule tribe-clearfix\" >\n\t<p class=\"tribe-events-schedule__datetime\">\n\t\t<span class=\"tribe-events-schedule__date tribe-events-schedule__date--start\">\n\t\t\t9  January\t\t<\/span>\n\n\t\t\t\t\t<span class=\"tribe-events-schedule__separator tribe-events-schedule__separator--date\">\n\t\t\t\t@\t\t\t<\/span>\n\t\t\t<span class=\"tribe-events-schedule__time tribe-events-schedule__time--start\">\n\t\t\t\t21:00\t\t\t<\/span>\n\t\t\n\t\t\t\t\t\t\t\t\t<span class=\"tribe-events-schedule__separator tribe-events-schedule__separator--time\">\n\t\t\t\t\t&#8211;\t\t\t\t<\/span>\n\t\t\t\n\t\t\t\t\t\t\t<span class=\"tribe-events-schedule__time tribe-events-schedule__time--end\">\n\t\t\t\t\t23:45\t\t\t\t<\/span>\n\t\t\t\n\t\t\t\t\t\t<\/p>\n<\/div>\n\n\n<div  class=\"tribe-block tribe-block__event-price\" >\n\t\t\t<span class=\"tribe-block__event-price__cost\"> 12\u20ac <\/span>\n\t\t\t\t<span class=\"tribe-block__event-price__description\">+ gg Anticipada | 15\u20ac Taquilla<\/span>\n\t<\/div>\n\n\n\n<div style=\"height:100px\" aria-hidden=\"true\" class=\"wp-block-spacer\"><\/div>\n\n\n\n<div class=\"wp-block-columns is-layout-flex wp-container-core-columns-is-layout-8f761849 wp-block-columns-is-layout-flex\">\n<div class=\"wp-block-column is-layout-flow wp-block-column-is-layout-flow\" style=\"flex-basis:33.33%\">\n<figure class=\"wp-block-image size-large\"><img loading=\"lazy\" decoding=\"async\" width=\"735\" height=\"1040\" src=\"https:\/\/cafelapalma.com\/wp-content\/uploads\/2025\/12\/Copia-de-Cartel-Leones-en-Escocia-LA-PALMA-735x1040.jpg\" alt=\"\" class=\"wp-image-32681\" srcset=\"https:\/\/cafelapalma.com\/wp-content\/uploads\/2025\/12\/Copia-de-Cartel-Leones-en-Escocia-LA-PALMA-735x1040.jpg 735w, https:\/\/cafelapalma.com\/wp-content\/uploads\/2025\/12\/Copia-de-Cartel-Leones-en-Escocia-LA-PALMA-212x300.jpg 212w, https:\/\/cafelapalma.com\/wp-content\/uploads\/2025\/12\/Copia-de-Cartel-Leones-en-Escocia-LA-PALMA-768x1086.jpg 768w, https:\/\/cafelapalma.com\/wp-content\/uploads\/2025\/12\/Copia-de-Cartel-Leones-en-Escocia-LA-PALMA-1086x1536.jpg 1086w, https:\/\/cafelapalma.com\/wp-content\/uploads\/2025\/12\/Copia-de-Cartel-Leones-en-Escocia-LA-PALMA-8x12.jpg 8w, https:\/\/cafelapalma.com\/wp-content\/uploads\/2025\/12\/Copia-de-Cartel-Leones-en-Escocia-LA-PALMA-42x60.jpg 42w, https:\/\/cafelapalma.com\/wp-content\/uploads\/2025\/12\/Copia-de-Cartel-Leones-en-Escocia-LA-PALMA.jpg 1414w\" sizes=\"auto, (max-width: 735px) 100vw, 735px\" \/><\/figure>\n\n\n<div  class=\"tribe-block tribe-block__event-website\" >\n\t<a\n\t\thref=\"https:\/\/www.passline.com\/eventos\/leones-en-escocia-alba-edison\"\n\t\ttarget=\"_self\"\n\t\t\t>\n\t\tBUY TICKETS\t<\/a>\n<\/div>\n<\/div>\n\n\n\n<div class=\"wp-block-column is-layout-flow wp-block-column-is-layout-flow\" style=\"flex-basis:66.66%\">\n<div style=\"height:100px\" aria-hidden=\"true\" class=\"wp-block-spacer\"><\/div>\n\n\n\n<p class=\"has-text-align-left wp-block-paragraph\"><strong>Leones en Escocia<\/strong> es una banda hispanovenezolana de rock alternativo formada en Madrid en 2019. El proyecto naci\u00f3 tras el final del grupo previo de Maca (voz y guitarra) y Carlos Palao (bater\u00eda), dando lugar a una nueva etapa musical m\u00e1s introspectiva, pero tambi\u00e9n m\u00e1s cruda y en\u00e9rgica.&nbsp;<\/p>\n\n\n\n<p class=\"has-text-align-left wp-block-paragraph\">La formaci\u00f3n se termina de completar con Carmelo Hern\u00e1ndez (bajo y coros) y Let&nbsp; Arteaga, guitarrista venezolano con una amplia trayectoria en la banda de metal Candy66, con la que ha teloneado a referentes internacionales como Slipknot o Papa Roach. Su incorporaci\u00f3n ha reforzado la identidad multicultural del grupo y aportado una fuerza instrumental m\u00e1s pesada y contundente.<\/p>\n\n\n\n<p class=\"has-text-align-left wp-block-paragraph\">Leones en Escocia combina la intensidad del rock alternativo con letras po\u00e9ticas y atm\u00f3sferas profundas. Su propuesta se mueve entre la introspecci\u00f3n y la catarsis, buscando siempre una conexi\u00f3n aut\u00e9ntica con el p\u00fablico.<\/p>\n\n\n\n<p class=\"has-text-align-left wp-block-paragraph\"><\/p>\n\n\n\n<p class=\"has-text-align-right wp-block-paragraph\"><a href=\"https:\/\/open.spotify.com\/intl-es\/artist\/0Ka7IhOz3v7VTE0n0DSOZD\" target=\"_blank\" rel=\"noreferrer noopener\"><em>Listen to <\/em><strong>LEONES EN ESCOCIA <\/strong><em>in <\/em><strong>Spotify<\/strong><\/a><\/p>\n\n\n\n<p class=\"has-text-align-right wp-block-paragraph\"><a href=\"https:\/\/open.spotify.com\/intl-es\/artist\/6x271jycLeQMhMCMZZfFno?si=CgfV4TrmTme1tNrYlAX2HA\"><em>Listen to<\/em> <strong>ALBA EDISON <\/strong><em>in <\/em><strong>Spotify<\/strong><\/a><\/p>\n<\/div>\n<\/div>\n\n\n\n<div style=\"height:100px\" aria-hidden=\"true\" class=\"wp-block-spacer\"><\/div>\n\n\n\n<hr class=\"wp-block-separator has-alpha-channel-opacity\"\/>\n\n\n\n<div style=\"height:100px\" aria-hidden=\"true\" class=\"wp-block-spacer\"><\/div>\n\n\n<h2 class=\"tribe-block__related-events__title\">Related Events<\/h2>\n\n<ul  class=\"tribe-related-events tribe-clearfix\" >\n\t\t\t<li>\n\t\n<div class=\"tribe-related-events-thumbnail\">\n\t<a href=\"https:\/\/cafelapalma.com\/en\/programacion\/funkin-donuts\/\" class=\"url\" rel=\"bookmark\" tabindex=\"-1\" aria-hidden=\"true\"><img loading=\"lazy\" decoding=\"async\" width=\"693\" height=\"1040\" src=\"https:\/\/cafelapalma.com\/wp-content\/uploads\/2026\/07\/FD-vert2-bn-693x1040.jpg\" class=\"attachment-large size-large wp-post-image\" alt=\"\" \/><\/a>\n<\/div>\n\t<div class=\"tribe-related-event-info\">\n\t<h3 class=\"tribe-related-events-title\">\n\t\t<a href=\"https:\/\/cafelapalma.com\/en\/programacion\/funkin-donuts\/\" class=\"tribe-event-url\" rel=\"bookmark\">\n\t\t\tFUNKIN&#8217; DONUTS\t\t<\/a>\n\t<\/h3>\n\t<span class=\"tribe-event-date-start\">5  September@22:00<\/span><span class=\"tribe-event-time\">23:45<\/span><\/div>\n<\/li>\n\t\t\t<li>\n\t\n<div class=\"tribe-related-events-thumbnail\">\n\t<a href=\"https:\/\/cafelapalma.com\/en\/programacion\/backstage-le-petit-truffle-mayo\/\" class=\"url\" rel=\"bookmark\" tabindex=\"-1\" aria-hidden=\"true\"><img loading=\"lazy\" decoding=\"async\" width=\"780\" height=\"1040\" src=\"https:\/\/cafelapalma.com\/wp-content\/uploads\/2026\/07\/Imagen-TruffleMayo-LePetit-i-1-780x1040.png\" class=\"attachment-large size-large wp-post-image\" alt=\"\" \/><\/a>\n<\/div>\n\t<div class=\"tribe-related-event-info\">\n\t<h3 class=\"tribe-related-events-title\">\n\t\t<a href=\"https:\/\/cafelapalma.com\/en\/programacion\/backstage-le-petit-truffle-mayo\/\" class=\"tribe-event-url\" rel=\"bookmark\">\n\t\t\tBACKSTAGE: LE PETIT + TRUFFLE MAYO\t\t<\/a>\n\t<\/h3>\n\t<span class=\"tribe-event-date-start\">5  September@23:55<\/span><\/div>\n<\/li>\n\t\t\t<li>\n\t\n<div class=\"tribe-related-events-thumbnail\">\n\t<a href=\"https:\/\/cafelapalma.com\/en\/programacion\/willie-deville-concierto-benefico-x-venezuela\/\" class=\"url\" rel=\"bookmark\" tabindex=\"-1\" aria-hidden=\"true\"><img loading=\"lazy\" decoding=\"async\" width=\"1020\" height=\"531\" src=\"https:\/\/cafelapalma.com\/wp-content\/uploads\/2026\/08\/Willie-deville-1100x572-1-1040x541.jpg\" class=\"attachment-large size-large wp-post-image\" alt=\"\" \/><\/a>\n<\/div>\n\t<div class=\"tribe-related-event-info\">\n\t<h3 class=\"tribe-related-events-title\">\n\t\t<a href=\"https:\/\/cafelapalma.com\/en\/programacion\/willie-deville-concierto-benefico-x-venezuela\/\" class=\"tribe-event-url\" rel=\"bookmark\">\n\t\t\tWILLIE DEVILLE: CONCIERTO BEN\u00c9FICO X VENEZUELA\t\t<\/a>\n\t<\/h3>\n\t<span class=\"tribe-event-date-start\">6  September@21:00<\/span><span class=\"tribe-event-time\">23:45<\/span><\/div>\n<\/li>\n\t<\/ul>","protected":false},"excerpt":{"rendered":"<p>Leones en Escocia es una banda hispanovenezolana de rock alternativo formada en Madrid en 2019. El proyecto naci\u00f3 tras el final del grupo previo de Maca (voz y guitarra) y Carlos Palao (bater\u00eda), dando lugar a una nueva etapa musical m\u00e1s introspectiva, pero tambi\u00e9n m\u00e1s cruda y en\u00e9rgica.&nbsp; La formaci\u00f3n se termina de completar con &hellip; <\/p>","protected":false},"author":2,"featured_media":32682,"template":"","meta":{"_tec_requires_first_save":false,"_uag_custom_page_level_css":"","loftloader_page_shortcode":"","_EventAllDay":false,"_EventTimezone":"Europe\/Madrid","_EventStartDate":"2026-01-09 21:00:00","_EventEndDate":"2026-01-09 23:45:00","_EventStartDateUTC":"2026-01-09 20:00:00","_EventEndDateUTC":"2026-01-09 22:45:00","_EventShowMap":false,"_EventShowMapLink":false,"_EventURL":"https:\/\/www.passline.com\/eventos\/leones-en-escocia-alba-edison","_EventCost":"12","_EventCostDescription":"","_EventCurrencySymbol":"\u20ac","_EventCurrencyCode":"USD","_EventCurrencyPosition":"suffix","_EventDateTimeSeparator":"@","_EventTimeRangeSeparator":"-","_EventOrganizerID":[],"_EventVenueID":[],"_OrganizerEmail":"","_OrganizerPhone":"","_OrganizerWebsite":"","_VenueAddress":"","_VenueCity":"","_VenueCountry":"","_VenueProvince":"","_VenueState":"","_VenueZip":"","_VenuePhone":"","_VenueURL":"","_VenueStateProvince":"","_VenueLat":"","_VenueLng":"","_VenueShowMap":false,"_VenueShowMapLink":false,"_tribe_blocks_recurrence_rules":"","_tribe_blocks_recurrence_description":"","_tribe_blocks_recurrence_exclusions":"","_ecp_custom_2":"","_tribe_events_status":"","_tribe_events_status_reason":"","_tribe_events_is_hybrid":"","_tribe_events_is_virtual":"","_tribe_events_virtual_video_source":"","_tribe_events_virtual_embed_video":"","_tribe_events_virtual_linked_button_text":"","_tribe_events_virtual_linked_button":"","_tribe_events_virtual_show_embed_at":"","_tribe_events_virtual_show_embed_to":[],"_tribe_events_virtual_show_on_event":"","_tribe_events_virtual_show_on_views":"","_tribe_events_virtual_url":"","footnotes":""},"tags":[18147,1363,2865,9147,9146,8970,14050,9164,9959],"tribe_events_cat":[8963],"class_list":["post-32680","tribe_events","type-tribe_events","status-publish","has-post-thumbnail","hentry","tag-alba-edison","tag-cafe-la-palma","tag-conciertos-cafe-la-palma","tag-conciertos-madrid","tag-conciertos-malasana","tag-indie","tag-leones-en-escocia","tag-pop-rock-2","tag-rock-alternativo","tribe_events_cat-concierto","cat_concierto"],"uagb_featured_image_src":{"full":["https:\/\/cafelapalma.com\/wp-content\/uploads\/2025\/12\/Copia-de-Cartel-Leones-en-Escocia-LA-PALMA-1.jpg",1414,2000,false],"thumbnail":["https:\/\/cafelapalma.com\/wp-content\/uploads\/2025\/12\/Copia-de-Cartel-Leones-en-Escocia-LA-PALMA-1-150x150.jpg",150,150,true],"medium":["https:\/\/cafelapalma.com\/wp-content\/uploads\/2025\/12\/Copia-de-Cartel-Leones-en-Escocia-LA-PALMA-1-212x300.jpg",212,300,true],"medium_large":["https:\/\/cafelapalma.com\/wp-content\/uploads\/2025\/12\/Copia-de-Cartel-Leones-en-Escocia-LA-PALMA-1-768x1086.jpg",768,1086,true],"large":["https:\/\/cafelapalma.com\/wp-content\/uploads\/2025\/12\/Copia-de-Cartel-Leones-en-Escocia-LA-PALMA-1-735x1040.jpg",735,1040,true],"1536x1536":["https:\/\/cafelapalma.com\/wp-content\/uploads\/2025\/12\/Copia-de-Cartel-Leones-en-Escocia-LA-PALMA-1-1086x1536.jpg",1086,1536,true],"2048x2048":["https:\/\/cafelapalma.com\/wp-content\/uploads\/2025\/12\/Copia-de-Cartel-Leones-en-Escocia-LA-PALMA-1.jpg",1414,2000,false],"trp-custom-language-flag":["https:\/\/cafelapalma.com\/wp-content\/uploads\/2025\/12\/Copia-de-Cartel-Leones-en-Escocia-LA-PALMA-1-8x12.jpg",8,12,true],"blossom-feminine-slider":["https:\/\/cafelapalma.com\/wp-content\/uploads\/2025\/12\/Copia-de-Cartel-Leones-en-Escocia-LA-PALMA-1-1414x649.jpg",1414,649,true],"blossom-feminine-featured":["https:\/\/cafelapalma.com\/wp-content\/uploads\/2025\/12\/Copia-de-Cartel-Leones-en-Escocia-LA-PALMA-1-1410x600.jpg",1410,600,true],"blossom-feminine-with-sidebar":["https:\/\/cafelapalma.com\/wp-content\/uploads\/2025\/12\/Copia-de-Cartel-Leones-en-Escocia-LA-PALMA-1-1020x600.jpg",1020,600,true],"blossom-feminine-blog":["https:\/\/cafelapalma.com\/wp-content\/uploads\/2025\/12\/Copia-de-Cartel-Leones-en-Escocia-LA-PALMA-1-435x435.jpg",435,435,true],"blossom-feminine-cat":["https:\/\/cafelapalma.com\/wp-content\/uploads\/2025\/12\/Copia-de-Cartel-Leones-en-Escocia-LA-PALMA-1-450x300.jpg",450,300,true],"blossom-feminine-related":["https:\/\/cafelapalma.com\/wp-content\/uploads\/2025\/12\/Copia-de-Cartel-Leones-en-Escocia-LA-PALMA-1-320x200.jpg",320,200,true],"blossom-feminine-schema":["https:\/\/cafelapalma.com\/wp-content\/uploads\/2025\/12\/Copia-de-Cartel-Leones-en-Escocia-LA-PALMA-1-42x60.jpg",42,60,true]},"uagb_author_info":{"display_name":"Victor","author_link":"https:\/\/cafelapalma.com\/en\/author\/comunicacion\/"},"uagb_comment_info":0,"uagb_excerpt":"Leones en Escocia es una banda hispanovenezolana de rock alternativo formada en Madrid en 2019. El proyecto naci\u00f3 tras el final del grupo previo de Maca (voz y guitarra) y Carlos Palao (bater\u00eda), dando lugar a una nueva etapa musical m\u00e1s introspectiva, pero tambi\u00e9n m\u00e1s cruda y en\u00e9rgica.&nbsp; La formaci\u00f3n se termina de completar con&hellip;","_links":{"self":[{"href":"https:\/\/cafelapalma.com\/en\/wp-json\/wp\/v2\/tribe_events\/32680","targetHints":{"allow":["GET"]}}],"collection":[{"href":"https:\/\/cafelapalma.com\/en\/wp-json\/wp\/v2\/tribe_events"}],"about":[{"href":"https:\/\/cafelapalma.com\/en\/wp-json\/wp\/v2\/types\/tribe_events"}],"author":[{"embeddable":true,"href":"https:\/\/cafelapalma.com\/en\/wp-json\/wp\/v2\/users\/2"}],"version-history":[{"count":0,"href":"https:\/\/cafelapalma.com\/en\/wp-json\/wp\/v2\/tribe_events\/32680\/revisions"}],"wp:featuredmedia":[{"embeddable":true,"href":"https:\/\/cafelapalma.com\/en\/wp-json\/wp\/v2\/media\/32682"}],"wp:attachment":[{"href":"https:\/\/cafelapalma.com\/en\/wp-json\/wp\/v2\/media?parent=32680"}],"wp:term":[{"taxonomy":"post_tag","embeddable":true,"href":"https:\/\/cafelapalma.com\/en\/wp-json\/wp\/v2\/tags?post=32680"},{"taxonomy":"tribe_events_cat","embeddable":true,"href":"https:\/\/cafelapalma.com\/en\/wp-json\/wp\/v2\/tribe_events_cat?post=32680"}],"curies":[{"name":"wp","href":"https:\/\/api.w.org\/{rel}","templated":true}]}}