{"id":32816,"date":"2025-12-23T09:44:18","date_gmt":"2025-12-23T08:44:18","guid":{"rendered":"https:\/\/cafelapalma.com\/?post_type=tribe_events&#038;p=32816"},"modified":"2025-12-23T10:59:25","modified_gmt":"2025-12-23T09:59:25","slug":"reboot-elvis-christ-felso-luiser","status":"publish","type":"tribe_events","link":"https:\/\/cafelapalma.com\/en\/programacion\/reboot-elvis-christ-felso-luiser\/","title":{"rendered":"REBOOT: ELVIS CHRIST + FELSO + LUISER"},"content":{"rendered":"<div  class=\"tribe-events-schedule tribe-clearfix\" >\n\t<p class=\"tribe-events-schedule__datetime\">\n\t\t<span class=\"tribe-events-schedule__date tribe-events-schedule__date--start\">\n\t\t\t2  January\t\t<\/span>\n\n\t\t\t\t\t<span class=\"tribe-events-schedule__separator tribe-events-schedule__separator--date\">\n\t\t\t\t@\t\t\t<\/span>\n\t\t\t<span class=\"tribe-events-schedule__time tribe-events-schedule__time--start\">\n\t\t\t\t23:55\t\t\t<\/span>\n\t\t\n\t\t\t<\/p>\n<\/div>\n\n\n\n<p class=\"wp-block-paragraph\"><\/p>\n\n\n<div  class=\"tribe-block tribe-block__event-price\" >\n\t\t\t<span class=\"tribe-block__event-price__cost\"> ENTRADA LIBRE <\/span>\n\t\t\t\t<span class=\"tribe-block__event-price__description\">hasta la 01:00 | 13\u20ac taquilla de 01:00 a 03:00 (incluye UNA COPA o DOS CERVEZAS) | 15\u20ac taquilla de 03:00 a cierre (incluye UNA COPA).<\/span>\n\t<\/div>\n\n\n\n<div style=\"height:100px\" aria-hidden=\"true\" class=\"wp-block-spacer\"><\/div>\n\n\n\n<div class=\"wp-block-columns is-layout-flex wp-container-core-columns-is-layout-8f761849 wp-block-columns-is-layout-flex\">\n<div class=\"wp-block-column is-layout-flow wp-block-column-is-layout-flow\" style=\"flex-basis:100%\">\n<div class=\"wp-block-uagb-container uagb-block-50d9475e alignfull uagb-is-root-container\"><div class=\"uagb-container-inner-blocks-wrap\">\n<div class=\"wp-block-columns is-layout-flex wp-container-core-columns-is-layout-8f761849 wp-block-columns-is-layout-flex\">\n<div class=\"wp-block-column is-layout-flow wp-block-column-is-layout-flow\" style=\"flex-basis:33.33%\">\n<figure class=\"wp-block-image size-large\"><img loading=\"lazy\" decoding=\"async\" width=\"736\" height=\"1040\" src=\"https:\/\/cafelapalma.com\/wp-content\/uploads\/2025\/12\/Reboot-By-Onirum-764x1080-1-736x1040.png\" alt=\"\" class=\"wp-image-32817\" srcset=\"https:\/\/cafelapalma.com\/wp-content\/uploads\/2025\/12\/Reboot-By-Onirum-764x1080-1-736x1040.png 736w, https:\/\/cafelapalma.com\/wp-content\/uploads\/2025\/12\/Reboot-By-Onirum-764x1080-1-212x300.png 212w, https:\/\/cafelapalma.com\/wp-content\/uploads\/2025\/12\/Reboot-By-Onirum-764x1080-1-8x12.png 8w, https:\/\/cafelapalma.com\/wp-content\/uploads\/2025\/12\/Reboot-By-Onirum-764x1080-1-42x60.png 42w, https:\/\/cafelapalma.com\/wp-content\/uploads\/2025\/12\/Reboot-By-Onirum-764x1080-1.png 764w\" sizes=\"auto, (max-width: 736px) 100vw, 736px\" \/><\/figure>\n\n\n<\/div>\n\n\n\n<div class=\"wp-block-column is-layout-flow wp-block-column-is-layout-flow\" style=\"flex-basis:66.66%\">\n<div style=\"height:100px\" aria-hidden=\"true\" class=\"wp-block-spacer\"><\/div>\n\n\n\n<p class=\"has-text-align-left wp-block-paragraph\"><strong>REBOOT<\/strong>&nbsp;parte de una premisa simple y poderosa:&nbsp;Cada a\u00f1o es un sistema que reinicia, y nosotros tambi\u00e9n.<\/p>\n\n\n\n<p class=\"has-text-align-left wp-block-paragraph\">La primera fiesta del a\u00f1o del colectivo musical \u201cOnirum\u201d, en Caf\u00e9 La Palma, se convierte en ese instante suspendido en el que el sistema vuelve a arrancar. Es el momento donde todo est\u00e1 limpio, fresco, disponible. Un lienzo vac\u00edo. Un c\u00f3digo sin errores. Una memoria reci\u00e9n liberada. Un nuevo ciclo cargando.<\/p>\n\n\n\n<p class=\"has-text-align-left wp-block-paragraph\">La m\u00fasica funciona como el lenguaje que acompa\u00f1a este reinicio: comienza m\u00e1s suave, introspectiva, con sensaciones de arranque\u2026 y luego se expande, se acelera, se abre hacia lo ilimitado.<\/p>\n\n\n\n<p class=\"has-text-align-left wp-block-paragraph\">Al cruzar la entrada, todos los que entran son parte de una gran actualizaci\u00f3n colectiva, un ritual de reinicio donde el cuerpo, la mente y la energ\u00eda se sincronizan para comenzar el a\u00f1o. La narrativa imagina al p\u00fablico como un conjunto de sistemas que se reactivan simult\u00e1neamente, conectados en red. Cada beat es una se\u00f1al el\u00e9ctrica que despierta algo. Cada transici\u00f3n es un proceso interno de actualizaci\u00f3n.&nbsp;<\/p>\n\n\n\n<p class=\"has-text-align-left wp-block-paragraph\"><strong>ELVIS CHRIST<\/strong>&nbsp;es un Dj y productor con m\u00e1s de una d\u00e9cada de trayectoria, nacido en&nbsp;Los Andes&nbsp;venezolanos. Su sonido explora las vertientes m\u00e1s puristas del techno, sumergi\u00e9ndose en el hypnotic &amp; raw, el detroit techno y el hard groove.<\/p>\n\n\n\n<p class=\"has-text-align-left wp-block-paragraph\"><strong>FELSO<\/strong>&nbsp;es un Dj de Santiago de Chile que se caracteriza por una habilidad \u00fanica para fusionar g\u00e9neros mel\u00f3dicos y energ\u00e9ticos, creando un sonido din\u00e1mico que invita a sumergirse en una experiencia sonora envolvente. Su estilo combina principalmente la armon\u00eda del melodic techno\/house, la profundidad del progressive house y la frescura ecl\u00e9ctica del indie dance y dark disco, con percusiones marcadas que son el coraz\u00f3n de su propuesta.<\/p>\n\n\n\n<p class=\"has-text-align-left wp-block-paragraph\"><strong>LUISER<\/strong>&nbsp;(Luis Serradas), con m\u00e1s de 13 a\u00f1os de experiencia, inici\u00f3 su camino musical en Venezuela a los 17 a\u00f1os, bajo la mentor\u00eda directa de su primo PanchoKlout. Hered\u00f3 de \u00e9l la pasi\u00f3n por el vinilo e incorpor\u00f3 ese arte en sus propias presentaciones, aunque tambi\u00e9n experimenta con formatos digitales seg\u00fan el mood y la energ\u00eda del momento.<\/p>\n\n\n\n<p class=\"has-text-align-right wp-block-paragraph\"><em><a href=\"https:\/\/www.instagram.com\/onirum_\/\">Sigue a <\/a><\/em><strong><a href=\"https:\/\/www.instagram.com\/onirum_\/\">ONIRUM <\/a><\/strong><em><a href=\"https:\/\/www.instagram.com\/onirum_\/\">in <\/a><\/em><strong><a href=\"https:\/\/www.instagram.com\/onirum_\/\">Instagram<\/a><\/strong><\/p>\n<\/div>\n<\/div>\n<\/div><\/div>\n<\/div>\n<\/div>\n\n\n\n<div style=\"height:100px\" aria-hidden=\"true\" class=\"wp-block-spacer\"><\/div>\n\n\n<h2 class=\"tribe-block__related-events__title\">Related Events<\/h2>\n\n<ul  class=\"tribe-related-events tribe-clearfix\" >\n\t\t\t<li>\n\t\n<div class=\"tribe-related-events-thumbnail\">\n\t<a href=\"https:\/\/cafelapalma.com\/en\/programacion\/funkin-donuts\/\" class=\"url\" rel=\"bookmark\" tabindex=\"-1\" aria-hidden=\"true\"><img loading=\"lazy\" decoding=\"async\" width=\"693\" height=\"1040\" src=\"https:\/\/cafelapalma.com\/wp-content\/uploads\/2026\/07\/FD-vert2-bn-693x1040.jpg\" class=\"attachment-large size-large wp-post-image\" alt=\"\" \/><\/a>\n<\/div>\n\t<div class=\"tribe-related-event-info\">\n\t<h3 class=\"tribe-related-events-title\">\n\t\t<a href=\"https:\/\/cafelapalma.com\/en\/programacion\/funkin-donuts\/\" class=\"tribe-event-url\" rel=\"bookmark\">\n\t\t\tFUNKIN&#8217; DONUTS\t\t<\/a>\n\t<\/h3>\n\t<span class=\"tribe-event-date-start\">5  September@22:00<\/span><span class=\"tribe-event-time\">23:45<\/span><\/div>\n<\/li>\n\t\t\t<li>\n\t\n<div class=\"tribe-related-events-thumbnail\">\n\t<a href=\"https:\/\/cafelapalma.com\/en\/programacion\/backstage-le-petit-truffle-mayo\/\" class=\"url\" rel=\"bookmark\" tabindex=\"-1\" aria-hidden=\"true\"><img loading=\"lazy\" decoding=\"async\" width=\"780\" height=\"1040\" src=\"https:\/\/cafelapalma.com\/wp-content\/uploads\/2026\/07\/Imagen-TruffleMayo-LePetit-i-1-780x1040.png\" class=\"attachment-large size-large wp-post-image\" alt=\"\" \/><\/a>\n<\/div>\n\t<div class=\"tribe-related-event-info\">\n\t<h3 class=\"tribe-related-events-title\">\n\t\t<a href=\"https:\/\/cafelapalma.com\/en\/programacion\/backstage-le-petit-truffle-mayo\/\" class=\"tribe-event-url\" rel=\"bookmark\">\n\t\t\tBACKSTAGE: LE PETIT + TRUFFLE MAYO\t\t<\/a>\n\t<\/h3>\n\t<span class=\"tribe-event-date-start\">5  September@23:55<\/span><\/div>\n<\/li>\n\t\t\t<li>\n\t\n<div class=\"tribe-related-events-thumbnail\">\n\t<a href=\"https:\/\/cafelapalma.com\/en\/programacion\/willie-deville-concierto-benefico-x-venezuela\/\" class=\"url\" rel=\"bookmark\" tabindex=\"-1\" aria-hidden=\"true\"><img loading=\"lazy\" decoding=\"async\" width=\"1020\" height=\"531\" src=\"https:\/\/cafelapalma.com\/wp-content\/uploads\/2026\/08\/Willie-deville-1100x572-1-1040x541.jpg\" class=\"attachment-large size-large wp-post-image\" alt=\"\" \/><\/a>\n<\/div>\n\t<div class=\"tribe-related-event-info\">\n\t<h3 class=\"tribe-related-events-title\">\n\t\t<a href=\"https:\/\/cafelapalma.com\/en\/programacion\/willie-deville-concierto-benefico-x-venezuela\/\" class=\"tribe-event-url\" rel=\"bookmark\">\n\t\t\tWILLIE DEVILLE: CONCIERTO BEN\u00c9FICO X VENEZUELA\t\t<\/a>\n\t<\/h3>\n\t<span class=\"tribe-event-date-start\">6  September@21:00<\/span><span class=\"tribe-event-time\">23:45<\/span><\/div>\n<\/li>\n\t<\/ul>","protected":false},"excerpt":{"rendered":"<p>REBOOT&nbsp;parte de una premisa simple y poderosa:&nbsp;Cada a\u00f1o es un sistema que reinicia, y nosotros tambi\u00e9n. La primera fiesta del a\u00f1o del colectivo musical \u201cOnirum\u201d, en Caf\u00e9 La Palma, se convierte en ese instante suspendido en el que el sistema vuelve a arrancar. Es el momento donde todo est\u00e1 limpio, fresco, disponible. Un lienzo vac\u00edo. &hellip; <\/p>","protected":false},"author":2,"featured_media":32817,"template":"","meta":{"_tec_requires_first_save":false,"_uag_custom_page_level_css":"","loftloader_page_shortcode":"","_EventAllDay":false,"_EventTimezone":"Europe\/Madrid","_EventStartDate":"2026-01-02 23:55:00","_EventEndDate":"2026-01-02 23:55:00","_EventStartDateUTC":"2026-01-02 22:55:00","_EventEndDateUTC":"2026-01-02 22:55:00","_EventShowMap":false,"_EventShowMapLink":false,"_EventURL":"","_EventCost":"ENTRADA LIBRE","_EventCostDescription":"","_EventCurrencySymbol":"\u20ac","_EventCurrencyCode":"USD","_EventCurrencyPosition":"suffix","_EventDateTimeSeparator":"@","_EventTimeRangeSeparator":"-","_EventOrganizerID":[],"_EventVenueID":[],"_OrganizerEmail":"","_OrganizerPhone":"","_OrganizerWebsite":"","_VenueAddress":"","_VenueCity":"","_VenueCountry":"","_VenueProvince":"","_VenueState":"","_VenueZip":"","_VenuePhone":"","_VenueURL":"","_VenueStateProvince":"","_VenueLat":"","_VenueLng":"","_VenueShowMap":false,"_VenueShowMapLink":false,"_tribe_blocks_recurrence_rules":"","_tribe_blocks_recurrence_description":"","_tribe_blocks_recurrence_exclusions":"","_ecp_custom_2":"","_tribe_events_status":"","_tribe_events_status_reason":"","_tribe_events_is_hybrid":"","_tribe_events_is_virtual":"","_tribe_events_virtual_video_source":"","_tribe_events_virtual_embed_video":"","_tribe_events_virtual_linked_button_text":"","_tribe_events_virtual_linked_button":"","_tribe_events_virtual_show_embed_at":"","_tribe_events_virtual_show_embed_to":[],"_tribe_events_virtual_show_on_event":"","_tribe_events_virtual_show_on_views":"","_tribe_events_virtual_url":"","footnotes":""},"tags":[1363,9225,2865,9147,9146,9226,9227,1357,17801,17800,14941,9549,18173,18182,18181],"tribe_events_cat":[8964],"class_list":["post-32816","tribe_events","type-tribe_events","status-publish","has-post-thumbnail","hentry","tag-cafe-la-palma","tag-cafe-la-palma-clubbing","tag-conciertos-cafe-la-palma","tag-conciertos-madrid","tag-conciertos-malasana","tag-djs-madrid","tag-djs-malasana","tag-electronica","tag-elvis-christ","tag-felso","tag-hard-groove","tag-indie-dance","tag-luiser","tag-onirium","tag-reboot","tribe_events_cat-clubbing","cat_clubbing"],"uagb_featured_image_src":{"full":["https:\/\/cafelapalma.com\/wp-content\/uploads\/2025\/12\/Reboot-By-Onirum-764x1080-1.png",764,1080,false],"thumbnail":["https:\/\/cafelapalma.com\/wp-content\/uploads\/2025\/12\/Reboot-By-Onirum-764x1080-1-150x150.png",150,150,true],"medium":["https:\/\/cafelapalma.com\/wp-content\/uploads\/2025\/12\/Reboot-By-Onirum-764x1080-1-212x300.png",212,300,true],"medium_large":["https:\/\/cafelapalma.com\/wp-content\/uploads\/2025\/12\/Reboot-By-Onirum-764x1080-1.png",764,1080,false],"large":["https:\/\/cafelapalma.com\/wp-content\/uploads\/2025\/12\/Reboot-By-Onirum-764x1080-1-736x1040.png",736,1040,true],"1536x1536":["https:\/\/cafelapalma.com\/wp-content\/uploads\/2025\/12\/Reboot-By-Onirum-764x1080-1.png",764,1080,false],"2048x2048":["https:\/\/cafelapalma.com\/wp-content\/uploads\/2025\/12\/Reboot-By-Onirum-764x1080-1.png",764,1080,false],"trp-custom-language-flag":["https:\/\/cafelapalma.com\/wp-content\/uploads\/2025\/12\/Reboot-By-Onirum-764x1080-1-8x12.png",8,12,true],"blossom-feminine-slider":["https:\/\/cafelapalma.com\/wp-content\/uploads\/2025\/12\/Reboot-By-Onirum-764x1080-1-764x649.png",764,649,true],"blossom-feminine-featured":["https:\/\/cafelapalma.com\/wp-content\/uploads\/2025\/12\/Reboot-By-Onirum-764x1080-1-764x600.png",764,600,true],"blossom-feminine-with-sidebar":["https:\/\/cafelapalma.com\/wp-content\/uploads\/2025\/12\/Reboot-By-Onirum-764x1080-1-764x600.png",764,600,true],"blossom-feminine-blog":["https:\/\/cafelapalma.com\/wp-content\/uploads\/2025\/12\/Reboot-By-Onirum-764x1080-1-435x435.png",435,435,true],"blossom-feminine-cat":["https:\/\/cafelapalma.com\/wp-content\/uploads\/2025\/12\/Reboot-By-Onirum-764x1080-1-450x300.png",450,300,true],"blossom-feminine-related":["https:\/\/cafelapalma.com\/wp-content\/uploads\/2025\/12\/Reboot-By-Onirum-764x1080-1-320x200.png",320,200,true],"blossom-feminine-schema":["https:\/\/cafelapalma.com\/wp-content\/uploads\/2025\/12\/Reboot-By-Onirum-764x1080-1-42x60.png",42,60,true]},"uagb_author_info":{"display_name":"Victor","author_link":"https:\/\/cafelapalma.com\/en\/author\/comunicacion\/"},"uagb_comment_info":0,"uagb_excerpt":"REBOOT&nbsp;parte de una premisa simple y poderosa:&nbsp;Cada a\u00f1o es un sistema que reinicia, y nosotros tambi\u00e9n. La primera fiesta del a\u00f1o del colectivo musical \u201cOnirum\u201d, en Caf\u00e9 La Palma, se convierte en ese instante suspendido en el que el sistema vuelve a arrancar. Es el momento donde todo est\u00e1 limpio, fresco, disponible. Un lienzo vac\u00edo.&hellip;","_links":{"self":[{"href":"https:\/\/cafelapalma.com\/en\/wp-json\/wp\/v2\/tribe_events\/32816","targetHints":{"allow":["GET"]}}],"collection":[{"href":"https:\/\/cafelapalma.com\/en\/wp-json\/wp\/v2\/tribe_events"}],"about":[{"href":"https:\/\/cafelapalma.com\/en\/wp-json\/wp\/v2\/types\/tribe_events"}],"author":[{"embeddable":true,"href":"https:\/\/cafelapalma.com\/en\/wp-json\/wp\/v2\/users\/2"}],"version-history":[{"count":0,"href":"https:\/\/cafelapalma.com\/en\/wp-json\/wp\/v2\/tribe_events\/32816\/revisions"}],"wp:featuredmedia":[{"embeddable":true,"href":"https:\/\/cafelapalma.com\/en\/wp-json\/wp\/v2\/media\/32817"}],"wp:attachment":[{"href":"https:\/\/cafelapalma.com\/en\/wp-json\/wp\/v2\/media?parent=32816"}],"wp:term":[{"taxonomy":"post_tag","embeddable":true,"href":"https:\/\/cafelapalma.com\/en\/wp-json\/wp\/v2\/tags?post=32816"},{"taxonomy":"tribe_events_cat","embeddable":true,"href":"https:\/\/cafelapalma.com\/en\/wp-json\/wp\/v2\/tribe_events_cat?post=32816"}],"curies":[{"name":"wp","href":"https:\/\/api.w.org\/{rel}","templated":true}]}}