{"id":32859,"date":"2025-12-26T11:21:09","date_gmt":"2025-12-26T10:21:09","guid":{"rendered":"https:\/\/cafelapalma.com\/?post_type=tribe_events&#038;p=32859"},"modified":"2026-01-04T10:40:01","modified_gmt":"2026-01-04T09:40:01","slug":"madrid-meets-mallorca-mi-ro-adam-fitz-type-p","status":"publish","type":"tribe_events","link":"https:\/\/cafelapalma.com\/en\/programacion\/madrid-meets-mallorca-mi-ro-adam-fitz-type-p\/","title":{"rendered":"MADRID MEETS MALLORCA: MI.RO + ADAM FITZ + TYPE P"},"content":{"rendered":"<div  class=\"tribe-events-schedule tribe-clearfix\" >\n\t<p class=\"tribe-events-schedule__datetime\">\n\t\t<span class=\"tribe-events-schedule__date tribe-events-schedule__date--start\">\n\t\t\t30  January\t\t<\/span>\n\n\t\t\t\t\t<span class=\"tribe-events-schedule__separator tribe-events-schedule__separator--date\">\n\t\t\t\t@\t\t\t<\/span>\n\t\t\t<span class=\"tribe-events-schedule__time tribe-events-schedule__time--start\">\n\t\t\t\t23:55\t\t\t<\/span>\n\t\t\n\t\t\t<\/p>\n<\/div>\n\n\n<div  class=\"tribe-block tribe-block__event-price\" >\n\t\t\t<span class=\"tribe-block__event-price__cost\"> 12\u20ac <\/span>\n\t\t\t\t<span class=\"tribe-block__event-price__description\">Taquilla de 00:00 a 01:30 | 15\u20ac Taquilla de 01:30 a 03:00 | 16\u20ac de 03:00 a 05:30 (todos los tramos incluyen UNA COPA)<\/span>\n\t<\/div>\n\n\n\n<div style=\"height:100px\" aria-hidden=\"true\" class=\"wp-block-spacer\"><\/div>\n\n\n\n<div class=\"wp-block-columns is-layout-flex wp-container-core-columns-is-layout-8f761849 wp-block-columns-is-layout-flex\">\n<div class=\"wp-block-column is-layout-flow wp-block-column-is-layout-flow\" style=\"flex-basis:33.33%\">\n<figure class=\"wp-block-image size-large\"><img loading=\"lazy\" decoding=\"async\" width=\"830\" height=\"1040\" src=\"https:\/\/cafelapalma.com\/wp-content\/uploads\/2025\/12\/WhatsApp-Image-2025-12-19-at-19.03.32-830x1040.jpeg\" alt=\"\" class=\"wp-image-32860\" srcset=\"https:\/\/cafelapalma.com\/wp-content\/uploads\/2025\/12\/WhatsApp-Image-2025-12-19-at-19.03.32-830x1040.jpeg 830w, https:\/\/cafelapalma.com\/wp-content\/uploads\/2025\/12\/WhatsApp-Image-2025-12-19-at-19.03.32-239x300.jpeg 239w, https:\/\/cafelapalma.com\/wp-content\/uploads\/2025\/12\/WhatsApp-Image-2025-12-19-at-19.03.32-768x962.jpeg 768w, https:\/\/cafelapalma.com\/wp-content\/uploads\/2025\/12\/WhatsApp-Image-2025-12-19-at-19.03.32-10x12.jpeg 10w, https:\/\/cafelapalma.com\/wp-content\/uploads\/2025\/12\/WhatsApp-Image-2025-12-19-at-19.03.32-48x60.jpeg 48w, https:\/\/cafelapalma.com\/wp-content\/uploads\/2025\/12\/WhatsApp-Image-2025-12-19-at-19.03.32.jpeg 898w\" sizes=\"auto, (max-width: 830px) 100vw, 830px\" \/><\/figure>\n<\/div>\n\n\n\n<div class=\"wp-block-column is-layout-flow wp-block-column-is-layout-flow\" style=\"flex-basis:66.66%\">\n<div style=\"height:100px\" aria-hidden=\"true\" class=\"wp-block-spacer\"><\/div>\n\n\n\n<p class=\"has-text-align-left wp-block-paragraph\"><strong>MI.RO<\/strong>&nbsp;es el proyecto paralelo del veterano DJ y productor&nbsp;Fernando Gull\u00f3n,&nbsp;enfant terrible&nbsp;de la escena espa\u00f1ola. Durante toda su carrera ha publicado trabajos en sellos discogr\u00e1ficos nacionales e internacionales como&nbsp;Rotten City,&nbsp;Spa In Disco,&nbsp;Bo\u00eete,&nbsp;Espacio Cielo,&nbsp;Nein,&nbsp;La Volta Ros,&nbsp;Critical Mondays&nbsp;o&nbsp;Paradise Children. En 2021 public\u00f3 dos EP\u2019s junto&nbsp;<strong>Yula Kasp<\/strong>&nbsp;en&nbsp;Dischi Autunno&nbsp;(subsello de&nbsp;Correspondant) con remixes de&nbsp;<strong>Nadia D\u2019Alo<\/strong>&nbsp;(Hivern Discs),&nbsp;<strong>Mogambo&nbsp;<\/strong>(Dischi Autunno) y&nbsp;<strong>Curses<\/strong>, adem\u00e1s de nuevos Eps y su \u00e1lbum de debut.<\/p>\n\n\n\n<p class=\"has-text-align-left wp-block-paragraph\"><strong>Adam<\/strong> <strong>Fitz<\/strong>: Nacido de la cultura underground de los clubes y la escena mel\u00f3dica. Las sesiones musicales se desarrollan como narrativas m\u00e1s que como actuaciones. El house mel\u00f3dico y el techno profundo e hipn\u00f3tico dan forma a un sonido impulsado por el groove, la tensi\u00f3n y la atm\u00f3sfera. Cada sesi\u00f3n se basa en el contexto, guiada por el espacio, la luz y el movimiento colectivo. Las pistas se seleccionan y mezclan para conducir el viaje hacia adelante. Ritmo, textura y progresi\u00f3n.<\/p>\n\n\n\n<p class=\"has-text-align-left wp-block-paragraph\"><strong>Type P <\/strong>desarrolla un sonido que se mueve entre electro, bass breaks y trance y house de inspiraci\u00f3n noventera, con un enfoque claro en lo hipn\u00f3tico y lo funcional. Sus sets no buscan difuminar los g\u00e9neros, sino transitar con intenci\u00f3n entre ellos, pasando de paisajes atmosf\u00e9ricos propios del after hours a tracks dise\u00f1ados con precisi\u00f3n para el club.<\/p>\n\n\n\n<p class=\"has-text-align-right wp-block-paragraph\"><a href=\"https:\/\/www.instagram.com\/mi.ro_muzic\/\" target=\"_blank\" rel=\"noreferrer noopener\"><em>Sigue a<\/em> <strong>MI.RO<\/strong> <em>in <\/em><strong>Instagram<\/strong>.<\/a><\/p>\n\n\n\n<p class=\"has-text-align-right wp-block-paragraph\"><a href=\"https:\/\/www.instagram.com\/adamfitzmusik\/\" target=\"_blank\" rel=\"noreferrer noopener\"><em>Sigue a<\/em> <strong>ADAM FITZ<\/strong> <em>in <\/em><strong>Instagram<\/strong><\/a><a href=\"https:\/\/www.instagram.com\/mi.ro_muzic\/\">.<\/a><\/p>\n\n\n\n<p class=\"has-text-align-right wp-block-paragraph\"><a href=\"https:\/\/www.instagram.com\/type__p\/\"><em>Sigue a<\/em> <strong>TYPE P<\/strong> <em>in <\/em><strong>Instagram<\/strong>.<\/a><\/p>\n<\/div>\n<\/div>\n\n\n\n\n\n<div style=\"height:100px\" aria-hidden=\"true\" class=\"wp-block-spacer\"><\/div>\n\n\n<h2 class=\"tribe-block__related-events__title\">Related Events<\/h2>\n\n<ul  class=\"tribe-related-events tribe-clearfix\" >\n\t\t\t<li>\n\t\n<div class=\"tribe-related-events-thumbnail\">\n\t<a href=\"https:\/\/cafelapalma.com\/en\/programacion\/backstage-le-petit-truffle-mayo\/\" class=\"url\" rel=\"bookmark\" tabindex=\"-1\" aria-hidden=\"true\"><img loading=\"lazy\" decoding=\"async\" width=\"780\" height=\"1040\" src=\"https:\/\/cafelapalma.com\/wp-content\/uploads\/2026\/07\/Imagen-TruffleMayo-LePetit-i-1-780x1040.png\" class=\"attachment-large size-large wp-post-image\" alt=\"\" \/><\/a>\n<\/div>\n\t<div class=\"tribe-related-event-info\">\n\t<h3 class=\"tribe-related-events-title\">\n\t\t<a href=\"https:\/\/cafelapalma.com\/en\/programacion\/backstage-le-petit-truffle-mayo\/\" class=\"tribe-event-url\" rel=\"bookmark\">\n\t\t\tBACKSTAGE: LE PETIT + TRUFFLE MAYO\t\t<\/a>\n\t<\/h3>\n\t<span class=\"tribe-event-date-start\">5  September@23:55<\/span><\/div>\n<\/li>\n\t\t\t<li>\n\t\n<div class=\"tribe-related-events-thumbnail\">\n\t<a href=\"https:\/\/cafelapalma.com\/en\/programacion\/new-boix\/\" class=\"url\" rel=\"bookmark\" tabindex=\"-1\" aria-hidden=\"true\"><img loading=\"lazy\" decoding=\"async\" width=\"694\" height=\"1040\" src=\"https:\/\/cafelapalma.com\/wp-content\/uploads\/2026\/05\/WhatsApp-Image-2026-04-29-at-12.00.28-694x1040.jpeg\" class=\"attachment-large size-large wp-post-image\" alt=\"\" \/><\/a>\n<\/div>\n\t<div class=\"tribe-related-event-info\">\n\t<h3 class=\"tribe-related-events-title\">\n\t\t<a href=\"https:\/\/cafelapalma.com\/en\/programacion\/new-boix\/\" class=\"tribe-event-url\" rel=\"bookmark\">\n\t\t\tNEW BOIX\t\t<\/a>\n\t<\/h3>\n\t<span class=\"tribe-event-date-start\">10  September@22:00<\/span><span class=\"tribe-event-time\">23:45<\/span><\/div>\n<\/li>\n\t\t\t<li>\n\t\n<div class=\"tribe-related-events-thumbnail\">\n\t<a href=\"https:\/\/cafelapalma.com\/en\/programacion\/zetaeme\/\" class=\"url\" rel=\"bookmark\" tabindex=\"-1\" aria-hidden=\"true\"><img loading=\"lazy\" decoding=\"async\" width=\"693\" height=\"1040\" src=\"https:\/\/cafelapalma.com\/wp-content\/uploads\/2026\/07\/5O3A7345-1-1-693x1040.jpg\" class=\"attachment-large size-large wp-post-image\" alt=\"\" \/><\/a>\n<\/div>\n\t<div class=\"tribe-related-event-info\">\n\t<h3 class=\"tribe-related-events-title\">\n\t\t<a href=\"https:\/\/cafelapalma.com\/en\/programacion\/zetaeme\/\" class=\"tribe-event-url\" rel=\"bookmark\">\n\t\t\tZETAEME\t\t<\/a>\n\t<\/h3>\n\t<span class=\"tribe-event-date-start\">10  September@23:55<\/span><\/div>\n<\/li>\n\t<\/ul>","protected":false},"excerpt":{"rendered":"<p>MI.RO&nbsp;es el proyecto paralelo del veterano DJ y productor&nbsp;Fernando Gull\u00f3n,&nbsp;enfant terrible&nbsp;de la escena espa\u00f1ola. Durante toda su carrera ha publicado trabajos en sellos discogr\u00e1ficos nacionales e internacionales como&nbsp;Rotten City,&nbsp;Spa In Disco,&nbsp;Bo\u00eete,&nbsp;Espacio Cielo,&nbsp;Nein,&nbsp;La Volta Ros,&nbsp;Critical Mondays&nbsp;o&nbsp;Paradise Children. En 2021 public\u00f3 dos EP\u2019s junto&nbsp;Yula Kasp&nbsp;en&nbsp;Dischi Autunno&nbsp;(subsello de&nbsp;Correspondant) con remixes de&nbsp;Nadia D\u2019Alo&nbsp;(Hivern Discs),&nbsp;Mogambo&nbsp;(Dischi Autunno) y&nbsp;Curses, adem\u00e1s de nuevos &hellip; <\/p>","protected":false},"author":2,"featured_media":32860,"template":"","meta":{"_tec_requires_first_save":false,"_uag_custom_page_level_css":"","loftloader_page_shortcode":"","_EventAllDay":false,"_EventTimezone":"Europe\/Madrid","_EventStartDate":"2026-01-30 23:55:00","_EventEndDate":"2026-01-30 23:55:00","_EventStartDateUTC":"2026-01-30 22:55:00","_EventEndDateUTC":"2026-01-30 22:55:00","_EventShowMap":false,"_EventShowMapLink":false,"_EventURL":"","_EventCost":"12","_EventCostDescription":"","_EventCurrencySymbol":"\u20ac","_EventCurrencyCode":"USD","_EventCurrencyPosition":"suffix","_EventDateTimeSeparator":"@","_EventTimeRangeSeparator":"-","_EventOrganizerID":[],"_EventVenueID":[],"_OrganizerEmail":"","_OrganizerPhone":"","_OrganizerWebsite":"","_VenueAddress":"","_VenueCity":"","_VenueCountry":"","_VenueProvince":"","_VenueState":"","_VenueZip":"","_VenuePhone":"","_VenueURL":"","_VenueStateProvince":"","_VenueLat":"","_VenueLng":"","_VenueShowMap":false,"_VenueShowMapLink":false,"_tribe_blocks_recurrence_rules":"","_tribe_blocks_recurrence_description":"","_tribe_blocks_recurrence_exclusions":"","_ecp_custom_2":"","_tribe_events_status":"","_tribe_events_status_reason":"","_tribe_events_is_hybrid":"","_tribe_events_is_virtual":"","_tribe_events_virtual_video_source":"","_tribe_events_virtual_embed_video":"","_tribe_events_virtual_linked_button_text":"","_tribe_events_virtual_linked_button":"","_tribe_events_virtual_show_embed_at":"","_tribe_events_virtual_show_embed_to":[],"_tribe_events_virtual_show_on_event":"","_tribe_events_virtual_show_on_views":"","_tribe_events_virtual_url":"","footnotes":""},"tags":[18195,8869,9225,9226,9227,1357,10107,18194,10106,18196],"tribe_events_cat":[8964],"class_list":["post-32859","tribe_events","type-tribe_events","status-publish","has-post-thumbnail","hentry","tag-adam-fitz","tag-cafe-la-palma-2","tag-cafe-la-palma-clubbing","tag-djs-madrid","tag-djs-malasana","tag-electronica","tag-fernando-gullon","tag-madrid-meets-mallorca","tag-mi-ro","tag-type-p","tribe_events_cat-clubbing","cat_clubbing"],"uagb_featured_image_src":{"full":["https:\/\/cafelapalma.com\/wp-content\/uploads\/2025\/12\/WhatsApp-Image-2025-12-19-at-19.03.32.jpeg",898,1125,false],"thumbnail":["https:\/\/cafelapalma.com\/wp-content\/uploads\/2025\/12\/WhatsApp-Image-2025-12-19-at-19.03.32-150x150.jpeg",150,150,true],"medium":["https:\/\/cafelapalma.com\/wp-content\/uploads\/2025\/12\/WhatsApp-Image-2025-12-19-at-19.03.32-239x300.jpeg",239,300,true],"medium_large":["https:\/\/cafelapalma.com\/wp-content\/uploads\/2025\/12\/WhatsApp-Image-2025-12-19-at-19.03.32-768x962.jpeg",768,962,true],"large":["https:\/\/cafelapalma.com\/wp-content\/uploads\/2025\/12\/WhatsApp-Image-2025-12-19-at-19.03.32-830x1040.jpeg",830,1040,true],"1536x1536":["https:\/\/cafelapalma.com\/wp-content\/uploads\/2025\/12\/WhatsApp-Image-2025-12-19-at-19.03.32.jpeg",898,1125,false],"2048x2048":["https:\/\/cafelapalma.com\/wp-content\/uploads\/2025\/12\/WhatsApp-Image-2025-12-19-at-19.03.32.jpeg",898,1125,false],"trp-custom-language-flag":["https:\/\/cafelapalma.com\/wp-content\/uploads\/2025\/12\/WhatsApp-Image-2025-12-19-at-19.03.32-10x12.jpeg",10,12,true],"blossom-feminine-slider":["https:\/\/cafelapalma.com\/wp-content\/uploads\/2025\/12\/WhatsApp-Image-2025-12-19-at-19.03.32-898x649.jpeg",898,649,true],"blossom-feminine-featured":["https:\/\/cafelapalma.com\/wp-content\/uploads\/2025\/12\/WhatsApp-Image-2025-12-19-at-19.03.32-898x600.jpeg",898,600,true],"blossom-feminine-with-sidebar":["https:\/\/cafelapalma.com\/wp-content\/uploads\/2025\/12\/WhatsApp-Image-2025-12-19-at-19.03.32-898x600.jpeg",898,600,true],"blossom-feminine-blog":["https:\/\/cafelapalma.com\/wp-content\/uploads\/2025\/12\/WhatsApp-Image-2025-12-19-at-19.03.32-435x435.jpeg",435,435,true],"blossom-feminine-cat":["https:\/\/cafelapalma.com\/wp-content\/uploads\/2025\/12\/WhatsApp-Image-2025-12-19-at-19.03.32-450x300.jpeg",450,300,true],"blossom-feminine-related":["https:\/\/cafelapalma.com\/wp-content\/uploads\/2025\/12\/WhatsApp-Image-2025-12-19-at-19.03.32-320x200.jpeg",320,200,true],"blossom-feminine-schema":["https:\/\/cafelapalma.com\/wp-content\/uploads\/2025\/12\/WhatsApp-Image-2025-12-19-at-19.03.32-48x60.jpeg",48,60,true]},"uagb_author_info":{"display_name":"Victor","author_link":"https:\/\/cafelapalma.com\/en\/author\/comunicacion\/"},"uagb_comment_info":0,"uagb_excerpt":"MI.RO&nbsp;es el proyecto paralelo del veterano DJ y productor&nbsp;Fernando Gull\u00f3n,&nbsp;enfant terrible&nbsp;de la escena espa\u00f1ola. Durante toda su carrera ha publicado trabajos en sellos discogr\u00e1ficos nacionales e internacionales como&nbsp;Rotten City,&nbsp;Spa In Disco,&nbsp;Bo\u00eete,&nbsp;Espacio Cielo,&nbsp;Nein,&nbsp;La Volta Ros,&nbsp;Critical Mondays&nbsp;o&nbsp;Paradise Children. En 2021 public\u00f3 dos EP\u2019s junto&nbsp;Yula Kasp&nbsp;en&nbsp;Dischi Autunno&nbsp;(subsello de&nbsp;Correspondant) con remixes de&nbsp;Nadia D\u2019Alo&nbsp;(Hivern Discs),&nbsp;Mogambo&nbsp;(Dischi Autunno) y&nbsp;Curses, adem\u00e1s de nuevos&hellip;","_links":{"self":[{"href":"https:\/\/cafelapalma.com\/en\/wp-json\/wp\/v2\/tribe_events\/32859","targetHints":{"allow":["GET"]}}],"collection":[{"href":"https:\/\/cafelapalma.com\/en\/wp-json\/wp\/v2\/tribe_events"}],"about":[{"href":"https:\/\/cafelapalma.com\/en\/wp-json\/wp\/v2\/types\/tribe_events"}],"author":[{"embeddable":true,"href":"https:\/\/cafelapalma.com\/en\/wp-json\/wp\/v2\/users\/2"}],"version-history":[{"count":0,"href":"https:\/\/cafelapalma.com\/en\/wp-json\/wp\/v2\/tribe_events\/32859\/revisions"}],"wp:featuredmedia":[{"embeddable":true,"href":"https:\/\/cafelapalma.com\/en\/wp-json\/wp\/v2\/media\/32860"}],"wp:attachment":[{"href":"https:\/\/cafelapalma.com\/en\/wp-json\/wp\/v2\/media?parent=32859"}],"wp:term":[{"taxonomy":"post_tag","embeddable":true,"href":"https:\/\/cafelapalma.com\/en\/wp-json\/wp\/v2\/tags?post=32859"},{"taxonomy":"tribe_events_cat","embeddable":true,"href":"https:\/\/cafelapalma.com\/en\/wp-json\/wp\/v2\/tribe_events_cat?post=32859"}],"curies":[{"name":"wp","href":"https:\/\/api.w.org\/{rel}","templated":true}]}}