{"id":32918,"date":"2025-12-29T08:43:57","date_gmt":"2025-12-29T07:43:57","guid":{"rendered":"https:\/\/cafelapalma.com\/?post_type=tribe_events&#038;p=32918"},"modified":"2026-01-16T12:25:13","modified_gmt":"2026-01-16T11:25:13","slug":"cabiria-tegra","status":"publish","type":"tribe_events","link":"https:\/\/cafelapalma.com\/en\/programacion\/cabiria-tegra\/","title":{"rendered":"CABIRIA + TEGRA"},"content":{"rendered":"<div  class=\"tribe-events-schedule tribe-clearfix\" >\n\t<p class=\"tribe-events-schedule__datetime\">\n\t\t<span class=\"tribe-events-schedule__date tribe-events-schedule__date--start\">\n\t\t\t22  January\t\t<\/span>\n\n\t\t\t\t\t<span class=\"tribe-events-schedule__separator tribe-events-schedule__separator--date\">\n\t\t\t\t@\t\t\t<\/span>\n\t\t\t<span class=\"tribe-events-schedule__time tribe-events-schedule__time--start\">\n\t\t\t\t21:30\t\t\t<\/span>\n\t\t\n\t\t\t\t\t\t\t\t\t<span class=\"tribe-events-schedule__separator tribe-events-schedule__separator--time\">\n\t\t\t\t\t&#8211;\t\t\t\t<\/span>\n\t\t\t\n\t\t\t\t\t\t\t<span class=\"tribe-events-schedule__time tribe-events-schedule__time--end\">\n\t\t\t\t\t23:45\t\t\t\t<\/span>\n\t\t\t\n\t\t\t\t\t\t<\/p>\n<\/div>\n\n\n<div  class=\"tribe-block tribe-block__event-price\" >\n\t\t\t<span class=\"tribe-block__event-price__cost\"> 12\u20ac <\/span>\n\t\t\t\t<span class=\"tribe-block__event-price__description\">+ gg Anticipada | 15\u20ac Taquilla<\/span>\n\t<\/div>\n\n\n\n<div style=\"height:100px\" aria-hidden=\"true\" class=\"wp-block-spacer\"><\/div>\n\n\n\n<div class=\"wp-block-columns is-layout-flex wp-container-core-columns-is-layout-8f761849 wp-block-columns-is-layout-flex\">\n<div class=\"wp-block-column is-layout-flow wp-block-column-is-layout-flow\" style=\"flex-basis:33.33%\">\n<figure class=\"wp-block-image size-large\"><img loading=\"lazy\" decoding=\"async\" width=\"736\" height=\"1040\" src=\"https:\/\/cafelapalma.com\/wp-content\/uploads\/2025\/12\/Cartel-A3-Cabiria-1-1-1-736x1040.png\" alt=\"\" class=\"wp-image-32919\" srcset=\"https:\/\/cafelapalma.com\/wp-content\/uploads\/2025\/12\/Cartel-A3-Cabiria-1-1-1-736x1040.png 736w, https:\/\/cafelapalma.com\/wp-content\/uploads\/2025\/12\/Cartel-A3-Cabiria-1-1-1-212x300.png 212w, https:\/\/cafelapalma.com\/wp-content\/uploads\/2025\/12\/Cartel-A3-Cabiria-1-1-1-768x1086.png 768w, https:\/\/cafelapalma.com\/wp-content\/uploads\/2025\/12\/Cartel-A3-Cabiria-1-1-1-8x12.png 8w, https:\/\/cafelapalma.com\/wp-content\/uploads\/2025\/12\/Cartel-A3-Cabiria-1-1-1-42x60.png 42w, https:\/\/cafelapalma.com\/wp-content\/uploads\/2025\/12\/Cartel-A3-Cabiria-1-1-1.png 877w\" sizes=\"auto, (max-width: 736px) 100vw, 736px\" \/><\/figure>\n\n\n<div  class=\"tribe-block tribe-block__event-website\" >\n\t<a\n\t\thref=\"https:\/\/www.passline.com\/eventos\/cabiria-tegra\"\n\t\ttarget=\"_self\"\n\t\t\t>\n\t\tBUY TICKETS\t<\/a>\n<\/div>\n<\/div>\n\n\n\n<div class=\"wp-block-column is-layout-flow wp-block-column-is-layout-flow\" style=\"flex-basis:66.66%\">\n<div style=\"height:100px\" aria-hidden=\"true\" class=\"wp-block-spacer\"><\/div>\n\n\n\n<p class=\"has-text-align-left wp-block-paragraph\">La sofisticaci\u00f3n revival de disco-pop, los gui\u00f1os al HI-NRG, las sombras del city pop y las referencias a la canci\u00f3n mel\u00f3dica italiana ser\u00edan los ingredientes de un c\u00f3ctel llamado <strong>Cabiria<\/strong>, servido entre paredes de terciopelo y superficies ajedrezadas.&nbsp;<\/p>\n\n\n\n<p class=\"has-text-align-left wp-block-paragraph\">Su creadora Eva Valero, se dio a conocer con su \u00abCiudad de las dos lunas\u00bb en el 2021 al que continu\u00f3 \u00abNicom\u00e1quea\u00bb en el 2023, ejercicios de pop y brillo sint\u00e9tico en el que explora varios universos sonoros.<\/p>\n\n\n\n<p class=\"has-text-align-right wp-block-paragraph\"><a href=\"https:\/\/open.spotify.com\/intl-es\/artist\/2y7OtEBQuQCeFh2a8bYZVC?si=tZbvWPPpQDOt1xcezcTYRQ\" target=\"_blank\" rel=\"noreferrer noopener\"><strong>Listen to<\/strong> <strong>CABIRIA <\/strong><em>in <\/em><strong>Spotify<\/strong><\/a><\/p>\n<\/div>\n<\/div>\n\n\n\n<div style=\"height:100px\" aria-hidden=\"true\" class=\"wp-block-spacer\"><\/div>\n\n\n<h2 class=\"tribe-block__related-events__title\">Related Events<\/h2>\n\n<ul  class=\"tribe-related-events tribe-clearfix\" >\n\t\t\t<li>\n\t\n<div class=\"tribe-related-events-thumbnail\">\n\t<a href=\"https:\/\/cafelapalma.com\/en\/programacion\/funkin-donuts\/\" class=\"url\" rel=\"bookmark\" tabindex=\"-1\" aria-hidden=\"true\"><img loading=\"lazy\" decoding=\"async\" width=\"693\" height=\"1040\" src=\"https:\/\/cafelapalma.com\/wp-content\/uploads\/2026\/07\/FD-vert2-bn-693x1040.jpg\" class=\"attachment-large size-large wp-post-image\" alt=\"\" \/><\/a>\n<\/div>\n\t<div class=\"tribe-related-event-info\">\n\t<h3 class=\"tribe-related-events-title\">\n\t\t<a href=\"https:\/\/cafelapalma.com\/en\/programacion\/funkin-donuts\/\" class=\"tribe-event-url\" rel=\"bookmark\">\n\t\t\tFUNKIN&#8217; DONUTS\t\t<\/a>\n\t<\/h3>\n\t<span class=\"tribe-event-date-start\">5  September@22:00<\/span><span class=\"tribe-event-time\">23:45<\/span><\/div>\n<\/li>\n\t\t\t<li>\n\t\n<div class=\"tribe-related-events-thumbnail\">\n\t<a href=\"https:\/\/cafelapalma.com\/en\/programacion\/backstage-le-petit-truffle-mayo\/\" class=\"url\" rel=\"bookmark\" tabindex=\"-1\" aria-hidden=\"true\"><img loading=\"lazy\" decoding=\"async\" width=\"780\" height=\"1040\" src=\"https:\/\/cafelapalma.com\/wp-content\/uploads\/2026\/07\/Imagen-TruffleMayo-LePetit-i-1-780x1040.png\" class=\"attachment-large size-large wp-post-image\" alt=\"\" \/><\/a>\n<\/div>\n\t<div class=\"tribe-related-event-info\">\n\t<h3 class=\"tribe-related-events-title\">\n\t\t<a href=\"https:\/\/cafelapalma.com\/en\/programacion\/backstage-le-petit-truffle-mayo\/\" class=\"tribe-event-url\" rel=\"bookmark\">\n\t\t\tBACKSTAGE: LE PETIT + TRUFFLE MAYO\t\t<\/a>\n\t<\/h3>\n\t<span class=\"tribe-event-date-start\">5  September@23:55<\/span><\/div>\n<\/li>\n\t\t\t<li>\n\t\n<div class=\"tribe-related-events-thumbnail\">\n\t<a href=\"https:\/\/cafelapalma.com\/en\/programacion\/willie-deville-concierto-benefico-x-venezuela\/\" class=\"url\" rel=\"bookmark\" tabindex=\"-1\" aria-hidden=\"true\"><img loading=\"lazy\" decoding=\"async\" width=\"1020\" height=\"531\" src=\"https:\/\/cafelapalma.com\/wp-content\/uploads\/2026\/08\/Willie-deville-1100x572-1-1040x541.jpg\" class=\"attachment-large size-large wp-post-image\" alt=\"\" \/><\/a>\n<\/div>\n\t<div class=\"tribe-related-event-info\">\n\t<h3 class=\"tribe-related-events-title\">\n\t\t<a href=\"https:\/\/cafelapalma.com\/en\/programacion\/willie-deville-concierto-benefico-x-venezuela\/\" class=\"tribe-event-url\" rel=\"bookmark\">\n\t\t\tWILLIE DEVILLE: CONCIERTO BEN\u00c9FICO X VENEZUELA\t\t<\/a>\n\t<\/h3>\n\t<span class=\"tribe-event-date-start\">6  September@21:00<\/span><span class=\"tribe-event-time\">23:45<\/span><\/div>\n<\/li>\n\t<\/ul>","protected":false},"excerpt":{"rendered":"<p>La sofisticaci\u00f3n revival de disco-pop, los gui\u00f1os al HI-NRG, las sombras del city pop y las referencias a la canci\u00f3n mel\u00f3dica italiana ser\u00edan los ingredientes de un c\u00f3ctel llamado Cabiria, servido entre paredes de terciopelo y superficies ajedrezadas.&nbsp; Su creadora Eva Valero, se dio a conocer con su \u00abCiudad de las dos lunas\u00bb en el &hellip; <\/p>","protected":false},"author":2,"featured_media":32921,"template":"","meta":{"_tec_requires_first_save":false,"_uag_custom_page_level_css":"","loftloader_page_shortcode":"","_EventAllDay":false,"_EventTimezone":"Europe\/Madrid","_EventStartDate":"2026-01-22 21:30:00","_EventEndDate":"2026-01-22 23:45:00","_EventStartDateUTC":"2026-01-22 20:30:00","_EventEndDateUTC":"2026-01-22 22:45:00","_EventShowMap":false,"_EventShowMapLink":false,"_EventURL":"https:\/\/www.passline.com\/eventos\/cabiria-tegra","_EventCost":"12","_EventCostDescription":"","_EventCurrencySymbol":"\u20ac","_EventCurrencyCode":"USD","_EventCurrencyPosition":"suffix","_EventDateTimeSeparator":"@","_EventTimeRangeSeparator":"-","_EventOrganizerID":[],"_EventVenueID":[],"_OrganizerEmail":"","_OrganizerPhone":"","_OrganizerWebsite":"","_VenueAddress":"","_VenueCity":"","_VenueCountry":"","_VenueProvince":"","_VenueState":"","_VenueZip":"","_VenuePhone":"","_VenueURL":"","_VenueStateProvince":"","_VenueLat":"","_VenueLng":"","_VenueShowMap":false,"_VenueShowMapLink":false,"_tribe_blocks_recurrence_rules":"","_tribe_blocks_recurrence_description":"","_tribe_blocks_recurrence_exclusions":"","_ecp_custom_2":"","_tribe_events_status":"","_tribe_events_status_reason":"","_tribe_events_is_hybrid":"","_tribe_events_is_virtual":"","_tribe_events_virtual_video_source":"","_tribe_events_virtual_embed_video":"","_tribe_events_virtual_linked_button_text":"","_tribe_events_virtual_linked_button":"","_tribe_events_virtual_show_embed_at":"","_tribe_events_virtual_show_embed_to":[],"_tribe_events_virtual_show_on_event":"","_tribe_events_virtual_show_on_views":"","_tribe_events_virtual_url":"","footnotes":""},"tags":[12113,1363,18216,9147,9146,18215,18217,1355,18214],"tribe_events_cat":[8963],"class_list":["post-32918","tribe_events","type-tribe_events","status-publish","has-post-thumbnail","hentry","tag-cabiria","tag-cafe-la-palma","tag-ciudad-de-las-dos-lunas","tag-conciertos-madrid","tag-conciertos-malasana","tag-disco-pop","tag-nicomaquena","tag-pop","tag-tegra","tribe_events_cat-concierto","cat_concierto"],"uagb_featured_image_src":{"full":["https:\/\/cafelapalma.com\/wp-content\/uploads\/2025\/12\/Copia-de-Copia-de-826A8333-2-1-1-1-scaled.jpg",3000,2000,false],"thumbnail":["https:\/\/cafelapalma.com\/wp-content\/uploads\/2025\/12\/Copia-de-Copia-de-826A8333-2-1-1-1-150x150.jpg",150,150,true],"medium":["https:\/\/cafelapalma.com\/wp-content\/uploads\/2025\/12\/Copia-de-Copia-de-826A8333-2-1-1-1-300x200.jpg",300,200,true],"medium_large":["https:\/\/cafelapalma.com\/wp-content\/uploads\/2025\/12\/Copia-de-Copia-de-826A8333-2-1-1-1-768x512.jpg",768,512,true],"large":["https:\/\/cafelapalma.com\/wp-content\/uploads\/2025\/12\/Copia-de-Copia-de-826A8333-2-1-1-1-1040x693.jpg",1020,680,true],"1536x1536":["https:\/\/cafelapalma.com\/wp-content\/uploads\/2025\/12\/Copia-de-Copia-de-826A8333-2-1-1-1-1536x1024.jpg",1536,1024,true],"2048x2048":["https:\/\/cafelapalma.com\/wp-content\/uploads\/2025\/12\/Copia-de-Copia-de-826A8333-2-1-1-1-2048x1365.jpg",2048,1365,true],"trp-custom-language-flag":["https:\/\/cafelapalma.com\/wp-content\/uploads\/2025\/12\/Copia-de-Copia-de-826A8333-2-1-1-1-18x12.jpg",18,12,true],"blossom-feminine-slider":["https:\/\/cafelapalma.com\/wp-content\/uploads\/2025\/12\/Copia-de-Copia-de-826A8333-2-1-1-1-1920x649.jpg",1920,649,true],"blossom-feminine-featured":["https:\/\/cafelapalma.com\/wp-content\/uploads\/2025\/12\/Copia-de-Copia-de-826A8333-2-1-1-1-1410x600.jpg",1410,600,true],"blossom-feminine-with-sidebar":["https:\/\/cafelapalma.com\/wp-content\/uploads\/2025\/12\/Copia-de-Copia-de-826A8333-2-1-1-1-1020x600.jpg",1020,600,true],"blossom-feminine-blog":["https:\/\/cafelapalma.com\/wp-content\/uploads\/2025\/12\/Copia-de-Copia-de-826A8333-2-1-1-1-435x435.jpg",435,435,true],"blossom-feminine-cat":["https:\/\/cafelapalma.com\/wp-content\/uploads\/2025\/12\/Copia-de-Copia-de-826A8333-2-1-1-1-450x300.jpg",450,300,true],"blossom-feminine-related":["https:\/\/cafelapalma.com\/wp-content\/uploads\/2025\/12\/Copia-de-Copia-de-826A8333-2-1-1-1-320x200.jpg",320,200,true],"blossom-feminine-schema":["https:\/\/cafelapalma.com\/wp-content\/uploads\/2025\/12\/Copia-de-Copia-de-826A8333-2-1-1-1-90x60.jpg",90,60,true]},"uagb_author_info":{"display_name":"Victor","author_link":"https:\/\/cafelapalma.com\/en\/author\/comunicacion\/"},"uagb_comment_info":0,"uagb_excerpt":"La sofisticaci\u00f3n revival de disco-pop, los gui\u00f1os al HI-NRG, las sombras del city pop y las referencias a la canci\u00f3n mel\u00f3dica italiana ser\u00edan los ingredientes de un c\u00f3ctel llamado Cabiria, servido entre paredes de terciopelo y superficies ajedrezadas.&nbsp; Su creadora Eva Valero, se dio a conocer con su \u00abCiudad de las dos lunas\u00bb en el&hellip;","_links":{"self":[{"href":"https:\/\/cafelapalma.com\/en\/wp-json\/wp\/v2\/tribe_events\/32918","targetHints":{"allow":["GET"]}}],"collection":[{"href":"https:\/\/cafelapalma.com\/en\/wp-json\/wp\/v2\/tribe_events"}],"about":[{"href":"https:\/\/cafelapalma.com\/en\/wp-json\/wp\/v2\/types\/tribe_events"}],"author":[{"embeddable":true,"href":"https:\/\/cafelapalma.com\/en\/wp-json\/wp\/v2\/users\/2"}],"version-history":[{"count":0,"href":"https:\/\/cafelapalma.com\/en\/wp-json\/wp\/v2\/tribe_events\/32918\/revisions"}],"wp:featuredmedia":[{"embeddable":true,"href":"https:\/\/cafelapalma.com\/en\/wp-json\/wp\/v2\/media\/32921"}],"wp:attachment":[{"href":"https:\/\/cafelapalma.com\/en\/wp-json\/wp\/v2\/media?parent=32918"}],"wp:term":[{"taxonomy":"post_tag","embeddable":true,"href":"https:\/\/cafelapalma.com\/en\/wp-json\/wp\/v2\/tags?post=32918"},{"taxonomy":"tribe_events_cat","embeddable":true,"href":"https:\/\/cafelapalma.com\/en\/wp-json\/wp\/v2\/tribe_events_cat?post=32918"}],"curies":[{"name":"wp","href":"https:\/\/api.w.org\/{rel}","templated":true}]}}