{"id":33001,"date":"2026-01-04T10:52:59","date_gmt":"2026-01-04T09:52:59","guid":{"rendered":"https:\/\/cafelapalma.com\/?post_type=tribe_events&#038;p=33001"},"modified":"2026-01-26T13:19:33","modified_gmt":"2026-01-26T12:19:33","slug":"afterparty-tiemei-desilence-dj-coco-clap-kent-andresito-jan-solo","status":"publish","type":"tribe_events","link":"https:\/\/cafelapalma.com\/en\/programacion\/afterparty-tiemei-desilence-dj-coco-clap-kent-andresito-jan-solo\/","title":{"rendered":"AFTERPARTY TIEMEI &amp; DESILENCE: DJ COCO + CLAP KENT + ANDRESITO + JAN SOLO"},"content":{"rendered":"<div  class=\"tribe-events-schedule tribe-clearfix\" >\n\t<p class=\"tribe-events-schedule__datetime\">\n\t\t<span class=\"tribe-events-schedule__date tribe-events-schedule__date--start\">\n\t\t\t31  January\t\t<\/span>\n\n\t\t\t\t\t<span class=\"tribe-events-schedule__separator tribe-events-schedule__separator--date\">\n\t\t\t\t@\t\t\t<\/span>\n\t\t\t<span class=\"tribe-events-schedule__time tribe-events-schedule__time--start\">\n\t\t\t\t23:55\t\t\t<\/span>\n\t\t\n\t\t\t<\/p>\n<\/div>\n\n\n<div  class=\"tribe-block tribe-block__event-price\" >\n\t\t\t<span class=\"tribe-block__event-price__cost\"> ENTRADA LIBRE <\/span>\n\t\t\t\t<span class=\"tribe-block__event-price__description\">hasta la 01:00 | 15\u20ac taquilla de 01:00 a 03:00 (incluye UNA COPA o DOS CERVEZAS) | 16\u20ac taquilla de 03:00 a cierre (incluye UNA COPA).<\/span>\n\t<\/div>\n\n\n\n<div style=\"height:100px\" aria-hidden=\"true\" class=\"wp-block-spacer\"><\/div>\n\n\n\n<div class=\"wp-block-columns is-layout-flex wp-container-core-columns-is-layout-8f761849 wp-block-columns-is-layout-flex\">\n<div class=\"wp-block-column is-layout-flow wp-block-column-is-layout-flow\" style=\"flex-basis:33.33%\">\n<figure class=\"wp-block-image size-large\"><img loading=\"lazy\" decoding=\"async\" width=\"735\" height=\"1040\" src=\"https:\/\/cafelapalma.com\/wp-content\/uploads\/2026\/01\/TIEMEIPARTY-1-735x1040.jpg\" alt=\"\" class=\"wp-image-33002\" srcset=\"https:\/\/cafelapalma.com\/wp-content\/uploads\/2026\/01\/TIEMEIPARTY-1-735x1040.jpg 735w, https:\/\/cafelapalma.com\/wp-content\/uploads\/2026\/01\/TIEMEIPARTY-1-212x300.jpg 212w, https:\/\/cafelapalma.com\/wp-content\/uploads\/2026\/01\/TIEMEIPARTY-1-768x1086.jpg 768w, https:\/\/cafelapalma.com\/wp-content\/uploads\/2026\/01\/TIEMEIPARTY-1-1086x1536.jpg 1086w, https:\/\/cafelapalma.com\/wp-content\/uploads\/2026\/01\/TIEMEIPARTY-1-1448x2048.jpg 1448w, https:\/\/cafelapalma.com\/wp-content\/uploads\/2026\/01\/TIEMEIPARTY-1-8x12.jpg 8w, https:\/\/cafelapalma.com\/wp-content\/uploads\/2026\/01\/TIEMEIPARTY-1-42x60.jpg 42w, https:\/\/cafelapalma.com\/wp-content\/uploads\/2026\/01\/TIEMEIPARTY-1.jpg 1575w\" sizes=\"auto, (max-width: 735px) 100vw, 735px\" \/><\/figure>\n<\/div>\n\n\n\n<div class=\"wp-block-column is-layout-flow wp-block-column-is-layout-flow\" style=\"flex-basis:66.66%\">\n<div style=\"height:100px\" aria-hidden=\"true\" class=\"wp-block-spacer\"><\/div>\n\n\n\n<p class=\"has-text-align-left wp-block-paragraph\">Para celebrar el debut en directo de los barceloneses <strong>TIEMEI <\/strong>en Madrid, en un concierto junto al proyecto visual <strong>Desilence <\/strong>que tendr\u00e1 lugar en Condeduque como parte de Inverfest, la fiesta sigue en Caf\u00e9 La Palma con una lista de djs que une Madrid y Barcelona a trav\u00e9s de la m\u00fasica.<\/p>\n\n\n\n<p class=\"has-text-align-left wp-block-paragraph\"><strong>Dj Coco<\/strong>, veterano dj barcelon\u00e9s residente durante tres d\u00e9cadas en Nitsa Club que se mueve con soltura entre el house, la disco music, el pop bailable y la electr\u00f3nica, consiguiendo adue\u00f1arse de variopintas pistas de baile.<\/p>\n\n\n\n<p class=\"has-text-align-left wp-block-paragraph\"><strong>Clap Kent <\/strong>ha estado subvirtiendo durante a\u00f1os el underground madrile\u00f1o con proyectos como Self Care o sus programaciones en el club Ballesta, produciendo bajo el alias Sculptures y pinchando en los mejores clubs una selecci\u00f3n musical meticulosa y cuidada.<\/p>\n\n\n\n<p class=\"has-text-align-left wp-block-paragraph\">Residente en Resac:a, <strong>Andresito <\/strong>fusiona la electr\u00f3nica y el indie m\u00e1s bailable con un \u00fanico objetivo cada vez que pisa la cabina: hacernos sudar en la pista.<\/p>\n\n\n\n<p class=\"has-text-align-left wp-block-paragraph\"><strong>Jan Solo<\/strong> representar\u00e1 a TIEMEI con un dj set en el que unir\u00e1 las influencias de su banda con su pasi\u00f3n por la m\u00fasica de club de todo tipo, pasando por el house, el techno y el trance.<\/p>\n\n\n\n<p class=\"has-text-align-right wp-block-paragraph\"><a href=\"https:\/\/www.instagram.com\/andrewgimeno\/?hl=en\"><em>Sigue a<\/em> <strong>Andresito <\/strong><em>in <\/em><strong>Instagram<\/strong>.<\/a><\/p>\n\n\n\n<p class=\"has-text-align-right wp-block-paragraph\"><a href=\"https:\/\/www.instagram.com\/clapkent\/?hl=en\"><em>Sigue a <\/em><strong>Clap Kent<\/strong> <em>in <\/em><strong>Instagram<\/strong>.<\/a><\/p>\n\n\n\n<p class=\"has-text-align-right wp-block-paragraph\"><a href=\"https:\/\/www.instagram.com\/tiemei__\/?hl=en\"><em>Sigue a<\/em> <strong>Tiemei <\/strong><em>in<\/em> <strong>Instagram<\/strong>.<\/a><\/p>\n\n\n\n<p class=\"has-text-align-right wp-block-paragraph\"><a href=\"https:\/\/www.instagram.com\/diyeicoco\/?hl=en\" target=\"_blank\" rel=\"noreferrer noopener\"><em>Sigue a <\/em><strong>DJ Coco <\/strong><em>in <\/em><strong>Instagram<\/strong>.<\/a><\/p>\n<\/div>\n<\/div>\n\n\n\n<div style=\"height:100px\" aria-hidden=\"true\" class=\"wp-block-spacer\"><\/div>\n\n\n<h2 class=\"tribe-block__related-events__title\">Related Events<\/h2>\n\n<ul  class=\"tribe-related-events tribe-clearfix\" >\n\t\t\t<li>\n\t\n<div class=\"tribe-related-events-thumbnail\">\n\t<a href=\"https:\/\/cafelapalma.com\/en\/programacion\/funkin-donuts\/\" class=\"url\" rel=\"bookmark\" tabindex=\"-1\" aria-hidden=\"true\"><img loading=\"lazy\" decoding=\"async\" width=\"693\" height=\"1040\" src=\"https:\/\/cafelapalma.com\/wp-content\/uploads\/2026\/07\/FD-vert2-bn-693x1040.jpg\" class=\"attachment-large size-large wp-post-image\" alt=\"\" \/><\/a>\n<\/div>\n\t<div class=\"tribe-related-event-info\">\n\t<h3 class=\"tribe-related-events-title\">\n\t\t<a href=\"https:\/\/cafelapalma.com\/en\/programacion\/funkin-donuts\/\" class=\"tribe-event-url\" rel=\"bookmark\">\n\t\t\tFUNKIN&#8217; DONUTS\t\t<\/a>\n\t<\/h3>\n\t<span class=\"tribe-event-date-start\">5  September@22:00<\/span><span class=\"tribe-event-time\">23:45<\/span><\/div>\n<\/li>\n\t\t\t<li>\n\t\n<div class=\"tribe-related-events-thumbnail\">\n\t<a href=\"https:\/\/cafelapalma.com\/en\/programacion\/backstage-le-petit-truffle-mayo\/\" class=\"url\" rel=\"bookmark\" tabindex=\"-1\" aria-hidden=\"true\"><img loading=\"lazy\" decoding=\"async\" width=\"780\" height=\"1040\" src=\"https:\/\/cafelapalma.com\/wp-content\/uploads\/2026\/07\/Imagen-TruffleMayo-LePetit-i-1-780x1040.png\" class=\"attachment-large size-large wp-post-image\" alt=\"\" \/><\/a>\n<\/div>\n\t<div class=\"tribe-related-event-info\">\n\t<h3 class=\"tribe-related-events-title\">\n\t\t<a href=\"https:\/\/cafelapalma.com\/en\/programacion\/backstage-le-petit-truffle-mayo\/\" class=\"tribe-event-url\" rel=\"bookmark\">\n\t\t\tBACKSTAGE: LE PETIT + TRUFFLE MAYO\t\t<\/a>\n\t<\/h3>\n\t<span class=\"tribe-event-date-start\">5  September@23:55<\/span><\/div>\n<\/li>\n\t\t\t<li>\n\t\n<div class=\"tribe-related-events-thumbnail\">\n\t<a href=\"https:\/\/cafelapalma.com\/en\/programacion\/willie-deville-concierto-benefico-x-venezuela\/\" class=\"url\" rel=\"bookmark\" tabindex=\"-1\" aria-hidden=\"true\"><img loading=\"lazy\" decoding=\"async\" width=\"1020\" height=\"531\" src=\"https:\/\/cafelapalma.com\/wp-content\/uploads\/2026\/08\/Willie-deville-1100x572-1-1040x541.jpg\" class=\"attachment-large size-large wp-post-image\" alt=\"\" \/><\/a>\n<\/div>\n\t<div class=\"tribe-related-event-info\">\n\t<h3 class=\"tribe-related-events-title\">\n\t\t<a href=\"https:\/\/cafelapalma.com\/en\/programacion\/willie-deville-concierto-benefico-x-venezuela\/\" class=\"tribe-event-url\" rel=\"bookmark\">\n\t\t\tWILLIE DEVILLE: CONCIERTO BEN\u00c9FICO X VENEZUELA\t\t<\/a>\n\t<\/h3>\n\t<span class=\"tribe-event-date-start\">6  September@21:00<\/span><span class=\"tribe-event-time\">23:45<\/span><\/div>\n<\/li>\n\t<\/ul>","protected":false},"excerpt":{"rendered":"<p>Para celebrar el debut en directo de los barceloneses TIEMEI en Madrid, en un concierto junto al proyecto visual Desilence que tendr\u00e1 lugar en Condeduque como parte de Inverfest, la fiesta sigue en Caf\u00e9 La Palma con una lista de djs que une Madrid y Barcelona a trav\u00e9s de la m\u00fasica. Dj Coco, veterano dj &hellip; <\/p>","protected":false},"author":2,"featured_media":33002,"template":"","meta":{"_tec_requires_first_save":false,"_uag_custom_page_level_css":"","loftloader_page_shortcode":"","_EventAllDay":false,"_EventTimezone":"Europe\/Madrid","_EventStartDate":"2026-01-31 23:55:00","_EventEndDate":"2026-01-31 23:55:00","_EventStartDateUTC":"2026-01-31 22:55:00","_EventEndDateUTC":"2026-01-31 22:55:00","_EventShowMap":false,"_EventShowMapLink":false,"_EventURL":"","_EventCost":"ENTRADA LIBRE","_EventCostDescription":"","_EventCurrencySymbol":"\u20ac","_EventCurrencyCode":"USD","_EventCurrencyPosition":"suffix","_EventDateTimeSeparator":"@","_EventTimeRangeSeparator":"-","_EventOrganizerID":[],"_EventVenueID":[],"_OrganizerEmail":"","_OrganizerPhone":"","_OrganizerWebsite":"","_VenueAddress":"","_VenueCity":"","_VenueCountry":"","_VenueProvince":"","_VenueState":"","_VenueZip":"","_VenuePhone":"","_VenueURL":"","_VenueStateProvince":"","_VenueLat":"","_VenueLng":"","_VenueShowMap":false,"_VenueShowMapLink":false,"_tribe_blocks_recurrence_rules":"","_tribe_blocks_recurrence_description":"","_tribe_blocks_recurrence_exclusions":"","_ecp_custom_2":"","_tribe_events_status":"","_tribe_events_status_reason":"","_tribe_events_is_hybrid":"","_tribe_events_is_virtual":"","_tribe_events_virtual_video_source":"","_tribe_events_virtual_embed_video":"","_tribe_events_virtual_linked_button_text":"","_tribe_events_virtual_linked_button":"","_tribe_events_virtual_show_embed_at":"","_tribe_events_virtual_show_embed_to":[],"_tribe_events_virtual_show_on_event":"","_tribe_events_virtual_show_on_views":"","_tribe_events_virtual_url":"","footnotes":""},"tags":[12487,1363,9225,18229,2865,9147,9146,18228,9226,9227,1357,18230,1355,776,18226,10228],"tribe_events_cat":[8964],"class_list":["post-33001","tribe_events","type-tribe_events","status-publish","has-post-thumbnail","hentry","tag-andresito","tag-cafe-la-palma","tag-cafe-la-palma-clubbing","tag-clap-kent","tag-conciertos-cafe-la-palma","tag-conciertos-madrid","tag-conciertos-malasana","tag-dj-coco","tag-djs-madrid","tag-djs-malasana","tag-electronica","tag-jan-solo","tag-pop","tag-techno","tag-tiemei","tag-trance","tribe_events_cat-clubbing","cat_clubbing"],"uagb_featured_image_src":{"full":["https:\/\/cafelapalma.com\/wp-content\/uploads\/2026\/01\/TIEMEIPARTY-1.jpg",1575,2228,false],"thumbnail":["https:\/\/cafelapalma.com\/wp-content\/uploads\/2026\/01\/TIEMEIPARTY-1-150x150.jpg",150,150,true],"medium":["https:\/\/cafelapalma.com\/wp-content\/uploads\/2026\/01\/TIEMEIPARTY-1-212x300.jpg",212,300,true],"medium_large":["https:\/\/cafelapalma.com\/wp-content\/uploads\/2026\/01\/TIEMEIPARTY-1-768x1086.jpg",768,1086,true],"large":["https:\/\/cafelapalma.com\/wp-content\/uploads\/2026\/01\/TIEMEIPARTY-1-735x1040.jpg",735,1040,true],"1536x1536":["https:\/\/cafelapalma.com\/wp-content\/uploads\/2026\/01\/TIEMEIPARTY-1-1086x1536.jpg",1086,1536,true],"2048x2048":["https:\/\/cafelapalma.com\/wp-content\/uploads\/2026\/01\/TIEMEIPARTY-1-1448x2048.jpg",1448,2048,true],"trp-custom-language-flag":["https:\/\/cafelapalma.com\/wp-content\/uploads\/2026\/01\/TIEMEIPARTY-1-8x12.jpg",8,12,true],"blossom-feminine-slider":["https:\/\/cafelapalma.com\/wp-content\/uploads\/2026\/01\/TIEMEIPARTY-1-1575x649.jpg",1575,649,true],"blossom-feminine-featured":["https:\/\/cafelapalma.com\/wp-content\/uploads\/2026\/01\/TIEMEIPARTY-1-1410x600.jpg",1410,600,true],"blossom-feminine-with-sidebar":["https:\/\/cafelapalma.com\/wp-content\/uploads\/2026\/01\/TIEMEIPARTY-1-1020x600.jpg",1020,600,true],"blossom-feminine-blog":["https:\/\/cafelapalma.com\/wp-content\/uploads\/2026\/01\/TIEMEIPARTY-1-435x435.jpg",435,435,true],"blossom-feminine-cat":["https:\/\/cafelapalma.com\/wp-content\/uploads\/2026\/01\/TIEMEIPARTY-1-450x300.jpg",450,300,true],"blossom-feminine-related":["https:\/\/cafelapalma.com\/wp-content\/uploads\/2026\/01\/TIEMEIPARTY-1-320x200.jpg",320,200,true],"blossom-feminine-schema":["https:\/\/cafelapalma.com\/wp-content\/uploads\/2026\/01\/TIEMEIPARTY-1-42x60.jpg",42,60,true]},"uagb_author_info":{"display_name":"Victor","author_link":"https:\/\/cafelapalma.com\/en\/author\/comunicacion\/"},"uagb_comment_info":0,"uagb_excerpt":"Para celebrar el debut en directo de los barceloneses TIEMEI en Madrid, en un concierto junto al proyecto visual Desilence que tendr\u00e1 lugar en Condeduque como parte de Inverfest, la fiesta sigue en Caf\u00e9 La Palma con una lista de djs que une Madrid y Barcelona a trav\u00e9s de la m\u00fasica. Dj Coco, veterano dj&hellip;","_links":{"self":[{"href":"https:\/\/cafelapalma.com\/en\/wp-json\/wp\/v2\/tribe_events\/33001","targetHints":{"allow":["GET"]}}],"collection":[{"href":"https:\/\/cafelapalma.com\/en\/wp-json\/wp\/v2\/tribe_events"}],"about":[{"href":"https:\/\/cafelapalma.com\/en\/wp-json\/wp\/v2\/types\/tribe_events"}],"author":[{"embeddable":true,"href":"https:\/\/cafelapalma.com\/en\/wp-json\/wp\/v2\/users\/2"}],"version-history":[{"count":0,"href":"https:\/\/cafelapalma.com\/en\/wp-json\/wp\/v2\/tribe_events\/33001\/revisions"}],"wp:featuredmedia":[{"embeddable":true,"href":"https:\/\/cafelapalma.com\/en\/wp-json\/wp\/v2\/media\/33002"}],"wp:attachment":[{"href":"https:\/\/cafelapalma.com\/en\/wp-json\/wp\/v2\/media?parent=33001"}],"wp:term":[{"taxonomy":"post_tag","embeddable":true,"href":"https:\/\/cafelapalma.com\/en\/wp-json\/wp\/v2\/tags?post=33001"},{"taxonomy":"tribe_events_cat","embeddable":true,"href":"https:\/\/cafelapalma.com\/en\/wp-json\/wp\/v2\/tribe_events_cat?post=33001"}],"curies":[{"name":"wp","href":"https:\/\/api.w.org\/{rel}","templated":true}]}}