{"id":33043,"date":"2026-01-07T13:59:30","date_gmt":"2026-01-07T12:59:30","guid":{"rendered":"https:\/\/cafelapalma.com\/?post_type=tribe_events&#038;p=33043"},"modified":"2026-01-07T13:59:31","modified_gmt":"2026-01-07T12:59:31","slug":"sonido-club-contigo-diggz-jose-vera-posada-rony-finkel","status":"publish","type":"tribe_events","link":"https:\/\/cafelapalma.com\/en\/programacion\/sonido-club-contigo-diggz-jose-vera-posada-rony-finkel\/","title":{"rendered":"SONIDO CLUB: CONTIGO + DIGGZ + JOSE VERA + POSADA + RONY FINKEL"},"content":{"rendered":"<div  class=\"tribe-events-schedule tribe-clearfix\" >\n\t<p class=\"tribe-events-schedule__datetime\">\n\t\t<span class=\"tribe-events-schedule__date tribe-events-schedule__date--start\">\n\t\t\t17  January\t\t<\/span>\n\n\t\t\t\t\t<span class=\"tribe-events-schedule__separator tribe-events-schedule__separator--date\">\n\t\t\t\t@\t\t\t<\/span>\n\t\t\t<span class=\"tribe-events-schedule__time tribe-events-schedule__time--start\">\n\t\t\t\t23:55\t\t\t<\/span>\n\t\t\n\t\t\t<\/p>\n<\/div>\n\n\n<div  class=\"tribe-block tribe-block__event-price\" >\n\t\t\t<span class=\"tribe-block__event-price__cost\"> ENTRADA LIBRE <\/span>\n\t\t\t\t<span class=\"tribe-block__event-price__description\">hasta la 01:00 | 13\u20ac taquilla de 01:00 a 03:00 (incluye UNA COPA o DOS CERVEZAS) | 15\u20ac taquilla de 03:00 a cierre (incluye UNA COPA).<\/span>\n\t<\/div>\n\n\n\n<div style=\"height:100px\" aria-hidden=\"true\" class=\"wp-block-spacer\"><\/div>\n\n\n\n<div class=\"wp-block-columns is-layout-flex wp-container-core-columns-is-layout-8f761849 wp-block-columns-is-layout-flex\">\n<div class=\"wp-block-column is-layout-flow wp-block-column-is-layout-flow\" style=\"flex-basis:33.33%\">\n<figure class=\"wp-block-image size-large\"><img loading=\"lazy\" decoding=\"async\" width=\"780\" height=\"1040\" src=\"https:\/\/cafelapalma.com\/wp-content\/uploads\/2026\/01\/palma-flyer-ig-post-size-1-780x1040.png\" alt=\"\" class=\"wp-image-33049\" srcset=\"https:\/\/cafelapalma.com\/wp-content\/uploads\/2026\/01\/palma-flyer-ig-post-size-1-780x1040.png 780w, https:\/\/cafelapalma.com\/wp-content\/uploads\/2026\/01\/palma-flyer-ig-post-size-1-225x300.png 225w, https:\/\/cafelapalma.com\/wp-content\/uploads\/2026\/01\/palma-flyer-ig-post-size-1-768x1024.png 768w, https:\/\/cafelapalma.com\/wp-content\/uploads\/2026\/01\/palma-flyer-ig-post-size-1-9x12.png 9w, https:\/\/cafelapalma.com\/wp-content\/uploads\/2026\/01\/palma-flyer-ig-post-size-1-45x60.png 45w, https:\/\/cafelapalma.com\/wp-content\/uploads\/2026\/01\/palma-flyer-ig-post-size-1.png 1080w\" sizes=\"auto, (max-width: 780px) 100vw, 780px\" \/><\/figure>\n<\/div>\n\n\n\n<div class=\"wp-block-column is-layout-flow wp-block-column-is-layout-flow\" style=\"flex-basis:66.66%\">\n<p class=\"has-text-align-left wp-block-paragraph\">Sonido Club con su segunda edici\u00f3n es la propuesta de Gusano para devolver la mirada al dancefloor: m\u00fasica honesta, selecci\u00f3n abierta y un club entendido como espacio de movimiento. No hay g\u00e9neros fijos; hay energ\u00eda. Entre house, techno, electro, deep,<br>breaks y sus desv\u00edos, buscamos una sesi\u00f3n que respire libertad y mantenga la pista en constante pulso. En Caf\u00e9 La Palma, Sonido Club funciona como laboratorio y punto de encuentro: sonido crudo, atm\u00f3sfera cercana y una \u00fanica intenci\u00f3n \u2014 bailar sin guion.<\/p>\n\n\n\n<p class=\"has-text-align-left wp-block-paragraph\"><strong>Posada: <\/strong>Nacido en Cali, Colombia. Radicado en Madrid, Carlos inici\u00f3 su carrera hace 14 a\u00f1os, residente en el emblem\u00e1tico club SONIDO CENTRAL de su ciudad durante 8 a\u00f1os, donde se consolid\u00f3 como uno de los mejores artistas de la escena underground del pa\u00eds. En Madrid es habitual en la noche club. Fundador de Inregistrari Interplanetare, Gusano y manager de Real Rhythm, tres sellos discogr\u00e1ficos de gran proyecci\u00f3n y popularidad.<br>Posada ha firmado con reconocidos sellos como Deep Tech Records, Inwave, Samani, Tip Tap, Dushe y Soblazn Music, actualmente es la mitad del grupo Anthz. Su versatilidad en generos lo destaca en el sonido de club serio.<\/p>\n\n\n\n<p class=\"has-text-align-left wp-block-paragraph\"><strong>Rony Finkel<\/strong>: DJ De Santiago de Chile, ahora en Madrid. Coleccionista de vinilos, busca entregar a la pista una experiencia de un set Only Vinyl. Su m\u00fasica fluye entre diferentes estilos tales como el House, Deep House, Minimal y Techno. Liderando actualmente Casacinco, un proyecto donde la m\u00fasica y el arte en vivo se fusionan, creando una experiencia diferente. Para \u00e9l, pinchar es m\u00e1s que hacer bailar, es una invitaci\u00f3n a conectar con las emociones y vivir un viaje introspectivo en la pista.<\/p>\n\n\n\n<p class=\"has-text-align-left wp-block-paragraph\"><strong>Jose Vera<\/strong>: Bio: Productor y selector Ecuatoriano con sede en Madrid maneja un sonido caracter\u00edstico para los amantes de las historias. Nos obsequia una experiencia sonora que nos abraza con un sonido puramente an\u00e1logo lleno de experiencias que nos dejan un mensaje a trav\u00e9s del sonido. Bater\u00edas noventeras, texturas discretas, melod\u00edas melanc\u00f3licas, y vocales con mensajes claros nos permite recrear y vivir experiencias \u00fanicas a trav\u00e9s del sonido.<\/p>\n\n\n\n<p class=\"has-text-align-left wp-block-paragraph\"><strong>Contigo: <\/strong>Con base en Madrid, Contigo es un DJ conocido por su mezcla fluida de funk, disco, house, breaks, electro y todo lo que hay entre medias. Con ra\u00edces en Miami, le encanta fusionar estilos de todo el mundo para crear un sonido propio y \u00fanico. Ya sea creando ambiente o encendiendo la pista de baile, Contigo siempre ofrece una experiencia inolvidable que te har\u00e1 querer volver por m\u00e1s.<\/p>\n\n\n\n<p class=\"has-text-align-left wp-block-paragraph\"><strong>Diggz: <\/strong>Diego Castillo a.k.a Diggz es un apasionado de la musica. Originario de Caracas, Venezuela, lleva afincado en Madrid 10 a\u00f1os, donde desarroll\u00f3 su inter\u00e9s por la m\u00fasica electr\u00f3nica y la cultura club. En concreto, se afinca en el house y sus variantes para entregar sets cargados de emoci\u00f3n y conexi\u00f3n. A dia de hoy, quiere seguir descubriendo y compartiendo m\u00fasica. Su proyecto @current_hz busca ser una bit\u00e1cora musical centrada en el vinilo, ofreciendo un espacio a artistas dedicados al diggin\u2019 y la curadur\u00eda musical.<\/p>\n\n\n\n<p class=\"has-text-align-right wp-block-paragraph\"><a href=\"https:\/\/www.instagram.com\/posada.inreg\/\"><em>Sigue a<\/em> <strong>POSADA <\/strong><em>in <\/em><strong>Instagram<\/strong>.<\/a><\/p>\n\n\n\n<p class=\"has-text-align-right wp-block-paragraph\"><a href=\"https:\/\/www.instagram.com\/_ronyfinkel\/\"><em>Sigue a<\/em> <strong>Rony Finkel <\/strong><em>in <\/em><strong>Instagram<\/strong>.<\/a><\/p>\n\n\n\n<p class=\"has-text-align-right wp-block-paragraph\"><a href=\"https:\/\/www.instagram.com\/yaestoycontigo\"><em>Sigue a<\/em> <strong>CONTIGO <\/strong><em>in<\/em> <strong>Instagram<\/strong>.<\/a><\/p>\n\n\n\n<p class=\"has-text-align-right wp-block-paragraph\"><a href=\"https:\/\/www.instagram.com\/josevera____\/\"><em>Sigue a<\/em> <strong>Jose Vera<\/strong> <em>in <\/em><strong>Instragram<\/strong>.<\/a><\/p>\n\n\n\n<p class=\"has-text-align-right wp-block-paragraph\"><a href=\"https:\/\/www.instagram.com\/dieego_diggz\/\"><em>Sigue<\/em> <em>a <\/em><strong>JIGZZ <\/strong><em>in <\/em><strong>Instagram<\/strong>.<\/a><\/p>\n<\/div>\n<\/div>\n\n\n\t<div  class=\"tribe-block tribe-block__events-link\" >\n\t\t<div class=\"tribe-events tribe-common\">\n\t\t\t<div class=\"tribe-events-c-subscribe-dropdown__container\">\n\t\t\t\t<div class=\"tribe-events-c-subscribe-dropdown\">\n\t\t\t\t\t<div class=\"tribe-common-c-btn-border tribe-events-c-subscribe-dropdown__button\">\n\t\t\t\t\t\t<svg\n\t class=\"tribe-common-c-svgicon tribe-common-c-svgicon--cal-export tribe-events-c-subscribe-dropdown__export-icon\" \taria-hidden=\"true\"\n\tviewbox=\"0 0 23 17\"\n\txmlns=\"http:\/\/www.w3.org\/2000\/svg\"\n>\n\t<path fill-rule=\"evenodd\" clip-rule=\"evenodd\" d=\"M.128.896V16.13c0 .211.145.383.323.383h15.354c.179 0 .323-.172.323-.383V.896c0-.212-.144-.383-.323-.383H.451C.273.513.128.684.128.896Zm16 6.742h-.901V4.679H1.009v10.729h14.218v-3.336h.901V7.638ZM1.01 1.614h14.218v2.058H1.009V1.614Z\" \/>\n\t<path d=\"M20.5 9.846H8.312M18.524 6.953l2.89 2.909-2.855 2.855\" stroke-width=\"1.2\" stroke-linecap=\"round\" stroke-linejoin=\"round\"\/>\n<\/svg>\n\t\t\t\t\t\t<button\n\t\t\t\t\t\t\tclass=\"tribe-events-c-subscribe-dropdown__button-text\"\n\t\t\t\t\t\t\taria-expanded=\"false\"\n\t\t\t\t\t\t\taria-controls=\"tribe-events-subscribe-dropdown-content\"\n\t\t\t\t\t\t\taria-label=\"View links to add events to your calendar\"\n\t\t\t\t\t\t>\n\t\t\t\t\t\t\tAdd to calendar\t\t\t\t\t\t<\/button>\n\t\t\t\t\t\t<svg\n\t class=\"tribe-common-c-svgicon tribe-common-c-svgicon--caret-down tribe-events-c-subscribe-dropdown__button-icon\" \taria-hidden=\"true\"\n\tviewbox=\"0 0 10 7\"\n\txmlns=\"http:\/\/www.w3.org\/2000\/svg\"\n>\n\t<path fill-rule=\"evenodd\" clip-rule=\"evenodd\" d=\"M1.008.609L5 4.6 8.992.61l.958.958L5 6.517.05 1.566l.958-.958z\" class=\"tribe-common-c-svgicon__svg-fill\"\/>\n<\/svg>\n\t\t\t\t\t<\/div>\n\t\t\t\t\t<div id=\"tribe-events-subscribe-dropdown-content\" class=\"tribe-events-c-subscribe-dropdown__content\">\n\t\t\t\t\t\t<ul class=\"tribe-events-c-subscribe-dropdown__list\">\n\t\t\t\t\t\t\t\t\t\t\t\t\t\t\t<li class=\"tribe-events-c-subscribe-dropdown__list-item tribe-events-c-subscribe-dropdown__list-item--gcal\">\n\t\t\t\t\t\t\t\t\t<a\n\t\t\t\t\t\t\t\t\t\thref=\"https:\/\/www.google.com\/calendar\/event?action=TEMPLATE&#038;dates=20260117T235500\/20260117T235500&#038;text=SONIDO%20CLUB%3A%20CONTIGO%20%2B%20DIGGZ%20%2B%20JOSE%20VERA%20%2B%20POSADA%20%2B%20RONY%20FINKEL&#038;details=%3Cdiv+style%3D%22height%3A100px%22+aria-hidden%3D%22true%22+class%3D%22wp-block-spacer%22%3E%3C%2Fdiv%3E%3Cdiv+class%3D%22wp-block-columns%22%3E%3Cdiv+class%3D%22wp-block-column%22+style%3D%22flex-basis%3A33.33%25%22%3E%3Cfigure+class%3D%22wp-block-image+size-large%22%3E%3Cimg+src%3D%22https%3A%2F%2Fcafelapalma.com%2Fwp-content%2Fuploads%2F2026%2F01%2Fpalma-flyer-ig-post-size-1-780x1040.png%22+alt%3D%22%22+class%3D%22wp-image-33049%22%2F%3E%3C%2Ffigure%3E%3C%2Fdiv%3E%3Cdiv+class%3D%22wp-block-column%22+style%3D%22flex-basis%3A66.66%25%22%3E%3Cp+class%3D%22has-text-align-left%22%3ESonido+Club+con+su+segunda+edici%C3%B3n+es+la+propuesta+de+Gusano+para+devolver+la+mirada+al+dancefloor%3A+m%C3%BAsica+honesta%2C+selecci%C3%B3n+abierta+y+un+club+entendido+como+espacio+de+movimiento.+No+hay+g%C3%A9neros+fijos%3B+hay+energ%C3%ADa.+Entre+house%2C+techno%2C+electro%2C+deep%2C%3Cbr+%2F%3Ebreaks+y+sus+desv%C3%ADos%2C+buscamos+una+sesi%C3%B3n+que+respire+libertad+y+mantenga+la+pista+en+constante+pulso.+En+Caf%C3%A9+La+Palma%2C+Sonido+Club+funciona+como+laboratorio+y+punto+de+encuentro%3A+sonido+crudo%2C+atm%C3%B3sfera+cercana+y+una+%C3%BAnica+intenci%C3%B3n+%E2%80%94+bailar+sin+guion.%3C%2Fp%3E+%3Cp+class%3D%22h%3C%2Fdiv%3E%3C%2Fdiv%3E+%28View+Full+event+Description+Here%3A+https%3A%2F%2Fcafelapalma.com%2Fen%2Fprogramacion%2Fsonido-club-contigo-diggz-jose-vera-posada-rony-finkel%2F%29&#038;trp=false&#038;ctz=Europe\/Madrid&#038;sprop=website:https:\/\/cafelapalma.com\/en\"\n\t\t\t\t\t\t\t\t\t\tclass=\"tribe-events-c-subscribe-dropdown__list-item-link\"\n\t\t\t\t\t\t\t\t\t\ttarget=\"_blank\"\n\t\t\t\t\t\t\t\t\t\trel=\"noopener noreferrer nofollow noindex\"\n\t\t\t\t\t\t\t\t\t>\n\t\t\t\t\t\t\t\t\t\tGoogle Calendar\t\t\t\t\t\t\t\t\t<\/a>\n\t\t\t\t\t\t\t\t<\/li>\n\t\t\t\t\t\t\t\t\t\t\t\t\t\t\t<li class=\"tribe-events-c-subscribe-dropdown__list-item tribe-events-c-subscribe-dropdown__list-item--outlook-365\">\n\t\t\t\t\t\t\t\t\t<a\n\t\t\t\t\t\t\t\t\t\thref=\"\"\n\t\t\t\t\t\t\t\t\t\tclass=\"tribe-events-c-subscribe-dropdown__list-item-link\"\n\t\t\t\t\t\t\t\t\t\ttarget=\"_blank\"\n\t\t\t\t\t\t\t\t\t\trel=\"noopener noreferrer nofollow noindex\"\n\t\t\t\t\t\t\t\t\t>\n\t\t\t\t\t\t\t\t\t\tOutlook 365\t\t\t\t\t\t\t\t\t<\/a>\n\t\t\t\t\t\t\t\t<\/li>\n\t\t\t\t\t\t\t\t\t\t\t\t\t\t\t<li class=\"tribe-events-c-subscribe-dropdown__list-item tribe-events-c-subscribe-dropdown__list-item--outlook-live\">\n\t\t\t\t\t\t\t\t\t<a\n\t\t\t\t\t\t\t\t\t\thref=\"\"\n\t\t\t\t\t\t\t\t\t\tclass=\"tribe-events-c-subscribe-dropdown__list-item-link\"\n\t\t\t\t\t\t\t\t\t\ttarget=\"_blank\"\n\t\t\t\t\t\t\t\t\t\trel=\"noopener noreferrer nofollow noindex\"\n\t\t\t\t\t\t\t\t\t>\n\t\t\t\t\t\t\t\t\t\tOutlook Live\t\t\t\t\t\t\t\t\t<\/a>\n\t\t\t\t\t\t\t\t<\/li>\n\t\t\t\t\t\t\t\t\t\t\t\t\t<\/ul>\n\t\t\t\t\t<\/div>\n\t\t\t\t<\/div>\n\t\t\t<\/div>\n\t\t<\/div>\n\t<\/div>\n\n\n\n<h2 class=\"tribe-block__related-events__title\">Related Events<\/h2>\n\n<ul  class=\"tribe-related-events tribe-clearfix\" >\n\t\t\t<li>\n\t\n<div class=\"tribe-related-events-thumbnail\">\n\t<a href=\"https:\/\/cafelapalma.com\/en\/programacion\/funkin-donuts\/\" class=\"url\" rel=\"bookmark\" tabindex=\"-1\" aria-hidden=\"true\"><img loading=\"lazy\" decoding=\"async\" width=\"693\" height=\"1040\" src=\"https:\/\/cafelapalma.com\/wp-content\/uploads\/2026\/07\/FD-vert2-bn-693x1040.jpg\" class=\"attachment-large size-large wp-post-image\" alt=\"\" \/><\/a>\n<\/div>\n\t<div class=\"tribe-related-event-info\">\n\t<h3 class=\"tribe-related-events-title\">\n\t\t<a href=\"https:\/\/cafelapalma.com\/en\/programacion\/funkin-donuts\/\" class=\"tribe-event-url\" rel=\"bookmark\">\n\t\t\tFUNKIN&#8217; DONUTS\t\t<\/a>\n\t<\/h3>\n\t<span class=\"tribe-event-date-start\">5  September@22:00<\/span><span class=\"tribe-event-time\">23:45<\/span><\/div>\n<\/li>\n\t\t\t<li>\n\t\n<div class=\"tribe-related-events-thumbnail\">\n\t<a href=\"https:\/\/cafelapalma.com\/en\/programacion\/backstage-le-petit-truffle-mayo\/\" class=\"url\" rel=\"bookmark\" tabindex=\"-1\" aria-hidden=\"true\"><img loading=\"lazy\" decoding=\"async\" width=\"780\" height=\"1040\" src=\"https:\/\/cafelapalma.com\/wp-content\/uploads\/2026\/07\/Imagen-TruffleMayo-LePetit-i-1-780x1040.png\" class=\"attachment-large size-large wp-post-image\" alt=\"\" \/><\/a>\n<\/div>\n\t<div class=\"tribe-related-event-info\">\n\t<h3 class=\"tribe-related-events-title\">\n\t\t<a href=\"https:\/\/cafelapalma.com\/en\/programacion\/backstage-le-petit-truffle-mayo\/\" class=\"tribe-event-url\" rel=\"bookmark\">\n\t\t\tBACKSTAGE: LE PETIT + TRUFFLE MAYO\t\t<\/a>\n\t<\/h3>\n\t<span class=\"tribe-event-date-start\">5  September@23:55<\/span><\/div>\n<\/li>\n\t\t\t<li>\n\t\n<div class=\"tribe-related-events-thumbnail\">\n\t<a href=\"https:\/\/cafelapalma.com\/en\/programacion\/willie-deville-concierto-benefico-x-venezuela\/\" class=\"url\" rel=\"bookmark\" tabindex=\"-1\" aria-hidden=\"true\"><img loading=\"lazy\" decoding=\"async\" width=\"1020\" height=\"531\" src=\"https:\/\/cafelapalma.com\/wp-content\/uploads\/2026\/08\/Willie-deville-1100x572-1-1040x541.jpg\" class=\"attachment-large size-large wp-post-image\" alt=\"\" \/><\/a>\n<\/div>\n\t<div class=\"tribe-related-event-info\">\n\t<h3 class=\"tribe-related-events-title\">\n\t\t<a href=\"https:\/\/cafelapalma.com\/en\/programacion\/willie-deville-concierto-benefico-x-venezuela\/\" class=\"tribe-event-url\" rel=\"bookmark\">\n\t\t\tWILLIE DEVILLE: CONCIERTO BEN\u00c9FICO X VENEZUELA\t\t<\/a>\n\t<\/h3>\n\t<span class=\"tribe-event-date-start\">6  September@21:00<\/span><span class=\"tribe-event-time\">23:45<\/span><\/div>\n<\/li>\n\t<\/ul>","protected":false},"excerpt":{"rendered":"<p>Sonido Club con su segunda edici\u00f3n es la propuesta de Gusano para devolver la mirada al dancefloor: m\u00fasica honesta, selecci\u00f3n abierta y un club entendido como espacio de movimiento. No hay g\u00e9neros fijos; hay energ\u00eda. Entre house, techno, electro, deep,breaks y sus desv\u00edos, buscamos una sesi\u00f3n que respire libertad y mantenga la pista en constante &hellip; <\/p>","protected":false},"author":2,"featured_media":33049,"template":"","meta":{"_tec_requires_first_save":false,"_uag_custom_page_level_css":"","loftloader_page_shortcode":"","_EventAllDay":false,"_EventTimezone":"Europe\/Madrid","_EventStartDate":"2026-01-17 23:55:00","_EventEndDate":"2026-01-17 23:55:00","_EventStartDateUTC":"2026-01-17 22:55:00","_EventEndDateUTC":"2026-01-17 22:55:00","_EventShowMap":false,"_EventShowMapLink":false,"_EventURL":"","_EventCost":"ENTRADA LIBRE","_EventCostDescription":"","_EventCurrencySymbol":"\u20ac","_EventCurrencyCode":"USD","_EventCurrencyPosition":"suffix","_EventDateTimeSeparator":"@","_EventTimeRangeSeparator":"-","_EventOrganizerID":[],"_EventVenueID":[],"_OrganizerEmail":"","_OrganizerPhone":"","_OrganizerWebsite":"","_VenueAddress":"","_VenueCity":"","_VenueCountry":"","_VenueProvince":"","_VenueState":"","_VenueZip":"","_VenuePhone":"","_VenueURL":"","_VenueStateProvince":"","_VenueLat":"","_VenueLng":"","_VenueShowMap":false,"_VenueShowMapLink":false,"_tribe_blocks_recurrence_rules":"","_tribe_blocks_recurrence_description":"","_tribe_blocks_recurrence_exclusions":"","_ecp_custom_2":"","_tribe_events_status":"","_tribe_events_status_reason":"","_tribe_events_is_hybrid":"","_tribe_events_is_virtual":"","_tribe_events_virtual_video_source":"","_tribe_events_virtual_embed_video":"","_tribe_events_virtual_linked_button_text":"","_tribe_events_virtual_linked_button":"","_tribe_events_virtual_show_embed_at":"","_tribe_events_virtual_show_embed_to":[],"_tribe_events_virtual_show_on_event":"","_tribe_events_virtual_show_on_views":"","_tribe_events_virtual_url":"","footnotes":""},"tags":[1363,2865,9147,9146,13926,18241,9226,9227,9317,1357,779,9309,18239,18083,18240,18087],"tribe_events_cat":[8964],"class_list":["post-33043","tribe_events","type-tribe_events","status-publish","has-post-thumbnail","hentry","tag-cafe-la-palma","tag-conciertos-cafe-la-palma","tag-conciertos-madrid","tag-conciertos-malasana","tag-contigo","tag-diggz","tag-djs-madrid","tag-djs-malasana","tag-electro","tag-electronica","tag-funk","tag-house","tag-jose-vera","tag-posada","tag-rony-finkel","tag-sonido-club","tribe_events_cat-clubbing","cat_clubbing"],"uagb_featured_image_src":{"full":["https:\/\/cafelapalma.com\/wp-content\/uploads\/2026\/01\/palma-flyer-ig-post-size-1.png",1080,1440,false],"thumbnail":["https:\/\/cafelapalma.com\/wp-content\/uploads\/2026\/01\/palma-flyer-ig-post-size-1-150x150.png",150,150,true],"medium":["https:\/\/cafelapalma.com\/wp-content\/uploads\/2026\/01\/palma-flyer-ig-post-size-1-225x300.png",225,300,true],"medium_large":["https:\/\/cafelapalma.com\/wp-content\/uploads\/2026\/01\/palma-flyer-ig-post-size-1-768x1024.png",768,1024,true],"large":["https:\/\/cafelapalma.com\/wp-content\/uploads\/2026\/01\/palma-flyer-ig-post-size-1-780x1040.png",780,1040,true],"1536x1536":["https:\/\/cafelapalma.com\/wp-content\/uploads\/2026\/01\/palma-flyer-ig-post-size-1.png",1080,1440,false],"2048x2048":["https:\/\/cafelapalma.com\/wp-content\/uploads\/2026\/01\/palma-flyer-ig-post-size-1.png",1080,1440,false],"trp-custom-language-flag":["https:\/\/cafelapalma.com\/wp-content\/uploads\/2026\/01\/palma-flyer-ig-post-size-1-9x12.png",9,12,true],"blossom-feminine-slider":["https:\/\/cafelapalma.com\/wp-content\/uploads\/2026\/01\/palma-flyer-ig-post-size-1-1080x649.png",1080,649,true],"blossom-feminine-featured":["https:\/\/cafelapalma.com\/wp-content\/uploads\/2026\/01\/palma-flyer-ig-post-size-1-1080x600.png",1080,600,true],"blossom-feminine-with-sidebar":["https:\/\/cafelapalma.com\/wp-content\/uploads\/2026\/01\/palma-flyer-ig-post-size-1-1020x600.png",1020,600,true],"blossom-feminine-blog":["https:\/\/cafelapalma.com\/wp-content\/uploads\/2026\/01\/palma-flyer-ig-post-size-1-435x435.png",435,435,true],"blossom-feminine-cat":["https:\/\/cafelapalma.com\/wp-content\/uploads\/2026\/01\/palma-flyer-ig-post-size-1-450x300.png",450,300,true],"blossom-feminine-related":["https:\/\/cafelapalma.com\/wp-content\/uploads\/2026\/01\/palma-flyer-ig-post-size-1-320x200.png",320,200,true],"blossom-feminine-schema":["https:\/\/cafelapalma.com\/wp-content\/uploads\/2026\/01\/palma-flyer-ig-post-size-1-45x60.png",45,60,true]},"uagb_author_info":{"display_name":"Victor","author_link":"https:\/\/cafelapalma.com\/en\/author\/comunicacion\/"},"uagb_comment_info":0,"uagb_excerpt":"Sonido Club con su segunda edici\u00f3n es la propuesta de Gusano para devolver la mirada al dancefloor: m\u00fasica honesta, selecci\u00f3n abierta y un club entendido como espacio de movimiento. No hay g\u00e9neros fijos; hay energ\u00eda. Entre house, techno, electro, deep,breaks y sus desv\u00edos, buscamos una sesi\u00f3n que respire libertad y mantenga la pista en constante&hellip;","_links":{"self":[{"href":"https:\/\/cafelapalma.com\/en\/wp-json\/wp\/v2\/tribe_events\/33043","targetHints":{"allow":["GET"]}}],"collection":[{"href":"https:\/\/cafelapalma.com\/en\/wp-json\/wp\/v2\/tribe_events"}],"about":[{"href":"https:\/\/cafelapalma.com\/en\/wp-json\/wp\/v2\/types\/tribe_events"}],"author":[{"embeddable":true,"href":"https:\/\/cafelapalma.com\/en\/wp-json\/wp\/v2\/users\/2"}],"version-history":[{"count":0,"href":"https:\/\/cafelapalma.com\/en\/wp-json\/wp\/v2\/tribe_events\/33043\/revisions"}],"wp:featuredmedia":[{"embeddable":true,"href":"https:\/\/cafelapalma.com\/en\/wp-json\/wp\/v2\/media\/33049"}],"wp:attachment":[{"href":"https:\/\/cafelapalma.com\/en\/wp-json\/wp\/v2\/media?parent=33043"}],"wp:term":[{"taxonomy":"post_tag","embeddable":true,"href":"https:\/\/cafelapalma.com\/en\/wp-json\/wp\/v2\/tags?post=33043"},{"taxonomy":"tribe_events_cat","embeddable":true,"href":"https:\/\/cafelapalma.com\/en\/wp-json\/wp\/v2\/tribe_events_cat?post=33043"}],"curies":[{"name":"wp","href":"https:\/\/api.w.org\/{rel}","templated":true}]}}