{"id":33078,"date":"2026-01-09T13:13:08","date_gmt":"2026-01-09T12:13:08","guid":{"rendered":"https:\/\/cafelapalma.com\/?post_type=tribe_events&#038;p=33078"},"modified":"2026-03-20T12:29:54","modified_gmt":"2026-03-20T11:29:54","slug":"suu-a-solas-abril","status":"publish","type":"tribe_events","link":"https:\/\/cafelapalma.com\/en\/programacion\/suu-a-solas-abril\/","title":{"rendered":"SUU: A SOLAS"},"content":{"rendered":"<div  class=\"tribe-events-schedule tribe-clearfix\" >\n\t<p class=\"tribe-events-schedule__datetime\">\n\t\t<span class=\"tribe-events-schedule__date tribe-events-schedule__date--start\">\n\t\t\t29  April\t\t<\/span>\n\n\t\t\t\t\t<span class=\"tribe-events-schedule__separator tribe-events-schedule__separator--date\">\n\t\t\t\t@\t\t\t<\/span>\n\t\t\t<span class=\"tribe-events-schedule__time tribe-events-schedule__time--start\">\n\t\t\t\t21:00\t\t\t<\/span>\n\t\t\n\t\t\t\t\t\t\t\t\t<span class=\"tribe-events-schedule__separator tribe-events-schedule__separator--time\">\n\t\t\t\t\t&#8211;\t\t\t\t<\/span>\n\t\t\t\n\t\t\t\t\t\t\t<span class=\"tribe-events-schedule__time tribe-events-schedule__time--end\">\n\t\t\t\t\t23:45\t\t\t\t<\/span>\n\t\t\t\n\t\t\t\t\t\t<\/p>\n<\/div>\n\n\n<div  class=\"tribe-block tribe-block__event-price\" >\n\t\t\t<span class=\"tribe-block__event-price__cost\"> 15\u20ac <\/span>\n\t\t\t\t<span class=\"tribe-block__event-price__description\">+ gg Anticipada | 18\u20ac Taquilla<\/span>\n\t<\/div>\n\n\n\n<div style=\"height:100px\" aria-hidden=\"true\" class=\"wp-block-spacer\"><\/div>\n\n\n\n<div class=\"wp-block-columns is-layout-flex wp-container-core-columns-is-layout-8f761849 wp-block-columns-is-layout-flex\">\n<div class=\"wp-block-column is-layout-flow wp-block-column-is-layout-flow\" style=\"flex-basis:33.33%\">\n<figure class=\"wp-block-image size-large\"><img loading=\"lazy\" decoding=\"async\" width=\"832\" height=\"1040\" src=\"https:\/\/cafelapalma.com\/wp-content\/uploads\/2026\/01\/SUU-MADRID-29.04-1-832x1040.png\" alt=\"\" class=\"wp-image-33079\" srcset=\"https:\/\/cafelapalma.com\/wp-content\/uploads\/2026\/01\/SUU-MADRID-29.04-1-832x1040.png 832w, https:\/\/cafelapalma.com\/wp-content\/uploads\/2026\/01\/SUU-MADRID-29.04-1-240x300.png 240w, https:\/\/cafelapalma.com\/wp-content\/uploads\/2026\/01\/SUU-MADRID-29.04-1-768x960.png 768w, https:\/\/cafelapalma.com\/wp-content\/uploads\/2026\/01\/SUU-MADRID-29.04-1-10x12.png 10w, https:\/\/cafelapalma.com\/wp-content\/uploads\/2026\/01\/SUU-MADRID-29.04-1-48x60.png 48w, https:\/\/cafelapalma.com\/wp-content\/uploads\/2026\/01\/SUU-MADRID-29.04-1.png 1080w\" sizes=\"auto, (max-width: 832px) 100vw, 832px\" \/><\/figure>\n\n\n<div  class=\"tribe-block tribe-block__event-website\" >\n\t<a\n\t\thref=\"https:\/\/www.notikumi.com\/channel\/cafe-la-palma\/2026\/4\/29\/suu\"\n\t\ttarget=\"_self\"\n\t\t\t>\n\t\tBUY TICKETS\t<\/a>\n<\/div>\n<\/div>\n\n\n\n<div class=\"wp-block-column is-layout-flow wp-block-column-is-layout-flow\" style=\"flex-basis:66.66%\">\n<div style=\"height:100px\" aria-hidden=\"true\" class=\"wp-block-spacer\"><\/div>\n\n\n\n<p class=\"has-text-align-left wp-block-paragraph\">Desde que&nbsp;<strong>Suu&nbsp;<\/strong>irrumpi\u00f3 en los escenarios, su precoz talento la ha posicionado como la principal abanderada del pop femenino de la escena espa\u00f1ola. Con tan solo 25 a\u00f1os, la cantante de Barcelona nos ha cautivado a lo largo de cuatro discos publicados y m\u00e1s de 400 conciertos. Una trayectoria mete\u00f3rica que le ha valido mover a un p\u00fablico de masas: m\u00e1s de 215K seguidores en Instagram, millones de escuchas acumuladas en las plataformas digitales y 2 discos de oro por \u201c<strong>Eres un temazo<\/strong>\u201d y \u201c<strong>Tant de bo<\/strong>\u201d.<\/p>\n\n\n\n<p class=\"has-text-align-left wp-block-paragraph\">Tras acompa\u00f1ar los conciertos catalanes de&nbsp;<strong>La Oreja de Van Gogh<\/strong>&nbsp;y un deslumbrante 2025 presentando su nuevo disco \u201c<strong>Material Sensible<\/strong>\u201d, con una gira que la ha llevado por todos los rincones de la pen\u00ednsula Ib\u00e9rica, y firmando junto a&nbsp;<strong>Carlos Sadness<\/strong>&nbsp;\u201cUn rayito\u201d, la canci\u00f3n oficial de la serie de Dulceida. Este 2026 la ya llamada \u201creina del pop\u201d volver\u00e1 a enamorarnos con nuevos hits y una gira en la que podremos disfrutar de su carisma y ternura, tanto en los grandes escenarios, reafirmando su esp\u00edritu m\u00e1s festivo, como en los espacios m\u00e1s \u00edntimos con la gira ac\u00fastica \u201c<strong>A Solas<\/strong>\u201d.<\/p>\n\n\n\n<p class=\"has-text-align-right wp-block-paragraph\"><a href=\"https:\/\/open.spotify.com\/intl-es\/artist\/7He3EH9c66ZwBtIMHGdyIA?si=tiRHsnaDSUqEZ7DL89-I3w\"><em>Listen to&nbsp;<\/em><strong>SUU&nbsp;<\/strong><em>in&nbsp;<\/em><strong>Spotify<\/strong><\/a><\/p>\n<\/div>\n<\/div>\n\n\n<h2 class=\"tribe-block__related-events__title\">Related Events<\/h2>\n\n<ul  class=\"tribe-related-events tribe-clearfix\" >\n\t\t\t<li>\n\t\n<div class=\"tribe-related-events-thumbnail\">\n\t<a href=\"https:\/\/cafelapalma.com\/en\/programacion\/funkin-donuts\/\" class=\"url\" rel=\"bookmark\" tabindex=\"-1\" aria-hidden=\"true\"><img loading=\"lazy\" decoding=\"async\" width=\"693\" height=\"1040\" src=\"https:\/\/cafelapalma.com\/wp-content\/uploads\/2026\/07\/FD-vert2-bn-693x1040.jpg\" class=\"attachment-large size-large wp-post-image\" alt=\"\" \/><\/a>\n<\/div>\n\t<div class=\"tribe-related-event-info\">\n\t<h3 class=\"tribe-related-events-title\">\n\t\t<a href=\"https:\/\/cafelapalma.com\/en\/programacion\/funkin-donuts\/\" class=\"tribe-event-url\" rel=\"bookmark\">\n\t\t\tFUNKIN&#8217; DONUTS\t\t<\/a>\n\t<\/h3>\n\t<span class=\"tribe-event-date-start\">5  September@22:00<\/span><span class=\"tribe-event-time\">23:45<\/span><\/div>\n<\/li>\n\t\t\t<li>\n\t\n<div class=\"tribe-related-events-thumbnail\">\n\t<a href=\"https:\/\/cafelapalma.com\/en\/programacion\/backstage-le-petit-truffle-mayo\/\" class=\"url\" rel=\"bookmark\" tabindex=\"-1\" aria-hidden=\"true\"><img loading=\"lazy\" decoding=\"async\" width=\"780\" height=\"1040\" src=\"https:\/\/cafelapalma.com\/wp-content\/uploads\/2026\/07\/Imagen-TruffleMayo-LePetit-i-1-780x1040.png\" class=\"attachment-large size-large wp-post-image\" alt=\"\" \/><\/a>\n<\/div>\n\t<div class=\"tribe-related-event-info\">\n\t<h3 class=\"tribe-related-events-title\">\n\t\t<a href=\"https:\/\/cafelapalma.com\/en\/programacion\/backstage-le-petit-truffle-mayo\/\" class=\"tribe-event-url\" rel=\"bookmark\">\n\t\t\tBACKSTAGE: LE PETIT + TRUFFLE MAYO\t\t<\/a>\n\t<\/h3>\n\t<span class=\"tribe-event-date-start\">5  September@23:55<\/span><\/div>\n<\/li>\n\t\t\t<li>\n\t\n<div class=\"tribe-related-events-thumbnail\">\n\t<a href=\"https:\/\/cafelapalma.com\/en\/programacion\/willie-deville-concierto-benefico-x-venezuela\/\" class=\"url\" rel=\"bookmark\" tabindex=\"-1\" aria-hidden=\"true\"><img loading=\"lazy\" decoding=\"async\" width=\"1020\" height=\"531\" src=\"https:\/\/cafelapalma.com\/wp-content\/uploads\/2026\/08\/Willie-deville-1100x572-1-1040x541.jpg\" class=\"attachment-large size-large wp-post-image\" alt=\"\" \/><\/a>\n<\/div>\n\t<div class=\"tribe-related-event-info\">\n\t<h3 class=\"tribe-related-events-title\">\n\t\t<a href=\"https:\/\/cafelapalma.com\/en\/programacion\/willie-deville-concierto-benefico-x-venezuela\/\" class=\"tribe-event-url\" rel=\"bookmark\">\n\t\t\tWILLIE DEVILLE: CONCIERTO BEN\u00c9FICO X VENEZUELA\t\t<\/a>\n\t<\/h3>\n\t<span class=\"tribe-event-date-start\">6  September@21:00<\/span><span class=\"tribe-event-time\">23:45<\/span><\/div>\n<\/li>\n\t<\/ul>","protected":false},"excerpt":{"rendered":"<p>Desde que&nbsp;Suu&nbsp;irrumpi\u00f3 en los escenarios, su precoz talento la ha posicionado como la principal abanderada del pop femenino de la escena espa\u00f1ola. Con tan solo 25 a\u00f1os, la cantante de Barcelona nos ha cautivado a lo largo de cuatro discos publicados y m\u00e1s de 400 conciertos. Una trayectoria mete\u00f3rica que le ha valido mover a &hellip; <\/p>","protected":false},"author":2,"featured_media":31675,"template":"","meta":{"_tec_requires_first_save":false,"_uag_custom_page_level_css":"","loftloader_page_shortcode":"","_EventAllDay":false,"_EventTimezone":"Europe\/Madrid","_EventStartDate":"2026-04-29 21:00:00","_EventEndDate":"2026-04-29 23:45:00","_EventStartDateUTC":"2026-04-29 19:00:00","_EventEndDateUTC":"2026-04-29 21:45:00","_EventShowMap":false,"_EventShowMapLink":false,"_EventURL":"https:\/\/www.notikumi.com\/channel\/cafe-la-palma\/2026\/4\/29\/suu","_EventCost":"15","_EventCostDescription":"","_EventCurrencySymbol":"\u20ac","_EventCurrencyCode":"USD","_EventCurrencyPosition":"suffix","_EventDateTimeSeparator":"@","_EventTimeRangeSeparator":"-","_EventOrganizerID":[],"_EventVenueID":[],"_OrganizerEmail":"","_OrganizerPhone":"","_OrganizerWebsite":"","_VenueAddress":"","_VenueCity":"","_VenueCountry":"","_VenueProvince":"","_VenueState":"","_VenueZip":"","_VenuePhone":"","_VenueURL":"","_VenueStateProvince":"","_VenueLat":"","_VenueLng":"","_VenueShowMap":false,"_VenueShowMapLink":false,"_tribe_blocks_recurrence_rules":"","_tribe_blocks_recurrence_description":"","_tribe_blocks_recurrence_exclusions":"","_ecp_custom_2":"","_tribe_events_status":"","_tribe_events_status_reason":"","_tribe_events_is_hybrid":"","_tribe_events_is_virtual":"","_tribe_events_virtual_video_source":"","_tribe_events_virtual_embed_video":"","_tribe_events_virtual_linked_button_text":"","_tribe_events_virtual_linked_button":"","_tribe_events_virtual_show_embed_at":"","_tribe_events_virtual_show_embed_to":[],"_tribe_events_virtual_show_on_event":"","_tribe_events_virtual_show_on_views":"","_tribe_events_virtual_url":"","footnotes":""},"tags":[1363,18249,2865,9147,9146,15006,8970,1355,14988,17901],"tribe_events_cat":[8963],"class_list":["post-33078","tribe_events","type-tribe_events","status-publish","has-post-thumbnail","hentry","tag-cafe-la-palma","tag-cantautora","tag-conciertos-cafe-la-palma","tag-conciertos-madrid","tag-conciertos-malasana","tag-eres-un-temazo","tag-indie","tag-pop","tag-suu","tag-tant-de-bo","tribe_events_cat-concierto","cat_concierto"],"uagb_featured_image_src":{"full":["https:\/\/cafelapalma.com\/wp-content\/uploads\/2025\/07\/SUU-PICLOW-1-scaled-e1769425912360.jpg",2000,1030,false],"thumbnail":["https:\/\/cafelapalma.com\/wp-content\/uploads\/2025\/07\/SUU-PICLOW-1-scaled-e1769425912360-150x150.jpg",150,150,true],"medium":["https:\/\/cafelapalma.com\/wp-content\/uploads\/2025\/07\/SUU-PICLOW-1-scaled-e1769425912360-300x155.jpg",300,155,true],"medium_large":["https:\/\/cafelapalma.com\/wp-content\/uploads\/2025\/07\/SUU-PICLOW-1-scaled-e1769425912360-768x396.jpg",768,396,true],"large":["https:\/\/cafelapalma.com\/wp-content\/uploads\/2025\/07\/SUU-PICLOW-1-scaled-e1769425912360-1040x536.jpg",1020,526,true],"1536x1536":["https:\/\/cafelapalma.com\/wp-content\/uploads\/2025\/07\/SUU-PICLOW-1-scaled-e1769425912360-1536x791.jpg",1536,791,true],"2048x2048":["https:\/\/cafelapalma.com\/wp-content\/uploads\/2025\/07\/SUU-PICLOW-1-1365x2048.jpg",1365,2048,true],"trp-custom-language-flag":["https:\/\/cafelapalma.com\/wp-content\/uploads\/2025\/07\/SUU-PICLOW-1-scaled-e1769425912360-18x9.jpg",18,9,true],"blossom-feminine-slider":["https:\/\/cafelapalma.com\/wp-content\/uploads\/2025\/07\/SUU-PICLOW-1-scaled-e1769425912360-1920x649.jpg",1920,649,true],"blossom-feminine-featured":["https:\/\/cafelapalma.com\/wp-content\/uploads\/2025\/07\/SUU-PICLOW-1-scaled-e1769425912360-1410x600.jpg",1410,600,true],"blossom-feminine-with-sidebar":["https:\/\/cafelapalma.com\/wp-content\/uploads\/2025\/07\/SUU-PICLOW-1-scaled-e1769425912360-1020x600.jpg",1020,600,true],"blossom-feminine-blog":["https:\/\/cafelapalma.com\/wp-content\/uploads\/2025\/07\/SUU-PICLOW-1-scaled-e1769425912360-435x435.jpg",435,435,true],"blossom-feminine-cat":["https:\/\/cafelapalma.com\/wp-content\/uploads\/2025\/07\/SUU-PICLOW-1-scaled-e1769425912360-450x300.jpg",450,300,true],"blossom-feminine-related":["https:\/\/cafelapalma.com\/wp-content\/uploads\/2025\/07\/SUU-PICLOW-1-scaled-e1769425912360-320x200.jpg",320,200,true],"blossom-feminine-schema":["https:\/\/cafelapalma.com\/wp-content\/uploads\/2025\/07\/SUU-PICLOW-1-scaled-e1769425912360-117x60.jpg",117,60,true]},"uagb_author_info":{"display_name":"Victor","author_link":"https:\/\/cafelapalma.com\/en\/author\/comunicacion\/"},"uagb_comment_info":0,"uagb_excerpt":"Desde que&nbsp;Suu&nbsp;irrumpi\u00f3 en los escenarios, su precoz talento la ha posicionado como la principal abanderada del pop femenino de la escena espa\u00f1ola. Con tan solo 25 a\u00f1os, la cantante de Barcelona nos ha cautivado a lo largo de cuatro discos publicados y m\u00e1s de 400 conciertos. Una trayectoria mete\u00f3rica que le ha valido mover a&hellip;","_links":{"self":[{"href":"https:\/\/cafelapalma.com\/en\/wp-json\/wp\/v2\/tribe_events\/33078","targetHints":{"allow":["GET"]}}],"collection":[{"href":"https:\/\/cafelapalma.com\/en\/wp-json\/wp\/v2\/tribe_events"}],"about":[{"href":"https:\/\/cafelapalma.com\/en\/wp-json\/wp\/v2\/types\/tribe_events"}],"author":[{"embeddable":true,"href":"https:\/\/cafelapalma.com\/en\/wp-json\/wp\/v2\/users\/2"}],"version-history":[{"count":0,"href":"https:\/\/cafelapalma.com\/en\/wp-json\/wp\/v2\/tribe_events\/33078\/revisions"}],"wp:featuredmedia":[{"embeddable":true,"href":"https:\/\/cafelapalma.com\/en\/wp-json\/wp\/v2\/media\/31675"}],"wp:attachment":[{"href":"https:\/\/cafelapalma.com\/en\/wp-json\/wp\/v2\/media?parent=33078"}],"wp:term":[{"taxonomy":"post_tag","embeddable":true,"href":"https:\/\/cafelapalma.com\/en\/wp-json\/wp\/v2\/tags?post=33078"},{"taxonomy":"tribe_events_cat","embeddable":true,"href":"https:\/\/cafelapalma.com\/en\/wp-json\/wp\/v2\/tribe_events_cat?post=33078"}],"curies":[{"name":"wp","href":"https:\/\/api.w.org\/{rel}","templated":true}]}}