{"id":33085,"date":"2026-01-10T12:12:41","date_gmt":"2026-01-10T11:12:41","guid":{"rendered":"https:\/\/cafelapalma.com\/?post_type=tribe_events&#038;p=33085"},"modified":"2026-02-02T10:23:00","modified_gmt":"2026-02-02T09:23:00","slug":"carnamal-te-quiero-lorena-bobbit-rick-brendan","status":"publish","type":"tribe_events","link":"https:\/\/cafelapalma.com\/en\/programacion\/carnamal-te-quiero-lorena-bobbit-rick-brendan\/","title":{"rendered":"CARNAMAL, TE QUIERO: LORENA BOBBITT + RICK BRENDAN"},"content":{"rendered":"<div  class=\"tribe-events-schedule tribe-clearfix\" >\n\t<p class=\"tribe-events-schedule__datetime\">\n\t\t<span class=\"tribe-events-schedule__date tribe-events-schedule__date--start\">\n\t\t\t14  February\t\t<\/span>\n\n\t\t\t\t\t<span class=\"tribe-events-schedule__separator tribe-events-schedule__separator--date\">\n\t\t\t\t@\t\t\t<\/span>\n\t\t\t<span class=\"tribe-events-schedule__time tribe-events-schedule__time--start\">\n\t\t\t\t21:30\t\t\t<\/span>\n\t\t\n\t\t\t\t\t\t\t\t\t<span class=\"tribe-events-schedule__separator tribe-events-schedule__separator--time\">\n\t\t\t\t\t&#8211;\t\t\t\t<\/span>\n\t\t\t\n\t\t\t\t\t\t\t<span class=\"tribe-events-schedule__time tribe-events-schedule__time--end\">\n\t\t\t\t\t23:45\t\t\t\t<\/span>\n\t\t\t\n\t\t\t\t\t\t<\/p>\n<\/div>\n\n\n<div  class=\"tribe-block tribe-block__event-price\" >\n\t\t\t<span class=\"tribe-block__event-price__cost\"> 10\u20ac <\/span>\n\t\t\t\t<span class=\"tribe-block__event-price__description\">+ gg Anticipada | 12\u20ac Taquilla<\/span>\n\t<\/div>\n\n\n\n<div style=\"height:100px\" aria-hidden=\"true\" class=\"wp-block-spacer\"><\/div>\n\n\n\n<div class=\"wp-block-columns is-layout-flex wp-container-core-columns-is-layout-8f761849 wp-block-columns-is-layout-flex\">\n<div class=\"wp-block-column is-layout-flow wp-block-column-is-layout-flow\" style=\"flex-basis:33.33%\">\n<figure class=\"wp-block-image size-large\"><img loading=\"lazy\" decoding=\"async\" width=\"1040\" height=\"1040\" src=\"https:\/\/cafelapalma.com\/wp-content\/uploads\/2026\/01\/CARNAMAL-1080x1080-V3-1040x1040.jpg\" alt=\"\" class=\"wp-image-33086\" srcset=\"https:\/\/cafelapalma.com\/wp-content\/uploads\/2026\/01\/CARNAMAL-1080x1080-V3-1040x1040.jpg 1040w, https:\/\/cafelapalma.com\/wp-content\/uploads\/2026\/01\/CARNAMAL-1080x1080-V3-300x300.jpg 300w, https:\/\/cafelapalma.com\/wp-content\/uploads\/2026\/01\/CARNAMAL-1080x1080-V3-150x150.jpg 150w, https:\/\/cafelapalma.com\/wp-content\/uploads\/2026\/01\/CARNAMAL-1080x1080-V3-768x768.jpg 768w, https:\/\/cafelapalma.com\/wp-content\/uploads\/2026\/01\/CARNAMAL-1080x1080-V3-12x12.jpg 12w, https:\/\/cafelapalma.com\/wp-content\/uploads\/2026\/01\/CARNAMAL-1080x1080-V3-435x435.jpg 435w, https:\/\/cafelapalma.com\/wp-content\/uploads\/2026\/01\/CARNAMAL-1080x1080-V3-60x60.jpg 60w, https:\/\/cafelapalma.com\/wp-content\/uploads\/2026\/01\/CARNAMAL-1080x1080-V3.jpg 1080w\" sizes=\"auto, (max-width: 1040px) 100vw, 1040px\" \/><\/figure>\n\n\n<div  class=\"tribe-block tribe-block__event-website\" >\n\t<a\n\t\thref=\"https:\/\/www.notikumi.com\/channel\/cafe-la-palma\/2026\/2\/14\/carnamal-te-quiero-lorena-bobbitt-rick-brendan\"\n\t\ttarget=\"_self\"\n\t\t\t>\n\t\tBUY TICKETS\t<\/a>\n<\/div>\n<\/div>\n\n\n\n<div class=\"wp-block-column is-layout-flow wp-block-column-is-layout-flow\" style=\"flex-basis:66.66%\">\n<p class=\"has-text-align-left wp-block-paragraph\">Eres de los que sigue cantando \u201cen el mundo entero\u201d directamente despu\u00e9s del \u201ctututututututu\u201d de \u201cCarnaval, Carnaval\u201d del Maestro Dann? Pues bien, hay una frase antes en todas las estrofas. Te ha servido de algo esta informaci\u00f3n? Seguro que no, porque es absolutamente inservible y no la necesitar\u00e1s en la noche m\u00e1s rom\u00e1nticamente cachonda del a\u00f1o, \u201cCarnamal, Te quiero\u201d en la que solo tendr\u00e1s que venir, disfrazarte de la manera m\u00e1s vergonzosa que entiendas y disfrutar como una rata en los contenedores del McDonalds.<\/p>\n\n\n\n<p class=\"has-text-align-left wp-block-paragraph\">Un a\u00f1o m\u00e1s, tendremos las actuaciones estelares de <strong>RICK BRENDAN aka \u201cEl Dr. Amor<\/strong>\u00ab, que vuelve a la carga junto a su banda en la noche en la que el desenfreno del Carnaval se pone a tiro de las flechas de San Valent\u00edn\u2026&nbsp;<\/p>\n\n\n\n<p class=\"has-text-align-left wp-block-paragraph\">Y de <strong>Lorena Bobbitt<\/strong>, que a camino entre el punk y la copla, estar\u00e1n presentando por 4\u00aa vez su ya \u00e9xito atemporal \u201cMuy Mal\u201d y seguramente alguna que otra canci\u00f3n. Comentan que adem\u00e1s tendr\u00e1n, en exclusiva, un precioso vinilo&nbsp; a la venta con sus dos primeros singles para que puedas regal\u00e1rselo a la persona que m\u00e1s odies.<\/p>\n\n\n\n<p class=\"has-text-align-left wp-block-paragraph\">Despu\u00e9s, tendremos a los platos a <strong>Las Perras de Agua Dj\u2019s<\/strong>, con su eclecticismo sin sentido. A <strong>DJ Marginal<\/strong>, el \u00fanico DJ con gafas de cerca, su caos musical que va del funk y el EBM a remezclas extremas (Celine Dion a 180 bpm incluida). Y para cerrar, a <strong>Dj Jamematen<\/strong>, mezclando house y break beat o eso se cree \u00e9l.<\/p>\n\n\n\n<p class=\"has-text-align-left wp-block-paragraph\">\u00bfQu\u00e9 puede salir mal? No importa, \u00a1es CARNAMAL!<\/p>\n<\/div>\n<\/div>\n\n\n\n<div style=\"height:100px\" aria-hidden=\"true\" class=\"wp-block-spacer\"><\/div>\n\n\n<h2 class=\"tribe-block__related-events__title\">Related Events<\/h2>\n\n<ul  class=\"tribe-related-events tribe-clearfix\" >\n\t\t\t<li>\n\t\n<div class=\"tribe-related-events-thumbnail\">\n\t<a href=\"https:\/\/cafelapalma.com\/en\/programacion\/funkin-donuts\/\" class=\"url\" rel=\"bookmark\" tabindex=\"-1\" aria-hidden=\"true\"><img loading=\"lazy\" decoding=\"async\" width=\"693\" height=\"1040\" src=\"https:\/\/cafelapalma.com\/wp-content\/uploads\/2026\/07\/FD-vert2-bn-693x1040.jpg\" class=\"attachment-large size-large wp-post-image\" alt=\"\" \/><\/a>\n<\/div>\n\t<div class=\"tribe-related-event-info\">\n\t<h3 class=\"tribe-related-events-title\">\n\t\t<a href=\"https:\/\/cafelapalma.com\/en\/programacion\/funkin-donuts\/\" class=\"tribe-event-url\" rel=\"bookmark\">\n\t\t\tFUNKIN&#8217; DONUTS\t\t<\/a>\n\t<\/h3>\n\t<span class=\"tribe-event-date-start\">5  September@22:00<\/span><span class=\"tribe-event-time\">23:45<\/span><\/div>\n<\/li>\n\t\t\t<li>\n\t\n<div class=\"tribe-related-events-thumbnail\">\n\t<a href=\"https:\/\/cafelapalma.com\/en\/programacion\/backstage-le-petit-truffle-mayo\/\" class=\"url\" rel=\"bookmark\" tabindex=\"-1\" aria-hidden=\"true\"><img loading=\"lazy\" decoding=\"async\" width=\"780\" height=\"1040\" src=\"https:\/\/cafelapalma.com\/wp-content\/uploads\/2026\/07\/Imagen-TruffleMayo-LePetit-i-1-780x1040.png\" class=\"attachment-large size-large wp-post-image\" alt=\"\" \/><\/a>\n<\/div>\n\t<div class=\"tribe-related-event-info\">\n\t<h3 class=\"tribe-related-events-title\">\n\t\t<a href=\"https:\/\/cafelapalma.com\/en\/programacion\/backstage-le-petit-truffle-mayo\/\" class=\"tribe-event-url\" rel=\"bookmark\">\n\t\t\tBACKSTAGE: LE PETIT + TRUFFLE MAYO\t\t<\/a>\n\t<\/h3>\n\t<span class=\"tribe-event-date-start\">5  September@23:55<\/span><\/div>\n<\/li>\n\t\t\t<li>\n\t\n<div class=\"tribe-related-events-thumbnail\">\n\t<a href=\"https:\/\/cafelapalma.com\/en\/programacion\/willie-deville-concierto-benefico-x-venezuela\/\" class=\"url\" rel=\"bookmark\" tabindex=\"-1\" aria-hidden=\"true\"><img loading=\"lazy\" decoding=\"async\" width=\"1020\" height=\"531\" src=\"https:\/\/cafelapalma.com\/wp-content\/uploads\/2026\/08\/Willie-deville-1100x572-1-1040x541.jpg\" class=\"attachment-large size-large wp-post-image\" alt=\"\" \/><\/a>\n<\/div>\n\t<div class=\"tribe-related-event-info\">\n\t<h3 class=\"tribe-related-events-title\">\n\t\t<a href=\"https:\/\/cafelapalma.com\/en\/programacion\/willie-deville-concierto-benefico-x-venezuela\/\" class=\"tribe-event-url\" rel=\"bookmark\">\n\t\t\tWILLIE DEVILLE: CONCIERTO BEN\u00c9FICO X VENEZUELA\t\t<\/a>\n\t<\/h3>\n\t<span class=\"tribe-event-date-start\">6  September@21:00<\/span><span class=\"tribe-event-time\">23:45<\/span><\/div>\n<\/li>\n\t<\/ul>","protected":false},"excerpt":{"rendered":"<p>Eres de los que sigue cantando \u201cen el mundo entero\u201d directamente despu\u00e9s del \u201ctututututututu\u201d de \u201cCarnaval, Carnaval\u201d del Maestro Dann? Pues bien, hay una frase antes en todas las estrofas. Te ha servido de algo esta informaci\u00f3n? Seguro que no, porque es absolutamente inservible y no la necesitar\u00e1s en la noche m\u00e1s rom\u00e1nticamente cachonda del &hellip; <\/p>","protected":false},"author":2,"featured_media":33086,"template":"","meta":{"_tec_requires_first_save":false,"_uag_custom_page_level_css":"","loftloader_page_shortcode":"","_EventAllDay":false,"_EventTimezone":"Europe\/Madrid","_EventStartDate":"2026-02-14 21:30:00","_EventEndDate":"2026-02-14 23:45:00","_EventStartDateUTC":"2026-02-14 20:30:00","_EventEndDateUTC":"2026-02-14 22:45:00","_EventShowMap":false,"_EventShowMapLink":false,"_EventURL":"https:\/\/www.notikumi.com\/channel\/cafe-la-palma\/2026\/2\/14\/carnamal-te-quiero-lorena-bobbitt-rick-brendan","_EventCost":"10","_EventCostDescription":"","_EventCurrencySymbol":"\u20ac","_EventCurrencyCode":"USD","_EventCurrencyPosition":"suffix","_EventDateTimeSeparator":"@","_EventTimeRangeSeparator":"-","_EventOrganizerID":[],"_EventVenueID":[],"_OrganizerEmail":"","_OrganizerPhone":"","_OrganizerWebsite":"","_VenueAddress":"","_VenueCity":"","_VenueCountry":"","_VenueProvince":"","_VenueState":"","_VenueZip":"","_VenuePhone":"","_VenueURL":"","_VenueStateProvince":"","_VenueLat":"","_VenueLng":"","_VenueShowMap":false,"_VenueShowMapLink":false,"_tribe_blocks_recurrence_rules":"","_tribe_blocks_recurrence_description":"","_tribe_blocks_recurrence_exclusions":"","_ecp_custom_2":"","_tribe_events_status":"","_tribe_events_status_reason":"","_tribe_events_is_hybrid":"","_tribe_events_is_virtual":"","_tribe_events_virtual_video_source":"","_tribe_events_virtual_embed_video":"","_tribe_events_virtual_linked_button_text":"","_tribe_events_virtual_linked_button":"","_tribe_events_virtual_show_embed_at":"","_tribe_events_virtual_show_embed_to":[],"_tribe_events_virtual_show_on_event":"","_tribe_events_virtual_show_on_views":"","_tribe_events_virtual_url":"","footnotes":""},"tags":[1363,15082,2865,9147,9146,18250,1481,15088,18251],"tribe_events_cat":[8963],"class_list":["post-33085","tribe_events","type-tribe_events","status-publish","has-post-thumbnail","hentry","tag-cafe-la-palma","tag-carnamal","tag-conciertos-cafe-la-palma","tag-conciertos-madrid","tag-conciertos-malasana","tag-lorena-bobbit","tag-punk","tag-rick-brendan","tag-san-valentin","tribe_events_cat-concierto","cat_concierto"],"uagb_featured_image_src":{"full":["https:\/\/cafelapalma.com\/wp-content\/uploads\/2026\/01\/CARNAMAL-1080x1080-V3.jpg",1080,1080,false],"thumbnail":["https:\/\/cafelapalma.com\/wp-content\/uploads\/2026\/01\/CARNAMAL-1080x1080-V3-150x150.jpg",150,150,true],"medium":["https:\/\/cafelapalma.com\/wp-content\/uploads\/2026\/01\/CARNAMAL-1080x1080-V3-300x300.jpg",300,300,true],"medium_large":["https:\/\/cafelapalma.com\/wp-content\/uploads\/2026\/01\/CARNAMAL-1080x1080-V3-768x768.jpg",768,768,true],"large":["https:\/\/cafelapalma.com\/wp-content\/uploads\/2026\/01\/CARNAMAL-1080x1080-V3-1040x1040.jpg",1020,1020,true],"1536x1536":["https:\/\/cafelapalma.com\/wp-content\/uploads\/2026\/01\/CARNAMAL-1080x1080-V3.jpg",1080,1080,false],"2048x2048":["https:\/\/cafelapalma.com\/wp-content\/uploads\/2026\/01\/CARNAMAL-1080x1080-V3.jpg",1080,1080,false],"trp-custom-language-flag":["https:\/\/cafelapalma.com\/wp-content\/uploads\/2026\/01\/CARNAMAL-1080x1080-V3-12x12.jpg",12,12,true],"blossom-feminine-slider":["https:\/\/cafelapalma.com\/wp-content\/uploads\/2026\/01\/CARNAMAL-1080x1080-V3-1080x649.jpg",1080,649,true],"blossom-feminine-featured":["https:\/\/cafelapalma.com\/wp-content\/uploads\/2026\/01\/CARNAMAL-1080x1080-V3-1080x600.jpg",1080,600,true],"blossom-feminine-with-sidebar":["https:\/\/cafelapalma.com\/wp-content\/uploads\/2026\/01\/CARNAMAL-1080x1080-V3-1020x600.jpg",1020,600,true],"blossom-feminine-blog":["https:\/\/cafelapalma.com\/wp-content\/uploads\/2026\/01\/CARNAMAL-1080x1080-V3-435x435.jpg",435,435,true],"blossom-feminine-cat":["https:\/\/cafelapalma.com\/wp-content\/uploads\/2026\/01\/CARNAMAL-1080x1080-V3-450x300.jpg",450,300,true],"blossom-feminine-related":["https:\/\/cafelapalma.com\/wp-content\/uploads\/2026\/01\/CARNAMAL-1080x1080-V3-320x200.jpg",320,200,true],"blossom-feminine-schema":["https:\/\/cafelapalma.com\/wp-content\/uploads\/2026\/01\/CARNAMAL-1080x1080-V3-60x60.jpg",60,60,true]},"uagb_author_info":{"display_name":"Victor","author_link":"https:\/\/cafelapalma.com\/en\/author\/comunicacion\/"},"uagb_comment_info":0,"uagb_excerpt":"Eres de los que sigue cantando \u201cen el mundo entero\u201d directamente despu\u00e9s del \u201ctututututututu\u201d de \u201cCarnaval, Carnaval\u201d del Maestro Dann? Pues bien, hay una frase antes en todas las estrofas. Te ha servido de algo esta informaci\u00f3n? Seguro que no, porque es absolutamente inservible y no la necesitar\u00e1s en la noche m\u00e1s rom\u00e1nticamente cachonda del&hellip;","_links":{"self":[{"href":"https:\/\/cafelapalma.com\/en\/wp-json\/wp\/v2\/tribe_events\/33085","targetHints":{"allow":["GET"]}}],"collection":[{"href":"https:\/\/cafelapalma.com\/en\/wp-json\/wp\/v2\/tribe_events"}],"about":[{"href":"https:\/\/cafelapalma.com\/en\/wp-json\/wp\/v2\/types\/tribe_events"}],"author":[{"embeddable":true,"href":"https:\/\/cafelapalma.com\/en\/wp-json\/wp\/v2\/users\/2"}],"version-history":[{"count":0,"href":"https:\/\/cafelapalma.com\/en\/wp-json\/wp\/v2\/tribe_events\/33085\/revisions"}],"wp:featuredmedia":[{"embeddable":true,"href":"https:\/\/cafelapalma.com\/en\/wp-json\/wp\/v2\/media\/33086"}],"wp:attachment":[{"href":"https:\/\/cafelapalma.com\/en\/wp-json\/wp\/v2\/media?parent=33085"}],"wp:term":[{"taxonomy":"post_tag","embeddable":true,"href":"https:\/\/cafelapalma.com\/en\/wp-json\/wp\/v2\/tags?post=33085"},{"taxonomy":"tribe_events_cat","embeddable":true,"href":"https:\/\/cafelapalma.com\/en\/wp-json\/wp\/v2\/tribe_events_cat?post=33085"}],"curies":[{"name":"wp","href":"https:\/\/api.w.org\/{rel}","templated":true}]}}