{"id":33098,"date":"2026-01-14T14:24:15","date_gmt":"2026-01-14T13:24:15","guid":{"rendered":"https:\/\/cafelapalma.com\/?post_type=tribe_events&#038;p=33098"},"modified":"2026-01-14T14:24:38","modified_gmt":"2026-01-14T13:24:38","slug":"la-reina-mora-y-kas-rules-listening-party-de-la-matadora","status":"publish","type":"tribe_events","link":"https:\/\/cafelapalma.com\/en\/programacion\/la-reina-mora-y-kas-rules-listening-party-de-la-matadora\/","title":{"rendered":"LA REINA MORA Y KAS RULES: LISTENING PARTY DE LA MATADORA"},"content":{"rendered":"<div  class=\"tribe-events-schedule tribe-clearfix\" >\n\t<p class=\"tribe-events-schedule__datetime\">\n\t\t<span class=\"tribe-events-schedule__date tribe-events-schedule__date--start\">\n\t\t\t11  February\t\t<\/span>\n\n\t\t\t\t\t<span class=\"tribe-events-schedule__separator tribe-events-schedule__separator--date\">\n\t\t\t\t@\t\t\t<\/span>\n\t\t\t<span class=\"tribe-events-schedule__time tribe-events-schedule__time--start\">\n\t\t\t\t21:00\t\t\t<\/span>\n\t\t\n\t\t\t\t\t\t\t\t\t<span class=\"tribe-events-schedule__separator tribe-events-schedule__separator--time\">\n\t\t\t\t\t&#8211;\t\t\t\t<\/span>\n\t\t\t\n\t\t\t\t\t\t\t<span class=\"tribe-events-schedule__time tribe-events-schedule__time--end\">\n\t\t\t\t\t23:45\t\t\t\t<\/span>\n\t\t\t\n\t\t\t\t\t\t<\/p>\n<\/div>\n\n\n<div  class=\"tribe-block tribe-block__event-price\" >\n\t\t\t<span class=\"tribe-block__event-price__cost\"> SOLO CON INVITACI\u00d3N <\/span>\n\t\t<\/div>\n\n\n\n<div style=\"height:100px\" aria-hidden=\"true\" class=\"wp-block-spacer\"><\/div>\n\n\n\n<div class=\"wp-block-columns is-layout-flex wp-container-core-columns-is-layout-8f761849 wp-block-columns-is-layout-flex\">\n<div class=\"wp-block-column is-layout-flow wp-block-column-is-layout-flow\" style=\"flex-basis:33.33%\">\n<figure class=\"wp-block-image size-large\"><img loading=\"lazy\" decoding=\"async\" width=\"736\" height=\"1040\" src=\"https:\/\/cafelapalma.com\/wp-content\/uploads\/2026\/01\/poster-madrid-reina-mora-kas-rules-v5-1-1-736x1040.jpg\" alt=\"\" class=\"wp-image-33099\" srcset=\"https:\/\/cafelapalma.com\/wp-content\/uploads\/2026\/01\/poster-madrid-reina-mora-kas-rules-v5-1-1-736x1040.jpg 736w, https:\/\/cafelapalma.com\/wp-content\/uploads\/2026\/01\/poster-madrid-reina-mora-kas-rules-v5-1-1-212x300.jpg 212w, https:\/\/cafelapalma.com\/wp-content\/uploads\/2026\/01\/poster-madrid-reina-mora-kas-rules-v5-1-1-768x1086.jpg 768w, https:\/\/cafelapalma.com\/wp-content\/uploads\/2026\/01\/poster-madrid-reina-mora-kas-rules-v5-1-1-8x12.jpg 8w, https:\/\/cafelapalma.com\/wp-content\/uploads\/2026\/01\/poster-madrid-reina-mora-kas-rules-v5-1-1-42x60.jpg 42w, https:\/\/cafelapalma.com\/wp-content\/uploads\/2026\/01\/poster-madrid-reina-mora-kas-rules-v5-1-1.jpg 877w\" sizes=\"auto, (max-width: 736px) 100vw, 736px\" \/><\/figure>\n<\/div>\n\n\n\n<div class=\"wp-block-column is-layout-flow wp-block-column-is-layout-flow\" style=\"flex-basis:66.66%\">\n<div style=\"height:100px\" aria-hidden=\"true\" class=\"wp-block-spacer\"><\/div>\n\n\n\n<p class=\"has-text-align-left wp-block-paragraph\"><strong>La Reina Mora<\/strong>, artista de origen marroqu\u00ed, nacida en C\u00f3rdoba y criada en M\u00e1laga, y <strong>Kas Rules<\/strong>, productor nacido y criado en la ciudad de M\u00e1laga, unen fuerzas en un proyecto que nace desde la ra\u00edz del underground. Con estilos personales, vers\u00e1tiles y muy marcados que combinan el rap m\u00e1s crudo con el mel\u00f3dico, tanto en la voz como en la instrumental, llevan casi tres a\u00f1os dando forma a un \u00e1lbum intenso, honesto y sin filtros. Tras conocerse hace cuatro a\u00f1os, decidieron crear un trabajo que habla de lo real, de lo que duele y de lo que pesa. Hoy presentan <strong>LA MATADORA<\/strong>, un \u00e1lbum que no viene a gustar: viene a dejar huella.<\/p>\n\n\n\n<p class=\"has-text-align-right wp-block-paragraph\"><a href=\"https:\/\/www.instagram.com\/lareinamora808\/\"><em>Sigue a <\/em><strong>LA REINA MORA <\/strong><em>in <\/em><strong>Instagram<\/strong><\/a><\/p>\n\n\n\n<p class=\"has-text-align-right wp-block-paragraph\"><a href=\"https:\/\/www.instagram.com\/kas.rules\/\"><em>Sigue a<\/em> <strong>Kas Rules<\/strong> <em>in <\/em><strong>Instagram<\/strong><\/a><br><\/p>\n<\/div>\n<\/div>\n\n\n\n<div style=\"height:100px\" aria-hidden=\"true\" class=\"wp-block-spacer\"><\/div>\n\n\n<h2 class=\"tribe-block__related-events__title\">Related Events<\/h2>\n\n<ul  class=\"tribe-related-events tribe-clearfix\" >\n\t\t\t<li>\n\t\n<div class=\"tribe-related-events-thumbnail\">\n\t<a href=\"https:\/\/cafelapalma.com\/en\/programacion\/vertice-marta-canosa\/\" class=\"url\" rel=\"bookmark\" tabindex=\"-1\" aria-hidden=\"true\"><img loading=\"lazy\" decoding=\"async\" width=\"736\" height=\"1040\" src=\"https:\/\/cafelapalma.com\/wp-content\/uploads\/2026\/06\/Cartel_Vertice_Cafelapalma_Impresion_page-0001-1-736x1040.jpg\" class=\"attachment-large size-large wp-post-image\" alt=\"\" \/><\/a>\n<\/div>\n\t<div class=\"tribe-related-event-info\">\n\t<h3 class=\"tribe-related-events-title\">\n\t\t<a href=\"https:\/\/cafelapalma.com\/en\/programacion\/vertice-marta-canosa\/\" class=\"tribe-event-url\" rel=\"bookmark\">\n\t\t\tV\u00c9RTICE + MARTA CANOSA\t\t<\/a>\n\t<\/h3>\n\t<span class=\"tribe-event-date-start\">4  September@21:30<\/span><span class=\"tribe-event-time\">23:45<\/span><\/div>\n<\/li>\n\t\t\t<li>\n\t\n<div class=\"tribe-related-events-thumbnail\">\n\t<a href=\"https:\/\/cafelapalma.com\/en\/programacion\/vodu-lady-pina-israel-gil\/\" class=\"url\" rel=\"bookmark\" tabindex=\"-1\" aria-hidden=\"true\"><img loading=\"lazy\" decoding=\"async\" width=\"1020\" height=\"680\" src=\"https:\/\/cafelapalma.com\/wp-content\/uploads\/2026\/07\/Lady2-1040x693.jpg\" class=\"attachment-large size-large wp-post-image\" alt=\"\" \/><\/a>\n<\/div>\n\t<div class=\"tribe-related-event-info\">\n\t<h3 class=\"tribe-related-events-title\">\n\t\t<a href=\"https:\/\/cafelapalma.com\/en\/programacion\/vodu-lady-pina-israel-gil\/\" class=\"tribe-event-url\" rel=\"bookmark\">\n\t\t\tVOD\u00da: LADY PI\u00d1A + ISRAEL GIL\t\t<\/a>\n\t<\/h3>\n\t<span class=\"tribe-event-date-start\">4  September@23:55<\/span><\/div>\n<\/li>\n\t\t\t<li>\n\t\n<div class=\"tribe-related-events-thumbnail\">\n\t<a href=\"https:\/\/cafelapalma.com\/en\/programacion\/funkin-donuts\/\" class=\"url\" rel=\"bookmark\" tabindex=\"-1\" aria-hidden=\"true\"><img loading=\"lazy\" decoding=\"async\" width=\"693\" height=\"1040\" src=\"https:\/\/cafelapalma.com\/wp-content\/uploads\/2026\/07\/FD-vert2-bn-693x1040.jpg\" class=\"attachment-large size-large wp-post-image\" alt=\"\" \/><\/a>\n<\/div>\n\t<div class=\"tribe-related-event-info\">\n\t<h3 class=\"tribe-related-events-title\">\n\t\t<a href=\"https:\/\/cafelapalma.com\/en\/programacion\/funkin-donuts\/\" class=\"tribe-event-url\" rel=\"bookmark\">\n\t\t\tFUNKIN&#8217; DONUTS\t\t<\/a>\n\t<\/h3>\n\t<span class=\"tribe-event-date-start\">5  September@22:00<\/span><span class=\"tribe-event-time\">23:45<\/span><\/div>\n<\/li>\n\t<\/ul>","protected":false},"excerpt":{"rendered":"<p>La Reina Mora, artista de origen marroqu\u00ed, nacida en C\u00f3rdoba y criada en M\u00e1laga, y Kas Rules, productor nacido y criado en la ciudad de M\u00e1laga, unen fuerzas en un proyecto que nace desde la ra\u00edz del underground. Con estilos personales, vers\u00e1tiles y muy marcados que combinan el rap m\u00e1s crudo con el mel\u00f3dico, tanto &hellip; <\/p>","protected":false},"author":2,"featured_media":33100,"template":"","meta":{"_tec_requires_first_save":false,"_uag_custom_page_level_css":"","loftloader_page_shortcode":"","_EventAllDay":false,"_EventTimezone":"Europe\/Madrid","_EventStartDate":"2026-02-11 21:00:00","_EventEndDate":"2026-02-11 23:45:00","_EventStartDateUTC":"2026-02-11 20:00:00","_EventEndDateUTC":"2026-02-11 22:45:00","_EventShowMap":false,"_EventShowMapLink":false,"_EventURL":"","_EventCost":"SOLO CON INVITACI\u00d3N","_EventCostDescription":"","_EventCurrencySymbol":"\u20ac","_EventCurrencyCode":"USD","_EventCurrencyPosition":"suffix","_EventDateTimeSeparator":"@","_EventTimeRangeSeparator":"-","_EventOrganizerID":[],"_EventVenueID":[],"_OrganizerEmail":"","_OrganizerPhone":"","_OrganizerWebsite":"","_VenueAddress":"","_VenueCity":"","_VenueCountry":"","_VenueProvince":"","_VenueState":"","_VenueZip":"","_VenuePhone":"","_VenueURL":"","_VenueStateProvince":"","_VenueLat":"","_VenueLng":"","_VenueShowMap":false,"_VenueShowMapLink":false,"_tribe_blocks_recurrence_rules":"","_tribe_blocks_recurrence_description":"","_tribe_blocks_recurrence_exclusions":"","_ecp_custom_2":"","_tribe_events_status":"","_tribe_events_status_reason":"","_tribe_events_is_hybrid":"","_tribe_events_is_virtual":"","_tribe_events_virtual_video_source":"","_tribe_events_virtual_embed_video":"","_tribe_events_virtual_linked_button_text":"","_tribe_events_virtual_linked_button":"","_tribe_events_virtual_show_embed_at":"","_tribe_events_virtual_show_embed_to":[],"_tribe_events_virtual_show_on_event":"","_tribe_events_virtual_show_on_views":"","_tribe_events_virtual_url":"","footnotes":""},"tags":[1363,8869,2865,9146,17227,18255,18256,16397,2395],"tribe_events_cat":[8963],"class_list":["post-33098","tribe_events","type-tribe_events","status-publish","has-post-thumbnail","hentry","tag-cafe-la-palma","tag-cafe-la-palma-2","tag-conciertos-cafe-la-palma","tag-conciertos-malasana","tag-kas-rules","tag-la-matadora","tag-la-reina-mora","tag-listening-party","tag-rap","tribe_events_cat-concierto","cat_concierto"],"uagb_featured_image_src":{"full":["https:\/\/cafelapalma.com\/wp-content\/uploads\/2026\/01\/WhatsApp-Image-2025-12-22-at-09.22.09.jpeg",1392,2048,false],"thumbnail":["https:\/\/cafelapalma.com\/wp-content\/uploads\/2026\/01\/WhatsApp-Image-2025-12-22-at-09.22.09-150x150.jpeg",150,150,true],"medium":["https:\/\/cafelapalma.com\/wp-content\/uploads\/2026\/01\/WhatsApp-Image-2025-12-22-at-09.22.09-204x300.jpeg",204,300,true],"medium_large":["https:\/\/cafelapalma.com\/wp-content\/uploads\/2026\/01\/WhatsApp-Image-2025-12-22-at-09.22.09-768x1130.jpeg",768,1130,true],"large":["https:\/\/cafelapalma.com\/wp-content\/uploads\/2026\/01\/WhatsApp-Image-2025-12-22-at-09.22.09-707x1040.jpeg",707,1040,true],"1536x1536":["https:\/\/cafelapalma.com\/wp-content\/uploads\/2026\/01\/WhatsApp-Image-2025-12-22-at-09.22.09-1044x1536.jpeg",1044,1536,true],"2048x2048":["https:\/\/cafelapalma.com\/wp-content\/uploads\/2026\/01\/WhatsApp-Image-2025-12-22-at-09.22.09.jpeg",1392,2048,false],"trp-custom-language-flag":["https:\/\/cafelapalma.com\/wp-content\/uploads\/2026\/01\/WhatsApp-Image-2025-12-22-at-09.22.09-8x12.jpeg",8,12,true],"blossom-feminine-slider":["https:\/\/cafelapalma.com\/wp-content\/uploads\/2026\/01\/WhatsApp-Image-2025-12-22-at-09.22.09-1392x649.jpeg",1392,649,true],"blossom-feminine-featured":["https:\/\/cafelapalma.com\/wp-content\/uploads\/2026\/01\/WhatsApp-Image-2025-12-22-at-09.22.09-1392x600.jpeg",1392,600,true],"blossom-feminine-with-sidebar":["https:\/\/cafelapalma.com\/wp-content\/uploads\/2026\/01\/WhatsApp-Image-2025-12-22-at-09.22.09-1020x600.jpeg",1020,600,true],"blossom-feminine-blog":["https:\/\/cafelapalma.com\/wp-content\/uploads\/2026\/01\/WhatsApp-Image-2025-12-22-at-09.22.09-435x435.jpeg",435,435,true],"blossom-feminine-cat":["https:\/\/cafelapalma.com\/wp-content\/uploads\/2026\/01\/WhatsApp-Image-2025-12-22-at-09.22.09-450x300.jpeg",450,300,true],"blossom-feminine-related":["https:\/\/cafelapalma.com\/wp-content\/uploads\/2026\/01\/WhatsApp-Image-2025-12-22-at-09.22.09-320x200.jpeg",320,200,true],"blossom-feminine-schema":["https:\/\/cafelapalma.com\/wp-content\/uploads\/2026\/01\/WhatsApp-Image-2025-12-22-at-09.22.09-41x60.jpeg",41,60,true]},"uagb_author_info":{"display_name":"Victor","author_link":"https:\/\/cafelapalma.com\/en\/author\/comunicacion\/"},"uagb_comment_info":0,"uagb_excerpt":"La Reina Mora, artista de origen marroqu\u00ed, nacida en C\u00f3rdoba y criada en M\u00e1laga, y Kas Rules, productor nacido y criado en la ciudad de M\u00e1laga, unen fuerzas en un proyecto que nace desde la ra\u00edz del underground. Con estilos personales, vers\u00e1tiles y muy marcados que combinan el rap m\u00e1s crudo con el mel\u00f3dico, tanto&hellip;","_links":{"self":[{"href":"https:\/\/cafelapalma.com\/en\/wp-json\/wp\/v2\/tribe_events\/33098","targetHints":{"allow":["GET"]}}],"collection":[{"href":"https:\/\/cafelapalma.com\/en\/wp-json\/wp\/v2\/tribe_events"}],"about":[{"href":"https:\/\/cafelapalma.com\/en\/wp-json\/wp\/v2\/types\/tribe_events"}],"author":[{"embeddable":true,"href":"https:\/\/cafelapalma.com\/en\/wp-json\/wp\/v2\/users\/2"}],"version-history":[{"count":0,"href":"https:\/\/cafelapalma.com\/en\/wp-json\/wp\/v2\/tribe_events\/33098\/revisions"}],"wp:featuredmedia":[{"embeddable":true,"href":"https:\/\/cafelapalma.com\/en\/wp-json\/wp\/v2\/media\/33100"}],"wp:attachment":[{"href":"https:\/\/cafelapalma.com\/en\/wp-json\/wp\/v2\/media?parent=33098"}],"wp:term":[{"taxonomy":"post_tag","embeddable":true,"href":"https:\/\/cafelapalma.com\/en\/wp-json\/wp\/v2\/tags?post=33098"},{"taxonomy":"tribe_events_cat","embeddable":true,"href":"https:\/\/cafelapalma.com\/en\/wp-json\/wp\/v2\/tribe_events_cat?post=33098"}],"curies":[{"name":"wp","href":"https:\/\/api.w.org\/{rel}","templated":true}]}}