{"id":33146,"date":"2026-01-20T09:59:42","date_gmt":"2026-01-20T08:59:42","guid":{"rendered":"https:\/\/cafelapalma.com\/?post_type=tribe_events&#038;p=33146"},"modified":"2026-02-02T10:23:44","modified_gmt":"2026-02-02T09:23:44","slug":"danzer-fer-xplosion-kamboya-lafette-calero","status":"publish","type":"tribe_events","link":"https:\/\/cafelapalma.com\/en\/programacion\/danzer-fer-xplosion-kamboya-lafette-calero\/","title":{"rendered":"DANZER: FER XPLOSION + KAMBOYA + LAFETTE + CALERO"},"content":{"rendered":"<div  class=\"tribe-events-schedule tribe-clearfix\" >\n\t<p class=\"tribe-events-schedule__datetime\">\n\t\t<span class=\"tribe-events-schedule__date tribe-events-schedule__date--start\">\n\t\t\t21  February\t\t<\/span>\n\n\t\t\t\t\t<span class=\"tribe-events-schedule__separator tribe-events-schedule__separator--date\">\n\t\t\t\t@\t\t\t<\/span>\n\t\t\t<span class=\"tribe-events-schedule__time tribe-events-schedule__time--start\">\n\t\t\t\t23:55\t\t\t<\/span>\n\t\t\n\t\t\t<\/p>\n<\/div>\n\n\n<div  class=\"tribe-block tribe-block__event-price\" >\n\t\t\t<span class=\"tribe-block__event-price__cost\"> ENTRADA LIBRE <\/span>\n\t\t\t\t<span class=\"tribe-block__event-price__description\">hasta la 01:00 | 13\u20ac taquilla de 01:00 a 03:00 (incluye UNA COPA o DOS CERVEZAS) | 15\u20ac taquilla de 03:00 a cierre (incluye UNA COPA).<\/span>\n\t<\/div>\n\n\n\n<div style=\"height:100px\" aria-hidden=\"true\" class=\"wp-block-spacer\"><\/div>\n\n\n\n<div class=\"wp-block-columns is-layout-flex wp-container-core-columns-is-layout-8f761849 wp-block-columns-is-layout-flex\">\n<div class=\"wp-block-column is-layout-flow wp-block-column-is-layout-flow\" style=\"flex-basis:33.33%\">\n<figure class=\"wp-block-image size-large\"><img loading=\"lazy\" decoding=\"async\" width=\"736\" height=\"1040\" src=\"https:\/\/cafelapalma.com\/wp-content\/uploads\/2026\/01\/DANZER10-a3_page-0001-736x1040.jpg\" alt=\"\" class=\"wp-image-33147\" srcset=\"https:\/\/cafelapalma.com\/wp-content\/uploads\/2026\/01\/DANZER10-a3_page-0001-736x1040.jpg 736w, https:\/\/cafelapalma.com\/wp-content\/uploads\/2026\/01\/DANZER10-a3_page-0001-212x300.jpg 212w, https:\/\/cafelapalma.com\/wp-content\/uploads\/2026\/01\/DANZER10-a3_page-0001-768x1085.jpg 768w, https:\/\/cafelapalma.com\/wp-content\/uploads\/2026\/01\/DANZER10-a3_page-0001-1087x1536.jpg 1087w, https:\/\/cafelapalma.com\/wp-content\/uploads\/2026\/01\/DANZER10-a3_page-0001-1449x2048.jpg 1449w, https:\/\/cafelapalma.com\/wp-content\/uploads\/2026\/01\/DANZER10-a3_page-0001-8x12.jpg 8w, https:\/\/cafelapalma.com\/wp-content\/uploads\/2026\/01\/DANZER10-a3_page-0001-42x60.jpg 42w, https:\/\/cafelapalma.com\/wp-content\/uploads\/2026\/01\/DANZER10-a3_page-0001.jpg 1755w\" sizes=\"auto, (max-width: 736px) 100vw, 736px\" \/><\/figure>\n<\/div>\n\n\n\n<div class=\"wp-block-column is-layout-flow wp-block-column-is-layout-flow\" style=\"flex-basis:66.66%\">\n<div style=\"height:100px\" aria-hidden=\"true\" class=\"wp-block-spacer\"><\/div>\n\n\n\n<p class=\"has-text-align-left wp-block-paragraph\"><strong>DANZER <\/strong>trae cada mes lo m\u00e1s nuevo y bailable del indie-dance, nu-disco y future-house.<\/p>\n\n\n\n<p class=\"has-text-align-left wp-block-paragraph\">Los residentes <strong>CALERO<\/strong>, <strong>KAMBOYA <\/strong>y <strong>LAFETTE <\/strong>siguen agitando la pista del <strong>CAF\u00c9 LA PALMA<\/strong> creando nuevos adeptos fiesta tras fiesta.<\/p>\n\n\n\n<p class=\"has-text-align-left wp-block-paragraph\">Para combatir el fr\u00edo de febrero hemos preparado una sesi\u00f3n para sudar de lo lindo y os traemos a alguien muy querido por los \u201cdanzers\u201d, <strong>FER XPLOSION<\/strong>.<\/p>\n\n\n\n<p class=\"has-text-align-left wp-block-paragraph\">Activista musical y figura hiperactiva de la noche madrile\u00f1a a trav\u00e9s de sus facetas como dj, promotor y programador, ha pasado por pr\u00e1cticamente todas las salas por las que hay que pasar en la capital y destaca por su personal y ecl\u00e9ctico estilo, basado en el disco, italo, cosmic, electr\u00f3nica, synth, new wave, trance, techno, house o EBM.<\/p>\n\n\n\n<p class=\"has-text-align-left wp-block-paragraph\">De su amplio curr\u00edculum podemos contar que es co-creador de sesiones como \u00bbLa casa del \u00c1cido\u00bb ( Acid House 90\u2019s Rave) y \u00bbSqualo Club\u00bb ( Italo, cosmic, balearic, house) y que actualmente es residente en El S\u00f3tano, La Gloria (Club Malasa\u00f1a) e Intruso Club.<\/p>\n\n\n\n<p class=\"has-text-align-right wp-block-paragraph\"><a href=\"https:\/\/www.instagram.com\/danzerdanzerdanzer\/\"><em>Sigue a<\/em> <strong>DANZER <\/strong><em>in <\/em><strong>Instagram.<\/strong><\/a><\/p>\n<\/div>\n<\/div>\n\n\n\n<div style=\"height:100px\" aria-hidden=\"true\" class=\"wp-block-spacer\"><\/div>\n\n\n<h2 class=\"tribe-block__related-events__title\">Related Events<\/h2>\n\n<ul  class=\"tribe-related-events tribe-clearfix\" >\n\t\t\t<li>\n\t\n<div class=\"tribe-related-events-thumbnail\">\n\t<a href=\"https:\/\/cafelapalma.com\/en\/programacion\/funkin-donuts\/\" class=\"url\" rel=\"bookmark\" tabindex=\"-1\" aria-hidden=\"true\"><img loading=\"lazy\" decoding=\"async\" width=\"693\" height=\"1040\" src=\"https:\/\/cafelapalma.com\/wp-content\/uploads\/2026\/07\/FD-vert2-bn-693x1040.jpg\" class=\"attachment-large size-large wp-post-image\" alt=\"\" \/><\/a>\n<\/div>\n\t<div class=\"tribe-related-event-info\">\n\t<h3 class=\"tribe-related-events-title\">\n\t\t<a href=\"https:\/\/cafelapalma.com\/en\/programacion\/funkin-donuts\/\" class=\"tribe-event-url\" rel=\"bookmark\">\n\t\t\tFUNKIN&#8217; DONUTS\t\t<\/a>\n\t<\/h3>\n\t<span class=\"tribe-event-date-start\">5  September@22:00<\/span><span class=\"tribe-event-time\">23:45<\/span><\/div>\n<\/li>\n\t\t\t<li>\n\t\n<div class=\"tribe-related-events-thumbnail\">\n\t<a href=\"https:\/\/cafelapalma.com\/en\/programacion\/backstage-le-petit-truffle-mayo\/\" class=\"url\" rel=\"bookmark\" tabindex=\"-1\" aria-hidden=\"true\"><img loading=\"lazy\" decoding=\"async\" width=\"780\" height=\"1040\" src=\"https:\/\/cafelapalma.com\/wp-content\/uploads\/2026\/07\/Imagen-TruffleMayo-LePetit-i-1-780x1040.png\" class=\"attachment-large size-large wp-post-image\" alt=\"\" \/><\/a>\n<\/div>\n\t<div class=\"tribe-related-event-info\">\n\t<h3 class=\"tribe-related-events-title\">\n\t\t<a href=\"https:\/\/cafelapalma.com\/en\/programacion\/backstage-le-petit-truffle-mayo\/\" class=\"tribe-event-url\" rel=\"bookmark\">\n\t\t\tBACKSTAGE: LE PETIT + TRUFFLE MAYO\t\t<\/a>\n\t<\/h3>\n\t<span class=\"tribe-event-date-start\">5  September@23:55<\/span><\/div>\n<\/li>\n\t\t\t<li>\n\t\n<div class=\"tribe-related-events-thumbnail\">\n\t<a href=\"https:\/\/cafelapalma.com\/en\/programacion\/willie-deville-concierto-benefico-x-venezuela\/\" class=\"url\" rel=\"bookmark\" tabindex=\"-1\" aria-hidden=\"true\"><img loading=\"lazy\" decoding=\"async\" width=\"1020\" height=\"531\" src=\"https:\/\/cafelapalma.com\/wp-content\/uploads\/2026\/08\/Willie-deville-1100x572-1-1040x541.jpg\" class=\"attachment-large size-large wp-post-image\" alt=\"\" \/><\/a>\n<\/div>\n\t<div class=\"tribe-related-event-info\">\n\t<h3 class=\"tribe-related-events-title\">\n\t\t<a href=\"https:\/\/cafelapalma.com\/en\/programacion\/willie-deville-concierto-benefico-x-venezuela\/\" class=\"tribe-event-url\" rel=\"bookmark\">\n\t\t\tWILLIE DEVILLE: CONCIERTO BEN\u00c9FICO X VENEZUELA\t\t<\/a>\n\t<\/h3>\n\t<span class=\"tribe-event-date-start\">6  September@21:00<\/span><span class=\"tribe-event-time\">23:45<\/span><\/div>\n<\/li>\n\t<\/ul>","protected":false},"excerpt":{"rendered":"<p>DANZER trae cada mes lo m\u00e1s nuevo y bailable del indie-dance, nu-disco y future-house. Los residentes CALERO, KAMBOYA y LAFETTE siguen agitando la pista del CAF\u00c9 LA PALMA creando nuevos adeptos fiesta tras fiesta. Para combatir el fr\u00edo de febrero hemos preparado una sesi\u00f3n para sudar de lo lindo y os traemos a alguien muy &hellip; <\/p>","protected":false},"author":2,"featured_media":33147,"template":"","meta":{"_tec_requires_first_save":false,"_uag_custom_page_level_css":"","loftloader_page_shortcode":"","_EventAllDay":false,"_EventTimezone":"Europe\/Madrid","_EventStartDate":"2026-02-21 23:55:00","_EventEndDate":"2026-02-21 23:55:00","_EventStartDateUTC":"2026-02-21 22:55:00","_EventEndDateUTC":"2026-02-21 22:55:00","_EventShowMap":false,"_EventShowMapLink":false,"_EventURL":"","_EventCost":"ENTRADA LIBRE","_EventCostDescription":"","_EventCurrencySymbol":"\u20ac","_EventCurrencyCode":"USD","_EventCurrencyPosition":"suffix","_EventDateTimeSeparator":"@","_EventTimeRangeSeparator":"-","_EventOrganizerID":[],"_EventVenueID":[],"_OrganizerEmail":"","_OrganizerPhone":"","_OrganizerWebsite":"","_VenueAddress":"","_VenueCity":"","_VenueCountry":"","_VenueProvince":"","_VenueState":"","_VenueZip":"","_VenuePhone":"","_VenueURL":"","_VenueStateProvince":"","_VenueLat":"","_VenueLng":"","_VenueShowMap":false,"_VenueShowMapLink":false,"_tribe_blocks_recurrence_rules":"","_tribe_blocks_recurrence_description":"","_tribe_blocks_recurrence_exclusions":"","_ecp_custom_2":"","_tribe_events_status":"","_tribe_events_status_reason":"","_tribe_events_is_hybrid":"","_tribe_events_is_virtual":"","_tribe_events_virtual_video_source":"","_tribe_events_virtual_embed_video":"","_tribe_events_virtual_linked_button_text":"","_tribe_events_virtual_linked_button":"","_tribe_events_virtual_show_embed_at":"","_tribe_events_virtual_show_embed_to":[],"_tribe_events_virtual_show_on_event":"","_tribe_events_virtual_show_on_views":"","_tribe_events_virtual_url":"","footnotes":""},"tags":[1363,8869,9225,18110,9147,9146,17420,9847,9226,9227,9394,1357,17556,9309,9549,17421,16132,776],"tribe_events_cat":[8964],"class_list":["post-33146","tribe_events","type-tribe_events","status-publish","has-post-thumbnail","hentry","tag-cafe-la-palma","tag-cafe-la-palma-2","tag-cafe-la-palma-clubbing","tag-calero","tag-conciertos-madrid","tag-conciertos-malasana","tag-danzer","tag-disco","tag-djs-madrid","tag-djs-malasana","tag-ebm","tag-electronica","tag-fer-xplosion","tag-house","tag-indie-dance","tag-kamboya","tag-lafette","tag-techno","tribe_events_cat-clubbing","cat_clubbing"],"uagb_featured_image_src":{"full":["https:\/\/cafelapalma.com\/wp-content\/uploads\/2026\/01\/DANZER10-a3_page-0001.jpg",1755,2480,false],"thumbnail":["https:\/\/cafelapalma.com\/wp-content\/uploads\/2026\/01\/DANZER10-a3_page-0001-150x150.jpg",150,150,true],"medium":["https:\/\/cafelapalma.com\/wp-content\/uploads\/2026\/01\/DANZER10-a3_page-0001-212x300.jpg",212,300,true],"medium_large":["https:\/\/cafelapalma.com\/wp-content\/uploads\/2026\/01\/DANZER10-a3_page-0001-768x1085.jpg",768,1085,true],"large":["https:\/\/cafelapalma.com\/wp-content\/uploads\/2026\/01\/DANZER10-a3_page-0001-736x1040.jpg",736,1040,true],"1536x1536":["https:\/\/cafelapalma.com\/wp-content\/uploads\/2026\/01\/DANZER10-a3_page-0001-1087x1536.jpg",1087,1536,true],"2048x2048":["https:\/\/cafelapalma.com\/wp-content\/uploads\/2026\/01\/DANZER10-a3_page-0001-1449x2048.jpg",1449,2048,true],"trp-custom-language-flag":["https:\/\/cafelapalma.com\/wp-content\/uploads\/2026\/01\/DANZER10-a3_page-0001-8x12.jpg",8,12,true],"blossom-feminine-slider":["https:\/\/cafelapalma.com\/wp-content\/uploads\/2026\/01\/DANZER10-a3_page-0001-1755x649.jpg",1755,649,true],"blossom-feminine-featured":["https:\/\/cafelapalma.com\/wp-content\/uploads\/2026\/01\/DANZER10-a3_page-0001-1410x600.jpg",1410,600,true],"blossom-feminine-with-sidebar":["https:\/\/cafelapalma.com\/wp-content\/uploads\/2026\/01\/DANZER10-a3_page-0001-1020x600.jpg",1020,600,true],"blossom-feminine-blog":["https:\/\/cafelapalma.com\/wp-content\/uploads\/2026\/01\/DANZER10-a3_page-0001-435x435.jpg",435,435,true],"blossom-feminine-cat":["https:\/\/cafelapalma.com\/wp-content\/uploads\/2026\/01\/DANZER10-a3_page-0001-450x300.jpg",450,300,true],"blossom-feminine-related":["https:\/\/cafelapalma.com\/wp-content\/uploads\/2026\/01\/DANZER10-a3_page-0001-320x200.jpg",320,200,true],"blossom-feminine-schema":["https:\/\/cafelapalma.com\/wp-content\/uploads\/2026\/01\/DANZER10-a3_page-0001-42x60.jpg",42,60,true]},"uagb_author_info":{"display_name":"Victor","author_link":"https:\/\/cafelapalma.com\/en\/author\/comunicacion\/"},"uagb_comment_info":0,"uagb_excerpt":"DANZER trae cada mes lo m\u00e1s nuevo y bailable del indie-dance, nu-disco y future-house. Los residentes CALERO, KAMBOYA y LAFETTE siguen agitando la pista del CAF\u00c9 LA PALMA creando nuevos adeptos fiesta tras fiesta. Para combatir el fr\u00edo de febrero hemos preparado una sesi\u00f3n para sudar de lo lindo y os traemos a alguien muy&hellip;","_links":{"self":[{"href":"https:\/\/cafelapalma.com\/en\/wp-json\/wp\/v2\/tribe_events\/33146","targetHints":{"allow":["GET"]}}],"collection":[{"href":"https:\/\/cafelapalma.com\/en\/wp-json\/wp\/v2\/tribe_events"}],"about":[{"href":"https:\/\/cafelapalma.com\/en\/wp-json\/wp\/v2\/types\/tribe_events"}],"author":[{"embeddable":true,"href":"https:\/\/cafelapalma.com\/en\/wp-json\/wp\/v2\/users\/2"}],"version-history":[{"count":0,"href":"https:\/\/cafelapalma.com\/en\/wp-json\/wp\/v2\/tribe_events\/33146\/revisions"}],"wp:featuredmedia":[{"embeddable":true,"href":"https:\/\/cafelapalma.com\/en\/wp-json\/wp\/v2\/media\/33147"}],"wp:attachment":[{"href":"https:\/\/cafelapalma.com\/en\/wp-json\/wp\/v2\/media?parent=33146"}],"wp:term":[{"taxonomy":"post_tag","embeddable":true,"href":"https:\/\/cafelapalma.com\/en\/wp-json\/wp\/v2\/tags?post=33146"},{"taxonomy":"tribe_events_cat","embeddable":true,"href":"https:\/\/cafelapalma.com\/en\/wp-json\/wp\/v2\/tribe_events_cat?post=33146"}],"curies":[{"name":"wp","href":"https:\/\/api.w.org\/{rel}","templated":true}]}}