{"id":33175,"date":"2026-01-21T16:06:30","date_gmt":"2026-01-21T15:06:30","guid":{"rendered":"https:\/\/cafelapalma.com\/?post_type=tribe_events&#038;p=33175"},"modified":"2026-02-02T10:22:02","modified_gmt":"2026-02-02T09:22:02","slug":"ketapasando-l-f-t-angry-baffle-paloma-de-casso-alberto-lopez-alvaro-echalecu","status":"publish","type":"tribe_events","link":"https:\/\/cafelapalma.com\/en\/programacion\/ketapasando-l-f-t-angry-baffle-paloma-de-casso-alberto-lopez-alvaro-echalecu\/","title":{"rendered":"KETAPASANDO: L.F.T. + ANGRY BAFFLE + PALOMA DE CASSO + ALBERTO L\u00d3PEZ + \u00c1LVARO ECHALECU"},"content":{"rendered":"<div  class=\"tribe-events-schedule tribe-clearfix\" >\n\t<p class=\"tribe-events-schedule__datetime\">\n\t\t<span class=\"tribe-events-schedule__date tribe-events-schedule__date--start\">\n\t\t\t20  February\t\t<\/span>\n\n\t\t\t\t\t<span class=\"tribe-events-schedule__separator tribe-events-schedule__separator--date\">\n\t\t\t\t@\t\t\t<\/span>\n\t\t\t<span class=\"tribe-events-schedule__time tribe-events-schedule__time--start\">\n\t\t\t\t23:55\t\t\t<\/span>\n\t\t\n\t\t\t<\/p>\n<\/div>\n\n\n<div  class=\"tribe-block tribe-block__event-price\" >\n\t\t\t<span class=\"tribe-block__event-price__cost\"> 13\u20ac <\/span>\n\t\t\t\t<span class=\"tribe-block__event-price__description\">+ gg Anticipada | 15\u20ac Taquilla de 00:00 a 01:30 | 17\u20ac Taquilla de 01:30 a cierre. Todos los tramos de entrada incluyen UNA CONSUMICI\u00d3N. Canjeable por DOS CERVEZAS DE BARRIL antes de la 01:30<\/span>\n\t<\/div>\n\n\n\n<div class=\"wp-block-columns is-layout-flex wp-container-core-columns-is-layout-8f761849 wp-block-columns-is-layout-flex\">\n<div class=\"wp-block-column is-layout-flow wp-block-column-is-layout-flow\" style=\"flex-basis:33.33%\">\n<figure class=\"wp-block-image size-full\"><img loading=\"lazy\" decoding=\"async\" width=\"512\" height=\"724\" src=\"https:\/\/cafelapalma.com\/wp-content\/uploads\/2026\/01\/LFT-KETAPASANDO-WEB-1.jpg\" alt=\"\" class=\"wp-image-33176\" srcset=\"https:\/\/cafelapalma.com\/wp-content\/uploads\/2026\/01\/LFT-KETAPASANDO-WEB-1.jpg 512w, https:\/\/cafelapalma.com\/wp-content\/uploads\/2026\/01\/LFT-KETAPASANDO-WEB-1-212x300.jpg 212w, https:\/\/cafelapalma.com\/wp-content\/uploads\/2026\/01\/LFT-KETAPASANDO-WEB-1-8x12.jpg 8w, https:\/\/cafelapalma.com\/wp-content\/uploads\/2026\/01\/LFT-KETAPASANDO-WEB-1-42x60.jpg 42w\" sizes=\"auto, (max-width: 512px) 100vw, 512px\" \/><\/figure>\n\n\n<div  class=\"tribe-block tribe-block__event-website\" >\n\t<a\n\t\thref=\"https:\/\/www.notikumi.com\/channel\/cafe-la-palma\/2026\/2\/20\/ketapasando-l-f-t-paloma-de-casso-angry-baffle-alberto-lopez-alvaro-echalecu\"\n\t\ttarget=\"_self\"\n\t\t\t>\n\t\tBUY TICKETS\t<\/a>\n<\/div>\n<\/div>\n\n\n\n<div class=\"wp-block-column is-layout-flow wp-block-column-is-layout-flow\" style=\"flex-basis:66.66%\">\n<div style=\"height:100px\" aria-hidden=\"true\" class=\"wp-block-spacer\"><\/div>\n\n\n\n<p class=\"has-text-align-left wp-block-paragraph\"><strong>Ketapasando <\/strong>vuelve a la carga en <strong>Caf\u00e9 La Palma<\/strong> el viernes <strong>20 de febrero<\/strong>. Noche corta y sudor largo: electro, techno y mala leche bien medida.<\/p>\n\n\n\n<p class=\"has-text-align-left wp-block-paragraph\"><strong>L.F.T<\/strong>. (Hamburgo): Electro oscuro, EBM mutante y energ\u00eda cruda. Viene con pedigree de sellos como Mannequin, Return To Disorder y Mechatronica, y rodaje en el m\u00edtico Golden Pudel. Todo a cuchillo, sin postureo.<\/p>\n\n\n\n<p class=\"has-text-align-left wp-block-paragraph\"><strong>Paloma de Casso<\/strong>: Colecciona sonidos raros desde los 16, dispara sesiones ecl\u00e9cticas unidas por la oscuridad. Pas\u00f3 por el colectivo S.C.R con residencia en ESLA Eko y co-presenta el podcast Nuestra Oscuridad junto a Luc\u00eda G\u00f3mez, estuvo en el festival Sync! y actualmente forma parte de Hypnopedia Warehouse en Madrid.<\/p>\n\n\n\n<p class=\"has-text-align-left wp-block-paragraph\"><strong>Angry Baffle<\/strong>: Dirty electro con ADN franc\u00e9s de primeros 2000. Cuando toca, suelta bombas de techno y hasta gui\u00f1os de house. Rompe pistas de los que dejan marca.<\/p>\n\n\n\n<p class=\"has-text-align-left wp-block-paragraph\"><strong>Alberto L\u00f3pez &amp; \u00c1lvaro Echalecu<\/strong> (Sonseca): Dos j\u00f3venes con los vinilos afilados: techno oscuro y contundente de todas las \u00e9pocas, mezclado con t\u00e9cnica impoluta. Sin concesiones.<\/p>\n\n\n\n<p class=\"has-text-align-left wp-block-paragraph\">Nos vemos en pista.<\/p>\n<\/div>\n<\/div>\n\n\n\n<div style=\"height:100px\" aria-hidden=\"true\" class=\"wp-block-spacer\"><\/div>\n\n\n<h2 class=\"tribe-block__related-events__title\">Related Events<\/h2>\n\n<ul  class=\"tribe-related-events tribe-clearfix\" >\n\t\t\t<li>\n\t\n<div class=\"tribe-related-events-thumbnail\">\n\t<a href=\"https:\/\/cafelapalma.com\/en\/programacion\/funkin-donuts\/\" class=\"url\" rel=\"bookmark\" tabindex=\"-1\" aria-hidden=\"true\"><img loading=\"lazy\" decoding=\"async\" width=\"693\" height=\"1040\" src=\"https:\/\/cafelapalma.com\/wp-content\/uploads\/2026\/07\/FD-vert2-bn-693x1040.jpg\" class=\"attachment-large size-large wp-post-image\" alt=\"\" \/><\/a>\n<\/div>\n\t<div class=\"tribe-related-event-info\">\n\t<h3 class=\"tribe-related-events-title\">\n\t\t<a href=\"https:\/\/cafelapalma.com\/en\/programacion\/funkin-donuts\/\" class=\"tribe-event-url\" rel=\"bookmark\">\n\t\t\tFUNKIN&#8217; DONUTS\t\t<\/a>\n\t<\/h3>\n\t<span class=\"tribe-event-date-start\">5  September@22:00<\/span><span class=\"tribe-event-time\">23:45<\/span><\/div>\n<\/li>\n\t\t\t<li>\n\t\n<div class=\"tribe-related-events-thumbnail\">\n\t<a href=\"https:\/\/cafelapalma.com\/en\/programacion\/backstage-le-petit-truffle-mayo\/\" class=\"url\" rel=\"bookmark\" tabindex=\"-1\" aria-hidden=\"true\"><img loading=\"lazy\" decoding=\"async\" width=\"780\" height=\"1040\" src=\"https:\/\/cafelapalma.com\/wp-content\/uploads\/2026\/07\/Imagen-TruffleMayo-LePetit-i-1-780x1040.png\" class=\"attachment-large size-large wp-post-image\" alt=\"\" \/><\/a>\n<\/div>\n\t<div class=\"tribe-related-event-info\">\n\t<h3 class=\"tribe-related-events-title\">\n\t\t<a href=\"https:\/\/cafelapalma.com\/en\/programacion\/backstage-le-petit-truffle-mayo\/\" class=\"tribe-event-url\" rel=\"bookmark\">\n\t\t\tBACKSTAGE: LE PETIT + TRUFFLE MAYO\t\t<\/a>\n\t<\/h3>\n\t<span class=\"tribe-event-date-start\">5  September@23:55<\/span><\/div>\n<\/li>\n\t\t\t<li>\n\t\n<div class=\"tribe-related-events-thumbnail\">\n\t<a href=\"https:\/\/cafelapalma.com\/en\/programacion\/willie-deville-concierto-benefico-x-venezuela\/\" class=\"url\" rel=\"bookmark\" tabindex=\"-1\" aria-hidden=\"true\"><img loading=\"lazy\" decoding=\"async\" width=\"1020\" height=\"531\" src=\"https:\/\/cafelapalma.com\/wp-content\/uploads\/2026\/08\/Willie-deville-1100x572-1-1040x541.jpg\" class=\"attachment-large size-large wp-post-image\" alt=\"\" \/><\/a>\n<\/div>\n\t<div class=\"tribe-related-event-info\">\n\t<h3 class=\"tribe-related-events-title\">\n\t\t<a href=\"https:\/\/cafelapalma.com\/en\/programacion\/willie-deville-concierto-benefico-x-venezuela\/\" class=\"tribe-event-url\" rel=\"bookmark\">\n\t\t\tWILLIE DEVILLE: CONCIERTO BEN\u00c9FICO X VENEZUELA\t\t<\/a>\n\t<\/h3>\n\t<span class=\"tribe-event-date-start\">6  September@21:00<\/span><span class=\"tribe-event-time\">23:45<\/span><\/div>\n<\/li>\n\t<\/ul>","protected":false},"excerpt":{"rendered":"<p>Ketapasando vuelve a la carga en Caf\u00e9 La Palma el viernes 20 de febrero. Noche corta y sudor largo: electro, techno y mala leche bien medida. L.F.T. (Hamburgo): Electro oscuro, EBM mutante y energ\u00eda cruda. Viene con pedigree de sellos como Mannequin, Return To Disorder y Mechatronica, y rodaje en el m\u00edtico Golden Pudel. Todo &hellip; <\/p>","protected":false},"author":2,"featured_media":33172,"template":"","meta":{"_tec_requires_first_save":false,"_uag_custom_page_level_css":"","loftloader_page_shortcode":"","_EventAllDay":false,"_EventTimezone":"Europe\/Madrid","_EventStartDate":"2026-02-20 23:55:00","_EventEndDate":"2026-02-20 23:55:00","_EventStartDateUTC":"2026-02-20 22:55:00","_EventEndDateUTC":"2026-02-20 22:55:00","_EventShowMap":false,"_EventShowMapLink":false,"_EventURL":"https:\/\/www.notikumi.com\/channel\/cafe-la-palma\/2026\/2\/20\/ketapasando-l-f-t-paloma-de-casso-angry-baffle-alberto-lopez-alvaro-echalecu","_EventCost":"13","_EventCostDescription":"","_EventCurrencySymbol":"\u20ac","_EventCurrencyCode":"USD","_EventCurrencyPosition":"suffix","_EventDateTimeSeparator":"@","_EventTimeRangeSeparator":"-","_EventOrganizerID":[],"_EventVenueID":[],"_OrganizerEmail":"","_OrganizerPhone":"","_OrganizerWebsite":"","_VenueAddress":"","_VenueCity":"","_VenueCountry":"","_VenueProvince":"","_VenueState":"","_VenueZip":"","_VenuePhone":"","_VenueURL":"","_VenueStateProvince":"","_VenueLat":"","_VenueLng":"","_VenueShowMap":false,"_VenueShowMapLink":false,"_tribe_blocks_recurrence_rules":"","_tribe_blocks_recurrence_description":"","_tribe_blocks_recurrence_exclusions":"","_ecp_custom_2":"","_tribe_events_status":"","_tribe_events_status_reason":"","_tribe_events_is_hybrid":"","_tribe_events_is_virtual":"","_tribe_events_virtual_video_source":"","_tribe_events_virtual_embed_video":"","_tribe_events_virtual_linked_button_text":"","_tribe_events_virtual_linked_button":"","_tribe_events_virtual_show_embed_at":"","_tribe_events_virtual_show_embed_to":[],"_tribe_events_virtual_show_on_event":"","_tribe_events_virtual_show_on_views":"","_tribe_events_virtual_url":"","footnotes":""},"tags":[18281,18282,10047,1363,9225,9147,9226,9227,1357,9396,18270,9388],"tribe_events_cat":[8964],"class_list":["post-33175","tribe_events","type-tribe_events","status-publish","has-post-thumbnail","hentry","tag-alberto-lopez-2","tag-alvaro-echalecu-2","tag-angry-baffle","tag-cafe-la-palma","tag-cafe-la-palma-clubbing","tag-conciertos-madrid","tag-djs-madrid","tag-djs-malasana","tag-electronica","tag-ketapasando","tag-l-f-t","tag-paloma-de-casso","tribe_events_cat-clubbing","cat_clubbing"],"uagb_featured_image_src":{"full":["https:\/\/cafelapalma.com\/wp-content\/uploads\/2026\/01\/LFT-KETAPASANDO-WEB.jpg",512,724,false],"thumbnail":["https:\/\/cafelapalma.com\/wp-content\/uploads\/2026\/01\/LFT-KETAPASANDO-WEB-150x150.jpg",150,150,true],"medium":["https:\/\/cafelapalma.com\/wp-content\/uploads\/2026\/01\/LFT-KETAPASANDO-WEB-212x300.jpg",212,300,true],"medium_large":["https:\/\/cafelapalma.com\/wp-content\/uploads\/2026\/01\/LFT-KETAPASANDO-WEB.jpg",512,724,false],"large":["https:\/\/cafelapalma.com\/wp-content\/uploads\/2026\/01\/LFT-KETAPASANDO-WEB.jpg",512,724,false],"1536x1536":["https:\/\/cafelapalma.com\/wp-content\/uploads\/2026\/01\/LFT-KETAPASANDO-WEB.jpg",512,724,false],"2048x2048":["https:\/\/cafelapalma.com\/wp-content\/uploads\/2026\/01\/LFT-KETAPASANDO-WEB.jpg",512,724,false],"trp-custom-language-flag":["https:\/\/cafelapalma.com\/wp-content\/uploads\/2026\/01\/LFT-KETAPASANDO-WEB-8x12.jpg",8,12,true],"blossom-feminine-slider":["https:\/\/cafelapalma.com\/wp-content\/uploads\/2026\/01\/LFT-KETAPASANDO-WEB-512x649.jpg",512,649,true],"blossom-feminine-featured":["https:\/\/cafelapalma.com\/wp-content\/uploads\/2026\/01\/LFT-KETAPASANDO-WEB-512x600.jpg",512,600,true],"blossom-feminine-with-sidebar":["https:\/\/cafelapalma.com\/wp-content\/uploads\/2026\/01\/LFT-KETAPASANDO-WEB-512x600.jpg",512,600,true],"blossom-feminine-blog":["https:\/\/cafelapalma.com\/wp-content\/uploads\/2026\/01\/LFT-KETAPASANDO-WEB-435x435.jpg",435,435,true],"blossom-feminine-cat":["https:\/\/cafelapalma.com\/wp-content\/uploads\/2026\/01\/LFT-KETAPASANDO-WEB-450x300.jpg",450,300,true],"blossom-feminine-related":["https:\/\/cafelapalma.com\/wp-content\/uploads\/2026\/01\/LFT-KETAPASANDO-WEB-320x200.jpg",320,200,true],"blossom-feminine-schema":["https:\/\/cafelapalma.com\/wp-content\/uploads\/2026\/01\/LFT-KETAPASANDO-WEB-42x60.jpg",42,60,true]},"uagb_author_info":{"display_name":"Victor","author_link":"https:\/\/cafelapalma.com\/en\/author\/comunicacion\/"},"uagb_comment_info":0,"uagb_excerpt":"Ketapasando vuelve a la carga en Caf\u00e9 La Palma el viernes 20 de febrero. Noche corta y sudor largo: electro, techno y mala leche bien medida. L.F.T. (Hamburgo): Electro oscuro, EBM mutante y energ\u00eda cruda. Viene con pedigree de sellos como Mannequin, Return To Disorder y Mechatronica, y rodaje en el m\u00edtico Golden Pudel. Todo&hellip;","_links":{"self":[{"href":"https:\/\/cafelapalma.com\/en\/wp-json\/wp\/v2\/tribe_events\/33175","targetHints":{"allow":["GET"]}}],"collection":[{"href":"https:\/\/cafelapalma.com\/en\/wp-json\/wp\/v2\/tribe_events"}],"about":[{"href":"https:\/\/cafelapalma.com\/en\/wp-json\/wp\/v2\/types\/tribe_events"}],"author":[{"embeddable":true,"href":"https:\/\/cafelapalma.com\/en\/wp-json\/wp\/v2\/users\/2"}],"version-history":[{"count":0,"href":"https:\/\/cafelapalma.com\/en\/wp-json\/wp\/v2\/tribe_events\/33175\/revisions"}],"wp:featuredmedia":[{"embeddable":true,"href":"https:\/\/cafelapalma.com\/en\/wp-json\/wp\/v2\/media\/33172"}],"wp:attachment":[{"href":"https:\/\/cafelapalma.com\/en\/wp-json\/wp\/v2\/media?parent=33175"}],"wp:term":[{"taxonomy":"post_tag","embeddable":true,"href":"https:\/\/cafelapalma.com\/en\/wp-json\/wp\/v2\/tags?post=33175"},{"taxonomy":"tribe_events_cat","embeddable":true,"href":"https:\/\/cafelapalma.com\/en\/wp-json\/wp\/v2\/tribe_events_cat?post=33175"}],"curies":[{"name":"wp","href":"https:\/\/api.w.org\/{rel}","templated":true}]}}