{"id":33224,"date":"2026-01-28T15:33:21","date_gmt":"2026-01-28T14:33:21","guid":{"rendered":"https:\/\/cafelapalma.com\/?post_type=tribe_events&#038;p=33224"},"modified":"2026-01-28T15:33:22","modified_gmt":"2026-01-28T14:33:22","slug":"onirum-2","status":"publish","type":"tribe_events","link":"https:\/\/cafelapalma.com\/en\/programacion\/onirum-2\/","title":{"rendered":"ONIRUM"},"content":{"rendered":"<div  class=\"tribe-events-schedule tribe-clearfix\" >\n\t<p class=\"tribe-events-schedule__datetime\">\n\t\t<span class=\"tribe-events-schedule__date tribe-events-schedule__date--start\">\n\t\t\t7  February\t\t<\/span>\n\n\t\t\t\t\t<span class=\"tribe-events-schedule__separator tribe-events-schedule__separator--date\">\n\t\t\t\t@\t\t\t<\/span>\n\t\t\t<span class=\"tribe-events-schedule__time tribe-events-schedule__time--start\">\n\t\t\t\t23:55\t\t\t<\/span>\n\t\t\n\t\t\t<\/p>\n<\/div>\n\n\n<div  class=\"tribe-block tribe-block__event-price\" >\n\t\t\t<span class=\"tribe-block__event-price__cost\"> ENTRADA LIBRE <\/span>\n\t\t\t\t<span class=\"tribe-block__event-price__description\">hasta la 01:00 | 13\u20ac taquilla de 01:00 a 03:00 (incluye UNA COPA o DOS CERVEZAS) | 15\u20ac taquilla de 03:00 a cierre (incluye UNA COPA).<\/span>\n\t<\/div>\n\n\n\n<div class=\"wp-block-columns is-layout-flex wp-container-core-columns-is-layout-8f761849 wp-block-columns-is-layout-flex\">\n<div class=\"wp-block-column is-layout-flow wp-block-column-is-layout-flow\" style=\"flex-basis:33.33%\">\n<figure class=\"wp-block-image size-full\"><img loading=\"lazy\" decoding=\"async\" width=\"262\" height=\"371\" src=\"https:\/\/cafelapalma.com\/wp-content\/uploads\/2026\/01\/Inside-The-Beat-By-Onirum-262x371-1.png\" alt=\"\" class=\"wp-image-33225\" srcset=\"https:\/\/cafelapalma.com\/wp-content\/uploads\/2026\/01\/Inside-The-Beat-By-Onirum-262x371-1.png 262w, https:\/\/cafelapalma.com\/wp-content\/uploads\/2026\/01\/Inside-The-Beat-By-Onirum-262x371-1-212x300.png 212w, https:\/\/cafelapalma.com\/wp-content\/uploads\/2026\/01\/Inside-The-Beat-By-Onirum-262x371-1-8x12.png 8w, https:\/\/cafelapalma.com\/wp-content\/uploads\/2026\/01\/Inside-The-Beat-By-Onirum-262x371-1-42x60.png 42w\" sizes=\"auto, (max-width: 262px) 100vw, 262px\" \/><\/figure>\n<\/div>\n\n\n\n<div class=\"wp-block-column is-layout-flow wp-block-column-is-layout-flow\" style=\"flex-basis:66.66%\">\n<div style=\"height:100px\" aria-hidden=\"true\" class=\"wp-block-spacer\"><\/div>\n\n\n\n<p class=\"has-text-align-left wp-block-paragraph\"><strong>Onirum <\/strong>vuelve a Caf\u00e9 La Palma con una noche dedicada al groove, al ritmo y al movimiento.<\/p>\n\n\n\n<p class=\"has-text-align-left wp-block-paragraph\">Una experiencia donde el house, el techno y sus vertientes m\u00e1s hipn\u00f3ticas y din\u00e1micas se entrelazan en narrativas sonoras dise\u00f1adas para el baile.<\/p>\n\n\n\n<p class=\"has-text-align-left wp-block-paragraph\">Un espacio para quienes buscan perderse en el ritmo, el movimiento y la exploraci\u00f3n sonora.<\/p>\n\n\n\n<p class=\"has-text-align-left wp-block-paragraph\">Cinco propuestas con identidades propias convergen en un recorrido nocturno marcado por pulsos envolventes, energ\u00eda constante y una visi\u00f3n compartida: la m\u00fasica electr\u00f3nica como lenguaje de expresi\u00f3n f\u00edsica y sensorial.<\/p>\n\n\n\n<p class=\"has-text-align-left wp-block-paragraph\"><strong>Danny Garc\u00eda<\/strong> y su sonido se mueven entre el House, Minimal, Electro, Techno y Break Beat, con sets energ\u00e9ticos y una fuerte identidad de pista que invitan al movimiento y a explorar cada pulso de la m\u00fasica.<\/p>\n\n\n\n<p class=\"has-text-align-left wp-block-paragraph\"><strong>Elvis Christ <\/strong>explora las vertientes m\u00e1s puristas del techno, sumergi\u00e9ndose en el Hypnotic &amp; Raw, Detroit Techno y Hard Groove, ofreciendo un viaje sonoro hipn\u00f3tico definido por atm\u00f3sferas profundas.<br><br><strong>Felso <\/strong>se caracteriza por su estilo que combina indie dance, dark disco, melodic techno\/house y progressive house, con un enfoque r\u00edtmico donde el groove es el centro de din\u00e1micos y envolventes sets.<\/p>\n\n\n\n<p class=\"has-text-align-left wp-block-paragraph\"><strong>Luiser <\/strong>experimenta con la fusi\u00f3n entre House, Electro y Break, con una identidad marcada por el equilibrio entre potencia, groove y una cuidada selecci\u00f3n musical.<br><br><strong>Saulart <\/strong>invita a una propuesta centrada en la exploraci\u00f3n de g\u00e9neros como Electro, Break, New Wave y House. Su estilo se caracteriza por una selecci\u00f3n cuidada y sets din\u00e1micos que combinan energ\u00eda, ritmo y coherencia musical.<\/p>\n\n\n\n<p class=\"has-text-align-right wp-block-paragraph\"><em><a href=\"https:\/\/www.instagram.com\/dannygaarciadj?utm_source=ig_web_button_share_sheet&amp;igsh=ZDNlZDc0MzIxNw==\">Sigue a <\/a><\/em><strong><a href=\"https:\/\/www.instagram.com\/dannygaarciadj?utm_source=ig_web_button_share_sheet&amp;igsh=ZDNlZDc0MzIxNw==\">Danny Garc\u00eda <\/a><\/strong><em><a href=\"https:\/\/www.instagram.com\/dannygaarciadj?utm_source=ig_web_button_share_sheet&amp;igsh=ZDNlZDc0MzIxNw==\">in <\/a><\/em><strong><a href=\"https:\/\/www.instagram.com\/dannygaarciadj?utm_source=ig_web_button_share_sheet&amp;igsh=ZDNlZDc0MzIxNw==\">Instagram<\/a><\/strong><\/p>\n\n\n\n<p class=\"has-text-align-right wp-block-paragraph\"><a href=\"https:\/\/www.instagram.com\/elvischrist_\/\">Sigue a <strong>Elvis Christ <\/strong><em>in <\/em><strong>Instagram<\/strong><\/a><\/p>\n\n\n\n<p class=\"has-text-align-right wp-block-paragraph\"><a href=\"https:\/\/www.instagram.com\/elvischrist_\/\">Sigue a <strong>Felso <\/strong><em>in <\/em><strong>Instagram<\/strong><\/a><\/p>\n\n\n\n<p class=\"has-text-align-right wp-block-paragraph\"><a href=\"https:\/\/www.instagram.com\/elvischrist_\/\">Sigue a <strong>Luiser <\/strong><em>in <\/em><strong>Instagram<\/strong><\/a><\/p>\n\n\n\n<p class=\"has-text-align-right wp-block-paragraph\"><a href=\"https:\/\/www.instagram.com\/saul.srs\/\">Sigue a <strong>Saulart <\/strong><em>in <\/em><strong>Instagram<\/strong><\/a><\/p>\n<\/div>\n<\/div>\n\n\n\n<div style=\"height:100px\" aria-hidden=\"true\" class=\"wp-block-spacer\"><\/div>\n\n\n<h2 class=\"tribe-block__related-events__title\">Related Events<\/h2>\n\n<ul  class=\"tribe-related-events tribe-clearfix\" >\n\t\t\t<li>\n\t\n<div class=\"tribe-related-events-thumbnail\">\n\t<a href=\"https:\/\/cafelapalma.com\/en\/programacion\/vertice-marta-canosa\/\" class=\"url\" rel=\"bookmark\" tabindex=\"-1\" aria-hidden=\"true\"><img loading=\"lazy\" decoding=\"async\" width=\"736\" height=\"1040\" src=\"https:\/\/cafelapalma.com\/wp-content\/uploads\/2026\/06\/Cartel_Vertice_Cafelapalma_Impresion_page-0001-1-736x1040.jpg\" class=\"attachment-large size-large wp-post-image\" alt=\"\" \/><\/a>\n<\/div>\n\t<div class=\"tribe-related-event-info\">\n\t<h3 class=\"tribe-related-events-title\">\n\t\t<a href=\"https:\/\/cafelapalma.com\/en\/programacion\/vertice-marta-canosa\/\" class=\"tribe-event-url\" rel=\"bookmark\">\n\t\t\tV\u00c9RTICE + MARTA CANOSA\t\t<\/a>\n\t<\/h3>\n\t<span class=\"tribe-event-date-start\">4  September@21:30<\/span><span class=\"tribe-event-time\">23:45<\/span><\/div>\n<\/li>\n\t\t\t<li>\n\t\n<div class=\"tribe-related-events-thumbnail\">\n\t<a href=\"https:\/\/cafelapalma.com\/en\/programacion\/vodu-lady-pina-israel-gil\/\" class=\"url\" rel=\"bookmark\" tabindex=\"-1\" aria-hidden=\"true\"><img loading=\"lazy\" decoding=\"async\" width=\"1020\" height=\"680\" src=\"https:\/\/cafelapalma.com\/wp-content\/uploads\/2026\/07\/Lady2-1040x693.jpg\" class=\"attachment-large size-large wp-post-image\" alt=\"\" \/><\/a>\n<\/div>\n\t<div class=\"tribe-related-event-info\">\n\t<h3 class=\"tribe-related-events-title\">\n\t\t<a href=\"https:\/\/cafelapalma.com\/en\/programacion\/vodu-lady-pina-israel-gil\/\" class=\"tribe-event-url\" rel=\"bookmark\">\n\t\t\tVOD\u00da: LADY PI\u00d1A + ISRAEL GIL\t\t<\/a>\n\t<\/h3>\n\t<span class=\"tribe-event-date-start\">4  September@23:55<\/span><\/div>\n<\/li>\n\t\t\t<li>\n\t\n<div class=\"tribe-related-events-thumbnail\">\n\t<a href=\"https:\/\/cafelapalma.com\/en\/programacion\/funkin-donuts\/\" class=\"url\" rel=\"bookmark\" tabindex=\"-1\" aria-hidden=\"true\"><img loading=\"lazy\" decoding=\"async\" width=\"693\" height=\"1040\" src=\"https:\/\/cafelapalma.com\/wp-content\/uploads\/2026\/07\/FD-vert2-bn-693x1040.jpg\" class=\"attachment-large size-large wp-post-image\" alt=\"\" \/><\/a>\n<\/div>\n\t<div class=\"tribe-related-event-info\">\n\t<h3 class=\"tribe-related-events-title\">\n\t\t<a href=\"https:\/\/cafelapalma.com\/en\/programacion\/funkin-donuts\/\" class=\"tribe-event-url\" rel=\"bookmark\">\n\t\t\tFUNKIN&#8217; DONUTS\t\t<\/a>\n\t<\/h3>\n\t<span class=\"tribe-event-date-start\">5  September@22:00<\/span><span class=\"tribe-event-time\">23:45<\/span><\/div>\n<\/li>\n\t<\/ul>","protected":false},"excerpt":{"rendered":"<p>Onirum vuelve a Caf\u00e9 La Palma con una noche dedicada al groove, al ritmo y al movimiento. Una experiencia donde el house, el techno y sus vertientes m\u00e1s hipn\u00f3ticas y din\u00e1micas se entrelazan en narrativas sonoras dise\u00f1adas para el baile. Un espacio para quienes buscan perderse en el ritmo, el movimiento y la exploraci\u00f3n sonora. &hellip; <\/p>","protected":false},"author":2,"featured_media":33225,"template":"","meta":{"_tec_requires_first_save":false,"_uag_custom_page_level_css":"","loftloader_page_shortcode":"","_EventAllDay":false,"_EventTimezone":"Europe\/Madrid","_EventStartDate":"2026-02-07 23:55:00","_EventEndDate":"2026-02-07 23:55:00","_EventStartDateUTC":"2026-02-07 22:55:00","_EventEndDateUTC":"2026-02-07 22:55:00","_EventShowMap":false,"_EventShowMapLink":false,"_EventURL":"","_EventCost":"ENTRADA LIBRE","_EventCostDescription":"","_EventCurrencySymbol":"\u20ac","_EventCurrencyCode":"USD","_EventCurrencyPosition":"suffix","_EventDateTimeSeparator":"@","_EventTimeRangeSeparator":"-","_EventOrganizerID":[],"_EventVenueID":[],"_OrganizerEmail":"","_OrganizerPhone":"","_OrganizerWebsite":"","_VenueAddress":"","_VenueCity":"","_VenueCountry":"","_VenueProvince":"","_VenueState":"","_VenueZip":"","_VenuePhone":"","_VenueURL":"","_VenueStateProvince":"","_VenueLat":"","_VenueLng":"","_VenueShowMap":false,"_VenueShowMapLink":false,"_tribe_blocks_recurrence_rules":"","_tribe_blocks_recurrence_description":"","_tribe_blocks_recurrence_exclusions":"","_ecp_custom_2":"","_tribe_events_status":"","_tribe_events_status_reason":"","_tribe_events_is_hybrid":"","_tribe_events_is_virtual":"","_tribe_events_virtual_video_source":"","_tribe_events_virtual_embed_video":"","_tribe_events_virtual_linked_button_text":"","_tribe_events_virtual_linked_button":"","_tribe_events_virtual_show_embed_at":"","_tribe_events_virtual_show_embed_to":[],"_tribe_events_virtual_show_on_event":"","_tribe_events_virtual_show_on_views":"","_tribe_events_virtual_url":"","footnotes":""},"tags":[1363,2865,9147,9146,18275,9226,9227,9317,1357,17801,17800,9309,18173,17798,18294,776],"tribe_events_cat":[8964],"class_list":["post-33224","tribe_events","type-tribe_events","status-publish","has-post-thumbnail","hentry","tag-cafe-la-palma","tag-conciertos-cafe-la-palma","tag-conciertos-madrid","tag-conciertos-malasana","tag-danny-garcia","tag-djs-madrid","tag-djs-malasana","tag-electro","tag-electronica","tag-elvis-christ","tag-felso","tag-house","tag-luiser","tag-onirum","tag-saulart","tag-techno","tribe_events_cat-clubbing","cat_clubbing"],"uagb_featured_image_src":{"full":["https:\/\/cafelapalma.com\/wp-content\/uploads\/2026\/01\/Inside-The-Beat-By-Onirum-262x371-1.png",262,371,false],"thumbnail":["https:\/\/cafelapalma.com\/wp-content\/uploads\/2026\/01\/Inside-The-Beat-By-Onirum-262x371-1-150x150.png",150,150,true],"medium":["https:\/\/cafelapalma.com\/wp-content\/uploads\/2026\/01\/Inside-The-Beat-By-Onirum-262x371-1-212x300.png",212,300,true],"medium_large":["https:\/\/cafelapalma.com\/wp-content\/uploads\/2026\/01\/Inside-The-Beat-By-Onirum-262x371-1.png",262,371,false],"large":["https:\/\/cafelapalma.com\/wp-content\/uploads\/2026\/01\/Inside-The-Beat-By-Onirum-262x371-1.png",262,371,false],"1536x1536":["https:\/\/cafelapalma.com\/wp-content\/uploads\/2026\/01\/Inside-The-Beat-By-Onirum-262x371-1.png",262,371,false],"2048x2048":["https:\/\/cafelapalma.com\/wp-content\/uploads\/2026\/01\/Inside-The-Beat-By-Onirum-262x371-1.png",262,371,false],"trp-custom-language-flag":["https:\/\/cafelapalma.com\/wp-content\/uploads\/2026\/01\/Inside-The-Beat-By-Onirum-262x371-1-8x12.png",8,12,true],"blossom-feminine-slider":["https:\/\/cafelapalma.com\/wp-content\/uploads\/2026\/01\/Inside-The-Beat-By-Onirum-262x371-1.png",262,371,false],"blossom-feminine-featured":["https:\/\/cafelapalma.com\/wp-content\/uploads\/2026\/01\/Inside-The-Beat-By-Onirum-262x371-1.png",262,371,false],"blossom-feminine-with-sidebar":["https:\/\/cafelapalma.com\/wp-content\/uploads\/2026\/01\/Inside-The-Beat-By-Onirum-262x371-1.png",262,371,false],"blossom-feminine-blog":["https:\/\/cafelapalma.com\/wp-content\/uploads\/2026\/01\/Inside-The-Beat-By-Onirum-262x371-1.png",262,371,false],"blossom-feminine-cat":["https:\/\/cafelapalma.com\/wp-content\/uploads\/2026\/01\/Inside-The-Beat-By-Onirum-262x371-1-262x300.png",262,300,true],"blossom-feminine-related":["https:\/\/cafelapalma.com\/wp-content\/uploads\/2026\/01\/Inside-The-Beat-By-Onirum-262x371-1-262x200.png",262,200,true],"blossom-feminine-schema":["https:\/\/cafelapalma.com\/wp-content\/uploads\/2026\/01\/Inside-The-Beat-By-Onirum-262x371-1-42x60.png",42,60,true]},"uagb_author_info":{"display_name":"Victor","author_link":"https:\/\/cafelapalma.com\/en\/author\/comunicacion\/"},"uagb_comment_info":0,"uagb_excerpt":"Onirum vuelve a Caf\u00e9 La Palma con una noche dedicada al groove, al ritmo y al movimiento. Una experiencia donde el house, el techno y sus vertientes m\u00e1s hipn\u00f3ticas y din\u00e1micas se entrelazan en narrativas sonoras dise\u00f1adas para el baile. Un espacio para quienes buscan perderse en el ritmo, el movimiento y la exploraci\u00f3n sonora.&hellip;","_links":{"self":[{"href":"https:\/\/cafelapalma.com\/en\/wp-json\/wp\/v2\/tribe_events\/33224","targetHints":{"allow":["GET"]}}],"collection":[{"href":"https:\/\/cafelapalma.com\/en\/wp-json\/wp\/v2\/tribe_events"}],"about":[{"href":"https:\/\/cafelapalma.com\/en\/wp-json\/wp\/v2\/types\/tribe_events"}],"author":[{"embeddable":true,"href":"https:\/\/cafelapalma.com\/en\/wp-json\/wp\/v2\/users\/2"}],"version-history":[{"count":0,"href":"https:\/\/cafelapalma.com\/en\/wp-json\/wp\/v2\/tribe_events\/33224\/revisions"}],"wp:featuredmedia":[{"embeddable":true,"href":"https:\/\/cafelapalma.com\/en\/wp-json\/wp\/v2\/media\/33225"}],"wp:attachment":[{"href":"https:\/\/cafelapalma.com\/en\/wp-json\/wp\/v2\/media?parent=33224"}],"wp:term":[{"taxonomy":"post_tag","embeddable":true,"href":"https:\/\/cafelapalma.com\/en\/wp-json\/wp\/v2\/tags?post=33224"},{"taxonomy":"tribe_events_cat","embeddable":true,"href":"https:\/\/cafelapalma.com\/en\/wp-json\/wp\/v2\/tribe_events_cat?post=33224"}],"curies":[{"name":"wp","href":"https:\/\/api.w.org\/{rel}","templated":true}]}}