{"id":33284,"date":"2026-02-03T12:52:15","date_gmt":"2026-02-03T11:52:15","guid":{"rendered":"https:\/\/cafelapalma.com\/?post_type=tribe_events&#038;p=33284"},"modified":"2026-02-03T12:52:15","modified_gmt":"2026-02-03T11:52:15","slug":"rosci-neuence","status":"publish","type":"tribe_events","link":"https:\/\/cafelapalma.com\/en\/programacion\/rosci-neuence\/","title":{"rendered":"ROSCI NEUENCE"},"content":{"rendered":"<div  class=\"tribe-events-schedule tribe-clearfix\" >\n\t<p class=\"tribe-events-schedule__datetime\">\n\t\t<span class=\"tribe-events-schedule__date tribe-events-schedule__date--start\">\n\t\t\t15  March\t\t<\/span>\n\n\t\t\t\t\t<span class=\"tribe-events-schedule__separator tribe-events-schedule__separator--date\">\n\t\t\t\t@\t\t\t<\/span>\n\t\t\t<span class=\"tribe-events-schedule__time tribe-events-schedule__time--start\">\n\t\t\t\t20:00\t\t\t<\/span>\n\t\t\n\t\t\t\t\t\t\t\t\t<span class=\"tribe-events-schedule__separator tribe-events-schedule__separator--time\">\n\t\t\t\t\t&#8211;\t\t\t\t<\/span>\n\t\t\t\n\t\t\t\t\t\t\t<span class=\"tribe-events-schedule__time tribe-events-schedule__time--end\">\n\t\t\t\t\t22:30\t\t\t\t<\/span>\n\t\t\t\n\t\t\t\t\t\t<\/p>\n<\/div>\n\n\n<div  class=\"tribe-block tribe-block__event-price\" >\n\t\t\t<span class=\"tribe-block__event-price__cost\"> 7\u20ac <\/span>\n\t\t\t\t<span class=\"tribe-block__event-price__description\">+ gg Anticipada | 10\u20ac Taquilla<\/span>\n\t<\/div>\n\n\n\n<div class=\"wp-block-columns is-layout-flex wp-container-core-columns-is-layout-8f761849 wp-block-columns-is-layout-flex\">\n<div class=\"wp-block-column is-layout-flow wp-block-column-is-layout-flow\" style=\"flex-basis:33.33%\">\n<figure class=\"wp-block-image size-large\"><img loading=\"lazy\" decoding=\"async\" width=\"736\" height=\"1040\" src=\"https:\/\/cafelapalma.com\/wp-content\/uploads\/2026\/02\/A3_ROSCI-1-2-736x1040.png\" alt=\"\" class=\"wp-image-33285\" srcset=\"https:\/\/cafelapalma.com\/wp-content\/uploads\/2026\/02\/A3_ROSCI-1-2-736x1040.png 736w, https:\/\/cafelapalma.com\/wp-content\/uploads\/2026\/02\/A3_ROSCI-1-2-212x300.png 212w, https:\/\/cafelapalma.com\/wp-content\/uploads\/2026\/02\/A3_ROSCI-1-2-768x1086.png 768w, https:\/\/cafelapalma.com\/wp-content\/uploads\/2026\/02\/A3_ROSCI-1-2-8x12.png 8w, https:\/\/cafelapalma.com\/wp-content\/uploads\/2026\/02\/A3_ROSCI-1-2-42x60.png 42w, https:\/\/cafelapalma.com\/wp-content\/uploads\/2026\/02\/A3_ROSCI-1-2.png 877w\" sizes=\"auto, (max-width: 736px) 100vw, 736px\" \/><\/figure>\n\n\n<div  class=\"tribe-block tribe-block__event-website\" >\n\t<a\n\t\thref=\"https:\/\/www.notikumi.com\/channel\/cafe-la-palma\/2026\/3\/15\/rosci-neuence\"\n\t\ttarget=\"_self\"\n\t\t\t>\n\t\tBUY TICKETS\t<\/a>\n<\/div>\n<\/div>\n\n\n\n<div class=\"wp-block-column is-layout-flow wp-block-column-is-layout-flow\" style=\"flex-basis:66.66%\">\n<div style=\"height:100px\" aria-hidden=\"true\" class=\"wp-block-spacer\"><\/div>\n\n\n\n<p class=\"has-text-align-left wp-block-paragraph\">Veinte a\u00f1os despu\u00e9s, <strong>Rosci Neuence<\/strong> vuelve a sonar en directo. La gira marca el regreso a los escenarios del proyecto liderado por <strong>Jos\u00e9 P\u00e9rez-Pi\u00f1ar<\/strong>, activo desde 2006 y siempre fiel a una forma muy personal de entender la m\u00fasica: canciones profundas con car\u00e1cter, atenci\u00f3n al detalle y una identidad al margen de cualquier tendencia. Tras una primera etapa de discos y conciertos, <strong>Rosci Neuence<\/strong> se volc\u00f3 en el trabajo de estudio y la producci\u00f3n independiente, dando forma a cinco \u00e1lbumes: dos ya publicados y tres que ver\u00e1n la luz en los pr\u00f3ximos meses.<\/p>\n\n\n\n<p class=\"has-text-align-left wp-block-paragraph\">El nuevo directo se apoya en una formaci\u00f3n s\u00f3lida y renovada, creada para ofrecer un concierto potente, t\u00e9cnico y lleno de matices. Una oportunidad \u00fanica para escuchar el repertorio de Rosci Neuence desde una perspectiva actual, donde la fuerza instrumental y la puesta en escena refuerzan el componente emocional y narrativo de cada canci\u00f3n.<\/p>\n\n\n\n<p class=\"has-text-align-right wp-block-paragraph\"><em><a href=\"https:\/\/www.instagram.com\/rosci.neuence\/\">Sigue a <\/a><\/em><strong><a href=\"https:\/\/www.instagram.com\/rosci.neuence\/\">Rosci Neuence <\/a><\/strong><em><a href=\"https:\/\/www.instagram.com\/rosci.neuence\/\">in <\/a><\/em><strong><a href=\"https:\/\/www.instagram.com\/rosci.neuence\/\">Instagram.<\/a><\/strong><\/p>\n<\/div>\n<\/div>\n\n\n\n<div style=\"height:100px\" aria-hidden=\"true\" class=\"wp-block-spacer\"><\/div>\n\n\n<h2 class=\"tribe-block__related-events__title\">Related Events<\/h2>\n\n<ul  class=\"tribe-related-events tribe-clearfix\" >\n\t\t\t<li>\n\t\n<div class=\"tribe-related-events-thumbnail\">\n\t<a href=\"https:\/\/cafelapalma.com\/en\/programacion\/funkin-donuts\/\" class=\"url\" rel=\"bookmark\" tabindex=\"-1\" aria-hidden=\"true\"><img loading=\"lazy\" decoding=\"async\" width=\"693\" height=\"1040\" src=\"https:\/\/cafelapalma.com\/wp-content\/uploads\/2026\/07\/FD-vert2-bn-693x1040.jpg\" class=\"attachment-large size-large wp-post-image\" alt=\"\" \/><\/a>\n<\/div>\n\t<div class=\"tribe-related-event-info\">\n\t<h3 class=\"tribe-related-events-title\">\n\t\t<a href=\"https:\/\/cafelapalma.com\/en\/programacion\/funkin-donuts\/\" class=\"tribe-event-url\" rel=\"bookmark\">\n\t\t\tFUNKIN&#8217; DONUTS\t\t<\/a>\n\t<\/h3>\n\t<span class=\"tribe-event-date-start\">5  September@22:00<\/span><span class=\"tribe-event-time\">23:45<\/span><\/div>\n<\/li>\n\t\t\t<li>\n\t\n<div class=\"tribe-related-events-thumbnail\">\n\t<a href=\"https:\/\/cafelapalma.com\/en\/programacion\/backstage-le-petit-truffle-mayo\/\" class=\"url\" rel=\"bookmark\" tabindex=\"-1\" aria-hidden=\"true\"><img loading=\"lazy\" decoding=\"async\" width=\"780\" height=\"1040\" src=\"https:\/\/cafelapalma.com\/wp-content\/uploads\/2026\/07\/Imagen-TruffleMayo-LePetit-i-1-780x1040.png\" class=\"attachment-large size-large wp-post-image\" alt=\"\" \/><\/a>\n<\/div>\n\t<div class=\"tribe-related-event-info\">\n\t<h3 class=\"tribe-related-events-title\">\n\t\t<a href=\"https:\/\/cafelapalma.com\/en\/programacion\/backstage-le-petit-truffle-mayo\/\" class=\"tribe-event-url\" rel=\"bookmark\">\n\t\t\tBACKSTAGE: LE PETIT + TRUFFLE MAYO\t\t<\/a>\n\t<\/h3>\n\t<span class=\"tribe-event-date-start\">5  September@23:55<\/span><\/div>\n<\/li>\n\t\t\t<li>\n\t\n<div class=\"tribe-related-events-thumbnail\">\n\t<a href=\"https:\/\/cafelapalma.com\/en\/programacion\/willie-deville-concierto-benefico-x-venezuela\/\" class=\"url\" rel=\"bookmark\" tabindex=\"-1\" aria-hidden=\"true\"><img loading=\"lazy\" decoding=\"async\" width=\"1020\" height=\"531\" src=\"https:\/\/cafelapalma.com\/wp-content\/uploads\/2026\/08\/Willie-deville-1100x572-1-1040x541.jpg\" class=\"attachment-large size-large wp-post-image\" alt=\"\" \/><\/a>\n<\/div>\n\t<div class=\"tribe-related-event-info\">\n\t<h3 class=\"tribe-related-events-title\">\n\t\t<a href=\"https:\/\/cafelapalma.com\/en\/programacion\/willie-deville-concierto-benefico-x-venezuela\/\" class=\"tribe-event-url\" rel=\"bookmark\">\n\t\t\tWILLIE DEVILLE: CONCIERTO BEN\u00c9FICO X VENEZUELA\t\t<\/a>\n\t<\/h3>\n\t<span class=\"tribe-event-date-start\">6  September@21:00<\/span><span class=\"tribe-event-time\">23:45<\/span><\/div>\n<\/li>\n\t<\/ul>","protected":false},"excerpt":{"rendered":"<p>Veinte a\u00f1os despu\u00e9s, Rosci Neuence vuelve a sonar en directo. La gira marca el regreso a los escenarios del proyecto liderado por Jos\u00e9 P\u00e9rez-Pi\u00f1ar, activo desde 2006 y siempre fiel a una forma muy personal de entender la m\u00fasica: canciones profundas con car\u00e1cter, atenci\u00f3n al detalle y una identidad al margen de cualquier tendencia. Tras &hellip; <\/p>","protected":false},"author":2,"featured_media":33285,"template":"","meta":{"_tec_requires_first_save":false,"_uag_custom_page_level_css":"","loftloader_page_shortcode":"","_EventAllDay":false,"_EventTimezone":"Europe\/Madrid","_EventStartDate":"2026-03-15 20:00:00","_EventEndDate":"2026-03-15 22:30:00","_EventStartDateUTC":"2026-03-15 19:00:00","_EventEndDateUTC":"2026-03-15 21:30:00","_EventShowMap":false,"_EventShowMapLink":false,"_EventURL":"https:\/\/www.notikumi.com\/channel\/cafe-la-palma\/2026\/3\/15\/rosci-neuence","_EventCost":"7\u20ac","_EventCostDescription":"","_EventCurrencySymbol":"\u20ac","_EventCurrencyCode":"USD","_EventCurrencyPosition":"suffix","_EventDateTimeSeparator":"@","_EventTimeRangeSeparator":"-","_EventOrganizerID":[],"_EventVenueID":[],"_OrganizerEmail":"","_OrganizerPhone":"","_OrganizerWebsite":"","_VenueAddress":"","_VenueCity":"","_VenueCountry":"","_VenueProvince":"","_VenueState":"","_VenueZip":"","_VenuePhone":"","_VenueURL":"","_VenueStateProvince":"","_VenueLat":"","_VenueLng":"","_VenueShowMap":false,"_VenueShowMapLink":false,"_tribe_blocks_recurrence_rules":"","_tribe_blocks_recurrence_description":"","_tribe_blocks_recurrence_exclusions":"","_ecp_custom_2":"","_tribe_events_status":"","_tribe_events_status_reason":"","_tribe_events_is_hybrid":"","_tribe_events_is_virtual":"","_tribe_events_virtual_video_source":"","_tribe_events_virtual_embed_video":"","_tribe_events_virtual_linked_button_text":"","_tribe_events_virtual_linked_button":"","_tribe_events_virtual_show_embed_at":"","_tribe_events_virtual_show_embed_to":[],"_tribe_events_virtual_show_on_event":"","_tribe_events_virtual_show_on_views":"","_tribe_events_virtual_url":"","footnotes":""},"tags":[1363,8869,2865,9147,9146,1355,9164,18302],"tribe_events_cat":[8963],"class_list":["post-33284","tribe_events","type-tribe_events","status-publish","has-post-thumbnail","hentry","tag-cafe-la-palma","tag-cafe-la-palma-2","tag-conciertos-cafe-la-palma","tag-conciertos-madrid","tag-conciertos-malasana","tag-pop","tag-pop-rock-2","tag-rosci-neuence","tribe_events_cat-concierto","cat_concierto"],"uagb_featured_image_src":{"full":["https:\/\/cafelapalma.com\/wp-content\/uploads\/2026\/02\/A3_ROSCI-1-2.png",877,1240,false],"thumbnail":["https:\/\/cafelapalma.com\/wp-content\/uploads\/2026\/02\/A3_ROSCI-1-2-150x150.png",150,150,true],"medium":["https:\/\/cafelapalma.com\/wp-content\/uploads\/2026\/02\/A3_ROSCI-1-2-212x300.png",212,300,true],"medium_large":["https:\/\/cafelapalma.com\/wp-content\/uploads\/2026\/02\/A3_ROSCI-1-2-768x1086.png",768,1086,true],"large":["https:\/\/cafelapalma.com\/wp-content\/uploads\/2026\/02\/A3_ROSCI-1-2-736x1040.png",736,1040,true],"1536x1536":["https:\/\/cafelapalma.com\/wp-content\/uploads\/2026\/02\/A3_ROSCI-1-2.png",877,1240,false],"2048x2048":["https:\/\/cafelapalma.com\/wp-content\/uploads\/2026\/02\/A3_ROSCI-1-2.png",877,1240,false],"trp-custom-language-flag":["https:\/\/cafelapalma.com\/wp-content\/uploads\/2026\/02\/A3_ROSCI-1-2-8x12.png",8,12,true],"blossom-feminine-slider":["https:\/\/cafelapalma.com\/wp-content\/uploads\/2026\/02\/A3_ROSCI-1-2-877x649.png",877,649,true],"blossom-feminine-featured":["https:\/\/cafelapalma.com\/wp-content\/uploads\/2026\/02\/A3_ROSCI-1-2-877x600.png",877,600,true],"blossom-feminine-with-sidebar":["https:\/\/cafelapalma.com\/wp-content\/uploads\/2026\/02\/A3_ROSCI-1-2-877x600.png",877,600,true],"blossom-feminine-blog":["https:\/\/cafelapalma.com\/wp-content\/uploads\/2026\/02\/A3_ROSCI-1-2-435x435.png",435,435,true],"blossom-feminine-cat":["https:\/\/cafelapalma.com\/wp-content\/uploads\/2026\/02\/A3_ROSCI-1-2-450x300.png",450,300,true],"blossom-feminine-related":["https:\/\/cafelapalma.com\/wp-content\/uploads\/2026\/02\/A3_ROSCI-1-2-320x200.png",320,200,true],"blossom-feminine-schema":["https:\/\/cafelapalma.com\/wp-content\/uploads\/2026\/02\/A3_ROSCI-1-2-42x60.png",42,60,true]},"uagb_author_info":{"display_name":"Victor","author_link":"https:\/\/cafelapalma.com\/en\/author\/comunicacion\/"},"uagb_comment_info":0,"uagb_excerpt":"Veinte a\u00f1os despu\u00e9s, Rosci Neuence vuelve a sonar en directo. La gira marca el regreso a los escenarios del proyecto liderado por Jos\u00e9 P\u00e9rez-Pi\u00f1ar, activo desde 2006 y siempre fiel a una forma muy personal de entender la m\u00fasica: canciones profundas con car\u00e1cter, atenci\u00f3n al detalle y una identidad al margen de cualquier tendencia. Tras&hellip;","_links":{"self":[{"href":"https:\/\/cafelapalma.com\/en\/wp-json\/wp\/v2\/tribe_events\/33284","targetHints":{"allow":["GET"]}}],"collection":[{"href":"https:\/\/cafelapalma.com\/en\/wp-json\/wp\/v2\/tribe_events"}],"about":[{"href":"https:\/\/cafelapalma.com\/en\/wp-json\/wp\/v2\/types\/tribe_events"}],"author":[{"embeddable":true,"href":"https:\/\/cafelapalma.com\/en\/wp-json\/wp\/v2\/users\/2"}],"version-history":[{"count":0,"href":"https:\/\/cafelapalma.com\/en\/wp-json\/wp\/v2\/tribe_events\/33284\/revisions"}],"wp:featuredmedia":[{"embeddable":true,"href":"https:\/\/cafelapalma.com\/en\/wp-json\/wp\/v2\/media\/33285"}],"wp:attachment":[{"href":"https:\/\/cafelapalma.com\/en\/wp-json\/wp\/v2\/media?parent=33284"}],"wp:term":[{"taxonomy":"post_tag","embeddable":true,"href":"https:\/\/cafelapalma.com\/en\/wp-json\/wp\/v2\/tags?post=33284"},{"taxonomy":"tribe_events_cat","embeddable":true,"href":"https:\/\/cafelapalma.com\/en\/wp-json\/wp\/v2\/tribe_events_cat?post=33284"}],"curies":[{"name":"wp","href":"https:\/\/api.w.org\/{rel}","templated":true}]}}