{"id":33312,"date":"2026-02-06T08:15:56","date_gmt":"2026-02-06T07:15:56","guid":{"rendered":"https:\/\/cafelapalma.com\/?post_type=tribe_events&#038;p=33312"},"modified":"2026-02-06T11:32:46","modified_gmt":"2026-02-06T10:32:46","slug":"ciervoss","status":"publish","type":"tribe_events","link":"https:\/\/cafelapalma.com\/en\/programacion\/ciervoss\/","title":{"rendered":"CIERVOSS"},"content":{"rendered":"<div  class=\"tribe-events-schedule tribe-clearfix\" >\n\t<p class=\"tribe-events-schedule__datetime\">\n\t\t<span class=\"tribe-events-schedule__date tribe-events-schedule__date--start\">\n\t\t\t7  March\t\t<\/span>\n\n\t\t\t\t\t<span class=\"tribe-events-schedule__separator tribe-events-schedule__separator--date\">\n\t\t\t\t@\t\t\t<\/span>\n\t\t\t<span class=\"tribe-events-schedule__time tribe-events-schedule__time--start\">\n\t\t\t\t22:00\t\t\t<\/span>\n\t\t\n\t\t\t\t\t\t\t\t\t<span class=\"tribe-events-schedule__separator tribe-events-schedule__separator--time\">\n\t\t\t\t\t&#8211;\t\t\t\t<\/span>\n\t\t\t\n\t\t\t\t\t\t\t<span class=\"tribe-events-schedule__time tribe-events-schedule__time--end\">\n\t\t\t\t\t23:45\t\t\t\t<\/span>\n\t\t\t\n\t\t\t\t\t\t<\/p>\n<\/div>\n\n\n<div  class=\"tribe-block tribe-block__event-price\" >\n\t\t\t<span class=\"tribe-block__event-price__cost\"> 10\u20ac <\/span>\n\t\t\t\t<span class=\"tribe-block__event-price__description\">+ gg Early Bird | 12\u20ac + gg Anticipada | 15\u20ac Taquilla<\/span>\n\t<\/div>\n\n\n\n<div class=\"wp-block-columns is-layout-flex wp-container-core-columns-is-layout-8f761849 wp-block-columns-is-layout-flex\">\n<div class=\"wp-block-column is-layout-flow wp-block-column-is-layout-flow\" style=\"flex-basis:33.33%\">\n<figure class=\"wp-block-image size-large\"><img loading=\"lazy\" decoding=\"async\" width=\"743\" height=\"1040\" src=\"https:\/\/cafelapalma.com\/wp-content\/uploads\/2026\/02\/CIERVOSS-CAFE-LA-PALMA-A3-sangre-1-1-1-743x1040.jpg\" alt=\"\" class=\"wp-image-33313\" srcset=\"https:\/\/cafelapalma.com\/wp-content\/uploads\/2026\/02\/CIERVOSS-CAFE-LA-PALMA-A3-sangre-1-1-1-743x1040.jpg 743w, https:\/\/cafelapalma.com\/wp-content\/uploads\/2026\/02\/CIERVOSS-CAFE-LA-PALMA-A3-sangre-1-1-1-214x300.jpg 214w, https:\/\/cafelapalma.com\/wp-content\/uploads\/2026\/02\/CIERVOSS-CAFE-LA-PALMA-A3-sangre-1-1-1-768x1075.jpg 768w, https:\/\/cafelapalma.com\/wp-content\/uploads\/2026\/02\/CIERVOSS-CAFE-LA-PALMA-A3-sangre-1-1-1-9x12.jpg 9w, https:\/\/cafelapalma.com\/wp-content\/uploads\/2026\/02\/CIERVOSS-CAFE-LA-PALMA-A3-sangre-1-1-1-43x60.jpg 43w, https:\/\/cafelapalma.com\/wp-content\/uploads\/2026\/02\/CIERVOSS-CAFE-LA-PALMA-A3-sangre-1-1-1.jpg 907w\" sizes=\"auto, (max-width: 743px) 100vw, 743px\" \/><\/figure>\n\n\n<div  class=\"tribe-block tribe-block__event-website\" >\n\t<a\n\t\thref=\"https:\/\/www.notikumi.com\/channel\/cafe-la-palma\/2026\/3\/7\/ciervoss\"\n\t\ttarget=\"_self\"\n\t\t\t>\n\t\tBUY TICKETS\t<\/a>\n<\/div>\n<\/div>\n\n\n\n<div class=\"wp-block-column is-layout-flow wp-block-column-is-layout-flow\" style=\"flex-basis:66.66%\">\n<div style=\"height:100px\" aria-hidden=\"true\" class=\"wp-block-spacer\"><\/div>\n\n\n\n<p class=\"has-text-align-left wp-block-paragraph\"><strong>Ciervoss <\/strong>vuelve con <strong>BARRIO BAJO<\/strong>, una postal cruda de la vida en la periferia; un retrato sin filtros de una generaci\u00f3n que aprendi\u00f3 a vivir de noche, a bailar en descampados y a construir su identidad entre bloques de viviendas, ch\u00e1ndales, coches tuneados, bancos de parque, raves ilegales y amores sin freno.<br><br>Diez canciones cargadas del breakbeat con m\u00e1s duende y del cante m\u00e1s electr\u00f3nico, trazando un mapa sonoro de la cultura de barrio que marc\u00f3 la d\u00e9cada de los 2000 y que a\u00fan sigue retumbando en el presente. Un archivo emocional de una escena nacida en los m\u00e1rgenes, mientras la ciudad dorm\u00eda.<br><br>Con este disco, <strong>Ciervoss <\/strong>firma su trabajo m\u00e1s ambicioso y conceptual hasta la fecha: un cruce de caminos donde la electr\u00f3nica se encuentra con la tradici\u00f3n popular y la rabia callejera para construir un lenguaje propio, imposible de etiquetar y criado entre marginalidad.<br><br><strong>BARRIO BAJO<\/strong> homenajea a quienes nunca pidieron permiso, a quienes hicieron historia sin saberlo y a quienes convirtieron la calle en su escenario. Un disco cargado de orgullo de clase y \u00e9pica cotidiana, dedicado a quienes se buscan la vida d\u00eda a d\u00eda, a quienes soportan la mirada de desprecio de una sociedad que les niega y a quienes pagan todo con dinero suelto.<br><br>Esto no es nostalgia: es memoria viva.<br><strong>No somos del centro. Somos de BARRIO&nbsp;<\/strong><\/p>\n\n\n\n<p class=\"has-text-align-right wp-block-paragraph\"><a href=\"https:\/\/www.instagram.com\/losciervoss?igsh=eTRkeDYzczF2dDht\"><em>Sigue a<\/em> <strong>Ciervoss<\/strong> <em>in <\/em><strong>Instagram.<\/strong><\/a><\/p>\n<\/div>\n<\/div>\n\n\n\n<div style=\"height:100px\" aria-hidden=\"true\" class=\"wp-block-spacer\"><\/div>\n\n\n<h2 class=\"tribe-block__related-events__title\">Related Events<\/h2>\n\n<ul  class=\"tribe-related-events tribe-clearfix\" >\n\t\t\t<li>\n\t\n<div class=\"tribe-related-events-thumbnail\">\n\t<a href=\"https:\/\/cafelapalma.com\/en\/programacion\/vodu-lady-pina-israel-gil\/\" class=\"url\" rel=\"bookmark\" tabindex=\"-1\" aria-hidden=\"true\"><img loading=\"lazy\" decoding=\"async\" width=\"1020\" height=\"680\" src=\"https:\/\/cafelapalma.com\/wp-content\/uploads\/2026\/07\/Lady2-1040x693.jpg\" class=\"attachment-large size-large wp-post-image\" alt=\"\" \/><\/a>\n<\/div>\n\t<div class=\"tribe-related-event-info\">\n\t<h3 class=\"tribe-related-events-title\">\n\t\t<a href=\"https:\/\/cafelapalma.com\/en\/programacion\/vodu-lady-pina-israel-gil\/\" class=\"tribe-event-url\" rel=\"bookmark\">\n\t\t\tVOD\u00da: LADY PI\u00d1A + ISRAEL GIL\t\t<\/a>\n\t<\/h3>\n\t<span class=\"tribe-event-date-start\">4  September@23:55<\/span><\/div>\n<\/li>\n\t\t\t<li>\n\t\n<div class=\"tribe-related-events-thumbnail\">\n\t<a href=\"https:\/\/cafelapalma.com\/en\/programacion\/funkin-donuts\/\" class=\"url\" rel=\"bookmark\" tabindex=\"-1\" aria-hidden=\"true\"><img loading=\"lazy\" decoding=\"async\" width=\"693\" height=\"1040\" src=\"https:\/\/cafelapalma.com\/wp-content\/uploads\/2026\/07\/FD-vert2-bn-693x1040.jpg\" class=\"attachment-large size-large wp-post-image\" alt=\"\" \/><\/a>\n<\/div>\n\t<div class=\"tribe-related-event-info\">\n\t<h3 class=\"tribe-related-events-title\">\n\t\t<a href=\"https:\/\/cafelapalma.com\/en\/programacion\/funkin-donuts\/\" class=\"tribe-event-url\" rel=\"bookmark\">\n\t\t\tFUNKIN&#8217; DONUTS\t\t<\/a>\n\t<\/h3>\n\t<span class=\"tribe-event-date-start\">5  September@22:00<\/span><span class=\"tribe-event-time\">23:45<\/span><\/div>\n<\/li>\n\t\t\t<li>\n\t\n<div class=\"tribe-related-events-thumbnail\">\n\t<a href=\"https:\/\/cafelapalma.com\/en\/programacion\/backstage-le-petit-truffle-mayo\/\" class=\"url\" rel=\"bookmark\" tabindex=\"-1\" aria-hidden=\"true\"><img loading=\"lazy\" decoding=\"async\" width=\"780\" height=\"1040\" src=\"https:\/\/cafelapalma.com\/wp-content\/uploads\/2026\/07\/Imagen-TruffleMayo-LePetit-i-1-780x1040.png\" class=\"attachment-large size-large wp-post-image\" alt=\"\" \/><\/a>\n<\/div>\n\t<div class=\"tribe-related-event-info\">\n\t<h3 class=\"tribe-related-events-title\">\n\t\t<a href=\"https:\/\/cafelapalma.com\/en\/programacion\/backstage-le-petit-truffle-mayo\/\" class=\"tribe-event-url\" rel=\"bookmark\">\n\t\t\tBACKSTAGE: LE PETIT + TRUFFLE MAYO\t\t<\/a>\n\t<\/h3>\n\t<span class=\"tribe-event-date-start\">5  September@23:55<\/span><\/div>\n<\/li>\n\t<\/ul>","protected":false},"excerpt":{"rendered":"<p>Ciervoss vuelve con BARRIO BAJO, una postal cruda de la vida en la periferia; un retrato sin filtros de una generaci\u00f3n que aprendi\u00f3 a vivir de noche, a bailar en descampados y a construir su identidad entre bloques de viviendas, ch\u00e1ndales, coches tuneados, bancos de parque, raves ilegales y amores sin freno. Diez canciones cargadas &hellip; <\/p>","protected":false},"author":2,"featured_media":33313,"template":"","meta":{"_tec_requires_first_save":false,"_uag_custom_page_level_css":"","loftloader_page_shortcode":"","_EventAllDay":false,"_EventTimezone":"Europe\/Madrid","_EventStartDate":"2026-03-07 22:00:00","_EventEndDate":"2026-03-07 23:45:00","_EventStartDateUTC":"2026-03-07 21:00:00","_EventEndDateUTC":"2026-03-07 22:45:00","_EventShowMap":false,"_EventShowMapLink":false,"_EventURL":"https:\/\/www.notikumi.com\/channel\/cafe-la-palma\/2026\/3\/7\/ciervoss","_EventCost":"10","_EventCostDescription":"","_EventCurrencySymbol":"\u20ac","_EventCurrencyCode":"USD","_EventCurrencyPosition":"suffix","_EventDateTimeSeparator":"@","_EventTimeRangeSeparator":"-","_EventOrganizerID":[],"_EventVenueID":[],"_OrganizerEmail":"","_OrganizerPhone":"","_OrganizerWebsite":"","_VenueAddress":"","_VenueCity":"","_VenueCountry":"","_VenueProvince":"","_VenueState":"","_VenueZip":"","_VenuePhone":"","_VenueURL":"","_VenueStateProvince":"","_VenueLat":"","_VenueLng":"","_VenueShowMap":false,"_VenueShowMapLink":false,"_tribe_blocks_recurrence_rules":"","_tribe_blocks_recurrence_description":"","_tribe_blocks_recurrence_exclusions":"","_ecp_custom_2":"","_tribe_events_status":"","_tribe_events_status_reason":"","_tribe_events_is_hybrid":"","_tribe_events_is_virtual":"","_tribe_events_virtual_video_source":"","_tribe_events_virtual_embed_video":"","_tribe_events_virtual_linked_button_text":"","_tribe_events_virtual_linked_button":"","_tribe_events_virtual_show_embed_at":"","_tribe_events_virtual_show_embed_to":[],"_tribe_events_virtual_show_on_event":"","_tribe_events_virtual_show_on_views":"","_tribe_events_virtual_url":"","footnotes":""},"tags":[18307,1363,8869,16091,2865,9147,9146,14529,1355],"tribe_events_cat":[8963],"class_list":["post-33312","tribe_events","type-tribe_events","status-publish","has-post-thumbnail","hentry","tag-barrio-bajo","tag-cafe-la-palma","tag-cafe-la-palma-2","tag-ciervoss","tag-conciertos-cafe-la-palma","tag-conciertos-madrid","tag-conciertos-malasana","tag-jagermusic-3","tag-pop","tribe_events_cat-concierto","cat_concierto"],"uagb_featured_image_src":{"full":["https:\/\/cafelapalma.com\/wp-content\/uploads\/2026\/02\/CIERVOSS-CAFE-LA-PALMA-A3-sangre-1-1-1.jpg",907,1270,false],"thumbnail":["https:\/\/cafelapalma.com\/wp-content\/uploads\/2026\/02\/CIERVOSS-CAFE-LA-PALMA-A3-sangre-1-1-1-150x150.jpg",150,150,true],"medium":["https:\/\/cafelapalma.com\/wp-content\/uploads\/2026\/02\/CIERVOSS-CAFE-LA-PALMA-A3-sangre-1-1-1-214x300.jpg",214,300,true],"medium_large":["https:\/\/cafelapalma.com\/wp-content\/uploads\/2026\/02\/CIERVOSS-CAFE-LA-PALMA-A3-sangre-1-1-1-768x1075.jpg",768,1075,true],"large":["https:\/\/cafelapalma.com\/wp-content\/uploads\/2026\/02\/CIERVOSS-CAFE-LA-PALMA-A3-sangre-1-1-1-743x1040.jpg",743,1040,true],"1536x1536":["https:\/\/cafelapalma.com\/wp-content\/uploads\/2026\/02\/CIERVOSS-CAFE-LA-PALMA-A3-sangre-1-1-1.jpg",907,1270,false],"2048x2048":["https:\/\/cafelapalma.com\/wp-content\/uploads\/2026\/02\/CIERVOSS-CAFE-LA-PALMA-A3-sangre-1-1-1.jpg",907,1270,false],"trp-custom-language-flag":["https:\/\/cafelapalma.com\/wp-content\/uploads\/2026\/02\/CIERVOSS-CAFE-LA-PALMA-A3-sangre-1-1-1-9x12.jpg",9,12,true],"blossom-feminine-slider":["https:\/\/cafelapalma.com\/wp-content\/uploads\/2026\/02\/CIERVOSS-CAFE-LA-PALMA-A3-sangre-1-1-1-907x649.jpg",907,649,true],"blossom-feminine-featured":["https:\/\/cafelapalma.com\/wp-content\/uploads\/2026\/02\/CIERVOSS-CAFE-LA-PALMA-A3-sangre-1-1-1-907x600.jpg",907,600,true],"blossom-feminine-with-sidebar":["https:\/\/cafelapalma.com\/wp-content\/uploads\/2026\/02\/CIERVOSS-CAFE-LA-PALMA-A3-sangre-1-1-1-907x600.jpg",907,600,true],"blossom-feminine-blog":["https:\/\/cafelapalma.com\/wp-content\/uploads\/2026\/02\/CIERVOSS-CAFE-LA-PALMA-A3-sangre-1-1-1-435x435.jpg",435,435,true],"blossom-feminine-cat":["https:\/\/cafelapalma.com\/wp-content\/uploads\/2026\/02\/CIERVOSS-CAFE-LA-PALMA-A3-sangre-1-1-1-450x300.jpg",450,300,true],"blossom-feminine-related":["https:\/\/cafelapalma.com\/wp-content\/uploads\/2026\/02\/CIERVOSS-CAFE-LA-PALMA-A3-sangre-1-1-1-320x200.jpg",320,200,true],"blossom-feminine-schema":["https:\/\/cafelapalma.com\/wp-content\/uploads\/2026\/02\/CIERVOSS-CAFE-LA-PALMA-A3-sangre-1-1-1-43x60.jpg",43,60,true]},"uagb_author_info":{"display_name":"Victor","author_link":"https:\/\/cafelapalma.com\/en\/author\/comunicacion\/"},"uagb_comment_info":0,"uagb_excerpt":"Ciervoss vuelve con BARRIO BAJO, una postal cruda de la vida en la periferia; un retrato sin filtros de una generaci\u00f3n que aprendi\u00f3 a vivir de noche, a bailar en descampados y a construir su identidad entre bloques de viviendas, ch\u00e1ndales, coches tuneados, bancos de parque, raves ilegales y amores sin freno. Diez canciones cargadas&hellip;","_links":{"self":[{"href":"https:\/\/cafelapalma.com\/en\/wp-json\/wp\/v2\/tribe_events\/33312","targetHints":{"allow":["GET"]}}],"collection":[{"href":"https:\/\/cafelapalma.com\/en\/wp-json\/wp\/v2\/tribe_events"}],"about":[{"href":"https:\/\/cafelapalma.com\/en\/wp-json\/wp\/v2\/types\/tribe_events"}],"author":[{"embeddable":true,"href":"https:\/\/cafelapalma.com\/en\/wp-json\/wp\/v2\/users\/2"}],"version-history":[{"count":0,"href":"https:\/\/cafelapalma.com\/en\/wp-json\/wp\/v2\/tribe_events\/33312\/revisions"}],"wp:featuredmedia":[{"embeddable":true,"href":"https:\/\/cafelapalma.com\/en\/wp-json\/wp\/v2\/media\/33313"}],"wp:attachment":[{"href":"https:\/\/cafelapalma.com\/en\/wp-json\/wp\/v2\/media?parent=33312"}],"wp:term":[{"taxonomy":"post_tag","embeddable":true,"href":"https:\/\/cafelapalma.com\/en\/wp-json\/wp\/v2\/tags?post=33312"},{"taxonomy":"tribe_events_cat","embeddable":true,"href":"https:\/\/cafelapalma.com\/en\/wp-json\/wp\/v2\/tribe_events_cat?post=33312"}],"curies":[{"name":"wp","href":"https:\/\/api.w.org\/{rel}","templated":true}]}}