{"id":33340,"date":"2026-02-10T17:13:44","date_gmt":"2026-02-10T16:13:44","guid":{"rendered":"https:\/\/cafelapalma.com\/?post_type=tribe_events&#038;p=33340"},"modified":"2026-02-18T10:21:28","modified_gmt":"2026-02-18T09:21:28","slug":"mujeres-en-vivo-2026-angie-sanchez","status":"publish","type":"tribe_events","link":"https:\/\/cafelapalma.com\/en\/programacion\/mujeres-en-vivo-2026-angie-sanchez\/","title":{"rendered":"MUJERES EN VIVO 2026: ANGIE S\u00c1NCHEZ"},"content":{"rendered":"<div  class=\"tribe-events-schedule tribe-clearfix\" >\n\t<p class=\"tribe-events-schedule__datetime\">\n\t\t<span class=\"tribe-events-schedule__date tribe-events-schedule__date--start\">\n\t\t\t11  March\t\t<\/span>\n\n\t\t\t\t\t<span class=\"tribe-events-schedule__separator tribe-events-schedule__separator--date\">\n\t\t\t\t@\t\t\t<\/span>\n\t\t\t<span class=\"tribe-events-schedule__time tribe-events-schedule__time--start\">\n\t\t\t\t21:00\t\t\t<\/span>\n\t\t\n\t\t\t\t\t\t\t\t\t<span class=\"tribe-events-schedule__separator tribe-events-schedule__separator--time\">\n\t\t\t\t\t&#8211;\t\t\t\t<\/span>\n\t\t\t\n\t\t\t\t\t\t\t<span class=\"tribe-events-schedule__time tribe-events-schedule__time--end\">\n\t\t\t\t\t23:45\t\t\t\t<\/span>\n\t\t\t\n\t\t\t\t\t\t<\/p>\n<\/div>\n\n\n<div  class=\"tribe-block tribe-block__event-price\" >\n\t\t\t<span class=\"tribe-block__event-price__cost\"> 9\u20ac <\/span>\n\t\t\t\t<span class=\"tribe-block__event-price__description\">+ gg Anticipada | 12\u20ac Taquilla<\/span>\n\t<\/div>\n\n\n\n<div class=\"wp-block-columns is-layout-flex wp-container-core-columns-is-layout-8f761849 wp-block-columns-is-layout-flex\">\n<div class=\"wp-block-column is-layout-flow wp-block-column-is-layout-flow\" style=\"flex-basis:33.33%\">\n<figure class=\"wp-block-image size-large\"><img decoding=\"async\" src=\"https:\/\/cafelapalma.com\/wp-content\/uploads\/2026\/02\/POST11-832x1040.jpg\" alt=\"\" class=\"wp-image-33393\"\/><\/figure>\n\n\n<div  class=\"tribe-block tribe-block__event-website\" >\n\t<a\n\t\thref=\"https:\/\/www.notikumi.com\/channel\/cafe-la-palma\/2026\/3\/11\/mujeres-en-vivo-2026-angie-sanchez\"\n\t\ttarget=\"_self\"\n\t\t\t>\n\t\tBUY TICKETS\t<\/a>\n<\/div>\n<\/div>\n\n\n\n<div class=\"wp-block-column is-layout-flow wp-block-column-is-layout-flow\" style=\"flex-basis:66.66%\">\n<div style=\"height:100px\" aria-hidden=\"true\" class=\"wp-block-spacer\"><\/div>\n\n\n\n<p class=\"has-text-align-left wp-block-paragraph\">Angie S\u00e1nchez es cantante, compositora, instrumentista y artista multidisciplinar.<\/p>\n\n\n\n<p class=\"has-text-align-left wp-block-paragraph\">Originaria de Toledo y afincada en Madrid desde los diecisiete a\u00f1os, su universo creativo combina m\u00fasica, dibujo, escritura y artesan\u00eda.<\/p>\n\n\n\n<p class=\"has-text-align-left wp-block-paragraph\">Tras a\u00f1os en los escenarios como pianista y corista junto a destacados nombres del panorama nacional, da un paso al frente con Tiempo al tiempo, su primer disco: una obra honesta y emocional, producida por Ricky Falkner, que condensa un proceso vital y art\u00edstico profundo. Actualmente presenta su proyecto en directo acompa\u00f1ando a Vega como parte de su banda y artista invitada en varias fechas de su gira.<\/p>\n\n\n\n<p class=\"has-text-align-right wp-block-paragraph\"><a href=\"https:\/\/www.instagram.com\/angiesanchezmusica\/\"><em>Sigue a<\/em> <strong>Angie S\u00e1nchez<\/strong> <em>in <\/em><strong>Instagram<\/strong>.<\/a><\/p>\n<\/div>\n<\/div>\n\n\n\n<div style=\"height:100px\" aria-hidden=\"true\" class=\"wp-block-spacer\"><\/div>\n\n\n<h2 class=\"tribe-block__related-events__title\">Related Events<\/h2>\n\n<ul  class=\"tribe-related-events tribe-clearfix\" >\n\t\t\t<li>\n\t\n<div class=\"tribe-related-events-thumbnail\">\n\t<a href=\"https:\/\/cafelapalma.com\/en\/programacion\/funkin-donuts\/\" class=\"url\" rel=\"bookmark\" tabindex=\"-1\" aria-hidden=\"true\"><img loading=\"lazy\" decoding=\"async\" width=\"693\" height=\"1040\" src=\"https:\/\/cafelapalma.com\/wp-content\/uploads\/2026\/07\/FD-vert2-bn-693x1040.jpg\" class=\"attachment-large size-large wp-post-image\" alt=\"\" \/><\/a>\n<\/div>\n\t<div class=\"tribe-related-event-info\">\n\t<h3 class=\"tribe-related-events-title\">\n\t\t<a href=\"https:\/\/cafelapalma.com\/en\/programacion\/funkin-donuts\/\" class=\"tribe-event-url\" rel=\"bookmark\">\n\t\t\tFUNKIN&#8217; DONUTS\t\t<\/a>\n\t<\/h3>\n\t<span class=\"tribe-event-date-start\">5  September@22:00<\/span><span class=\"tribe-event-time\">23:45<\/span><\/div>\n<\/li>\n\t\t\t<li>\n\t\n<div class=\"tribe-related-events-thumbnail\">\n\t<a href=\"https:\/\/cafelapalma.com\/en\/programacion\/backstage-le-petit-truffle-mayo\/\" class=\"url\" rel=\"bookmark\" tabindex=\"-1\" aria-hidden=\"true\"><img loading=\"lazy\" decoding=\"async\" width=\"780\" height=\"1040\" src=\"https:\/\/cafelapalma.com\/wp-content\/uploads\/2026\/07\/Imagen-TruffleMayo-LePetit-i-1-780x1040.png\" class=\"attachment-large size-large wp-post-image\" alt=\"\" \/><\/a>\n<\/div>\n\t<div class=\"tribe-related-event-info\">\n\t<h3 class=\"tribe-related-events-title\">\n\t\t<a href=\"https:\/\/cafelapalma.com\/en\/programacion\/backstage-le-petit-truffle-mayo\/\" class=\"tribe-event-url\" rel=\"bookmark\">\n\t\t\tBACKSTAGE: LE PETIT + TRUFFLE MAYO\t\t<\/a>\n\t<\/h3>\n\t<span class=\"tribe-event-date-start\">5  September@23:55<\/span><\/div>\n<\/li>\n\t\t\t<li>\n\t\n<div class=\"tribe-related-events-thumbnail\">\n\t<a href=\"https:\/\/cafelapalma.com\/en\/programacion\/willie-deville-concierto-benefico-x-venezuela\/\" class=\"url\" rel=\"bookmark\" tabindex=\"-1\" aria-hidden=\"true\"><img loading=\"lazy\" decoding=\"async\" width=\"1020\" height=\"531\" src=\"https:\/\/cafelapalma.com\/wp-content\/uploads\/2026\/08\/Willie-deville-1100x572-1-1040x541.jpg\" class=\"attachment-large size-large wp-post-image\" alt=\"\" \/><\/a>\n<\/div>\n\t<div class=\"tribe-related-event-info\">\n\t<h3 class=\"tribe-related-events-title\">\n\t\t<a href=\"https:\/\/cafelapalma.com\/en\/programacion\/willie-deville-concierto-benefico-x-venezuela\/\" class=\"tribe-event-url\" rel=\"bookmark\">\n\t\t\tWILLIE DEVILLE: CONCIERTO BEN\u00c9FICO X VENEZUELA\t\t<\/a>\n\t<\/h3>\n\t<span class=\"tribe-event-date-start\">6  September@21:00<\/span><span class=\"tribe-event-time\">23:45<\/span><\/div>\n<\/li>\n\t<\/ul>","protected":false},"excerpt":{"rendered":"<p>Angie S\u00e1nchez es cantante, compositora, instrumentista y artista multidisciplinar. Originaria de Toledo y afincada en Madrid desde los diecisiete a\u00f1os, su universo creativo combina m\u00fasica, dibujo, escritura y artesan\u00eda. Tras a\u00f1os en los escenarios como pianista y corista junto a destacados nombres del panorama nacional, da un paso al frente con Tiempo al tiempo, su &hellip; <\/p>","protected":false},"author":2,"featured_media":33393,"template":"","meta":{"_tec_requires_first_save":false,"_uag_custom_page_level_css":"","loftloader_page_shortcode":"","_EventAllDay":false,"_EventTimezone":"Europe\/Madrid","_EventStartDate":"2026-03-11 21:00:00","_EventEndDate":"2026-03-11 23:45:00","_EventStartDateUTC":"2026-03-11 20:00:00","_EventEndDateUTC":"2026-03-11 22:45:00","_EventShowMap":false,"_EventShowMapLink":false,"_EventURL":"https:\/\/www.notikumi.com\/channel\/cafe-la-palma\/2026\/3\/11\/mujeres-en-vivo-2026-angie-sanchez","_EventCost":"9","_EventCostDescription":"","_EventCurrencySymbol":"\u20ac","_EventCurrencyCode":"USD","_EventCurrencyPosition":"suffix","_EventDateTimeSeparator":"@","_EventTimeRangeSeparator":"-","_EventOrganizerID":[],"_EventVenueID":[],"_OrganizerEmail":"","_OrganizerPhone":"","_OrganizerWebsite":"","_VenueAddress":"","_VenueCity":"","_VenueCountry":"","_VenueProvince":"","_VenueState":"","_VenueZip":"","_VenuePhone":"","_VenueURL":"","_VenueStateProvince":"","_VenueLat":"","_VenueLng":"","_VenueShowMap":false,"_VenueShowMapLink":false,"_tribe_blocks_recurrence_rules":"","_tribe_blocks_recurrence_description":"","_tribe_blocks_recurrence_exclusions":"","_ecp_custom_2":"","_tribe_events_status":"","_tribe_events_status_reason":"","_tribe_events_is_hybrid":"","_tribe_events_is_virtual":"","_tribe_events_virtual_video_source":"","_tribe_events_virtual_embed_video":"","_tribe_events_virtual_linked_button_text":"","_tribe_events_virtual_linked_button":"","_tribe_events_virtual_show_embed_at":"","_tribe_events_virtual_show_embed_to":[],"_tribe_events_virtual_show_on_event":"","_tribe_events_virtual_show_on_views":"","_tribe_events_virtual_url":"","footnotes":""},"tags":[15628,18310,1363,8869,2865,9147,9146,1355,16672],"tribe_events_cat":[8963],"class_list":["post-33340","tribe_events","type-tribe_events","status-publish","has-post-thumbnail","hentry","tag-alex-vega","tag-angie-sanchez","tag-cafe-la-palma","tag-cafe-la-palma-2","tag-conciertos-cafe-la-palma","tag-conciertos-madrid","tag-conciertos-malasana","tag-pop","tag-ricky-falkner","tribe_events_cat-concierto","cat_concierto"],"uagb_featured_image_src":{"full":["https:\/\/cafelapalma.com\/wp-content\/uploads\/2026\/02\/POST11-e1772093372937.jpg",1080,554,false],"thumbnail":["https:\/\/cafelapalma.com\/wp-content\/uploads\/2026\/02\/POST11-e1772093372937-150x150.jpg",150,150,true],"medium":["https:\/\/cafelapalma.com\/wp-content\/uploads\/2026\/02\/POST11-e1772093372937-300x154.jpg",300,154,true],"medium_large":["https:\/\/cafelapalma.com\/wp-content\/uploads\/2026\/02\/POST11-e1772093372937-768x394.jpg",768,394,true],"large":["https:\/\/cafelapalma.com\/wp-content\/uploads\/2026\/02\/POST11-e1772093372937-1040x533.jpg",1020,523,true],"1536x1536":["https:\/\/cafelapalma.com\/wp-content\/uploads\/2026\/02\/POST11-e1772093372937.jpg",1080,554,false],"2048x2048":["https:\/\/cafelapalma.com\/wp-content\/uploads\/2026\/02\/POST11-e1772093372937.jpg",1080,554,false],"trp-custom-language-flag":["https:\/\/cafelapalma.com\/wp-content\/uploads\/2026\/02\/POST11-e1772093372937-18x9.jpg",18,9,true],"blossom-feminine-slider":["https:\/\/cafelapalma.com\/wp-content\/uploads\/2026\/02\/POST11-1080x649.jpg",1080,649,true],"blossom-feminine-featured":["https:\/\/cafelapalma.com\/wp-content\/uploads\/2026\/02\/POST11-e1772093272579-1080x600.jpg",1080,600,true],"blossom-feminine-with-sidebar":["https:\/\/cafelapalma.com\/wp-content\/uploads\/2026\/02\/POST11-e1772093372937-1020x554.jpg",1020,554,true],"blossom-feminine-blog":["https:\/\/cafelapalma.com\/wp-content\/uploads\/2026\/02\/POST11-e1772093372937-435x435.jpg",435,435,true],"blossom-feminine-cat":["https:\/\/cafelapalma.com\/wp-content\/uploads\/2026\/02\/POST11-e1772093372937-450x300.jpg",450,300,true],"blossom-feminine-related":["https:\/\/cafelapalma.com\/wp-content\/uploads\/2026\/02\/POST11-e1772093372937-320x200.jpg",320,200,true],"blossom-feminine-schema":["https:\/\/cafelapalma.com\/wp-content\/uploads\/2026\/02\/POST11-e1772093372937-117x60.jpg",117,60,true]},"uagb_author_info":{"display_name":"Victor","author_link":"https:\/\/cafelapalma.com\/en\/author\/comunicacion\/"},"uagb_comment_info":0,"uagb_excerpt":"Angie S\u00e1nchez es cantante, compositora, instrumentista y artista multidisciplinar. Originaria de Toledo y afincada en Madrid desde los diecisiete a\u00f1os, su universo creativo combina m\u00fasica, dibujo, escritura y artesan\u00eda. Tras a\u00f1os en los escenarios como pianista y corista junto a destacados nombres del panorama nacional, da un paso al frente con Tiempo al tiempo, su&hellip;","_links":{"self":[{"href":"https:\/\/cafelapalma.com\/en\/wp-json\/wp\/v2\/tribe_events\/33340","targetHints":{"allow":["GET"]}}],"collection":[{"href":"https:\/\/cafelapalma.com\/en\/wp-json\/wp\/v2\/tribe_events"}],"about":[{"href":"https:\/\/cafelapalma.com\/en\/wp-json\/wp\/v2\/types\/tribe_events"}],"author":[{"embeddable":true,"href":"https:\/\/cafelapalma.com\/en\/wp-json\/wp\/v2\/users\/2"}],"version-history":[{"count":0,"href":"https:\/\/cafelapalma.com\/en\/wp-json\/wp\/v2\/tribe_events\/33340\/revisions"}],"wp:featuredmedia":[{"embeddable":true,"href":"https:\/\/cafelapalma.com\/en\/wp-json\/wp\/v2\/media\/33393"}],"wp:attachment":[{"href":"https:\/\/cafelapalma.com\/en\/wp-json\/wp\/v2\/media?parent=33340"}],"wp:term":[{"taxonomy":"post_tag","embeddable":true,"href":"https:\/\/cafelapalma.com\/en\/wp-json\/wp\/v2\/tags?post=33340"},{"taxonomy":"tribe_events_cat","embeddable":true,"href":"https:\/\/cafelapalma.com\/en\/wp-json\/wp\/v2\/tribe_events_cat?post=33340"}],"curies":[{"name":"wp","href":"https:\/\/api.w.org\/{rel}","templated":true}]}}