{"id":33343,"date":"2026-02-10T12:46:35","date_gmt":"2026-02-10T11:46:35","guid":{"rendered":"https:\/\/cafelapalma.com\/?post_type=tribe_events&#038;p=33343"},"modified":"2026-07-28T10:48:37","modified_gmt":"2026-07-28T08:48:37","slug":"expon-tu-arte-en-cafe-la-palma","status":"publish","type":"tribe_events","link":"https:\/\/cafelapalma.com\/en\/programacion\/expon-tu-arte-en-cafe-la-palma\/","title":{"rendered":"EXP\u00d3N TU ARTE EN CAF\u00c9 LA PALMA"},"content":{"rendered":"<div class=\"wp-block-columns is-layout-flex wp-container-core-columns-is-layout-8f761849 wp-block-columns-is-layout-flex\">\n<div class=\"wp-block-column is-layout-flow wp-block-column-is-layout-flow\">\n<figure class=\"wp-block-image size-large\"><img loading=\"lazy\" decoding=\"async\" width=\"780\" height=\"1040\" src=\"https:\/\/cafelapalma.com\/wp-content\/uploads\/2026\/02\/PHOTO-2022-10-24-17-17-25-780x1040.jpg\" alt=\"Red Room\" class=\"wp-image-33344\" srcset=\"https:\/\/cafelapalma.com\/wp-content\/uploads\/2026\/02\/PHOTO-2022-10-24-17-17-25-780x1040.jpg 780w, https:\/\/cafelapalma.com\/wp-content\/uploads\/2026\/02\/PHOTO-2022-10-24-17-17-25-225x300.jpg 225w, https:\/\/cafelapalma.com\/wp-content\/uploads\/2026\/02\/PHOTO-2022-10-24-17-17-25-768x1024.jpg 768w, https:\/\/cafelapalma.com\/wp-content\/uploads\/2026\/02\/PHOTO-2022-10-24-17-17-25-1152x1536.jpg 1152w, https:\/\/cafelapalma.com\/wp-content\/uploads\/2026\/02\/PHOTO-2022-10-24-17-17-25-9x12.jpg 9w, https:\/\/cafelapalma.com\/wp-content\/uploads\/2026\/02\/PHOTO-2022-10-24-17-17-25-45x60.jpg 45w, https:\/\/cafelapalma.com\/wp-content\/uploads\/2026\/02\/PHOTO-2022-10-24-17-17-25.jpg 1200w\" sizes=\"auto, (max-width: 780px) 100vw, 780px\" \/><figcaption class=\"wp-element-caption\">Red Room<\/figcaption><\/figure>\n\n\n\n<p class=\"wp-block-paragraph\"><\/p>\n<\/div>\n\n\n\n<div class=\"wp-block-column is-layout-flow wp-block-column-is-layout-flow\">\n<figure class=\"wp-block-image size-large\"><img loading=\"lazy\" decoding=\"async\" width=\"780\" height=\"1040\" src=\"https:\/\/cafelapalma.com\/wp-content\/uploads\/2026\/02\/PHOTO-2022-10-24-17-17-28-2-780x1040.jpg\" alt=\"\" class=\"wp-image-33345\" srcset=\"https:\/\/cafelapalma.com\/wp-content\/uploads\/2026\/02\/PHOTO-2022-10-24-17-17-28-2-780x1040.jpg 780w, https:\/\/cafelapalma.com\/wp-content\/uploads\/2026\/02\/PHOTO-2022-10-24-17-17-28-2-225x300.jpg 225w, https:\/\/cafelapalma.com\/wp-content\/uploads\/2026\/02\/PHOTO-2022-10-24-17-17-28-2-768x1024.jpg 768w, https:\/\/cafelapalma.com\/wp-content\/uploads\/2026\/02\/PHOTO-2022-10-24-17-17-28-2-1152x1536.jpg 1152w, https:\/\/cafelapalma.com\/wp-content\/uploads\/2026\/02\/PHOTO-2022-10-24-17-17-28-2-9x12.jpg 9w, https:\/\/cafelapalma.com\/wp-content\/uploads\/2026\/02\/PHOTO-2022-10-24-17-17-28-2-45x60.jpg 45w, https:\/\/cafelapalma.com\/wp-content\/uploads\/2026\/02\/PHOTO-2022-10-24-17-17-28-2.jpg 1200w\" sizes=\"auto, (max-width: 780px) 100vw, 780px\" \/><figcaption class=\"wp-element-caption\">Coffee Room<\/figcaption><\/figure>\n<\/div>\n\n\n\n<div class=\"wp-block-column is-layout-flow wp-block-column-is-layout-flow\">\n<figure class=\"wp-block-image size-large\"><img loading=\"lazy\" decoding=\"async\" width=\"780\" height=\"1040\" src=\"https:\/\/cafelapalma.com\/wp-content\/uploads\/2026\/02\/PHOTO-2022-10-24-17-17-29-780x1040.jpg\" alt=\"\" class=\"wp-image-33348\" srcset=\"https:\/\/cafelapalma.com\/wp-content\/uploads\/2026\/02\/PHOTO-2022-10-24-17-17-29-780x1040.jpg 780w, https:\/\/cafelapalma.com\/wp-content\/uploads\/2026\/02\/PHOTO-2022-10-24-17-17-29-225x300.jpg 225w, https:\/\/cafelapalma.com\/wp-content\/uploads\/2026\/02\/PHOTO-2022-10-24-17-17-29-768x1024.jpg 768w, https:\/\/cafelapalma.com\/wp-content\/uploads\/2026\/02\/PHOTO-2022-10-24-17-17-29-1152x1536.jpg 1152w, https:\/\/cafelapalma.com\/wp-content\/uploads\/2026\/02\/PHOTO-2022-10-24-17-17-29-9x12.jpg 9w, https:\/\/cafelapalma.com\/wp-content\/uploads\/2026\/02\/PHOTO-2022-10-24-17-17-29-45x60.jpg 45w, https:\/\/cafelapalma.com\/wp-content\/uploads\/2026\/02\/PHOTO-2022-10-24-17-17-29.jpg 1200w\" sizes=\"auto, (max-width: 780px) 100vw, 780px\" \/><figcaption class=\"wp-element-caption\">Red Room<\/figcaption><\/figure>\n<\/div>\n<\/div>\n\n\n\n<p class=\"has-text-align-left wp-block-paragraph\">Con m\u00e1s de 30 a\u00f1os de historia no cabe duda de que el <strong>CAF\u00c9 LA PALMA <\/strong>es uno de los referentes culturales de la ciudad, y no solo por su reconocido prestigio como lanzadera musical de bandas de todo pelaje, sino por esa suerte de \u00e1gora cultural en la que se ha convertido su espacio, que lo mismo sirve para un concierto, una obra teatral, una proyecci\u00f3n cinematogr\u00e1fica, o una sala de exposiciones.<\/p>\n\n\n\n<p class=\"has-text-align-left wp-block-paragraph\">Fieles al principio de reflejar las manifestaciones art\u00edsticas del underground local, las artes pl\u00e1sticas tambi\u00e9n entran en la ecuaci\u00f3n, y por eso dos de nuestros espacios se convierten mensualmente en una galer\u00eda que da cobijo a obras y artistas que se salen de los circuitos tradicionales.<\/p>\n\n\n\n<p class=\"has-text-align-left wp-block-paragraph\">Con el sistema de iluminaci\u00f3n que ofrecen museos como el Guggenheim, que ofrece una variedad crom\u00e1tica del 98%, y que permite mostrar las obras como realmente fueron concebidas por su creador, el respeto con el que se tratan las exposiciones, convierte a la sala en una excelente plataforma desde la que lograr el impacto visual necesario para conquistar nuevas miradas.<\/p>\n\n\n\n<p class=\"has-text-align-left wp-block-paragraph\">Lo mismo da si se trata de <strong>pintura, arte digital, escultura, fotograf\u00eda o instalaciones de todo tipo<\/strong>, nuestras paredes las acoger\u00e1n con respeto y las ense\u00f1ar\u00e1n a los miles de asistentes que nos visitan mensualmente, un p\u00fablico joven con intereses culturales que trascienden lo estrictamente musical.<\/p>\n\n\n\n<p class=\"has-text-align-left wp-block-paragraph\"><strong>Si eres artista y te gustar\u00eda exponer en nuestras paredes, \u00a1no dudes en contactarnos!<\/strong><\/p>\n\n\n\n<div class=\"wp-block-buttons is-layout-flex wp-block-buttons-is-layout-flex\">\n<div class=\"wp-block-button\"><a class=\"wp-block-button__link has-white-color has-vivid-red-background-color has-text-color has-background wp-element-button\" href=\"https:\/\/cafelapalma.com\/wp-content\/uploads\/2026\/02\/POLITICA-EXPOS-2026.pdf\" style=\"border-radius:6px\"><mark style=\"background-color:#cf2e2e\" class=\"has-inline-color has-white-color\">CONDICIONES<\/mark><\/a><\/div>\n<\/div>\n\n\n\n<div style=\"height:100px\" aria-hidden=\"true\" class=\"wp-block-spacer\"><\/div>\n\n\n<h2 class=\"tribe-block__related-events__title\">Related Events<\/h2>\n\n<ul  class=\"tribe-related-events tribe-clearfix\" >\n\t\t\t<li>\n\t\n<div class=\"tribe-related-events-thumbnail\">\n\t<a href=\"https:\/\/cafelapalma.com\/en\/programacion\/vertice-marta-canosa\/\" class=\"url\" rel=\"bookmark\" tabindex=\"-1\" aria-hidden=\"true\"><img loading=\"lazy\" decoding=\"async\" width=\"736\" height=\"1040\" src=\"https:\/\/cafelapalma.com\/wp-content\/uploads\/2026\/06\/Cartel_Vertice_Cafelapalma_Impresion_page-0001-1-736x1040.jpg\" class=\"attachment-large size-large wp-post-image\" alt=\"\" \/><\/a>\n<\/div>\n\t<div class=\"tribe-related-event-info\">\n\t<h3 class=\"tribe-related-events-title\">\n\t\t<a href=\"https:\/\/cafelapalma.com\/en\/programacion\/vertice-marta-canosa\/\" class=\"tribe-event-url\" rel=\"bookmark\">\n\t\t\tV\u00c9RTICE + MARTA CANOSA\t\t<\/a>\n\t<\/h3>\n\t<span class=\"tribe-event-date-start\">4  September@21:30<\/span><span class=\"tribe-event-time\">23:45<\/span><\/div>\n<\/li>\n\t\t\t<li>\n\t\n<div class=\"tribe-related-events-thumbnail\">\n\t<a href=\"https:\/\/cafelapalma.com\/en\/programacion\/vodu-lady-pina-israel-gil\/\" class=\"url\" rel=\"bookmark\" tabindex=\"-1\" aria-hidden=\"true\"><img loading=\"lazy\" decoding=\"async\" width=\"1020\" height=\"680\" src=\"https:\/\/cafelapalma.com\/wp-content\/uploads\/2026\/07\/Lady2-1040x693.jpg\" class=\"attachment-large size-large wp-post-image\" alt=\"\" \/><\/a>\n<\/div>\n\t<div class=\"tribe-related-event-info\">\n\t<h3 class=\"tribe-related-events-title\">\n\t\t<a href=\"https:\/\/cafelapalma.com\/en\/programacion\/vodu-lady-pina-israel-gil\/\" class=\"tribe-event-url\" rel=\"bookmark\">\n\t\t\tVOD\u00da: LADY PI\u00d1A + ISRAEL GIL\t\t<\/a>\n\t<\/h3>\n\t<span class=\"tribe-event-date-start\">4  September@23:55<\/span><\/div>\n<\/li>\n\t\t\t<li>\n\t\n<div class=\"tribe-related-events-thumbnail\">\n\t<a href=\"https:\/\/cafelapalma.com\/en\/programacion\/funkin-donuts\/\" class=\"url\" rel=\"bookmark\" tabindex=\"-1\" aria-hidden=\"true\"><img loading=\"lazy\" decoding=\"async\" width=\"693\" height=\"1040\" src=\"https:\/\/cafelapalma.com\/wp-content\/uploads\/2026\/07\/FD-vert2-bn-693x1040.jpg\" class=\"attachment-large size-large wp-post-image\" alt=\"\" \/><\/a>\n<\/div>\n\t<div class=\"tribe-related-event-info\">\n\t<h3 class=\"tribe-related-events-title\">\n\t\t<a href=\"https:\/\/cafelapalma.com\/en\/programacion\/funkin-donuts\/\" class=\"tribe-event-url\" rel=\"bookmark\">\n\t\t\tFUNKIN&#8217; DONUTS\t\t<\/a>\n\t<\/h3>\n\t<span class=\"tribe-event-date-start\">5  September@22:00<\/span><span class=\"tribe-event-time\">23:45<\/span><\/div>\n<\/li>\n\t<\/ul>","protected":false},"excerpt":{"rendered":"<p>Con m\u00e1s de 30 a\u00f1os de historia no cabe duda de que el CAF\u00c9 LA PALMA es uno de los referentes culturales de la ciudad, y no solo por su reconocido prestigio como lanzadera musical de bandas de todo pelaje, sino por esa suerte de \u00e1gora cultural en la que se ha convertido su espacio, &hellip; <\/p>","protected":false},"author":2,"featured_media":33346,"template":"","meta":{"_tec_requires_first_save":false,"_uag_custom_page_level_css":"","loftloader_page_shortcode":"","_EventAllDay":false,"_EventTimezone":"Europe\/Madrid","_EventStartDate":"2026-02-10 08:00:00","_EventEndDate":"2030-04-30 17:00:00","_EventStartDateUTC":"2026-02-10 07:00:00","_EventEndDateUTC":"2030-04-30 15:00:00","_EventShowMap":false,"_EventShowMapLink":false,"_EventURL":"","_EventCost":"","_EventCostDescription":"","_EventCurrencySymbol":"\u20ac","_EventCurrencyCode":"USD","_EventCurrencyPosition":"suffix","_EventDateTimeSeparator":"@","_EventTimeRangeSeparator":"-","_EventOrganizerID":[],"_EventVenueID":[],"_OrganizerEmail":"","_OrganizerPhone":"","_OrganizerWebsite":"","_VenueAddress":"","_VenueCity":"","_VenueCountry":"","_VenueProvince":"","_VenueState":"","_VenueZip":"","_VenuePhone":"","_VenueURL":"","_VenueStateProvince":"","_VenueLat":"","_VenueLng":"","_VenueShowMap":false,"_VenueShowMapLink":false,"_tribe_blocks_recurrence_rules":"","_tribe_blocks_recurrence_description":"","_tribe_blocks_recurrence_exclusions":"","_ecp_custom_2":"","_tribe_events_status":"","_tribe_events_status_reason":"","_tribe_events_is_hybrid":"","_tribe_events_is_virtual":"","_tribe_events_virtual_video_source":"","_tribe_events_virtual_embed_video":"","_tribe_events_virtual_linked_button_text":"","_tribe_events_virtual_linked_button":"","_tribe_events_virtual_show_embed_at":"","_tribe_events_virtual_show_embed_to":[],"_tribe_events_virtual_show_on_event":"","_tribe_events_virtual_show_on_views":"","_tribe_events_virtual_url":"","footnotes":""},"tags":[18313,1363,8869,18311,18312,12413],"tribe_events_cat":[16536,8965],"class_list":["post-33343","tribe_events","type-tribe_events","status-publish","has-post-thumbnail","hentry","tag-arte-madrid","tag-cafe-la-palma","tag-cafe-la-palma-2","tag-exposiciones-cafe-la-palma-2","tag-exposiciones-de-arte","tag-exposiciones-madrid","tribe_events_cat-carrusel","tribe_events_cat-exposicion","cat_carrusel","cat_exposicion"],"uagb_featured_image_src":{"full":["https:\/\/cafelapalma.com\/wp-content\/uploads\/2026\/02\/PHOTO-2022-10-24-17-17-27.jpg",1600,1200,false],"thumbnail":["https:\/\/cafelapalma.com\/wp-content\/uploads\/2026\/02\/PHOTO-2022-10-24-17-17-27-150x150.jpg",150,150,true],"medium":["https:\/\/cafelapalma.com\/wp-content\/uploads\/2026\/02\/PHOTO-2022-10-24-17-17-27-300x225.jpg",300,225,true],"medium_large":["https:\/\/cafelapalma.com\/wp-content\/uploads\/2026\/02\/PHOTO-2022-10-24-17-17-27-768x576.jpg",768,576,true],"large":["https:\/\/cafelapalma.com\/wp-content\/uploads\/2026\/02\/PHOTO-2022-10-24-17-17-27-1040x780.jpg",1020,765,true],"1536x1536":["https:\/\/cafelapalma.com\/wp-content\/uploads\/2026\/02\/PHOTO-2022-10-24-17-17-27-1536x1152.jpg",1536,1152,true],"2048x2048":["https:\/\/cafelapalma.com\/wp-content\/uploads\/2026\/02\/PHOTO-2022-10-24-17-17-27.jpg",1600,1200,false],"trp-custom-language-flag":["https:\/\/cafelapalma.com\/wp-content\/uploads\/2026\/02\/PHOTO-2022-10-24-17-17-27-16x12.jpg",16,12,true],"blossom-feminine-slider":["https:\/\/cafelapalma.com\/wp-content\/uploads\/2026\/02\/PHOTO-2022-10-24-17-17-27-1600x649.jpg",1600,649,true],"blossom-feminine-featured":["https:\/\/cafelapalma.com\/wp-content\/uploads\/2026\/02\/PHOTO-2022-10-24-17-17-27-1410x600.jpg",1410,600,true],"blossom-feminine-with-sidebar":["https:\/\/cafelapalma.com\/wp-content\/uploads\/2026\/02\/PHOTO-2022-10-24-17-17-27-1020x600.jpg",1020,600,true],"blossom-feminine-blog":["https:\/\/cafelapalma.com\/wp-content\/uploads\/2026\/02\/PHOTO-2022-10-24-17-17-27-435x435.jpg",435,435,true],"blossom-feminine-cat":["https:\/\/cafelapalma.com\/wp-content\/uploads\/2026\/02\/PHOTO-2022-10-24-17-17-27-450x300.jpg",450,300,true],"blossom-feminine-related":["https:\/\/cafelapalma.com\/wp-content\/uploads\/2026\/02\/PHOTO-2022-10-24-17-17-27-320x200.jpg",320,200,true],"blossom-feminine-schema":["https:\/\/cafelapalma.com\/wp-content\/uploads\/2026\/02\/PHOTO-2022-10-24-17-17-27-80x60.jpg",80,60,true]},"uagb_author_info":{"display_name":"Victor","author_link":"https:\/\/cafelapalma.com\/en\/author\/comunicacion\/"},"uagb_comment_info":0,"uagb_excerpt":"Con m\u00e1s de 30 a\u00f1os de historia no cabe duda de que el CAF\u00c9 LA PALMA es uno de los referentes culturales de la ciudad, y no solo por su reconocido prestigio como lanzadera musical de bandas de todo pelaje, sino por esa suerte de \u00e1gora cultural en la que se ha convertido su espacio,&hellip;","_links":{"self":[{"href":"https:\/\/cafelapalma.com\/en\/wp-json\/wp\/v2\/tribe_events\/33343","targetHints":{"allow":["GET"]}}],"collection":[{"href":"https:\/\/cafelapalma.com\/en\/wp-json\/wp\/v2\/tribe_events"}],"about":[{"href":"https:\/\/cafelapalma.com\/en\/wp-json\/wp\/v2\/types\/tribe_events"}],"author":[{"embeddable":true,"href":"https:\/\/cafelapalma.com\/en\/wp-json\/wp\/v2\/users\/2"}],"version-history":[{"count":0,"href":"https:\/\/cafelapalma.com\/en\/wp-json\/wp\/v2\/tribe_events\/33343\/revisions"}],"wp:featuredmedia":[{"embeddable":true,"href":"https:\/\/cafelapalma.com\/en\/wp-json\/wp\/v2\/media\/33346"}],"wp:attachment":[{"href":"https:\/\/cafelapalma.com\/en\/wp-json\/wp\/v2\/media?parent=33343"}],"wp:term":[{"taxonomy":"post_tag","embeddable":true,"href":"https:\/\/cafelapalma.com\/en\/wp-json\/wp\/v2\/tags?post=33343"},{"taxonomy":"tribe_events_cat","embeddable":true,"href":"https:\/\/cafelapalma.com\/en\/wp-json\/wp\/v2\/tribe_events_cat?post=33343"}],"curies":[{"name":"wp","href":"https:\/\/api.w.org\/{rel}","templated":true}]}}