{"id":33381,"date":"2026-02-16T10:24:59","date_gmt":"2026-02-16T09:24:59","guid":{"rendered":"https:\/\/cafelapalma.com\/?post_type=tribe_events&#038;p=33381"},"modified":"2026-02-16T10:25:00","modified_gmt":"2026-02-16T09:25:00","slug":"futuro-destruido-2","status":"publish","type":"tribe_events","link":"https:\/\/cafelapalma.com\/en\/programacion\/futuro-destruido-2\/","title":{"rendered":"FUTURO DESTRUIDO"},"content":{"rendered":"<div  class=\"tribe-events-schedule tribe-clearfix\" >\n\t<p class=\"tribe-events-schedule__datetime\">\n\t\t<span class=\"tribe-events-schedule__date tribe-events-schedule__date--start\">\n\t\t\t6  February\t\t<\/span>\n\n\t\t\t\t\t<span class=\"tribe-events-schedule__separator tribe-events-schedule__separator--date\">\n\t\t\t\t@\t\t\t<\/span>\n\t\t\t<span class=\"tribe-events-schedule__time tribe-events-schedule__time--start\">\n\t\t\t\t08:00\t\t\t<\/span>\n\t\t\n\t\t\t\t\t\t\t\t\t<span class=\"tribe-events-schedule__separator tribe-events-schedule__separator--time\">\n\t\t\t\t\t&#8211;\t\t\t\t<\/span>\n\t\t\t\n\t\t\t\t\t\t\t<span class=\"tribe-events-schedule__date tribe-events-schedule__date--end\">\n\t\t\t\t\t2  March\t\t\t\t<\/span>\n\n\t\t\t\t\t\t\t\t\t<span class=\"tribe-events-schedule__separator tribe-events-schedule__separator--date\">\n\t\t\t\t\t\t@\t\t\t\t\t<\/span>\n\t\t\t\t\t<span class=\"tribe-events-schedule__time tribe-events-schedule__time--end\">\n\t\t\t\t\t\t23:00\t\t\t\t\t<\/span>\n\t\t\t\t\n\t\t\t\n\t\t\t\t\t\t<\/p>\n<\/div>\n\n\n\n<div class=\"wp-block-columns is-layout-flex wp-container-core-columns-is-layout-8f761849 wp-block-columns-is-layout-flex\">\n<div class=\"wp-block-column is-layout-flow wp-block-column-is-layout-flow\" style=\"flex-basis:33.33%\">\n<figure class=\"wp-block-image size-large\"><img loading=\"lazy\" decoding=\"async\" width=\"832\" height=\"1040\" src=\"https:\/\/cafelapalma.com\/wp-content\/uploads\/2026\/02\/post-insta-1-832x1040.jpeg\" alt=\"\" class=\"wp-image-33382\" srcset=\"https:\/\/cafelapalma.com\/wp-content\/uploads\/2026\/02\/post-insta-1-832x1040.jpeg 832w, https:\/\/cafelapalma.com\/wp-content\/uploads\/2026\/02\/post-insta-1-240x300.jpeg 240w, https:\/\/cafelapalma.com\/wp-content\/uploads\/2026\/02\/post-insta-1-768x960.jpeg 768w, https:\/\/cafelapalma.com\/wp-content\/uploads\/2026\/02\/post-insta-1-10x12.jpeg 10w, https:\/\/cafelapalma.com\/wp-content\/uploads\/2026\/02\/post-insta-1-48x60.jpeg 48w, https:\/\/cafelapalma.com\/wp-content\/uploads\/2026\/02\/post-insta-1.jpeg 1080w\" sizes=\"auto, (max-width: 832px) 100vw, 832px\" \/><\/figure>\n<\/div>\n\n\n\n<div class=\"wp-block-column is-layout-flow wp-block-column-is-layout-flow\" style=\"flex-basis:66.66%\">\n<div style=\"height:100px\" aria-hidden=\"true\" class=\"wp-block-spacer\"><\/div>\n\n\n\n<p class=\"has-text-align-left wp-block-paragraph\">La obra de Sebas Cabero no se presenta como una serie de objetos aislados, sino como un diagn\u00f3stico urgente de una realidad herida. A trav\u00e9s de un lenguaje visual crudo y directo, el artista nos invita a transitar por un pasillo de espejos que devuelve la imagen de un mundo donde la violencia se ha vuelto sist\u00e9mica, filtr\u00e1ndose desde las altas esferas de la geopol\u00edtica hasta la intimidad de nuestras pantallas.<\/p>\n\n\n\n<p class=\"has-text-align-left wp-block-paragraph\">Aqu\u00ed, lo social y lo pol\u00edtico se funden en una sola herida, la de un capitalismo neoliberal que, para sobrevivir, necesita nuestra alienaci\u00f3n y nuestro tiempo, administrando la vida y la muerte como recursos.<\/p>\n\n\n\n<p class=\"has-text-align-left wp-block-paragraph\">Vivimos instalados en un Futuro destruido. Un presente sostenido por discursos de esperanza vac\u00eda que funcionan como anestesia, ocultando un sistema dise\u00f1ado para enriquecer a una minor\u00eda mientras precariza de forma sistem\u00e1tica a la clase trabajadora.<\/p>\n\n\n\n<p class=\"has-text-align-left wp-block-paragraph\">Esta violencia no es abstracta. Se inscribe en el cuerpo. Bajo la l\u00f3gica de la hiperconectividad permanente, las personas devienen Agotadas: cuerpos exprimidos hasta el l\u00edmite por una productividad que ha borrado cualquier frontera entre trabajo y vida. Las redes sociales no conectan: administran \u00c9xtasis, descargas de dopamina que mantienen la sumisi\u00f3n. Ya no son espacios de encuentro, sino dispositivos de control, dise\u00f1ados para secuestrar la atenci\u00f3n, mercantilizar la emoci\u00f3n y reproducir din\u00e1micas adictivas propias de las drogas.<\/p>\n\n\n\n<p class=\"has-text-align-left wp-block-paragraph\">La violencia estructural no se queda en lo simb\u00f3lico. Se materializa en el territorio. En las calles adopta la forma de expulsi\u00f3n, especulaci\u00f3n y gentrificaci\u00f3n. En barrios como Carabanchel, la agresi\u00f3n inmobiliaria bombardea lo cotidiano y vac\u00eda de vida los espacios comunes. Frente a este ataque, el artista responde de forma Urgente, utilizando las mismas herramientas del enemigo para devolver el golpe y desactivar su ret\u00f3rica. No es una excepci\u00f3n local. Es la manifestaci\u00f3n cercana de una Mafia global: un modelo de gesti\u00f3n basado en estructuras organizadas que operan para el beneficio de unos pocos mediante la extorsi\u00f3n, el fraude y la violencia, legitimadas bajo la f\u00f3rmula obscena de \u00absolo son negocios\u00bb.<\/p>\n\n\n\n<p class=\"has-text-align-left wp-block-paragraph\">Este mismo orden se despliega a escala internacional. Un sistema mundial que ha abandonado el derecho internacional para abrazar la fuerza bruta como principio rector. Al confrontarnos con la devastaci\u00f3n en Gaza, Cabero nos obliga a mirar el colapso de las normas que supuestamente sostienen la legalidad global y el triunfo de la Imposici\u00f3n como forma de gobierno. En este escenario, la violencia no aparece como una anomal\u00eda, sino como una herramienta leg\u00edtima del poder. La obra interpela al espectador desde una pregunta inc\u00f3moda: frente al exterminio, \u00bfqu\u00e9 significa no actuar?, \u00bfpuede la inacci\u00f3n seguir disfraz\u00e1ndose de neutralidad o se convierte, inevitablemente, en complicidad? Y, en ese marco, \u00bfes esa realmente La soluci\u00f3n?<\/p>\n\n\n\n<p class=\"has-text-align-left wp-block-paragraph\">La exposici\u00f3n funciona como un espejo de nuestra Barbarie civilizada, un recorrido por las tensiones que atraviesan el presente. Desde el agotamiento del cuerpo productivo hasta el bombardeo de infraestructuras civiles, Cabero expone una verdad inc\u00f3moda: vivimos inmersos en un sistema que se sostiene sobre la desigualdad extrema y la violencia estructural. No queda espacio para la complacencia.<\/p>\n\n\n\n<p class=\"has-text-align-left wp-block-paragraph\">Solo queda la exigencia de mirar de frente, asumir el conflicto y recuperar, desde el pensamiento cr\u00edtico y la acci\u00f3n, la posibilidad de disputar un futuro que a\u00fan no haya sido arrasado.<\/p>\n\n\n\n<p class=\"has-text-align-right wp-block-paragraph\"><a href=\"https:\/\/www.instagram.com\/sebascabero\/\"><em>Sigue a<\/em> <strong>SEBAS CABERO<\/strong> <em>in <\/em><strong>Instagram.<\/strong><\/a><\/p>\n<\/div>\n<\/div>\n\n\n\t<div  class=\"tribe-block tribe-block__events-link\" >\n\t\t<div class=\"tribe-events tribe-common\">\n\t\t\t<div class=\"tribe-events-c-subscribe-dropdown__container\">\n\t\t\t\t<div class=\"tribe-events-c-subscribe-dropdown\">\n\t\t\t\t\t<div class=\"tribe-common-c-btn-border tribe-events-c-subscribe-dropdown__button\">\n\t\t\t\t\t\t<svg\n\t class=\"tribe-common-c-svgicon tribe-common-c-svgicon--cal-export tribe-events-c-subscribe-dropdown__export-icon\" \taria-hidden=\"true\"\n\tviewbox=\"0 0 23 17\"\n\txmlns=\"http:\/\/www.w3.org\/2000\/svg\"\n>\n\t<path fill-rule=\"evenodd\" clip-rule=\"evenodd\" d=\"M.128.896V16.13c0 .211.145.383.323.383h15.354c.179 0 .323-.172.323-.383V.896c0-.212-.144-.383-.323-.383H.451C.273.513.128.684.128.896Zm16 6.742h-.901V4.679H1.009v10.729h14.218v-3.336h.901V7.638ZM1.01 1.614h14.218v2.058H1.009V1.614Z\" \/>\n\t<path d=\"M20.5 9.846H8.312M18.524 6.953l2.89 2.909-2.855 2.855\" stroke-width=\"1.2\" stroke-linecap=\"round\" stroke-linejoin=\"round\"\/>\n<\/svg>\n\t\t\t\t\t\t<button\n\t\t\t\t\t\t\tclass=\"tribe-events-c-subscribe-dropdown__button-text\"\n\t\t\t\t\t\t\taria-expanded=\"false\"\n\t\t\t\t\t\t\taria-controls=\"tribe-events-subscribe-dropdown-content\"\n\t\t\t\t\t\t\taria-label=\"View links to add events to your calendar\"\n\t\t\t\t\t\t>\n\t\t\t\t\t\t\tAdd to calendar\t\t\t\t\t\t<\/button>\n\t\t\t\t\t\t<svg\n\t class=\"tribe-common-c-svgicon tribe-common-c-svgicon--caret-down tribe-events-c-subscribe-dropdown__button-icon\" \taria-hidden=\"true\"\n\tviewbox=\"0 0 10 7\"\n\txmlns=\"http:\/\/www.w3.org\/2000\/svg\"\n>\n\t<path fill-rule=\"evenodd\" clip-rule=\"evenodd\" d=\"M1.008.609L5 4.6 8.992.61l.958.958L5 6.517.05 1.566l.958-.958z\" class=\"tribe-common-c-svgicon__svg-fill\"\/>\n<\/svg>\n\t\t\t\t\t<\/div>\n\t\t\t\t\t<div id=\"tribe-events-subscribe-dropdown-content\" class=\"tribe-events-c-subscribe-dropdown__content\">\n\t\t\t\t\t\t<ul class=\"tribe-events-c-subscribe-dropdown__list\">\n\t\t\t\t\t\t\t\t\t\t\t\t\t\t\t<li class=\"tribe-events-c-subscribe-dropdown__list-item tribe-events-c-subscribe-dropdown__list-item--gcal\">\n\t\t\t\t\t\t\t\t\t<a\n\t\t\t\t\t\t\t\t\t\thref=\"https:\/\/www.google.com\/calendar\/event?action=TEMPLATE&#038;dates=20260206T080000\/20260302T230000&#038;text=FUTURO%20DESTRUIDO&#038;details=%3Cdiv+class%3D%22wp-block-columns%22%3E%3Cdiv+class%3D%22wp-block-column%22+style%3D%22flex-basis%3A33.33%25%22%3E%3Cfigure+class%3D%22wp-block-image+size-large%22%3E%3Cimg+src%3D%22https%3A%2F%2Fcafelapalma.com%2Fwp-content%2Fuploads%2F2026%2F02%2Fpost-insta-1-832x1040.jpeg%22+alt%3D%22%22+class%3D%22wp-image-33382%22%2F%3E%3C%2Ffigure%3E%3C%2Fdiv%3E%3Cdiv+class%3D%22wp-block-column%22+style%3D%22flex-basis%3A66.66%25%22%3E%3Cdiv+style%3D%22height%3A100px%22+aria-hidden%3D%22true%22+class%3D%22wp-block-spacer%22%3E%3C%2Fdiv%3E%3Cp+class%3D%22has-text-align-left%22%3ELa+obra+de+Sebas+Cabero+no+se+presenta+como+una+serie+de+objetos+aislados%2C+sino+como+un+diagn%C3%B3stico+urgente+de+una+realidad+herida.+A+trav%C3%A9s+de+un+lenguaje+visual+crudo+y+directo%2C+el+artista+nos+invita+a+transitar+por+un+pasillo+de+espejos+que+devuelve+la+imagen+de+un+mundo+donde+la+violencia+se+ha+vuelto+sist%C3%A9mica%2C+filtr%C3%A1ndose+desde+las+altas+esferas+de+la+geopol%C3%ADtica+hasta+la+intimidad+de+nuestras+pantallas.%3C%2Fp%3E+%3Cp+class%3D%22has-text-align-left%22%3EAqu%C3%AD%2C+lo+social+y+lo+pol%C3%ADtico+se+funden+en+una+sola+herida%2C+la+de+un+capitalismo+neoliberal+que%2C+p%3C%2Fp%3E%3C%2Fdiv%3E%3C%2Fdiv%3E+%28View+Full+event+Description+Here%3A+https%3A%2F%2Fcafelapalma.com%2Fen%2Fprogramacion%2Ffuturo-destruido-2%2F%29&#038;trp=false&#038;ctz=Europe\/Madrid&#038;sprop=website:https:\/\/cafelapalma.com\/en\"\n\t\t\t\t\t\t\t\t\t\tclass=\"tribe-events-c-subscribe-dropdown__list-item-link\"\n\t\t\t\t\t\t\t\t\t\ttarget=\"_blank\"\n\t\t\t\t\t\t\t\t\t\trel=\"noopener noreferrer nofollow noindex\"\n\t\t\t\t\t\t\t\t\t>\n\t\t\t\t\t\t\t\t\t\tGoogle Calendar\t\t\t\t\t\t\t\t\t<\/a>\n\t\t\t\t\t\t\t\t<\/li>\n\t\t\t\t\t\t\t\t\t\t\t\t\t\t\t<li class=\"tribe-events-c-subscribe-dropdown__list-item tribe-events-c-subscribe-dropdown__list-item--outlook-365\">\n\t\t\t\t\t\t\t\t\t<a\n\t\t\t\t\t\t\t\t\t\thref=\"\"\n\t\t\t\t\t\t\t\t\t\tclass=\"tribe-events-c-subscribe-dropdown__list-item-link\"\n\t\t\t\t\t\t\t\t\t\ttarget=\"_blank\"\n\t\t\t\t\t\t\t\t\t\trel=\"noopener noreferrer nofollow noindex\"\n\t\t\t\t\t\t\t\t\t>\n\t\t\t\t\t\t\t\t\t\tOutlook 365\t\t\t\t\t\t\t\t\t<\/a>\n\t\t\t\t\t\t\t\t<\/li>\n\t\t\t\t\t\t\t\t\t\t\t\t\t\t\t<li class=\"tribe-events-c-subscribe-dropdown__list-item tribe-events-c-subscribe-dropdown__list-item--outlook-live\">\n\t\t\t\t\t\t\t\t\t<a\n\t\t\t\t\t\t\t\t\t\thref=\"\"\n\t\t\t\t\t\t\t\t\t\tclass=\"tribe-events-c-subscribe-dropdown__list-item-link\"\n\t\t\t\t\t\t\t\t\t\ttarget=\"_blank\"\n\t\t\t\t\t\t\t\t\t\trel=\"noopener noreferrer nofollow noindex\"\n\t\t\t\t\t\t\t\t\t>\n\t\t\t\t\t\t\t\t\t\tOutlook Live\t\t\t\t\t\t\t\t\t<\/a>\n\t\t\t\t\t\t\t\t<\/li>\n\t\t\t\t\t\t\t\t\t\t\t\t\t<\/ul>\n\t\t\t\t\t<\/div>\n\t\t\t\t<\/div>\n\t\t\t<\/div>\n\t\t<\/div>\n\t<\/div>\n\n\n\n<h2 class=\"tribe-block__related-events__title\">Related Events<\/h2>\n\n<ul  class=\"tribe-related-events tribe-clearfix\" >\n\t\t\t<li>\n\t\n<div class=\"tribe-related-events-thumbnail\">\n\t<a href=\"https:\/\/cafelapalma.com\/en\/programacion\/funkin-donuts\/\" class=\"url\" rel=\"bookmark\" tabindex=\"-1\" aria-hidden=\"true\"><img loading=\"lazy\" decoding=\"async\" width=\"693\" height=\"1040\" src=\"https:\/\/cafelapalma.com\/wp-content\/uploads\/2026\/07\/FD-vert2-bn-693x1040.jpg\" class=\"attachment-large size-large wp-post-image\" alt=\"\" \/><\/a>\n<\/div>\n\t<div class=\"tribe-related-event-info\">\n\t<h3 class=\"tribe-related-events-title\">\n\t\t<a href=\"https:\/\/cafelapalma.com\/en\/programacion\/funkin-donuts\/\" class=\"tribe-event-url\" rel=\"bookmark\">\n\t\t\tFUNKIN&#8217; DONUTS\t\t<\/a>\n\t<\/h3>\n\t<span class=\"tribe-event-date-start\">5  September@22:00<\/span><span class=\"tribe-event-time\">23:45<\/span><\/div>\n<\/li>\n\t\t\t<li>\n\t\n<div class=\"tribe-related-events-thumbnail\">\n\t<a href=\"https:\/\/cafelapalma.com\/en\/programacion\/backstage-le-petit-truffle-mayo\/\" class=\"url\" rel=\"bookmark\" tabindex=\"-1\" aria-hidden=\"true\"><img loading=\"lazy\" decoding=\"async\" width=\"780\" height=\"1040\" src=\"https:\/\/cafelapalma.com\/wp-content\/uploads\/2026\/07\/Imagen-TruffleMayo-LePetit-i-1-780x1040.png\" class=\"attachment-large size-large wp-post-image\" alt=\"\" \/><\/a>\n<\/div>\n\t<div class=\"tribe-related-event-info\">\n\t<h3 class=\"tribe-related-events-title\">\n\t\t<a href=\"https:\/\/cafelapalma.com\/en\/programacion\/backstage-le-petit-truffle-mayo\/\" class=\"tribe-event-url\" rel=\"bookmark\">\n\t\t\tBACKSTAGE: LE PETIT + TRUFFLE MAYO\t\t<\/a>\n\t<\/h3>\n\t<span class=\"tribe-event-date-start\">5  September@23:55<\/span><\/div>\n<\/li>\n\t\t\t<li>\n\t\n<div class=\"tribe-related-events-thumbnail\">\n\t<a href=\"https:\/\/cafelapalma.com\/en\/programacion\/willie-deville-concierto-benefico-x-venezuela\/\" class=\"url\" rel=\"bookmark\" tabindex=\"-1\" aria-hidden=\"true\"><img loading=\"lazy\" decoding=\"async\" width=\"1020\" height=\"531\" src=\"https:\/\/cafelapalma.com\/wp-content\/uploads\/2026\/08\/Willie-deville-1100x572-1-1040x541.jpg\" class=\"attachment-large size-large wp-post-image\" alt=\"\" \/><\/a>\n<\/div>\n\t<div class=\"tribe-related-event-info\">\n\t<h3 class=\"tribe-related-events-title\">\n\t\t<a href=\"https:\/\/cafelapalma.com\/en\/programacion\/willie-deville-concierto-benefico-x-venezuela\/\" class=\"tribe-event-url\" rel=\"bookmark\">\n\t\t\tWILLIE DEVILLE: CONCIERTO BEN\u00c9FICO X VENEZUELA\t\t<\/a>\n\t<\/h3>\n\t<span class=\"tribe-event-date-start\">6  September@21:00<\/span><span class=\"tribe-event-time\">23:45<\/span><\/div>\n<\/li>\n\t<\/ul>","protected":false},"excerpt":{"rendered":"<p>La obra de Sebas Cabero no se presenta como una serie de objetos aislados, sino como un diagn\u00f3stico urgente de una realidad herida. A trav\u00e9s de un lenguaje visual crudo y directo, el artista nos invita a transitar por un pasillo de espejos que devuelve la imagen de un mundo donde la violencia se ha &hellip; <\/p>","protected":false},"author":2,"featured_media":33382,"template":"","meta":{"_tec_requires_first_save":false,"_uag_custom_page_level_css":"","loftloader_page_shortcode":"","_EventAllDay":false,"_EventTimezone":"Europe\/Madrid","_EventStartDate":"2026-02-06 08:00:00","_EventEndDate":"2026-03-02 23:00:00","_EventStartDateUTC":"2026-02-06 07:00:00","_EventEndDateUTC":"2026-03-02 22:00:00","_EventShowMap":false,"_EventShowMapLink":false,"_EventURL":"","_EventCost":"","_EventCostDescription":"","_EventCurrencySymbol":"\u20ac","_EventCurrencyCode":"USD","_EventCurrencyPosition":"suffix","_EventDateTimeSeparator":"@","_EventTimeRangeSeparator":"-","_EventOrganizerID":[],"_EventVenueID":[],"_OrganizerEmail":"","_OrganizerPhone":"","_OrganizerWebsite":"","_VenueAddress":"","_VenueCity":"","_VenueCountry":"","_VenueProvince":"","_VenueState":"","_VenueZip":"","_VenuePhone":"","_VenueURL":"","_VenueStateProvince":"","_VenueLat":"","_VenueLng":"","_VenueShowMap":false,"_VenueShowMapLink":false,"_tribe_blocks_recurrence_rules":"","_tribe_blocks_recurrence_description":"","_tribe_blocks_recurrence_exclusions":"","_ecp_custom_2":"","_tribe_events_status":"","_tribe_events_status_reason":"","_tribe_events_is_hybrid":"","_tribe_events_is_virtual":"","_tribe_events_virtual_video_source":"","_tribe_events_virtual_embed_video":"","_tribe_events_virtual_linked_button_text":"","_tribe_events_virtual_linked_button":"","_tribe_events_virtual_show_embed_at":"","_tribe_events_virtual_show_embed_to":[],"_tribe_events_virtual_show_on_event":"","_tribe_events_virtual_show_on_views":"","_tribe_events_virtual_url":"","footnotes":""},"tags":[1363,11900,18311,12413,11904,18322,18323],"tribe_events_cat":[16536,8965],"class_list":["post-33381","tribe_events","type-tribe_events","status-publish","has-post-thumbnail","hentry","tag-cafe-la-palma","tag-expos","tag-exposiciones-cafe-la-palma-2","tag-exposiciones-madrid","tag-exposiciones-malasana","tag-futuro-destruido","tag-sebas-cabero","tribe_events_cat-carrusel","tribe_events_cat-exposicion","cat_carrusel","cat_exposicion"],"uagb_featured_image_src":{"full":["https:\/\/cafelapalma.com\/wp-content\/uploads\/2026\/02\/post-insta-1.jpeg",1080,1350,false],"thumbnail":["https:\/\/cafelapalma.com\/wp-content\/uploads\/2026\/02\/post-insta-1-150x150.jpeg",150,150,true],"medium":["https:\/\/cafelapalma.com\/wp-content\/uploads\/2026\/02\/post-insta-1-240x300.jpeg",240,300,true],"medium_large":["https:\/\/cafelapalma.com\/wp-content\/uploads\/2026\/02\/post-insta-1-768x960.jpeg",768,960,true],"large":["https:\/\/cafelapalma.com\/wp-content\/uploads\/2026\/02\/post-insta-1-832x1040.jpeg",832,1040,true],"1536x1536":["https:\/\/cafelapalma.com\/wp-content\/uploads\/2026\/02\/post-insta-1.jpeg",1080,1350,false],"2048x2048":["https:\/\/cafelapalma.com\/wp-content\/uploads\/2026\/02\/post-insta-1.jpeg",1080,1350,false],"trp-custom-language-flag":["https:\/\/cafelapalma.com\/wp-content\/uploads\/2026\/02\/post-insta-1-10x12.jpeg",10,12,true],"blossom-feminine-slider":["https:\/\/cafelapalma.com\/wp-content\/uploads\/2026\/02\/post-insta-1-1080x649.jpeg",1080,649,true],"blossom-feminine-featured":["https:\/\/cafelapalma.com\/wp-content\/uploads\/2026\/02\/post-insta-1-1080x600.jpeg",1080,600,true],"blossom-feminine-with-sidebar":["https:\/\/cafelapalma.com\/wp-content\/uploads\/2026\/02\/post-insta-1-1020x600.jpeg",1020,600,true],"blossom-feminine-blog":["https:\/\/cafelapalma.com\/wp-content\/uploads\/2026\/02\/post-insta-1-435x435.jpeg",435,435,true],"blossom-feminine-cat":["https:\/\/cafelapalma.com\/wp-content\/uploads\/2026\/02\/post-insta-1-450x300.jpeg",450,300,true],"blossom-feminine-related":["https:\/\/cafelapalma.com\/wp-content\/uploads\/2026\/02\/post-insta-1-320x200.jpeg",320,200,true],"blossom-feminine-schema":["https:\/\/cafelapalma.com\/wp-content\/uploads\/2026\/02\/post-insta-1-48x60.jpeg",48,60,true]},"uagb_author_info":{"display_name":"Victor","author_link":"https:\/\/cafelapalma.com\/en\/author\/comunicacion\/"},"uagb_comment_info":0,"uagb_excerpt":"La obra de Sebas Cabero no se presenta como una serie de objetos aislados, sino como un diagn\u00f3stico urgente de una realidad herida. A trav\u00e9s de un lenguaje visual crudo y directo, el artista nos invita a transitar por un pasillo de espejos que devuelve la imagen de un mundo donde la violencia se ha&hellip;","_links":{"self":[{"href":"https:\/\/cafelapalma.com\/en\/wp-json\/wp\/v2\/tribe_events\/33381","targetHints":{"allow":["GET"]}}],"collection":[{"href":"https:\/\/cafelapalma.com\/en\/wp-json\/wp\/v2\/tribe_events"}],"about":[{"href":"https:\/\/cafelapalma.com\/en\/wp-json\/wp\/v2\/types\/tribe_events"}],"author":[{"embeddable":true,"href":"https:\/\/cafelapalma.com\/en\/wp-json\/wp\/v2\/users\/2"}],"version-history":[{"count":0,"href":"https:\/\/cafelapalma.com\/en\/wp-json\/wp\/v2\/tribe_events\/33381\/revisions"}],"wp:featuredmedia":[{"embeddable":true,"href":"https:\/\/cafelapalma.com\/en\/wp-json\/wp\/v2\/media\/33382"}],"wp:attachment":[{"href":"https:\/\/cafelapalma.com\/en\/wp-json\/wp\/v2\/media?parent=33381"}],"wp:term":[{"taxonomy":"post_tag","embeddable":true,"href":"https:\/\/cafelapalma.com\/en\/wp-json\/wp\/v2\/tags?post=33381"},{"taxonomy":"tribe_events_cat","embeddable":true,"href":"https:\/\/cafelapalma.com\/en\/wp-json\/wp\/v2\/tribe_events_cat?post=33381"}],"curies":[{"name":"wp","href":"https:\/\/api.w.org\/{rel}","templated":true}]}}