{"id":33407,"date":"2026-02-20T14:06:30","date_gmt":"2026-02-20T13:06:30","guid":{"rendered":"https:\/\/cafelapalma.com\/?post_type=tribe_events&#038;p=33407"},"modified":"2026-02-24T09:43:32","modified_gmt":"2026-02-24T08:43:32","slug":"nadine-sessions-curtiso-dj-chucu","status":"publish","type":"tribe_events","link":"https:\/\/cafelapalma.com\/en\/programacion\/nadine-sessions-curtiso-dj-chucu\/","title":{"rendered":"THE BLITZ BALL: CURTISO + DJ CHUCU"},"content":{"rendered":"<div  class=\"tribe-events-schedule tribe-clearfix\" >\n\t<p class=\"tribe-events-schedule__datetime\">\n\t\t<span class=\"tribe-events-schedule__date tribe-events-schedule__date--start\">\n\t\t\t6  March\t\t<\/span>\n\n\t\t\t\t\t<span class=\"tribe-events-schedule__separator tribe-events-schedule__separator--date\">\n\t\t\t\t@\t\t\t<\/span>\n\t\t\t<span class=\"tribe-events-schedule__time tribe-events-schedule__time--start\">\n\t\t\t\t23:59\t\t\t<\/span>\n\t\t\n\t\t\t<\/p>\n<\/div>\n\n\n<div  class=\"tribe-block tribe-block__event-price\" >\n\t\t\t<span class=\"tribe-block__event-price__cost\"> ENTRADA LIBRE <\/span>\n\t\t\t\t<span class=\"tribe-block__event-price__description\">hasta la 01:00 | 13\u20ac taquilla de 01:00 a 03:00 (incluye UNA COPA o DOS CERVEZAS) | 15\u20ac taquilla de 03:00 a cierre (incluye UNA COPA).<\/span>\n\t<\/div>\n\n\n\n<div class=\"wp-block-columns is-layout-flex wp-container-core-columns-is-layout-8f761849 wp-block-columns-is-layout-flex\">\n<div class=\"wp-block-column is-layout-flow wp-block-column-is-layout-flow\" style=\"flex-basis:33.33%\">\n<figure class=\"wp-block-image size-full\"><img loading=\"lazy\" decoding=\"async\" width=\"496\" height=\"702\" src=\"https:\/\/cafelapalma.com\/wp-content\/uploads\/2026\/02\/CARTEL-SESSION-II-RRSS-1-1-1-1.jpg\" alt=\"\" class=\"wp-image-33408\" srcset=\"https:\/\/cafelapalma.com\/wp-content\/uploads\/2026\/02\/CARTEL-SESSION-II-RRSS-1-1-1-1.jpg 496w, https:\/\/cafelapalma.com\/wp-content\/uploads\/2026\/02\/CARTEL-SESSION-II-RRSS-1-1-1-1-212x300.jpg 212w, https:\/\/cafelapalma.com\/wp-content\/uploads\/2026\/02\/CARTEL-SESSION-II-RRSS-1-1-1-1-8x12.jpg 8w, https:\/\/cafelapalma.com\/wp-content\/uploads\/2026\/02\/CARTEL-SESSION-II-RRSS-1-1-1-1-42x60.jpg 42w\" sizes=\"auto, (max-width: 496px) 100vw, 496px\" \/><\/figure>\n<\/div>\n\n\n\n<div class=\"wp-block-column is-layout-flow wp-block-column-is-layout-flow\" style=\"flex-basis:66.66%\">\n<div style=\"height:100px\" aria-hidden=\"true\" class=\"wp-block-spacer\"><\/div>\n\n\n\n<p class=\"has-text-align-left wp-block-paragraph\">Este seis de marzo, dentro de la Semana del Arte y en colaboraci\u00f3n con <strong>JustMAD<\/strong>, llega nuestra <strong>Session II: The Blitz Ball<\/strong>, inspirada en la cultura de los a\u00f1os 80\/90, el movimiento New Romantics, los Club Kids y toda esa maravillosa extravagancia que forj\u00f3 nuestra<br>m\u00edtica Movida madrile\u00f1a. Desde Nadine Sessions, un proyecto de Fundaci\u00f3n Nadine, queremos tejer comunidad art\u00edstica a trav\u00e9s de un ocio saludable, inclusivo y seguro. Creemos que lo colectivo parte<br>de la capacidad de disfrutar juntas, sin prisa, reivindicando la no productividad y apostando por la visibilizaci\u00f3n del arte joven emergente. Por eso, te invitamos a sumergirte en esta fiesta que es homenaje al arte de finales de siglo, pero tambi\u00e9n a<br>nuestra capacidad de encontrarnos y disfrutar del Arte de una forma distinta. As\u00ed que ya lo sabes, ponte tus mejores galas ochenteras y prep\u00e1rate, porque en esta Session II, lo alternativo y lo elegante van de la mano. Llega la hora de lo extra\u00f1o.<\/p>\n\n\n\n<p class=\"has-text-align-left wp-block-paragraph\"><strong>Curtiso <\/strong>estimula, apoya y da forma al mundo de la m\u00fasica electr\u00f3nica con su enigm\u00e1tico estilo y personaje enmascarado. Pintoresco por sus ecl\u00e9cticos Dj sets, en los que combina percusiones en\u00e9rgicas con graves definidos y consistentes junto a melod\u00edas alentadas, este artista mantiene su esencia con pinceladas de cr\u00edtica social, poniendo misterio y baile a disposici\u00f3n de su principal prop\u00f3sito: la reivindicaci\u00f3n del ocio como lenguaje de libertad personal y el disfrute sin complejos de todo aquel que se acerque a su ritmo. <\/p>\n\n\n\n<p class=\"has-text-align-left wp-block-paragraph\">Desde el coraz\u00f3n de la escena musical de Madrid, <strong>DJ Chucu<\/strong> llega con house, groove y funk con alma de club para romper una pista que entiende de baile y herencia sonora. Su<br>compromiso es sencillo: que la m\u00fasica est\u00e9 a la altura de vuestra mejor noche. Lo suyo es el house que se siente en el pecho, el groove que no te deja para y ese toque funk que te pone a bailar sin que te des cuenta. Esto no es una clase de historia: es una celebraci\u00f3n, que bebe del esp\u00edritu de Nueva York donde naci\u00f3 todo esto, pero tray\u00e9ndolo al aqu\u00ed y ahora. Se trata de crear esa atm\u00f3sfera m\u00edtica donde el exceso visual de la fiesta y la m\u00fasica se vuelven un mismo elemento, para que cierres la noche con la sensaci\u00f3n de haber vivido la experiencia de club aut\u00e9ntica,<br>donde lo importante es el ritmo, la actitud y el baile. Menos postureo y m\u00e1s sudar la camiseta a base de beats s\u00f3lidos y una selecci\u00f3n cuidada de principio a fin.<\/p>\n<\/div>\n<\/div>\n\n\n<h2 class=\"tribe-block__related-events__title\">Related Events<\/h2>\n\n<ul  class=\"tribe-related-events tribe-clearfix\" >\n\t\t\t<li>\n\t\n<div class=\"tribe-related-events-thumbnail\">\n\t<a href=\"https:\/\/cafelapalma.com\/en\/programacion\/funkin-donuts\/\" class=\"url\" rel=\"bookmark\" tabindex=\"-1\" aria-hidden=\"true\"><img loading=\"lazy\" decoding=\"async\" width=\"693\" height=\"1040\" src=\"https:\/\/cafelapalma.com\/wp-content\/uploads\/2026\/07\/FD-vert2-bn-693x1040.jpg\" class=\"attachment-large size-large wp-post-image\" alt=\"\" \/><\/a>\n<\/div>\n\t<div class=\"tribe-related-event-info\">\n\t<h3 class=\"tribe-related-events-title\">\n\t\t<a href=\"https:\/\/cafelapalma.com\/en\/programacion\/funkin-donuts\/\" class=\"tribe-event-url\" rel=\"bookmark\">\n\t\t\tFUNKIN&#8217; DONUTS\t\t<\/a>\n\t<\/h3>\n\t<span class=\"tribe-event-date-start\">5  September@22:00<\/span><span class=\"tribe-event-time\">23:45<\/span><\/div>\n<\/li>\n\t\t\t<li>\n\t\n<div class=\"tribe-related-events-thumbnail\">\n\t<a href=\"https:\/\/cafelapalma.com\/en\/programacion\/backstage-le-petit-truffle-mayo\/\" class=\"url\" rel=\"bookmark\" tabindex=\"-1\" aria-hidden=\"true\"><img loading=\"lazy\" decoding=\"async\" width=\"780\" height=\"1040\" src=\"https:\/\/cafelapalma.com\/wp-content\/uploads\/2026\/07\/Imagen-TruffleMayo-LePetit-i-1-780x1040.png\" class=\"attachment-large size-large wp-post-image\" alt=\"\" \/><\/a>\n<\/div>\n\t<div class=\"tribe-related-event-info\">\n\t<h3 class=\"tribe-related-events-title\">\n\t\t<a href=\"https:\/\/cafelapalma.com\/en\/programacion\/backstage-le-petit-truffle-mayo\/\" class=\"tribe-event-url\" rel=\"bookmark\">\n\t\t\tBACKSTAGE: LE PETIT + TRUFFLE MAYO\t\t<\/a>\n\t<\/h3>\n\t<span class=\"tribe-event-date-start\">5  September@23:55<\/span><\/div>\n<\/li>\n\t\t\t<li>\n\t\n<div class=\"tribe-related-events-thumbnail\">\n\t<a href=\"https:\/\/cafelapalma.com\/en\/programacion\/willie-deville-concierto-benefico-x-venezuela\/\" class=\"url\" rel=\"bookmark\" tabindex=\"-1\" aria-hidden=\"true\"><img loading=\"lazy\" decoding=\"async\" width=\"1020\" height=\"531\" src=\"https:\/\/cafelapalma.com\/wp-content\/uploads\/2026\/08\/Willie-deville-1100x572-1-1040x541.jpg\" class=\"attachment-large size-large wp-post-image\" alt=\"\" \/><\/a>\n<\/div>\n\t<div class=\"tribe-related-event-info\">\n\t<h3 class=\"tribe-related-events-title\">\n\t\t<a href=\"https:\/\/cafelapalma.com\/en\/programacion\/willie-deville-concierto-benefico-x-venezuela\/\" class=\"tribe-event-url\" rel=\"bookmark\">\n\t\t\tWILLIE DEVILLE: CONCIERTO BEN\u00c9FICO X VENEZUELA\t\t<\/a>\n\t<\/h3>\n\t<span class=\"tribe-event-date-start\">6  September@21:00<\/span><span class=\"tribe-event-time\">23:45<\/span><\/div>\n<\/li>\n\t<\/ul>","protected":false},"excerpt":{"rendered":"<p>Este seis de marzo, dentro de la Semana del Arte y en colaboraci\u00f3n con JustMAD, llega nuestra Session II: The Blitz Ball, inspirada en la cultura de los a\u00f1os 80\/90, el movimiento New Romantics, los Club Kids y toda esa maravillosa extravagancia que forj\u00f3 nuestram\u00edtica Movida madrile\u00f1a. Desde Nadine Sessions, un proyecto de Fundaci\u00f3n Nadine, &hellip; <\/p>","protected":false},"author":2,"featured_media":33408,"template":"","meta":{"_tec_requires_first_save":false,"_uag_custom_page_level_css":"","loftloader_page_shortcode":"","_EventAllDay":false,"_EventTimezone":"Europe\/Madrid","_EventStartDate":"2026-03-06 23:59:00","_EventEndDate":"2026-03-06 23:59:00","_EventStartDateUTC":"2026-03-06 22:59:00","_EventEndDateUTC":"2026-03-06 22:59:00","_EventShowMap":false,"_EventShowMapLink":false,"_EventURL":"","_EventCost":"ENTRADA LIBRE","_EventCostDescription":"","_EventCurrencySymbol":"\u20ac","_EventCurrencyCode":"USD","_EventCurrencyPosition":"suffix","_EventDateTimeSeparator":"@","_EventTimeRangeSeparator":"-","_EventOrganizerID":[],"_EventVenueID":[],"_OrganizerEmail":"","_OrganizerPhone":"","_OrganizerWebsite":"","_VenueAddress":"","_VenueCity":"","_VenueCountry":"","_VenueProvince":"","_VenueState":"","_VenueZip":"","_VenuePhone":"","_VenueURL":"","_VenueStateProvince":"","_VenueLat":"","_VenueLng":"","_VenueShowMap":false,"_VenueShowMapLink":false,"_tribe_blocks_recurrence_rules":"","_tribe_blocks_recurrence_description":"","_tribe_blocks_recurrence_exclusions":"","_ecp_custom_2":"","_tribe_events_status":"","_tribe_events_status_reason":"","_tribe_events_is_hybrid":"","_tribe_events_is_virtual":"","_tribe_events_virtual_video_source":"","_tribe_events_virtual_embed_video":"","_tribe_events_virtual_linked_button_text":"","_tribe_events_virtual_linked_button":"","_tribe_events_virtual_show_embed_at":"","_tribe_events_virtual_show_embed_to":[],"_tribe_events_virtual_show_on_event":"","_tribe_events_virtual_show_on_views":"","_tribe_events_virtual_url":"","footnotes":""},"tags":[1363,9225,17359,18340,9226,9227,1357],"tribe_events_cat":[8964],"class_list":["post-33407","tribe_events","type-tribe_events","status-publish","has-post-thumbnail","hentry","tag-cafe-la-palma","tag-cafe-la-palma-clubbing","tag-curtiso","tag-dj-chucu","tag-djs-madrid","tag-djs-malasana","tag-electronica","tribe_events_cat-clubbing","cat_clubbing"],"uagb_featured_image_src":{"full":["https:\/\/cafelapalma.com\/wp-content\/uploads\/2026\/02\/CARTEL-SESSION-II-RRSS-1-1-1-1.jpg",496,702,false],"thumbnail":["https:\/\/cafelapalma.com\/wp-content\/uploads\/2026\/02\/CARTEL-SESSION-II-RRSS-1-1-1-1-150x150.jpg",150,150,true],"medium":["https:\/\/cafelapalma.com\/wp-content\/uploads\/2026\/02\/CARTEL-SESSION-II-RRSS-1-1-1-1-212x300.jpg",212,300,true],"medium_large":["https:\/\/cafelapalma.com\/wp-content\/uploads\/2026\/02\/CARTEL-SESSION-II-RRSS-1-1-1-1.jpg",496,702,false],"large":["https:\/\/cafelapalma.com\/wp-content\/uploads\/2026\/02\/CARTEL-SESSION-II-RRSS-1-1-1-1.jpg",496,702,false],"1536x1536":["https:\/\/cafelapalma.com\/wp-content\/uploads\/2026\/02\/CARTEL-SESSION-II-RRSS-1-1-1-1.jpg",496,702,false],"2048x2048":["https:\/\/cafelapalma.com\/wp-content\/uploads\/2026\/02\/CARTEL-SESSION-II-RRSS-1-1-1-1.jpg",496,702,false],"trp-custom-language-flag":["https:\/\/cafelapalma.com\/wp-content\/uploads\/2026\/02\/CARTEL-SESSION-II-RRSS-1-1-1-1-8x12.jpg",8,12,true],"blossom-feminine-slider":["https:\/\/cafelapalma.com\/wp-content\/uploads\/2026\/02\/CARTEL-SESSION-II-RRSS-1-1-1-1-496x649.jpg",496,649,true],"blossom-feminine-featured":["https:\/\/cafelapalma.com\/wp-content\/uploads\/2026\/02\/CARTEL-SESSION-II-RRSS-1-1-1-1-496x600.jpg",496,600,true],"blossom-feminine-with-sidebar":["https:\/\/cafelapalma.com\/wp-content\/uploads\/2026\/02\/CARTEL-SESSION-II-RRSS-1-1-1-1-496x600.jpg",496,600,true],"blossom-feminine-blog":["https:\/\/cafelapalma.com\/wp-content\/uploads\/2026\/02\/CARTEL-SESSION-II-RRSS-1-1-1-1-435x435.jpg",435,435,true],"blossom-feminine-cat":["https:\/\/cafelapalma.com\/wp-content\/uploads\/2026\/02\/CARTEL-SESSION-II-RRSS-1-1-1-1-450x300.jpg",450,300,true],"blossom-feminine-related":["https:\/\/cafelapalma.com\/wp-content\/uploads\/2026\/02\/CARTEL-SESSION-II-RRSS-1-1-1-1-320x200.jpg",320,200,true],"blossom-feminine-schema":["https:\/\/cafelapalma.com\/wp-content\/uploads\/2026\/02\/CARTEL-SESSION-II-RRSS-1-1-1-1-42x60.jpg",42,60,true]},"uagb_author_info":{"display_name":"Victor","author_link":"https:\/\/cafelapalma.com\/en\/author\/comunicacion\/"},"uagb_comment_info":0,"uagb_excerpt":"Este seis de marzo, dentro de la Semana del Arte y en colaboraci\u00f3n con JustMAD, llega nuestra Session II: The Blitz Ball, inspirada en la cultura de los a\u00f1os 80\/90, el movimiento New Romantics, los Club Kids y toda esa maravillosa extravagancia que forj\u00f3 nuestram\u00edtica Movida madrile\u00f1a. Desde Nadine Sessions, un proyecto de Fundaci\u00f3n Nadine,&hellip;","_links":{"self":[{"href":"https:\/\/cafelapalma.com\/en\/wp-json\/wp\/v2\/tribe_events\/33407","targetHints":{"allow":["GET"]}}],"collection":[{"href":"https:\/\/cafelapalma.com\/en\/wp-json\/wp\/v2\/tribe_events"}],"about":[{"href":"https:\/\/cafelapalma.com\/en\/wp-json\/wp\/v2\/types\/tribe_events"}],"author":[{"embeddable":true,"href":"https:\/\/cafelapalma.com\/en\/wp-json\/wp\/v2\/users\/2"}],"version-history":[{"count":0,"href":"https:\/\/cafelapalma.com\/en\/wp-json\/wp\/v2\/tribe_events\/33407\/revisions"}],"wp:featuredmedia":[{"embeddable":true,"href":"https:\/\/cafelapalma.com\/en\/wp-json\/wp\/v2\/media\/33408"}],"wp:attachment":[{"href":"https:\/\/cafelapalma.com\/en\/wp-json\/wp\/v2\/media?parent=33407"}],"wp:term":[{"taxonomy":"post_tag","embeddable":true,"href":"https:\/\/cafelapalma.com\/en\/wp-json\/wp\/v2\/tags?post=33407"},{"taxonomy":"tribe_events_cat","embeddable":true,"href":"https:\/\/cafelapalma.com\/en\/wp-json\/wp\/v2\/tribe_events_cat?post=33407"}],"curies":[{"name":"wp","href":"https:\/\/api.w.org\/{rel}","templated":true}]}}