{"id":33417,"date":"2026-02-23T10:46:13","date_gmt":"2026-02-23T09:46:13","guid":{"rendered":"https:\/\/cafelapalma.com\/?post_type=tribe_events&#038;p=33417"},"modified":"2026-03-12T14:53:27","modified_gmt":"2026-03-12T13:53:27","slug":"atalhos","status":"publish","type":"tribe_events","link":"https:\/\/cafelapalma.com\/en\/programacion\/atalhos\/","title":{"rendered":"ATALHOS (CANCELADO)"},"content":{"rendered":"<div  class=\"tribe-events-schedule tribe-clearfix\" >\n\t<p class=\"tribe-events-schedule__datetime\">\n\t\t<span class=\"tribe-events-schedule__date tribe-events-schedule__date--start\">\n\t\t\t12  March\t\t<\/span>\n\n\t\t\t\t\t<span class=\"tribe-events-schedule__separator tribe-events-schedule__separator--date\">\n\t\t\t\t@\t\t\t<\/span>\n\t\t\t<span class=\"tribe-events-schedule__time tribe-events-schedule__time--start\">\n\t\t\t\t22:00\t\t\t<\/span>\n\t\t\n\t\t\t\t\t\t\t\t\t<span class=\"tribe-events-schedule__separator tribe-events-schedule__separator--time\">\n\t\t\t\t\t&#8211;\t\t\t\t<\/span>\n\t\t\t\n\t\t\t\t\t\t\t<span class=\"tribe-events-schedule__time tribe-events-schedule__time--end\">\n\t\t\t\t\t23:55\t\t\t\t<\/span>\n\t\t\t\n\t\t\t\t\t\t<\/p>\n<\/div>\n\n\n<div  class=\"tribe-block tribe-block__event-price\" >\n\t\t\t<span class=\"tribe-block__event-price__cost\"> 14,45\u20ac <\/span>\n\t\t\t\t<span class=\"tribe-block__event-price__description\">Anticipada<\/span>\n\t<\/div>\n\n\n\n<div class=\"wp-block-columns is-layout-flex wp-container-core-columns-is-layout-8f761849 wp-block-columns-is-layout-flex\">\n<div class=\"wp-block-column is-layout-flow wp-block-column-is-layout-flow\" style=\"flex-basis:33.33%\">\n<figure class=\"wp-block-image size-full\"><img loading=\"lazy\" decoding=\"async\" width=\"640\" height=\"800\" src=\"https:\/\/cafelapalma.com\/wp-content\/uploads\/2026\/02\/atahos-cancelado.jpg\" alt=\"\" class=\"wp-image-33551\" srcset=\"https:\/\/cafelapalma.com\/wp-content\/uploads\/2026\/02\/atahos-cancelado.jpg 640w, https:\/\/cafelapalma.com\/wp-content\/uploads\/2026\/02\/atahos-cancelado-240x300.jpg 240w, https:\/\/cafelapalma.com\/wp-content\/uploads\/2026\/02\/atahos-cancelado-10x12.jpg 10w, https:\/\/cafelapalma.com\/wp-content\/uploads\/2026\/02\/atahos-cancelado-48x60.jpg 48w\" sizes=\"auto, (max-width: 640px) 100vw, 640px\" \/><\/figure>\n\n\n<div  class=\"tribe-block tribe-block__event-website\" >\n\t<a\n\t\thref=\"https:\/\/dice.fm\/event\/mxlqb9-atalhos-en-mazo-12th-mar-caf-la-palma-madrid-tickets?lng=es\"\n\t\ttarget=\"_self\"\n\t\t\t>\n\t\tBUY TICKETS\t<\/a>\n<\/div>\n<\/div>\n\n\n\n<div class=\"wp-block-column is-layout-flow wp-block-column-is-layout-flow\" style=\"flex-basis:66.66%\">\n<p class=\"wp-block-paragraph\"><\/p>\n\n\n\n<p class=\"has-text-align-left wp-block-paragraph\"><strong>Atalhos <\/strong>quiere dejar de ser vista como una \u201cbanda brasilera\u201d, y no es porque sientan alguna incomodidad con sus or\u00edgenes paulistas, de ninguna manera. Lo que pasa es que buscan convertirse en una banda latinoamericana, y eso se hace evidente en&nbsp;<em>A For\u00e7a das Coisas<\/em>, su \u00e1lbum m\u00e1s reciente.<\/p>\n\n\n\n<p class=\"has-text-align-left wp-block-paragraph\"><em>A For\u00e7a das Coisas<\/em><em>&nbsp;<\/em>es ya el quinto disco de la agrupaci\u00f3n, y est\u00e1 guiado por un esp\u00edritu de resiliencia; \u201cIntentamos crear un paisaje sonoro capaz de formar im\u00e1genes on\u00edricas con beats de&nbsp;<em>drum machine<\/em>&nbsp;y bater\u00edas como si fueran rectas en una carretera donde teclados y sintetizadores funcionan como nubes de nostalgia y memoria, adem\u00e1s de guitarras distorsionadas que invitan a superar rupturas y dan fuerza y potencia necesarias para las transformaciones que todos nosotros sufrimos en la existencia\u201d, se\u00f1ala Soares.<\/p>\n\n\n\n<p class=\"has-text-align-left wp-block-paragraph\">En relaci\u00f3n con las letras, estas tienen car\u00e1cter evocativo, cuentan historias y son \u201ccomo una cartograf\u00eda en el asfalto de nuestra vida\u201d. De alg\u00fan modo el disco fue concebido como un viaje emocional, con historias que empiezan, terminan, se acumulan, y dialogan entre ellas.<\/p>\n\n\n\n<p class=\"has-text-align-left wp-block-paragraph\">Al hablar de los referentes e influencias que ayudaron a estructurar este trabajo, salen a flotes nombres como Smashing Pumpkins, Lush y My Bloody Valentine, adem\u00e1s de The War on Drugs y Future Islands.<\/p>\n\n\n\n<p class=\"has-text-align-left wp-block-paragraph\">En t\u00e9rminos l\u00edricos y conceptuales, el existencialismo franc\u00e9s tambi\u00e9n les ha iluminado el camino; el t\u00edtulo del nuevo disco est\u00e1 inspirado en la autobiograf\u00eda de Simone de Beauvoir, publicada en 1963. \u201cDe alguna manera, el disco tambi\u00e9n es muy auto biogr\u00e1fico\u201d, confiesa Soares. \u201cNos gust\u00f3 mucho la frase de Simone que dice, \u2018Es imposible hablar de tu propia vida sin iluminar la vida de los otros\u2019\u201d.<\/p>\n\n\n\n<p class=\"has-text-align-left wp-block-paragraph\"><em>A For\u00e7a das Coisas<\/em><em>&nbsp;<\/em>(grabado y mezclado en el estudio Space Blues en Sao Paulo) fue autoproducido por la banda, y por eso tom\u00f3 m\u00e1s de 2 a\u00f1os para materializarse. \u201cMantuvimos la identidad que creamos en el disco anterior, pero sumamos elementos nuevos, hay m\u00e1s&nbsp;<em>drum machines<\/em>&nbsp;y guitarras distorsionadas\u201d, dicen.<\/p>\n\n\n\n<p class=\"has-text-align-left wp-block-paragraph\">El quinto \u00e1lbum de Atalhos deber\u00eda ayudarles a abrir un espacio cada vez m\u00e1s grande en la escena latinoamericana, se trata de un disco sofisticado, limpio y profundo, en el que el uso del espa\u00f1ol y el portugu\u00e9s (adem\u00e1s de las m\u00faltiples texturas sonoras) a\u00f1ade una interesante versatilidad que mantendr\u00e1 el inter\u00e9s de cualquiera que tenga el gusto de escucharlo.<\/p>\n<\/div>\n<\/div>\n\n\n\n<div style=\"height:100px\" aria-hidden=\"true\" class=\"wp-block-spacer\"><\/div>\n\n\n<h2 class=\"tribe-block__related-events__title\">Related Events<\/h2>\n\n<ul  class=\"tribe-related-events tribe-clearfix\" >\n\t\t\t<li>\n\t\n<div class=\"tribe-related-events-thumbnail\">\n\t<a href=\"https:\/\/cafelapalma.com\/en\/programacion\/funkin-donuts\/\" class=\"url\" rel=\"bookmark\" tabindex=\"-1\" aria-hidden=\"true\"><img loading=\"lazy\" decoding=\"async\" width=\"693\" height=\"1040\" src=\"https:\/\/cafelapalma.com\/wp-content\/uploads\/2026\/07\/FD-vert2-bn-693x1040.jpg\" class=\"attachment-large size-large wp-post-image\" alt=\"\" \/><\/a>\n<\/div>\n\t<div class=\"tribe-related-event-info\">\n\t<h3 class=\"tribe-related-events-title\">\n\t\t<a href=\"https:\/\/cafelapalma.com\/en\/programacion\/funkin-donuts\/\" class=\"tribe-event-url\" rel=\"bookmark\">\n\t\t\tFUNKIN&#8217; DONUTS\t\t<\/a>\n\t<\/h3>\n\t<span class=\"tribe-event-date-start\">5  September@22:00<\/span><span class=\"tribe-event-time\">23:45<\/span><\/div>\n<\/li>\n\t\t\t<li>\n\t\n<div class=\"tribe-related-events-thumbnail\">\n\t<a href=\"https:\/\/cafelapalma.com\/en\/programacion\/backstage-le-petit-truffle-mayo\/\" class=\"url\" rel=\"bookmark\" tabindex=\"-1\" aria-hidden=\"true\"><img loading=\"lazy\" decoding=\"async\" width=\"780\" height=\"1040\" src=\"https:\/\/cafelapalma.com\/wp-content\/uploads\/2026\/07\/Imagen-TruffleMayo-LePetit-i-1-780x1040.png\" class=\"attachment-large size-large wp-post-image\" alt=\"\" \/><\/a>\n<\/div>\n\t<div class=\"tribe-related-event-info\">\n\t<h3 class=\"tribe-related-events-title\">\n\t\t<a href=\"https:\/\/cafelapalma.com\/en\/programacion\/backstage-le-petit-truffle-mayo\/\" class=\"tribe-event-url\" rel=\"bookmark\">\n\t\t\tBACKSTAGE: LE PETIT + TRUFFLE MAYO\t\t<\/a>\n\t<\/h3>\n\t<span class=\"tribe-event-date-start\">5  September@23:55<\/span><\/div>\n<\/li>\n\t\t\t<li>\n\t\n<div class=\"tribe-related-events-thumbnail\">\n\t<a href=\"https:\/\/cafelapalma.com\/en\/programacion\/willie-deville-concierto-benefico-x-venezuela\/\" class=\"url\" rel=\"bookmark\" tabindex=\"-1\" aria-hidden=\"true\"><img loading=\"lazy\" decoding=\"async\" width=\"1020\" height=\"531\" src=\"https:\/\/cafelapalma.com\/wp-content\/uploads\/2026\/08\/Willie-deville-1100x572-1-1040x541.jpg\" class=\"attachment-large size-large wp-post-image\" alt=\"\" \/><\/a>\n<\/div>\n\t<div class=\"tribe-related-event-info\">\n\t<h3 class=\"tribe-related-events-title\">\n\t\t<a href=\"https:\/\/cafelapalma.com\/en\/programacion\/willie-deville-concierto-benefico-x-venezuela\/\" class=\"tribe-event-url\" rel=\"bookmark\">\n\t\t\tWILLIE DEVILLE: CONCIERTO BEN\u00c9FICO X VENEZUELA\t\t<\/a>\n\t<\/h3>\n\t<span class=\"tribe-event-date-start\">6  September@21:00<\/span><span class=\"tribe-event-time\">23:45<\/span><\/div>\n<\/li>\n\t<\/ul>","protected":false},"excerpt":{"rendered":"<p>Atalhos quiere dejar de ser vista como una \u201cbanda brasilera\u201d, y no es porque sientan alguna incomodidad con sus or\u00edgenes paulistas, de ninguna manera. Lo que pasa es que buscan convertirse en una banda latinoamericana, y eso se hace evidente en&nbsp;A For\u00e7a das Coisas, su \u00e1lbum m\u00e1s reciente. A For\u00e7a das Coisas&nbsp;es ya el quinto &hellip; <\/p>","protected":false},"author":2,"featured_media":33418,"template":"","meta":{"_tec_requires_first_save":false,"_uag_custom_page_level_css":"","loftloader_page_shortcode":"","_EventAllDay":false,"_EventTimezone":"Europe\/Madrid","_EventStartDate":"2026-03-12 22:00:00","_EventEndDate":"2026-03-12 23:55:00","_EventStartDateUTC":"2026-03-12 21:00:00","_EventEndDateUTC":"2026-03-12 22:55:00","_EventShowMap":false,"_EventShowMapLink":false,"_EventURL":"https:\/\/dice.fm\/event\/mxlqb9-atalhos-en-mazo-12th-mar-caf-la-palma-madrid-tickets?lng=es","_EventCost":"14,45","_EventCostDescription":"","_EventCurrencySymbol":"\u20ac","_EventCurrencyCode":"USD","_EventCurrencyPosition":"suffix","_EventDateTimeSeparator":"@","_EventTimeRangeSeparator":"-","_EventOrganizerID":[],"_EventVenueID":[],"_OrganizerEmail":"","_OrganizerPhone":"","_OrganizerWebsite":"","_VenueAddress":"","_VenueCity":"","_VenueCountry":"","_VenueProvince":"","_VenueState":"","_VenueZip":"","_VenuePhone":"","_VenueURL":"","_VenueStateProvince":"","_VenueLat":"","_VenueLng":"","_VenueShowMap":false,"_VenueShowMapLink":false,"_tribe_blocks_recurrence_rules":"","_tribe_blocks_recurrence_description":"","_tribe_blocks_recurrence_exclusions":"","_ecp_custom_2":"","_tribe_events_status":"","_tribe_events_status_reason":"","_tribe_events_is_hybrid":"","_tribe_events_is_virtual":"","_tribe_events_virtual_video_source":"","_tribe_events_virtual_embed_video":"","_tribe_events_virtual_linked_button_text":"","_tribe_events_virtual_linked_button":"","_tribe_events_virtual_show_embed_at":"","_tribe_events_virtual_show_embed_to":[],"_tribe_events_virtual_show_on_event":"","_tribe_events_virtual_show_on_views":"","_tribe_events_virtual_url":"","footnotes":""},"tags":[18346,1363,2865,9147,9146,12056],"tribe_events_cat":[8963],"class_list":["post-33417","tribe_events","type-tribe_events","status-publish","has-post-thumbnail","hentry","tag-a-forca-das-coisas","tag-cafe-la-palma","tag-conciertos-cafe-la-palma","tag-conciertos-madrid","tag-conciertos-malasana","tag-mazo","tribe_events_cat-concierto","cat_concierto"],"uagb_featured_image_src":{"full":["https:\/\/cafelapalma.com\/wp-content\/uploads\/2026\/02\/atalhos.jpeg",640,800,false],"thumbnail":["https:\/\/cafelapalma.com\/wp-content\/uploads\/2026\/02\/atalhos-150x150.jpeg",150,150,true],"medium":["https:\/\/cafelapalma.com\/wp-content\/uploads\/2026\/02\/atalhos-240x300.jpeg",240,300,true],"medium_large":["https:\/\/cafelapalma.com\/wp-content\/uploads\/2026\/02\/atalhos.jpeg",640,800,false],"large":["https:\/\/cafelapalma.com\/wp-content\/uploads\/2026\/02\/atalhos.jpeg",640,800,false],"1536x1536":["https:\/\/cafelapalma.com\/wp-content\/uploads\/2026\/02\/atalhos.jpeg",640,800,false],"2048x2048":["https:\/\/cafelapalma.com\/wp-content\/uploads\/2026\/02\/atalhos.jpeg",640,800,false],"trp-custom-language-flag":["https:\/\/cafelapalma.com\/wp-content\/uploads\/2026\/02\/atalhos-10x12.jpeg",10,12,true],"blossom-feminine-slider":["https:\/\/cafelapalma.com\/wp-content\/uploads\/2026\/02\/atalhos-640x649.jpeg",640,649,true],"blossom-feminine-featured":["https:\/\/cafelapalma.com\/wp-content\/uploads\/2026\/02\/atalhos-640x600.jpeg",640,600,true],"blossom-feminine-with-sidebar":["https:\/\/cafelapalma.com\/wp-content\/uploads\/2026\/02\/atalhos-640x600.jpeg",640,600,true],"blossom-feminine-blog":["https:\/\/cafelapalma.com\/wp-content\/uploads\/2026\/02\/atalhos-435x435.jpeg",435,435,true],"blossom-feminine-cat":["https:\/\/cafelapalma.com\/wp-content\/uploads\/2026\/02\/atalhos-450x300.jpeg",450,300,true],"blossom-feminine-related":["https:\/\/cafelapalma.com\/wp-content\/uploads\/2026\/02\/atalhos-320x200.jpeg",320,200,true],"blossom-feminine-schema":["https:\/\/cafelapalma.com\/wp-content\/uploads\/2026\/02\/atalhos-48x60.jpeg",48,60,true]},"uagb_author_info":{"display_name":"Victor","author_link":"https:\/\/cafelapalma.com\/en\/author\/comunicacion\/"},"uagb_comment_info":0,"uagb_excerpt":"Atalhos quiere dejar de ser vista como una \u201cbanda brasilera\u201d, y no es porque sientan alguna incomodidad con sus or\u00edgenes paulistas, de ninguna manera. Lo que pasa es que buscan convertirse en una banda latinoamericana, y eso se hace evidente en&nbsp;A For\u00e7a das Coisas, su \u00e1lbum m\u00e1s reciente. A For\u00e7a das Coisas&nbsp;es ya el quinto&hellip;","_links":{"self":[{"href":"https:\/\/cafelapalma.com\/en\/wp-json\/wp\/v2\/tribe_events\/33417","targetHints":{"allow":["GET"]}}],"collection":[{"href":"https:\/\/cafelapalma.com\/en\/wp-json\/wp\/v2\/tribe_events"}],"about":[{"href":"https:\/\/cafelapalma.com\/en\/wp-json\/wp\/v2\/types\/tribe_events"}],"author":[{"embeddable":true,"href":"https:\/\/cafelapalma.com\/en\/wp-json\/wp\/v2\/users\/2"}],"version-history":[{"count":0,"href":"https:\/\/cafelapalma.com\/en\/wp-json\/wp\/v2\/tribe_events\/33417\/revisions"}],"wp:featuredmedia":[{"embeddable":true,"href":"https:\/\/cafelapalma.com\/en\/wp-json\/wp\/v2\/media\/33418"}],"wp:attachment":[{"href":"https:\/\/cafelapalma.com\/en\/wp-json\/wp\/v2\/media?parent=33417"}],"wp:term":[{"taxonomy":"post_tag","embeddable":true,"href":"https:\/\/cafelapalma.com\/en\/wp-json\/wp\/v2\/tags?post=33417"},{"taxonomy":"tribe_events_cat","embeddable":true,"href":"https:\/\/cafelapalma.com\/en\/wp-json\/wp\/v2\/tribe_events_cat?post=33417"}],"curies":[{"name":"wp","href":"https:\/\/api.w.org\/{rel}","templated":true}]}}