{"id":33517,"date":"2026-03-10T11:43:33","date_gmt":"2026-03-10T10:43:33","guid":{"rendered":"https:\/\/cafelapalma.com\/?post_type=tribe_events&#038;p=33517"},"modified":"2026-04-01T20:42:21","modified_gmt":"2026-04-01T18:42:21","slug":"caluu-c-bowie-ft-mlow-sislah-chris-mars","status":"publish","type":"tribe_events","link":"https:\/\/cafelapalma.com\/en\/programacion\/caluu-c-bowie-ft-mlow-sislah-chris-mars\/","title":{"rendered":"CALUU C. + GISELLE + SISLAH + CHRIS MARS"},"content":{"rendered":"<div  class=\"tribe-events-schedule tribe-clearfix\" >\n\t<p class=\"tribe-events-schedule__datetime\">\n\t\t<span class=\"tribe-events-schedule__date tribe-events-schedule__date--start\">\n\t\t\t15  April\t\t<\/span>\n\n\t\t\t\t\t<span class=\"tribe-events-schedule__separator tribe-events-schedule__separator--date\">\n\t\t\t\t@\t\t\t<\/span>\n\t\t\t<span class=\"tribe-events-schedule__time tribe-events-schedule__time--start\">\n\t\t\t\t20:30\t\t\t<\/span>\n\t\t\n\t\t\t\t\t\t\t\t\t<span class=\"tribe-events-schedule__separator tribe-events-schedule__separator--time\">\n\t\t\t\t\t&#8211;\t\t\t\t<\/span>\n\t\t\t\n\t\t\t\t\t\t\t<span class=\"tribe-events-schedule__time tribe-events-schedule__time--end\">\n\t\t\t\t\t23:00\t\t\t\t<\/span>\n\t\t\t\n\t\t\t\t\t\t<\/p>\n<\/div>\n\n\n\n<p class=\"wp-block-paragraph\"><\/p>\n\n\n<div  class=\"tribe-block tribe-block__event-price\" >\n\t\t\t<span class=\"tribe-block__event-price__cost\"> 10\u20ac <\/span>\n\t\t\t\t<span class=\"tribe-block__event-price__description\">+ gg Anticipada (incluye UNA CONSUMICI\u00d3N) | 12\u20ac Taquilla (incluye UNA CONSUMICI\u00d3N)<\/span>\n\t<\/div>\n\n\n\n<div class=\"wp-block-columns is-layout-flex wp-container-core-columns-is-layout-8f761849 wp-block-columns-is-layout-flex\">\n<div class=\"wp-block-column is-layout-flow wp-block-column-is-layout-flow\" style=\"flex-basis:33.33%\">\n<figure class=\"wp-block-image size-full\"><img loading=\"lazy\" decoding=\"async\" width=\"1755\" height=\"2480\" src=\"https:\/\/cafelapalma.com\/wp-content\/uploads\/2026\/03\/CARTEL-ACTUALIZADO_page-0001-1.jpg\" alt=\"\" class=\"wp-image-33684\" srcset=\"https:\/\/cafelapalma.com\/wp-content\/uploads\/2026\/03\/CARTEL-ACTUALIZADO_page-0001-1.jpg 1755w, https:\/\/cafelapalma.com\/wp-content\/uploads\/2026\/03\/CARTEL-ACTUALIZADO_page-0001-1-212x300.jpg 212w, https:\/\/cafelapalma.com\/wp-content\/uploads\/2026\/03\/CARTEL-ACTUALIZADO_page-0001-1-736x1040.jpg 736w, https:\/\/cafelapalma.com\/wp-content\/uploads\/2026\/03\/CARTEL-ACTUALIZADO_page-0001-1-768x1085.jpg 768w, https:\/\/cafelapalma.com\/wp-content\/uploads\/2026\/03\/CARTEL-ACTUALIZADO_page-0001-1-1087x1536.jpg 1087w, https:\/\/cafelapalma.com\/wp-content\/uploads\/2026\/03\/CARTEL-ACTUALIZADO_page-0001-1-1449x2048.jpg 1449w, https:\/\/cafelapalma.com\/wp-content\/uploads\/2026\/03\/CARTEL-ACTUALIZADO_page-0001-1-8x12.jpg 8w, https:\/\/cafelapalma.com\/wp-content\/uploads\/2026\/03\/CARTEL-ACTUALIZADO_page-0001-1-42x60.jpg 42w\" sizes=\"auto, (max-width: 1755px) 100vw, 1755px\" \/><\/figure>\n\n\n<div  class=\"tribe-block tribe-block__event-website\" >\n\t<a\n\t\thref=\"https:\/\/www.notikumi.com\/channel\/cafe-la-palma\/2026\/4\/15\/caluu-c-bowie-ft-mlow-sislah-chris-mars\"\n\t\ttarget=\"_self\"\n\t\t\t>\n\t\tBUY TICKETS\t<\/a>\n<\/div>\n<\/div>\n\n\n\n<div class=\"wp-block-column is-layout-flow wp-block-column-is-layout-flow\" style=\"flex-basis:66.66%\">\n<div style=\"height:100px\" aria-hidden=\"true\" class=\"wp-block-spacer\"><\/div>\n\n\n\n<p class=\"has-text-align-left wp-block-paragraph\"><strong>Caf\u00e9 La Palma<\/strong> acoge una noche ineludible para los amantes de la escena urbana contempor\u00e1nea. <\/p>\n\n\n\n<p class=\"has-text-align-left wp-block-paragraph\">La noche se enciende con<strong> Caluu C.<\/strong>, una de las artistas que promete dar mucho de qu\u00e9 hablar este a\u00f1o en Espa\u00f1a. Consolidada como una de las voces con mayor proyecci\u00f3n, llega avalada por sus recientes actuaciones en el festival Arena Negra de Fuerteventura y su estelar participaci\u00f3n en el Open Mic del mes pasado. Con una conexi\u00f3n natural con el p\u00fablico, la artista urbana presentar\u00e1 en directo su flamante nuevo lanzamiento, \u00ab<strong>Actitud<\/strong>\u00ab, demostrando su absoluto magnetismo en el escenario.<\/p>\n\n\n\n<p class=\"has-text-align-left wp-block-paragraph\">A su arrolladora propuesta se suma el cantautor dominicano<strong> Chris Mars,<\/strong> que traer\u00e1 su inconfundible esencia afrocaribe\u00f1a respaldado por temas recientes como \u00abYEYEYE\u00bb y \u00abSex in the Shower\u00bb, tendiendo un puente sonoro entre la di\u00e1spora caribe\u00f1a y Europa. <\/p>\n\n\n\n<p class=\"has-text-align-left wp-block-paragraph\">A \u00e9l se une <strong>Sislah<\/strong>, quien, tras su recorrido por la escena urbana<br>explorando estilos como el trap y el reggaet\u00f3n, ahora se reconcilia con sus ra\u00edces y su formaci\u00f3n en conservatorio y flamenco, y promete mostrarnos el nuevo rumbo art\u00edstico que est\u00e1 emprendiendo.<\/p>\n\n\n\n<p class=\"has-text-align-left wp-block-paragraph\">Cerrando el cartel, llega <strong>Giselle<\/strong>, artista y compositora madrile\u00f1a cuya versatilidad destaca por fusionar la fuerza vocal del pop internacional con ra\u00edces latinas y una producci\u00f3n moderna. Su sonido combina pop latino, urbano y baladas con ritmos latinos cl\u00e1sicos, acompa\u00f1ados de letras personales sobre el amor y el desamor que conectan directamente con el p\u00fablico.<\/p>\n\n\n\n<p class=\"has-text-align-right wp-block-paragraph\"><a href=\"https:\/\/www.instagram.com\/chrismarsbaby\/\" target=\"_blank\" rel=\"noreferrer noopener\"><em>Sigue a<\/em> <strong>Chris Mars<\/strong> <em>in<\/em> <strong>Instagram<\/strong>.<\/a><\/p>\n\n\n\n<p class=\"has-text-align-right wp-block-paragraph\"><a href=\"https:\/\/www.instagram.com\/imsislah\/?hl=es\" target=\"_blank\" rel=\"noreferrer noopener\"><em>Sigue a <\/em><strong>Sislah <\/strong><em>in <\/em><strong>Instagram<\/strong>.<\/a><\/p>\n\n\n\n<p class=\"has-text-align-right wp-block-paragraph\"><a href=\"https:\/\/www.instagram.com\/caluu.c\/?hl=es\" type=\"link\" id=\"https:\/\/www.instagram.com\/caluu.c\/?hl=es\" target=\"_blank\" rel=\"noreferrer noopener\"><em>Sigue a <\/em><strong>Caluu C. <\/strong><em>in <\/em><strong>Instagram<\/strong>.<\/a><\/p>\n\n\n\n<p class=\"has-text-align-right wp-block-paragraph\"><a href=\"https:\/\/www.instagram.com\/gisellecor_?igsh=MTNxa3k3YnpndWVrOQ%3D%3D&amp;utm_source=qr\" type=\"link\" id=\"https:\/\/www.instagram.com\/gisellecor_?igsh=MTNxa3k3YnpndWVrOQ%3D%3D&amp;utm_source=qr\" target=\"_blank\" rel=\"noreferrer noopener\"><em>Sigue a <\/em><strong>Giselle <\/strong><em>in <\/em><strong>Instagram<\/strong>.<\/a><\/p>\n<\/div>\n<\/div>\n\n\n\n<div style=\"height:100px\" aria-hidden=\"true\" class=\"wp-block-spacer\"><\/div>\n\n\n<h2 class=\"tribe-block__related-events__title\">Related Events<\/h2>\n\n<ul  class=\"tribe-related-events tribe-clearfix\" >\n\t\t\t<li>\n\t\n<div class=\"tribe-related-events-thumbnail\">\n\t<a href=\"https:\/\/cafelapalma.com\/en\/programacion\/funkin-donuts\/\" class=\"url\" rel=\"bookmark\" tabindex=\"-1\" aria-hidden=\"true\"><img loading=\"lazy\" decoding=\"async\" width=\"693\" height=\"1040\" src=\"https:\/\/cafelapalma.com\/wp-content\/uploads\/2026\/07\/FD-vert2-bn-693x1040.jpg\" class=\"attachment-large size-large wp-post-image\" alt=\"\" \/><\/a>\n<\/div>\n\t<div class=\"tribe-related-event-info\">\n\t<h3 class=\"tribe-related-events-title\">\n\t\t<a href=\"https:\/\/cafelapalma.com\/en\/programacion\/funkin-donuts\/\" class=\"tribe-event-url\" rel=\"bookmark\">\n\t\t\tFUNKIN&#8217; DONUTS\t\t<\/a>\n\t<\/h3>\n\t<span class=\"tribe-event-date-start\">5  September@22:00<\/span><span class=\"tribe-event-time\">23:45<\/span><\/div>\n<\/li>\n\t\t\t<li>\n\t\n<div class=\"tribe-related-events-thumbnail\">\n\t<a href=\"https:\/\/cafelapalma.com\/en\/programacion\/backstage-le-petit-truffle-mayo\/\" class=\"url\" rel=\"bookmark\" tabindex=\"-1\" aria-hidden=\"true\"><img loading=\"lazy\" decoding=\"async\" width=\"780\" height=\"1040\" src=\"https:\/\/cafelapalma.com\/wp-content\/uploads\/2026\/07\/Imagen-TruffleMayo-LePetit-i-1-780x1040.png\" class=\"attachment-large size-large wp-post-image\" alt=\"\" \/><\/a>\n<\/div>\n\t<div class=\"tribe-related-event-info\">\n\t<h3 class=\"tribe-related-events-title\">\n\t\t<a href=\"https:\/\/cafelapalma.com\/en\/programacion\/backstage-le-petit-truffle-mayo\/\" class=\"tribe-event-url\" rel=\"bookmark\">\n\t\t\tBACKSTAGE: LE PETIT + TRUFFLE MAYO\t\t<\/a>\n\t<\/h3>\n\t<span class=\"tribe-event-date-start\">5  September@23:55<\/span><\/div>\n<\/li>\n\t\t\t<li>\n\t\n<div class=\"tribe-related-events-thumbnail\">\n\t<a href=\"https:\/\/cafelapalma.com\/en\/programacion\/willie-deville-concierto-benefico-x-venezuela\/\" class=\"url\" rel=\"bookmark\" tabindex=\"-1\" aria-hidden=\"true\"><img loading=\"lazy\" decoding=\"async\" width=\"1020\" height=\"531\" src=\"https:\/\/cafelapalma.com\/wp-content\/uploads\/2026\/08\/Willie-deville-1100x572-1-1040x541.jpg\" class=\"attachment-large size-large wp-post-image\" alt=\"\" \/><\/a>\n<\/div>\n\t<div class=\"tribe-related-event-info\">\n\t<h3 class=\"tribe-related-events-title\">\n\t\t<a href=\"https:\/\/cafelapalma.com\/en\/programacion\/willie-deville-concierto-benefico-x-venezuela\/\" class=\"tribe-event-url\" rel=\"bookmark\">\n\t\t\tWILLIE DEVILLE: CONCIERTO BEN\u00c9FICO X VENEZUELA\t\t<\/a>\n\t<\/h3>\n\t<span class=\"tribe-event-date-start\">6  September@21:00<\/span><span class=\"tribe-event-time\">23:45<\/span><\/div>\n<\/li>\n\t<\/ul>","protected":false},"excerpt":{"rendered":"<p>Caf\u00e9 La Palma acoge una noche ineludible para los amantes de la escena urbana contempor\u00e1nea. La noche se enciende con Caluu C., una de las artistas que promete dar mucho de qu\u00e9 hablar este a\u00f1o en Espa\u00f1a. Consolidada como una de las voces con mayor proyecci\u00f3n, llega avalada por sus recientes actuaciones en el festival &hellip; <\/p>","protected":false},"author":2,"featured_media":33684,"template":"","meta":{"_tec_requires_first_save":false,"_uag_custom_page_level_css":"","loftloader_page_shortcode":"","_EventAllDay":false,"_EventTimezone":"Europe\/Madrid","_EventStartDate":"2026-04-15 20:30:00","_EventEndDate":"2026-04-15 23:00:00","_EventStartDateUTC":"2026-04-15 18:30:00","_EventEndDateUTC":"2026-04-15 21:00:00","_EventShowMap":false,"_EventShowMapLink":false,"_EventURL":"https:\/\/www.notikumi.com\/channel\/cafe-la-palma\/2026\/4\/15\/caluu-c-bowie-ft-mlow-sislah-chris-mars","_EventCost":"10","_EventCostDescription":"","_EventCurrencySymbol":"\u20ac","_EventCurrencyCode":"USD","_EventCurrencyPosition":"suffix","_EventDateTimeSeparator":"@","_EventTimeRangeSeparator":"-","_EventOrganizerID":[],"_EventVenueID":[],"_OrganizerEmail":"","_OrganizerPhone":"","_OrganizerWebsite":"","_VenueAddress":"","_VenueCity":"","_VenueCountry":"","_VenueProvince":"","_VenueState":"","_VenueZip":"","_VenuePhone":"","_VenueURL":"","_VenueStateProvince":"","_VenueLat":"","_VenueLng":"","_VenueShowMap":false,"_VenueShowMapLink":false,"_tribe_blocks_recurrence_rules":"","_tribe_blocks_recurrence_description":"","_tribe_blocks_recurrence_exclusions":"","_ecp_custom_2":"","_tribe_events_status":"","_tribe_events_status_reason":"","_tribe_events_is_hybrid":"","_tribe_events_is_virtual":"","_tribe_events_virtual_video_source":"","_tribe_events_virtual_embed_video":"","_tribe_events_virtual_linked_button_text":"","_tribe_events_virtual_linked_button":"","_tribe_events_virtual_show_embed_at":"","_tribe_events_virtual_show_embed_to":[],"_tribe_events_virtual_show_on_event":"","_tribe_events_virtual_show_on_views":"","_tribe_events_virtual_url":"","footnotes":""},"tags":[1363,8869,18374,16380,2865,9147,9146,18427,18375,9531,12500,18376,15531],"tribe_events_cat":[8963],"class_list":["post-33517","tribe_events","type-tribe_events","status-publish","has-post-thumbnail","hentry","tag-cafe-la-palma","tag-cafe-la-palma-2","tag-caluu-c","tag-chris-mars","tag-conciertos-cafe-la-palma","tag-conciertos-madrid","tag-conciertos-malasana","tag-giselle","tag-mlow","tag-musica-latina","tag-showcase","tag-sislah","tag-urbano","tribe_events_cat-concierto","cat_concierto"],"uagb_featured_image_src":{"full":["https:\/\/cafelapalma.com\/wp-content\/uploads\/2026\/03\/CARTEL-ACTUALIZADO_page-0001-1.jpg",1755,2480,false],"thumbnail":["https:\/\/cafelapalma.com\/wp-content\/uploads\/2026\/03\/CARTEL-ACTUALIZADO_page-0001-1-150x150.jpg",150,150,true],"medium":["https:\/\/cafelapalma.com\/wp-content\/uploads\/2026\/03\/CARTEL-ACTUALIZADO_page-0001-1-212x300.jpg",212,300,true],"medium_large":["https:\/\/cafelapalma.com\/wp-content\/uploads\/2026\/03\/CARTEL-ACTUALIZADO_page-0001-1-768x1085.jpg",768,1085,true],"large":["https:\/\/cafelapalma.com\/wp-content\/uploads\/2026\/03\/CARTEL-ACTUALIZADO_page-0001-1-736x1040.jpg",736,1040,true],"1536x1536":["https:\/\/cafelapalma.com\/wp-content\/uploads\/2026\/03\/CARTEL-ACTUALIZADO_page-0001-1-1087x1536.jpg",1087,1536,true],"2048x2048":["https:\/\/cafelapalma.com\/wp-content\/uploads\/2026\/03\/CARTEL-ACTUALIZADO_page-0001-1-1449x2048.jpg",1449,2048,true],"trp-custom-language-flag":["https:\/\/cafelapalma.com\/wp-content\/uploads\/2026\/03\/CARTEL-ACTUALIZADO_page-0001-1-8x12.jpg",8,12,true],"blossom-feminine-slider":["https:\/\/cafelapalma.com\/wp-content\/uploads\/2026\/03\/CARTEL-ACTUALIZADO_page-0001-1-1755x649.jpg",1755,649,true],"blossom-feminine-featured":["https:\/\/cafelapalma.com\/wp-content\/uploads\/2026\/03\/CARTEL-ACTUALIZADO_page-0001-1-1410x600.jpg",1410,600,true],"blossom-feminine-with-sidebar":["https:\/\/cafelapalma.com\/wp-content\/uploads\/2026\/03\/CARTEL-ACTUALIZADO_page-0001-1-1020x600.jpg",1020,600,true],"blossom-feminine-blog":["https:\/\/cafelapalma.com\/wp-content\/uploads\/2026\/03\/CARTEL-ACTUALIZADO_page-0001-1-435x435.jpg",435,435,true],"blossom-feminine-cat":["https:\/\/cafelapalma.com\/wp-content\/uploads\/2026\/03\/CARTEL-ACTUALIZADO_page-0001-1-450x300.jpg",450,300,true],"blossom-feminine-related":["https:\/\/cafelapalma.com\/wp-content\/uploads\/2026\/03\/CARTEL-ACTUALIZADO_page-0001-1-320x200.jpg",320,200,true],"blossom-feminine-schema":["https:\/\/cafelapalma.com\/wp-content\/uploads\/2026\/03\/CARTEL-ACTUALIZADO_page-0001-1-42x60.jpg",42,60,true]},"uagb_author_info":{"display_name":"Victor","author_link":"https:\/\/cafelapalma.com\/en\/author\/comunicacion\/"},"uagb_comment_info":0,"uagb_excerpt":"Caf\u00e9 La Palma acoge una noche ineludible para los amantes de la escena urbana contempor\u00e1nea. La noche se enciende con Caluu C., una de las artistas que promete dar mucho de qu\u00e9 hablar este a\u00f1o en Espa\u00f1a. Consolidada como una de las voces con mayor proyecci\u00f3n, llega avalada por sus recientes actuaciones en el festival&hellip;","_links":{"self":[{"href":"https:\/\/cafelapalma.com\/en\/wp-json\/wp\/v2\/tribe_events\/33517","targetHints":{"allow":["GET"]}}],"collection":[{"href":"https:\/\/cafelapalma.com\/en\/wp-json\/wp\/v2\/tribe_events"}],"about":[{"href":"https:\/\/cafelapalma.com\/en\/wp-json\/wp\/v2\/types\/tribe_events"}],"author":[{"embeddable":true,"href":"https:\/\/cafelapalma.com\/en\/wp-json\/wp\/v2\/users\/2"}],"version-history":[{"count":0,"href":"https:\/\/cafelapalma.com\/en\/wp-json\/wp\/v2\/tribe_events\/33517\/revisions"}],"wp:featuredmedia":[{"embeddable":true,"href":"https:\/\/cafelapalma.com\/en\/wp-json\/wp\/v2\/media\/33684"}],"wp:attachment":[{"href":"https:\/\/cafelapalma.com\/en\/wp-json\/wp\/v2\/media?parent=33517"}],"wp:term":[{"taxonomy":"post_tag","embeddable":true,"href":"https:\/\/cafelapalma.com\/en\/wp-json\/wp\/v2\/tags?post=33517"},{"taxonomy":"tribe_events_cat","embeddable":true,"href":"https:\/\/cafelapalma.com\/en\/wp-json\/wp\/v2\/tribe_events_cat?post=33517"}],"curies":[{"name":"wp","href":"https:\/\/api.w.org\/{rel}","templated":true}]}}