{"id":33520,"date":"2026-03-10T15:22:20","date_gmt":"2026-03-10T14:22:20","guid":{"rendered":"https:\/\/cafelapalma.com\/?post_type=tribe_events&#038;p=33520"},"modified":"2026-07-20T12:03:04","modified_gmt":"2026-07-20T10:03:04","slug":"abril","status":"publish","type":"tribe_events","link":"https:\/\/cafelapalma.com\/en\/programacion\/abril\/","title":{"rendered":"ABRIL"},"content":{"rendered":"<div  class=\"tribe-events-schedule tribe-clearfix\" >\n\t<p class=\"tribe-events-schedule__datetime\">\n\t\t<span class=\"tribe-events-schedule__date tribe-events-schedule__date--start\">\n\t\t\t7  November\t\t<\/span>\n\n\t\t\t\t\t<span class=\"tribe-events-schedule__separator tribe-events-schedule__separator--date\">\n\t\t\t\t@\t\t\t<\/span>\n\t\t\t<span class=\"tribe-events-schedule__time tribe-events-schedule__time--start\">\n\t\t\t\t22:00\t\t\t<\/span>\n\t\t\n\t\t\t\t\t\t\t\t\t<span class=\"tribe-events-schedule__separator tribe-events-schedule__separator--time\">\n\t\t\t\t\t&#8211;\t\t\t\t<\/span>\n\t\t\t\n\t\t\t\t\t\t\t<span class=\"tribe-events-schedule__time tribe-events-schedule__time--end\">\n\t\t\t\t\t23:45\t\t\t\t<\/span>\n\t\t\t\n\t\t\t\t\t\t<\/p>\n<\/div>\n\n\n<div  class=\"tribe-block tribe-block__event-price\" >\n\t\t\t<span class=\"tribe-block__event-price__cost\"> 15\u20ac <\/span>\n\t\t\t\t<span class=\"tribe-block__event-price__description\">entrada general<\/span>\n\t<\/div>\n\n\n\n<div class=\"wp-block-columns is-layout-flex wp-container-core-columns-is-layout-8f761849 wp-block-columns-is-layout-flex\">\n<div class=\"wp-block-column is-layout-flow wp-block-column-is-layout-flow\" style=\"flex-basis:33.33%\">\n<figure class=\"wp-block-image size-large\"><img loading=\"lazy\" decoding=\"async\" width=\"832\" height=\"1040\" src=\"https:\/\/cafelapalma.com\/wp-content\/uploads\/2026\/03\/ABRIL-MADRID-832x1040.jpg\" alt=\"\" class=\"wp-image-33521\" srcset=\"https:\/\/cafelapalma.com\/wp-content\/uploads\/2026\/03\/ABRIL-MADRID-832x1040.jpg 832w, https:\/\/cafelapalma.com\/wp-content\/uploads\/2026\/03\/ABRIL-MADRID-240x300.jpg 240w, https:\/\/cafelapalma.com\/wp-content\/uploads\/2026\/03\/ABRIL-MADRID-768x960.jpg 768w, https:\/\/cafelapalma.com\/wp-content\/uploads\/2026\/03\/ABRIL-MADRID-10x12.jpg 10w, https:\/\/cafelapalma.com\/wp-content\/uploads\/2026\/03\/ABRIL-MADRID-48x60.jpg 48w, https:\/\/cafelapalma.com\/wp-content\/uploads\/2026\/03\/ABRIL-MADRID.jpg 1080w\" sizes=\"auto, (max-width: 832px) 100vw, 832px\" \/><\/figure>\n\n\n<div  class=\"tribe-block tribe-block__event-website\" >\n\t<a\n\t\thref=\"https:\/\/entradium.com\/events\/abril-en-madrid-cafe-la-palma\"\n\t\ttarget=\"_self\"\n\t\t\t>\n\t\tBUY TICKETS\t<\/a>\n<\/div>\n<\/div>\n\n\n\n<div class=\"wp-block-column is-layout-flow wp-block-column-is-layout-flow\" style=\"flex-basis:66.66%\">\n<div style=\"height:100px\" aria-hidden=\"true\" class=\"wp-block-spacer\"><\/div>\n\n\n\n<p class=\"has-text-align-left wp-block-paragraph\"><strong>Abril<\/strong>, joven artista originaria de Benissa, se ha consolidado como una de las voces m\u00e1s prometedoras de la nueva escena musical valenciana. Su propuesta, una mezcla fresca entre lo tradicional y lo electr\u00f3nico, conecta con p\u00fablicos diversos gracias a su capacidad para transmitir emociones profundas a trav\u00e9s de sus letras y su voz. En cada composici\u00f3n, Abril crea un espacio de conexi\u00f3n \u00edntima con la audiencia, ofreciendo una experiencia musical vers\u00e1til y cargada de sensibilidad.<\/p>\n\n\n\n<p class=\"has-text-align-left wp-block-paragraph\">Sus influencias abarcan desde la introspecci\u00f3n pop de <strong>Billie Eilish hasta la fuerza emocional de Rosal\u00eda<\/strong>, pasando por las delicadas interpretaciones de <strong>S\u00edlvia P\u00e9rez Cruz y el arte experimental de Sandra Monfort<\/strong>. Tambi\u00e9n se percibe la huella de la sensibilidad jazz\u00edstica de <strong>Rita Pay\u00e9s<\/strong>, la fusi\u00f3n innovadora de <strong>Maria Arnal <\/strong>o la energ\u00eda de <strong>Berri Txarrak,<\/strong> configurando una paleta sonora rica y diversa que combina lo ac\u00fastico y lo digital con naturalidad.<\/p>\n\n\n\n<p class=\"has-text-align-left wp-block-paragraph\">Tras el \u00e9xito de su primer \u00e1lbum, Abril ha protagonizado una extensa gira de presentaci\u00f3n con m\u00e1s de cuarenta conciertos por todo el Pa\u00eds Valenci\u00e0 y Catalu\u00f1a, confirmando su s\u00f3lida presencia en el panorama musical. Su voz, aut\u00e9ntica y reconocible, ha calado hondo en el circuito valenciano, llev\u00e1ndola a colaborar con bandas de referencia como <strong>La F\u00famiga, Figa Flawas, ZOO o La Ra\u00edz.<\/strong><\/p>\n\n\n\n<p class=\"has-text-align-left wp-block-paragraph\">Con una identidad art\u00edstica cada vez m\u00e1s definida y una conexi\u00f3n real con su p\u00fablico, Abril contin\u00faa creciendo paso a paso, fiel a su esencia y con la mirada puesta en nuevos retos. Su autenticidad y su capacidad para emocionar la han convertido en la artista revelaci\u00f3n en los premios Ovidi 2025 y estar nominada a los premios MIN y Enderrock 2026.<\/p>\n\n\n\n<p class=\"has-text-align-right wp-block-paragraph\"><a href=\"https:\/\/open.spotify.com\/intl-es\/artist\/3m2HlPRZtHunzw5yY7GPoZ?si=Hvo9aB-8RFWtB8JMOnoISg\" type=\"link\" id=\"https:\/\/open.spotify.com\/intl-es\/artist\/3m2HlPRZtHunzw5yY7GPoZ?si=Hvo9aB-8RFWtB8JMOnoISg\">Escucha a ABRIL en Spotify.<\/a><\/p>\n<\/div>\n<\/div>\n\n\n\t<div  class=\"tribe-block tribe-block__events-link\" >\n\t\t<div class=\"tribe-events tribe-common\">\n\t\t\t<div class=\"tribe-events-c-subscribe-dropdown__container\">\n\t\t\t\t<div class=\"tribe-events-c-subscribe-dropdown\">\n\t\t\t\t\t<div class=\"tribe-common-c-btn-border tribe-events-c-subscribe-dropdown__button\">\n\t\t\t\t\t\t<svg\n\t class=\"tribe-common-c-svgicon tribe-common-c-svgicon--cal-export tribe-events-c-subscribe-dropdown__export-icon\" \taria-hidden=\"true\"\n\tviewbox=\"0 0 23 17\"\n\txmlns=\"http:\/\/www.w3.org\/2000\/svg\"\n>\n\t<path fill-rule=\"evenodd\" clip-rule=\"evenodd\" d=\"M.128.896V16.13c0 .211.145.383.323.383h15.354c.179 0 .323-.172.323-.383V.896c0-.212-.144-.383-.323-.383H.451C.273.513.128.684.128.896Zm16 6.742h-.901V4.679H1.009v10.729h14.218v-3.336h.901V7.638ZM1.01 1.614h14.218v2.058H1.009V1.614Z\" \/>\n\t<path d=\"M20.5 9.846H8.312M18.524 6.953l2.89 2.909-2.855 2.855\" stroke-width=\"1.2\" stroke-linecap=\"round\" stroke-linejoin=\"round\"\/>\n<\/svg>\n\t\t\t\t\t\t<button\n\t\t\t\t\t\t\tclass=\"tribe-events-c-subscribe-dropdown__button-text\"\n\t\t\t\t\t\t\taria-expanded=\"false\"\n\t\t\t\t\t\t\taria-controls=\"tribe-events-subscribe-dropdown-content\"\n\t\t\t\t\t\t\taria-label=\"View links to add events to your calendar\"\n\t\t\t\t\t\t>\n\t\t\t\t\t\t\tAdd to calendar\t\t\t\t\t\t<\/button>\n\t\t\t\t\t\t<svg\n\t class=\"tribe-common-c-svgicon tribe-common-c-svgicon--caret-down tribe-events-c-subscribe-dropdown__button-icon\" \taria-hidden=\"true\"\n\tviewbox=\"0 0 10 7\"\n\txmlns=\"http:\/\/www.w3.org\/2000\/svg\"\n>\n\t<path fill-rule=\"evenodd\" clip-rule=\"evenodd\" d=\"M1.008.609L5 4.6 8.992.61l.958.958L5 6.517.05 1.566l.958-.958z\" class=\"tribe-common-c-svgicon__svg-fill\"\/>\n<\/svg>\n\t\t\t\t\t<\/div>\n\t\t\t\t\t<div id=\"tribe-events-subscribe-dropdown-content\" class=\"tribe-events-c-subscribe-dropdown__content\">\n\t\t\t\t\t\t<ul class=\"tribe-events-c-subscribe-dropdown__list\">\n\t\t\t\t\t\t\t\t\t\t\t\t\t\t\t<li class=\"tribe-events-c-subscribe-dropdown__list-item tribe-events-c-subscribe-dropdown__list-item--gcal\">\n\t\t\t\t\t\t\t\t\t<a\n\t\t\t\t\t\t\t\t\t\thref=\"https:\/\/www.google.com\/calendar\/event?action=TEMPLATE&#038;dates=20261107T220000\/20261107T234500&#038;text=ABRIL&#038;details=%3Cdiv+class%3D%22wp-block-columns%22%3E%3Cdiv+class%3D%22wp-block-column%22+style%3D%22flex-basis%3A33.33%25%22%3E%3Cfigure+class%3D%22wp-block-image+size-large%22%3E%3Cimg+src%3D%22https%3A%2F%2Fcafelapalma.com%2Fwp-content%2Fuploads%2F2026%2F03%2FABRIL-MADRID-832x1040.jpg%22+alt%3D%22%22+class%3D%22wp-image-33521%22%2F%3E%3C%2Ffigure%3E%3C%2Fdiv%3E%3Cdiv+class%3D%22wp-block-column%22+style%3D%22flex-basis%3A66.66%25%22%3E%3Cdiv+style%3D%22height%3A100px%22+aria-hidden%3D%22true%22+class%3D%22wp-block-spacer%22%3E%3C%2Fdiv%3E%3Cp+class%3D%22has-text-align-left%22%3E%3Cstrong%3EAbril%3C%2Fstrong%3E%2C+joven+artista+originaria+de+Benissa%2C+se+ha+consolidado+como+una+de+las+voces+m%C3%A1s+prometedoras+de+la+nueva+escena+musical+valenciana.+Su+propuesta%2C+una+mezcla+fresca+entre+lo+tradicional+y+lo+electr%C3%B3nico%2C+conecta+con+p%C3%BAblicos+diversos+gracias+a+su+capacidad+para+transmitir+emociones+profundas+a+trav%C3%A9s+de+sus+letras+y+su+voz.+En+cada+composici%C3%B3n%2C+Abril+crea+un+espacio+de+conexi%C3%B3n+%C3%ADntima+con+la+audiencia%2C+ofreciendo+una+experiencia+musical+vers%C3%A1til+y+cargada+de+sensibilidad.%3C%2Fp%3E+%3Cp+class%3D%22has-text-align-left%22%3ESus+inf%3C%2Fp%3E%3C%2Fdiv%3E%3C%2Fdiv%3E+%28View+Full+event+Description+Here%3A+https%3A%2F%2Fcafelapalma.com%2Fen%2Fprogramacion%2Fabril%2F%29&#038;trp=false&#038;ctz=Europe\/Madrid&#038;sprop=website:https:\/\/cafelapalma.com\/en\"\n\t\t\t\t\t\t\t\t\t\tclass=\"tribe-events-c-subscribe-dropdown__list-item-link\"\n\t\t\t\t\t\t\t\t\t\ttarget=\"_blank\"\n\t\t\t\t\t\t\t\t\t\trel=\"noopener noreferrer nofollow noindex\"\n\t\t\t\t\t\t\t\t\t>\n\t\t\t\t\t\t\t\t\t\tGoogle Calendar\t\t\t\t\t\t\t\t\t<\/a>\n\t\t\t\t\t\t\t\t<\/li>\n\t\t\t\t\t\t\t\t\t\t\t\t\t\t\t<li class=\"tribe-events-c-subscribe-dropdown__list-item tribe-events-c-subscribe-dropdown__list-item--outlook-365\">\n\t\t\t\t\t\t\t\t\t<a\n\t\t\t\t\t\t\t\t\t\thref=\"\"\n\t\t\t\t\t\t\t\t\t\tclass=\"tribe-events-c-subscribe-dropdown__list-item-link\"\n\t\t\t\t\t\t\t\t\t\ttarget=\"_blank\"\n\t\t\t\t\t\t\t\t\t\trel=\"noopener noreferrer nofollow noindex\"\n\t\t\t\t\t\t\t\t\t>\n\t\t\t\t\t\t\t\t\t\tOutlook 365\t\t\t\t\t\t\t\t\t<\/a>\n\t\t\t\t\t\t\t\t<\/li>\n\t\t\t\t\t\t\t\t\t\t\t\t\t\t\t<li class=\"tribe-events-c-subscribe-dropdown__list-item tribe-events-c-subscribe-dropdown__list-item--outlook-live\">\n\t\t\t\t\t\t\t\t\t<a\n\t\t\t\t\t\t\t\t\t\thref=\"\"\n\t\t\t\t\t\t\t\t\t\tclass=\"tribe-events-c-subscribe-dropdown__list-item-link\"\n\t\t\t\t\t\t\t\t\t\ttarget=\"_blank\"\n\t\t\t\t\t\t\t\t\t\trel=\"noopener noreferrer nofollow noindex\"\n\t\t\t\t\t\t\t\t\t>\n\t\t\t\t\t\t\t\t\t\tOutlook Live\t\t\t\t\t\t\t\t\t<\/a>\n\t\t\t\t\t\t\t\t<\/li>\n\t\t\t\t\t\t\t\t\t\t\t\t\t<\/ul>\n\t\t\t\t\t<\/div>\n\t\t\t\t<\/div>\n\t\t\t<\/div>\n\t\t<\/div>\n\t<\/div>\n\n\n\n<h2 class=\"tribe-block__related-events__title\">Related Events<\/h2>\n\n<ul  class=\"tribe-related-events tribe-clearfix\" >\n\t\t\t<li>\n\t\n<div class=\"tribe-related-events-thumbnail\">\n\t<a href=\"https:\/\/cafelapalma.com\/en\/programacion\/funkin-donuts\/\" class=\"url\" rel=\"bookmark\" tabindex=\"-1\" aria-hidden=\"true\"><img loading=\"lazy\" decoding=\"async\" width=\"693\" height=\"1040\" src=\"https:\/\/cafelapalma.com\/wp-content\/uploads\/2026\/07\/FD-vert2-bn-693x1040.jpg\" class=\"attachment-large size-large wp-post-image\" alt=\"\" \/><\/a>\n<\/div>\n\t<div class=\"tribe-related-event-info\">\n\t<h3 class=\"tribe-related-events-title\">\n\t\t<a href=\"https:\/\/cafelapalma.com\/en\/programacion\/funkin-donuts\/\" class=\"tribe-event-url\" rel=\"bookmark\">\n\t\t\tFUNKIN&#8217; DONUTS\t\t<\/a>\n\t<\/h3>\n\t<span class=\"tribe-event-date-start\">5  September@22:00<\/span><span class=\"tribe-event-time\">23:45<\/span><\/div>\n<\/li>\n\t\t\t<li>\n\t\n<div class=\"tribe-related-events-thumbnail\">\n\t<a href=\"https:\/\/cafelapalma.com\/en\/programacion\/backstage-le-petit-truffle-mayo\/\" class=\"url\" rel=\"bookmark\" tabindex=\"-1\" aria-hidden=\"true\"><img loading=\"lazy\" decoding=\"async\" width=\"780\" height=\"1040\" src=\"https:\/\/cafelapalma.com\/wp-content\/uploads\/2026\/07\/Imagen-TruffleMayo-LePetit-i-1-780x1040.png\" class=\"attachment-large size-large wp-post-image\" alt=\"\" \/><\/a>\n<\/div>\n\t<div class=\"tribe-related-event-info\">\n\t<h3 class=\"tribe-related-events-title\">\n\t\t<a href=\"https:\/\/cafelapalma.com\/en\/programacion\/backstage-le-petit-truffle-mayo\/\" class=\"tribe-event-url\" rel=\"bookmark\">\n\t\t\tBACKSTAGE: LE PETIT + TRUFFLE MAYO\t\t<\/a>\n\t<\/h3>\n\t<span class=\"tribe-event-date-start\">5  September@23:55<\/span><\/div>\n<\/li>\n\t\t\t<li>\n\t\n<div class=\"tribe-related-events-thumbnail\">\n\t<a href=\"https:\/\/cafelapalma.com\/en\/programacion\/willie-deville-concierto-benefico-x-venezuela\/\" class=\"url\" rel=\"bookmark\" tabindex=\"-1\" aria-hidden=\"true\"><img loading=\"lazy\" decoding=\"async\" width=\"1020\" height=\"531\" src=\"https:\/\/cafelapalma.com\/wp-content\/uploads\/2026\/08\/Willie-deville-1100x572-1-1040x541.jpg\" class=\"attachment-large size-large wp-post-image\" alt=\"\" \/><\/a>\n<\/div>\n\t<div class=\"tribe-related-event-info\">\n\t<h3 class=\"tribe-related-events-title\">\n\t\t<a href=\"https:\/\/cafelapalma.com\/en\/programacion\/willie-deville-concierto-benefico-x-venezuela\/\" class=\"tribe-event-url\" rel=\"bookmark\">\n\t\t\tWILLIE DEVILLE: CONCIERTO BEN\u00c9FICO X VENEZUELA\t\t<\/a>\n\t<\/h3>\n\t<span class=\"tribe-event-date-start\">6  September@21:00<\/span><span class=\"tribe-event-time\">23:45<\/span><\/div>\n<\/li>\n\t<\/ul>","protected":false},"excerpt":{"rendered":"<p>Abril, joven artista originaria de Benissa, se ha consolidado como una de las voces m\u00e1s prometedoras de la nueva escena musical valenciana. Su propuesta, una mezcla fresca entre lo tradicional y lo electr\u00f3nico, conecta con p\u00fablicos diversos gracias a su capacidad para transmitir emociones profundas a trav\u00e9s de sus letras y su voz. En cada &hellip; <\/p>","protected":false},"author":2,"featured_media":33522,"template":"","meta":{"_tec_requires_first_save":false,"_uag_custom_page_level_css":"","loftloader_page_shortcode":"","_EventAllDay":false,"_EventTimezone":"Europe\/Madrid","_EventStartDate":"2026-11-07 22:00:00","_EventEndDate":"2026-11-07 23:45:00","_EventStartDateUTC":"2026-11-07 21:00:00","_EventEndDateUTC":"2026-11-07 22:45:00","_EventShowMap":false,"_EventShowMapLink":false,"_EventURL":"https:\/\/entradium.com\/events\/abril-en-madrid-cafe-la-palma","_EventCost":"15","_EventCostDescription":"","_EventCurrencySymbol":"\u20ac","_EventCurrencyCode":"USD","_EventCurrencyPosition":"suffix","_EventDateTimeSeparator":"@","_EventTimeRangeSeparator":"-","_EventOrganizerID":[],"_EventVenueID":[],"_OrganizerEmail":"","_OrganizerPhone":"","_OrganizerWebsite":"","_VenueAddress":"","_VenueCity":"","_VenueCountry":"","_VenueProvince":"","_VenueState":"","_VenueZip":"","_VenuePhone":"","_VenueURL":"","_VenueStateProvince":"","_VenueLat":"","_VenueLng":"","_VenueShowMap":false,"_VenueShowMapLink":false,"_tribe_blocks_recurrence_rules":"","_tribe_blocks_recurrence_description":"","_tribe_blocks_recurrence_exclusions":"","_ecp_custom_2":"","_tribe_events_status":"","_tribe_events_status_reason":"","_tribe_events_is_hybrid":"","_tribe_events_is_virtual":"","_tribe_events_virtual_video_source":"","_tribe_events_virtual_embed_video":"","_tribe_events_virtual_linked_button_text":"","_tribe_events_virtual_linked_button":"","_tribe_events_virtual_show_embed_at":"","_tribe_events_virtual_show_embed_to":[],"_tribe_events_virtual_show_on_event":"","_tribe_events_virtual_show_on_views":"","_tribe_events_virtual_url":"","footnotes":""},"tags":[18377,1363,8869,2865,9147,9146,1355,15531],"tribe_events_cat":[8963],"class_list":["post-33520","tribe_events","type-tribe_events","status-publish","has-post-thumbnail","hentry","tag-abril","tag-cafe-la-palma","tag-cafe-la-palma-2","tag-conciertos-cafe-la-palma","tag-conciertos-madrid","tag-conciertos-malasana","tag-pop","tag-urbano","tribe_events_cat-concierto","cat_concierto"],"uagb_featured_image_src":{"full":["https:\/\/cafelapalma.com\/wp-content\/uploads\/2026\/03\/Abril-2026-03-Lluck-Tomas-_minoriaabsoluta-i-Raul-Solves-r_solves_-scaled.jpg",2000,3000,false],"thumbnail":["https:\/\/cafelapalma.com\/wp-content\/uploads\/2026\/03\/Abril-2026-03-Lluck-Tomas-_minoriaabsoluta-i-Raul-Solves-r_solves_-150x150.jpg",150,150,true],"medium":["https:\/\/cafelapalma.com\/wp-content\/uploads\/2026\/03\/Abril-2026-03-Lluck-Tomas-_minoriaabsoluta-i-Raul-Solves-r_solves_-200x300.jpg",200,300,true],"medium_large":["https:\/\/cafelapalma.com\/wp-content\/uploads\/2026\/03\/Abril-2026-03-Lluck-Tomas-_minoriaabsoluta-i-Raul-Solves-r_solves_-768x1152.jpg",768,1152,true],"large":["https:\/\/cafelapalma.com\/wp-content\/uploads\/2026\/03\/Abril-2026-03-Lluck-Tomas-_minoriaabsoluta-i-Raul-Solves-r_solves_-693x1040.jpg",693,1040,true],"1536x1536":["https:\/\/cafelapalma.com\/wp-content\/uploads\/2026\/03\/Abril-2026-03-Lluck-Tomas-_minoriaabsoluta-i-Raul-Solves-r_solves_-1024x1536.jpg",1024,1536,true],"2048x2048":["https:\/\/cafelapalma.com\/wp-content\/uploads\/2026\/03\/Abril-2026-03-Lluck-Tomas-_minoriaabsoluta-i-Raul-Solves-r_solves_-1365x2048.jpg",1365,2048,true],"trp-custom-language-flag":["https:\/\/cafelapalma.com\/wp-content\/uploads\/2026\/03\/Abril-2026-03-Lluck-Tomas-_minoriaabsoluta-i-Raul-Solves-r_solves_-8x12.jpg",8,12,true],"blossom-feminine-slider":["https:\/\/cafelapalma.com\/wp-content\/uploads\/2026\/03\/Abril-2026-03-Lluck-Tomas-_minoriaabsoluta-i-Raul-Solves-r_solves_-1920x649.jpg",1920,649,true],"blossom-feminine-featured":["https:\/\/cafelapalma.com\/wp-content\/uploads\/2026\/03\/Abril-2026-03-Lluck-Tomas-_minoriaabsoluta-i-Raul-Solves-r_solves_-1410x600.jpg",1410,600,true],"blossom-feminine-with-sidebar":["https:\/\/cafelapalma.com\/wp-content\/uploads\/2026\/03\/Abril-2026-03-Lluck-Tomas-_minoriaabsoluta-i-Raul-Solves-r_solves_-1020x600.jpg",1020,600,true],"blossom-feminine-blog":["https:\/\/cafelapalma.com\/wp-content\/uploads\/2026\/03\/Abril-2026-03-Lluck-Tomas-_minoriaabsoluta-i-Raul-Solves-r_solves_-435x435.jpg",435,435,true],"blossom-feminine-cat":["https:\/\/cafelapalma.com\/wp-content\/uploads\/2026\/03\/Abril-2026-03-Lluck-Tomas-_minoriaabsoluta-i-Raul-Solves-r_solves_-450x300.jpg",450,300,true],"blossom-feminine-related":["https:\/\/cafelapalma.com\/wp-content\/uploads\/2026\/03\/Abril-2026-03-Lluck-Tomas-_minoriaabsoluta-i-Raul-Solves-r_solves_-320x200.jpg",320,200,true],"blossom-feminine-schema":["https:\/\/cafelapalma.com\/wp-content\/uploads\/2026\/03\/Abril-2026-03-Lluck-Tomas-_minoriaabsoluta-i-Raul-Solves-r_solves_-40x60.jpg",40,60,true]},"uagb_author_info":{"display_name":"Victor","author_link":"https:\/\/cafelapalma.com\/en\/author\/comunicacion\/"},"uagb_comment_info":0,"uagb_excerpt":"Abril, joven artista originaria de Benissa, se ha consolidado como una de las voces m\u00e1s prometedoras de la nueva escena musical valenciana. Su propuesta, una mezcla fresca entre lo tradicional y lo electr\u00f3nico, conecta con p\u00fablicos diversos gracias a su capacidad para transmitir emociones profundas a trav\u00e9s de sus letras y su voz. En cada&hellip;","_links":{"self":[{"href":"https:\/\/cafelapalma.com\/en\/wp-json\/wp\/v2\/tribe_events\/33520","targetHints":{"allow":["GET"]}}],"collection":[{"href":"https:\/\/cafelapalma.com\/en\/wp-json\/wp\/v2\/tribe_events"}],"about":[{"href":"https:\/\/cafelapalma.com\/en\/wp-json\/wp\/v2\/types\/tribe_events"}],"author":[{"embeddable":true,"href":"https:\/\/cafelapalma.com\/en\/wp-json\/wp\/v2\/users\/2"}],"version-history":[{"count":0,"href":"https:\/\/cafelapalma.com\/en\/wp-json\/wp\/v2\/tribe_events\/33520\/revisions"}],"wp:featuredmedia":[{"embeddable":true,"href":"https:\/\/cafelapalma.com\/en\/wp-json\/wp\/v2\/media\/33522"}],"wp:attachment":[{"href":"https:\/\/cafelapalma.com\/en\/wp-json\/wp\/v2\/media?parent=33520"}],"wp:term":[{"taxonomy":"post_tag","embeddable":true,"href":"https:\/\/cafelapalma.com\/en\/wp-json\/wp\/v2\/tags?post=33520"},{"taxonomy":"tribe_events_cat","embeddable":true,"href":"https:\/\/cafelapalma.com\/en\/wp-json\/wp\/v2\/tribe_events_cat?post=33520"}],"curies":[{"name":"wp","href":"https:\/\/api.w.org\/{rel}","templated":true}]}}