{"id":33534,"date":"2026-03-11T14:03:07","date_gmt":"2026-03-11T13:03:07","guid":{"rendered":"https:\/\/cafelapalma.com\/?post_type=tribe_events&#038;p=33534"},"modified":"2026-05-04T15:51:49","modified_gmt":"2026-05-04T13:51:49","slug":"exposicion-davi-kabaro","status":"publish","type":"tribe_events","link":"https:\/\/cafelapalma.com\/en\/programacion\/exposicion-davi-kabaro\/","title":{"rendered":"HILO INSULAR: UNA EXPOSICI\u00d3N DE DAVI KABARO"},"content":{"rendered":"<div  class=\"tribe-events-schedule tribe-clearfix\" >\n\t<p class=\"tribe-events-schedule__datetime\">\n\t\t<span class=\"tribe-events-schedule__date tribe-events-schedule__date--start\">\n\t\t\t4  May\t\t<\/span>\n\n\t\t\t\t\t<span class=\"tribe-events-schedule__separator tribe-events-schedule__separator--date\">\n\t\t\t\t@\t\t\t<\/span>\n\t\t\t<span class=\"tribe-events-schedule__time tribe-events-schedule__time--start\">\n\t\t\t\t08:00\t\t\t<\/span>\n\t\t\n\t\t\t\t\t\t\t\t\t<span class=\"tribe-events-schedule__separator tribe-events-schedule__separator--time\">\n\t\t\t\t\t&#8211;\t\t\t\t<\/span>\n\t\t\t\n\t\t\t\t\t\t\t<span class=\"tribe-events-schedule__date tribe-events-schedule__date--end\">\n\t\t\t\t\t31  May\t\t\t\t<\/span>\n\n\t\t\t\t\t\t\t\t\t<span class=\"tribe-events-schedule__separator tribe-events-schedule__separator--date\">\n\t\t\t\t\t\t@\t\t\t\t\t<\/span>\n\t\t\t\t\t<span class=\"tribe-events-schedule__time tribe-events-schedule__time--end\">\n\t\t\t\t\t\t08:00\t\t\t\t\t<\/span>\n\t\t\t\t\n\t\t\t\n\t\t\t\t\t\t<\/p>\n<\/div>\n\n\n<div  class=\"tribe-block tribe-block__event-price\" >\n\t\t\t<span class=\"tribe-block__event-price__cost\"> ENTRADA LIBRE <\/span>\n\t\t<\/div>\n\n\n\n<div class=\"wp-block-columns is-layout-flex wp-container-core-columns-is-layout-8f761849 wp-block-columns-is-layout-flex\">\n<div class=\"wp-block-column is-layout-flow wp-block-column-is-layout-flow\" style=\"flex-basis:33.33%\">\n<figure class=\"wp-block-image size-full\"><img loading=\"lazy\" decoding=\"async\" width=\"1080\" height=\"1350\" src=\"https:\/\/cafelapalma.com\/wp-content\/uploads\/2026\/03\/02_post_expoLaPalma_davikabaro-1.jpg\" alt=\"\" class=\"wp-image-33951\" srcset=\"https:\/\/cafelapalma.com\/wp-content\/uploads\/2026\/03\/02_post_expoLaPalma_davikabaro-1.jpg 1080w, https:\/\/cafelapalma.com\/wp-content\/uploads\/2026\/03\/02_post_expoLaPalma_davikabaro-1-240x300.jpg 240w, https:\/\/cafelapalma.com\/wp-content\/uploads\/2026\/03\/02_post_expoLaPalma_davikabaro-1-832x1040.jpg 832w, https:\/\/cafelapalma.com\/wp-content\/uploads\/2026\/03\/02_post_expoLaPalma_davikabaro-1-768x960.jpg 768w, https:\/\/cafelapalma.com\/wp-content\/uploads\/2026\/03\/02_post_expoLaPalma_davikabaro-1-10x12.jpg 10w, https:\/\/cafelapalma.com\/wp-content\/uploads\/2026\/03\/02_post_expoLaPalma_davikabaro-1-48x60.jpg 48w\" sizes=\"auto, (max-width: 1080px) 100vw, 1080px\" \/><\/figure>\n<\/div>\n\n\n\n<div class=\"wp-block-column is-layout-flow wp-block-column-is-layout-flow\" style=\"flex-basis:66.66%\">\n<div style=\"height:100px\" aria-hidden=\"true\" class=\"wp-block-spacer\"><\/div>\n\n\n\n<p class=\"has-text-align-left wp-block-paragraph\"><strong>Davi Kabaro<\/strong> (Tenerife, 1992) es una artista y dise\u00f1adora multidisciplinar cuyo trabajo se sit\u00faa en el cruce entre lo artesanal, lo visual y lo digital, articul\u00e1ndose a partir de t\u00e9cnicas textiles tradicionales en di\u00e1logo con procesos contempor\u00e1neos. Su pr\u00e1ctica desplaza el textil de su funci\u00f3n utilitaria hacia el arte contempor\u00e1neo, explorando sus posibilidades formales, simb\u00f3licas y su capacidad para activar memorias colectivas. A trav\u00e9s del gesto repetido, la t\u00e9cnica se convierte en un registro sensible del tiempo y del cuerpo, mientras que el uso intuitivo del color y la creaci\u00f3n de formas abstractas generan composiciones que invitan a la interpretaci\u00f3n abierta del espectador. Su investigaci\u00f3n se centra adem\u00e1s en la reutilizaci\u00f3n y resignificaci\u00f3n de materiales, como arpillera, sacos de caf\u00e9, lana o pl\u00e1sticos, abordando la transformaci\u00f3n de la materia y la memoria de lo descartado. Su obra propone una relaci\u00f3n activa con quien la observa y traza, a su vez, un recorrido de evoluci\u00f3n constante donde el lenguaje propio se afina y expande.<\/p>\n\n\n\n<p class=\"has-text-align-left wp-block-paragraph\"><\/p>\n\n\n\n<p class=\"has-text-align-right wp-block-paragraph\"><a href=\"https:\/\/www.instagram.com\/francisco_martinez_saso\/\"><em>Sigue a<\/em> <strong>Davi Kabaro<\/strong> <em>in <\/em><strong>Instagram<\/strong>.<\/a><\/p>\n<\/div>\n<\/div>\n\n\n<h2 class=\"tribe-block__related-events__title\">Related Events<\/h2>\n\n<ul  class=\"tribe-related-events tribe-clearfix\" >\n\t\t\t<li>\n\t\n<div class=\"tribe-related-events-thumbnail\">\n\t<a href=\"https:\/\/cafelapalma.com\/en\/programacion\/funkin-donuts\/\" class=\"url\" rel=\"bookmark\" tabindex=\"-1\" aria-hidden=\"true\"><img loading=\"lazy\" decoding=\"async\" width=\"693\" height=\"1040\" src=\"https:\/\/cafelapalma.com\/wp-content\/uploads\/2026\/07\/FD-vert2-bn-693x1040.jpg\" class=\"attachment-large size-large wp-post-image\" alt=\"\" \/><\/a>\n<\/div>\n\t<div class=\"tribe-related-event-info\">\n\t<h3 class=\"tribe-related-events-title\">\n\t\t<a href=\"https:\/\/cafelapalma.com\/en\/programacion\/funkin-donuts\/\" class=\"tribe-event-url\" rel=\"bookmark\">\n\t\t\tFUNKIN&#8217; DONUTS\t\t<\/a>\n\t<\/h3>\n\t<span class=\"tribe-event-date-start\">5  September@22:00<\/span><span class=\"tribe-event-time\">23:45<\/span><\/div>\n<\/li>\n\t\t\t<li>\n\t\n<div class=\"tribe-related-events-thumbnail\">\n\t<a href=\"https:\/\/cafelapalma.com\/en\/programacion\/backstage-le-petit-truffle-mayo\/\" class=\"url\" rel=\"bookmark\" tabindex=\"-1\" aria-hidden=\"true\"><img loading=\"lazy\" decoding=\"async\" width=\"780\" height=\"1040\" src=\"https:\/\/cafelapalma.com\/wp-content\/uploads\/2026\/07\/Imagen-TruffleMayo-LePetit-i-1-780x1040.png\" class=\"attachment-large size-large wp-post-image\" alt=\"\" \/><\/a>\n<\/div>\n\t<div class=\"tribe-related-event-info\">\n\t<h3 class=\"tribe-related-events-title\">\n\t\t<a href=\"https:\/\/cafelapalma.com\/en\/programacion\/backstage-le-petit-truffle-mayo\/\" class=\"tribe-event-url\" rel=\"bookmark\">\n\t\t\tBACKSTAGE: LE PETIT + TRUFFLE MAYO\t\t<\/a>\n\t<\/h3>\n\t<span class=\"tribe-event-date-start\">5  September@23:55<\/span><\/div>\n<\/li>\n\t\t\t<li>\n\t\n<div class=\"tribe-related-events-thumbnail\">\n\t<a href=\"https:\/\/cafelapalma.com\/en\/programacion\/willie-deville-concierto-benefico-x-venezuela\/\" class=\"url\" rel=\"bookmark\" tabindex=\"-1\" aria-hidden=\"true\"><img loading=\"lazy\" decoding=\"async\" width=\"1020\" height=\"531\" src=\"https:\/\/cafelapalma.com\/wp-content\/uploads\/2026\/08\/Willie-deville-1100x572-1-1040x541.jpg\" class=\"attachment-large size-large wp-post-image\" alt=\"\" \/><\/a>\n<\/div>\n\t<div class=\"tribe-related-event-info\">\n\t<h3 class=\"tribe-related-events-title\">\n\t\t<a href=\"https:\/\/cafelapalma.com\/en\/programacion\/willie-deville-concierto-benefico-x-venezuela\/\" class=\"tribe-event-url\" rel=\"bookmark\">\n\t\t\tWILLIE DEVILLE: CONCIERTO BEN\u00c9FICO X VENEZUELA\t\t<\/a>\n\t<\/h3>\n\t<span class=\"tribe-event-date-start\">6  September@21:00<\/span><span class=\"tribe-event-time\">23:45<\/span><\/div>\n<\/li>\n\t<\/ul>","protected":false},"excerpt":{"rendered":"<p>Davi Kabaro (Tenerife, 1992) es una artista y dise\u00f1adora multidisciplinar cuyo trabajo se sit\u00faa en el cruce entre lo artesanal, lo visual y lo digital, articul\u00e1ndose a partir de t\u00e9cnicas textiles tradicionales en di\u00e1logo con procesos contempor\u00e1neos. Su pr\u00e1ctica desplaza el textil de su funci\u00f3n utilitaria hacia el arte contempor\u00e1neo, explorando sus posibilidades formales, simb\u00f3licas &hellip; <\/p>","protected":false},"author":2,"featured_media":33951,"template":"","meta":{"_tec_requires_first_save":false,"_uag_custom_page_level_css":"","loftloader_page_shortcode":"","_EventAllDay":false,"_EventTimezone":"Europe\/Madrid","_EventStartDate":"2026-05-04 08:00:00","_EventEndDate":"2026-05-31 08:00:00","_EventStartDateUTC":"2026-05-04 06:00:00","_EventEndDateUTC":"2026-05-31 06:00:00","_EventShowMap":false,"_EventShowMapLink":false,"_EventURL":"","_EventCost":"ENTRADA LIBRE","_EventCostDescription":"","_EventCurrencySymbol":"\u20ac","_EventCurrencyCode":"USD","_EventCurrencyPosition":"suffix","_EventDateTimeSeparator":"@","_EventTimeRangeSeparator":"-","_EventOrganizerID":[],"_EventVenueID":[],"_OrganizerEmail":"","_OrganizerPhone":"","_OrganizerWebsite":"","_VenueAddress":"","_VenueCity":"","_VenueCountry":"","_VenueProvince":"","_VenueState":"","_VenueZip":"","_VenuePhone":"","_VenueURL":"","_VenueStateProvince":"","_VenueLat":"","_VenueLng":"","_VenueShowMap":false,"_VenueShowMapLink":false,"_tribe_blocks_recurrence_rules":"","_tribe_blocks_recurrence_description":"","_tribe_blocks_recurrence_exclusions":"","_ecp_custom_2":"","_tribe_events_status":"","_tribe_events_status_reason":"","_tribe_events_is_hybrid":"","_tribe_events_is_virtual":"","_tribe_events_virtual_video_source":"","_tribe_events_virtual_embed_video":"","_tribe_events_virtual_linked_button_text":"","_tribe_events_virtual_linked_button":"","_tribe_events_virtual_show_embed_at":"","_tribe_events_virtual_show_embed_to":[],"_tribe_events_virtual_show_on_event":"","_tribe_events_virtual_show_on_views":"","_tribe_events_virtual_url":"","footnotes":""},"tags":[1363,17626,11900,18379,18380,18444,1377,18236,18445],"tribe_events_cat":[8965],"class_list":["post-33534","tribe_events","type-tribe_events","status-publish","has-post-thumbnail","hentry","tag-cafe-la-palma","tag-cine","tag-expos","tag-expos-madrid","tag-expos-malasana","tag-exposicion-fotografia","tag-fotografia","tag-fotografia-callejera","tag-francisco-martinez","tribe_events_cat-exposicion","cat_exposicion"],"uagb_featured_image_src":{"full":["https:\/\/cafelapalma.com\/wp-content\/uploads\/2026\/03\/02_post_expoLaPalma_davikabaro-1.jpg",1080,1350,false],"thumbnail":["https:\/\/cafelapalma.com\/wp-content\/uploads\/2026\/03\/02_post_expoLaPalma_davikabaro-1-150x150.jpg",150,150,true],"medium":["https:\/\/cafelapalma.com\/wp-content\/uploads\/2026\/03\/02_post_expoLaPalma_davikabaro-1-240x300.jpg",240,300,true],"medium_large":["https:\/\/cafelapalma.com\/wp-content\/uploads\/2026\/03\/02_post_expoLaPalma_davikabaro-1-768x960.jpg",768,960,true],"large":["https:\/\/cafelapalma.com\/wp-content\/uploads\/2026\/03\/02_post_expoLaPalma_davikabaro-1-832x1040.jpg",832,1040,true],"1536x1536":["https:\/\/cafelapalma.com\/wp-content\/uploads\/2026\/03\/02_post_expoLaPalma_davikabaro-1.jpg",1080,1350,false],"2048x2048":["https:\/\/cafelapalma.com\/wp-content\/uploads\/2026\/03\/02_post_expoLaPalma_davikabaro-1.jpg",1080,1350,false],"trp-custom-language-flag":["https:\/\/cafelapalma.com\/wp-content\/uploads\/2026\/03\/02_post_expoLaPalma_davikabaro-1-10x12.jpg",10,12,true],"blossom-feminine-slider":["https:\/\/cafelapalma.com\/wp-content\/uploads\/2026\/03\/02_post_expoLaPalma_davikabaro-1-1080x649.jpg",1080,649,true],"blossom-feminine-featured":["https:\/\/cafelapalma.com\/wp-content\/uploads\/2026\/03\/02_post_expoLaPalma_davikabaro-1-1080x600.jpg",1080,600,true],"blossom-feminine-with-sidebar":["https:\/\/cafelapalma.com\/wp-content\/uploads\/2026\/03\/02_post_expoLaPalma_davikabaro-1-1020x600.jpg",1020,600,true],"blossom-feminine-blog":["https:\/\/cafelapalma.com\/wp-content\/uploads\/2026\/03\/02_post_expoLaPalma_davikabaro-1-435x435.jpg",435,435,true],"blossom-feminine-cat":["https:\/\/cafelapalma.com\/wp-content\/uploads\/2026\/03\/02_post_expoLaPalma_davikabaro-1-450x300.jpg",450,300,true],"blossom-feminine-related":["https:\/\/cafelapalma.com\/wp-content\/uploads\/2026\/03\/02_post_expoLaPalma_davikabaro-1-320x200.jpg",320,200,true],"blossom-feminine-schema":["https:\/\/cafelapalma.com\/wp-content\/uploads\/2026\/03\/02_post_expoLaPalma_davikabaro-1-48x60.jpg",48,60,true]},"uagb_author_info":{"display_name":"Victor","author_link":"https:\/\/cafelapalma.com\/en\/author\/comunicacion\/"},"uagb_comment_info":0,"uagb_excerpt":"Davi Kabaro (Tenerife, 1992) es una artista y dise\u00f1adora multidisciplinar cuyo trabajo se sit\u00faa en el cruce entre lo artesanal, lo visual y lo digital, articul\u00e1ndose a partir de t\u00e9cnicas textiles tradicionales en di\u00e1logo con procesos contempor\u00e1neos. Su pr\u00e1ctica desplaza el textil de su funci\u00f3n utilitaria hacia el arte contempor\u00e1neo, explorando sus posibilidades formales, simb\u00f3licas&hellip;","_links":{"self":[{"href":"https:\/\/cafelapalma.com\/en\/wp-json\/wp\/v2\/tribe_events\/33534","targetHints":{"allow":["GET"]}}],"collection":[{"href":"https:\/\/cafelapalma.com\/en\/wp-json\/wp\/v2\/tribe_events"}],"about":[{"href":"https:\/\/cafelapalma.com\/en\/wp-json\/wp\/v2\/types\/tribe_events"}],"author":[{"embeddable":true,"href":"https:\/\/cafelapalma.com\/en\/wp-json\/wp\/v2\/users\/2"}],"version-history":[{"count":0,"href":"https:\/\/cafelapalma.com\/en\/wp-json\/wp\/v2\/tribe_events\/33534\/revisions"}],"wp:featuredmedia":[{"embeddable":true,"href":"https:\/\/cafelapalma.com\/en\/wp-json\/wp\/v2\/media\/33951"}],"wp:attachment":[{"href":"https:\/\/cafelapalma.com\/en\/wp-json\/wp\/v2\/media?parent=33534"}],"wp:term":[{"taxonomy":"post_tag","embeddable":true,"href":"https:\/\/cafelapalma.com\/en\/wp-json\/wp\/v2\/tags?post=33534"},{"taxonomy":"tribe_events_cat","embeddable":true,"href":"https:\/\/cafelapalma.com\/en\/wp-json\/wp\/v2\/tribe_events_cat?post=33534"}],"curies":[{"name":"wp","href":"https:\/\/api.w.org\/{rel}","templated":true}]}}