{"id":33614,"date":"2026-03-23T11:16:32","date_gmt":"2026-03-23T10:16:32","guid":{"rendered":"https:\/\/cafelapalma.com\/?post_type=tribe_events&#038;p=33614"},"modified":"2026-03-31T09:43:18","modified_gmt":"2026-03-31T07:43:18","slug":"ruvenruven-carola","status":"publish","type":"tribe_events","link":"https:\/\/cafelapalma.com\/en\/programacion\/ruvenruven-carola\/","title":{"rendered":"RUVENRUVEN + CAROL0"},"content":{"rendered":"<div  class=\"tribe-events-schedule tribe-clearfix\" >\n\t<p class=\"tribe-events-schedule__datetime\">\n\t\t<span class=\"tribe-events-schedule__date tribe-events-schedule__date--start\">\n\t\t\t16  April\t\t<\/span>\n\n\t\t\t\t\t<span class=\"tribe-events-schedule__separator tribe-events-schedule__separator--date\">\n\t\t\t\t@\t\t\t<\/span>\n\t\t\t<span class=\"tribe-events-schedule__time tribe-events-schedule__time--start\">\n\t\t\t\t21:00\t\t\t<\/span>\n\t\t\n\t\t\t\t\t\t\t\t\t<span class=\"tribe-events-schedule__separator tribe-events-schedule__separator--time\">\n\t\t\t\t\t&#8211;\t\t\t\t<\/span>\n\t\t\t\n\t\t\t\t\t\t\t<span class=\"tribe-events-schedule__time tribe-events-schedule__time--end\">\n\t\t\t\t\t23:45\t\t\t\t<\/span>\n\t\t\t\n\t\t\t\t\t\t<\/p>\n<\/div>\n\n\n<div  class=\"tribe-block tribe-block__event-price\" >\n\t\t\t<span class=\"tribe-block__event-price__cost\"> 10\u20ac <\/span>\n\t\t\t\t<span class=\"tribe-block__event-price__description\">+ gg Anticipada | 12\u20ac Taquilla<\/span>\n\t<\/div>\n\n\n\n<div class=\"wp-block-columns is-layout-flex wp-container-core-columns-is-layout-8f761849 wp-block-columns-is-layout-flex\">\n<div class=\"wp-block-column is-layout-flow wp-block-column-is-layout-flow\" style=\"flex-basis:33.33%\">\n<figure class=\"wp-block-image size-large\"><img loading=\"lazy\" decoding=\"async\" width=\"736\" height=\"1040\" src=\"https:\/\/cafelapalma.com\/wp-content\/uploads\/2026\/03\/cartelA3-2-1-1-736x1040.png\" alt=\"\" class=\"wp-image-33618\" srcset=\"https:\/\/cafelapalma.com\/wp-content\/uploads\/2026\/03\/cartelA3-2-1-1-736x1040.png 736w, https:\/\/cafelapalma.com\/wp-content\/uploads\/2026\/03\/cartelA3-2-1-1-212x300.png 212w, https:\/\/cafelapalma.com\/wp-content\/uploads\/2026\/03\/cartelA3-2-1-1-768x1085.png 768w, https:\/\/cafelapalma.com\/wp-content\/uploads\/2026\/03\/cartelA3-2-1-1-8x12.png 8w, https:\/\/cafelapalma.com\/wp-content\/uploads\/2026\/03\/cartelA3-2-1-1-42x60.png 42w, https:\/\/cafelapalma.com\/wp-content\/uploads\/2026\/03\/cartelA3-2-1-1.png 878w\" sizes=\"auto, (max-width: 736px) 100vw, 736px\" \/><\/figure>\n\n\n<div  class=\"tribe-block tribe-block__event-website\" >\n\t<a\n\t\thref=\"https:\/\/www.notikumi.com\/channel\/cafe-la-palma\/2026\/4\/16\/ruvenruven-carolo\"\n\t\ttarget=\"_self\"\n\t\t\t>\n\t\tBUY TICKETS\t<\/a>\n<\/div>\n<\/div>\n\n\n\n<div class=\"wp-block-column is-layout-flow wp-block-column-is-layout-flow\" style=\"flex-basis:66.66%\">\n<div style=\"height:100px\" aria-hidden=\"true\" class=\"wp-block-spacer\"><\/div>\n\n\n\n<p class=\"has-text-align-left wp-block-paragraph\"><strong>RUVENRUVEN<\/strong> es un m\u00fasico y productor que, tras trabajar con artistas como Xenia, Chl\u00f6e\u2019s Clue, Vez Era, Margarita Quebrada, Tatuaje, Carlota o Mariana Tamb\u00e9, decidi\u00f3 comenzar su carrera art\u00edstica, publicar sus canciones, y ponerse al frente de su propio universo. Fusiona texturas del pop contempor\u00e1neo y la electr\u00f3nica experimental con elementos del darkwave y del indie en una colecci\u00f3n de producciones que parecen venir del futuro. Bater\u00edas org\u00e1nicas, guitarras distorsionadas y sintetizadores industriales se al\u00edan para generar un sonido \u00fanico.<\/p>\n\n\n\n<p class=\"has-text-align-left wp-block-paragraph\"><strong>\u201cL\u00edquido\u201d<\/strong> es el nuevo EP de RUVENRUVEN, que reflexiona sobre la m\u00fasica como producto de consumo espor\u00e1dico. Una nueva direcci\u00f3n que invita a la calma, con beats tranquilos, texturas vaporosas, guitarras ac\u00fasticas y letras honestas y personales. Inspirado en la \u00abmodernidad l\u00edquida\u00bb de Bauman, \u201cL\u00edquido\u201d se presenta a trav\u00e9s de un paralelismo entre la creaci\u00f3n musical y un batido industrial: atractivo, edulcorado y desechable, generando un contraste entre contenido y continente.<\/p>\n\n\n\n<p class=\"has-text-align-left wp-block-paragraph\"><strong>CAROLOOO000<\/strong> es el primer proyecto musical performatico de <strong>Carola Zelaschi<\/strong>, compositora, arregladora, productora y baterista Argentina, nacida en Buenos Aires en 1991.<\/p>\n\n\n\n<p class=\"has-text-align-left wp-block-paragraph\">El germen de Carolo es Internet. Es la disociaci\u00f3n, el sobreest\u00edmulo, lo que tomamos y lo que descartamos de datos, im\u00e1genes y sonidos. Reflexionar qu\u00e9 se hace o se deja de hacer con todo eso. Vincular los casos m\u00e1s improbables y transformarlos en otra cosa, en otra y en otra. El collage en una reinvenci\u00f3n infinita. Fui descubriendo de a poco el hilo y trabaj\u00e9 esas micro y macro ideas sonoras para resucitar sus zonas muertas, que estaban hechas basura y transformarlas en un techno dist\u00f3pico porte\u00f1o tocado en formato solo set de bater\u00eda voz y teclados.<\/p>\n\n\n\n<p class=\"has-text-align-left wp-block-paragraph\">Su primer disco hom\u00f3nimo fue publicado en 2023 en plataformas digitales, y este 2024 fue editado en vinilo a trav\u00e9s de SONAMOS, el flamante sello de Juana Molina y Mario Agust\u00edn Gonz\u00e1lez y Little Butterfly Records (Uruguay).<\/p>\n\n\n\n<p class=\"has-text-align-right wp-block-paragraph\"><a href=\"https:\/\/open.spotify.com\/intl-es\/artist\/1E3V2kpvd2LneDVg8FYR17?si=lVPkbnXFQCGqSl3jp4k4fA&amp;nd=1&amp;dlsi=65e5a5e6a1974d3e\"><em>Listen to <\/em><strong>RUVENRUVEN <\/strong><em>in <\/em><strong>Spotify<\/strong>.<\/a><\/p>\n\n\n\n<p class=\"has-text-align-right wp-block-paragraph\"><a href=\"https:\/\/open.spotify.com\/intl-es\/artist\/4O2nbTAh2HvnV1CWoD8Uvh?si=2DFPeveJTmyDIGJSU4CqKg&amp;nd=1&amp;dlsi=0388886837254de3\" type=\"link\" id=\"https:\/\/open.spotify.com\/intl-es\/artist\/4O2nbTAh2HvnV1CWoD8Uvh?si=2DFPeveJTmyDIGJSU4CqKg&amp;nd=1&amp;dlsi=0388886837254de3\"><em>Listen to <\/em><strong>Carolo <\/strong><em>in <\/em><strong>Spotify<\/strong>.<\/a><\/p>\n<\/div>\n<\/div>\n\n\n\n<div style=\"height:100px\" aria-hidden=\"true\" class=\"wp-block-spacer\"><\/div>\n\n\n<h2 class=\"tribe-block__related-events__title\">Related Events<\/h2>\n\n<ul  class=\"tribe-related-events tribe-clearfix\" >\n\t\t\t<li>\n\t\n<div class=\"tribe-related-events-thumbnail\">\n\t<a href=\"https:\/\/cafelapalma.com\/en\/programacion\/funkin-donuts\/\" class=\"url\" rel=\"bookmark\" tabindex=\"-1\" aria-hidden=\"true\"><img loading=\"lazy\" decoding=\"async\" width=\"693\" height=\"1040\" src=\"https:\/\/cafelapalma.com\/wp-content\/uploads\/2026\/07\/FD-vert2-bn-693x1040.jpg\" class=\"attachment-large size-large wp-post-image\" alt=\"\" \/><\/a>\n<\/div>\n\t<div class=\"tribe-related-event-info\">\n\t<h3 class=\"tribe-related-events-title\">\n\t\t<a href=\"https:\/\/cafelapalma.com\/en\/programacion\/funkin-donuts\/\" class=\"tribe-event-url\" rel=\"bookmark\">\n\t\t\tFUNKIN&#8217; DONUTS\t\t<\/a>\n\t<\/h3>\n\t<span class=\"tribe-event-date-start\">5  September@22:00<\/span><span class=\"tribe-event-time\">23:45<\/span><\/div>\n<\/li>\n\t\t\t<li>\n\t\n<div class=\"tribe-related-events-thumbnail\">\n\t<a href=\"https:\/\/cafelapalma.com\/en\/programacion\/backstage-le-petit-truffle-mayo\/\" class=\"url\" rel=\"bookmark\" tabindex=\"-1\" aria-hidden=\"true\"><img loading=\"lazy\" decoding=\"async\" width=\"780\" height=\"1040\" src=\"https:\/\/cafelapalma.com\/wp-content\/uploads\/2026\/07\/Imagen-TruffleMayo-LePetit-i-1-780x1040.png\" class=\"attachment-large size-large wp-post-image\" alt=\"\" \/><\/a>\n<\/div>\n\t<div class=\"tribe-related-event-info\">\n\t<h3 class=\"tribe-related-events-title\">\n\t\t<a href=\"https:\/\/cafelapalma.com\/en\/programacion\/backstage-le-petit-truffle-mayo\/\" class=\"tribe-event-url\" rel=\"bookmark\">\n\t\t\tBACKSTAGE: LE PETIT + TRUFFLE MAYO\t\t<\/a>\n\t<\/h3>\n\t<span class=\"tribe-event-date-start\">5  September@23:55<\/span><\/div>\n<\/li>\n\t\t\t<li>\n\t\n<div class=\"tribe-related-events-thumbnail\">\n\t<a href=\"https:\/\/cafelapalma.com\/en\/programacion\/willie-deville-concierto-benefico-x-venezuela\/\" class=\"url\" rel=\"bookmark\" tabindex=\"-1\" aria-hidden=\"true\"><img loading=\"lazy\" decoding=\"async\" width=\"1020\" height=\"531\" src=\"https:\/\/cafelapalma.com\/wp-content\/uploads\/2026\/08\/Willie-deville-1100x572-1-1040x541.jpg\" class=\"attachment-large size-large wp-post-image\" alt=\"\" \/><\/a>\n<\/div>\n\t<div class=\"tribe-related-event-info\">\n\t<h3 class=\"tribe-related-events-title\">\n\t\t<a href=\"https:\/\/cafelapalma.com\/en\/programacion\/willie-deville-concierto-benefico-x-venezuela\/\" class=\"tribe-event-url\" rel=\"bookmark\">\n\t\t\tWILLIE DEVILLE: CONCIERTO BEN\u00c9FICO X VENEZUELA\t\t<\/a>\n\t<\/h3>\n\t<span class=\"tribe-event-date-start\">6  September@21:00<\/span><span class=\"tribe-event-time\">23:45<\/span><\/div>\n<\/li>\n\t<\/ul>","protected":false},"excerpt":{"rendered":"<p>RUVENRUVEN es un m\u00fasico y productor que, tras trabajar con artistas como Xenia, Chl\u00f6e\u2019s Clue, Vez Era, Margarita Quebrada, Tatuaje, Carlota o Mariana Tamb\u00e9, decidi\u00f3 comenzar su carrera art\u00edstica, publicar sus canciones, y ponerse al frente de su propio universo. Fusiona texturas del pop contempor\u00e1neo y la electr\u00f3nica experimental con elementos del darkwave y del &hellip; <\/p>","protected":false},"author":2,"featured_media":33618,"template":"","meta":{"_tec_requires_first_save":false,"_uag_custom_page_level_css":"","loftloader_page_shortcode":"","_EventAllDay":false,"_EventTimezone":"Europe\/Madrid","_EventStartDate":"2026-04-16 21:00:00","_EventEndDate":"2026-04-16 23:45:00","_EventStartDateUTC":"2026-04-16 19:00:00","_EventEndDateUTC":"2026-04-16 21:45:00","_EventShowMap":false,"_EventShowMapLink":false,"_EventURL":"https:\/\/www.notikumi.com\/channel\/cafe-la-palma\/2026\/4\/16\/ruvenruven-carolo","_EventCost":"10","_EventCostDescription":"","_EventCurrencySymbol":"\u20ac","_EventCurrencyCode":"USD","_EventCurrencyPosition":"suffix","_EventDateTimeSeparator":"@","_EventTimeRangeSeparator":"-","_EventOrganizerID":[],"_EventVenueID":[],"_OrganizerEmail":"","_OrganizerPhone":"","_OrganizerWebsite":"","_VenueAddress":"","_VenueCity":"","_VenueCountry":"","_VenueProvince":"","_VenueState":"","_VenueZip":"","_VenuePhone":"","_VenueURL":"","_VenueStateProvince":"","_VenueLat":"","_VenueLng":"","_VenueShowMap":false,"_VenueShowMapLink":false,"_tribe_blocks_recurrence_rules":"","_tribe_blocks_recurrence_description":"","_tribe_blocks_recurrence_exclusions":"","_ecp_custom_2":"","_tribe_events_status":"","_tribe_events_status_reason":"","_tribe_events_is_hybrid":"","_tribe_events_is_virtual":"","_tribe_events_virtual_video_source":"","_tribe_events_virtual_embed_video":"","_tribe_events_virtual_linked_button_text":"","_tribe_events_virtual_linked_button":"","_tribe_events_virtual_show_embed_at":"","_tribe_events_virtual_show_embed_to":[],"_tribe_events_virtual_show_on_event":"","_tribe_events_virtual_show_on_views":"","_tribe_events_virtual_url":"","footnotes":""},"tags":[1363,8869,18410,2865,9147,9146,18411,18409,16486],"tribe_events_cat":[8963],"class_list":["post-33614","tribe_events","type-tribe_events","status-publish","has-post-thumbnail","hentry","tag-cafe-la-palma","tag-cafe-la-palma-2","tag-carolo","tag-conciertos-cafe-la-palma","tag-conciertos-madrid","tag-conciertos-malasana","tag-liquido","tag-ruvenruven","tag-trote","tribe_events_cat-concierto","cat_concierto"],"uagb_featured_image_src":{"full":["https:\/\/cafelapalma.com\/wp-content\/uploads\/2026\/03\/cartelA3-2-1-1.png",878,1240,false],"thumbnail":["https:\/\/cafelapalma.com\/wp-content\/uploads\/2026\/03\/cartelA3-2-1-1-150x150.png",150,150,true],"medium":["https:\/\/cafelapalma.com\/wp-content\/uploads\/2026\/03\/cartelA3-2-1-1-212x300.png",212,300,true],"medium_large":["https:\/\/cafelapalma.com\/wp-content\/uploads\/2026\/03\/cartelA3-2-1-1-768x1085.png",768,1085,true],"large":["https:\/\/cafelapalma.com\/wp-content\/uploads\/2026\/03\/cartelA3-2-1-1-736x1040.png",736,1040,true],"1536x1536":["https:\/\/cafelapalma.com\/wp-content\/uploads\/2026\/03\/cartelA3-2-1-1.png",878,1240,false],"2048x2048":["https:\/\/cafelapalma.com\/wp-content\/uploads\/2026\/03\/cartelA3-2-1-1.png",878,1240,false],"trp-custom-language-flag":["https:\/\/cafelapalma.com\/wp-content\/uploads\/2026\/03\/cartelA3-2-1-1-8x12.png",8,12,true],"blossom-feminine-slider":["https:\/\/cafelapalma.com\/wp-content\/uploads\/2026\/03\/cartelA3-2-1-1-878x649.png",878,649,true],"blossom-feminine-featured":["https:\/\/cafelapalma.com\/wp-content\/uploads\/2026\/03\/cartelA3-2-1-1-878x600.png",878,600,true],"blossom-feminine-with-sidebar":["https:\/\/cafelapalma.com\/wp-content\/uploads\/2026\/03\/cartelA3-2-1-1-878x600.png",878,600,true],"blossom-feminine-blog":["https:\/\/cafelapalma.com\/wp-content\/uploads\/2026\/03\/cartelA3-2-1-1-435x435.png",435,435,true],"blossom-feminine-cat":["https:\/\/cafelapalma.com\/wp-content\/uploads\/2026\/03\/cartelA3-2-1-1-450x300.png",450,300,true],"blossom-feminine-related":["https:\/\/cafelapalma.com\/wp-content\/uploads\/2026\/03\/cartelA3-2-1-1-320x200.png",320,200,true],"blossom-feminine-schema":["https:\/\/cafelapalma.com\/wp-content\/uploads\/2026\/03\/cartelA3-2-1-1-42x60.png",42,60,true]},"uagb_author_info":{"display_name":"Victor","author_link":"https:\/\/cafelapalma.com\/en\/author\/comunicacion\/"},"uagb_comment_info":0,"uagb_excerpt":"RUVENRUVEN es un m\u00fasico y productor que, tras trabajar con artistas como Xenia, Chl\u00f6e\u2019s Clue, Vez Era, Margarita Quebrada, Tatuaje, Carlota o Mariana Tamb\u00e9, decidi\u00f3 comenzar su carrera art\u00edstica, publicar sus canciones, y ponerse al frente de su propio universo. Fusiona texturas del pop contempor\u00e1neo y la electr\u00f3nica experimental con elementos del darkwave y del&hellip;","_links":{"self":[{"href":"https:\/\/cafelapalma.com\/en\/wp-json\/wp\/v2\/tribe_events\/33614","targetHints":{"allow":["GET"]}}],"collection":[{"href":"https:\/\/cafelapalma.com\/en\/wp-json\/wp\/v2\/tribe_events"}],"about":[{"href":"https:\/\/cafelapalma.com\/en\/wp-json\/wp\/v2\/types\/tribe_events"}],"author":[{"embeddable":true,"href":"https:\/\/cafelapalma.com\/en\/wp-json\/wp\/v2\/users\/2"}],"version-history":[{"count":0,"href":"https:\/\/cafelapalma.com\/en\/wp-json\/wp\/v2\/tribe_events\/33614\/revisions"}],"wp:featuredmedia":[{"embeddable":true,"href":"https:\/\/cafelapalma.com\/en\/wp-json\/wp\/v2\/media\/33618"}],"wp:attachment":[{"href":"https:\/\/cafelapalma.com\/en\/wp-json\/wp\/v2\/media?parent=33614"}],"wp:term":[{"taxonomy":"post_tag","embeddable":true,"href":"https:\/\/cafelapalma.com\/en\/wp-json\/wp\/v2\/tags?post=33614"},{"taxonomy":"tribe_events_cat","embeddable":true,"href":"https:\/\/cafelapalma.com\/en\/wp-json\/wp\/v2\/tribe_events_cat?post=33614"}],"curies":[{"name":"wp","href":"https:\/\/api.w.org\/{rel}","templated":true}]}}