{"id":33629,"date":"2026-03-27T08:49:40","date_gmt":"2026-03-27T07:49:40","guid":{"rendered":"https:\/\/cafelapalma.com\/?post_type=tribe_events&#038;p=33629"},"modified":"2026-03-27T08:50:41","modified_gmt":"2026-03-27T07:50:41","slug":"inercia-pablo-gomis-iria-charlie-kloos","status":"publish","type":"tribe_events","link":"https:\/\/cafelapalma.com\/en\/programacion\/inercia-pablo-gomis-iria-charlie-kloos\/","title":{"rendered":"INERCIA: PASANGO + IRIA + CHARLIE KLOOS"},"content":{"rendered":"<div  class=\"tribe-events-schedule tribe-clearfix\" >\n\t<p class=\"tribe-events-schedule__datetime\">\n\t\t<span class=\"tribe-events-schedule__date tribe-events-schedule__date--start\">\n\t\t\t24  April\t\t<\/span>\n\n\t\t\t\t\t<span class=\"tribe-events-schedule__separator tribe-events-schedule__separator--date\">\n\t\t\t\t@\t\t\t<\/span>\n\t\t\t<span class=\"tribe-events-schedule__time tribe-events-schedule__time--start\">\n\t\t\t\t23:59\t\t\t<\/span>\n\t\t\n\t\t\t<\/p>\n<\/div>\n\n\n<div  class=\"tribe-block tribe-block__event-price\" >\n\t\t\t<span class=\"tribe-block__event-price__cost\"> ENTRADA LIBRE <\/span>\n\t\t\t\t<span class=\"tribe-block__event-price__description\">hasta las 01:00 | 13\u20ac Taquilla de 01:00 a 03:00 (Incluye UNA COPA o DOS CERVEZAS) | 15\u20ac Taquilla de 03:00 a cierre (Incluye UNA CONSUMICI\u00d3N)<\/span>\n\t<\/div>\n\n\n\n<div class=\"wp-block-columns is-layout-flex wp-container-core-columns-is-layout-8f761849 wp-block-columns-is-layout-flex\">\n<div class=\"wp-block-column is-layout-flow wp-block-column-is-layout-flow\" style=\"flex-basis:33.33%\">\n<figure class=\"wp-block-image size-large\"><img loading=\"lazy\" decoding=\"async\" width=\"736\" height=\"1040\" src=\"https:\/\/cafelapalma.com\/wp-content\/uploads\/2026\/03\/Inercia_cartel_A3_imagen-estatica-1-1-736x1040.png\" alt=\"\" class=\"wp-image-33631\" srcset=\"https:\/\/cafelapalma.com\/wp-content\/uploads\/2026\/03\/Inercia_cartel_A3_imagen-estatica-1-1-736x1040.png 736w, https:\/\/cafelapalma.com\/wp-content\/uploads\/2026\/03\/Inercia_cartel_A3_imagen-estatica-1-1-212x300.png 212w, https:\/\/cafelapalma.com\/wp-content\/uploads\/2026\/03\/Inercia_cartel_A3_imagen-estatica-1-1-768x1086.png 768w, https:\/\/cafelapalma.com\/wp-content\/uploads\/2026\/03\/Inercia_cartel_A3_imagen-estatica-1-1-8x12.png 8w, https:\/\/cafelapalma.com\/wp-content\/uploads\/2026\/03\/Inercia_cartel_A3_imagen-estatica-1-1-42x60.png 42w, https:\/\/cafelapalma.com\/wp-content\/uploads\/2026\/03\/Inercia_cartel_A3_imagen-estatica-1-1.png 877w\" sizes=\"auto, (max-width: 736px) 100vw, 736px\" \/><\/figure>\n<\/div>\n\n\n\n<div class=\"wp-block-column is-layout-flow wp-block-column-is-layout-flow\" style=\"flex-basis:66.66%\">\n<div style=\"height:100px\" aria-hidden=\"true\" class=\"wp-block-spacer\"><\/div>\n\n\n\n<p class=\"has-text-align-left wp-block-paragraph\"><strong>Inercia <\/strong>vuelve a Caf\u00e9 La Palma este viernes 24 de Abril.<\/p>\n\n\n\n<p class=\"has-text-align-left wp-block-paragraph\">Deep Bouncy House. Funky textures.&nbsp;<br>Progressive tension. Acid disco heat.&nbsp;<br>Rompe el estado de calma<\/p>\n\n\n\n<p class=\"has-text-align-left wp-block-paragraph\"><strong>Charlie Kloos<\/strong> es un artista madrile\u00f1o afincado en Berl\u00edn cuya m\u00fasica refleja la influencia de la escena techno de la ciudad. Con formaci\u00f3n como baterista, combina un profundo sentido del ritmo con sonidos electr\u00f3nicos que van del deep al progressive house, creando sets envolventes, bailables y llenos de energ\u00eda y personalidad propia.<\/p>\n\n\n\n<p class=\"has-text-align-left wp-block-paragraph\"><strong>Iria <\/strong>es una DJ ourensana afincada en Madrid, muy conectada con la escena club local. Con formaci\u00f3n cl\u00e1sica y una clara evoluci\u00f3n hacia la m\u00fasica electr\u00f3nica, ha formado parte de espacios como Cadavra, Monete Club o Caf\u00e9 la Palma. Si estilo vers\u00e1til, se mueve principalmente en el house, especialmente en sus vertientes minimal, deep y tech.<\/p>\n\n\n\n<p class=\"has-text-align-left wp-block-paragraph\"><strong>Pasango <\/strong>es un DJ madrile\u00f1o nacido en \u00c1msterdam, donde desarroll\u00f3 su identidad musical. Destaca crear sets din\u00e1micos y envolventes. Su energ\u00eda en cabina conecta con el p\u00fablico, combinando house con toques funky, progressive y matices del acid disco.<\/p>\n\n\n\n<p class=\"has-text-align-right wp-block-paragraph\"><a href=\"https:\/\/www.instagram.com\/inercia.aiff\/\"><em>Sigue a <\/em><strong>Inercia <\/strong><em>in <\/em><strong>Instagram<\/strong>.<\/a><\/p>\n\n\n\n<p class=\"has-text-align-right wp-block-paragraph\"><a href=\"https:\/\/www.instagram.com\/inercia.aiff\/\"><em>Sigue a <\/em><strong>Charlie Kloos <\/strong><em>in <\/em><strong>Instagram<\/strong>.<\/a><\/p>\n\n\n\n<p class=\"has-text-align-right wp-block-paragraph\"><a href=\"https:\/\/www.instagram.com\/iriiate\/\" type=\"link\" id=\"https:\/\/www.instagram.com\/iriiate\/\"><em>Sigue a <\/em><strong>Iria <\/strong><em>in <\/em><strong>Instagram<\/strong>.<\/a><\/p>\n\n\n\n<p class=\"has-text-align-right wp-block-paragraph\"><a href=\"https:\/\/www.instagram.com\/iriiate\/\" type=\"link\" id=\"https:\/\/www.instagram.com\/iriiate\/\"><em>Sigue a <\/em><strong>Pasango <\/strong><em>in <\/em><strong>Instagram<\/strong>.<\/a><\/p>\n<\/div>\n<\/div>\n\n\n\n<div style=\"height:100px\" aria-hidden=\"true\" class=\"wp-block-spacer\"><\/div>\n\n\n<h2 class=\"tribe-block__related-events__title\">Related Events<\/h2>\n\n<ul  class=\"tribe-related-events tribe-clearfix\" >\n\t\t\t<li>\n\t\n<div class=\"tribe-related-events-thumbnail\">\n\t<a href=\"https:\/\/cafelapalma.com\/en\/programacion\/funkin-donuts\/\" class=\"url\" rel=\"bookmark\" tabindex=\"-1\" aria-hidden=\"true\"><img loading=\"lazy\" decoding=\"async\" width=\"693\" height=\"1040\" src=\"https:\/\/cafelapalma.com\/wp-content\/uploads\/2026\/07\/FD-vert2-bn-693x1040.jpg\" class=\"attachment-large size-large wp-post-image\" alt=\"\" \/><\/a>\n<\/div>\n\t<div class=\"tribe-related-event-info\">\n\t<h3 class=\"tribe-related-events-title\">\n\t\t<a href=\"https:\/\/cafelapalma.com\/en\/programacion\/funkin-donuts\/\" class=\"tribe-event-url\" rel=\"bookmark\">\n\t\t\tFUNKIN&#8217; DONUTS\t\t<\/a>\n\t<\/h3>\n\t<span class=\"tribe-event-date-start\">5  September@22:00<\/span><span class=\"tribe-event-time\">23:45<\/span><\/div>\n<\/li>\n\t\t\t<li>\n\t\n<div class=\"tribe-related-events-thumbnail\">\n\t<a href=\"https:\/\/cafelapalma.com\/en\/programacion\/backstage-le-petit-truffle-mayo\/\" class=\"url\" rel=\"bookmark\" tabindex=\"-1\" aria-hidden=\"true\"><img loading=\"lazy\" decoding=\"async\" width=\"780\" height=\"1040\" src=\"https:\/\/cafelapalma.com\/wp-content\/uploads\/2026\/07\/Imagen-TruffleMayo-LePetit-i-1-780x1040.png\" class=\"attachment-large size-large wp-post-image\" alt=\"\" \/><\/a>\n<\/div>\n\t<div class=\"tribe-related-event-info\">\n\t<h3 class=\"tribe-related-events-title\">\n\t\t<a href=\"https:\/\/cafelapalma.com\/en\/programacion\/backstage-le-petit-truffle-mayo\/\" class=\"tribe-event-url\" rel=\"bookmark\">\n\t\t\tBACKSTAGE: LE PETIT + TRUFFLE MAYO\t\t<\/a>\n\t<\/h3>\n\t<span class=\"tribe-event-date-start\">5  September@23:55<\/span><\/div>\n<\/li>\n\t\t\t<li>\n\t\n<div class=\"tribe-related-events-thumbnail\">\n\t<a href=\"https:\/\/cafelapalma.com\/en\/programacion\/willie-deville-concierto-benefico-x-venezuela\/\" class=\"url\" rel=\"bookmark\" tabindex=\"-1\" aria-hidden=\"true\"><img loading=\"lazy\" decoding=\"async\" width=\"1020\" height=\"531\" src=\"https:\/\/cafelapalma.com\/wp-content\/uploads\/2026\/08\/Willie-deville-1100x572-1-1040x541.jpg\" class=\"attachment-large size-large wp-post-image\" alt=\"\" \/><\/a>\n<\/div>\n\t<div class=\"tribe-related-event-info\">\n\t<h3 class=\"tribe-related-events-title\">\n\t\t<a href=\"https:\/\/cafelapalma.com\/en\/programacion\/willie-deville-concierto-benefico-x-venezuela\/\" class=\"tribe-event-url\" rel=\"bookmark\">\n\t\t\tWILLIE DEVILLE: CONCIERTO BEN\u00c9FICO X VENEZUELA\t\t<\/a>\n\t<\/h3>\n\t<span class=\"tribe-event-date-start\">6  September@21:00<\/span><span class=\"tribe-event-time\">23:45<\/span><\/div>\n<\/li>\n\t<\/ul>","protected":false},"excerpt":{"rendered":"<p>Inercia vuelve a Caf\u00e9 La Palma este viernes 24 de Abril. Deep Bouncy House. Funky textures.&nbsp;Progressive tension. Acid disco heat.&nbsp;Rompe el estado de calma Charlie Kloos es un artista madrile\u00f1o afincado en Berl\u00edn cuya m\u00fasica refleja la influencia de la escena techno de la ciudad. Con formaci\u00f3n como baterista, combina un profundo sentido del ritmo &hellip; <\/p>","protected":false},"author":2,"featured_media":33630,"template":"","meta":{"_tec_requires_first_save":false,"_uag_custom_page_level_css":"","loftloader_page_shortcode":"","_EventAllDay":false,"_EventTimezone":"Europe\/Madrid","_EventStartDate":"2026-04-24 23:59:00","_EventEndDate":"2026-04-24 23:59:00","_EventStartDateUTC":"2026-04-24 21:59:00","_EventEndDateUTC":"2026-04-24 21:59:00","_EventShowMap":false,"_EventShowMapLink":false,"_EventURL":"","_EventCost":"ENTRADA LIBRE","_EventCostDescription":"","_EventCurrencySymbol":"\u20ac","_EventCurrencyCode":"USD","_EventCurrencyPosition":"suffix","_EventDateTimeSeparator":"@","_EventTimeRangeSeparator":"-","_EventOrganizerID":[],"_EventVenueID":[],"_OrganizerEmail":"","_OrganizerPhone":"","_OrganizerWebsite":"","_VenueAddress":"","_VenueCity":"","_VenueCountry":"","_VenueProvince":"","_VenueState":"","_VenueZip":"","_VenuePhone":"","_VenueURL":"","_VenueStateProvince":"","_VenueLat":"","_VenueLng":"","_VenueShowMap":false,"_VenueShowMapLink":false,"_tribe_blocks_recurrence_rules":"","_tribe_blocks_recurrence_description":"","_tribe_blocks_recurrence_exclusions":"","_ecp_custom_2":"","_tribe_events_status":"","_tribe_events_status_reason":"","_tribe_events_is_hybrid":"","_tribe_events_is_virtual":"","_tribe_events_virtual_video_source":"","_tribe_events_virtual_embed_video":"","_tribe_events_virtual_linked_button_text":"","_tribe_events_virtual_linked_button":"","_tribe_events_virtual_show_embed_at":"","_tribe_events_virtual_show_embed_to":[],"_tribe_events_virtual_show_on_event":"","_tribe_events_virtual_show_on_views":"","_tribe_events_virtual_url":"","footnotes":""},"tags":[18414,1363,9225,17082,9557,9226,9227,1357,9309,14506,16958,18413,11649],"tribe_events_cat":[8964],"class_list":["post-33629","tribe_events","type-tribe_events","status-publish","has-post-thumbnail","hentry","tag-acid-disco","tag-cafe-la-palma","tag-cafe-la-palma-clubbing","tag-charlie-kloos","tag-deep-house","tag-djs-madrid","tag-djs-malasana","tag-electronica","tag-house","tag-inercia","tag-iria","tag-pablo-gomis","tag-progressive","tribe_events_cat-clubbing","cat_clubbing"],"uagb_featured_image_src":{"full":["https:\/\/cafelapalma.com\/wp-content\/uploads\/2026\/03\/Inercia_cartel_A3_imagen-estatica-1.png",877,1240,false],"thumbnail":["https:\/\/cafelapalma.com\/wp-content\/uploads\/2026\/03\/Inercia_cartel_A3_imagen-estatica-1-150x150.png",150,150,true],"medium":["https:\/\/cafelapalma.com\/wp-content\/uploads\/2026\/03\/Inercia_cartel_A3_imagen-estatica-1-212x300.png",212,300,true],"medium_large":["https:\/\/cafelapalma.com\/wp-content\/uploads\/2026\/03\/Inercia_cartel_A3_imagen-estatica-1-768x1086.png",768,1086,true],"large":["https:\/\/cafelapalma.com\/wp-content\/uploads\/2026\/03\/Inercia_cartel_A3_imagen-estatica-1-736x1040.png",736,1040,true],"1536x1536":["https:\/\/cafelapalma.com\/wp-content\/uploads\/2026\/03\/Inercia_cartel_A3_imagen-estatica-1.png",877,1240,false],"2048x2048":["https:\/\/cafelapalma.com\/wp-content\/uploads\/2026\/03\/Inercia_cartel_A3_imagen-estatica-1.png",877,1240,false],"trp-custom-language-flag":["https:\/\/cafelapalma.com\/wp-content\/uploads\/2026\/03\/Inercia_cartel_A3_imagen-estatica-1-8x12.png",8,12,true],"blossom-feminine-slider":["https:\/\/cafelapalma.com\/wp-content\/uploads\/2026\/03\/Inercia_cartel_A3_imagen-estatica-1-877x649.png",877,649,true],"blossom-feminine-featured":["https:\/\/cafelapalma.com\/wp-content\/uploads\/2026\/03\/Inercia_cartel_A3_imagen-estatica-1-877x600.png",877,600,true],"blossom-feminine-with-sidebar":["https:\/\/cafelapalma.com\/wp-content\/uploads\/2026\/03\/Inercia_cartel_A3_imagen-estatica-1-877x600.png",877,600,true],"blossom-feminine-blog":["https:\/\/cafelapalma.com\/wp-content\/uploads\/2026\/03\/Inercia_cartel_A3_imagen-estatica-1-435x435.png",435,435,true],"blossom-feminine-cat":["https:\/\/cafelapalma.com\/wp-content\/uploads\/2026\/03\/Inercia_cartel_A3_imagen-estatica-1-450x300.png",450,300,true],"blossom-feminine-related":["https:\/\/cafelapalma.com\/wp-content\/uploads\/2026\/03\/Inercia_cartel_A3_imagen-estatica-1-320x200.png",320,200,true],"blossom-feminine-schema":["https:\/\/cafelapalma.com\/wp-content\/uploads\/2026\/03\/Inercia_cartel_A3_imagen-estatica-1-42x60.png",42,60,true]},"uagb_author_info":{"display_name":"Victor","author_link":"https:\/\/cafelapalma.com\/en\/author\/comunicacion\/"},"uagb_comment_info":0,"uagb_excerpt":"Inercia vuelve a Caf\u00e9 La Palma este viernes 24 de Abril. Deep Bouncy House. Funky textures.&nbsp;Progressive tension. Acid disco heat.&nbsp;Rompe el estado de calma Charlie Kloos es un artista madrile\u00f1o afincado en Berl\u00edn cuya m\u00fasica refleja la influencia de la escena techno de la ciudad. Con formaci\u00f3n como baterista, combina un profundo sentido del ritmo&hellip;","_links":{"self":[{"href":"https:\/\/cafelapalma.com\/en\/wp-json\/wp\/v2\/tribe_events\/33629","targetHints":{"allow":["GET"]}}],"collection":[{"href":"https:\/\/cafelapalma.com\/en\/wp-json\/wp\/v2\/tribe_events"}],"about":[{"href":"https:\/\/cafelapalma.com\/en\/wp-json\/wp\/v2\/types\/tribe_events"}],"author":[{"embeddable":true,"href":"https:\/\/cafelapalma.com\/en\/wp-json\/wp\/v2\/users\/2"}],"version-history":[{"count":0,"href":"https:\/\/cafelapalma.com\/en\/wp-json\/wp\/v2\/tribe_events\/33629\/revisions"}],"wp:featuredmedia":[{"embeddable":true,"href":"https:\/\/cafelapalma.com\/en\/wp-json\/wp\/v2\/media\/33630"}],"wp:attachment":[{"href":"https:\/\/cafelapalma.com\/en\/wp-json\/wp\/v2\/media?parent=33629"}],"wp:term":[{"taxonomy":"post_tag","embeddable":true,"href":"https:\/\/cafelapalma.com\/en\/wp-json\/wp\/v2\/tags?post=33629"},{"taxonomy":"tribe_events_cat","embeddable":true,"href":"https:\/\/cafelapalma.com\/en\/wp-json\/wp\/v2\/tribe_events_cat?post=33629"}],"curies":[{"name":"wp","href":"https:\/\/api.w.org\/{rel}","templated":true}]}}