{"id":33674,"date":"2026-04-01T20:28:35","date_gmt":"2026-04-01T18:28:35","guid":{"rendered":"https:\/\/cafelapalma.com\/?post_type=tribe_events&#038;p=33674"},"modified":"2026-04-01T20:30:12","modified_gmt":"2026-04-01T18:30:12","slug":"tu-sabias-todo-bien-todo-mal","status":"publish","type":"tribe_events","link":"https:\/\/cafelapalma.com\/en\/programacion\/tu-sabias-todo-bien-todo-mal\/","title":{"rendered":"T\u00da SAB\u00cdAS + TODO BIEN TODO MAL"},"content":{"rendered":"<div  class=\"tribe-events-schedule tribe-clearfix\" >\n\t<p class=\"tribe-events-schedule__datetime\">\n\t\t<span class=\"tribe-events-schedule__date tribe-events-schedule__date--start\">\n\t\t\t30  April\t\t<\/span>\n\n\t\t\t\t\t<span class=\"tribe-events-schedule__separator tribe-events-schedule__separator--date\">\n\t\t\t\t@\t\t\t<\/span>\n\t\t\t<span class=\"tribe-events-schedule__time tribe-events-schedule__time--start\">\n\t\t\t\t21:00\t\t\t<\/span>\n\t\t\n\t\t\t\t\t\t\t\t\t<span class=\"tribe-events-schedule__separator tribe-events-schedule__separator--time\">\n\t\t\t\t\t&#8211;\t\t\t\t<\/span>\n\t\t\t\n\t\t\t\t\t\t\t<span class=\"tribe-events-schedule__time tribe-events-schedule__time--end\">\n\t\t\t\t\t23:45\t\t\t\t<\/span>\n\t\t\t\n\t\t\t\t\t\t<\/p>\n<\/div>\n\n\n<div  class=\"tribe-block tribe-block__event-price\" >\n\t\t\t<span class=\"tribe-block__event-price__cost\"> 8\u20ac <\/span>\n\t\t\t\t<span class=\"tribe-block__event-price__description\">+ gg Anticipada | 10\u20ac Taquilla | TODOS LOS TRAMOS DE ENTRADA INCLUYEN UNA CONSUMICI\u00d3N.<\/span>\n\t<\/div>\n\n\n\n<div class=\"wp-block-columns is-layout-flex wp-container-core-columns-is-layout-8f761849 wp-block-columns-is-layout-flex\">\n<div class=\"wp-block-column is-layout-flow wp-block-column-is-layout-flow\" style=\"flex-basis:33.33%\">\n<figure class=\"wp-block-image size-large\"><img loading=\"lazy\" decoding=\"async\" width=\"862\" height=\"1040\" src=\"https:\/\/cafelapalma.com\/wp-content\/uploads\/2026\/04\/Cartel-feed-Tu-Sabias-Todo-Bien-Todo-Mal-1-862x1040.png\" alt=\"\" class=\"wp-image-33675\" srcset=\"https:\/\/cafelapalma.com\/wp-content\/uploads\/2026\/04\/Cartel-feed-Tu-Sabias-Todo-Bien-Todo-Mal-1-862x1040.png 862w, https:\/\/cafelapalma.com\/wp-content\/uploads\/2026\/04\/Cartel-feed-Tu-Sabias-Todo-Bien-Todo-Mal-1-249x300.png 249w, https:\/\/cafelapalma.com\/wp-content\/uploads\/2026\/04\/Cartel-feed-Tu-Sabias-Todo-Bien-Todo-Mal-1-768x926.png 768w, https:\/\/cafelapalma.com\/wp-content\/uploads\/2026\/04\/Cartel-feed-Tu-Sabias-Todo-Bien-Todo-Mal-1-1273x1536.png 1273w, https:\/\/cafelapalma.com\/wp-content\/uploads\/2026\/04\/Cartel-feed-Tu-Sabias-Todo-Bien-Todo-Mal-1-10x12.png 10w, https:\/\/cafelapalma.com\/wp-content\/uploads\/2026\/04\/Cartel-feed-Tu-Sabias-Todo-Bien-Todo-Mal-1-50x60.png 50w, https:\/\/cafelapalma.com\/wp-content\/uploads\/2026\/04\/Cartel-feed-Tu-Sabias-Todo-Bien-Todo-Mal-1.png 1696w\" sizes=\"auto, (max-width: 862px) 100vw, 862px\" \/><\/figure>\n\n\n<div  class=\"tribe-block tribe-block__event-website\" >\n\t<a\n\t\thref=\"https:\/\/www.notikumi.com\/channel\/cafe-la-palma\/2026\/4\/30\/tu-sabias-todo-bien-todo-mal\"\n\t\ttarget=\"_self\"\n\t\t\t>\n\t\tBUY TICKETS\t<\/a>\n<\/div>\n<\/div>\n\n\n\n<div class=\"wp-block-column is-layout-flow wp-block-column-is-layout-flow\" style=\"flex-basis:66.66%\">\n<div style=\"height:100px\" aria-hidden=\"true\" class=\"wp-block-spacer\"><\/div>\n\n\n\n<p class=\"has-text-align-left wp-block-paragraph\">Este 30 de abril, la banda madrile\u00f1a <strong>T\u00fa Sab\u00edas <\/strong>presenta su EP <strong>\u201cHA SIDO MALA SUERTE\u201d <\/strong>en Caf\u00e9 La Palma, siendo esta la \u00faltima oportunidad de ver al cuarteto en directo, retir\u00e1ndose despu\u00e9s de los escenarios durante un tiempo indefinido. Acompa\u00f1ados por la<br>banda espa\u00f1ola\/venezolana <strong>Todo Bien Todo Mal<\/strong>, este encuentro ofrece una fusi\u00f3n de pop punk y rock alternativo en\u00e9rgica y sensible a partes iguales.<\/p>\n\n\n\n<p class=\"has-text-align-right wp-block-paragraph\"><a href=\"https:\/\/open.spotify.com\/intl-es\/artist\/6tpfxUmUiMWJJDc5MCNyiq?si=gUYtVkqmT8698iEv7XLJhw&amp;nd=1&amp;dlsi=dac005b7bb9f4ef4\"><em>Listen to<\/em> <strong>T\u00fa Sab\u00edas<\/strong> <em>in <\/em><strong>Spotify<\/strong>.<\/a><\/p>\n\n\n\n<p class=\"has-text-align-right wp-block-paragraph\"><a href=\"https:\/\/open.spotify.com\/intl-es\/artist\/0uj2hj0Vurk8ZaGgH0BmJa?si=Uw270pPPR7GjKwspyLdtsw&amp;nd=1&amp;dlsi=c6c1a0b2da2042b3\" type=\"link\" id=\"https:\/\/open.spotify.com\/intl-es\/artist\/0uj2hj0Vurk8ZaGgH0BmJa?si=Uw270pPPR7GjKwspyLdtsw&amp;nd=1&amp;dlsi=c6c1a0b2da2042b3\"><em>Listen to<\/em> <strong>Todo bien Todo Mal <\/strong><em>in <\/em><strong>Spotify<\/strong>.<\/a><\/p>\n<\/div>\n<\/div>\n\n\n<h2 class=\"tribe-block__related-events__title\">Related Events<\/h2>\n\n<ul  class=\"tribe-related-events tribe-clearfix\" >\n\t\t\t<li>\n\t\n<div class=\"tribe-related-events-thumbnail\">\n\t<a href=\"https:\/\/cafelapalma.com\/en\/programacion\/funkin-donuts\/\" class=\"url\" rel=\"bookmark\" tabindex=\"-1\" aria-hidden=\"true\"><img loading=\"lazy\" decoding=\"async\" width=\"693\" height=\"1040\" src=\"https:\/\/cafelapalma.com\/wp-content\/uploads\/2026\/07\/FD-vert2-bn-693x1040.jpg\" class=\"attachment-large size-large wp-post-image\" alt=\"\" \/><\/a>\n<\/div>\n\t<div class=\"tribe-related-event-info\">\n\t<h3 class=\"tribe-related-events-title\">\n\t\t<a href=\"https:\/\/cafelapalma.com\/en\/programacion\/funkin-donuts\/\" class=\"tribe-event-url\" rel=\"bookmark\">\n\t\t\tFUNKIN&#8217; DONUTS\t\t<\/a>\n\t<\/h3>\n\t<span class=\"tribe-event-date-start\">5  September@22:00<\/span><span class=\"tribe-event-time\">23:45<\/span><\/div>\n<\/li>\n\t\t\t<li>\n\t\n<div class=\"tribe-related-events-thumbnail\">\n\t<a href=\"https:\/\/cafelapalma.com\/en\/programacion\/backstage-le-petit-truffle-mayo\/\" class=\"url\" rel=\"bookmark\" tabindex=\"-1\" aria-hidden=\"true\"><img loading=\"lazy\" decoding=\"async\" width=\"780\" height=\"1040\" src=\"https:\/\/cafelapalma.com\/wp-content\/uploads\/2026\/07\/Imagen-TruffleMayo-LePetit-i-1-780x1040.png\" class=\"attachment-large size-large wp-post-image\" alt=\"\" \/><\/a>\n<\/div>\n\t<div class=\"tribe-related-event-info\">\n\t<h3 class=\"tribe-related-events-title\">\n\t\t<a href=\"https:\/\/cafelapalma.com\/en\/programacion\/backstage-le-petit-truffle-mayo\/\" class=\"tribe-event-url\" rel=\"bookmark\">\n\t\t\tBACKSTAGE: LE PETIT + TRUFFLE MAYO\t\t<\/a>\n\t<\/h3>\n\t<span class=\"tribe-event-date-start\">5  September@23:55<\/span><\/div>\n<\/li>\n\t\t\t<li>\n\t\n<div class=\"tribe-related-events-thumbnail\">\n\t<a href=\"https:\/\/cafelapalma.com\/en\/programacion\/willie-deville-concierto-benefico-x-venezuela\/\" class=\"url\" rel=\"bookmark\" tabindex=\"-1\" aria-hidden=\"true\"><img loading=\"lazy\" decoding=\"async\" width=\"1020\" height=\"531\" src=\"https:\/\/cafelapalma.com\/wp-content\/uploads\/2026\/08\/Willie-deville-1100x572-1-1040x541.jpg\" class=\"attachment-large size-large wp-post-image\" alt=\"\" \/><\/a>\n<\/div>\n\t<div class=\"tribe-related-event-info\">\n\t<h3 class=\"tribe-related-events-title\">\n\t\t<a href=\"https:\/\/cafelapalma.com\/en\/programacion\/willie-deville-concierto-benefico-x-venezuela\/\" class=\"tribe-event-url\" rel=\"bookmark\">\n\t\t\tWILLIE DEVILLE: CONCIERTO BEN\u00c9FICO X VENEZUELA\t\t<\/a>\n\t<\/h3>\n\t<span class=\"tribe-event-date-start\">6  September@21:00<\/span><span class=\"tribe-event-time\">23:45<\/span><\/div>\n<\/li>\n\t<\/ul>","protected":false},"excerpt":{"rendered":"<p>Este 30 de abril, la banda madrile\u00f1a T\u00fa Sab\u00edas presenta su EP \u201cHA SIDO MALA SUERTE\u201d en Caf\u00e9 La Palma, siendo esta la \u00faltima oportunidad de ver al cuarteto en directo, retir\u00e1ndose despu\u00e9s de los escenarios durante un tiempo indefinido. Acompa\u00f1ados por labanda espa\u00f1ola\/venezolana Todo Bien Todo Mal, este encuentro ofrece una fusi\u00f3n de pop &hellip; <\/p>","protected":false},"author":2,"featured_media":33676,"template":"","meta":{"_tec_requires_first_save":false,"_uag_custom_page_level_css":"","loftloader_page_shortcode":"","_EventAllDay":false,"_EventTimezone":"Europe\/Madrid","_EventStartDate":"2026-04-30 21:00:00","_EventEndDate":"2026-04-30 23:45:00","_EventStartDateUTC":"2026-04-30 19:00:00","_EventEndDateUTC":"2026-04-30 21:45:00","_EventShowMap":false,"_EventShowMapLink":false,"_EventURL":"https:\/\/www.notikumi.com\/channel\/cafe-la-palma\/2026\/4\/30\/tu-sabias-todo-bien-todo-mal","_EventCost":"8","_EventCostDescription":"","_EventCurrencySymbol":"\u20ac","_EventCurrencyCode":"USD","_EventCurrencyPosition":"suffix","_EventDateTimeSeparator":"@","_EventTimeRangeSeparator":"-","_EventOrganizerID":[],"_EventVenueID":[],"_OrganizerEmail":"","_OrganizerPhone":"","_OrganizerWebsite":"","_VenueAddress":"","_VenueCity":"","_VenueCountry":"","_VenueProvince":"","_VenueState":"","_VenueZip":"","_VenuePhone":"","_VenueURL":"","_VenueStateProvince":"","_VenueLat":"","_VenueLng":"","_VenueShowMap":false,"_VenueShowMapLink":false,"_tribe_blocks_recurrence_rules":"","_tribe_blocks_recurrence_description":"","_tribe_blocks_recurrence_exclusions":"","_ecp_custom_2":"","_tribe_events_status":"","_tribe_events_status_reason":"","_tribe_events_is_hybrid":"","_tribe_events_is_virtual":"","_tribe_events_virtual_video_source":"","_tribe_events_virtual_embed_video":"","_tribe_events_virtual_linked_button_text":"","_tribe_events_virtual_linked_button":"","_tribe_events_virtual_show_embed_at":"","_tribe_events_virtual_show_embed_to":[],"_tribe_events_virtual_show_on_event":"","_tribe_events_virtual_show_on_views":"","_tribe_events_virtual_url":"","footnotes":""},"tags":[18331,1363,2865,9147,9146,18425,13662,1354,15666,18423],"tribe_events_cat":[8963],"class_list":["post-33674","tribe_events","type-tribe_events","status-publish","has-post-thumbnail","hentry","tag-alt-rock","tag-cafe-la-palma","tag-conciertos-cafe-la-palma","tag-conciertos-madrid","tag-conciertos-malasana","tag-ha-sido-mala-suerte","tag-pop-punk-2","tag-rock","tag-todo-bien-todo-mal","tag-tu-sabias","tribe_events_cat-concierto","cat_concierto"],"uagb_featured_image_src":{"full":["https:\/\/cafelapalma.com\/wp-content\/uploads\/2026\/04\/Tu-Sabias.jpg",1200,1600,false],"thumbnail":["https:\/\/cafelapalma.com\/wp-content\/uploads\/2026\/04\/Tu-Sabias-150x150.jpg",150,150,true],"medium":["https:\/\/cafelapalma.com\/wp-content\/uploads\/2026\/04\/Tu-Sabias-225x300.jpg",225,300,true],"medium_large":["https:\/\/cafelapalma.com\/wp-content\/uploads\/2026\/04\/Tu-Sabias-768x1024.jpg",768,1024,true],"large":["https:\/\/cafelapalma.com\/wp-content\/uploads\/2026\/04\/Tu-Sabias-780x1040.jpg",780,1040,true],"1536x1536":["https:\/\/cafelapalma.com\/wp-content\/uploads\/2026\/04\/Tu-Sabias-1152x1536.jpg",1152,1536,true],"2048x2048":["https:\/\/cafelapalma.com\/wp-content\/uploads\/2026\/04\/Tu-Sabias.jpg",1200,1600,false],"trp-custom-language-flag":["https:\/\/cafelapalma.com\/wp-content\/uploads\/2026\/04\/Tu-Sabias-9x12.jpg",9,12,true],"blossom-feminine-slider":["https:\/\/cafelapalma.com\/wp-content\/uploads\/2026\/04\/Tu-Sabias-1200x649.jpg",1200,649,true],"blossom-feminine-featured":["https:\/\/cafelapalma.com\/wp-content\/uploads\/2026\/04\/Tu-Sabias-1200x600.jpg",1200,600,true],"blossom-feminine-with-sidebar":["https:\/\/cafelapalma.com\/wp-content\/uploads\/2026\/04\/Tu-Sabias-1020x600.jpg",1020,600,true],"blossom-feminine-blog":["https:\/\/cafelapalma.com\/wp-content\/uploads\/2026\/04\/Tu-Sabias-435x435.jpg",435,435,true],"blossom-feminine-cat":["https:\/\/cafelapalma.com\/wp-content\/uploads\/2026\/04\/Tu-Sabias-450x300.jpg",450,300,true],"blossom-feminine-related":["https:\/\/cafelapalma.com\/wp-content\/uploads\/2026\/04\/Tu-Sabias-320x200.jpg",320,200,true],"blossom-feminine-schema":["https:\/\/cafelapalma.com\/wp-content\/uploads\/2026\/04\/Tu-Sabias-45x60.jpg",45,60,true]},"uagb_author_info":{"display_name":"Victor","author_link":"https:\/\/cafelapalma.com\/en\/author\/comunicacion\/"},"uagb_comment_info":0,"uagb_excerpt":"Este 30 de abril, la banda madrile\u00f1a T\u00fa Sab\u00edas presenta su EP \u201cHA SIDO MALA SUERTE\u201d en Caf\u00e9 La Palma, siendo esta la \u00faltima oportunidad de ver al cuarteto en directo, retir\u00e1ndose despu\u00e9s de los escenarios durante un tiempo indefinido. Acompa\u00f1ados por labanda espa\u00f1ola\/venezolana Todo Bien Todo Mal, este encuentro ofrece una fusi\u00f3n de pop&hellip;","_links":{"self":[{"href":"https:\/\/cafelapalma.com\/en\/wp-json\/wp\/v2\/tribe_events\/33674","targetHints":{"allow":["GET"]}}],"collection":[{"href":"https:\/\/cafelapalma.com\/en\/wp-json\/wp\/v2\/tribe_events"}],"about":[{"href":"https:\/\/cafelapalma.com\/en\/wp-json\/wp\/v2\/types\/tribe_events"}],"author":[{"embeddable":true,"href":"https:\/\/cafelapalma.com\/en\/wp-json\/wp\/v2\/users\/2"}],"version-history":[{"count":0,"href":"https:\/\/cafelapalma.com\/en\/wp-json\/wp\/v2\/tribe_events\/33674\/revisions"}],"wp:featuredmedia":[{"embeddable":true,"href":"https:\/\/cafelapalma.com\/en\/wp-json\/wp\/v2\/media\/33676"}],"wp:attachment":[{"href":"https:\/\/cafelapalma.com\/en\/wp-json\/wp\/v2\/media?parent=33674"}],"wp:term":[{"taxonomy":"post_tag","embeddable":true,"href":"https:\/\/cafelapalma.com\/en\/wp-json\/wp\/v2\/tags?post=33674"},{"taxonomy":"tribe_events_cat","embeddable":true,"href":"https:\/\/cafelapalma.com\/en\/wp-json\/wp\/v2\/tribe_events_cat?post=33674"}],"curies":[{"name":"wp","href":"https:\/\/api.w.org\/{rel}","templated":true}]}}