{"id":33691,"date":"2026-04-01T21:35:33","date_gmt":"2026-04-01T19:35:33","guid":{"rendered":"https:\/\/cafelapalma.com\/?post_type=tribe_events&#038;p=33691"},"modified":"2026-04-17T11:48:29","modified_gmt":"2026-04-17T09:48:29","slug":"music-coolture-sara-vera-mixael-woods-brequette-cassie","status":"publish","type":"tribe_events","link":"https:\/\/cafelapalma.com\/en\/programacion\/music-coolture-sara-vera-mixael-woods-brequette-cassie\/","title":{"rendered":"MUSIC COOLTURE: SARA VERA + ADRIANA TERR\u00c9N + BREQUETTE CASSIE"},"content":{"rendered":"<div  class=\"tribe-events-schedule tribe-clearfix\" >\n\t<p class=\"tribe-events-schedule__datetime\">\n\t\t<span class=\"tribe-events-schedule__date tribe-events-schedule__date--start\">\n\t\t\t10  May\t\t<\/span>\n\n\t\t\t\t\t<span class=\"tribe-events-schedule__separator tribe-events-schedule__separator--date\">\n\t\t\t\t@\t\t\t<\/span>\n\t\t\t<span class=\"tribe-events-schedule__time tribe-events-schedule__time--start\">\n\t\t\t\t21:00\t\t\t<\/span>\n\t\t\n\t\t\t\t\t\t\t\t\t<span class=\"tribe-events-schedule__separator tribe-events-schedule__separator--time\">\n\t\t\t\t\t&#8211;\t\t\t\t<\/span>\n\t\t\t\n\t\t\t\t\t\t\t<span class=\"tribe-events-schedule__time tribe-events-schedule__time--end\">\n\t\t\t\t\t23:45\t\t\t\t<\/span>\n\t\t\t\n\t\t\t\t\t\t<\/p>\n<\/div>\n\n\n\n<p class=\"wp-block-paragraph\"><\/p>\n\n\n<div  class=\"tribe-block tribe-block__event-price\" >\n\t\t\t<span class=\"tribe-block__event-price__cost\"> 12\u20ac <\/span>\n\t\t\t\t<span class=\"tribe-block__event-price__description\">Anticipada | 15\u20ac General | 18\u20ac Taquilla<\/span>\n\t<\/div>\n\n\n\n<div class=\"wp-block-columns is-layout-flex wp-container-core-columns-is-layout-8f761849 wp-block-columns-is-layout-flex\">\n<div class=\"wp-block-column is-layout-flow wp-block-column-is-layout-flow\" style=\"flex-basis:33.33%\">\n<figure class=\"wp-block-image size-large\"><img loading=\"lazy\" decoding=\"async\" width=\"735\" height=\"1040\" src=\"https:\/\/cafelapalma.com\/wp-content\/uploads\/2026\/04\/A3-MC-CFAE-LA-PALMA-1-735x1040.png\" alt=\"\" class=\"wp-image-33828\" srcset=\"https:\/\/cafelapalma.com\/wp-content\/uploads\/2026\/04\/A3-MC-CFAE-LA-PALMA-1-735x1040.png 735w, https:\/\/cafelapalma.com\/wp-content\/uploads\/2026\/04\/A3-MC-CFAE-LA-PALMA-1-212x300.png 212w, https:\/\/cafelapalma.com\/wp-content\/uploads\/2026\/04\/A3-MC-CFAE-LA-PALMA-1-768x1086.png 768w, https:\/\/cafelapalma.com\/wp-content\/uploads\/2026\/04\/A3-MC-CFAE-LA-PALMA-1-1086x1536.png 1086w, https:\/\/cafelapalma.com\/wp-content\/uploads\/2026\/04\/A3-MC-CFAE-LA-PALMA-1-8x12.png 8w, https:\/\/cafelapalma.com\/wp-content\/uploads\/2026\/04\/A3-MC-CFAE-LA-PALMA-1-42x60.png 42w, https:\/\/cafelapalma.com\/wp-content\/uploads\/2026\/04\/A3-MC-CFAE-LA-PALMA-1.png 1414w\" sizes=\"auto, (max-width: 735px) 100vw, 735px\" \/><\/figure>\n\n\n<div  class=\"tribe-block tribe-block__event-website\" >\n\t<a\n\t\thref=\"https:\/\/dice.fm\/partner\/tickets\/event\/nvn985-mixael-woods-brequette-cassie-sara-vera-en-music-coolture-10th-may-caf-la-palma-madrid-tickets?dice_id=8832418&#038;dice_channel=web&#038;dice_tags=organic&#038;dice_campaign=Music+Coolture&#038;dice_feature=mio_marketing&#038;_branch_match_id=1516397552255167629&#038;utm_source=web&#038;utm_campaign=Music+Coolture&#038;utm_medium=mio_marketing&#038;_branch_referrer=H4sIAAAAAAAAA8soKSkottLXz8nMy9ZLyUxO1UvL1Q83MzJLMkxKM00MLCvK0pNSy0qysxLj08qyi8vTi2ydc4oys9NBQBCnT5AOwAAAA\"\n\t\ttarget=\"_self\"\n\t\t\t>\n\t\tBUY TICKETS\t<\/a>\n<\/div>\n<\/div>\n\n\n\n<div class=\"wp-block-column is-layout-flow wp-block-column-is-layout-flow\" style=\"flex-basis:66.66%\">\n<div style=\"height:100px\" aria-hidden=\"true\" class=\"wp-block-spacer\"><\/div>\n\n\n\n<p class=\"has-text-align-left wp-block-paragraph\"><strong>Music Coolture<\/strong> presenta una nueva cita imprescindible en Caf\u00e9 La Palma. Un ciclo dedicado a la esencia del R&amp;B y el Soul,\u00a0para disfrutar del talento emergente y consolidado en un formato cercano y vibrante.<\/p>\n\n\n\n<p class=\"has-text-align-left wp-block-paragraph\"><strong>Brequette Cassie<\/strong>: La voz sudafricana que cautiv\u00f3 en\u00a0<em>La Voz<\/em>\u00a0y Eurovisi\u00f3n llega con un directo arrollador. Soul puro y una presencia esc\u00e9nica cargada de emoci\u00f3n que no deja indiferente a nadie.<\/p>\n\n\n\n<p class=\"has-text-align-left wp-block-paragraph\"><strong>Adriana Terr\u00e9n<\/strong>: La nueva vanguardia del R&amp;B en espa\u00f1ol. Cantante y productora que fusiona atm\u00f3sferas cinematogr\u00e1ficas con ritmos Afro y Dancehall, creando una experiencia sensorial donde la voz es la protagonista absoluta<\/p>\n\n\n\n<p class=\"has-text-align-left wp-block-paragraph\"><strong>Sara Vera<\/strong>: Representante del R&amp;B emocional y elegante. Presenta su EP\u00a0<em>\u201cJungla\u201d<\/em>, con un estilo magn\u00e9tico inspirado en referentes como Jorja Smith y una voz llena de verdad.<\/p>\n\n\n\n<p class=\"has-text-align-left wp-block-paragraph\">Una experiencia sonora \u00fanica para los amantes del R&amp;B&nbsp;y los sonidos contempor\u00e1neos.<\/p>\n\n\n\n<p class=\"has-text-align-right wp-block-paragraph\"><a href=\"https:\/\/www.instagram.com\/brequettecassie\/\"><em>Sigue a<\/em> <strong>Brequette Cassie <\/strong><em>in <\/em><strong>Instagram<\/strong>.<\/a><\/p>\n\n\n\n<p class=\"has-text-align-right wp-block-paragraph\"><a href=\"https:\/\/www.instagram.com\/adrianaterren\/\" target=\"_blank\" rel=\"noreferrer noopener\"><em>Sigue a<\/em> <strong>Adriana Terr\u00e9n <\/strong><em>in <\/em><strong>Instagram<\/strong>.<\/a><\/p>\n\n\n\n<p class=\"has-text-align-right wp-block-paragraph\"><a href=\"https:\/\/www.instagram.com\/saraverasaravera\/\" target=\"_blank\" rel=\"noreferrer noopener\"><em>Sigue a<\/em> <strong>Sara Vera <\/strong><em>in <\/em><strong>Instagram<\/strong>.<\/a><\/p>\n<\/div>\n<\/div>\n\n\n<h2 class=\"tribe-block__related-events__title\">Related Events<\/h2>\n\n<ul  class=\"tribe-related-events tribe-clearfix\" >\n\t\t\t<li>\n\t\n<div class=\"tribe-related-events-thumbnail\">\n\t<a href=\"https:\/\/cafelapalma.com\/en\/programacion\/funkin-donuts\/\" class=\"url\" rel=\"bookmark\" tabindex=\"-1\" aria-hidden=\"true\"><img loading=\"lazy\" decoding=\"async\" width=\"693\" height=\"1040\" src=\"https:\/\/cafelapalma.com\/wp-content\/uploads\/2026\/07\/FD-vert2-bn-693x1040.jpg\" class=\"attachment-large size-large wp-post-image\" alt=\"\" \/><\/a>\n<\/div>\n\t<div class=\"tribe-related-event-info\">\n\t<h3 class=\"tribe-related-events-title\">\n\t\t<a href=\"https:\/\/cafelapalma.com\/en\/programacion\/funkin-donuts\/\" class=\"tribe-event-url\" rel=\"bookmark\">\n\t\t\tFUNKIN&#8217; DONUTS\t\t<\/a>\n\t<\/h3>\n\t<span class=\"tribe-event-date-start\">5  September@22:00<\/span><span class=\"tribe-event-time\">23:45<\/span><\/div>\n<\/li>\n\t\t\t<li>\n\t\n<div class=\"tribe-related-events-thumbnail\">\n\t<a href=\"https:\/\/cafelapalma.com\/en\/programacion\/backstage-le-petit-truffle-mayo\/\" class=\"url\" rel=\"bookmark\" tabindex=\"-1\" aria-hidden=\"true\"><img loading=\"lazy\" decoding=\"async\" width=\"780\" height=\"1040\" src=\"https:\/\/cafelapalma.com\/wp-content\/uploads\/2026\/07\/Imagen-TruffleMayo-LePetit-i-1-780x1040.png\" class=\"attachment-large size-large wp-post-image\" alt=\"\" \/><\/a>\n<\/div>\n\t<div class=\"tribe-related-event-info\">\n\t<h3 class=\"tribe-related-events-title\">\n\t\t<a href=\"https:\/\/cafelapalma.com\/en\/programacion\/backstage-le-petit-truffle-mayo\/\" class=\"tribe-event-url\" rel=\"bookmark\">\n\t\t\tBACKSTAGE: LE PETIT + TRUFFLE MAYO\t\t<\/a>\n\t<\/h3>\n\t<span class=\"tribe-event-date-start\">5  September@23:55<\/span><\/div>\n<\/li>\n\t\t\t<li>\n\t\n<div class=\"tribe-related-events-thumbnail\">\n\t<a href=\"https:\/\/cafelapalma.com\/en\/programacion\/willie-deville-concierto-benefico-x-venezuela\/\" class=\"url\" rel=\"bookmark\" tabindex=\"-1\" aria-hidden=\"true\"><img loading=\"lazy\" decoding=\"async\" width=\"1020\" height=\"531\" src=\"https:\/\/cafelapalma.com\/wp-content\/uploads\/2026\/08\/Willie-deville-1100x572-1-1040x541.jpg\" class=\"attachment-large size-large wp-post-image\" alt=\"\" \/><\/a>\n<\/div>\n\t<div class=\"tribe-related-event-info\">\n\t<h3 class=\"tribe-related-events-title\">\n\t\t<a href=\"https:\/\/cafelapalma.com\/en\/programacion\/willie-deville-concierto-benefico-x-venezuela\/\" class=\"tribe-event-url\" rel=\"bookmark\">\n\t\t\tWILLIE DEVILLE: CONCIERTO BEN\u00c9FICO X VENEZUELA\t\t<\/a>\n\t<\/h3>\n\t<span class=\"tribe-event-date-start\">6  September@21:00<\/span><span class=\"tribe-event-time\">23:45<\/span><\/div>\n<\/li>\n\t<\/ul>","protected":false},"excerpt":{"rendered":"<p>Music Coolture presenta una nueva cita imprescindible en Caf\u00e9 La Palma. Un ciclo dedicado a la esencia del R&amp;B y el Soul,\u00a0para disfrutar del talento emergente y consolidado en un formato cercano y vibrante. Brequette Cassie: La voz sudafricana que cautiv\u00f3 en\u00a0La Voz\u00a0y Eurovisi\u00f3n llega con un directo arrollador. Soul puro y una presencia esc\u00e9nica &hellip; <\/p>","protected":false},"author":2,"featured_media":33828,"template":"","meta":{"_tec_requires_first_save":false,"_uag_custom_page_level_css":"","loftloader_page_shortcode":"","_EventAllDay":false,"_EventTimezone":"Europe\/Madrid","_EventStartDate":"2026-05-10 21:00:00","_EventEndDate":"2026-05-10 23:45:00","_EventStartDateUTC":"2026-05-10 19:00:00","_EventEndDateUTC":"2026-05-10 21:45:00","_EventShowMap":false,"_EventShowMapLink":false,"_EventURL":"https:\/\/dice.fm\/partner\/tickets\/event\/nvn985-mixael-woods-brequette-cassie-sara-vera-en-music-coolture-10th-may-caf-la-palma-madrid-tickets?dice_id=8832418&dice_channel=web&dice_tags=organic&dice_campaign=Music+Coolture&dice_feature=mio_marketing&_branch_match_id=1516397552255167629&utm_source=web&utm_campaign=Music+Coolture&utm_medium=mio_marketing&_branch_referrer=H4sIAAAAAAAAA8soKSkottLXz8nMy9ZLyUxO1UvL1Q83MzJLMkxKM00MLCvK0pNSy0qysxLj08qyi8vTi2ydc4oys9NBQBCnT5AOwAAAA","_EventCost":"12","_EventCostDescription":"","_EventCurrencySymbol":"\u20ac","_EventCurrencyCode":"USD","_EventCurrencyPosition":"suffix","_EventDateTimeSeparator":"@","_EventTimeRangeSeparator":"-","_EventOrganizerID":[],"_EventVenueID":[],"_OrganizerEmail":"","_OrganizerPhone":"","_OrganizerWebsite":"","_VenueAddress":"","_VenueCity":"","_VenueCountry":"","_VenueProvince":"","_VenueState":"","_VenueZip":"","_VenuePhone":"","_VenueURL":"","_VenueStateProvince":"","_VenueLat":"","_VenueLng":"","_VenueShowMap":false,"_VenueShowMapLink":false,"_tribe_blocks_recurrence_rules":"","_tribe_blocks_recurrence_description":"","_tribe_blocks_recurrence_exclusions":"","_ecp_custom_2":"","_tribe_events_status":"","_tribe_events_status_reason":"","_tribe_events_is_hybrid":"","_tribe_events_is_virtual":"","_tribe_events_virtual_video_source":"","_tribe_events_virtual_embed_video":"","_tribe_events_virtual_linked_button_text":"","_tribe_events_virtual_linked_button":"","_tribe_events_virtual_show_embed_at":"","_tribe_events_virtual_show_embed_to":[],"_tribe_events_virtual_show_on_event":"","_tribe_events_virtual_show_on_views":"","_tribe_events_virtual_url":"","footnotes":""},"tags":[18501,13410,18429,1363,2865,9147,9146,15400,9632,18431,9620],"tribe_events_cat":[8963],"class_list":["post-33691","tribe_events","type-tribe_events","status-publish","has-post-thumbnail","hentry","tag-adriana-terren","tag-afrobeats","tag-brequette-cassie","tag-cafe-la-palma","tag-conciertos-cafe-la-palma","tag-conciertos-madrid","tag-conciertos-malasana","tag-music-coolture","tag-rb","tag-sara-vera","tag-soul","tribe_events_cat-concierto","cat_concierto"],"uagb_featured_image_src":{"full":["https:\/\/cafelapalma.com\/wp-content\/uploads\/2026\/04\/A3-MC-CFAE-LA-PALMA-1.png",1414,2000,false],"thumbnail":["https:\/\/cafelapalma.com\/wp-content\/uploads\/2026\/04\/A3-MC-CFAE-LA-PALMA-1-150x150.png",150,150,true],"medium":["https:\/\/cafelapalma.com\/wp-content\/uploads\/2026\/04\/A3-MC-CFAE-LA-PALMA-1-212x300.png",212,300,true],"medium_large":["https:\/\/cafelapalma.com\/wp-content\/uploads\/2026\/04\/A3-MC-CFAE-LA-PALMA-1-768x1086.png",768,1086,true],"large":["https:\/\/cafelapalma.com\/wp-content\/uploads\/2026\/04\/A3-MC-CFAE-LA-PALMA-1-735x1040.png",735,1040,true],"1536x1536":["https:\/\/cafelapalma.com\/wp-content\/uploads\/2026\/04\/A3-MC-CFAE-LA-PALMA-1-1086x1536.png",1086,1536,true],"2048x2048":["https:\/\/cafelapalma.com\/wp-content\/uploads\/2026\/04\/A3-MC-CFAE-LA-PALMA-1.png",1414,2000,false],"trp-custom-language-flag":["https:\/\/cafelapalma.com\/wp-content\/uploads\/2026\/04\/A3-MC-CFAE-LA-PALMA-1-8x12.png",8,12,true],"blossom-feminine-slider":["https:\/\/cafelapalma.com\/wp-content\/uploads\/2026\/04\/A3-MC-CFAE-LA-PALMA-1-1414x649.png",1414,649,true],"blossom-feminine-featured":["https:\/\/cafelapalma.com\/wp-content\/uploads\/2026\/04\/A3-MC-CFAE-LA-PALMA-1-1410x600.png",1410,600,true],"blossom-feminine-with-sidebar":["https:\/\/cafelapalma.com\/wp-content\/uploads\/2026\/04\/A3-MC-CFAE-LA-PALMA-1-1020x600.png",1020,600,true],"blossom-feminine-blog":["https:\/\/cafelapalma.com\/wp-content\/uploads\/2026\/04\/A3-MC-CFAE-LA-PALMA-1-435x435.png",435,435,true],"blossom-feminine-cat":["https:\/\/cafelapalma.com\/wp-content\/uploads\/2026\/04\/A3-MC-CFAE-LA-PALMA-1-450x300.png",450,300,true],"blossom-feminine-related":["https:\/\/cafelapalma.com\/wp-content\/uploads\/2026\/04\/A3-MC-CFAE-LA-PALMA-1-320x200.png",320,200,true],"blossom-feminine-schema":["https:\/\/cafelapalma.com\/wp-content\/uploads\/2026\/04\/A3-MC-CFAE-LA-PALMA-1-42x60.png",42,60,true]},"uagb_author_info":{"display_name":"Victor","author_link":"https:\/\/cafelapalma.com\/en\/author\/comunicacion\/"},"uagb_comment_info":0,"uagb_excerpt":"Music Coolture presenta una nueva cita imprescindible en Caf\u00e9 La Palma. Un ciclo dedicado a la esencia del R&amp;B y el Soul,\u00a0para disfrutar del talento emergente y consolidado en un formato cercano y vibrante. Brequette Cassie: La voz sudafricana que cautiv\u00f3 en\u00a0La Voz\u00a0y Eurovisi\u00f3n llega con un directo arrollador. Soul puro y una presencia esc\u00e9nica&hellip;","_links":{"self":[{"href":"https:\/\/cafelapalma.com\/en\/wp-json\/wp\/v2\/tribe_events\/33691","targetHints":{"allow":["GET"]}}],"collection":[{"href":"https:\/\/cafelapalma.com\/en\/wp-json\/wp\/v2\/tribe_events"}],"about":[{"href":"https:\/\/cafelapalma.com\/en\/wp-json\/wp\/v2\/types\/tribe_events"}],"author":[{"embeddable":true,"href":"https:\/\/cafelapalma.com\/en\/wp-json\/wp\/v2\/users\/2"}],"version-history":[{"count":0,"href":"https:\/\/cafelapalma.com\/en\/wp-json\/wp\/v2\/tribe_events\/33691\/revisions"}],"wp:featuredmedia":[{"embeddable":true,"href":"https:\/\/cafelapalma.com\/en\/wp-json\/wp\/v2\/media\/33828"}],"wp:attachment":[{"href":"https:\/\/cafelapalma.com\/en\/wp-json\/wp\/v2\/media?parent=33691"}],"wp:term":[{"taxonomy":"post_tag","embeddable":true,"href":"https:\/\/cafelapalma.com\/en\/wp-json\/wp\/v2\/tags?post=33691"},{"taxonomy":"tribe_events_cat","embeddable":true,"href":"https:\/\/cafelapalma.com\/en\/wp-json\/wp\/v2\/tribe_events_cat?post=33691"}],"curies":[{"name":"wp","href":"https:\/\/api.w.org\/{rel}","templated":true}]}}