{"id":33726,"date":"2026-04-07T11:08:35","date_gmt":"2026-04-07T09:08:35","guid":{"rendered":"https:\/\/cafelapalma.com\/?post_type=tribe_events&#038;p=33726"},"modified":"2026-04-07T11:10:00","modified_gmt":"2026-04-07T09:10:00","slug":"pau-vegas-buenatarde","status":"publish","type":"tribe_events","link":"https:\/\/cafelapalma.com\/en\/programacion\/pau-vegas-buenatarde\/","title":{"rendered":"PAU VEGAS + BUENATARDE"},"content":{"rendered":"<div  class=\"tribe-events-schedule tribe-clearfix\" >\n\t<p class=\"tribe-events-schedule__datetime\">\n\t\t<span class=\"tribe-events-schedule__date tribe-events-schedule__date--start\">\n\t\t\t18  June\t\t<\/span>\n\n\t\t\t\t\t<span class=\"tribe-events-schedule__separator tribe-events-schedule__separator--date\">\n\t\t\t\t@\t\t\t<\/span>\n\t\t\t<span class=\"tribe-events-schedule__time tribe-events-schedule__time--start\">\n\t\t\t\t22:00\t\t\t<\/span>\n\t\t\n\t\t\t\t\t\t\t\t\t<span class=\"tribe-events-schedule__separator tribe-events-schedule__separator--time\">\n\t\t\t\t\t&#8211;\t\t\t\t<\/span>\n\t\t\t\n\t\t\t\t\t\t\t<span class=\"tribe-events-schedule__time tribe-events-schedule__time--end\">\n\t\t\t\t\t23:45\t\t\t\t<\/span>\n\t\t\t\n\t\t\t\t\t\t<\/p>\n<\/div>\n\n\n<div  class=\"tribe-block tribe-block__event-price\" >\n\t\t\t<span class=\"tribe-block__event-price__cost\"> 10\u20ac <\/span>\n\t\t\t\t<span class=\"tribe-block__event-price__description\">+ gg Anticipada | 12\u20ac Taquilla<\/span>\n\t<\/div>\n\n\n\n<div class=\"wp-block-columns is-layout-flex wp-container-core-columns-is-layout-8f761849 wp-block-columns-is-layout-flex\">\n<div class=\"wp-block-column is-layout-flow wp-block-column-is-layout-flow\" style=\"flex-basis:33.33%\">\n<figure class=\"wp-block-image size-large\"><img loading=\"lazy\" decoding=\"async\" width=\"735\" height=\"1040\" src=\"https:\/\/cafelapalma.com\/wp-content\/uploads\/2026\/04\/Pau-Vegas-Buenatarde-18.06-A3-735x1040.png\" alt=\"\" class=\"wp-image-33727\" srcset=\"https:\/\/cafelapalma.com\/wp-content\/uploads\/2026\/04\/Pau-Vegas-Buenatarde-18.06-A3-735x1040.png 735w, https:\/\/cafelapalma.com\/wp-content\/uploads\/2026\/04\/Pau-Vegas-Buenatarde-18.06-A3-212x300.png 212w, https:\/\/cafelapalma.com\/wp-content\/uploads\/2026\/04\/Pau-Vegas-Buenatarde-18.06-A3-768x1086.png 768w, https:\/\/cafelapalma.com\/wp-content\/uploads\/2026\/04\/Pau-Vegas-Buenatarde-18.06-A3-1086x1536.png 1086w, https:\/\/cafelapalma.com\/wp-content\/uploads\/2026\/04\/Pau-Vegas-Buenatarde-18.06-A3-1448x2048.png 1448w, https:\/\/cafelapalma.com\/wp-content\/uploads\/2026\/04\/Pau-Vegas-Buenatarde-18.06-A3-8x12.png 8w, https:\/\/cafelapalma.com\/wp-content\/uploads\/2026\/04\/Pau-Vegas-Buenatarde-18.06-A3-42x60.png 42w\" sizes=\"auto, (max-width: 735px) 100vw, 735px\" \/><\/figure>\n\n\n<div  class=\"tribe-block tribe-block__event-website\" >\n\t<a\n\t\thref=\"https:\/\/www.notikumi.com\/channel\/cafe-la-palma\/2026\/6\/18\/pau-vegas-buenatarde\"\n\t\ttarget=\"_self\"\n\t\t\t>\n\t\tBUY TICKETS\t<\/a>\n<\/div>\n<\/div>\n\n\n\n<div class=\"wp-block-column is-layout-flow wp-block-column-is-layout-flow\" style=\"flex-basis:66.66%\">\n<div style=\"height:100px\" aria-hidden=\"true\" class=\"wp-block-spacer\"><\/div>\n\n\n\n<p class=\"has-text-align-left wp-block-paragraph\">Cantante, teclista, y productora de su propia m\u00fasica, la carrera de <strong>Pau Vegas<\/strong> (Valladolid, 1993) contin\u00faa evitando cualquier atisbo de convenci\u00f3n establecida sobre las reglas de la industria. Como productora de su propio material, junto a su amigo y guitarrista <strong>Dani Barcala<\/strong>, ha culminado su primer LP titulado <strong>\u00abLa carrera para conseguir el sol\u00bb<\/strong>, que vio la luz en febrero de 2025. Tras haber presentado su proyecto en escenarios como Condeduque o La Riviera en Madrid, en el Teatro Zorrilla o la Plaza Mayor en Valladolid, o festivales como Noches del Bot\u00e1nico o Waves Vienna, este disco marca el inicio de una nueva etapa con una sonoridad atrevida y desgarradora, con tintes de la m\u00fasica rock, pop y electr\u00f3nica.<\/p>\n\n\n\n<p class=\"has-text-align-left wp-block-paragraph\"><strong>Buenatarde <\/strong>es el proyecto de <strong>Man\u00e9 L\u00f3pez<\/strong>, m\u00fasico y productor granadino afincado en Madrid. En sus canciones vemos c\u00f3mo el artista expande los l\u00edmites de la canci\u00f3n jugando con las estructuras y texturas entremezclando influencias que var\u00edan desde el pop m\u00e1s arty, el italodisco o el R&amp;B m\u00e1s oblicuo. Su nuevo trabajo, <strong>\u201cLa Nueva Sensibilidad\u201d<\/strong>, es el compendio de todas las caras que componen este proyecto\u201d.<\/p>\n\n\n\n<p class=\"has-text-align-right wp-block-paragraph\"><a href=\"https:\/\/open.spotify.com\/intl-es\/artist\/5os3rIfiiErtNRocvMePpc?si=0A9HwdjnTIWZ9ZH_TwAYDw\"><em>Listen to <\/em><strong>Pau Vegas<\/strong> <em>in <\/em><strong>Spotify<\/strong>.<\/a><\/p>\n\n\n\n<p class=\"has-text-align-right wp-block-paragraph\"><a href=\"https:\/\/open.spotify.com\/intl-es\/artist\/7zSRm08t1t5v2HiMNZ8Ypj?si=5XqW3opITZ-NydFsU8y5Jw\" type=\"link\" id=\"https:\/\/open.spotify.com\/intl-es\/artist\/7zSRm08t1t5v2HiMNZ8Ypj?si=5XqW3opITZ-NydFsU8y5Jw\"><em>Listen to <\/em><strong>Buenatarde <\/strong><em>in <\/em><strong>Spotify<\/strong>.<\/a><\/p>\n<\/div>\n<\/div>\n\n\n<h2 class=\"tribe-block__related-events__title\">Related Events<\/h2>\n\n<ul  class=\"tribe-related-events tribe-clearfix\" >\n\t\t\t<li>\n\t\n<div class=\"tribe-related-events-thumbnail\">\n\t<a href=\"https:\/\/cafelapalma.com\/en\/programacion\/funkin-donuts\/\" class=\"url\" rel=\"bookmark\" tabindex=\"-1\" aria-hidden=\"true\"><img loading=\"lazy\" decoding=\"async\" width=\"693\" height=\"1040\" src=\"https:\/\/cafelapalma.com\/wp-content\/uploads\/2026\/07\/FD-vert2-bn-693x1040.jpg\" class=\"attachment-large size-large wp-post-image\" alt=\"\" \/><\/a>\n<\/div>\n\t<div class=\"tribe-related-event-info\">\n\t<h3 class=\"tribe-related-events-title\">\n\t\t<a href=\"https:\/\/cafelapalma.com\/en\/programacion\/funkin-donuts\/\" class=\"tribe-event-url\" rel=\"bookmark\">\n\t\t\tFUNKIN&#8217; DONUTS\t\t<\/a>\n\t<\/h3>\n\t<span class=\"tribe-event-date-start\">5  September@22:00<\/span><span class=\"tribe-event-time\">23:45<\/span><\/div>\n<\/li>\n\t\t\t<li>\n\t\n<div class=\"tribe-related-events-thumbnail\">\n\t<a href=\"https:\/\/cafelapalma.com\/en\/programacion\/backstage-le-petit-truffle-mayo\/\" class=\"url\" rel=\"bookmark\" tabindex=\"-1\" aria-hidden=\"true\"><img loading=\"lazy\" decoding=\"async\" width=\"780\" height=\"1040\" src=\"https:\/\/cafelapalma.com\/wp-content\/uploads\/2026\/07\/Imagen-TruffleMayo-LePetit-i-1-780x1040.png\" class=\"attachment-large size-large wp-post-image\" alt=\"\" \/><\/a>\n<\/div>\n\t<div class=\"tribe-related-event-info\">\n\t<h3 class=\"tribe-related-events-title\">\n\t\t<a href=\"https:\/\/cafelapalma.com\/en\/programacion\/backstage-le-petit-truffle-mayo\/\" class=\"tribe-event-url\" rel=\"bookmark\">\n\t\t\tBACKSTAGE: LE PETIT + TRUFFLE MAYO\t\t<\/a>\n\t<\/h3>\n\t<span class=\"tribe-event-date-start\">5  September@23:55<\/span><\/div>\n<\/li>\n\t\t\t<li>\n\t\n<div class=\"tribe-related-events-thumbnail\">\n\t<a href=\"https:\/\/cafelapalma.com\/en\/programacion\/willie-deville-concierto-benefico-x-venezuela\/\" class=\"url\" rel=\"bookmark\" tabindex=\"-1\" aria-hidden=\"true\"><img loading=\"lazy\" decoding=\"async\" width=\"1020\" height=\"531\" src=\"https:\/\/cafelapalma.com\/wp-content\/uploads\/2026\/08\/Willie-deville-1100x572-1-1040x541.jpg\" class=\"attachment-large size-large wp-post-image\" alt=\"\" \/><\/a>\n<\/div>\n\t<div class=\"tribe-related-event-info\">\n\t<h3 class=\"tribe-related-events-title\">\n\t\t<a href=\"https:\/\/cafelapalma.com\/en\/programacion\/willie-deville-concierto-benefico-x-venezuela\/\" class=\"tribe-event-url\" rel=\"bookmark\">\n\t\t\tWILLIE DEVILLE: CONCIERTO BEN\u00c9FICO X VENEZUELA\t\t<\/a>\n\t<\/h3>\n\t<span class=\"tribe-event-date-start\">6  September@21:00<\/span><span class=\"tribe-event-time\">23:45<\/span><\/div>\n<\/li>\n\t<\/ul>","protected":false},"excerpt":{"rendered":"<p>Cantante, teclista, y productora de su propia m\u00fasica, la carrera de Pau Vegas (Valladolid, 1993) contin\u00faa evitando cualquier atisbo de convenci\u00f3n establecida sobre las reglas de la industria. Como productora de su propio material, junto a su amigo y guitarrista Dani Barcala, ha culminado su primer LP titulado \u00abLa carrera para conseguir el sol\u00bb, que &hellip; <\/p>","protected":false},"author":2,"featured_media":33728,"template":"","meta":{"_tec_requires_first_save":false,"_uag_custom_page_level_css":"","loftloader_page_shortcode":"","_EventAllDay":false,"_EventTimezone":"Europe\/Madrid","_EventStartDate":"2026-06-18 22:00:00","_EventEndDate":"2026-06-18 23:45:00","_EventStartDateUTC":"2026-06-18 20:00:00","_EventEndDateUTC":"2026-06-18 21:45:00","_EventShowMap":false,"_EventShowMapLink":false,"_EventURL":"https:\/\/www.notikumi.com\/channel\/cafe-la-palma\/2026\/6\/18\/pau-vegas-buenatarde","_EventCost":"10","_EventCostDescription":"","_EventCurrencySymbol":"\u20ac","_EventCurrencyCode":"USD","_EventCurrencyPosition":"suffix","_EventDateTimeSeparator":"@","_EventTimeRangeSeparator":"-","_EventOrganizerID":[],"_EventVenueID":[],"_OrganizerEmail":"","_OrganizerPhone":"","_OrganizerWebsite":"","_VenueAddress":"","_VenueCity":"","_VenueCountry":"","_VenueProvince":"","_VenueState":"","_VenueZip":"","_VenuePhone":"","_VenueURL":"","_VenueStateProvince":"","_VenueLat":"","_VenueLng":"","_VenueShowMap":false,"_VenueShowMapLink":false,"_tribe_blocks_recurrence_rules":"","_tribe_blocks_recurrence_description":"","_tribe_blocks_recurrence_exclusions":"","_ecp_custom_2":"","_tribe_events_status":"","_tribe_events_status_reason":"","_tribe_events_is_hybrid":"","_tribe_events_is_virtual":"","_tribe_events_virtual_video_source":"","_tribe_events_virtual_embed_video":"","_tribe_events_virtual_linked_button_text":"","_tribe_events_virtual_linked_button":"","_tribe_events_virtual_show_embed_at":"","_tribe_events_virtual_show_embed_to":[],"_tribe_events_virtual_show_on_event":"","_tribe_events_virtual_show_on_views":"","_tribe_events_virtual_url":"","footnotes":""},"tags":[9888,1363,8869,2865,9147,18447,1357,18448,9889,18446,1355,1354],"tribe_events_cat":[8963],"class_list":["post-33726","tribe_events","type-tribe_events","status-publish","has-post-thumbnail","hentry","tag-buenatarde","tag-cafe-la-palma","tag-cafe-la-palma-2","tag-conciertos-cafe-la-palma","tag-conciertos-madrid","tag-dani-barcala","tag-electronica","tag-la-carrera-para-conseguir-el-sol","tag-mane-lopez","tag-pau-vegas","tag-pop","tag-rock","tribe_events_cat-concierto","cat_concierto"],"uagb_featured_image_src":{"full":["https:\/\/cafelapalma.com\/wp-content\/uploads\/2026\/04\/Pau-Vegas-2-1-1.jpg",592,885,false],"thumbnail":["https:\/\/cafelapalma.com\/wp-content\/uploads\/2026\/04\/Pau-Vegas-2-1-1-150x150.jpg",150,150,true],"medium":["https:\/\/cafelapalma.com\/wp-content\/uploads\/2026\/04\/Pau-Vegas-2-1-1-201x300.jpg",201,300,true],"medium_large":["https:\/\/cafelapalma.com\/wp-content\/uploads\/2026\/04\/Pau-Vegas-2-1-1.jpg",592,885,false],"large":["https:\/\/cafelapalma.com\/wp-content\/uploads\/2026\/04\/Pau-Vegas-2-1-1.jpg",592,885,false],"1536x1536":["https:\/\/cafelapalma.com\/wp-content\/uploads\/2026\/04\/Pau-Vegas-2-1-1.jpg",592,885,false],"2048x2048":["https:\/\/cafelapalma.com\/wp-content\/uploads\/2026\/04\/Pau-Vegas-2-1-1.jpg",592,885,false],"trp-custom-language-flag":["https:\/\/cafelapalma.com\/wp-content\/uploads\/2026\/04\/Pau-Vegas-2-1-1-8x12.jpg",8,12,true],"blossom-feminine-slider":["https:\/\/cafelapalma.com\/wp-content\/uploads\/2026\/04\/Pau-Vegas-2-1-1-592x649.jpg",592,649,true],"blossom-feminine-featured":["https:\/\/cafelapalma.com\/wp-content\/uploads\/2026\/04\/Pau-Vegas-2-1-1-592x600.jpg",592,600,true],"blossom-feminine-with-sidebar":["https:\/\/cafelapalma.com\/wp-content\/uploads\/2026\/04\/Pau-Vegas-2-1-1-592x600.jpg",592,600,true],"blossom-feminine-blog":["https:\/\/cafelapalma.com\/wp-content\/uploads\/2026\/04\/Pau-Vegas-2-1-1-435x435.jpg",435,435,true],"blossom-feminine-cat":["https:\/\/cafelapalma.com\/wp-content\/uploads\/2026\/04\/Pau-Vegas-2-1-1-450x300.jpg",450,300,true],"blossom-feminine-related":["https:\/\/cafelapalma.com\/wp-content\/uploads\/2026\/04\/Pau-Vegas-2-1-1-320x200.jpg",320,200,true],"blossom-feminine-schema":["https:\/\/cafelapalma.com\/wp-content\/uploads\/2026\/04\/Pau-Vegas-2-1-1-40x60.jpg",40,60,true]},"uagb_author_info":{"display_name":"Victor","author_link":"https:\/\/cafelapalma.com\/en\/author\/comunicacion\/"},"uagb_comment_info":0,"uagb_excerpt":"Cantante, teclista, y productora de su propia m\u00fasica, la carrera de Pau Vegas (Valladolid, 1993) contin\u00faa evitando cualquier atisbo de convenci\u00f3n establecida sobre las reglas de la industria. Como productora de su propio material, junto a su amigo y guitarrista Dani Barcala, ha culminado su primer LP titulado \u00abLa carrera para conseguir el sol\u00bb, que&hellip;","_links":{"self":[{"href":"https:\/\/cafelapalma.com\/en\/wp-json\/wp\/v2\/tribe_events\/33726","targetHints":{"allow":["GET"]}}],"collection":[{"href":"https:\/\/cafelapalma.com\/en\/wp-json\/wp\/v2\/tribe_events"}],"about":[{"href":"https:\/\/cafelapalma.com\/en\/wp-json\/wp\/v2\/types\/tribe_events"}],"author":[{"embeddable":true,"href":"https:\/\/cafelapalma.com\/en\/wp-json\/wp\/v2\/users\/2"}],"version-history":[{"count":0,"href":"https:\/\/cafelapalma.com\/en\/wp-json\/wp\/v2\/tribe_events\/33726\/revisions"}],"wp:featuredmedia":[{"embeddable":true,"href":"https:\/\/cafelapalma.com\/en\/wp-json\/wp\/v2\/media\/33728"}],"wp:attachment":[{"href":"https:\/\/cafelapalma.com\/en\/wp-json\/wp\/v2\/media?parent=33726"}],"wp:term":[{"taxonomy":"post_tag","embeddable":true,"href":"https:\/\/cafelapalma.com\/en\/wp-json\/wp\/v2\/tags?post=33726"},{"taxonomy":"tribe_events_cat","embeddable":true,"href":"https:\/\/cafelapalma.com\/en\/wp-json\/wp\/v2\/tribe_events_cat?post=33726"}],"curies":[{"name":"wp","href":"https:\/\/api.w.org\/{rel}","templated":true}]}}