{"id":33732,"date":"2026-04-07T11:33:26","date_gmt":"2026-04-07T09:33:26","guid":{"rendered":"https:\/\/cafelapalma.com\/?post_type=tribe_events&#038;p=33732"},"modified":"2026-04-07T11:33:27","modified_gmt":"2026-04-07T09:33:27","slug":"santi-ferrer-en-la-casa-xpansul-xpansoul-y-otros-personajes","status":"publish","type":"tribe_events","link":"https:\/\/cafelapalma.com\/en\/programacion\/santi-ferrer-en-la-casa-xpansul-xpansoul-y-otros-personajes\/","title":{"rendered":"SANTI FERRER EN LA CASA: XPANSUL, XPANSOUL Y OTROS PERSONAJES"},"content":{"rendered":"<div  class=\"tribe-events-schedule tribe-clearfix\" >\n\t<p class=\"tribe-events-schedule__datetime\">\n\t\t<span class=\"tribe-events-schedule__date tribe-events-schedule__date--start\">\n\t\t\t14  May\t\t<\/span>\n\n\t\t\t\t\t<span class=\"tribe-events-schedule__separator tribe-events-schedule__separator--date\">\n\t\t\t\t@\t\t\t<\/span>\n\t\t\t<span class=\"tribe-events-schedule__time tribe-events-schedule__time--start\">\n\t\t\t\t23:55\t\t\t<\/span>\n\t\t\n\t\t\t<\/p>\n<\/div>\n\n\n<div  class=\"tribe-block tribe-block__event-price\" >\n\t\t\t<span class=\"tribe-block__event-price__cost\"> ENTRADA LIBRE <\/span>\n\t\t\t\t<span class=\"tribe-block__event-price__description\">hasta la 01:00 | 13\u20ac taquilla de 01:00 a 03:00 (incluye UNA COPA o DOS CERVEZAS) | 15\u20ac taquilla de 03:00 a cierre (incluye UNA COPA).<\/span>\n\t<\/div>\n\n\n\n<div class=\"wp-block-columns is-layout-flex wp-container-core-columns-is-layout-8f761849 wp-block-columns-is-layout-flex\">\n<div class=\"wp-block-column is-layout-flow wp-block-column-is-layout-flow\" style=\"flex-basis:33.33%\">\n<figure class=\"wp-block-image size-large\"><img loading=\"lazy\" decoding=\"async\" width=\"735\" height=\"1040\" src=\"https:\/\/cafelapalma.com\/wp-content\/uploads\/2026\/04\/SANTI-FERRER-EN-LA-CASA-A3-1-735x1040.png\" alt=\"\" class=\"wp-image-33733\" srcset=\"https:\/\/cafelapalma.com\/wp-content\/uploads\/2026\/04\/SANTI-FERRER-EN-LA-CASA-A3-1-735x1040.png 735w, https:\/\/cafelapalma.com\/wp-content\/uploads\/2026\/04\/SANTI-FERRER-EN-LA-CASA-A3-1-212x300.png 212w, https:\/\/cafelapalma.com\/wp-content\/uploads\/2026\/04\/SANTI-FERRER-EN-LA-CASA-A3-1-768x1086.png 768w, https:\/\/cafelapalma.com\/wp-content\/uploads\/2026\/04\/SANTI-FERRER-EN-LA-CASA-A3-1-1086x1536.png 1086w, https:\/\/cafelapalma.com\/wp-content\/uploads\/2026\/04\/SANTI-FERRER-EN-LA-CASA-A3-1-8x12.png 8w, https:\/\/cafelapalma.com\/wp-content\/uploads\/2026\/04\/SANTI-FERRER-EN-LA-CASA-A3-1-42x60.png 42w, https:\/\/cafelapalma.com\/wp-content\/uploads\/2026\/04\/SANTI-FERRER-EN-LA-CASA-A3-1.png 1414w\" sizes=\"auto, (max-width: 735px) 100vw, 735px\" \/><\/figure>\n<\/div>\n\n\n\n<div class=\"wp-block-column is-layout-flow wp-block-column-is-layout-flow\" style=\"flex-basis:66.66%\">\n<div style=\"height:100px\" aria-hidden=\"true\" class=\"wp-block-spacer\"><\/div>\n\n\n\n<p class=\"has-text-align-left wp-block-paragraph\">El 14 de mayo, v\u00edspera de festivo en Madrid, Caf\u00e9 La Palma presenta <strong>Santi Ferrer en la casa: <\/strong><em>Xpansul, Xpansoul y otros personajes<\/em>.<\/p>\n\n\n\n<p class=\"has-text-align-left wp-block-paragraph\">Santi lleva m\u00e1s de dos d\u00e9cadas vinculado al Caf\u00e9, en una relaci\u00f3n que tiene m\u00e1s de familia que de bolo. Porque desde sus primeras sesiones de poco m\u00e1s de 3 horas, ya era habitual que Santi se saltara a la torera las fronteras imaginarias entre todos los g\u00e9neros y estilos que bullen en esa cabecita suya. Como si estuviera poniendo m\u00fasica en su casa para sus colegas. Y eso en el Caf\u00e9 siempre ha sido bien recibido.<\/p>\n\n\n\n<p class=\"has-text-align-left wp-block-paragraph\">Esta vez, a pocos meses de cumplir los 50, Santi ha decidido dar un paso al frente y plantarse en la cabina con su propio nombre. Tratar a sus alias como meros invitados a la fiesta y dejar de ponerle puertas al campo.<\/p>\n\n\n\n<p class=\"has-text-align-left wp-block-paragraph\">En sus propias palabras:<\/p>\n\n\n\n<p class=\"has-text-align-left wp-block-paragraph\"><em>\u201c&#8230;ponerme delante y dejar de usar la expresi\u00f3n art\u00edstica como m\u00e1scara, como manifestaci\u00f3n de qui\u00e9n quiero que los dem\u00e1s piensen que soy, y empezar a disfrutarla de una forma m\u00e1s honesta, como una ventana por la que simplemente sale lo que hay, y que cada uno saque sus conclusiones.\u201d<\/em><\/p>\n\n\n\n<p class=\"has-text-align-left wp-block-paragraph\">Durante las 6 horas de sesi\u00f3n, sonar\u00e1 algo de funk, hip hop, disco\u2026 mucho house y, por supuesto: techno. No hay un gui\u00f3n cerrado, ni una progresi\u00f3n est\u00e1ndar y predecible, sino una manera de dejar que la m\u00fasica fluya sin m\u00e1s objetivo que el baile y el hedonismo.<\/p>\n\n\n\n<p class=\"has-text-align-left wp-block-paragraph\">En el fondo, no es tanto una reinvenci\u00f3n como un ajuste fino. Una forma de pinchar como siempre, pero sin esconderse. Y de hacerlo en un sitio que sigue siendo su casa.<\/p>\n<\/div>\n<\/div>\n\n\n\n<div style=\"height:100px\" aria-hidden=\"true\" class=\"wp-block-spacer\"><\/div>\n\n\n<h2 class=\"tribe-block__related-events__title\">Related Events<\/h2>\n\n<ul  class=\"tribe-related-events tribe-clearfix\" >\n\t\t\t<li>\n\t\n<div class=\"tribe-related-events-thumbnail\">\n\t<a href=\"https:\/\/cafelapalma.com\/en\/programacion\/funkin-donuts\/\" class=\"url\" rel=\"bookmark\" tabindex=\"-1\" aria-hidden=\"true\"><img loading=\"lazy\" decoding=\"async\" width=\"693\" height=\"1040\" src=\"https:\/\/cafelapalma.com\/wp-content\/uploads\/2026\/07\/FD-vert2-bn-693x1040.jpg\" class=\"attachment-large size-large wp-post-image\" alt=\"\" \/><\/a>\n<\/div>\n\t<div class=\"tribe-related-event-info\">\n\t<h3 class=\"tribe-related-events-title\">\n\t\t<a href=\"https:\/\/cafelapalma.com\/en\/programacion\/funkin-donuts\/\" class=\"tribe-event-url\" rel=\"bookmark\">\n\t\t\tFUNKIN&#8217; DONUTS\t\t<\/a>\n\t<\/h3>\n\t<span class=\"tribe-event-date-start\">5  September@22:00<\/span><span class=\"tribe-event-time\">23:45<\/span><\/div>\n<\/li>\n\t\t\t<li>\n\t\n<div class=\"tribe-related-events-thumbnail\">\n\t<a href=\"https:\/\/cafelapalma.com\/en\/programacion\/backstage-le-petit-truffle-mayo\/\" class=\"url\" rel=\"bookmark\" tabindex=\"-1\" aria-hidden=\"true\"><img loading=\"lazy\" decoding=\"async\" width=\"780\" height=\"1040\" src=\"https:\/\/cafelapalma.com\/wp-content\/uploads\/2026\/07\/Imagen-TruffleMayo-LePetit-i-1-780x1040.png\" class=\"attachment-large size-large wp-post-image\" alt=\"\" \/><\/a>\n<\/div>\n\t<div class=\"tribe-related-event-info\">\n\t<h3 class=\"tribe-related-events-title\">\n\t\t<a href=\"https:\/\/cafelapalma.com\/en\/programacion\/backstage-le-petit-truffle-mayo\/\" class=\"tribe-event-url\" rel=\"bookmark\">\n\t\t\tBACKSTAGE: LE PETIT + TRUFFLE MAYO\t\t<\/a>\n\t<\/h3>\n\t<span class=\"tribe-event-date-start\">5  September@23:55<\/span><\/div>\n<\/li>\n\t\t\t<li>\n\t\n<div class=\"tribe-related-events-thumbnail\">\n\t<a href=\"https:\/\/cafelapalma.com\/en\/programacion\/willie-deville-concierto-benefico-x-venezuela\/\" class=\"url\" rel=\"bookmark\" tabindex=\"-1\" aria-hidden=\"true\"><img loading=\"lazy\" decoding=\"async\" width=\"1020\" height=\"531\" src=\"https:\/\/cafelapalma.com\/wp-content\/uploads\/2026\/08\/Willie-deville-1100x572-1-1040x541.jpg\" class=\"attachment-large size-large wp-post-image\" alt=\"\" \/><\/a>\n<\/div>\n\t<div class=\"tribe-related-event-info\">\n\t<h3 class=\"tribe-related-events-title\">\n\t\t<a href=\"https:\/\/cafelapalma.com\/en\/programacion\/willie-deville-concierto-benefico-x-venezuela\/\" class=\"tribe-event-url\" rel=\"bookmark\">\n\t\t\tWILLIE DEVILLE: CONCIERTO BEN\u00c9FICO X VENEZUELA\t\t<\/a>\n\t<\/h3>\n\t<span class=\"tribe-event-date-start\">6  September@21:00<\/span><span class=\"tribe-event-time\">23:45<\/span><\/div>\n<\/li>\n\t<\/ul>","protected":false},"excerpt":{"rendered":"<p>El 14 de mayo, v\u00edspera de festivo en Madrid, Caf\u00e9 La Palma presenta Santi Ferrer en la casa: Xpansul, Xpansoul y otros personajes. Santi lleva m\u00e1s de dos d\u00e9cadas vinculado al Caf\u00e9, en una relaci\u00f3n que tiene m\u00e1s de familia que de bolo. Porque desde sus primeras sesiones de poco m\u00e1s de 3 horas, ya &hellip; <\/p>","protected":false},"author":2,"featured_media":33734,"template":"","meta":{"_tec_requires_first_save":false,"_uag_custom_page_level_css":"","loftloader_page_shortcode":"","_EventAllDay":false,"_EventTimezone":"Europe\/Madrid","_EventStartDate":"2026-05-14 23:55:00","_EventEndDate":"2026-05-14 23:55:00","_EventStartDateUTC":"2026-05-14 21:55:00","_EventEndDateUTC":"2026-05-14 21:55:00","_EventShowMap":false,"_EventShowMapLink":false,"_EventURL":"","_EventCost":"ENTRADA LIBRE","_EventCostDescription":"","_EventCurrencySymbol":"\u20ac","_EventCurrencyCode":"USD","_EventCurrencyPosition":"suffix","_EventDateTimeSeparator":"@","_EventTimeRangeSeparator":"-","_EventOrganizerID":[],"_EventVenueID":[],"_OrganizerEmail":"","_OrganizerPhone":"","_OrganizerWebsite":"","_VenueAddress":"","_VenueCity":"","_VenueCountry":"","_VenueProvince":"","_VenueState":"","_VenueZip":"","_VenuePhone":"","_VenueURL":"","_VenueStateProvince":"","_VenueLat":"","_VenueLng":"","_VenueShowMap":false,"_VenueShowMapLink":false,"_tribe_blocks_recurrence_rules":"","_tribe_blocks_recurrence_description":"","_tribe_blocks_recurrence_exclusions":"","_ecp_custom_2":"","_tribe_events_status":"","_tribe_events_status_reason":"","_tribe_events_is_hybrid":"","_tribe_events_is_virtual":"","_tribe_events_virtual_video_source":"","_tribe_events_virtual_embed_video":"","_tribe_events_virtual_linked_button_text":"","_tribe_events_virtual_linked_button":"","_tribe_events_virtual_show_embed_at":"","_tribe_events_virtual_show_embed_to":[],"_tribe_events_virtual_show_on_event":"","_tribe_events_virtual_show_on_views":"","_tribe_events_virtual_url":"","footnotes":""},"tags":[1363,9225,9847,9226,9227,1357,779,9352,9309,18450,776,16747,16746],"tribe_events_cat":[8964],"class_list":["post-33732","tribe_events","type-tribe_events","status-publish","has-post-thumbnail","hentry","tag-cafe-la-palma","tag-cafe-la-palma-clubbing","tag-disco","tag-djs-madrid","tag-djs-malasana","tag-electronica","tag-funk","tag-hip-hop-2","tag-house","tag-santi-ferrer","tag-techno","tag-xpansoul","tag-xpansul","tribe_events_cat-clubbing","cat_clubbing"],"uagb_featured_image_src":{"full":["https:\/\/cafelapalma.com\/wp-content\/uploads\/2026\/04\/BOICOT-20.03.22-44-1-1.jpg",1368,912,false],"thumbnail":["https:\/\/cafelapalma.com\/wp-content\/uploads\/2026\/04\/BOICOT-20.03.22-44-1-1-150x150.jpg",150,150,true],"medium":["https:\/\/cafelapalma.com\/wp-content\/uploads\/2026\/04\/BOICOT-20.03.22-44-1-1-300x200.jpg",300,200,true],"medium_large":["https:\/\/cafelapalma.com\/wp-content\/uploads\/2026\/04\/BOICOT-20.03.22-44-1-1-768x512.jpg",768,512,true],"large":["https:\/\/cafelapalma.com\/wp-content\/uploads\/2026\/04\/BOICOT-20.03.22-44-1-1-1040x693.jpg",1020,680,true],"1536x1536":["https:\/\/cafelapalma.com\/wp-content\/uploads\/2026\/04\/BOICOT-20.03.22-44-1-1.jpg",1368,912,false],"2048x2048":["https:\/\/cafelapalma.com\/wp-content\/uploads\/2026\/04\/BOICOT-20.03.22-44-1-1.jpg",1368,912,false],"trp-custom-language-flag":["https:\/\/cafelapalma.com\/wp-content\/uploads\/2026\/04\/BOICOT-20.03.22-44-1-1-18x12.jpg",18,12,true],"blossom-feminine-slider":["https:\/\/cafelapalma.com\/wp-content\/uploads\/2026\/04\/BOICOT-20.03.22-44-1-1-1368x649.jpg",1368,649,true],"blossom-feminine-featured":["https:\/\/cafelapalma.com\/wp-content\/uploads\/2026\/04\/BOICOT-20.03.22-44-1-1-1368x600.jpg",1368,600,true],"blossom-feminine-with-sidebar":["https:\/\/cafelapalma.com\/wp-content\/uploads\/2026\/04\/BOICOT-20.03.22-44-1-1-1020x600.jpg",1020,600,true],"blossom-feminine-blog":["https:\/\/cafelapalma.com\/wp-content\/uploads\/2026\/04\/BOICOT-20.03.22-44-1-1-435x435.jpg",435,435,true],"blossom-feminine-cat":["https:\/\/cafelapalma.com\/wp-content\/uploads\/2026\/04\/BOICOT-20.03.22-44-1-1-450x300.jpg",450,300,true],"blossom-feminine-related":["https:\/\/cafelapalma.com\/wp-content\/uploads\/2026\/04\/BOICOT-20.03.22-44-1-1-320x200.jpg",320,200,true],"blossom-feminine-schema":["https:\/\/cafelapalma.com\/wp-content\/uploads\/2026\/04\/BOICOT-20.03.22-44-1-1-90x60.jpg",90,60,true]},"uagb_author_info":{"display_name":"Victor","author_link":"https:\/\/cafelapalma.com\/en\/author\/comunicacion\/"},"uagb_comment_info":0,"uagb_excerpt":"El 14 de mayo, v\u00edspera de festivo en Madrid, Caf\u00e9 La Palma presenta Santi Ferrer en la casa: Xpansul, Xpansoul y otros personajes. Santi lleva m\u00e1s de dos d\u00e9cadas vinculado al Caf\u00e9, en una relaci\u00f3n que tiene m\u00e1s de familia que de bolo. Porque desde sus primeras sesiones de poco m\u00e1s de 3 horas, ya&hellip;","_links":{"self":[{"href":"https:\/\/cafelapalma.com\/en\/wp-json\/wp\/v2\/tribe_events\/33732","targetHints":{"allow":["GET"]}}],"collection":[{"href":"https:\/\/cafelapalma.com\/en\/wp-json\/wp\/v2\/tribe_events"}],"about":[{"href":"https:\/\/cafelapalma.com\/en\/wp-json\/wp\/v2\/types\/tribe_events"}],"author":[{"embeddable":true,"href":"https:\/\/cafelapalma.com\/en\/wp-json\/wp\/v2\/users\/2"}],"version-history":[{"count":0,"href":"https:\/\/cafelapalma.com\/en\/wp-json\/wp\/v2\/tribe_events\/33732\/revisions"}],"wp:featuredmedia":[{"embeddable":true,"href":"https:\/\/cafelapalma.com\/en\/wp-json\/wp\/v2\/media\/33734"}],"wp:attachment":[{"href":"https:\/\/cafelapalma.com\/en\/wp-json\/wp\/v2\/media?parent=33732"}],"wp:term":[{"taxonomy":"post_tag","embeddable":true,"href":"https:\/\/cafelapalma.com\/en\/wp-json\/wp\/v2\/tags?post=33732"},{"taxonomy":"tribe_events_cat","embeddable":true,"href":"https:\/\/cafelapalma.com\/en\/wp-json\/wp\/v2\/tribe_events_cat?post=33732"}],"curies":[{"name":"wp","href":"https:\/\/api.w.org\/{rel}","templated":true}]}}